{"id":32057,"date":"2025-05-07T18:48:13","date_gmt":"2025-05-07T16:48:13","guid":{"rendered":"https:\/\/www.felixdevega.com\/?page_id=32057"},"modified":"2025-05-11T22:53:07","modified_gmt":"2025-05-11T20:53:07","slug":"slub-w-plenerze-w-warszawie-cicha-23","status":"publish","type":"page","link":"https:\/\/www.felixdevega.com\/pl\/slub-w-plenerze-w-warszawie-cicha-23\/","title":{"rendered":"Wesele w Cicha 23 | \u015alub w plenerze w Warszawie"},"content":{"rendered":"\t\t<div data-elementor-type=\"wp-post\" data-elementor-id=\"32057\" class=\"elementor elementor-32057 elementor-32055\" data-elementor-post-type=\"page\">\n\t\t\t\t\t\t<section class=\"elementor-section elementor-top-section elementor-element elementor-element-5403a65 elementor-section-boxed elementor-section-height-default elementor-section-height-default wpr-particle-no wpr-sticky-section-no wpr-equal-height-no\" data-id=\"5403a65\" data-element_type=\"section\" data-e-type=\"section\">\n\t\t\t\t\t\t<div class=\"elementor-container elementor-column-gap-default\">\n\t\t\t\t\t<div class=\"elementor-column elementor-col-100 elementor-top-column elementor-element elementor-element-28295e0\" data-id=\"28295e0\" data-element_type=\"column\" data-e-type=\"column\">\n\t\t\t<div class=\"elementor-widget-wrap elementor-element-populated\">\n\t\t\t\t\t\t<div class=\"elementor-element elementor-element-cc2bee5 elementor-widget elementor-widget-heading\" data-id=\"cc2bee5\" data-element_type=\"widget\" data-e-type=\"widget\" data-widget_type=\"heading.default\">\n\t\t\t\t<div class=\"elementor-widget-container\">\n\t\t\t\t\t<p class=\"elementor-heading-title elementor-size-default\">F\u00c9LIX DE VEGA<\/p>\t\t\t\t<\/div>\n\t\t\t\t<\/div>\n\t\t\t\t<div class=\"elementor-element elementor-element-093f850 elementor-widget elementor-widget-heading\" data-id=\"093f850\" data-element_type=\"widget\" data-e-type=\"widget\" data-widget_type=\"heading.default\">\n\t\t\t\t<div class=\"elementor-widget-container\">\n\t\t\t\t\t<h2 class=\"elementor-heading-title elementor-size-default\">\u015aLUB W PLENERZE W CICHA 23<\/h2>\t\t\t\t<\/div>\n\t\t\t\t<\/div>\n\t\t\t\t<div class=\"elementor-element elementor-element-30b0035 elementor-widget elementor-widget-image\" data-id=\"30b0035\" data-element_type=\"widget\" data-e-type=\"widget\" data-widget_type=\"image.default\">\n\t\t\t\t<div class=\"elementor-widget-container\">\n\t\t\t\t\t\t\t\t\t\t\t\t\t\t\t<img decoding=\"async\" src=\"https:\/\/www.felixdevega.com\/wp-content\/uploads\/elementor\/thumbs\/avioneta-sola.jpg-r5jk31nkaanes81e4zg3g0l1kdgfig0qu5g4y3jaki.webp\" title=\"avioneta-sola.jpg.webp\" alt=\"avioneta-sola.jpg.webp\" loading=\"lazy\" \/>\t\t\t\t\t\t\t\t\t\t\t\t\t\t\t<\/div>\n\t\t\t\t<\/div>\n\t\t\t\t\t<\/div>\n\t\t<\/div>\n\t\t\t\t\t<\/div>\n\t\t<\/section>\n\t\t\t\t<section class=\"elementor-section elementor-top-section elementor-element elementor-element-fb4b90c elementor-section-boxed elementor-section-height-default elementor-section-height-default wpr-particle-no wpr-sticky-section-no wpr-equal-height-no\" data-id=\"fb4b90c\" data-element_type=\"section\" data-e-type=\"section\">\n\t\t\t\t\t\t<div class=\"elementor-container elementor-column-gap-default\">\n\t\t\t\t\t<div class=\"elementor-column elementor-col-100 elementor-top-column elementor-element elementor-element-1cb5420\" data-id=\"1cb5420\" data-element_type=\"column\" data-e-type=\"column\">\n\t\t\t<div class=\"elementor-widget-wrap elementor-element-populated\">\n\t\t\t\t\t\t<div class=\"elementor-element elementor-element-6543fb6 elementor-widget elementor-widget-heading\" data-id=\"6543fb6\" data-element_type=\"widget\" data-e-type=\"widget\" data-widget_type=\"heading.default\">\n\t\t\t\t<div class=\"elementor-widget-container\">\n\t\t\t\t\t<h3 class=\"elementor-heading-title elementor-size-default\">Cicha 23 - Rustykalna i romantyczna przestrze\u0144 w Warszawie<\/h3>\t\t\t\t<\/div>\n\t\t\t\t<\/div>\n\t\t\t\t<section class=\"elementor-section elementor-inner-section elementor-element elementor-element-ea4baa8 elementor-section-boxed elementor-section-height-default elementor-section-height-default wpr-particle-no wpr-sticky-section-no wpr-equal-height-no\" data-id=\"ea4baa8\" data-element_type=\"section\" data-e-type=\"section\">\n\t\t\t\t\t\t<div class=\"elementor-container elementor-column-gap-default\">\n\t\t\t\t\t<div class=\"elementor-column elementor-col-100 elementor-inner-column elementor-element elementor-element-6d1a2bd\" data-id=\"6d1a2bd\" data-element_type=\"column\" data-e-type=\"column\">\n\t\t\t<div class=\"elementor-widget-wrap elementor-element-populated\">\n\t\t\t\t\t\t<div class=\"elementor-element elementor-element-8e20885 elementor-widget elementor-widget-text-editor\" data-id=\"8e20885\" data-element_type=\"widget\" data-e-type=\"widget\" data-widget_type=\"text-editor.default\">\n\t\t\t\t<div class=\"elementor-widget-container\">\n\t\t\t\t\t\t\t\t\t<div class=\"flex w-full flex-col items-end\" data-content=\"user-message\"><p>Je\u015bli szukasz wyj\u0105tkowego miejsca na \u015blub w plenerze w Warszawie, sala weselna <strong>Cicha 23<\/strong> to ukryty klejnot, kt\u00f3ry zdecydowanie warto pozna\u0107. To urokliwe miejsce \u0142\u0105czy w sobie rustykalny styl z romantyczn\u0105 atmosfer\u0105, otoczone natur\u0105, spokojem i pi\u0119knie zaaran\u017cowan\u0105 przestrzeni\u0105. Jako fotograf \u015blubny mia\u0142em niedawno przyjemno\u015b\u0107 pracowa\u0107 w tym miejscu i z pe\u0142nym przekonaniem mog\u0119 powiedzie\u0107, \u017ce to <strong>jedna z najpi\u0119kniejszych sal weselnych w Warszawie<\/strong>.<\/p><\/div>\t\t\t\t\t\t\t\t<\/div>\n\t\t\t\t<\/div>\n\t\t\t\t\t<\/div>\n\t\t<\/div>\n\t\t\t\t\t<\/div>\n\t\t<\/section>\n\t\t\t\t\t<\/div>\n\t\t<\/div>\n\t\t\t\t\t<\/div>\n\t\t<\/section>\n\t\t\t\t<section class=\"elementor-section elementor-top-section elementor-element elementor-element-ea8482f elementor-section-boxed elementor-section-height-default elementor-section-height-default wpr-particle-no wpr-sticky-section-no wpr-equal-height-no\" data-id=\"ea8482f\" data-element_type=\"section\" data-e-type=\"section\">\n\t\t\t\t\t\t<div class=\"elementor-container elementor-column-gap-default\">\n\t\t\t\t\t<div class=\"elementor-column elementor-col-100 elementor-top-column elementor-element elementor-element-fa1c612\" data-id=\"fa1c612\" data-element_type=\"column\" data-e-type=\"column\">\n\t\t\t<div class=\"elementor-widget-wrap elementor-element-populated\">\n\t\t\t\t\t\t<div class=\"elementor-element elementor-element-f2fd80a elementor-widget elementor-widget-heading\" data-id=\"f2fd80a\" data-element_type=\"widget\" data-e-type=\"widget\" data-widget_type=\"heading.default\">\n\t\t\t\t<div class=\"elementor-widget-container\">\n\t\t\t\t\t<h3 class=\"elementor-heading-title elementor-size-default\">Dlaczego warto wybra\u0107 Cicha 23 na Swoje wesele?<\/h3>\t\t\t\t<\/div>\n\t\t\t\t<\/div>\n\t\t\t\t<section class=\"elementor-section elementor-inner-section elementor-element elementor-element-3c37592 elementor-section-boxed elementor-section-height-default elementor-section-height-default wpr-particle-no wpr-sticky-section-no wpr-equal-height-no\" data-id=\"3c37592\" data-element_type=\"section\" data-e-type=\"section\">\n\t\t\t\t\t\t<div class=\"elementor-container elementor-column-gap-default\">\n\t\t\t\t\t<div class=\"elementor-column elementor-col-50 elementor-inner-column elementor-element elementor-element-c02b101\" data-id=\"c02b101\" data-element_type=\"column\" data-e-type=\"column\">\n\t\t\t<div class=\"elementor-widget-wrap elementor-element-populated\">\n\t\t\t\t\t\t<div class=\"elementor-element elementor-element-e0794c3 elementor-widget elementor-widget-image\" data-id=\"e0794c3\" data-element_type=\"widget\" data-e-type=\"widget\" data-widget_type=\"image.default\">\n\t\t\t\t<div class=\"elementor-widget-container\">\n\t\t\t\t\t\t\t\t\t\t\t\t\t\t\t<img fetchpriority=\"high\" decoding=\"async\" width=\"683\" height=\"1024\" src=\"https:\/\/www.felixdevega.com\/wp-content\/uploads\/2025\/05\/64-wesele-cicha-23-warszawa-126s.jpg\" class=\"elementor-animation-grow attachment-full size-full wp-image-32613\" alt=\"cicha 23 slub i wesele w warszawie\" srcset=\"https:\/\/www.felixdevega.com\/wp-content\/uploads\/2025\/05\/64-wesele-cicha-23-warszawa-126s.jpg 683w, https:\/\/www.felixdevega.com\/wp-content\/uploads\/2025\/05\/64-wesele-cicha-23-warszawa-126s-600x900.jpg 600w\" sizes=\"(max-width: 683px) 100vw, 683px\" \/>\t\t\t\t\t\t\t\t\t\t\t\t\t\t\t<\/div>\n\t\t\t\t<\/div>\n\t\t\t\t<div class=\"elementor-element elementor-element-620d4cb elementor-widget elementor-widget-spacer\" data-id=\"620d4cb\" data-element_type=\"widget\" data-e-type=\"widget\" data-widget_type=\"spacer.default\">\n\t\t\t\t<div class=\"elementor-widget-container\">\n\t\t\t\t\t\t\t<div class=\"elementor-spacer\">\n\t\t\t<div class=\"elementor-spacer-inner\"><\/div>\n\t\t<\/div>\n\t\t\t\t\t\t<\/div>\n\t\t\t\t<\/div>\n\t\t\t\t\t<\/div>\n\t\t<\/div>\n\t\t\t\t<div class=\"elementor-column elementor-col-50 elementor-inner-column elementor-element elementor-element-9f41fd7\" data-id=\"9f41fd7\" data-element_type=\"column\" data-e-type=\"column\">\n\t\t\t<div class=\"elementor-widget-wrap elementor-element-populated\">\n\t\t\t\t\t\t<div class=\"elementor-element elementor-element-4166047 elementor-widget elementor-widget-text-editor\" data-id=\"4166047\" data-element_type=\"widget\" data-e-type=\"widget\" data-widget_type=\"text-editor.default\">\n\t\t\t\t<div class=\"elementor-widget-container\">\n\t\t\t\t\t\t\t\t\t<div class=\"flex w-full flex-col items-end\" data-content=\"user-message\"><p><strong>Cicha 23<\/strong> to nie tylko pi\u0119kna sala, to przestrze\u0144 z dusz\u0105 \u2013 pe\u0142na natury, spokoju i autentyczno\u015bci. Ka\u017cdy zak\u0105tek tego miejsca zosta\u0142 zaprojektowany tak, by tworzy\u0107 niezapomniane wspomnienia. Dlaczego tyle par \u2013 tak\u017ce z zagranicy \u2013 decyduje si\u0119 na \u015blub w\u0142a\u015bnie tutaj?<\/p><ul><li><p><strong>Unikalne otoczenie natury<\/strong> \u2013 idealne na \u015blub w plenerze w\u015br\u00f3d zieleni i naturalnego \u015bwiat\u0142a.<\/p><\/li><li><p><strong>Zr\u00f3\u017cnicowane wn\u0119trza<\/strong>: Cicha 23 oferuje trzy sale, ka\u017cda w rustykalnym i romantycznym stylu, z dominuj\u0105cym wykorzystaniem drewna, kt\u00f3re nadaje przytulny i ciep\u0142y klimat:<\/p><ul><li><p>Ma\u0142a Stajnia \u2013 to w\u0142a\u015bnie tutaj odby\u0142 si\u0119 \u015blub, kt\u00f3ry mia\u0142em przyjemno\u015b\u0107 fotografowa\u0107. Mimo nazwy, sala jest idealna na \u015brednie przyj\u0119cia, do ok. 100 os\u00f3b.<\/p><\/li><li><p>Du\u017ca Stajnia \u2013 idealna na wi\u0119ksze wesela z przestrzeni\u0105 do ta\u0144ca i zabawy w wyj\u0105tkowej atmosferze.<\/p><\/li><li><p>Szklarnia \u2013 stworzona z my\u015bl\u0105 o kameralnych uroczysto\u015bciach w romantycznym, \u015bwietlistym klimacie.<\/p><\/li><\/ul><\/li><li><p><strong>Dekoracja z dusz\u0105<\/strong> \u2013 drewno, ro\u015blinno\u015b\u0107, ciep\u0142e \u015bwiat\u0142o i starannie dobrane detale tworz\u0105 atmosfer\u0119, kt\u00f3ra nie potrzebuje przepychu.<\/p><\/li><li><p><strong>Lokalizacja<\/strong> \u2013 tylko <strong>20 minut od centrum Warszawy<\/strong>, a jednak z dala od miejskiego zgie\u0142ku \u2013 idealne po\u0142\u0105czenie wygody i spokoju.<\/p><\/li><li><p><strong>Fotografia \u015blubna w Cicha 23<\/strong> \u2013 jako fotograf mog\u0119 potwierdzi\u0107: ka\u017cde miejsce tutaj to gotowa sceneria na zdj\u0119cia pe\u0142ne emocji i naturalnego pi\u0119kna.<\/p><\/li><\/ul><\/div>\t\t\t\t\t\t\t\t<\/div>\n\t\t\t\t<\/div>\n\t\t\t\t\t<\/div>\n\t\t<\/div>\n\t\t\t\t\t<\/div>\n\t\t<\/section>\n\t\t\t\t\t<\/div>\n\t\t<\/div>\n\t\t\t\t\t<\/div>\n\t\t<\/section>\n\t\t\t\t<section class=\"elementor-section elementor-top-section elementor-element elementor-element-d58af44 elementor-section-boxed elementor-section-height-default elementor-section-height-default wpr-particle-no wpr-sticky-section-no wpr-equal-height-no\" data-id=\"d58af44\" data-element_type=\"section\" data-e-type=\"section\">\n\t\t\t\t\t\t<div class=\"elementor-container elementor-column-gap-default\">\n\t\t\t\t\t<div class=\"elementor-column elementor-col-100 elementor-top-column elementor-element elementor-element-7e7ecdf4\" data-id=\"7e7ecdf4\" data-element_type=\"column\" data-e-type=\"column\">\n\t\t\t<div class=\"elementor-widget-wrap elementor-element-populated\">\n\t\t\t\t\t\t<div class=\"elementor-element elementor-element-3b58a43b elementor-widget__width-initial elementor-widget elementor-widget-text-editor\" data-id=\"3b58a43b\" data-element_type=\"widget\" data-e-type=\"widget\" data-widget_type=\"text-editor.default\">\n\t\t\t\t<div class=\"elementor-widget-container\">\n\t\t\t\t\t\t\t\t\t<p><img decoding=\"async\" class=\"alignnone wp-image-32090 size-full\" style=\"margin-bottom: 5px;\" src=\"https:\/\/www.felixdevega.com\/wp-content\/uploads\/2025\/05\/wesele-cicha-23-slub-warszawa.jpg\" alt=\"wesele w cicha 23 slub w Warszawie\" width=\"1800\" height=\"1349\" srcset=\"https:\/\/www.felixdevega.com\/wp-content\/uploads\/2025\/05\/wesele-cicha-23-slub-warszawa.jpg 1800w, https:\/\/www.felixdevega.com\/wp-content\/uploads\/2025\/05\/wesele-cicha-23-slub-warszawa-750x562.jpg 750w, https:\/\/www.felixdevega.com\/wp-content\/uploads\/2025\/05\/wesele-cicha-23-slub-warszawa-1290x967.jpg 1290w, https:\/\/www.felixdevega.com\/wp-content\/uploads\/2025\/05\/wesele-cicha-23-slub-warszawa-1536x1151.jpg 1536w\" sizes=\"(max-width: 1800px) 100vw, 1800px\" \/><\/p>\t\t\t\t\t\t\t\t<\/div>\n\t\t\t\t<\/div>\n\t\t\t\t\t<\/div>\n\t\t<\/div>\n\t\t\t\t\t<\/div>\n\t\t<\/section>\n\t\t\t\t<section class=\"elementor-section elementor-top-section elementor-element elementor-element-e081a92 elementor-section-content-middle elementor-section-boxed elementor-section-height-default elementor-section-height-default wpr-particle-no wpr-sticky-section-no wpr-equal-height-no\" data-id=\"e081a92\" data-element_type=\"section\" data-e-type=\"section\" data-settings=\"{&quot;background_background&quot;:&quot;classic&quot;}\">\n\t\t\t\t\t\t<div class=\"elementor-container elementor-column-gap-no\">\n\t\t\t\t\t<div class=\"elementor-column elementor-col-50 elementor-top-column elementor-element elementor-element-c4e3c4a\" data-id=\"c4e3c4a\" data-element_type=\"column\" data-e-type=\"column\">\n\t\t\t<div class=\"elementor-widget-wrap elementor-element-populated\">\n\t\t\t\t\t\t<div class=\"elementor-element elementor-element-b0b7392 elementor-widget elementor-widget-heading\" data-id=\"b0b7392\" data-element_type=\"widget\" data-e-type=\"widget\" data-widget_type=\"heading.default\">\n\t\t\t\t<div class=\"elementor-widget-container\">\n\t\t\t\t\t<p class=\"elementor-heading-title elementor-size-default\">Zarezerwuj Swojego fotografa \u015blubnego<\/p>\t\t\t\t<\/div>\n\t\t\t\t<\/div>\n\t\t\t\t<div class=\"elementor-element elementor-element-bbd3259 elementor-widget elementor-widget-text-editor\" data-id=\"bbd3259\" data-element_type=\"widget\" data-e-type=\"widget\" data-widget_type=\"text-editor.default\">\n\t\t\t\t<div class=\"elementor-widget-container\">\n\t\t\t\t\t\t\t\t\t<p><b>Napisz do mnie<\/b><\/p>\t\t\t\t\t\t\t\t<\/div>\n\t\t\t\t<\/div>\n\t\t\t\t<div class=\"elementor-element elementor-element-d44453b elementor-widget elementor-widget-text-editor\" data-id=\"d44453b\" data-element_type=\"widget\" data-e-type=\"widget\" data-widget_type=\"text-editor.default\">\n\t\t\t\t<div class=\"elementor-widget-container\">\n\t\t\t\t\t\t\t\t\t<p><span style=\"font-family: Verdana, sans-serif; color: #999999;\">F\u00e9lix de Vega<\/span><\/p>\n<p><a href=\"mailto:info@felixdevega.com\"><span style=\"color: #999999;\">info@felixdevega.com<\/span><\/a><\/p>\n<p><span style=\"color: #999999;\">tel. <a href=\"tel:+48511579346\">+48 511 579 346<\/a><\/span><\/p>\n<p><span style=\"color: #999999;\">Warsaw |\u00a0 Poland<\/span><\/p>\t\t\t\t\t\t\t\t<\/div>\n\t\t\t\t<\/div>\n\t\t\t\t\t<\/div>\n\t\t<\/div>\n\t\t\t\t<div class=\"elementor-column elementor-col-50 elementor-top-column elementor-element elementor-element-013e94d\" data-id=\"013e94d\" data-element_type=\"column\" data-e-type=\"column\">\n\t\t\t<div class=\"elementor-widget-wrap elementor-element-populated\">\n\t\t\t\t\t\t<div class=\"elementor-element elementor-element-7dbc575 elementor-align-right elementor-mobile-align-left elementor-widget elementor-widget-button\" data-id=\"7dbc575\" data-element_type=\"widget\" data-e-type=\"widget\" data-widget_type=\"button.default\">\n\t\t\t\t<div class=\"elementor-widget-container\">\n\t\t\t\t\t\t\t\t\t<div class=\"elementor-button-wrapper\">\n\t\t\t\t\t<a class=\"elementor-button elementor-button-link elementor-size-sm elementor-animation-grow\" href=\"https:\/\/www.felixdevega.com\/pl\/kontakt\/\">\n\t\t\t\t\t\t<span class=\"elementor-button-content-wrapper\">\n\t\t\t\t\t\t\t\t\t<span class=\"elementor-button-text\">KONTAKT<\/span>\n\t\t\t\t\t<\/span>\n\t\t\t\t\t<\/a>\n\t\t\t\t<\/div>\n\t\t\t\t\t\t\t\t<\/div>\n\t\t\t\t<\/div>\n\t\t\t\t\t<\/div>\n\t\t<\/div>\n\t\t\t\t\t<\/div>\n\t\t<\/section>\n\t\t\t\t<section class=\"elementor-section elementor-top-section elementor-element elementor-element-de43cd7 elementor-section-boxed elementor-section-height-default elementor-section-height-default wpr-particle-no wpr-sticky-section-no wpr-equal-height-no\" data-id=\"de43cd7\" data-element_type=\"section\" data-e-type=\"section\">\n\t\t\t\t\t\t<div class=\"elementor-container elementor-column-gap-default\">\n\t\t\t\t\t<div class=\"elementor-column elementor-col-100 elementor-top-column elementor-element elementor-element-ffc05fb\" data-id=\"ffc05fb\" data-element_type=\"column\" data-e-type=\"column\">\n\t\t\t<div class=\"elementor-widget-wrap elementor-element-populated\">\n\t\t\t\t\t\t<div class=\"elementor-element elementor-element-51c321a elementor-widget elementor-widget-text-editor\" data-id=\"51c321a\" data-element_type=\"widget\" data-e-type=\"widget\" data-widget_type=\"text-editor.default\">\n\t\t\t\t<div class=\"elementor-widget-container\">\n\t\t\t\t\t\t\t\t\t<h2 style=\"text-align: center;\"><strong><span style=\"font-size: 8pt; color: #999999;\">Cicha 23\u00a0 | Najlepsze sale weselne w Warszawie<\/span><\/strong><\/h2>\t\t\t\t\t\t\t\t<\/div>\n\t\t\t\t<\/div>\n\t\t\t\t<div class=\"elementor-element elementor-element-b05bbd5 elementor-widget elementor-widget-heading\" data-id=\"b05bbd5\" data-element_type=\"widget\" data-e-type=\"widget\" data-widget_type=\"heading.default\">\n\t\t\t\t<div class=\"elementor-widget-container\">\n\t\t\t\t\t<p class=\"elementor-heading-title elementor-size-default\">Mi\u0119dzynarodowa historia mi\u0142osna w Warszawie<\/p>\t\t\t\t<\/div>\n\t\t\t\t<\/div>\n\t\t\t\t<div class=\"elementor-element elementor-element-ac41fff elementor-widget elementor-widget-image\" data-id=\"ac41fff\" data-element_type=\"widget\" data-e-type=\"widget\" data-widget_type=\"image.default\">\n\t\t\t\t<div class=\"elementor-widget-container\">\n\t\t\t\t\t\t\t\t\t\t\t\t\t\t\t<img decoding=\"async\" src=\"https:\/\/www.felixdevega.com\/wp-content\/uploads\/elementor\/thumbs\/avioneta-sola.jpg-r5jk31nkaanes81e4zg3g0l1kdgfig0qu5g4y3jaki.webp\" title=\"avioneta-sola.jpg.webp\" alt=\"avioneta-sola.jpg.webp\" loading=\"lazy\" \/>\t\t\t\t\t\t\t\t\t\t\t\t\t\t\t<\/div>\n\t\t\t\t<\/div>\n\t\t\t\t\t<\/div>\n\t\t<\/div>\n\t\t\t\t\t<\/div>\n\t\t<\/section>\n\t\t\t\t<section class=\"elementor-section elementor-top-section elementor-element elementor-element-809433d elementor-section-boxed elementor-section-height-default elementor-section-height-default wpr-particle-no wpr-sticky-section-no wpr-equal-height-no\" data-id=\"809433d\" data-element_type=\"section\" data-e-type=\"section\">\n\t\t\t\t\t\t<div class=\"elementor-container elementor-column-gap-default\">\n\t\t\t\t\t<div class=\"elementor-column elementor-col-100 elementor-top-column elementor-element elementor-element-329a611\" data-id=\"329a611\" data-element_type=\"column\" data-e-type=\"column\">\n\t\t\t<div class=\"elementor-widget-wrap elementor-element-populated\">\n\t\t\t\t\t\t<div class=\"elementor-element elementor-element-faec1c9 elementor-widget__width-initial elementor-widget elementor-widget-text-editor\" data-id=\"faec1c9\" data-element_type=\"widget\" data-e-type=\"widget\" data-widget_type=\"text-editor.default\">\n\t\t\t\t<div class=\"elementor-widget-container\">\n\t\t\t\t\t\t\t\t\t<p>Bohaterami tego \u015blubu byli Richard, Brytyjczyk, i Patrycja, Polka. Mieszkaj\u0105 w Wielkiej Brytanii, ale to w\u0142a\u015bnie <strong>Warszaw\u0119 i Cicha 23<\/strong> wybrali jako miejsce, w kt\u00f3rym po\u0142\u0105czyli swoje kultury, rodziny i serca. Sala z ogromnym wyczuciem go\u015bci\u0142a t\u0119 wielokulturow\u0105 uroczysto\u015b\u0107.<\/p><p>Rustykalna dekoracja z nowoczesnymi akcentami, sto\u0142y ustawione na zewn\u0105trz, urokliwe zak\u0105tki \u2013 wszystko to sprawi\u0142o, \u017ce ka\u017cdy moment by\u0142 warty uwiecznienia. Jako fotograf czu\u0142em si\u0119 zainspirowany dos\u0142ownie w ka\u017cdej cz\u0119\u015bci tego miejsca: od przygotowa\u0144 w pokojach po zach\u00f3d s\u0142o\u0144ca w ogrodzie.<\/p><p>Je\u015bli marzycie o <strong>\u015blubie w plenerze w Cicha 23<\/strong> albo po prostu chcecie zobaczy\u0107, jak mo\u017ce wygl\u0105da\u0107 ten wyj\u0105tkowy dzie\u0144 w jednej z <strong>najpi\u0119kniejszych sal weselnych w Warszawie<\/strong>, zapraszam do obejrzenia wybranych zdj\u0119\u0107 z tej cudownej uroczysto\u015bci.<\/p><p><audio class=\"wp-audio-shortcode\" id=\"audio-32057-1\" autoplay preload=\"none\" style=\"width: 100%;\" controls=\"controls\"><source type=\"audio\/mpeg\" src=\"https:\/\/www.felixdevega.com\/wp-content\/uploads\/2025\/05\/Carla-Morrison-Eres-tu-letra.mp3?_=1\" \/><a href=\"https:\/\/www.felixdevega.com\/wp-content\/uploads\/2025\/05\/Carla-Morrison-Eres-tu-letra.mp3\">https:\/\/www.felixdevega.com\/wp-content\/uploads\/2025\/05\/Carla-Morrison-Eres-tu-letra.mp3<\/a><\/audio><\/p><p>Music:\u00a0 Carla Morrison &#8211;\u00a0 Eres t\u00fa<\/p><p><img decoding=\"async\" class=\"alignnone wp-image-32225 size-large\" style=\"margin-bottom: 5px;\" src=\"https:\/\/www.felixdevega.com\/wp-content\/uploads\/2025\/05\/01-wesele-cicha-23-warszawa-1b-1290x860.jpg\" alt=\"\" width=\"1290\" height=\"860\" srcset=\"https:\/\/www.felixdevega.com\/wp-content\/uploads\/2025\/05\/01-wesele-cicha-23-warszawa-1b-1290x860.jpg 1290w, https:\/\/www.felixdevega.com\/wp-content\/uploads\/2025\/05\/01-wesele-cicha-23-warszawa-1b-750x500.jpg 750w, https:\/\/www.felixdevega.com\/wp-content\/uploads\/2025\/05\/01-wesele-cicha-23-warszawa-1b-1536x1024.jpg 1536w, https:\/\/www.felixdevega.com\/wp-content\/uploads\/2025\/05\/01-wesele-cicha-23-warszawa-1b-1200x800.jpg 1200w, https:\/\/www.felixdevega.com\/wp-content\/uploads\/2025\/05\/01-wesele-cicha-23-warszawa-1b.jpg 1800w\" sizes=\"(max-width: 1290px) 100vw, 1290px\" \/><img loading=\"lazy\" decoding=\"async\" class=\"alignnone wp-image-32228 size-large\" style=\"margin-bottom: 5px;\" src=\"https:\/\/www.felixdevega.com\/wp-content\/uploads\/2025\/05\/01-wesele-cicha-23-warszawa-46-1290x860.jpg\" alt=\"\u015blub i wesele w cicha 23 Warszawa\" width=\"1290\" height=\"860\" srcset=\"https:\/\/www.felixdevega.com\/wp-content\/uploads\/2025\/05\/01-wesele-cicha-23-warszawa-46-1290x860.jpg 1290w, https:\/\/www.felixdevega.com\/wp-content\/uploads\/2025\/05\/01-wesele-cicha-23-warszawa-46-750x500.jpg 750w, https:\/\/www.felixdevega.com\/wp-content\/uploads\/2025\/05\/01-wesele-cicha-23-warszawa-46-1536x1024.jpg 1536w, https:\/\/www.felixdevega.com\/wp-content\/uploads\/2025\/05\/01-wesele-cicha-23-warszawa-46-1200x800.jpg 1200w, https:\/\/www.felixdevega.com\/wp-content\/uploads\/2025\/05\/01-wesele-cicha-23-warszawa-46.jpg 1800w\" sizes=\"(max-width: 1290px) 100vw, 1290px\" \/><img loading=\"lazy\" decoding=\"async\" class=\"alignnone wp-image-32231 size-large\" style=\"margin-bottom: 5px;\" src=\"https:\/\/www.felixdevega.com\/wp-content\/uploads\/2025\/05\/03-wesele-cicha-23-warszawa-1-1290x860.jpg\" alt=\"\u015blub i wesele w cicha 23 Warszawa\" width=\"1290\" height=\"860\" srcset=\"https:\/\/www.felixdevega.com\/wp-content\/uploads\/2025\/05\/03-wesele-cicha-23-warszawa-1-1290x860.jpg 1290w, https:\/\/www.felixdevega.com\/wp-content\/uploads\/2025\/05\/03-wesele-cicha-23-warszawa-1-750x500.jpg 750w, https:\/\/www.felixdevega.com\/wp-content\/uploads\/2025\/05\/03-wesele-cicha-23-warszawa-1-1536x1024.jpg 1536w, https:\/\/www.felixdevega.com\/wp-content\/uploads\/2025\/05\/03-wesele-cicha-23-warszawa-1-1200x800.jpg 1200w, https:\/\/www.felixdevega.com\/wp-content\/uploads\/2025\/05\/03-wesele-cicha-23-warszawa-1.jpg 1800w\" sizes=\"(max-width: 1290px) 100vw, 1290px\" \/><img loading=\"lazy\" decoding=\"async\" class=\"alignnone wp-image-32596 size-large\" style=\"margin-bottom: 5px;\" src=\"https:\/\/www.felixdevega.com\/wp-content\/uploads\/2025\/05\/blog-dos-fotos-horizontales10-1290x429.jpg\" alt=\"\" width=\"1290\" height=\"429\" srcset=\"https:\/\/www.felixdevega.com\/wp-content\/uploads\/2025\/05\/blog-dos-fotos-horizontales10-1290x429.jpg 1290w, https:\/\/www.felixdevega.com\/wp-content\/uploads\/2025\/05\/blog-dos-fotos-horizontales10-750x250.jpg 750w, https:\/\/www.felixdevega.com\/wp-content\/uploads\/2025\/05\/blog-dos-fotos-horizontales10.jpg 1400w\" sizes=\"(max-width: 1290px) 100vw, 1290px\" \/><img loading=\"lazy\" decoding=\"async\" class=\"alignnone wp-image-32240 size-large\" style=\"margin-bottom: 5px;\" src=\"https:\/\/www.felixdevega.com\/wp-content\/uploads\/2025\/05\/06-wesele-cicha-23-warszawa-32-1290x860.jpg\" alt=\"\u015blub i wesele w cicha 23 Warszawa\" width=\"1290\" height=\"860\" srcset=\"https:\/\/www.felixdevega.com\/wp-content\/uploads\/2025\/05\/06-wesele-cicha-23-warszawa-32-1290x860.jpg 1290w, https:\/\/www.felixdevega.com\/wp-content\/uploads\/2025\/05\/06-wesele-cicha-23-warszawa-32-750x500.jpg 750w, https:\/\/www.felixdevega.com\/wp-content\/uploads\/2025\/05\/06-wesele-cicha-23-warszawa-32-1536x1024.jpg 1536w, https:\/\/www.felixdevega.com\/wp-content\/uploads\/2025\/05\/06-wesele-cicha-23-warszawa-32-1200x800.jpg 1200w, https:\/\/www.felixdevega.com\/wp-content\/uploads\/2025\/05\/06-wesele-cicha-23-warszawa-32.jpg 1800w\" sizes=\"(max-width: 1290px) 100vw, 1290px\" \/><img loading=\"lazy\" decoding=\"async\" class=\"alignnone wp-image-32498 size-large\" style=\"margin-bottom: 5px;\" src=\"https:\/\/www.felixdevega.com\/wp-content\/uploads\/2025\/05\/blog-dos-fotos-horizontales2-1290x593.jpg\" alt=\"\" width=\"1290\" height=\"593\" srcset=\"https:\/\/www.felixdevega.com\/wp-content\/uploads\/2025\/05\/blog-dos-fotos-horizontales2-1290x593.jpg 1290w, https:\/\/www.felixdevega.com\/wp-content\/uploads\/2025\/05\/blog-dos-fotos-horizontales2-750x345.jpg 750w, https:\/\/www.felixdevega.com\/wp-content\/uploads\/2025\/05\/blog-dos-fotos-horizontales2.jpg 1400w\" sizes=\"(max-width: 1290px) 100vw, 1290px\" \/><img loading=\"lazy\" decoding=\"async\" class=\"alignnone wp-image-32504 size-large\" style=\"margin-bottom: 5px;\" src=\"https:\/\/www.felixdevega.com\/wp-content\/uploads\/2025\/05\/blog-dos-fotos-horizontales4-1290x429.jpg\" alt=\"\" width=\"1290\" height=\"429\" srcset=\"https:\/\/www.felixdevega.com\/wp-content\/uploads\/2025\/05\/blog-dos-fotos-horizontales4-1290x429.jpg 1290w, https:\/\/www.felixdevega.com\/wp-content\/uploads\/2025\/05\/blog-dos-fotos-horizontales4-750x250.jpg 750w, https:\/\/www.felixdevega.com\/wp-content\/uploads\/2025\/05\/blog-dos-fotos-horizontales4.jpg 1400w\" sizes=\"(max-width: 1290px) 100vw, 1290px\" \/><img loading=\"lazy\" decoding=\"async\" class=\"alignnone wp-image-32261 size-large\" style=\"margin-bottom: 5px;\" src=\"https:\/\/www.felixdevega.com\/wp-content\/uploads\/2025\/05\/13-wesele-cicha-23-warszawa-21-1290x860.jpg\" alt=\"\u015blub i wesele w cicha 23 Warszawa\" width=\"1290\" height=\"860\" srcset=\"https:\/\/www.felixdevega.com\/wp-content\/uploads\/2025\/05\/13-wesele-cicha-23-warszawa-21-1290x860.jpg 1290w, https:\/\/www.felixdevega.com\/wp-content\/uploads\/2025\/05\/13-wesele-cicha-23-warszawa-21-750x500.jpg 750w, https:\/\/www.felixdevega.com\/wp-content\/uploads\/2025\/05\/13-wesele-cicha-23-warszawa-21-1536x1024.jpg 1536w, https:\/\/www.felixdevega.com\/wp-content\/uploads\/2025\/05\/13-wesele-cicha-23-warszawa-21-1200x800.jpg 1200w, https:\/\/www.felixdevega.com\/wp-content\/uploads\/2025\/05\/13-wesele-cicha-23-warszawa-21.jpg 1800w\" sizes=\"(max-width: 1290px) 100vw, 1290px\" \/><img loading=\"lazy\" decoding=\"async\" class=\"alignnone wp-image-32511 size-large\" style=\"margin-bottom: 5px;\" src=\"https:\/\/www.felixdevega.com\/wp-content\/uploads\/2025\/05\/blog-dos-fotos-horizontales5-1290x429.jpg\" alt=\"\" width=\"1290\" height=\"429\" srcset=\"https:\/\/www.felixdevega.com\/wp-content\/uploads\/2025\/05\/blog-dos-fotos-horizontales5-1290x429.jpg 1290w, https:\/\/www.felixdevega.com\/wp-content\/uploads\/2025\/05\/blog-dos-fotos-horizontales5-750x250.jpg 750w, https:\/\/www.felixdevega.com\/wp-content\/uploads\/2025\/05\/blog-dos-fotos-horizontales5.jpg 1400w\" sizes=\"(max-width: 1290px) 100vw, 1290px\" \/><img loading=\"lazy\" decoding=\"async\" class=\"alignnone wp-image-32274 size-large\" style=\"margin-bottom: 5px;\" src=\"https:\/\/www.felixdevega.com\/wp-content\/uploads\/2025\/05\/17-wesele-cicha-23-warszawa-38-1290x860.jpg\" alt=\"\" width=\"1290\" height=\"860\" srcset=\"https:\/\/www.felixdevega.com\/wp-content\/uploads\/2025\/05\/17-wesele-cicha-23-warszawa-38-1290x860.jpg 1290w, https:\/\/www.felixdevega.com\/wp-content\/uploads\/2025\/05\/17-wesele-cicha-23-warszawa-38-750x500.jpg 750w, https:\/\/www.felixdevega.com\/wp-content\/uploads\/2025\/05\/17-wesele-cicha-23-warszawa-38-1536x1024.jpg 1536w, https:\/\/www.felixdevega.com\/wp-content\/uploads\/2025\/05\/17-wesele-cicha-23-warszawa-38-1200x800.jpg 1200w, https:\/\/www.felixdevega.com\/wp-content\/uploads\/2025\/05\/17-wesele-cicha-23-warszawa-38.jpg 1800w\" sizes=\"(max-width: 1290px) 100vw, 1290px\" \/><img loading=\"lazy\" decoding=\"async\" class=\"alignnone wp-image-32277 size-large\" style=\"margin-bottom: 5px;\" src=\"https:\/\/www.felixdevega.com\/wp-content\/uploads\/2025\/05\/18-wesele-cicha-23-warszawa-36-1290x860.jpg\" alt=\"\u015blub i wesele w cicha 23 Warszawa\" width=\"1290\" height=\"860\" srcset=\"https:\/\/www.felixdevega.com\/wp-content\/uploads\/2025\/05\/18-wesele-cicha-23-warszawa-36-1290x860.jpg 1290w, https:\/\/www.felixdevega.com\/wp-content\/uploads\/2025\/05\/18-wesele-cicha-23-warszawa-36-750x500.jpg 750w, https:\/\/www.felixdevega.com\/wp-content\/uploads\/2025\/05\/18-wesele-cicha-23-warszawa-36-1536x1024.jpg 1536w, https:\/\/www.felixdevega.com\/wp-content\/uploads\/2025\/05\/18-wesele-cicha-23-warszawa-36-1200x800.jpg 1200w, https:\/\/www.felixdevega.com\/wp-content\/uploads\/2025\/05\/18-wesele-cicha-23-warszawa-36.jpg 1800w\" sizes=\"(max-width: 1290px) 100vw, 1290px\" \/><img loading=\"lazy\" decoding=\"async\" class=\"alignnone wp-image-32286 size-large\" style=\"margin-bottom: 5px;\" src=\"https:\/\/www.felixdevega.com\/wp-content\/uploads\/2025\/05\/21-wesele-cicha-23-warszawa-44-1290x860.jpg\" alt=\"\" width=\"1290\" height=\"860\" srcset=\"https:\/\/www.felixdevega.com\/wp-content\/uploads\/2025\/05\/21-wesele-cicha-23-warszawa-44-1290x860.jpg 1290w, https:\/\/www.felixdevega.com\/wp-content\/uploads\/2025\/05\/21-wesele-cicha-23-warszawa-44-750x500.jpg 750w, https:\/\/www.felixdevega.com\/wp-content\/uploads\/2025\/05\/21-wesele-cicha-23-warszawa-44-1536x1024.jpg 1536w, https:\/\/www.felixdevega.com\/wp-content\/uploads\/2025\/05\/21-wesele-cicha-23-warszawa-44-1200x800.jpg 1200w, https:\/\/www.felixdevega.com\/wp-content\/uploads\/2025\/05\/21-wesele-cicha-23-warszawa-44.jpg 1800w\" sizes=\"(max-width: 1290px) 100vw, 1290px\" \/><img loading=\"lazy\" decoding=\"async\" class=\"alignnone wp-image-32289 size-large\" style=\"margin-bottom: 5px;\" src=\"https:\/\/www.felixdevega.com\/wp-content\/uploads\/2025\/05\/22-wesele-cicha-23-warszawa-41-1290x860.jpg\" alt=\"\u015blub i wesele w cicha 23 Warszawa\" width=\"1290\" height=\"860\" srcset=\"https:\/\/www.felixdevega.com\/wp-content\/uploads\/2025\/05\/22-wesele-cicha-23-warszawa-41-1290x860.jpg 1290w, https:\/\/www.felixdevega.com\/wp-content\/uploads\/2025\/05\/22-wesele-cicha-23-warszawa-41-750x500.jpg 750w, https:\/\/www.felixdevega.com\/wp-content\/uploads\/2025\/05\/22-wesele-cicha-23-warszawa-41-1536x1024.jpg 1536w, https:\/\/www.felixdevega.com\/wp-content\/uploads\/2025\/05\/22-wesele-cicha-23-warszawa-41-1200x800.jpg 1200w, https:\/\/www.felixdevega.com\/wp-content\/uploads\/2025\/05\/22-wesele-cicha-23-warszawa-41.jpg 1800w\" sizes=\"(max-width: 1290px) 100vw, 1290px\" \/><img loading=\"lazy\" decoding=\"async\" class=\"alignnone wp-image-32526 size-large\" style=\"margin-bottom: 5px;\" src=\"https:\/\/www.felixdevega.com\/wp-content\/uploads\/2025\/05\/blog-dos-fotos-horizontales6-1290x429.jpg\" alt=\"\" width=\"1290\" height=\"429\" srcset=\"https:\/\/www.felixdevega.com\/wp-content\/uploads\/2025\/05\/blog-dos-fotos-horizontales6-1290x429.jpg 1290w, https:\/\/www.felixdevega.com\/wp-content\/uploads\/2025\/05\/blog-dos-fotos-horizontales6-750x250.jpg 750w, https:\/\/www.felixdevega.com\/wp-content\/uploads\/2025\/05\/blog-dos-fotos-horizontales6.jpg 1400w\" sizes=\"(max-width: 1290px) 100vw, 1290px\" \/><img loading=\"lazy\" decoding=\"async\" class=\"alignnone wp-image-32304 size-large\" style=\"margin-bottom: 5px;\" src=\"https:\/\/www.felixdevega.com\/wp-content\/uploads\/2025\/05\/27-wesele-cicha-23-warszawa-1-1290x860.jpg\" alt=\"\u015blub i wesele w cicha 23 Warszawa\" width=\"1290\" height=\"860\" srcset=\"https:\/\/www.felixdevega.com\/wp-content\/uploads\/2025\/05\/27-wesele-cicha-23-warszawa-1-1290x860.jpg 1290w, https:\/\/www.felixdevega.com\/wp-content\/uploads\/2025\/05\/27-wesele-cicha-23-warszawa-1-750x500.jpg 750w, https:\/\/www.felixdevega.com\/wp-content\/uploads\/2025\/05\/27-wesele-cicha-23-warszawa-1-1536x1024.jpg 1536w, https:\/\/www.felixdevega.com\/wp-content\/uploads\/2025\/05\/27-wesele-cicha-23-warszawa-1-1200x800.jpg 1200w, https:\/\/www.felixdevega.com\/wp-content\/uploads\/2025\/05\/27-wesele-cicha-23-warszawa-1.jpg 1800w\" sizes=\"(max-width: 1290px) 100vw, 1290px\" \/><img loading=\"lazy\" decoding=\"async\" class=\"alignnone wp-image-32533 size-large\" style=\"margin-bottom: 5px;\" src=\"https:\/\/www.felixdevega.com\/wp-content\/uploads\/2025\/05\/blog-dos-fotos-horizontales7-1290x429.jpg\" alt=\"\" width=\"1290\" height=\"429\" srcset=\"https:\/\/www.felixdevega.com\/wp-content\/uploads\/2025\/05\/blog-dos-fotos-horizontales7-1290x429.jpg 1290w, https:\/\/www.felixdevega.com\/wp-content\/uploads\/2025\/05\/blog-dos-fotos-horizontales7-750x250.jpg 750w, https:\/\/www.felixdevega.com\/wp-content\/uploads\/2025\/05\/blog-dos-fotos-horizontales7.jpg 1400w\" sizes=\"(max-width: 1290px) 100vw, 1290px\" \/><img loading=\"lazy\" decoding=\"async\" class=\"alignnone wp-image-32307 size-large\" style=\"margin-bottom: 5px;\" src=\"https:\/\/www.felixdevega.com\/wp-content\/uploads\/2025\/05\/27-wesele-cicha-23-warszawa-63-1290x860.jpg\" alt=\"slub i wesele cicha 23 warszawa\" width=\"1290\" height=\"860\" srcset=\"https:\/\/www.felixdevega.com\/wp-content\/uploads\/2025\/05\/27-wesele-cicha-23-warszawa-63-1290x860.jpg 1290w, https:\/\/www.felixdevega.com\/wp-content\/uploads\/2025\/05\/27-wesele-cicha-23-warszawa-63-750x500.jpg 750w, https:\/\/www.felixdevega.com\/wp-content\/uploads\/2025\/05\/27-wesele-cicha-23-warszawa-63-1536x1024.jpg 1536w, https:\/\/www.felixdevega.com\/wp-content\/uploads\/2025\/05\/27-wesele-cicha-23-warszawa-63-1200x800.jpg 1200w, https:\/\/www.felixdevega.com\/wp-content\/uploads\/2025\/05\/27-wesele-cicha-23-warszawa-63.jpg 1800w\" sizes=\"(max-width: 1290px) 100vw, 1290px\" \/><img loading=\"lazy\" decoding=\"async\" class=\"alignnone wp-image-32310 size-large\" style=\"margin-bottom: 5px;\" src=\"https:\/\/www.felixdevega.com\/wp-content\/uploads\/2025\/05\/28-wesele-cicha-23-warszawa-48-1290x860.jpg\" alt=\"slub i wesele cicha 23 warszawa\" width=\"1290\" height=\"860\" srcset=\"https:\/\/www.felixdevega.com\/wp-content\/uploads\/2025\/05\/28-wesele-cicha-23-warszawa-48-1290x860.jpg 1290w, https:\/\/www.felixdevega.com\/wp-content\/uploads\/2025\/05\/28-wesele-cicha-23-warszawa-48-750x500.jpg 750w, https:\/\/www.felixdevega.com\/wp-content\/uploads\/2025\/05\/28-wesele-cicha-23-warszawa-48-1536x1024.jpg 1536w, https:\/\/www.felixdevega.com\/wp-content\/uploads\/2025\/05\/28-wesele-cicha-23-warszawa-48-1200x800.jpg 1200w, https:\/\/www.felixdevega.com\/wp-content\/uploads\/2025\/05\/28-wesele-cicha-23-warszawa-48.jpg 1800w\" sizes=\"(max-width: 1290px) 100vw, 1290px\" \/><img loading=\"lazy\" decoding=\"async\" class=\"alignnone wp-image-32313 size-large\" style=\"margin-bottom: 5px;\" src=\"https:\/\/www.felixdevega.com\/wp-content\/uploads\/2025\/05\/29-wesele-cicha-23-warszawa-59-1290x860.jpg\" alt=\"slub i wesele cicha 23 warszawa\" width=\"1290\" height=\"860\" srcset=\"https:\/\/www.felixdevega.com\/wp-content\/uploads\/2025\/05\/29-wesele-cicha-23-warszawa-59-1290x860.jpg 1290w, https:\/\/www.felixdevega.com\/wp-content\/uploads\/2025\/05\/29-wesele-cicha-23-warszawa-59-750x500.jpg 750w, https:\/\/www.felixdevega.com\/wp-content\/uploads\/2025\/05\/29-wesele-cicha-23-warszawa-59-1536x1024.jpg 1536w, https:\/\/www.felixdevega.com\/wp-content\/uploads\/2025\/05\/29-wesele-cicha-23-warszawa-59-1200x800.jpg 1200w, https:\/\/www.felixdevega.com\/wp-content\/uploads\/2025\/05\/29-wesele-cicha-23-warszawa-59.jpg 1800w\" sizes=\"(max-width: 1290px) 100vw, 1290px\" \/><img loading=\"lazy\" decoding=\"async\" class=\"alignnone wp-image-32316 size-large\" style=\"margin-bottom: 5px;\" src=\"https:\/\/www.felixdevega.com\/wp-content\/uploads\/2025\/05\/29-wesele-cicha-23-warszawa-62-1290x860.jpg\" alt=\"slub i wesele cicha 23 warszawa\" width=\"1290\" height=\"860\" srcset=\"https:\/\/www.felixdevega.com\/wp-content\/uploads\/2025\/05\/29-wesele-cicha-23-warszawa-62-1290x860.jpg 1290w, https:\/\/www.felixdevega.com\/wp-content\/uploads\/2025\/05\/29-wesele-cicha-23-warszawa-62-750x500.jpg 750w, https:\/\/www.felixdevega.com\/wp-content\/uploads\/2025\/05\/29-wesele-cicha-23-warszawa-62-1536x1024.jpg 1536w, https:\/\/www.felixdevega.com\/wp-content\/uploads\/2025\/05\/29-wesele-cicha-23-warszawa-62-1200x800.jpg 1200w, https:\/\/www.felixdevega.com\/wp-content\/uploads\/2025\/05\/29-wesele-cicha-23-warszawa-62.jpg 1800w\" sizes=\"(max-width: 1290px) 100vw, 1290px\" \/><img loading=\"lazy\" decoding=\"async\" class=\"alignnone wp-image-32322 size-large\" style=\"margin-bottom: 5px;\" src=\"https:\/\/www.felixdevega.com\/wp-content\/uploads\/2025\/05\/31-wesele-cicha-23-warszawa-57-1290x860.jpg\" alt=\"slub i wesele cicha 23 warszawa\" width=\"1290\" height=\"860\" srcset=\"https:\/\/www.felixdevega.com\/wp-content\/uploads\/2025\/05\/31-wesele-cicha-23-warszawa-57-1290x860.jpg 1290w, https:\/\/www.felixdevega.com\/wp-content\/uploads\/2025\/05\/31-wesele-cicha-23-warszawa-57-750x500.jpg 750w, https:\/\/www.felixdevega.com\/wp-content\/uploads\/2025\/05\/31-wesele-cicha-23-warszawa-57-1536x1024.jpg 1536w, https:\/\/www.felixdevega.com\/wp-content\/uploads\/2025\/05\/31-wesele-cicha-23-warszawa-57-1200x800.jpg 1200w, https:\/\/www.felixdevega.com\/wp-content\/uploads\/2025\/05\/31-wesele-cicha-23-warszawa-57.jpg 1800w\" sizes=\"(max-width: 1290px) 100vw, 1290px\" \/><img loading=\"lazy\" decoding=\"async\" class=\"alignnone wp-image-32325 size-large\" style=\"margin-bottom: 5px;\" src=\"https:\/\/www.felixdevega.com\/wp-content\/uploads\/2025\/05\/32-wesele-cicha-23-warszawa-54-1290x860.jpg\" alt=\"slub i wesele cicha 23 warszawa\" width=\"1290\" height=\"860\" srcset=\"https:\/\/www.felixdevega.com\/wp-content\/uploads\/2025\/05\/32-wesele-cicha-23-warszawa-54-1290x860.jpg 1290w, https:\/\/www.felixdevega.com\/wp-content\/uploads\/2025\/05\/32-wesele-cicha-23-warszawa-54-750x500.jpg 750w, https:\/\/www.felixdevega.com\/wp-content\/uploads\/2025\/05\/32-wesele-cicha-23-warszawa-54-1536x1024.jpg 1536w, https:\/\/www.felixdevega.com\/wp-content\/uploads\/2025\/05\/32-wesele-cicha-23-warszawa-54-1200x800.jpg 1200w, https:\/\/www.felixdevega.com\/wp-content\/uploads\/2025\/05\/32-wesele-cicha-23-warszawa-54.jpg 1800w\" sizes=\"(max-width: 1290px) 100vw, 1290px\" \/><img loading=\"lazy\" decoding=\"async\" class=\"alignnone wp-image-32328 size-large\" style=\"margin-bottom: 5px;\" src=\"https:\/\/www.felixdevega.com\/wp-content\/uploads\/2025\/05\/33-wesele-cicha-23-warszawa-64-1290x860.jpg\" alt=\"\" width=\"1290\" height=\"860\" srcset=\"https:\/\/www.felixdevega.com\/wp-content\/uploads\/2025\/05\/33-wesele-cicha-23-warszawa-64-1290x860.jpg 1290w, https:\/\/www.felixdevega.com\/wp-content\/uploads\/2025\/05\/33-wesele-cicha-23-warszawa-64-750x500.jpg 750w, https:\/\/www.felixdevega.com\/wp-content\/uploads\/2025\/05\/33-wesele-cicha-23-warszawa-64-1536x1024.jpg 1536w, https:\/\/www.felixdevega.com\/wp-content\/uploads\/2025\/05\/33-wesele-cicha-23-warszawa-64-1200x800.jpg 1200w, https:\/\/www.felixdevega.com\/wp-content\/uploads\/2025\/05\/33-wesele-cicha-23-warszawa-64.jpg 1800w\" sizes=\"(max-width: 1290px) 100vw, 1290px\" \/><img loading=\"lazy\" decoding=\"async\" class=\"alignnone wp-image-32331 size-large\" style=\"margin-bottom: 5px;\" src=\"https:\/\/www.felixdevega.com\/wp-content\/uploads\/2025\/05\/34-wesele-cicha-23-warszawa-65-1290x860.jpg\" alt=\"slub i wesele cicha 23 warszawa\" width=\"1290\" height=\"860\" srcset=\"https:\/\/www.felixdevega.com\/wp-content\/uploads\/2025\/05\/34-wesele-cicha-23-warszawa-65-1290x860.jpg 1290w, https:\/\/www.felixdevega.com\/wp-content\/uploads\/2025\/05\/34-wesele-cicha-23-warszawa-65-750x500.jpg 750w, https:\/\/www.felixdevega.com\/wp-content\/uploads\/2025\/05\/34-wesele-cicha-23-warszawa-65-1536x1024.jpg 1536w, https:\/\/www.felixdevega.com\/wp-content\/uploads\/2025\/05\/34-wesele-cicha-23-warszawa-65-1200x800.jpg 1200w, https:\/\/www.felixdevega.com\/wp-content\/uploads\/2025\/05\/34-wesele-cicha-23-warszawa-65.jpg 1800w\" sizes=\"(max-width: 1290px) 100vw, 1290px\" \/><img loading=\"lazy\" decoding=\"async\" class=\"alignnone wp-image-32334 size-large\" style=\"margin-bottom: 5px;\" src=\"https:\/\/www.felixdevega.com\/wp-content\/uploads\/2025\/05\/35-wesele-cicha-23-warszawa-72-1290x860.jpg\" alt=\"slub i wesele cicha 23 warszawa\" width=\"1290\" height=\"860\" srcset=\"https:\/\/www.felixdevega.com\/wp-content\/uploads\/2025\/05\/35-wesele-cicha-23-warszawa-72-1290x860.jpg 1290w, https:\/\/www.felixdevega.com\/wp-content\/uploads\/2025\/05\/35-wesele-cicha-23-warszawa-72-750x500.jpg 750w, https:\/\/www.felixdevega.com\/wp-content\/uploads\/2025\/05\/35-wesele-cicha-23-warszawa-72-1536x1024.jpg 1536w, https:\/\/www.felixdevega.com\/wp-content\/uploads\/2025\/05\/35-wesele-cicha-23-warszawa-72-1200x800.jpg 1200w, https:\/\/www.felixdevega.com\/wp-content\/uploads\/2025\/05\/35-wesele-cicha-23-warszawa-72.jpg 1800w\" sizes=\"(max-width: 1290px) 100vw, 1290px\" \/><img loading=\"lazy\" decoding=\"async\" class=\"alignnone wp-image-32337 size-large\" style=\"margin-bottom: 5px;\" src=\"https:\/\/www.felixdevega.com\/wp-content\/uploads\/2025\/05\/36-wesele-cicha-23-warszawa-73-1290x860.jpg\" alt=\"slub i wesele cicha 23 warszawa\" width=\"1290\" height=\"860\" srcset=\"https:\/\/www.felixdevega.com\/wp-content\/uploads\/2025\/05\/36-wesele-cicha-23-warszawa-73-1290x860.jpg 1290w, https:\/\/www.felixdevega.com\/wp-content\/uploads\/2025\/05\/36-wesele-cicha-23-warszawa-73-750x500.jpg 750w, https:\/\/www.felixdevega.com\/wp-content\/uploads\/2025\/05\/36-wesele-cicha-23-warszawa-73-1536x1024.jpg 1536w, https:\/\/www.felixdevega.com\/wp-content\/uploads\/2025\/05\/36-wesele-cicha-23-warszawa-73-1200x800.jpg 1200w, https:\/\/www.felixdevega.com\/wp-content\/uploads\/2025\/05\/36-wesele-cicha-23-warszawa-73.jpg 1800w\" sizes=\"(max-width: 1290px) 100vw, 1290px\" \/><img loading=\"lazy\" decoding=\"async\" class=\"alignnone wp-image-32340 size-large\" style=\"margin-bottom: 5px;\" src=\"https:\/\/www.felixdevega.com\/wp-content\/uploads\/2025\/05\/37-wesele-cicha-23-warszawa-75-1290x860.jpg\" alt=\"slub i wesele cicha 23 warszawa\" width=\"1290\" height=\"860\" srcset=\"https:\/\/www.felixdevega.com\/wp-content\/uploads\/2025\/05\/37-wesele-cicha-23-warszawa-75-1290x860.jpg 1290w, https:\/\/www.felixdevega.com\/wp-content\/uploads\/2025\/05\/37-wesele-cicha-23-warszawa-75-750x500.jpg 750w, https:\/\/www.felixdevega.com\/wp-content\/uploads\/2025\/05\/37-wesele-cicha-23-warszawa-75-1536x1024.jpg 1536w, https:\/\/www.felixdevega.com\/wp-content\/uploads\/2025\/05\/37-wesele-cicha-23-warszawa-75-1200x800.jpg 1200w, https:\/\/www.felixdevega.com\/wp-content\/uploads\/2025\/05\/37-wesele-cicha-23-warszawa-75.jpg 1800w\" sizes=\"(max-width: 1290px) 100vw, 1290px\" \/><img loading=\"lazy\" decoding=\"async\" class=\"alignnone wp-image-32343 size-large\" style=\"margin-bottom: 5px;\" src=\"https:\/\/www.felixdevega.com\/wp-content\/uploads\/2025\/05\/38-wesele-cicha-23-warszawa-76-1290x860.jpg\" alt=\"slub i wesele cicha 23 warszawa\" width=\"1290\" height=\"860\" srcset=\"https:\/\/www.felixdevega.com\/wp-content\/uploads\/2025\/05\/38-wesele-cicha-23-warszawa-76-1290x860.jpg 1290w, https:\/\/www.felixdevega.com\/wp-content\/uploads\/2025\/05\/38-wesele-cicha-23-warszawa-76-750x500.jpg 750w, https:\/\/www.felixdevega.com\/wp-content\/uploads\/2025\/05\/38-wesele-cicha-23-warszawa-76-1536x1024.jpg 1536w, https:\/\/www.felixdevega.com\/wp-content\/uploads\/2025\/05\/38-wesele-cicha-23-warszawa-76-1200x800.jpg 1200w, https:\/\/www.felixdevega.com\/wp-content\/uploads\/2025\/05\/38-wesele-cicha-23-warszawa-76.jpg 1800w\" sizes=\"(max-width: 1290px) 100vw, 1290px\" \/><img loading=\"lazy\" decoding=\"async\" class=\"alignnone wp-image-32346 size-large\" style=\"margin-bottom: 5px;\" src=\"https:\/\/www.felixdevega.com\/wp-content\/uploads\/2025\/05\/39-wesele-cicha-23-warszawa-77-1290x860.jpg\" alt=\"slub i wesele cicha 23 warszawa\" width=\"1290\" height=\"860\" srcset=\"https:\/\/www.felixdevega.com\/wp-content\/uploads\/2025\/05\/39-wesele-cicha-23-warszawa-77-1290x860.jpg 1290w, https:\/\/www.felixdevega.com\/wp-content\/uploads\/2025\/05\/39-wesele-cicha-23-warszawa-77-750x500.jpg 750w, https:\/\/www.felixdevega.com\/wp-content\/uploads\/2025\/05\/39-wesele-cicha-23-warszawa-77-1536x1024.jpg 1536w, https:\/\/www.felixdevega.com\/wp-content\/uploads\/2025\/05\/39-wesele-cicha-23-warszawa-77-1200x800.jpg 1200w, https:\/\/www.felixdevega.com\/wp-content\/uploads\/2025\/05\/39-wesele-cicha-23-warszawa-77.jpg 1800w\" sizes=\"(max-width: 1290px) 100vw, 1290px\" \/><img loading=\"lazy\" decoding=\"async\" class=\"alignnone wp-image-32349 size-large\" style=\"margin-bottom: 5px;\" src=\"https:\/\/www.felixdevega.com\/wp-content\/uploads\/2025\/05\/40-wesele-cicha-23-warszawa-81-1290x860.jpg\" alt=\"slub i wesele cicha 23 warszawa\" width=\"1290\" height=\"860\" srcset=\"https:\/\/www.felixdevega.com\/wp-content\/uploads\/2025\/05\/40-wesele-cicha-23-warszawa-81-1290x860.jpg 1290w, https:\/\/www.felixdevega.com\/wp-content\/uploads\/2025\/05\/40-wesele-cicha-23-warszawa-81-750x500.jpg 750w, https:\/\/www.felixdevega.com\/wp-content\/uploads\/2025\/05\/40-wesele-cicha-23-warszawa-81-1536x1024.jpg 1536w, https:\/\/www.felixdevega.com\/wp-content\/uploads\/2025\/05\/40-wesele-cicha-23-warszawa-81-1200x800.jpg 1200w, https:\/\/www.felixdevega.com\/wp-content\/uploads\/2025\/05\/40-wesele-cicha-23-warszawa-81.jpg 1800w\" sizes=\"(max-width: 1290px) 100vw, 1290px\" \/><img loading=\"lazy\" decoding=\"async\" class=\"alignnone wp-image-32352 size-large\" style=\"margin-bottom: 5px;\" src=\"https:\/\/www.felixdevega.com\/wp-content\/uploads\/2025\/05\/42-wesele-cicha-23-warszawa-93-1290x860.jpg\" alt=\"slub i wesele cicha 23 warszawa\" width=\"1290\" height=\"860\" srcset=\"https:\/\/www.felixdevega.com\/wp-content\/uploads\/2025\/05\/42-wesele-cicha-23-warszawa-93-1290x860.jpg 1290w, https:\/\/www.felixdevega.com\/wp-content\/uploads\/2025\/05\/42-wesele-cicha-23-warszawa-93-750x500.jpg 750w, https:\/\/www.felixdevega.com\/wp-content\/uploads\/2025\/05\/42-wesele-cicha-23-warszawa-93-1536x1024.jpg 1536w, https:\/\/www.felixdevega.com\/wp-content\/uploads\/2025\/05\/42-wesele-cicha-23-warszawa-93-1200x800.jpg 1200w, https:\/\/www.felixdevega.com\/wp-content\/uploads\/2025\/05\/42-wesele-cicha-23-warszawa-93.jpg 1800w\" sizes=\"(max-width: 1290px) 100vw, 1290px\" \/><img loading=\"lazy\" decoding=\"async\" class=\"alignnone wp-image-32355 size-large\" style=\"margin-bottom: 5px;\" src=\"https:\/\/www.felixdevega.com\/wp-content\/uploads\/2025\/05\/43-wesele-cicha-23-warszawa-85-1290x860.jpg\" alt=\"slub i wesele cicha 23 warszawa\" width=\"1290\" height=\"860\" srcset=\"https:\/\/www.felixdevega.com\/wp-content\/uploads\/2025\/05\/43-wesele-cicha-23-warszawa-85-1290x860.jpg 1290w, https:\/\/www.felixdevega.com\/wp-content\/uploads\/2025\/05\/43-wesele-cicha-23-warszawa-85-750x500.jpg 750w, https:\/\/www.felixdevega.com\/wp-content\/uploads\/2025\/05\/43-wesele-cicha-23-warszawa-85-1536x1024.jpg 1536w, https:\/\/www.felixdevega.com\/wp-content\/uploads\/2025\/05\/43-wesele-cicha-23-warszawa-85-1200x800.jpg 1200w, https:\/\/www.felixdevega.com\/wp-content\/uploads\/2025\/05\/43-wesele-cicha-23-warszawa-85.jpg 1800w\" sizes=\"(max-width: 1290px) 100vw, 1290px\" \/><img loading=\"lazy\" decoding=\"async\" class=\"alignnone wp-image-32361 size-large\" style=\"margin-bottom: 5px;\" src=\"https:\/\/www.felixdevega.com\/wp-content\/uploads\/2025\/05\/45-wesele-cicha-23-warszawa-87-1290x860.jpg\" alt=\"slub i wesele cicha 23 warszawa\" width=\"1290\" height=\"860\" srcset=\"https:\/\/www.felixdevega.com\/wp-content\/uploads\/2025\/05\/45-wesele-cicha-23-warszawa-87-1290x860.jpg 1290w, https:\/\/www.felixdevega.com\/wp-content\/uploads\/2025\/05\/45-wesele-cicha-23-warszawa-87-750x500.jpg 750w, https:\/\/www.felixdevega.com\/wp-content\/uploads\/2025\/05\/45-wesele-cicha-23-warszawa-87-1536x1024.jpg 1536w, https:\/\/www.felixdevega.com\/wp-content\/uploads\/2025\/05\/45-wesele-cicha-23-warszawa-87-1200x800.jpg 1200w, https:\/\/www.felixdevega.com\/wp-content\/uploads\/2025\/05\/45-wesele-cicha-23-warszawa-87.jpg 1800w\" sizes=\"(max-width: 1290px) 100vw, 1290px\" \/><img loading=\"lazy\" decoding=\"async\" class=\"alignnone wp-image-32364 size-large\" style=\"margin-bottom: 5px;\" src=\"https:\/\/www.felixdevega.com\/wp-content\/uploads\/2025\/05\/46-wesele-cicha-23-warszawa-90-1290x860.jpg\" alt=\"slub i wesele cicha 23 warszawa\" width=\"1290\" height=\"860\" srcset=\"https:\/\/www.felixdevega.com\/wp-content\/uploads\/2025\/05\/46-wesele-cicha-23-warszawa-90-1290x860.jpg 1290w, https:\/\/www.felixdevega.com\/wp-content\/uploads\/2025\/05\/46-wesele-cicha-23-warszawa-90-750x500.jpg 750w, https:\/\/www.felixdevega.com\/wp-content\/uploads\/2025\/05\/46-wesele-cicha-23-warszawa-90-1536x1024.jpg 1536w, https:\/\/www.felixdevega.com\/wp-content\/uploads\/2025\/05\/46-wesele-cicha-23-warszawa-90-1200x800.jpg 1200w, https:\/\/www.felixdevega.com\/wp-content\/uploads\/2025\/05\/46-wesele-cicha-23-warszawa-90.jpg 1800w\" sizes=\"(max-width: 1290px) 100vw, 1290px\" \/><img loading=\"lazy\" decoding=\"async\" class=\"alignnone wp-image-32367 size-large\" style=\"margin-bottom: 5px;\" src=\"https:\/\/www.felixdevega.com\/wp-content\/uploads\/2025\/05\/47-wesele-cicha-23-warszawa-92-1290x860.jpg\" alt=\"slub i wesele cicha 23 warszawa\" width=\"1290\" height=\"860\" srcset=\"https:\/\/www.felixdevega.com\/wp-content\/uploads\/2025\/05\/47-wesele-cicha-23-warszawa-92-1290x860.jpg 1290w, https:\/\/www.felixdevega.com\/wp-content\/uploads\/2025\/05\/47-wesele-cicha-23-warszawa-92-750x500.jpg 750w, https:\/\/www.felixdevega.com\/wp-content\/uploads\/2025\/05\/47-wesele-cicha-23-warszawa-92-1536x1024.jpg 1536w, https:\/\/www.felixdevega.com\/wp-content\/uploads\/2025\/05\/47-wesele-cicha-23-warszawa-92-1200x800.jpg 1200w, https:\/\/www.felixdevega.com\/wp-content\/uploads\/2025\/05\/47-wesele-cicha-23-warszawa-92.jpg 1800w\" sizes=\"(max-width: 1290px) 100vw, 1290px\" \/><img loading=\"lazy\" decoding=\"async\" class=\"alignnone wp-image-32370 size-large\" style=\"margin-bottom: 5px;\" src=\"https:\/\/www.felixdevega.com\/wp-content\/uploads\/2025\/05\/48-wesele-cicha-23-warszawa-94-1290x860.jpg\" alt=\"cicha 23 slub i wesele w warszawie\" width=\"1290\" height=\"860\" srcset=\"https:\/\/www.felixdevega.com\/wp-content\/uploads\/2025\/05\/48-wesele-cicha-23-warszawa-94-1290x860.jpg 1290w, https:\/\/www.felixdevega.com\/wp-content\/uploads\/2025\/05\/48-wesele-cicha-23-warszawa-94-750x500.jpg 750w, https:\/\/www.felixdevega.com\/wp-content\/uploads\/2025\/05\/48-wesele-cicha-23-warszawa-94-1536x1024.jpg 1536w, https:\/\/www.felixdevega.com\/wp-content\/uploads\/2025\/05\/48-wesele-cicha-23-warszawa-94-1200x800.jpg 1200w, https:\/\/www.felixdevega.com\/wp-content\/uploads\/2025\/05\/48-wesele-cicha-23-warszawa-94.jpg 1800w\" sizes=\"(max-width: 1290px) 100vw, 1290px\" \/><\/p>\t\t\t\t\t\t\t\t<\/div>\n\t\t\t\t<\/div>\n\t\t\t\t\t<\/div>\n\t\t<\/div>\n\t\t\t\t\t<\/div>\n\t\t<\/section>\n\t\t\t\t<section class=\"elementor-section elementor-top-section elementor-element elementor-element-d8f89e2 elementor-section-boxed elementor-section-height-default elementor-section-height-default wpr-particle-no wpr-sticky-section-no wpr-equal-height-no\" data-id=\"d8f89e2\" data-element_type=\"section\" data-e-type=\"section\">\n\t\t\t\t\t\t<div class=\"elementor-container elementor-column-gap-default\">\n\t\t\t\t\t<div class=\"elementor-column elementor-col-100 elementor-top-column elementor-element elementor-element-3e52f80\" data-id=\"3e52f80\" data-element_type=\"column\" data-e-type=\"column\">\n\t\t\t<div class=\"elementor-widget-wrap elementor-element-populated\">\n\t\t\t\t\t\t<div class=\"elementor-element elementor-element-e346120 elementor-widget elementor-widget-text-editor\" data-id=\"e346120\" data-element_type=\"widget\" data-e-type=\"widget\" data-widget_type=\"text-editor.default\">\n\t\t\t\t<div class=\"elementor-widget-container\">\n\t\t\t\t\t\t\t\t\t<h2 style=\"text-align: center;\"><strong><span style=\"font-size: 8pt; color: #999999;\">Cicha 23\u00a0 | \u015blub w plenerze w Warszawie<\/span><\/strong><\/h2>\t\t\t\t\t\t\t\t<\/div>\n\t\t\t\t<\/div>\n\t\t\t\t<div class=\"elementor-element elementor-element-5d3b290 elementor-widget elementor-widget-heading\" data-id=\"5d3b290\" data-element_type=\"widget\" data-e-type=\"widget\" data-widget_type=\"heading.default\">\n\t\t\t\t<div class=\"elementor-widget-container\">\n\t\t\t\t\t<p class=\"elementor-heading-title elementor-size-default\">PLENER JAK Z BAJKI NA CEREMONI\u0118 \u015aLUBN\u0104<\/p>\t\t\t\t<\/div>\n\t\t\t\t<\/div>\n\t\t\t\t<div class=\"elementor-element elementor-element-1289a35 elementor-widget elementor-widget-image\" data-id=\"1289a35\" data-element_type=\"widget\" data-e-type=\"widget\" data-widget_type=\"image.default\">\n\t\t\t\t<div class=\"elementor-widget-container\">\n\t\t\t\t\t\t\t\t\t\t\t\t\t\t\t<img decoding=\"async\" src=\"https:\/\/www.felixdevega.com\/wp-content\/uploads\/elementor\/thumbs\/avioneta-sola.jpg-r5jk31nkaanes81e4zg3g0l1kdgfig0qu5g4y3jaki.webp\" title=\"avioneta-sola.jpg.webp\" alt=\"avioneta-sola.jpg.webp\" loading=\"lazy\" \/>\t\t\t\t\t\t\t\t\t\t\t\t\t\t\t<\/div>\n\t\t\t\t<\/div>\n\t\t\t\t\t<\/div>\n\t\t<\/div>\n\t\t\t\t\t<\/div>\n\t\t<\/section>\n\t\t\t\t<section class=\"elementor-section elementor-top-section elementor-element elementor-element-2f922fb elementor-section-boxed elementor-section-height-default elementor-section-height-default wpr-particle-no wpr-sticky-section-no wpr-equal-height-no\" data-id=\"2f922fb\" data-element_type=\"section\" data-e-type=\"section\">\n\t\t\t\t\t\t<div class=\"elementor-container elementor-column-gap-default\">\n\t\t\t\t\t<div class=\"elementor-column elementor-col-100 elementor-top-column elementor-element elementor-element-485e8e1\" data-id=\"485e8e1\" data-element_type=\"column\" data-e-type=\"column\">\n\t\t\t<div class=\"elementor-widget-wrap elementor-element-populated\">\n\t\t\t\t\t\t<div class=\"elementor-element elementor-element-ce207e4 elementor-widget elementor-widget-text-editor\" data-id=\"ce207e4\" data-element_type=\"widget\" data-e-type=\"widget\" data-widget_type=\"text-editor.default\">\n\t\t\t\t<div class=\"elementor-widget-container\">\n\t\t\t\t\t\t\t\t\t<p>To, co wyr\u00f3\u017cnia <strong>Cicha 23<\/strong>, to przepi\u0119kny ogr\u00f3d \u2013 idealne t\u0142o dla ceremonii za\u015blubin pod go\u0142ym niebem. Otoczony drzewami, kwiatami i naturalnymi detalami ogr\u00f3d tworzy bajkow\u0105 sceneri\u0119. Delikatne \u015bwiat\u0142o przebijaj\u0105ce si\u0119 przez li\u015bcie nadaje zdj\u0119ciom magiczny klimat i pozwala uchwyci\u0107 prawdziwe emocje.<\/p><p>Mia\u0142em okazj\u0119 sfotografowa\u0107 bardzo wyj\u0105tkowy \u015blub \u2013 \u017cydowsk\u0105 ceremoni\u0119 w ogrodzie, z wszystkimi symbolicznymi elementami tej pi\u0119knej tradycji. By\u0142 to m\u00f3j pierwszy raz, kiedy dokumentowa\u0142em taki \u015blub, i bardzo poruszy\u0142o mnie obserwowanie oraz fotografowanie moment\u00f3w takich jak:<\/p><ul><li><p><strong>ods\u0142oni\u0119cie welonu<\/strong> przez pana m\u0142odego,<\/p><\/li><li><p>panna m\u0142oda <strong>okr\u0105\u017caj\u0105ca pana m\u0142odego siedem razy<\/strong> \u2013 symboliczny rytua\u0142,<\/p><\/li><li><p><strong>rozbicie kieliszka<\/strong> przez pana m\u0142odego, ko\u0144cz\u0105ce ceremoni\u0119.<\/p><\/li><\/ul><p>\u00a0<\/p>\t\t\t\t\t\t\t\t<\/div>\n\t\t\t\t<\/div>\n\t\t\t\t\t<\/div>\n\t\t<\/div>\n\t\t\t\t\t<\/div>\n\t\t<\/section>\n\t\t\t\t<section class=\"elementor-section elementor-top-section elementor-element elementor-element-046892c elementor-section-boxed elementor-section-height-default elementor-section-height-default wpr-particle-no wpr-sticky-section-no wpr-equal-height-no\" data-id=\"046892c\" data-element_type=\"section\" data-e-type=\"section\">\n\t\t\t\t\t\t<div class=\"elementor-container elementor-column-gap-default\">\n\t\t\t\t\t<div class=\"elementor-column elementor-col-100 elementor-top-column elementor-element elementor-element-1cafe86\" data-id=\"1cafe86\" data-element_type=\"column\" data-e-type=\"column\">\n\t\t\t<div class=\"elementor-widget-wrap elementor-element-populated\">\n\t\t\t\t\t\t<div class=\"elementor-element elementor-element-f5c827d elementor-widget__width-initial elementor-widget elementor-widget-text-editor\" data-id=\"f5c827d\" data-element_type=\"widget\" data-e-type=\"widget\" data-widget_type=\"text-editor.default\">\n\t\t\t\t<div class=\"elementor-widget-container\">\n\t\t\t\t\t\t\t\t\t<p><img loading=\"lazy\" decoding=\"async\" class=\"alignnone wp-image-32379 size-large\" style=\"margin-bottom: 5px;\" src=\"https:\/\/www.felixdevega.com\/wp-content\/uploads\/2025\/05\/51-wesele-cicha-23-warszawa-101-1290x860.jpg\" alt=\"cicha 23 slub i wesele w plenerze w warszawie\" width=\"1290\" height=\"860\" srcset=\"https:\/\/www.felixdevega.com\/wp-content\/uploads\/2025\/05\/51-wesele-cicha-23-warszawa-101-1290x860.jpg 1290w, https:\/\/www.felixdevega.com\/wp-content\/uploads\/2025\/05\/51-wesele-cicha-23-warszawa-101-750x500.jpg 750w, https:\/\/www.felixdevega.com\/wp-content\/uploads\/2025\/05\/51-wesele-cicha-23-warszawa-101-1536x1024.jpg 1536w, https:\/\/www.felixdevega.com\/wp-content\/uploads\/2025\/05\/51-wesele-cicha-23-warszawa-101-1200x800.jpg 1200w, https:\/\/www.felixdevega.com\/wp-content\/uploads\/2025\/05\/51-wesele-cicha-23-warszawa-101.jpg 1800w\" sizes=\"(max-width: 1290px) 100vw, 1290px\" \/><img loading=\"lazy\" decoding=\"async\" class=\"alignnone wp-image-32996 size-large\" style=\"margin-bottom: 5px;\" src=\"https:\/\/www.felixdevega.com\/wp-content\/uploads\/2025\/05\/49-wesele-cicha-23-warszawa-96-1-1290x860.jpg\" alt=\"wesele w cicha 23 warszawa\" width=\"1290\" height=\"860\" srcset=\"https:\/\/www.felixdevega.com\/wp-content\/uploads\/2025\/05\/49-wesele-cicha-23-warszawa-96-1-1290x860.jpg 1290w, https:\/\/www.felixdevega.com\/wp-content\/uploads\/2025\/05\/49-wesele-cicha-23-warszawa-96-1-750x500.jpg 750w, https:\/\/www.felixdevega.com\/wp-content\/uploads\/2025\/05\/49-wesele-cicha-23-warszawa-96-1-1536x1024.jpg 1536w, https:\/\/www.felixdevega.com\/wp-content\/uploads\/2025\/05\/49-wesele-cicha-23-warszawa-96-1-1200x800.jpg 1200w, https:\/\/www.felixdevega.com\/wp-content\/uploads\/2025\/05\/49-wesele-cicha-23-warszawa-96-1.jpg 1800w\" sizes=\"(max-width: 1290px) 100vw, 1290px\" \/><img loading=\"lazy\" decoding=\"async\" class=\"alignnone wp-image-32999 size-large\" style=\"margin-bottom: 5px;\" src=\"https:\/\/www.felixdevega.com\/wp-content\/uploads\/2025\/05\/50-wesele-cicha-23-warszawa-98-1-1290x860.jpg\" alt=\"wesele w cicha 23 warszawa\" width=\"1290\" height=\"860\" srcset=\"https:\/\/www.felixdevega.com\/wp-content\/uploads\/2025\/05\/50-wesele-cicha-23-warszawa-98-1-1290x860.jpg 1290w, https:\/\/www.felixdevega.com\/wp-content\/uploads\/2025\/05\/50-wesele-cicha-23-warszawa-98-1-750x500.jpg 750w, https:\/\/www.felixdevega.com\/wp-content\/uploads\/2025\/05\/50-wesele-cicha-23-warszawa-98-1-1536x1024.jpg 1536w, https:\/\/www.felixdevega.com\/wp-content\/uploads\/2025\/05\/50-wesele-cicha-23-warszawa-98-1-1200x800.jpg 1200w, https:\/\/www.felixdevega.com\/wp-content\/uploads\/2025\/05\/50-wesele-cicha-23-warszawa-98-1.jpg 1800w\" sizes=\"(max-width: 1290px) 100vw, 1290px\" \/><img loading=\"lazy\" decoding=\"async\" class=\"alignnone wp-image-32583 size-large\" style=\"margin-bottom: 5px;\" src=\"https:\/\/www.felixdevega.com\/wp-content\/uploads\/2025\/05\/blog-dos-fotos-horizontales9-1290x429.jpg\" alt=\"\" width=\"1290\" height=\"429\" srcset=\"https:\/\/www.felixdevega.com\/wp-content\/uploads\/2025\/05\/blog-dos-fotos-horizontales9-1290x429.jpg 1290w, https:\/\/www.felixdevega.com\/wp-content\/uploads\/2025\/05\/blog-dos-fotos-horizontales9-750x250.jpg 750w, https:\/\/www.felixdevega.com\/wp-content\/uploads\/2025\/05\/blog-dos-fotos-horizontales9.jpg 1400w\" sizes=\"(max-width: 1290px) 100vw, 1290px\" \/><img loading=\"lazy\" decoding=\"async\" class=\"alignnone wp-image-32388 size-large\" style=\"margin-bottom: 5px;\" src=\"https:\/\/www.felixdevega.com\/wp-content\/uploads\/2025\/05\/54-wesele-cicha-23-warszawa-105-1290x860.jpg\" alt=\"cicha 23 slub i wesele w plenerze w warszawie\" width=\"1290\" height=\"860\" srcset=\"https:\/\/www.felixdevega.com\/wp-content\/uploads\/2025\/05\/54-wesele-cicha-23-warszawa-105-1290x860.jpg 1290w, https:\/\/www.felixdevega.com\/wp-content\/uploads\/2025\/05\/54-wesele-cicha-23-warszawa-105-750x500.jpg 750w, https:\/\/www.felixdevega.com\/wp-content\/uploads\/2025\/05\/54-wesele-cicha-23-warszawa-105-1536x1024.jpg 1536w, https:\/\/www.felixdevega.com\/wp-content\/uploads\/2025\/05\/54-wesele-cicha-23-warszawa-105-1200x800.jpg 1200w, https:\/\/www.felixdevega.com\/wp-content\/uploads\/2025\/05\/54-wesele-cicha-23-warszawa-105.jpg 1800w\" sizes=\"(max-width: 1290px) 100vw, 1290px\" \/><img loading=\"lazy\" decoding=\"async\" class=\"alignnone wp-image-32391 size-large\" style=\"margin-bottom: 5px;\" src=\"https:\/\/www.felixdevega.com\/wp-content\/uploads\/2025\/05\/55-wesele-cicha-23-warszawa-107-1-1290x860.jpg\" alt=\"cicha 23 slub i wesele w plenerze w warszawie\" width=\"1290\" height=\"860\" srcset=\"https:\/\/www.felixdevega.com\/wp-content\/uploads\/2025\/05\/55-wesele-cicha-23-warszawa-107-1-1290x860.jpg 1290w, https:\/\/www.felixdevega.com\/wp-content\/uploads\/2025\/05\/55-wesele-cicha-23-warszawa-107-1-750x500.jpg 750w, https:\/\/www.felixdevega.com\/wp-content\/uploads\/2025\/05\/55-wesele-cicha-23-warszawa-107-1-1536x1024.jpg 1536w, https:\/\/www.felixdevega.com\/wp-content\/uploads\/2025\/05\/55-wesele-cicha-23-warszawa-107-1-1200x800.jpg 1200w, https:\/\/www.felixdevega.com\/wp-content\/uploads\/2025\/05\/55-wesele-cicha-23-warszawa-107-1.jpg 1800w\" sizes=\"(max-width: 1290px) 100vw, 1290px\" \/><img loading=\"lazy\" decoding=\"async\" class=\"alignnone wp-image-32394 size-large\" style=\"margin-bottom: 5px;\" src=\"https:\/\/www.felixdevega.com\/wp-content\/uploads\/2025\/05\/56-wesele-cicha-23-warszawa-110-1290x860.jpg\" alt=\"cicha 23 slub i wesele w plenerze w warszawie\" width=\"1290\" height=\"860\" srcset=\"https:\/\/www.felixdevega.com\/wp-content\/uploads\/2025\/05\/56-wesele-cicha-23-warszawa-110-1290x860.jpg 1290w, https:\/\/www.felixdevega.com\/wp-content\/uploads\/2025\/05\/56-wesele-cicha-23-warszawa-110-750x500.jpg 750w, https:\/\/www.felixdevega.com\/wp-content\/uploads\/2025\/05\/56-wesele-cicha-23-warszawa-110-1536x1024.jpg 1536w, https:\/\/www.felixdevega.com\/wp-content\/uploads\/2025\/05\/56-wesele-cicha-23-warszawa-110-1200x800.jpg 1200w, https:\/\/www.felixdevega.com\/wp-content\/uploads\/2025\/05\/56-wesele-cicha-23-warszawa-110.jpg 1800w\" sizes=\"(max-width: 1290px) 100vw, 1290px\" \/><\/p>\t\t\t\t\t\t\t\t<\/div>\n\t\t\t\t<\/div>\n\t\t\t\t<div class=\"elementor-element elementor-element-0910a5f elementor-widget elementor-widget-spacer\" data-id=\"0910a5f\" data-element_type=\"widget\" data-e-type=\"widget\" data-widget_type=\"spacer.default\">\n\t\t\t\t<div class=\"elementor-widget-container\">\n\t\t\t\t\t\t\t<div class=\"elementor-spacer\">\n\t\t\t<div class=\"elementor-spacer-inner\"><\/div>\n\t\t<\/div>\n\t\t\t\t\t\t<\/div>\n\t\t\t\t<\/div>\n\t\t\t\t\t<\/div>\n\t\t<\/div>\n\t\t\t\t\t<\/div>\n\t\t<\/section>\n\t\t\t\t<section class=\"elementor-section elementor-top-section elementor-element elementor-element-e744954 elementor-section-boxed elementor-section-height-default elementor-section-height-default wpr-particle-no wpr-sticky-section-no wpr-equal-height-no\" data-id=\"e744954\" data-element_type=\"section\" data-e-type=\"section\">\n\t\t\t\t\t\t<div class=\"elementor-container elementor-column-gap-default\">\n\t\t\t\t\t<div class=\"elementor-column elementor-col-100 elementor-top-column elementor-element elementor-element-333fa50\" data-id=\"333fa50\" data-element_type=\"column\" data-e-type=\"column\">\n\t\t\t<div class=\"elementor-widget-wrap elementor-element-populated\">\n\t\t\t\t\t\t<div class=\"elementor-element elementor-element-b250cec elementor-widget elementor-widget-text-editor\" data-id=\"b250cec\" data-element_type=\"widget\" data-e-type=\"widget\" data-widget_type=\"text-editor.default\">\n\t\t\t\t<div class=\"elementor-widget-container\">\n\t\t\t\t\t\t\t\t\t<h2 style=\"text-align: center;\"><strong><span style=\"font-size: 8pt; color: #999999;\">Cicha 23\u00a0 | \u015bluby wielokulturowe w Warszawie<\/span><\/strong><\/h2>\t\t\t\t\t\t\t\t<\/div>\n\t\t\t\t<\/div>\n\t\t\t\t<div class=\"elementor-element elementor-element-9a85083 elementor-widget elementor-widget-heading\" data-id=\"9a85083\" data-element_type=\"widget\" data-e-type=\"widget\" data-widget_type=\"heading.default\">\n\t\t\t\t<div class=\"elementor-widget-container\">\n\t\t\t\t\t<p class=\"elementor-heading-title elementor-size-default\">\u015aluby wielokulturowe \u2013 mi\u0142o\u015b\u0107 bez granic<\/p>\t\t\t\t<\/div>\n\t\t\t\t<\/div>\n\t\t\t\t<div class=\"elementor-element elementor-element-e167a99 elementor-widget elementor-widget-image\" data-id=\"e167a99\" data-element_type=\"widget\" data-e-type=\"widget\" data-widget_type=\"image.default\">\n\t\t\t\t<div class=\"elementor-widget-container\">\n\t\t\t\t\t\t\t\t\t\t\t\t\t\t\t<img decoding=\"async\" src=\"https:\/\/www.felixdevega.com\/wp-content\/uploads\/elementor\/thumbs\/avioneta-sola.jpg-r5jk31nkaanes81e4zg3g0l1kdgfig0qu5g4y3jaki.webp\" title=\"avioneta-sola.jpg.webp\" alt=\"avioneta-sola.jpg.webp\" loading=\"lazy\" \/>\t\t\t\t\t\t\t\t\t\t\t\t\t\t\t<\/div>\n\t\t\t\t<\/div>\n\t\t\t\t\t<\/div>\n\t\t<\/div>\n\t\t\t\t\t<\/div>\n\t\t<\/section>\n\t\t\t\t<section class=\"elementor-section elementor-top-section elementor-element elementor-element-70ff015 elementor-section-boxed elementor-section-height-default elementor-section-height-default wpr-particle-no wpr-sticky-section-no wpr-equal-height-no\" data-id=\"70ff015\" data-element_type=\"section\" data-e-type=\"section\">\n\t\t\t\t\t\t<div class=\"elementor-container elementor-column-gap-default\">\n\t\t\t\t\t<div class=\"elementor-column elementor-col-100 elementor-top-column elementor-element elementor-element-b0920e5\" data-id=\"b0920e5\" data-element_type=\"column\" data-e-type=\"column\">\n\t\t\t<div class=\"elementor-widget-wrap elementor-element-populated\">\n\t\t\t\t\t\t<div class=\"elementor-element elementor-element-bb644cf elementor-widget__width-initial elementor-widget elementor-widget-text-editor\" data-id=\"bb644cf\" data-element_type=\"widget\" data-e-type=\"widget\" data-widget_type=\"text-editor.default\">\n\t\t\t\t<div class=\"elementor-widget-container\">\n\t\t\t\t\t\t\t\t\t<p>\u015alub Richarda i Patrycji by\u0142 pi\u0119knym przyk\u0142adem tego, jak mi\u0142o\u015b\u0107 \u0142\u0105czy kultury, j\u0119zyki i tradycje. On \u2013 Brytyjczyk, ona \u2013 Polka, mieszkaj\u0105cy w Wielkiej Brytanii, zorganizowali \u015blub w Warszawie, tworz\u0105c uroczysto\u015b\u0107 pe\u0142n\u0105 wzajemnego szacunku i rado\u015bci.<\/p><p>Jako fotograf z ponad <strong>10-letnim do\u015bwiadczeniem<\/strong>, mia\u0142em zaszczyt fotografowa\u0107 wiele <strong>\u015blub\u00f3w par mi\u0119dzynarodowych<\/strong> \u2013 polsko-hiszpa\u0144skich, francusko-polskich, polsko-ameryka\u0144skich i wielu innych. Takie wydarzenia s\u0105 zawsze niezwykle barwne, ciekawe i pe\u0142ne emocji. Panuje na nich atmosfera <strong>otwarto\u015bci, rado\u015bci i autentyczno\u015bci<\/strong>, kt\u00f3r\u0105 z przyjemno\u015bci\u0105 uchwycam na zdj\u0119ciach.<\/p><p>Je\u015bli planujecie \u015blub mi\u0119dzynarodowy w Polsce \u2013 ch\u0119tnie Wam w tym towarzysz\u0119. Znam specyfik\u0119 takich uroczysto\u015bci i potrafi\u0119 opowiedzie\u0107 ka\u017cd\u0105 histori\u0119 w wyj\u0105tkowy spos\u00f3b.<\/p>\t\t\t\t\t\t\t\t<\/div>\n\t\t\t\t<\/div>\n\t\t\t\t\t<\/div>\n\t\t<\/div>\n\t\t\t\t\t<\/div>\n\t\t<\/section>\n\t\t\t\t<section class=\"elementor-section elementor-top-section elementor-element elementor-element-727457d elementor-section-boxed elementor-section-height-default elementor-section-height-default wpr-particle-no wpr-sticky-section-no wpr-equal-height-no\" data-id=\"727457d\" data-element_type=\"section\" data-e-type=\"section\">\n\t\t\t\t\t\t<div class=\"elementor-container elementor-column-gap-default\">\n\t\t\t\t\t<div class=\"elementor-column elementor-col-100 elementor-top-column elementor-element elementor-element-98c10f0\" data-id=\"98c10f0\" data-element_type=\"column\" data-e-type=\"column\">\n\t\t\t<div class=\"elementor-widget-wrap elementor-element-populated\">\n\t\t\t\t\t\t<div class=\"elementor-element elementor-element-13df4ff elementor-widget__width-initial elementor-widget elementor-widget-text-editor\" data-id=\"13df4ff\" data-element_type=\"widget\" data-e-type=\"widget\" data-widget_type=\"text-editor.default\">\n\t\t\t\t<div class=\"elementor-widget-container\">\n\t\t\t\t\t\t\t\t\t<p><img loading=\"lazy\" decoding=\"async\" class=\"alignnone wp-image-32397 size-large\" style=\"margin-bottom: 5px;\" src=\"https:\/\/www.felixdevega.com\/wp-content\/uploads\/2025\/05\/57-wesele-cicha-23-warszawa-114-1290x860.jpg\" alt=\"cicha 23 slub i wesele w plenerze w warszawie\" width=\"1290\" height=\"860\" srcset=\"https:\/\/www.felixdevega.com\/wp-content\/uploads\/2025\/05\/57-wesele-cicha-23-warszawa-114-1290x860.jpg 1290w, https:\/\/www.felixdevega.com\/wp-content\/uploads\/2025\/05\/57-wesele-cicha-23-warszawa-114-750x500.jpg 750w, https:\/\/www.felixdevega.com\/wp-content\/uploads\/2025\/05\/57-wesele-cicha-23-warszawa-114-1536x1024.jpg 1536w, https:\/\/www.felixdevega.com\/wp-content\/uploads\/2025\/05\/57-wesele-cicha-23-warszawa-114-1200x800.jpg 1200w, https:\/\/www.felixdevega.com\/wp-content\/uploads\/2025\/05\/57-wesele-cicha-23-warszawa-114.jpg 1800w\" sizes=\"(max-width: 1290px) 100vw, 1290px\" \/><img loading=\"lazy\" decoding=\"async\" class=\"alignnone wp-image-32400 size-large\" style=\"margin-bottom: 5px;\" src=\"https:\/\/www.felixdevega.com\/wp-content\/uploads\/2025\/05\/58-wesele-cicha-23-warszawa-119-1290x860.jpg\" alt=\"cicha 23 slub i wesele w plenerze w warszawie\" width=\"1290\" height=\"860\" srcset=\"https:\/\/www.felixdevega.com\/wp-content\/uploads\/2025\/05\/58-wesele-cicha-23-warszawa-119-1290x860.jpg 1290w, https:\/\/www.felixdevega.com\/wp-content\/uploads\/2025\/05\/58-wesele-cicha-23-warszawa-119-750x500.jpg 750w, https:\/\/www.felixdevega.com\/wp-content\/uploads\/2025\/05\/58-wesele-cicha-23-warszawa-119-1536x1024.jpg 1536w, https:\/\/www.felixdevega.com\/wp-content\/uploads\/2025\/05\/58-wesele-cicha-23-warszawa-119-1200x800.jpg 1200w, https:\/\/www.felixdevega.com\/wp-content\/uploads\/2025\/05\/58-wesele-cicha-23-warszawa-119.jpg 1800w\" sizes=\"(max-width: 1290px) 100vw, 1290px\" \/><img loading=\"lazy\" decoding=\"async\" class=\"alignnone wp-image-32403 size-large\" style=\"margin-bottom: 5px;\" src=\"https:\/\/www.felixdevega.com\/wp-content\/uploads\/2025\/05\/59-wesele-cicha-23-warszawa-117-1290x860.jpg\" alt=\"cicha 23 slub i wesele warszawa\" width=\"1290\" height=\"860\" srcset=\"https:\/\/www.felixdevega.com\/wp-content\/uploads\/2025\/05\/59-wesele-cicha-23-warszawa-117-1290x860.jpg 1290w, https:\/\/www.felixdevega.com\/wp-content\/uploads\/2025\/05\/59-wesele-cicha-23-warszawa-117-750x500.jpg 750w, https:\/\/www.felixdevega.com\/wp-content\/uploads\/2025\/05\/59-wesele-cicha-23-warszawa-117-1536x1024.jpg 1536w, https:\/\/www.felixdevega.com\/wp-content\/uploads\/2025\/05\/59-wesele-cicha-23-warszawa-117-1200x800.jpg 1200w, https:\/\/www.felixdevega.com\/wp-content\/uploads\/2025\/05\/59-wesele-cicha-23-warszawa-117.jpg 1800w\" sizes=\"(max-width: 1290px) 100vw, 1290px\" \/><img loading=\"lazy\" decoding=\"async\" class=\"alignnone wp-image-32406 size-large\" style=\"margin-bottom: 5px;\" src=\"https:\/\/www.felixdevega.com\/wp-content\/uploads\/2025\/05\/60-wesele-cicha-23-warszawa-118-1-1290x860.jpg\" alt=\"cicha 23 slub i wesele warszawa\" width=\"1290\" height=\"860\" srcset=\"https:\/\/www.felixdevega.com\/wp-content\/uploads\/2025\/05\/60-wesele-cicha-23-warszawa-118-1-1290x860.jpg 1290w, https:\/\/www.felixdevega.com\/wp-content\/uploads\/2025\/05\/60-wesele-cicha-23-warszawa-118-1-750x500.jpg 750w, https:\/\/www.felixdevega.com\/wp-content\/uploads\/2025\/05\/60-wesele-cicha-23-warszawa-118-1-1536x1024.jpg 1536w, https:\/\/www.felixdevega.com\/wp-content\/uploads\/2025\/05\/60-wesele-cicha-23-warszawa-118-1-1200x800.jpg 1200w, https:\/\/www.felixdevega.com\/wp-content\/uploads\/2025\/05\/60-wesele-cicha-23-warszawa-118-1.jpg 1800w\" sizes=\"(max-width: 1290px) 100vw, 1290px\" \/><img loading=\"lazy\" decoding=\"async\" class=\"alignnone wp-image-32409 size-large\" style=\"margin-bottom: 5px;\" src=\"https:\/\/www.felixdevega.com\/wp-content\/uploads\/2025\/05\/61-wesele-cicha-23-warszawa-121-1290x860.jpg\" alt=\"cicha 23 slub i wesele warszawa\" width=\"1290\" height=\"860\" srcset=\"https:\/\/www.felixdevega.com\/wp-content\/uploads\/2025\/05\/61-wesele-cicha-23-warszawa-121-1290x860.jpg 1290w, https:\/\/www.felixdevega.com\/wp-content\/uploads\/2025\/05\/61-wesele-cicha-23-warszawa-121-750x500.jpg 750w, https:\/\/www.felixdevega.com\/wp-content\/uploads\/2025\/05\/61-wesele-cicha-23-warszawa-121-1536x1024.jpg 1536w, https:\/\/www.felixdevega.com\/wp-content\/uploads\/2025\/05\/61-wesele-cicha-23-warszawa-121-1200x800.jpg 1200w, https:\/\/www.felixdevega.com\/wp-content\/uploads\/2025\/05\/61-wesele-cicha-23-warszawa-121.jpg 1800w\" sizes=\"(max-width: 1290px) 100vw, 1290px\" \/><img loading=\"lazy\" decoding=\"async\" class=\"alignnone wp-image-32415 size-large\" style=\"margin-bottom: 5px;\" src=\"https:\/\/www.felixdevega.com\/wp-content\/uploads\/2025\/05\/63-wesele-cicha-23-warszawa-124-1-1290x860.jpg\" alt=\"cicha 23 wesele w Warszawie\" width=\"1290\" height=\"860\" srcset=\"https:\/\/www.felixdevega.com\/wp-content\/uploads\/2025\/05\/63-wesele-cicha-23-warszawa-124-1-1290x860.jpg 1290w, https:\/\/www.felixdevega.com\/wp-content\/uploads\/2025\/05\/63-wesele-cicha-23-warszawa-124-1-750x500.jpg 750w, https:\/\/www.felixdevega.com\/wp-content\/uploads\/2025\/05\/63-wesele-cicha-23-warszawa-124-1-1536x1024.jpg 1536w, https:\/\/www.felixdevega.com\/wp-content\/uploads\/2025\/05\/63-wesele-cicha-23-warszawa-124-1-1200x800.jpg 1200w, https:\/\/www.felixdevega.com\/wp-content\/uploads\/2025\/05\/63-wesele-cicha-23-warszawa-124-1.jpg 1800w\" sizes=\"(max-width: 1290px) 100vw, 1290px\" \/><img loading=\"lazy\" decoding=\"async\" class=\"alignnone wp-image-32421 size-large\" style=\"margin-bottom: 5px;\" src=\"https:\/\/www.felixdevega.com\/wp-content\/uploads\/2025\/05\/65-wesele-cicha-23-warszawa-128-1290x860.jpg\" alt=\"wesele w cicha 23 Warszawa\" width=\"1290\" height=\"860\" srcset=\"https:\/\/www.felixdevega.com\/wp-content\/uploads\/2025\/05\/65-wesele-cicha-23-warszawa-128-1290x860.jpg 1290w, https:\/\/www.felixdevega.com\/wp-content\/uploads\/2025\/05\/65-wesele-cicha-23-warszawa-128-750x500.jpg 750w, https:\/\/www.felixdevega.com\/wp-content\/uploads\/2025\/05\/65-wesele-cicha-23-warszawa-128-1536x1024.jpg 1536w, https:\/\/www.felixdevega.com\/wp-content\/uploads\/2025\/05\/65-wesele-cicha-23-warszawa-128-1200x800.jpg 1200w, https:\/\/www.felixdevega.com\/wp-content\/uploads\/2025\/05\/65-wesele-cicha-23-warszawa-128.jpg 1800w\" sizes=\"(max-width: 1290px) 100vw, 1290px\" \/><img loading=\"lazy\" decoding=\"async\" class=\"alignnone wp-image-32424 size-large\" style=\"margin-bottom: 5px;\" src=\"https:\/\/www.felixdevega.com\/wp-content\/uploads\/2025\/05\/66-wesele-cicha-23-warszawa-129-1290x860.jpg\" alt=\"slub i wesele w cicha 23 Warszawa\" width=\"1290\" height=\"860\" srcset=\"https:\/\/www.felixdevega.com\/wp-content\/uploads\/2025\/05\/66-wesele-cicha-23-warszawa-129-1290x860.jpg 1290w, https:\/\/www.felixdevega.com\/wp-content\/uploads\/2025\/05\/66-wesele-cicha-23-warszawa-129-750x500.jpg 750w, https:\/\/www.felixdevega.com\/wp-content\/uploads\/2025\/05\/66-wesele-cicha-23-warszawa-129-1536x1024.jpg 1536w, https:\/\/www.felixdevega.com\/wp-content\/uploads\/2025\/05\/66-wesele-cicha-23-warszawa-129-1200x800.jpg 1200w, https:\/\/www.felixdevega.com\/wp-content\/uploads\/2025\/05\/66-wesele-cicha-23-warszawa-129.jpg 1800w\" sizes=\"(max-width: 1290px) 100vw, 1290px\" \/><img loading=\"lazy\" decoding=\"async\" class=\"alignnone wp-image-32427 size-large\" style=\"margin-bottom: 5px;\" src=\"https:\/\/www.felixdevega.com\/wp-content\/uploads\/2025\/05\/67-wesele-cicha-23-warszawa-131-1290x860.jpg\" alt=\"slub i wesele w cicha 23 Warszawa\" width=\"1290\" height=\"860\" srcset=\"https:\/\/www.felixdevega.com\/wp-content\/uploads\/2025\/05\/67-wesele-cicha-23-warszawa-131-1290x860.jpg 1290w, https:\/\/www.felixdevega.com\/wp-content\/uploads\/2025\/05\/67-wesele-cicha-23-warszawa-131-750x500.jpg 750w, https:\/\/www.felixdevega.com\/wp-content\/uploads\/2025\/05\/67-wesele-cicha-23-warszawa-131-1536x1024.jpg 1536w, https:\/\/www.felixdevega.com\/wp-content\/uploads\/2025\/05\/67-wesele-cicha-23-warszawa-131-1200x800.jpg 1200w, https:\/\/www.felixdevega.com\/wp-content\/uploads\/2025\/05\/67-wesele-cicha-23-warszawa-131.jpg 1800w\" sizes=\"(max-width: 1290px) 100vw, 1290px\" \/><img loading=\"lazy\" decoding=\"async\" class=\"alignnone wp-image-32439 size-large\" style=\"margin-bottom: 5px;\" src=\"https:\/\/www.felixdevega.com\/wp-content\/uploads\/2025\/05\/71-wesele-cicha-23-warszawa-145-1290x860.jpg\" alt=\"slub i wesele w cicha 23 Warszawa\" width=\"1290\" height=\"860\" srcset=\"https:\/\/www.felixdevega.com\/wp-content\/uploads\/2025\/05\/71-wesele-cicha-23-warszawa-145-1290x860.jpg 1290w, https:\/\/www.felixdevega.com\/wp-content\/uploads\/2025\/05\/71-wesele-cicha-23-warszawa-145-750x500.jpg 750w, https:\/\/www.felixdevega.com\/wp-content\/uploads\/2025\/05\/71-wesele-cicha-23-warszawa-145-1536x1024.jpg 1536w, https:\/\/www.felixdevega.com\/wp-content\/uploads\/2025\/05\/71-wesele-cicha-23-warszawa-145-1200x800.jpg 1200w, https:\/\/www.felixdevega.com\/wp-content\/uploads\/2025\/05\/71-wesele-cicha-23-warszawa-145.jpg 1800w\" sizes=\"(max-width: 1290px) 100vw, 1290px\" \/><img loading=\"lazy\" decoding=\"async\" class=\"alignnone wp-image-32445 size-large\" style=\"margin-bottom: 5px;\" src=\"https:\/\/www.felixdevega.com\/wp-content\/uploads\/2025\/05\/73-wesele-cicha-23-warszawa-162-1290x860.jpg\" alt=\"slub i wesele w cicha 23 Warszawa\" width=\"1290\" height=\"860\" srcset=\"https:\/\/www.felixdevega.com\/wp-content\/uploads\/2025\/05\/73-wesele-cicha-23-warszawa-162-1290x860.jpg 1290w, https:\/\/www.felixdevega.com\/wp-content\/uploads\/2025\/05\/73-wesele-cicha-23-warszawa-162-750x500.jpg 750w, https:\/\/www.felixdevega.com\/wp-content\/uploads\/2025\/05\/73-wesele-cicha-23-warszawa-162-1536x1024.jpg 1536w, https:\/\/www.felixdevega.com\/wp-content\/uploads\/2025\/05\/73-wesele-cicha-23-warszawa-162-1200x800.jpg 1200w, https:\/\/www.felixdevega.com\/wp-content\/uploads\/2025\/05\/73-wesele-cicha-23-warszawa-162.jpg 1800w\" sizes=\"(max-width: 1290px) 100vw, 1290px\" \/><img loading=\"lazy\" decoding=\"async\" class=\"alignnone wp-image-32448 size-large\" style=\"margin-bottom: 5px;\" src=\"https:\/\/www.felixdevega.com\/wp-content\/uploads\/2025\/05\/74-wesele-cicha-23-warszawa-163-1290x860.jpg\" alt=\"slub i wesele w cicha 23 Warszawa\" width=\"1290\" height=\"860\" srcset=\"https:\/\/www.felixdevega.com\/wp-content\/uploads\/2025\/05\/74-wesele-cicha-23-warszawa-163-1290x860.jpg 1290w, https:\/\/www.felixdevega.com\/wp-content\/uploads\/2025\/05\/74-wesele-cicha-23-warszawa-163-750x500.jpg 750w, https:\/\/www.felixdevega.com\/wp-content\/uploads\/2025\/05\/74-wesele-cicha-23-warszawa-163-1536x1024.jpg 1536w, https:\/\/www.felixdevega.com\/wp-content\/uploads\/2025\/05\/74-wesele-cicha-23-warszawa-163-1200x800.jpg 1200w, https:\/\/www.felixdevega.com\/wp-content\/uploads\/2025\/05\/74-wesele-cicha-23-warszawa-163.jpg 1800w\" sizes=\"(max-width: 1290px) 100vw, 1290px\" \/><img loading=\"lazy\" decoding=\"async\" class=\"alignnone wp-image-32636 size-large\" style=\"margin-bottom: 5px;\" src=\"https:\/\/www.felixdevega.com\/wp-content\/uploads\/2025\/05\/blog-dos-fotos-horizontales13-1290x429.jpg\" alt=\"\" width=\"1290\" height=\"429\" srcset=\"https:\/\/www.felixdevega.com\/wp-content\/uploads\/2025\/05\/blog-dos-fotos-horizontales13-1290x429.jpg 1290w, https:\/\/www.felixdevega.com\/wp-content\/uploads\/2025\/05\/blog-dos-fotos-horizontales13-750x250.jpg 750w, https:\/\/www.felixdevega.com\/wp-content\/uploads\/2025\/05\/blog-dos-fotos-horizontales13.jpg 1400w\" sizes=\"(max-width: 1290px) 100vw, 1290px\" \/><img loading=\"lazy\" decoding=\"async\" class=\"alignnone wp-image-32633 size-large\" style=\"margin-bottom: 5px;\" src=\"https:\/\/www.felixdevega.com\/wp-content\/uploads\/2025\/05\/blog-dos-fotos-horizontales12-1290x429.jpg\" alt=\"\" width=\"1290\" height=\"429\" srcset=\"https:\/\/www.felixdevega.com\/wp-content\/uploads\/2025\/05\/blog-dos-fotos-horizontales12-1290x429.jpg 1290w, https:\/\/www.felixdevega.com\/wp-content\/uploads\/2025\/05\/blog-dos-fotos-horizontales12-750x250.jpg 750w, https:\/\/www.felixdevega.com\/wp-content\/uploads\/2025\/05\/blog-dos-fotos-horizontales12.jpg 1400w\" sizes=\"(max-width: 1290px) 100vw, 1290px\" \/><img loading=\"lazy\" decoding=\"async\" class=\"alignnone wp-image-32451 size-large\" style=\"margin-bottom: 5px;\" src=\"https:\/\/www.felixdevega.com\/wp-content\/uploads\/2025\/05\/75-wesele-cicha-23-warszawa-165-1290x860.jpg\" alt=\"slub i wesele w cicha 23 Warszawa\" width=\"1290\" height=\"860\" srcset=\"https:\/\/www.felixdevega.com\/wp-content\/uploads\/2025\/05\/75-wesele-cicha-23-warszawa-165-1290x860.jpg 1290w, https:\/\/www.felixdevega.com\/wp-content\/uploads\/2025\/05\/75-wesele-cicha-23-warszawa-165-750x500.jpg 750w, https:\/\/www.felixdevega.com\/wp-content\/uploads\/2025\/05\/75-wesele-cicha-23-warszawa-165-1536x1024.jpg 1536w, https:\/\/www.felixdevega.com\/wp-content\/uploads\/2025\/05\/75-wesele-cicha-23-warszawa-165-1200x800.jpg 1200w, https:\/\/www.felixdevega.com\/wp-content\/uploads\/2025\/05\/75-wesele-cicha-23-warszawa-165.jpg 1800w\" sizes=\"(max-width: 1290px) 100vw, 1290px\" \/><img loading=\"lazy\" decoding=\"async\" class=\"alignnone wp-image-32457 size-large\" style=\"margin-bottom: 5px;\" src=\"https:\/\/www.felixdevega.com\/wp-content\/uploads\/2025\/05\/77-wesele-cicha-23-warszawa-168-1290x860.jpg\" alt=\"\" width=\"1290\" height=\"860\" srcset=\"https:\/\/www.felixdevega.com\/wp-content\/uploads\/2025\/05\/77-wesele-cicha-23-warszawa-168-1290x860.jpg 1290w, https:\/\/www.felixdevega.com\/wp-content\/uploads\/2025\/05\/77-wesele-cicha-23-warszawa-168-750x500.jpg 750w, https:\/\/www.felixdevega.com\/wp-content\/uploads\/2025\/05\/77-wesele-cicha-23-warszawa-168-1536x1024.jpg 1536w, https:\/\/www.felixdevega.com\/wp-content\/uploads\/2025\/05\/77-wesele-cicha-23-warszawa-168-1200x800.jpg 1200w, https:\/\/www.felixdevega.com\/wp-content\/uploads\/2025\/05\/77-wesele-cicha-23-warszawa-168.jpg 1800w\" sizes=\"(max-width: 1290px) 100vw, 1290px\" \/><img loading=\"lazy\" decoding=\"async\" class=\"alignnone wp-image-32463 size-large\" style=\"margin-bottom: 5px;\" src=\"https:\/\/www.felixdevega.com\/wp-content\/uploads\/2025\/05\/79-wesele-cicha-23-warszawa-170-1290x860.jpg\" alt=\"slub i wesele w cicha 23 Warszawa\" width=\"1290\" height=\"860\" srcset=\"https:\/\/www.felixdevega.com\/wp-content\/uploads\/2025\/05\/79-wesele-cicha-23-warszawa-170-1290x860.jpg 1290w, https:\/\/www.felixdevega.com\/wp-content\/uploads\/2025\/05\/79-wesele-cicha-23-warszawa-170-750x500.jpg 750w, https:\/\/www.felixdevega.com\/wp-content\/uploads\/2025\/05\/79-wesele-cicha-23-warszawa-170-1536x1024.jpg 1536w, https:\/\/www.felixdevega.com\/wp-content\/uploads\/2025\/05\/79-wesele-cicha-23-warszawa-170-1200x800.jpg 1200w, https:\/\/www.felixdevega.com\/wp-content\/uploads\/2025\/05\/79-wesele-cicha-23-warszawa-170.jpg 1800w\" sizes=\"(max-width: 1290px) 100vw, 1290px\" \/><img loading=\"lazy\" decoding=\"async\" class=\"alignnone wp-image-32466 size-large\" style=\"margin-bottom: 5px;\" src=\"https:\/\/www.felixdevega.com\/wp-content\/uploads\/2025\/05\/80-wesele-cicha-23-warszawa-158-1290x860.jpg\" alt=\"\" width=\"1290\" height=\"860\" srcset=\"https:\/\/www.felixdevega.com\/wp-content\/uploads\/2025\/05\/80-wesele-cicha-23-warszawa-158-1290x860.jpg 1290w, https:\/\/www.felixdevega.com\/wp-content\/uploads\/2025\/05\/80-wesele-cicha-23-warszawa-158-750x500.jpg 750w, https:\/\/www.felixdevega.com\/wp-content\/uploads\/2025\/05\/80-wesele-cicha-23-warszawa-158-1536x1024.jpg 1536w, https:\/\/www.felixdevega.com\/wp-content\/uploads\/2025\/05\/80-wesele-cicha-23-warszawa-158-1200x800.jpg 1200w, https:\/\/www.felixdevega.com\/wp-content\/uploads\/2025\/05\/80-wesele-cicha-23-warszawa-158.jpg 1800w\" sizes=\"(max-width: 1290px) 100vw, 1290px\" \/><img loading=\"lazy\" decoding=\"async\" class=\"alignnone wp-image-32642 size-large\" style=\"margin-bottom: 5px;\" src=\"https:\/\/www.felixdevega.com\/wp-content\/uploads\/2025\/05\/blog-dos-fotos-horizontales15-1290x429.jpg\" alt=\"\" width=\"1290\" height=\"429\" srcset=\"https:\/\/www.felixdevega.com\/wp-content\/uploads\/2025\/05\/blog-dos-fotos-horizontales15-1290x429.jpg 1290w, https:\/\/www.felixdevega.com\/wp-content\/uploads\/2025\/05\/blog-dos-fotos-horizontales15-750x250.jpg 750w, https:\/\/www.felixdevega.com\/wp-content\/uploads\/2025\/05\/blog-dos-fotos-horizontales15.jpg 1400w\" sizes=\"(max-width: 1290px) 100vw, 1290px\" \/><img loading=\"lazy\" decoding=\"async\" class=\"alignnone wp-image-32478 size-large\" style=\"margin-bottom: 5px;\" src=\"https:\/\/www.felixdevega.com\/wp-content\/uploads\/2025\/05\/84-wesele-cicha-23-warszawa-154-1290x860.jpg\" alt=\"\" width=\"1290\" height=\"860\" srcset=\"https:\/\/www.felixdevega.com\/wp-content\/uploads\/2025\/05\/84-wesele-cicha-23-warszawa-154-1290x860.jpg 1290w, https:\/\/www.felixdevega.com\/wp-content\/uploads\/2025\/05\/84-wesele-cicha-23-warszawa-154-750x500.jpg 750w, https:\/\/www.felixdevega.com\/wp-content\/uploads\/2025\/05\/84-wesele-cicha-23-warszawa-154-1536x1024.jpg 1536w, https:\/\/www.felixdevega.com\/wp-content\/uploads\/2025\/05\/84-wesele-cicha-23-warszawa-154-1200x800.jpg 1200w, https:\/\/www.felixdevega.com\/wp-content\/uploads\/2025\/05\/84-wesele-cicha-23-warszawa-154.jpg 1800w\" sizes=\"(max-width: 1290px) 100vw, 1290px\" \/><img loading=\"lazy\" decoding=\"async\" class=\"alignnone wp-image-32472 size-large\" style=\"margin-bottom: 5px;\" src=\"https:\/\/www.felixdevega.com\/wp-content\/uploads\/2025\/05\/82-wesele-cicha-23-warszawa-155-1290x860.jpg\" alt=\"\" width=\"1290\" height=\"860\" srcset=\"https:\/\/www.felixdevega.com\/wp-content\/uploads\/2025\/05\/82-wesele-cicha-23-warszawa-155-1290x860.jpg 1290w, https:\/\/www.felixdevega.com\/wp-content\/uploads\/2025\/05\/82-wesele-cicha-23-warszawa-155-750x500.jpg 750w, https:\/\/www.felixdevega.com\/wp-content\/uploads\/2025\/05\/82-wesele-cicha-23-warszawa-155-1536x1024.jpg 1536w, https:\/\/www.felixdevega.com\/wp-content\/uploads\/2025\/05\/82-wesele-cicha-23-warszawa-155-1200x800.jpg 1200w, https:\/\/www.felixdevega.com\/wp-content\/uploads\/2025\/05\/82-wesele-cicha-23-warszawa-155.jpg 1800w\" sizes=\"(max-width: 1290px) 100vw, 1290px\" \/><\/p>\t\t\t\t\t\t\t\t<\/div>\n\t\t\t\t<\/div>\n\t\t\t\t<div class=\"elementor-element elementor-element-4b80f78 elementor-widget elementor-widget-spacer\" data-id=\"4b80f78\" data-element_type=\"widget\" data-e-type=\"widget\" data-widget_type=\"spacer.default\">\n\t\t\t\t<div class=\"elementor-widget-container\">\n\t\t\t\t\t\t\t<div class=\"elementor-spacer\">\n\t\t\t<div class=\"elementor-spacer-inner\"><\/div>\n\t\t<\/div>\n\t\t\t\t\t\t<\/div>\n\t\t\t\t<\/div>\n\t\t\t\t\t<\/div>\n\t\t<\/div>\n\t\t\t\t\t<\/div>\n\t\t<\/section>\n\t\t\t\t<section class=\"elementor-section elementor-top-section elementor-element elementor-element-e662a13 elementor-section-boxed elementor-section-height-default elementor-section-height-default wpr-particle-no wpr-sticky-section-no wpr-equal-height-no\" data-id=\"e662a13\" data-element_type=\"section\" data-e-type=\"section\">\n\t\t\t\t\t\t<div class=\"elementor-container elementor-column-gap-default\">\n\t\t\t\t\t<div class=\"elementor-column elementor-col-100 elementor-top-column elementor-element elementor-element-517953f\" data-id=\"517953f\" data-element_type=\"column\" data-e-type=\"column\">\n\t\t\t<div class=\"elementor-widget-wrap elementor-element-populated\">\n\t\t\t\t\t\t<div class=\"elementor-element elementor-element-ffa0a09 elementor-widget elementor-widget-heading\" data-id=\"ffa0a09\" data-element_type=\"widget\" data-e-type=\"widget\" data-widget_type=\"heading.default\">\n\t\t\t\t<div class=\"elementor-widget-container\">\n\t\t\t\t\t<p class=\"elementor-heading-title elementor-size-default\">F\u00c9LIX DE VEGA<\/p>\t\t\t\t<\/div>\n\t\t\t\t<\/div>\n\t\t\t\t<div class=\"elementor-element elementor-element-60cc99e elementor-widget elementor-widget-image\" data-id=\"60cc99e\" data-element_type=\"widget\" data-e-type=\"widget\" data-widget_type=\"image.default\">\n\t\t\t\t<div class=\"elementor-widget-container\">\n\t\t\t\t\t\t\t\t\t\t\t\t\t\t\t<img decoding=\"async\" src=\"https:\/\/www.felixdevega.com\/wp-content\/uploads\/elementor\/thumbs\/avioneta-sola.jpg-r5jk31nkaanes81e4zg3g0l1kdgfig0qu5g4y3jaki.webp\" title=\"avioneta-sola.jpg.webp\" alt=\"avioneta-sola.jpg.webp\" loading=\"lazy\" \/>\t\t\t\t\t\t\t\t\t\t\t\t\t\t\t<\/div>\n\t\t\t\t<\/div>\n\t\t\t\t\t<\/div>\n\t\t<\/div>\n\t\t\t\t\t<\/div>\n\t\t<\/section>\n\t\t\t\t<section class=\"elementor-section elementor-top-section elementor-element elementor-element-d4ba0bd elementor-section-boxed elementor-section-height-default elementor-section-height-default wpr-particle-no wpr-sticky-section-no wpr-equal-height-no\" data-id=\"d4ba0bd\" data-element_type=\"section\" data-e-type=\"section\">\n\t\t\t\t\t\t<div class=\"elementor-container elementor-column-gap-default\">\n\t\t\t\t\t<div class=\"elementor-column elementor-col-100 elementor-top-column elementor-element elementor-element-685386a\" data-id=\"685386a\" data-element_type=\"column\" data-e-type=\"column\">\n\t\t\t<div class=\"elementor-widget-wrap elementor-element-populated\">\n\t\t\t\t\t\t<div class=\"elementor-element elementor-element-451b85c elementor-widget elementor-widget-text-editor\" data-id=\"451b85c\" data-element_type=\"widget\" data-e-type=\"widget\" data-widget_type=\"text-editor.default\">\n\t\t\t\t<div class=\"elementor-widget-container\">\n\t\t\t\t\t\t\t\t\t<p>\u00a9 Wszystkie zdj\u0119cia: F\u00e9lix de Vega<\/p><p>Wielkie podzi\u0119kowania dla ca\u0142ego zespo\u0142u<\/p><p><strong><a href=\"https:\/\/www.felixdevega.com\/pl\/fotograf-slubny\/warszawa\/\" target=\"_blank\" rel=\"noopener\">Fotograf \u015blubny w Warszawie : F\u00e9lix de Vega<\/a><\/strong><\/p><p><strong><a href=\"https:\/\/www.instagram.com\/analogdreamsfilm\/\" target=\"_blank\" rel=\"noopener\">Film \u015blubny: Pawe\u0142 D\u0105browski &#8211; Analog dreams<\/a><\/strong><\/p><p><a href=\"https:\/\/cicha23.pl\/\" target=\"_blank\" rel=\"noopener\">Sala Weselna w Warszawie: Cicha 23<\/a>\u00a0 \u00a0<\/p><p>Make up: <a href=\"https:\/\/www.instagram.com\/dominikagasik.makeup\/\" target=\"_blank\" rel=\"noopener\">Dominika G\u0105sik<\/a><\/p><p>Hair: <a href=\"https:\/\/www.instagram.com\/agaorzel_mua\/\" target=\"_blank\" rel=\"noopener\">Aga Orzel<\/a><\/p><p>DJ:\u00a0 \u00a0DJ Kuba Kr\u00f3l\u00a0 <a href=\"https:\/\/djkubakrol.pl\/\" target=\"_blank\" rel=\"noopener\">djkubakrol.pl<\/a><\/p><p>Saxofon: \u0141ukasz Ludwicki <a href=\"https:\/\/www.instagram.com\/saxoludwik\/\" target=\"_blank\" rel=\"noopener\">Saxoludwik<\/a><\/p><p>Kwiaty:\u00a0 <a href=\"https:\/\/hibiskus.pl\/?v=288404204e3d\" target=\"_blank\" rel=\"noopener\">hibiskus.pl<\/a><\/p><p>Suknia \u015blubna:\u00a0 \u00a0<a href=\"https:\/\/graceloveslace.com\/\" target=\"_blank\" rel=\"noopener\">Grace Loves Lace<\/a><\/p>\t\t\t\t\t\t\t\t<\/div>\n\t\t\t\t<\/div>\n\t\t\t\t<div class=\"elementor-element elementor-element-2625e53 elementor-widget-divider--view-line elementor-widget elementor-widget-divider\" data-id=\"2625e53\" data-element_type=\"widget\" data-e-type=\"widget\" data-widget_type=\"divider.default\">\n\t\t\t\t<div class=\"elementor-widget-container\">\n\t\t\t\t\t\t\t<div class=\"elementor-divider\">\n\t\t\t<span class=\"elementor-divider-separator\">\n\t\t\t\t\t\t<\/span>\n\t\t<\/div>\n\t\t\t\t\t\t<\/div>\n\t\t\t\t<\/div>\n\t\t\t\t\t<\/div>\n\t\t<\/div>\n\t\t\t\t\t<\/div>\n\t\t<\/section>\n\t\t\t\t<section class=\"elementor-section elementor-top-section elementor-element elementor-element-0321db6 elementor-section-content-middle elementor-section-boxed elementor-section-height-default elementor-section-height-default wpr-particle-no wpr-sticky-section-no wpr-equal-height-no\" data-id=\"0321db6\" data-element_type=\"section\" data-e-type=\"section\" data-settings=\"{&quot;background_background&quot;:&quot;classic&quot;}\">\n\t\t\t\t\t\t<div class=\"elementor-container elementor-column-gap-no\">\n\t\t\t\t\t<div class=\"elementor-column elementor-col-50 elementor-top-column elementor-element elementor-element-267f659\" data-id=\"267f659\" data-element_type=\"column\" data-e-type=\"column\">\n\t\t\t<div class=\"elementor-widget-wrap elementor-element-populated\">\n\t\t\t\t\t\t<div class=\"elementor-element elementor-element-7d86ccb elementor-widget elementor-widget-heading\" data-id=\"7d86ccb\" data-element_type=\"widget\" data-e-type=\"widget\" data-widget_type=\"heading.default\">\n\t\t\t\t<div class=\"elementor-widget-container\">\n\t\t\t\t\t<p class=\"elementor-heading-title elementor-size-default\">Zarezerwuj Swojego fotografa \u015blubnego<\/p>\t\t\t\t<\/div>\n\t\t\t\t<\/div>\n\t\t\t\t<div class=\"elementor-element elementor-element-0a94faa elementor-widget elementor-widget-text-editor\" data-id=\"0a94faa\" data-element_type=\"widget\" data-e-type=\"widget\" data-widget_type=\"text-editor.default\">\n\t\t\t\t<div class=\"elementor-widget-container\">\n\t\t\t\t\t\t\t\t\t<p><b>Napisz do mnie<\/b><\/p>\t\t\t\t\t\t\t\t<\/div>\n\t\t\t\t<\/div>\n\t\t\t\t<div class=\"elementor-element elementor-element-4bf1aa7 elementor-widget elementor-widget-text-editor\" data-id=\"4bf1aa7\" data-element_type=\"widget\" data-e-type=\"widget\" data-widget_type=\"text-editor.default\">\n\t\t\t\t<div class=\"elementor-widget-container\">\n\t\t\t\t\t\t\t\t\t<p><span style=\"font-family: Verdana, sans-serif; color: #999999;\">F\u00e9lix de Vega<\/span><\/p>\n<p><a href=\"mailto:info@felixdevega.com\"><span style=\"color: #999999;\">info@felixdevega.com<\/span><\/a><\/p>\n<p><span style=\"color: #999999;\">tel. <a href=\"tel:+48511579346\">+48 511 579 346<\/a><\/span><\/p>\n<p><span style=\"color: #999999;\">Warsaw |\u00a0 Poland<\/span><\/p>\t\t\t\t\t\t\t\t<\/div>\n\t\t\t\t<\/div>\n\t\t\t\t\t<\/div>\n\t\t<\/div>\n\t\t\t\t<div class=\"elementor-column elementor-col-50 elementor-top-column elementor-element elementor-element-7663026\" data-id=\"7663026\" data-element_type=\"column\" data-e-type=\"column\">\n\t\t\t<div class=\"elementor-widget-wrap elementor-element-populated\">\n\t\t\t\t\t\t<div class=\"elementor-element elementor-element-e1daf3b elementor-align-right elementor-mobile-align-left elementor-widget elementor-widget-button\" data-id=\"e1daf3b\" data-element_type=\"widget\" data-e-type=\"widget\" data-widget_type=\"button.default\">\n\t\t\t\t<div class=\"elementor-widget-container\">\n\t\t\t\t\t\t\t\t\t<div class=\"elementor-button-wrapper\">\n\t\t\t\t\t<a class=\"elementor-button elementor-button-link elementor-size-sm elementor-animation-grow\" href=\"https:\/\/www.felixdevega.com\/pl\/kontakt\/\">\n\t\t\t\t\t\t<span class=\"elementor-button-content-wrapper\">\n\t\t\t\t\t\t\t\t\t<span class=\"elementor-button-text\">KONTAKT<\/span>\n\t\t\t\t\t<\/span>\n\t\t\t\t\t<\/a>\n\t\t\t\t<\/div>\n\t\t\t\t\t\t\t\t<\/div>\n\t\t\t\t<\/div>\n\t\t\t\t\t<\/div>\n\t\t<\/div>\n\t\t\t\t\t<\/div>\n\t\t<\/section>\n\t\t\t\t<section class=\"elementor-section elementor-top-section elementor-element elementor-element-8c26cdf elementor-section-boxed elementor-section-height-default elementor-section-height-default wpr-particle-no wpr-sticky-section-no wpr-equal-height-no\" data-id=\"8c26cdf\" data-element_type=\"section\" data-e-type=\"section\">\n\t\t\t\t\t\t<div class=\"elementor-container elementor-column-gap-default\">\n\t\t\t\t\t<div class=\"elementor-column elementor-col-100 elementor-top-column elementor-element elementor-element-80566e2\" data-id=\"80566e2\" data-element_type=\"column\" data-e-type=\"column\">\n\t\t\t<div class=\"elementor-widget-wrap\">\n\t\t\t\t\t\t\t<\/div>\n\t\t<\/div>\n\t\t\t\t\t<\/div>\n\t\t<\/section>\n\t\t\t\t<section class=\"elementor-section elementor-top-section elementor-element elementor-element-43114f3 elementor-section-content-top elementor-section-height-min-height elementor-section-items-top elementor-section-boxed elementor-section-height-default wpr-particle-no wpr-sticky-section-no wpr-equal-height-no\" data-id=\"43114f3\" data-element_type=\"section\" data-e-type=\"section\">\n\t\t\t\t\t\t<div class=\"elementor-container elementor-column-gap-no\">\n\t\t\t\t\t<div class=\"elementor-column elementor-col-50 elementor-top-column elementor-element elementor-element-eac6086\" data-id=\"eac6086\" data-element_type=\"column\" data-e-type=\"column\">\n\t\t\t<div class=\"elementor-widget-wrap elementor-element-populated\">\n\t\t\t\t\t\t<div class=\"elementor-element elementor-element-8ac0f04 elementor-widget elementor-widget-image\" data-id=\"8ac0f04\" data-element_type=\"widget\" data-e-type=\"widget\" data-widget_type=\"image.default\">\n\t\t\t\t<div class=\"elementor-widget-container\">\n\t\t\t\t\t\t\t\t\t\t\t\t\t\t\t<img loading=\"lazy\" decoding=\"async\" width=\"1920\" height=\"1282\" src=\"https:\/\/www.felixdevega.com\/wp-content\/uploads\/2025\/04\/fotograf-slubny-w-Warszawie.jpg\" class=\"attachment-full size-full wp-image-31952\" alt=\"Fotograf \u015blubny w Warszawie\" srcset=\"https:\/\/www.felixdevega.com\/wp-content\/uploads\/2025\/04\/fotograf-slubny-w-Warszawie.jpg 1920w, https:\/\/www.felixdevega.com\/wp-content\/uploads\/2025\/04\/fotograf-slubny-w-Warszawie-750x501.jpg 750w, https:\/\/www.felixdevega.com\/wp-content\/uploads\/2025\/04\/fotograf-slubny-w-Warszawie-1290x861.jpg 1290w, https:\/\/www.felixdevega.com\/wp-content\/uploads\/2025\/04\/fotograf-slubny-w-Warszawie-1536x1026.jpg 1536w, https:\/\/www.felixdevega.com\/wp-content\/uploads\/2025\/04\/fotograf-slubny-w-Warszawie-1200x800.jpg 1200w\" sizes=\"(max-width: 1920px) 100vw, 1920px\" \/>\t\t\t\t\t\t\t\t\t\t\t\t\t\t\t<\/div>\n\t\t\t\t<\/div>\n\t\t\t\t\t<\/div>\n\t\t<\/div>\n\t\t\t\t<div class=\"elementor-column elementor-col-50 elementor-top-column elementor-element elementor-element-64ef080\" data-id=\"64ef080\" data-element_type=\"column\" data-e-type=\"column\">\n\t\t\t<div class=\"elementor-widget-wrap elementor-element-populated\">\n\t\t\t\t\t\t<div class=\"elementor-element elementor-element-087d9dc elementor-widget elementor-widget-heading\" data-id=\"087d9dc\" data-element_type=\"widget\" data-e-type=\"widget\" data-widget_type=\"heading.default\">\n\t\t\t\t<div class=\"elementor-widget-container\">\n\t\t\t\t\t<p class=\"elementor-heading-title elementor-size-default\">Wi\u0119cej Informacji<\/p>\t\t\t\t<\/div>\n\t\t\t\t<\/div>\n\t\t\t\t<div class=\"elementor-element elementor-element-f60b613 elementor-widget elementor-widget-icon-box\" data-id=\"f60b613\" data-element_type=\"widget\" data-e-type=\"widget\" data-widget_type=\"icon-box.default\">\n\t\t\t\t<div class=\"elementor-widget-container\">\n\t\t\t\t\t\t\t<div class=\"elementor-icon-box-wrapper\">\n\n\t\t\t\n\t\t\t\t\t\t<div class=\"elementor-icon-box-content\">\n\n\t\t\t\t\t\t\t\t\t<p class=\"elementor-icon-box-title\">\n\t\t\t\t\t\t<a href=\"https:\/\/www.felixdevega.com\/pl\/fotograf-slubny\/warszawa\/\">\n\t\t\t\t\t\t\tFotograf \u015blubny Warszawa Cennik\t\t\t\t\t\t<\/a>\n\t\t\t\t\t<\/p>\n\t\t\t\t\n\t\t\t\t\t\t\t\t\t<p class=\"elementor-icon-box-description\">\n\t\t\t\t\t\tPolecany fotograf \u015blubny w Warszawie\t\t\t\t\t<\/p>\n\t\t\t\t\n\t\t\t<\/div>\n\t\t\t\n\t\t<\/div>\n\t\t\t\t\t\t<\/div>\n\t\t\t\t<\/div>\n\t\t\t\t<div class=\"elementor-element elementor-element-e348403 elementor-widget elementor-widget-icon-box\" data-id=\"e348403\" data-element_type=\"widget\" data-e-type=\"widget\" data-widget_type=\"icon-box.default\">\n\t\t\t\t<div class=\"elementor-widget-container\">\n\t\t\t\t\t\t\t<div class=\"elementor-icon-box-wrapper\">\n\n\t\t\t\n\t\t\t\t\t\t<div class=\"elementor-icon-box-content\">\n\n\t\t\t\t\t\t\t\t\t<p class=\"elementor-icon-box-title\">\n\t\t\t\t\t\t<a href=\"https:\/\/www.felixdevega.com\/pl\/fotograf-slubny\/krakow\/\">\n\t\t\t\t\t\t\tFotograf \u015blubny Krak\u00f3w Cennik\t\t\t\t\t\t<\/a>\n\t\t\t\t\t<\/p>\n\t\t\t\t\n\t\t\t\t\t\t\t\t\t<p class=\"elementor-icon-box-description\">\n\t\t\t\t\t\tPolecany fotograf \u015blubny w Krakowie\t\t\t\t\t<\/p>\n\t\t\t\t\n\t\t\t<\/div>\n\t\t\t\n\t\t<\/div>\n\t\t\t\t\t\t<\/div>\n\t\t\t\t<\/div>\n\t\t\t\t<div class=\"elementor-element elementor-element-a3cac76 elementor-widget elementor-widget-icon-box\" data-id=\"a3cac76\" data-element_type=\"widget\" data-e-type=\"widget\" data-widget_type=\"icon-box.default\">\n\t\t\t\t<div class=\"elementor-widget-container\">\n\t\t\t\t\t\t\t<div class=\"elementor-icon-box-wrapper\">\n\n\t\t\t\n\t\t\t\t\t\t<div class=\"elementor-icon-box-content\">\n\n\t\t\t\t\t\t\t\t\t<p class=\"elementor-icon-box-title\">\n\t\t\t\t\t\t<a href=\"https:\/\/www.felixdevega.com\/pl\/sample-weddings\/\">\n\t\t\t\t\t\t\tReporta\u017c \u015blubny\t\t\t\t\t\t<\/a>\n\t\t\t\t\t<\/p>\n\t\t\t\t\n\t\t\t\t\t\t\t\t\t<p class=\"elementor-icon-box-description\">\n\t\t\t\t\t\tReporta\u017ce \u015blubne\t\t\t\t\t<\/p>\n\t\t\t\t\n\t\t\t<\/div>\n\t\t\t\n\t\t<\/div>\n\t\t\t\t\t\t<\/div>\n\t\t\t\t<\/div>\n\t\t\t\t<div class=\"elementor-element elementor-element-efc39f5 elementor-widget elementor-widget-icon-box\" data-id=\"efc39f5\" data-element_type=\"widget\" data-e-type=\"widget\" data-widget_type=\"icon-box.default\">\n\t\t\t\t<div class=\"elementor-widget-container\">\n\t\t\t\t\t\t\t<div class=\"elementor-icon-box-wrapper\">\n\n\t\t\t\n\t\t\t\t\t\t<div class=\"elementor-icon-box-content\">\n\n\t\t\t\t\t\t\t\t\t<p class=\"elementor-icon-box-title\">\n\t\t\t\t\t\t<a href=\"https:\/\/www.felixdevega.com\/pl\/slub-za-granica\/\">\n\t\t\t\t\t\t\t\u015blub za granic\u0105\t\t\t\t\t\t<\/a>\n\t\t\t\t\t<\/p>\n\t\t\t\t\n\t\t\t\t\t\t\t\t\t<p class=\"elementor-icon-box-description\">\n\t\t\t\t\t\tOrganizacja \u015blub\u00f3w i wesel\t\t\t\t\t<\/p>\n\t\t\t\t\n\t\t\t<\/div>\n\t\t\t\n\t\t<\/div>\n\t\t\t\t\t\t<\/div>\n\t\t\t\t<\/div>\n\t\t\t\t<div class=\"elementor-element elementor-element-69ecda4 elementor-widget elementor-widget-icon-box\" data-id=\"69ecda4\" data-element_type=\"widget\" data-e-type=\"widget\" data-widget_type=\"icon-box.default\">\n\t\t\t\t<div class=\"elementor-widget-container\">\n\t\t\t\t\t\t\t<div class=\"elementor-icon-box-wrapper\">\n\n\t\t\t\n\t\t\t\t\t\t<div class=\"elementor-icon-box-content\">\n\n\t\t\t\t\t\t\t\t\t<p class=\"elementor-icon-box-title\">\n\t\t\t\t\t\t<a href=\"https:\/\/www.felixdevega.com\/pl\/filmy-slubne\/\">\n\t\t\t\t\t\t\tFilmy \u015blubne\t\t\t\t\t\t<\/a>\n\t\t\t\t\t<\/p>\n\t\t\t\t\n\t\t\t\t\t\t\t\t\t<p class=\"elementor-icon-box-description\">\n\t\t\t\t\t\tInspiruj\u0105ce Filmy\t\t\t\t\t<\/p>\n\t\t\t\t\n\t\t\t<\/div>\n\t\t\t\n\t\t<\/div>\n\t\t\t\t\t\t<\/div>\n\t\t\t\t<\/div>\n\t\t\t\t<div class=\"elementor-element elementor-element-2b47475 elementor-widget elementor-widget-icon-box\" data-id=\"2b47475\" data-element_type=\"widget\" data-e-type=\"widget\" data-widget_type=\"icon-box.default\">\n\t\t\t\t<div class=\"elementor-widget-container\">\n\t\t\t\t\t\t\t<div class=\"elementor-icon-box-wrapper\">\n\n\t\t\t\n\t\t\t\t\t\t<div class=\"elementor-icon-box-content\">\n\n\t\t\t\t\t\t\t\t\t<p class=\"elementor-icon-box-title\">\n\t\t\t\t\t\t<a href=\"https:\/\/www.felixdevega.com\/pl\/post\/fotografia-slubna\/jak-wybrac-dobrego-fotografa-na-slub\/\">\n\t\t\t\t\t\t\tJak wybra\u0107 fotografa \u015blubnego\t\t\t\t\t\t<\/a>\n\t\t\t\t\t<\/p>\n\t\t\t\t\n\t\t\t\t\t\t\t\t\t<p class=\"elementor-icon-box-description\">\n\t\t\t\t\t\tJak wybra\u0107 fotografa \u015blubnego\t\t\t\t\t<\/p>\n\t\t\t\t\n\t\t\t<\/div>\n\t\t\t\n\t\t<\/div>\n\t\t\t\t\t\t<\/div>\n\t\t\t\t<\/div>\n\t\t\t\t<div class=\"elementor-element elementor-element-5031622 elementor-widget elementor-widget-icon-box\" data-id=\"5031622\" data-element_type=\"widget\" data-e-type=\"widget\" data-widget_type=\"icon-box.default\">\n\t\t\t\t<div class=\"elementor-widget-container\">\n\t\t\t\t\t\t\t<div class=\"elementor-icon-box-wrapper\">\n\n\t\t\t\n\t\t\t\t\t\t<div class=\"elementor-icon-box-content\">\n\n\t\t\t\t\t\t\t\t\t<p class=\"elementor-icon-box-title\">\n\t\t\t\t\t\t<a href=\"https:\/\/www.felixdevega.com\/pl\/miedzynarodowy\/\">\n\t\t\t\t\t\t\tMi\u0119dzynarodowe wesele\t\t\t\t\t\t<\/a>\n\t\t\t\t\t<\/p>\n\t\t\t\t\n\t\t\t\t\t\t\t\t\t<p class=\"elementor-icon-box-description\">\n\t\t\t\t\t\t\u015alub mi\u0119dzynarodowy w Polsce\t\t\t\t\t<\/p>\n\t\t\t\t\n\t\t\t<\/div>\n\t\t\t\n\t\t<\/div>\n\t\t\t\t\t\t<\/div>\n\t\t\t\t<\/div>\n\t\t\t\t<div class=\"elementor-element elementor-element-b9561f8 elementor-widget elementor-widget-icon-box\" data-id=\"b9561f8\" data-element_type=\"widget\" data-e-type=\"widget\" data-widget_type=\"icon-box.default\">\n\t\t\t\t<div class=\"elementor-widget-container\">\n\t\t\t\t\t\t\t<div class=\"elementor-icon-box-wrapper\">\n\n\t\t\t\n\t\t\t\t\t\t<div class=\"elementor-icon-box-content\">\n\n\t\t\t\t\t\t\t\t\t<p class=\"elementor-icon-box-title\">\n\t\t\t\t\t\t<a href=\"https:\/\/www.felixdevega.com\/pl\/post\/style-i-tematyki-weselne\/jaki-styl-wesela-wybrac-oto-kilka-wskazowek\/\">\n\t\t\t\t\t\t\tJaki styl wesela wybra\u0107?\t\t\t\t\t\t<\/a>\n\t\t\t\t\t<\/p>\n\t\t\t\t\n\t\t\t\t\t\t\t\t\t<p class=\"elementor-icon-box-description\">\n\t\t\t\t\t\tKlasyczny, Boho, Glamour...\t\t\t\t\t<\/p>\n\t\t\t\t\n\t\t\t<\/div>\n\t\t\t\n\t\t<\/div>\n\t\t\t\t\t\t<\/div>\n\t\t\t\t<\/div>\n\t\t\t\t\t<\/div>\n\t\t<\/div>\n\t\t\t\t\t<\/div>\n\t\t<\/section>\n\t\t\t\t<\/div>\n\t\t","protected":false},"excerpt":{"rendered":"<p>F\u00c9LIX DE VEGA \u015aLUB W PLENERZE W CICHA 23 Cicha 23 &#8211; Rustykalna i romantyczna przestrze\u0144 w Warszawie Je\u015bli szukasz wyj\u0105tkowego miejsca na \u015blub w plenerze w Warszawie, sala weselna Cicha 23 to ukryty klejnot, kt\u00f3ry zdecydowanie warto pozna\u0107. To urokliwe miejsce \u0142\u0105czy w sobie rustykalny styl z romantyczn\u0105 atmosfer\u0105, otoczone natur\u0105, spokojem i pi\u0119knie zaaran\u017cowan\u0105 przestrzeni\u0105. Jako fotograf \u015blubny mia\u0142em niedawno przyjemno\u015b\u0107 pracowa\u0107 w tym miejscu i z pe\u0142nym przekonaniem mog\u0119 powiedzie\u0107, \u017ce to jedna z najpi\u0119kniejszych sal weselnych w Warszawie. Dlaczego warto wybra\u0107 Cicha 23 na Swoje wesele? Cicha 23 to nie tylko pi\u0119kna sala, to przestrze\u0144 z dusz\u0105 \u2013 pe\u0142na natury, spokoju i autentyczno\u015bci. Ka\u017cdy zak\u0105tek tego miejsca zosta\u0142 zaprojektowany tak, by tworzy\u0107 niezapomniane wspomnienia. Dlaczego tyle par \u2013 tak\u017ce z zagranicy \u2013 decyduje si\u0119 na \u015blub w\u0142a\u015bnie tutaj? Unikalne otoczenie natury \u2013 idealne na \u015blub w plenerze w\u015br\u00f3d zieleni i naturalnego \u015bwiat\u0142a. Zr\u00f3\u017cnicowane wn\u0119trza: Cicha 23 oferuje trzy sale, ka\u017cda w rustykalnym i romantycznym stylu, z dominuj\u0105cym wykorzystaniem drewna, kt\u00f3re nadaje przytulny i ciep\u0142y klimat: Ma\u0142a Stajnia \u2013 to w\u0142a\u015bnie tutaj odby\u0142 si\u0119 \u015blub, kt\u00f3ry mia\u0142em przyjemno\u015b\u0107 fotografowa\u0107. Mimo nazwy, sala jest idealna na \u015brednie przyj\u0119cia, do ok. 100 os\u00f3b. Du\u017ca Stajnia \u2013 idealna na wi\u0119ksze wesela z przestrzeni\u0105 do ta\u0144ca i zabawy w wyj\u0105tkowej atmosferze. Szklarnia \u2013 stworzona z my\u015bl\u0105 o kameralnych uroczysto\u015bciach w romantycznym, \u015bwietlistym klimacie. Dekoracja z dusz\u0105 \u2013 drewno, ro\u015blinno\u015b\u0107, ciep\u0142e \u015bwiat\u0142o i starannie dobrane detale tworz\u0105 atmosfer\u0119, kt\u00f3ra nie potrzebuje przepychu. Lokalizacja \u2013 tylko 20 minut od centrum Warszawy, a jednak z dala od miejskiego zgie\u0142ku \u2013 idealne po\u0142\u0105czenie wygody i spokoju. Fotografia \u015blubna w Cicha 23 \u2013 jako fotograf mog\u0119 potwierdzi\u0107: ka\u017cde miejsce tutaj to gotowa sceneria na zdj\u0119cia pe\u0142ne emocji i naturalnego pi\u0119kna. Zarezerwuj Swojego fotografa \u015blubnego Napisz do mnie F\u00e9lix de Vega info@felixdevega.com tel. +48 511 579 346 Warsaw |\u00a0 Poland KONTAKT Cicha 23\u00a0 | Najlepsze sale weselne w Warszawie Mi\u0119dzynarodowa historia mi\u0142osna w Warszawie Bohaterami tego \u015blubu byli Richard, Brytyjczyk, i Patrycja, Polka. Mieszkaj\u0105 w Wielkiej Brytanii, ale to w\u0142a\u015bnie Warszaw\u0119 i Cicha 23 wybrali jako miejsce, w kt\u00f3rym po\u0142\u0105czyli swoje kultury, rodziny i serca. Sala z ogromnym wyczuciem go\u015bci\u0142a t\u0119 wielokulturow\u0105 uroczysto\u015b\u0107. Rustykalna dekoracja z nowoczesnymi akcentami, sto\u0142y ustawione na zewn\u0105trz, urokliwe zak\u0105tki \u2013 wszystko to sprawi\u0142o, \u017ce ka\u017cdy moment by\u0142 warty uwiecznienia. Jako fotograf czu\u0142em si\u0119 zainspirowany dos\u0142ownie w ka\u017cdej cz\u0119\u015bci tego miejsca: od przygotowa\u0144 w pokojach po zach\u00f3d s\u0142o\u0144ca w ogrodzie. Je\u015bli marzycie o \u015blubie w plenerze w Cicha 23 albo po prostu chcecie zobaczy\u0107, jak mo\u017ce wygl\u0105da\u0107 ten wyj\u0105tkowy dzie\u0144 w jednej z najpi\u0119kniejszych sal weselnych w Warszawie, zapraszam do obejrzenia wybranych zdj\u0119\u0107 z tej cudownej uroczysto\u015bci. Music:\u00a0 Carla Morrison &#8211;\u00a0 Eres t\u00fa Cicha 23\u00a0 | \u015blub w plenerze w Warszawie PLENER JAK Z BAJKI NA CEREMONI\u0118 \u015aLUBN\u0104 To, co wyr\u00f3\u017cnia Cicha 23, to przepi\u0119kny ogr\u00f3d \u2013 idealne t\u0142o dla ceremonii za\u015blubin pod go\u0142ym niebem. Otoczony drzewami, kwiatami i naturalnymi detalami ogr\u00f3d tworzy bajkow\u0105 sceneri\u0119. Delikatne \u015bwiat\u0142o przebijaj\u0105ce si\u0119 przez li\u015bcie nadaje zdj\u0119ciom magiczny klimat i pozwala uchwyci\u0107 prawdziwe emocje. Mia\u0142em okazj\u0119 sfotografowa\u0107 bardzo wyj\u0105tkowy \u015blub \u2013 \u017cydowsk\u0105 ceremoni\u0119 w ogrodzie, z wszystkimi symbolicznymi elementami tej pi\u0119knej tradycji. By\u0142 to m\u00f3j pierwszy raz, kiedy dokumentowa\u0142em taki \u015blub, i bardzo poruszy\u0142o mnie obserwowanie oraz fotografowanie moment\u00f3w takich jak: ods\u0142oni\u0119cie welonu przez pana m\u0142odego, panna m\u0142oda okr\u0105\u017caj\u0105ca pana m\u0142odego siedem razy \u2013 symboliczny rytua\u0142, rozbicie kieliszka przez pana m\u0142odego, ko\u0144cz\u0105ce ceremoni\u0119. \u00a0 Cicha 23\u00a0 | \u015bluby wielokulturowe w Warszawie \u015aluby wielokulturowe \u2013 mi\u0142o\u015b\u0107 bez granic \u015alub Richarda i Patrycji by\u0142 pi\u0119knym przyk\u0142adem tego, jak mi\u0142o\u015b\u0107 \u0142\u0105czy kultury, j\u0119zyki i tradycje. On \u2013 Brytyjczyk, ona \u2013 Polka, mieszkaj\u0105cy w Wielkiej Brytanii, zorganizowali \u015blub w Warszawie, tworz\u0105c uroczysto\u015b\u0107 pe\u0142n\u0105 wzajemnego szacunku i rado\u015bci. Jako fotograf z ponad 10-letnim do\u015bwiadczeniem, mia\u0142em zaszczyt fotografowa\u0107 wiele \u015blub\u00f3w par mi\u0119dzynarodowych \u2013 polsko-hiszpa\u0144skich, francusko-polskich, polsko-ameryka\u0144skich i wielu innych. Takie wydarzenia s\u0105 zawsze niezwykle barwne, ciekawe i pe\u0142ne emocji. Panuje na nich atmosfera otwarto\u015bci, rado\u015bci i autentyczno\u015bci, kt\u00f3r\u0105 z przyjemno\u015bci\u0105 uchwycam na zdj\u0119ciach. Je\u015bli planujecie \u015blub mi\u0119dzynarodowy w Polsce \u2013 ch\u0119tnie Wam w tym towarzysz\u0119. Znam specyfik\u0119 takich uroczysto\u015bci i potrafi\u0119 opowiedzie\u0107 ka\u017cd\u0105 histori\u0119 w wyj\u0105tkowy spos\u00f3b. F\u00c9LIX DE VEGA \u00a9 Wszystkie zdj\u0119cia: F\u00e9lix de Vega Wielkie podzi\u0119kowania dla ca\u0142ego zespo\u0142u Fotograf \u015blubny w Warszawie : F\u00e9lix de Vega Film \u015blubny: Pawe\u0142 D\u0105browski &#8211; Analog dreams Sala Weselna w Warszawie: Cicha 23\u00a0 \u00a0 Make up: Dominika G\u0105sik Hair: Aga Orzel DJ:\u00a0 \u00a0DJ Kuba Kr\u00f3l\u00a0 djkubakrol.pl Saxofon: \u0141ukasz Ludwicki Saxoludwik Kwiaty:\u00a0 hibiskus.pl Suknia \u015blubna:\u00a0 \u00a0Grace Loves Lace Zarezerwuj Swojego fotografa \u015blubnego Napisz do mnie F\u00e9lix de Vega info@felixdevega.com tel. +48 511 579 346 Warsaw |\u00a0 Poland KONTAKT Wi\u0119cej Informacji Fotograf \u015blubny Warszawa Cennik Polecany fotograf \u015blubny w Warszawie Fotograf \u015blubny Krak\u00f3w Cennik Polecany fotograf \u015blubny w Krakowie Reporta\u017c \u015blubny Reporta\u017ce \u015blubne \u015blub za granic\u0105 Organizacja \u015blub\u00f3w i wesel Filmy \u015blubne Inspiruj\u0105ce Filmy Jak wybra\u0107 fotografa \u015blubnego Jak wybra\u0107 fotografa \u015blubnego Mi\u0119dzynarodowe wesele \u015alub mi\u0119dzynarodowy w Polsce Jaki styl wesela wybra\u0107? Klasyczny, Boho, Glamour&#8230;<\/p>\n","protected":false},"author":1,"featured_media":32071,"parent":0,"menu_order":0,"comment_status":"open","ping_status":"closed","template":"","meta":{"footnotes":""},"tags":[880,693,881],"class_list":["post-32057","page","type-page","status-publish","has-post-thumbnail","hentry","tag-cicha-23-2","tag-fotograf-slubny-w-warszawie","tag-slub-w-plenerze"],"blocksy_meta":[],"_links":{"self":[{"href":"https:\/\/www.felixdevega.com\/pl\/wp-json\/wp\/v2\/pages\/32057","targetHints":{"allow":["GET"]}}],"collection":[{"href":"https:\/\/www.felixdevega.com\/pl\/wp-json\/wp\/v2\/pages"}],"about":[{"href":"https:\/\/www.felixdevega.com\/pl\/wp-json\/wp\/v2\/types\/page"}],"author":[{"embeddable":true,"href":"https:\/\/www.felixdevega.com\/pl\/wp-json\/wp\/v2\/users\/1"}],"replies":[{"embeddable":true,"href":"https:\/\/www.felixdevega.com\/pl\/wp-json\/wp\/v2\/comments?post=32057"}],"version-history":[{"count":164,"href":"https:\/\/www.felixdevega.com\/pl\/wp-json\/wp\/v2\/pages\/32057\/revisions"}],"predecessor-version":[{"id":33724,"href":"https:\/\/www.felixdevega.com\/pl\/wp-json\/wp\/v2\/pages\/32057\/revisions\/33724"}],"wp:featuredmedia":[{"embeddable":true,"href":"https:\/\/www.felixdevega.com\/pl\/wp-json\/wp\/v2\/media\/32071"}],"wp:attachment":[{"href":"https:\/\/www.felixdevega.com\/pl\/wp-json\/wp\/v2\/media?parent=32057"}],"wp:term":[{"taxonomy":"post_tag","embeddable":true,"href":"https:\/\/www.felixdevega.com\/pl\/wp-json\/wp\/v2\/tags?post=32057"}],"curies":[{"name":"wp","href":"https:\/\/api.w.org\/{rel}","templated":true}]}}