{"id":19281,"date":"2021-01-02T16:05:50","date_gmt":"2021-01-02T15:05:50","guid":{"rendered":"https:\/\/www.felixdevega.com\/?p=19281"},"modified":"2025-04-17T12:18:44","modified_gmt":"2025-04-17T10:18:44","slug":"sesja-zdjeciowa-w-wenecji-we-wloszech","status":"publish","type":"page","link":"https:\/\/www.felixdevega.com\/pl\/sesja-zdjeciowa-w-wenecji-we-wloszech\/","title":{"rendered":"Sesja zdj\u0119ciowa w Wenecji we W\u0142oszech"},"content":{"rendered":"\t\t<div data-elementor-type=\"wp-post\" data-elementor-id=\"19281\" class=\"elementor elementor-19281 elementor-18640\" data-elementor-post-type=\"page\">\n\t\t\t\t\t\t<section class=\"elementor-section elementor-top-section elementor-element elementor-element-1efa3f1 elementor-section-boxed elementor-section-height-default elementor-section-height-default wpr-particle-no wpr-sticky-section-no wpr-equal-height-no\" data-id=\"1efa3f1\" data-element_type=\"section\" data-e-type=\"section\">\n\t\t\t\t\t\t<div class=\"elementor-container elementor-column-gap-default\">\n\t\t\t\t\t<div class=\"elementor-column elementor-col-100 elementor-top-column elementor-element elementor-element-db07bc9\" data-id=\"db07bc9\" data-element_type=\"column\" data-e-type=\"column\">\n\t\t\t<div class=\"elementor-widget-wrap elementor-element-populated\">\n\t\t\t\t\t\t<div class=\"elementor-element elementor-element-cb1d047 elementor-widget elementor-widget-text-editor\" data-id=\"cb1d047\" data-element_type=\"widget\" data-e-type=\"widget\" data-widget_type=\"text-editor.default\">\n\t\t\t\t<div class=\"elementor-widget-container\">\n\t\t\t\t\t\t\t\t\t<p><strong><span style=\"font-size: 8pt; color: #999999;\">\u00a0SESJA \u015aLUBNA ZA GRANIC\u0104 | \u015aLUB ZA GRANIC\u0104\u00a0 |\u00a0 SESJA ZDJ\u0118CIOWA WE W\u0141OSZECH<\/span><\/strong><\/p>\t\t\t\t\t\t\t\t<\/div>\n\t\t\t\t<\/div>\n\t\t\t\t\t<\/div>\n\t\t<\/div>\n\t\t\t\t\t<\/div>\n\t\t<\/section>\n\t\t\t\t<section class=\"elementor-section elementor-top-section elementor-element elementor-element-309ee90 elementor-section-boxed elementor-section-height-default elementor-section-height-default wpr-particle-no wpr-sticky-section-no wpr-equal-height-no\" data-id=\"309ee90\" data-element_type=\"section\" data-e-type=\"section\">\n\t\t\t\t\t\t<div class=\"elementor-container elementor-column-gap-default\">\n\t\t\t\t\t<div class=\"elementor-column elementor-col-100 elementor-top-column elementor-element elementor-element-5b2c1c2\" data-id=\"5b2c1c2\" data-element_type=\"column\" data-e-type=\"column\">\n\t\t\t<div class=\"elementor-widget-wrap elementor-element-populated\">\n\t\t\t\t\t\t<div class=\"elementor-element elementor-element-1465835 elementor-widget elementor-widget-text-editor\" data-id=\"1465835\" data-element_type=\"widget\" data-e-type=\"widget\" data-widget_type=\"text-editor.default\">\n\t\t\t\t<div class=\"elementor-widget-container\">\n\t\t\t\t\t\t\t\t\t<h2 style=\"text-align: center;\">ROMANTYCZNA SESJA \u015aLUBNA W WENECJI, W\u0141OCHY<\/h2>\t\t\t\t\t\t\t\t<\/div>\n\t\t\t\t<\/div>\n\t\t\t\t\t<\/div>\n\t\t<\/div>\n\t\t\t\t\t<\/div>\n\t\t<\/section>\n\t\t\t\t<section class=\"elementor-section elementor-top-section elementor-element elementor-element-f19cb3e elementor-section-boxed elementor-section-height-default elementor-section-height-default wpr-particle-no wpr-sticky-section-no wpr-equal-height-no\" data-id=\"f19cb3e\" data-element_type=\"section\" data-e-type=\"section\">\n\t\t\t\t\t\t<div class=\"elementor-container elementor-column-gap-default\">\n\t\t\t\t\t<div class=\"elementor-column elementor-col-100 elementor-top-column elementor-element elementor-element-5abdff7\" data-id=\"5abdff7\" data-element_type=\"column\" data-e-type=\"column\">\n\t\t\t<div class=\"elementor-widget-wrap elementor-element-populated\">\n\t\t\t\t\t\t<div class=\"elementor-element elementor-element-5e9f47a elementor-widget elementor-widget-text-editor\" data-id=\"5e9f47a\" data-element_type=\"widget\" data-e-type=\"widget\" data-widget_type=\"text-editor.default\">\n\t\t\t\t<div class=\"elementor-widget-container\">\n\t\t\t\t\t\t\t\t\t<p>Wenecja to jedno z najbardziej romantycznych miast na \u015bwiecie, \u015bwi\u0119towanie \u015blubu lub zar\u0119czyn w tym magicznym miejscu to wyj\u0105tkowe prze\u017cycie, b\u0119dziecie zachwyceni histori\u0105, sztuk\u0105, pysznym jedzeniem, kana\u0142ami&#8230; Dla mnie bycie <a href=\"https:\/\/www.felixdevega.com\/pl\/slub-we-wloszech\/\" target=\"_blank\" rel=\"noopener\">fotografem \u015blubnym w W\u0142oszech<\/a> to prawdziwa przyjemno\u015b\u0107.\u00a0 Mia\u0142em okazj\u0119 tam pojecha\u0107, aby sfotografowa\u0107 par\u0119 &#8211; May\u0119 i Piotra. Wenecja jest popularnym miejscem wesel ze wzgl\u0119du na romantyczn\u0105 atmosfer\u0119 i pi\u0119kne krajobrazy. Pogoda jest ciep\u0142a i s\u0142oneczna przez co najmniej siedem miesi\u0119cy w roku, co sprawia, \u017ce \u200b\u200bjest to idealne miejsce na \u015bluby w plenerze, sesje narzecze\u0144skie czy ucieczk\u0119 w jednym z najbardziej urokliwych miejsc w Europie. Je\u015bli chcesz prze\u017cy\u0107 niesamowite prze\u017cycie i uczci\u0107 swoj\u0105 mi\u0142o\u015b\u0107 w wielkim stylu, Wenecja jest miejscem Twojego \u015blubu w Europie. Tutaj mo\u017cesz zobaczy\u0107 kilka zdj\u0119\u0107 z tej uroczej sesji zdj\u0119ciowej z okazji sesja \u015blubna za granic\u0105 w Wenecji we W\u0142oszech.<\/p>\t\t\t\t\t\t\t\t<\/div>\n\t\t\t\t<\/div>\n\t\t\t\t\t<\/div>\n\t\t<\/div>\n\t\t\t\t\t<\/div>\n\t\t<\/section>\n\t\t\t\t<section class=\"elementor-section elementor-top-section elementor-element elementor-element-bdd86f5 elementor-section-boxed elementor-section-height-default elementor-section-height-default wpr-particle-no wpr-sticky-section-no wpr-equal-height-no\" data-id=\"bdd86f5\" data-element_type=\"section\" data-e-type=\"section\">\n\t\t\t\t\t\t<div class=\"elementor-container elementor-column-gap-default\">\n\t\t\t\t\t<div class=\"elementor-column elementor-col-100 elementor-top-column elementor-element elementor-element-460a0d6\" data-id=\"460a0d6\" data-element_type=\"column\" data-e-type=\"column\">\n\t\t\t<div class=\"elementor-widget-wrap elementor-element-populated\">\n\t\t\t\t\t\t<div class=\"elementor-element elementor-element-ce389bb elementor-widget elementor-widget-text-editor\" data-id=\"ce389bb\" data-element_type=\"widget\" data-e-type=\"widget\" data-widget_type=\"text-editor.default\">\n\t\t\t\t<div class=\"elementor-widget-container\">\n\t\t\t\t\t\t\t\t\t<h2 style=\"text-align: center;\">FOTOGRAF \u015aLUBNY W WENECJI, W\u0141OCHY<\/h2>\t\t\t\t\t\t\t\t<\/div>\n\t\t\t\t<\/div>\n\t\t\t\t\t<\/div>\n\t\t<\/div>\n\t\t\t\t\t<\/div>\n\t\t<\/section>\n\t\t\t\t<section class=\"elementor-section elementor-top-section elementor-element elementor-element-b1ea106 elementor-section-boxed elementor-section-height-default elementor-section-height-default wpr-particle-no wpr-sticky-section-no wpr-equal-height-no\" data-id=\"b1ea106\" data-element_type=\"section\" data-e-type=\"section\">\n\t\t\t\t\t\t<div class=\"elementor-container elementor-column-gap-default\">\n\t\t\t\t\t<div class=\"elementor-column elementor-col-100 elementor-top-column elementor-element elementor-element-31b3153\" data-id=\"31b3153\" data-element_type=\"column\" data-e-type=\"column\">\n\t\t\t<div class=\"elementor-widget-wrap elementor-element-populated\">\n\t\t\t\t\t\t<div class=\"elementor-element elementor-element-9d73f61 elementor-widget elementor-widget-text-editor\" data-id=\"9d73f61\" data-element_type=\"widget\" data-e-type=\"widget\" data-widget_type=\"text-editor.default\">\n\t\t\t\t<div class=\"elementor-widget-container\">\n\t\t\t\t\t\t\t\t\t<p>Niezale\u017cnie od tego, czy planujesz<a href=\"https:\/\/www.felixdevega.com\/luxury-wedding-photography-europe\/\" target=\"_blank\" rel=\"noopener\"> luksusowy \u015blub w Europie<\/a>, ma\u0142\u0105 kameraln\u0105 ceremoni\u0119 lub \u015blub we W\u0142oszech, wyb\u00f3r dobrego, do\u015bwiadczonego fotografa \u015blubnego jest kluczem do posiadania wspania\u0142ych wspomnie\u0144 z tej wyj\u0105tkowej chwili. Twoje zdj\u0119cia \u015blubne b\u0119d\u0105 najcenniejszymi wspomnieniami z tego wyj\u0105tkowego dnia. Wa\u017cne jest, aby znale\u017a\u0107 dobrego fotografa \u015blubnego, kt\u00f3ry potrafi uchwyci\u0107 wszystkie pi\u0119kne chwile z dnia \u015blubu i udokumentowa\u0107 je w dobrym stylu. Dobry fotograf \u015blubny powinien rozumie\u0107 Twoj\u0105 wizj\u0119 dnia \u015blubu i by\u0107 w stanie uchwyci\u0107 j\u0105 w spos\u00f3b, kt\u00f3ry odzwierciedla Twoj\u0105 osobowo\u015b\u0107 i styl. B\u0119dziesz tak\u017ce potrzebowa\u0107 kogo\u015b, komu ufasz i z kim czujesz si\u0119 komfortowo, poniewa\u017c b\u0119dzie on przy tobie przez ca\u0142y dzie\u0144 \u015blubu. Chocia\u017c mo\u017ce by\u0107 kusz\u0105ce, aby zaoszcz\u0119dzi\u0107 pieni\u0105dze, zatrudniaj\u0105c fotografa-amatora lub prosz\u0105c przyjaciela o zrobienie zdj\u0119\u0107, wa\u017cne jest, aby pami\u0119ta\u0107, \u017ce te zdj\u0119cia b\u0119d\u0105 z tob\u0105 do ko\u0144ca \u017cycia. Profesjonalny fotograf ma do\u015bwiadczenie i wiedz\u0119, aby uchwyci\u0107 najlepsze momenty tego wyj\u0105tkowego dnia.<\/p><p><img fetchpriority=\"high\" decoding=\"async\" class=\"aligncenter wp-image-19298 size-full\" src=\"https:\/\/www.felixdevega.com\/wp-content\/uploads\/2023\/06\/00-slub-we-wloszech-wenecja-fotograf-sesja-zdjeciowa-scaled.jpg\" alt=\"slub-we w\u0142oszech\" width=\"2560\" height=\"1706\" srcset=\"https:\/\/www.felixdevega.com\/wp-content\/uploads\/2023\/06\/00-slub-we-wloszech-wenecja-fotograf-sesja-zdjeciowa-scaled.jpg 2560w, https:\/\/www.felixdevega.com\/wp-content\/uploads\/2023\/06\/00-slub-we-wloszech-wenecja-fotograf-sesja-zdjeciowa-750x500.jpg 750w, https:\/\/www.felixdevega.com\/wp-content\/uploads\/2023\/06\/00-slub-we-wloszech-wenecja-fotograf-sesja-zdjeciowa-1290x860.jpg 1290w, https:\/\/www.felixdevega.com\/wp-content\/uploads\/2023\/06\/00-slub-we-wloszech-wenecja-fotograf-sesja-zdjeciowa-1536x1024.jpg 1536w, https:\/\/www.felixdevega.com\/wp-content\/uploads\/2023\/06\/00-slub-we-wloszech-wenecja-fotograf-sesja-zdjeciowa-2048x1365.jpg 2048w, https:\/\/www.felixdevega.com\/wp-content\/uploads\/2023\/06\/00-slub-we-wloszech-wenecja-fotograf-sesja-zdjeciowa-1200x800.jpg 1200w\" sizes=\"(max-width: 2560px) 100vw, 2560px\" \/><\/p>\t\t\t\t\t\t\t\t<\/div>\n\t\t\t\t<\/div>\n\t\t\t\t<div class=\"elementor-element elementor-element-5453a50 elementor-widget elementor-widget-text-editor\" data-id=\"5453a50\" data-element_type=\"widget\" data-e-type=\"widget\" data-widget_type=\"text-editor.default\">\n\t\t\t\t<div class=\"elementor-widget-container\">\n\t\t\t\t\t\t\t\t\t<h3>JAK WZI\u0104\u0106 \u015aLUB WE W\u0141OSZECH<\/h3>\t\t\t\t\t\t\t\t<\/div>\n\t\t\t\t<\/div>\n\t\t\t\t\t<\/div>\n\t\t<\/div>\n\t\t\t\t\t<\/div>\n\t\t<\/section>\n\t\t\t\t<section class=\"elementor-section elementor-top-section elementor-element elementor-element-17fa3a0 elementor-section-boxed elementor-section-height-default elementor-section-height-default wpr-particle-no wpr-sticky-section-no wpr-equal-height-no\" data-id=\"17fa3a0\" data-element_type=\"section\" data-e-type=\"section\">\n\t\t\t\t\t\t<div class=\"elementor-container elementor-column-gap-default\">\n\t\t\t\t\t<div class=\"elementor-column elementor-col-100 elementor-top-column elementor-element elementor-element-ca895b5\" data-id=\"ca895b5\" data-element_type=\"column\" data-e-type=\"column\">\n\t\t\t<div class=\"elementor-widget-wrap elementor-element-populated\">\n\t\t\t\t\t\t<div class=\"elementor-element elementor-element-98e3c63 elementor-widget elementor-widget-text-editor\" data-id=\"98e3c63\" data-element_type=\"widget\" data-e-type=\"widget\" data-widget_type=\"text-editor.default\">\n\t\t\t\t<div class=\"elementor-widget-container\">\n\t\t\t\t\t\t\t\t\t<p>Aby wzi\u0105\u0107 \u015blub w Wenecji, wystarczy by\u0107 w Wenecji w dniu \u015blubu bez uprzedniego spotkania z ratuszem (pod warunkiem, \u017ce masz Nulla Ost\u0119 na \u015blub zgodnie z wymaganiami wynikaj\u0105cymi z Twojej narodowo\u015bci) Nulla Osta to za\u015bwiadczenie o \u017cadnych przeszk\u00f3d i udowadnia, \u017ce \u200b\u200bzgodnie z prawem mo\u017cna zawrze\u0107 zwi\u0105zek ma\u0142\u017ce\u0144ski. Symboliczne \u015bluby mog\u0105 odby\u0107 si\u0119 na jednym z wielu hotelowych taras\u00f3w z widokiem na Canal Grande. Wenecja oferuje r\u00f3\u017cnorodne mo\u017cliwo\u015bci weselne dla r\u00f3\u017cnych preferencji i bud\u017cet\u00f3w. Od ma\u0142ych kapliczek, przez wyrze\u017abione ogrody, po pi\u0119kne hotele \u2014 w Wenecji ka\u017cdy znajdzie miejsce na organizacj\u0119 wesela. Je\u015bli zdecydujecie si\u0119 na \u015blub w Wenecji, mo\u017cliwo\u015bci s\u0105 bardzo szerokie, bardzo mi\u0142o jest przygotowa\u0107 kameraln\u0105 ceremoni\u0119, podczas kt\u00f3rej pa\u0144stwo m\u0142odzi w\u0142asnor\u0119cznie pisz\u0105 swoje przysi\u0119gi, a nast\u0119pnie czytaj\u0105 je sobie nawzajem w romantycznym miejscu. Tego typu uroczysto\u015bci budz\u0105 wiele emocji. Oczywi\u015bcie b\u0119d\u0105c w tak pi\u0119knym mie\u015bcie nie mo\u017cna zapomnie\u0107 o spacerach i zagubieniu si\u0119 w labiryncie w\u0105skich uliczek i kana\u0142\u00f3w, a tak\u017ce p\u0142ywanie gondol\u0105 o zachodzie s\u0142o\u0144ca z partnerem b\u0119dzie prze\u017cyciem, kt\u00f3re na d\u0142ugo pozostanie w pami\u0119ci na wielu lat. Je\u015bli potrzebujesz pomocy w zorganizowaniu sesji zdj\u0119ciowej w Wenecji, skontaktuj si\u0119 ze mn\u0105, r\u00f3wnie\u017c mo\u017cesz uzyska\u0107 bardzo przydatne informacje tutaj:\u00a0 <a href=\"https:\/\/www.vivovenetia.it\/matrimonio-venezia\/\" target=\"_blank\" rel=\"noopener\">www.vivovenetia.it\u00a0<\/a><\/p>\t\t\t\t\t\t\t\t<\/div>\n\t\t\t\t<\/div>\n\t\t\t\t\t<\/div>\n\t\t<\/div>\n\t\t\t\t\t<\/div>\n\t\t<\/section>\n\t\t\t\t<section class=\"elementor-section elementor-top-section elementor-element elementor-element-93446e1 elementor-section-boxed elementor-section-height-default elementor-section-height-default wpr-particle-no wpr-sticky-section-no wpr-equal-height-no\" data-id=\"93446e1\" data-element_type=\"section\" data-e-type=\"section\">\n\t\t\t\t\t\t<div class=\"elementor-container elementor-column-gap-default\">\n\t\t\t\t\t<div class=\"elementor-column elementor-col-100 elementor-top-column elementor-element elementor-element-be48f4b\" data-id=\"be48f4b\" data-element_type=\"column\" data-e-type=\"column\">\n\t\t\t<div class=\"elementor-widget-wrap elementor-element-populated\">\n\t\t\t\t\t\t<div class=\"elementor-element elementor-element-353848f elementor-widget elementor-widget-text-editor\" data-id=\"353848f\" data-element_type=\"widget\" data-e-type=\"widget\" data-widget_type=\"text-editor.default\">\n\t\t\t\t<div class=\"elementor-widget-container\">\n\t\t\t\t\t\t\t\t\t<p style=\"text-align: center;\"><strong>MAYA I PIOTR &#8211; HISTORIA MI\u0141O\u015aCI W WENECJI, W\u0141OCHY<\/strong><\/p>\t\t\t\t\t\t\t\t<\/div>\n\t\t\t\t<\/div>\n\t\t\t\t\t<\/div>\n\t\t<\/div>\n\t\t\t\t\t<\/div>\n\t\t<\/section>\n\t\t\t\t<section class=\"elementor-section elementor-top-section elementor-element elementor-element-1b946dd elementor-section-boxed elementor-section-height-default elementor-section-height-default wpr-particle-no wpr-sticky-section-no wpr-equal-height-no\" data-id=\"1b946dd\" data-element_type=\"section\" data-e-type=\"section\">\n\t\t\t\t\t\t<div class=\"elementor-container elementor-column-gap-default\">\n\t\t\t\t\t<div class=\"elementor-column elementor-col-100 elementor-top-column elementor-element elementor-element-d802c79\" data-id=\"d802c79\" data-element_type=\"column\" data-e-type=\"column\">\n\t\t\t<div class=\"elementor-widget-wrap elementor-element-populated\">\n\t\t\t\t\t\t<div class=\"elementor-element elementor-element-ec224bd elementor-widget elementor-widget-text-editor\" data-id=\"ec224bd\" data-element_type=\"widget\" data-e-type=\"widget\" data-widget_type=\"text-editor.default\">\n\t\t\t\t<div class=\"elementor-widget-container\">\n\t\t\t\t\t\t\t\t\t<p>Bez dalszej zw\u0142oki pozwalam wam cieszy\u0107 si\u0119 t\u0105 pi\u0119kn\u0105 romantyczn\u0105 histori\u0105 w Wenecji z t\u0105 urocz\u0105 zakochan\u0105 par\u0105, May\u0105 i Piotrem, par\u0105, kt\u00f3r\u0105 fotografowanie to przyjemno\u015b\u0107, poniewa\u017c mi\u0142o\u015b\u0107 mi\u0119dzy nimi jest widoczna go\u0142ym okiem. Sp\u0119dzili\u015bmy razem bardzo mi\u0142o czas i cieszyli\u015bmy si\u0119 pi\u0119knem tego wyj\u0105tkowego miasta. Dzi\u0119kuj\u0119!<\/p>\t\t\t\t\t\t\t\t<\/div>\n\t\t\t\t<\/div>\n\t\t\t\t\t<\/div>\n\t\t<\/div>\n\t\t\t\t\t<\/div>\n\t\t<\/section>\n\t\t\t\t<section class=\"elementor-section elementor-top-section elementor-element elementor-element-6ca620fa elementor-section-boxed elementor-section-height-default elementor-section-height-default wpr-particle-no wpr-sticky-section-no wpr-equal-height-no\" data-id=\"6ca620fa\" data-element_type=\"section\" data-e-type=\"section\">\n\t\t\t\t\t\t<div class=\"elementor-container elementor-column-gap-default\">\n\t\t\t\t\t<div class=\"elementor-column elementor-col-100 elementor-top-column elementor-element elementor-element-207f4c0\" data-id=\"207f4c0\" data-element_type=\"column\" data-e-type=\"column\">\n\t\t\t<div class=\"elementor-widget-wrap elementor-element-populated\">\n\t\t\t\t\t\t<div class=\"elementor-element elementor-element-1582662a elementor-widget elementor-widget-text-editor\" data-id=\"1582662a\" data-element_type=\"widget\" data-e-type=\"widget\" data-widget_type=\"text-editor.default\">\n\t\t\t\t<div class=\"elementor-widget-container\">\n\t\t\t\t\t\t\t\t\t<p><audio class=\"wp-audio-shortcode\" id=\"audio-19281-1\" autoplay preload=\"none\" style=\"width: 100%;\" controls=\"controls\"><source type=\"audio\/mpeg\" src=\"https:\/\/www.felixdevega.com\/wp-content\/uploads\/2023\/05\/FISMOLL-feat.-Oly.-The-Healing-Official-Audio.mp3?_=1\" \/><a href=\"https:\/\/www.felixdevega.com\/wp-content\/uploads\/2023\/05\/FISMOLL-feat.-Oly.-The-Healing-Official-Audio.mp3\">https:\/\/www.felixdevega.com\/wp-content\/uploads\/2023\/05\/FISMOLL-feat.-Oly.-The-Healing-Official-Audio.mp3<\/a><\/audio><\/p><p>Music: Fismoll feat. Oly &#8211;\u00a0 The Healing<\/p><p data-wp-editing=\"1\"><img decoding=\"async\" class=\"aligncenter wp-image-18977 size-full\" style=\"margin-bottom: 5px;\" src=\"https:\/\/www.felixdevega.com\/wp-content\/uploads\/2023\/05\/01-Venice-Wedding-photographer-Italy.jpg\" alt=\"piazza san marco venice\" width=\"1250\" height=\"834\" srcset=\"https:\/\/www.felixdevega.com\/wp-content\/uploads\/2023\/05\/01-Venice-Wedding-photographer-Italy.jpg 1250w, https:\/\/www.felixdevega.com\/wp-content\/uploads\/2023\/05\/01-Venice-Wedding-photographer-Italy-750x500.jpg 750w, https:\/\/www.felixdevega.com\/wp-content\/uploads\/2023\/05\/01-Venice-Wedding-photographer-Italy-1200x800.jpg 1200w\" sizes=\"(max-width: 1250px) 100vw, 1250px\" \/> <img decoding=\"async\" class=\"aligncenter wp-image-18981 size-full\" style=\"margin-bottom: 5px;\" src=\"https:\/\/www.felixdevega.com\/wp-content\/uploads\/2023\/05\/02-Venice-Wedding-photographer-Italy.jpg\" alt=\"Venice-Wedding-Photographer-Italy\" width=\"1250\" height=\"792\" srcset=\"https:\/\/www.felixdevega.com\/wp-content\/uploads\/2023\/05\/02-Venice-Wedding-photographer-Italy.jpg 1250w, https:\/\/www.felixdevega.com\/wp-content\/uploads\/2023\/05\/02-Venice-Wedding-photographer-Italy-750x475.jpg 750w\" sizes=\"(max-width: 1250px) 100vw, 1250px\" \/> <img loading=\"lazy\" decoding=\"async\" class=\"aligncenter wp-image-18984 size-full\" style=\"margin-bottom: 5px;\" src=\"https:\/\/www.felixdevega.com\/wp-content\/uploads\/2023\/05\/03-Venice-Wedding-Photographer-Italy.jpg\" alt=\"Venice-Wedding-Photographer-Italy\" width=\"1250\" height=\"786\" srcset=\"https:\/\/www.felixdevega.com\/wp-content\/uploads\/2023\/05\/03-Venice-Wedding-Photographer-Italy.jpg 1250w, https:\/\/www.felixdevega.com\/wp-content\/uploads\/2023\/05\/03-Venice-Wedding-Photographer-Italy-750x472.jpg 750w\" sizes=\"(max-width: 1250px) 100vw, 1250px\" \/> <img loading=\"lazy\" decoding=\"async\" class=\"aligncenter wp-image-18987 size-full\" style=\"margin-bottom: 5px;\" src=\"https:\/\/www.felixdevega.com\/wp-content\/uploads\/2023\/05\/04-Venice-Wedding-Photographer-Italy.jpg\" alt=\"sesja-zdjeciowa-w-wenecji\" width=\"1250\" height=\"834\" srcset=\"https:\/\/www.felixdevega.com\/wp-content\/uploads\/2023\/05\/04-Venice-Wedding-Photographer-Italy.jpg 1250w, https:\/\/www.felixdevega.com\/wp-content\/uploads\/2023\/05\/04-Venice-Wedding-Photographer-Italy-750x500.jpg 750w, https:\/\/www.felixdevega.com\/wp-content\/uploads\/2023\/05\/04-Venice-Wedding-Photographer-Italy-1200x800.jpg 1200w\" sizes=\"(max-width: 1250px) 100vw, 1250px\" \/> <img loading=\"lazy\" decoding=\"async\" class=\"aligncenter wp-image-19002 size-full\" style=\"margin-bottom: 5px;\" src=\"https:\/\/www.felixdevega.com\/wp-content\/uploads\/2023\/06\/05-Venice-Wedding-Photographer-Italy.jpg\" alt=\"Venice-Wedding-Photographer-Italy\" width=\"1250\" height=\"834\" srcset=\"https:\/\/www.felixdevega.com\/wp-content\/uploads\/2023\/06\/05-Venice-Wedding-Photographer-Italy.jpg 1250w, https:\/\/www.felixdevega.com\/wp-content\/uploads\/2023\/06\/05-Venice-Wedding-Photographer-Italy-750x500.jpg 750w, https:\/\/www.felixdevega.com\/wp-content\/uploads\/2023\/06\/05-Venice-Wedding-Photographer-Italy-1200x800.jpg 1200w\" sizes=\"(max-width: 1250px) 100vw, 1250px\" \/> <img loading=\"lazy\" decoding=\"async\" class=\"aligncenter wp-image-19005 size-full\" style=\"margin-bottom: 5px;\" src=\"https:\/\/www.felixdevega.com\/wp-content\/uploads\/2023\/06\/06-Venice-Wedding-Photographer-Elopement-Italy.jpg\" alt=\"Venice-Wedding-Photographer-Italy\" width=\"1250\" height=\"834\" srcset=\"https:\/\/www.felixdevega.com\/wp-content\/uploads\/2023\/06\/06-Venice-Wedding-Photographer-Elopement-Italy.jpg 1250w, https:\/\/www.felixdevega.com\/wp-content\/uploads\/2023\/06\/06-Venice-Wedding-Photographer-Elopement-Italy-750x500.jpg 750w, https:\/\/www.felixdevega.com\/wp-content\/uploads\/2023\/06\/06-Venice-Wedding-Photographer-Elopement-Italy-1200x800.jpg 1200w\" sizes=\"(max-width: 1250px) 100vw, 1250px\" \/> <img loading=\"lazy\" decoding=\"async\" class=\"aligncenter wp-image-19008 size-full\" style=\"margin-bottom: 5px;\" src=\"https:\/\/www.felixdevega.com\/wp-content\/uploads\/2023\/06\/07-Venice-Wedding-Photographer-Elopement-Italy.jpg\" alt=\"Venice-Wedding-Photographer-Italy\" width=\"1250\" height=\"834\" srcset=\"https:\/\/www.felixdevega.com\/wp-content\/uploads\/2023\/06\/07-Venice-Wedding-Photographer-Elopement-Italy.jpg 1250w, https:\/\/www.felixdevega.com\/wp-content\/uploads\/2023\/06\/07-Venice-Wedding-Photographer-Elopement-Italy-750x500.jpg 750w, https:\/\/www.felixdevega.com\/wp-content\/uploads\/2023\/06\/07-Venice-Wedding-Photographer-Elopement-Italy-1200x800.jpg 1200w\" sizes=\"(max-width: 1250px) 100vw, 1250px\" \/><img loading=\"lazy\" decoding=\"async\" class=\"aligncenter wp-image-19301 size-full\" style=\"margin-bottom: 5px;\" src=\"https:\/\/www.felixdevega.com\/wp-content\/uploads\/2023\/06\/08-slub-we-wloszech-wenecja-fotograf-sesja-zdjeciowa.jpg\" alt=\"slub-we w\u0142oszech\" width=\"1250\" height=\"834\" srcset=\"https:\/\/www.felixdevega.com\/wp-content\/uploads\/2023\/06\/08-slub-we-wloszech-wenecja-fotograf-sesja-zdjeciowa.jpg 1250w, https:\/\/www.felixdevega.com\/wp-content\/uploads\/2023\/06\/08-slub-we-wloszech-wenecja-fotograf-sesja-zdjeciowa-750x500.jpg 750w, https:\/\/www.felixdevega.com\/wp-content\/uploads\/2023\/06\/08-slub-we-wloszech-wenecja-fotograf-sesja-zdjeciowa-1200x800.jpg 1200w\" sizes=\"(max-width: 1250px) 100vw, 1250px\" \/> <img loading=\"lazy\" decoding=\"async\" class=\"aligncenter wp-image-19304 size-full\" style=\"margin-bottom: 5px;\" src=\"https:\/\/www.felixdevega.com\/wp-content\/uploads\/2023\/06\/11-slub-we-wloszech-wenecja-fotograf-sesja-zdjeciowa.jpg\" alt=\"slub-we w\u0142oszech\" width=\"1250\" height=\"834\" srcset=\"https:\/\/www.felixdevega.com\/wp-content\/uploads\/2023\/06\/11-slub-we-wloszech-wenecja-fotograf-sesja-zdjeciowa.jpg 1250w, https:\/\/www.felixdevega.com\/wp-content\/uploads\/2023\/06\/11-slub-we-wloszech-wenecja-fotograf-sesja-zdjeciowa-750x500.jpg 750w, https:\/\/www.felixdevega.com\/wp-content\/uploads\/2023\/06\/11-slub-we-wloszech-wenecja-fotograf-sesja-zdjeciowa-1200x800.jpg 1200w\" sizes=\"(max-width: 1250px) 100vw, 1250px\" \/> <img loading=\"lazy\" decoding=\"async\" class=\"aligncenter wp-image-19307 size-full\" style=\"margin-bottom: 5px;\" src=\"https:\/\/www.felixdevega.com\/wp-content\/uploads\/2023\/06\/12-slub-we-wloszech-wenecja-fotograf-sesja-zdjeciowa.jpg\" alt=\"slub-we w\u0142oszech\" width=\"1250\" height=\"834\" srcset=\"https:\/\/www.felixdevega.com\/wp-content\/uploads\/2023\/06\/12-slub-we-wloszech-wenecja-fotograf-sesja-zdjeciowa.jpg 1250w, https:\/\/www.felixdevega.com\/wp-content\/uploads\/2023\/06\/12-slub-we-wloszech-wenecja-fotograf-sesja-zdjeciowa-750x500.jpg 750w, https:\/\/www.felixdevega.com\/wp-content\/uploads\/2023\/06\/12-slub-we-wloszech-wenecja-fotograf-sesja-zdjeciowa-1200x800.jpg 1200w\" sizes=\"(max-width: 1250px) 100vw, 1250px\" \/> <img loading=\"lazy\" decoding=\"async\" class=\"aligncenter wp-image-19310 size-full\" style=\"margin-bottom: 5px;\" src=\"https:\/\/www.felixdevega.com\/wp-content\/uploads\/2023\/06\/13-slub-we-wloszech-wenecja-fotograf-sesja-zdjeciowa.jpg\" alt=\"slub-we w\u0142oszech\" width=\"1250\" height=\"834\" srcset=\"https:\/\/www.felixdevega.com\/wp-content\/uploads\/2023\/06\/13-slub-we-wloszech-wenecja-fotograf-sesja-zdjeciowa.jpg 1250w, https:\/\/www.felixdevega.com\/wp-content\/uploads\/2023\/06\/13-slub-we-wloszech-wenecja-fotograf-sesja-zdjeciowa-750x500.jpg 750w, https:\/\/www.felixdevega.com\/wp-content\/uploads\/2023\/06\/13-slub-we-wloszech-wenecja-fotograf-sesja-zdjeciowa-1200x800.jpg 1200w\" sizes=\"(max-width: 1250px) 100vw, 1250px\" \/> <img loading=\"lazy\" decoding=\"async\" class=\"aligncenter wp-image-19313 size-full\" style=\"margin-bottom: 5px;\" src=\"https:\/\/www.felixdevega.com\/wp-content\/uploads\/2023\/06\/14-slub-we-wloszech-wenecja-fotograf-sesja-zdjeciowa.jpg\" alt=\"slub-we w\u0142oszech\" width=\"1250\" height=\"834\" srcset=\"https:\/\/www.felixdevega.com\/wp-content\/uploads\/2023\/06\/14-slub-we-wloszech-wenecja-fotograf-sesja-zdjeciowa.jpg 1250w, https:\/\/www.felixdevega.com\/wp-content\/uploads\/2023\/06\/14-slub-we-wloszech-wenecja-fotograf-sesja-zdjeciowa-750x500.jpg 750w, https:\/\/www.felixdevega.com\/wp-content\/uploads\/2023\/06\/14-slub-we-wloszech-wenecja-fotograf-sesja-zdjeciowa-1200x800.jpg 1200w\" sizes=\"(max-width: 1250px) 100vw, 1250px\" \/> <img loading=\"lazy\" decoding=\"async\" class=\"aligncenter wp-image-19316 size-full\" style=\"margin-bottom: 5px;\" src=\"https:\/\/www.felixdevega.com\/wp-content\/uploads\/2023\/06\/15-slub-we-wloszech-wenecja-fotograf-sesja-zdjeciowa.jpg\" alt=\"slub-we w\u0142oszech\" width=\"1250\" height=\"834\" srcset=\"https:\/\/www.felixdevega.com\/wp-content\/uploads\/2023\/06\/15-slub-we-wloszech-wenecja-fotograf-sesja-zdjeciowa.jpg 1250w, https:\/\/www.felixdevega.com\/wp-content\/uploads\/2023\/06\/15-slub-we-wloszech-wenecja-fotograf-sesja-zdjeciowa-750x500.jpg 750w, https:\/\/www.felixdevega.com\/wp-content\/uploads\/2023\/06\/15-slub-we-wloszech-wenecja-fotograf-sesja-zdjeciowa-1200x800.jpg 1200w\" sizes=\"(max-width: 1250px) 100vw, 1250px\" \/><img loading=\"lazy\" decoding=\"async\" class=\"aligncenter wp-image-19319 size-full\" style=\"margin-bottom: 5px;\" src=\"https:\/\/www.felixdevega.com\/wp-content\/uploads\/2023\/06\/16-slub-we-wloszech-wenecja-fotograf-sesja-zdjeciowa.jpg\" alt=\"slub-we w\u0142oszech\" width=\"1250\" height=\"834\" srcset=\"https:\/\/www.felixdevega.com\/wp-content\/uploads\/2023\/06\/16-slub-we-wloszech-wenecja-fotograf-sesja-zdjeciowa.jpg 1250w, https:\/\/www.felixdevega.com\/wp-content\/uploads\/2023\/06\/16-slub-we-wloszech-wenecja-fotograf-sesja-zdjeciowa-750x500.jpg 750w, https:\/\/www.felixdevega.com\/wp-content\/uploads\/2023\/06\/16-slub-we-wloszech-wenecja-fotograf-sesja-zdjeciowa-1200x800.jpg 1200w\" sizes=\"(max-width: 1250px) 100vw, 1250px\" \/> <img loading=\"lazy\" decoding=\"async\" class=\"aligncenter wp-image-19322 size-full\" style=\"margin-bottom: 5px;\" src=\"https:\/\/www.felixdevega.com\/wp-content\/uploads\/2023\/06\/17-slub-we-wloszech-wenecja-fotograf-sesja-zdjeciowa.jpg\" alt=\"slub-we w\u0142oszech\" width=\"1250\" height=\"834\" srcset=\"https:\/\/www.felixdevega.com\/wp-content\/uploads\/2023\/06\/17-slub-we-wloszech-wenecja-fotograf-sesja-zdjeciowa.jpg 1250w, https:\/\/www.felixdevega.com\/wp-content\/uploads\/2023\/06\/17-slub-we-wloszech-wenecja-fotograf-sesja-zdjeciowa-750x500.jpg 750w, https:\/\/www.felixdevega.com\/wp-content\/uploads\/2023\/06\/17-slub-we-wloszech-wenecja-fotograf-sesja-zdjeciowa-1200x800.jpg 1200w\" sizes=\"(max-width: 1250px) 100vw, 1250px\" \/> <img loading=\"lazy\" decoding=\"async\" class=\"aligncenter wp-image-19325 size-full\" style=\"margin-bottom: 5px;\" src=\"https:\/\/www.felixdevega.com\/wp-content\/uploads\/2023\/06\/18-slub-we-wloszech-wenecja-fotograf-sesja-zdjeciowa.jpg\" alt=\"slub-we w\u0142oszech\" width=\"1250\" height=\"834\" srcset=\"https:\/\/www.felixdevega.com\/wp-content\/uploads\/2023\/06\/18-slub-we-wloszech-wenecja-fotograf-sesja-zdjeciowa.jpg 1250w, https:\/\/www.felixdevega.com\/wp-content\/uploads\/2023\/06\/18-slub-we-wloszech-wenecja-fotograf-sesja-zdjeciowa-750x500.jpg 750w, https:\/\/www.felixdevega.com\/wp-content\/uploads\/2023\/06\/18-slub-we-wloszech-wenecja-fotograf-sesja-zdjeciowa-1200x800.jpg 1200w\" sizes=\"(max-width: 1250px) 100vw, 1250px\" \/> <img loading=\"lazy\" decoding=\"async\" class=\"aligncenter wp-image-19041 size-full\" style=\"margin-bottom: 5px;\" src=\"https:\/\/www.felixdevega.com\/wp-content\/uploads\/2023\/06\/19-blog-dos-fotos-horizontales4.jpg\" alt=\"\" width=\"1250\" height=\"416\" srcset=\"https:\/\/www.felixdevega.com\/wp-content\/uploads\/2023\/06\/19-blog-dos-fotos-horizontales4.jpg 1250w, https:\/\/www.felixdevega.com\/wp-content\/uploads\/2023\/06\/19-blog-dos-fotos-horizontales4-750x250.jpg 750w\" sizes=\"(max-width: 1250px) 100vw, 1250px\" \/> <img loading=\"lazy\" decoding=\"async\" class=\"aligncenter wp-image-19328 size-full\" style=\"margin-bottom: 5px;\" src=\"https:\/\/www.felixdevega.com\/wp-content\/uploads\/2023\/06\/20-slub-we-wloszech-wenecja-fotograf-sesja-zdjeciowa.jpg\" alt=\"slub-we w\u0142oszech\" width=\"1250\" height=\"834\" srcset=\"https:\/\/www.felixdevega.com\/wp-content\/uploads\/2023\/06\/20-slub-we-wloszech-wenecja-fotograf-sesja-zdjeciowa.jpg 1250w, https:\/\/www.felixdevega.com\/wp-content\/uploads\/2023\/06\/20-slub-we-wloszech-wenecja-fotograf-sesja-zdjeciowa-750x500.jpg 750w, https:\/\/www.felixdevega.com\/wp-content\/uploads\/2023\/06\/20-slub-we-wloszech-wenecja-fotograf-sesja-zdjeciowa-1200x800.jpg 1200w\" sizes=\"(max-width: 1250px) 100vw, 1250px\" \/> <img loading=\"lazy\" decoding=\"async\" class=\"aligncenter wp-image-19331 size-full\" style=\"margin-bottom: 5px;\" src=\"https:\/\/www.felixdevega.com\/wp-content\/uploads\/2023\/06\/21-slub-we-wloszech-wenecja-fotograf-sesja-zdjeciowa.jpg\" alt=\"slub-we w\u0142oszech\" width=\"1250\" height=\"834\" srcset=\"https:\/\/www.felixdevega.com\/wp-content\/uploads\/2023\/06\/21-slub-we-wloszech-wenecja-fotograf-sesja-zdjeciowa.jpg 1250w, https:\/\/www.felixdevega.com\/wp-content\/uploads\/2023\/06\/21-slub-we-wloszech-wenecja-fotograf-sesja-zdjeciowa-750x500.jpg 750w, https:\/\/www.felixdevega.com\/wp-content\/uploads\/2023\/06\/21-slub-we-wloszech-wenecja-fotograf-sesja-zdjeciowa-1200x800.jpg 1200w\" sizes=\"(max-width: 1250px) 100vw, 1250px\" \/> <img loading=\"lazy\" decoding=\"async\" class=\"aligncenter wp-image-19334 size-full\" style=\"margin-bottom: 5px;\" src=\"https:\/\/www.felixdevega.com\/wp-content\/uploads\/2023\/06\/22-slub-we-wloszech-wenecja-fotograf-sesja-zdjeciowa.jpg\" alt=\"slub-we w\u0142oszech\" width=\"1250\" height=\"834\" srcset=\"https:\/\/www.felixdevega.com\/wp-content\/uploads\/2023\/06\/22-slub-we-wloszech-wenecja-fotograf-sesja-zdjeciowa.jpg 1250w, https:\/\/www.felixdevega.com\/wp-content\/uploads\/2023\/06\/22-slub-we-wloszech-wenecja-fotograf-sesja-zdjeciowa-750x500.jpg 750w, https:\/\/www.felixdevega.com\/wp-content\/uploads\/2023\/06\/22-slub-we-wloszech-wenecja-fotograf-sesja-zdjeciowa-1200x800.jpg 1200w\" sizes=\"(max-width: 1250px) 100vw, 1250px\" \/> <img loading=\"lazy\" decoding=\"async\" class=\"aligncenter wp-image-19337 size-full\" style=\"margin-bottom: 5px;\" src=\"https:\/\/www.felixdevega.com\/wp-content\/uploads\/2023\/06\/23-slub-we-wloszech-wenecja-fotograf-sesja-zdjeciowa.jpg\" alt=\"slub-we w\u0142oszech\" width=\"1250\" height=\"834\" srcset=\"https:\/\/www.felixdevega.com\/wp-content\/uploads\/2023\/06\/23-slub-we-wloszech-wenecja-fotograf-sesja-zdjeciowa.jpg 1250w, https:\/\/www.felixdevega.com\/wp-content\/uploads\/2023\/06\/23-slub-we-wloszech-wenecja-fotograf-sesja-zdjeciowa-750x500.jpg 750w, https:\/\/www.felixdevega.com\/wp-content\/uploads\/2023\/06\/23-slub-we-wloszech-wenecja-fotograf-sesja-zdjeciowa-1200x800.jpg 1200w\" sizes=\"(max-width: 1250px) 100vw, 1250px\" \/> <img loading=\"lazy\" decoding=\"async\" class=\"aligncenter wp-image-19340 size-full\" style=\"margin-bottom: 5px;\" src=\"https:\/\/www.felixdevega.com\/wp-content\/uploads\/2023\/06\/24-slub-we-wloszech-wenecja-fotograf-sesja-zdjeciowa.jpg\" alt=\"slub-we w\u0142oszech\" width=\"1250\" height=\"834\" srcset=\"https:\/\/www.felixdevega.com\/wp-content\/uploads\/2023\/06\/24-slub-we-wloszech-wenecja-fotograf-sesja-zdjeciowa.jpg 1250w, https:\/\/www.felixdevega.com\/wp-content\/uploads\/2023\/06\/24-slub-we-wloszech-wenecja-fotograf-sesja-zdjeciowa-750x500.jpg 750w, https:\/\/www.felixdevega.com\/wp-content\/uploads\/2023\/06\/24-slub-we-wloszech-wenecja-fotograf-sesja-zdjeciowa-1200x800.jpg 1200w\" sizes=\"(max-width: 1250px) 100vw, 1250px\" \/> <img loading=\"lazy\" decoding=\"async\" class=\"aligncenter wp-image-19343 size-full\" style=\"margin-bottom: 5px;\" src=\"https:\/\/www.felixdevega.com\/wp-content\/uploads\/2023\/06\/26-slub-we-wloszech-wenecja-fotograf-sesja-zdjeciowa.jpg\" alt=\"slub-we w\u0142oszech\" width=\"1250\" height=\"834\" srcset=\"https:\/\/www.felixdevega.com\/wp-content\/uploads\/2023\/06\/26-slub-we-wloszech-wenecja-fotograf-sesja-zdjeciowa.jpg 1250w, https:\/\/www.felixdevega.com\/wp-content\/uploads\/2023\/06\/26-slub-we-wloszech-wenecja-fotograf-sesja-zdjeciowa-750x500.jpg 750w, https:\/\/www.felixdevega.com\/wp-content\/uploads\/2023\/06\/26-slub-we-wloszech-wenecja-fotograf-sesja-zdjeciowa-1200x800.jpg 1200w\" sizes=\"(max-width: 1250px) 100vw, 1250px\" \/> <img loading=\"lazy\" decoding=\"async\" class=\"aligncenter wp-image-19346 size-full\" style=\"margin-bottom: 5px;\" src=\"https:\/\/www.felixdevega.com\/wp-content\/uploads\/2023\/06\/27-slub-we-wloszech-wenecja-fotograf-sesja-zdjeciowa.jpg\" alt=\"slub-we w\u0142oszech\" width=\"1250\" height=\"834\" srcset=\"https:\/\/www.felixdevega.com\/wp-content\/uploads\/2023\/06\/27-slub-we-wloszech-wenecja-fotograf-sesja-zdjeciowa.jpg 1250w, https:\/\/www.felixdevega.com\/wp-content\/uploads\/2023\/06\/27-slub-we-wloszech-wenecja-fotograf-sesja-zdjeciowa-750x500.jpg 750w, https:\/\/www.felixdevega.com\/wp-content\/uploads\/2023\/06\/27-slub-we-wloszech-wenecja-fotograf-sesja-zdjeciowa-1200x800.jpg 1200w\" sizes=\"(max-width: 1250px) 100vw, 1250px\" \/> <img loading=\"lazy\" decoding=\"async\" class=\"aligncenter wp-image-19349 size-full\" style=\"margin-bottom: 5px;\" src=\"https:\/\/www.felixdevega.com\/wp-content\/uploads\/2023\/06\/28-slub-we-wloszech-wenecja-fotograf-sesja-zdjeciowa.jpg\" alt=\"slub-we w\u0142oszech\" width=\"1250\" height=\"834\" srcset=\"https:\/\/www.felixdevega.com\/wp-content\/uploads\/2023\/06\/28-slub-we-wloszech-wenecja-fotograf-sesja-zdjeciowa.jpg 1250w, https:\/\/www.felixdevega.com\/wp-content\/uploads\/2023\/06\/28-slub-we-wloszech-wenecja-fotograf-sesja-zdjeciowa-750x500.jpg 750w, https:\/\/www.felixdevega.com\/wp-content\/uploads\/2023\/06\/28-slub-we-wloszech-wenecja-fotograf-sesja-zdjeciowa-1200x800.jpg 1200w\" sizes=\"(max-width: 1250px) 100vw, 1250px\" \/> <img loading=\"lazy\" decoding=\"async\" class=\"aligncenter wp-image-19352 size-full\" style=\"margin-bottom: 5px;\" src=\"https:\/\/www.felixdevega.com\/wp-content\/uploads\/2023\/06\/29-slub-we-wloszech-wenecja-fotograf-sesja-zdjeciowa.jpg\" alt=\"slub-we w\u0142oszech\" width=\"1250\" height=\"834\" srcset=\"https:\/\/www.felixdevega.com\/wp-content\/uploads\/2023\/06\/29-slub-we-wloszech-wenecja-fotograf-sesja-zdjeciowa.jpg 1250w, https:\/\/www.felixdevega.com\/wp-content\/uploads\/2023\/06\/29-slub-we-wloszech-wenecja-fotograf-sesja-zdjeciowa-750x500.jpg 750w, https:\/\/www.felixdevega.com\/wp-content\/uploads\/2023\/06\/29-slub-we-wloszech-wenecja-fotograf-sesja-zdjeciowa-1200x800.jpg 1200w\" sizes=\"(max-width: 1250px) 100vw, 1250px\" \/><img loading=\"lazy\" decoding=\"async\" class=\"aligncenter wp-image-19355 size-full\" style=\"margin-bottom: 5px;\" src=\"https:\/\/www.felixdevega.com\/wp-content\/uploads\/2023\/06\/30-slub-we-wloszech-wenecja-fotograf-sesja-zdjeciowa.jpg\" alt=\"slub-we w\u0142oszech\" width=\"1250\" height=\"834\" srcset=\"https:\/\/www.felixdevega.com\/wp-content\/uploads\/2023\/06\/30-slub-we-wloszech-wenecja-fotograf-sesja-zdjeciowa.jpg 1250w, https:\/\/www.felixdevega.com\/wp-content\/uploads\/2023\/06\/30-slub-we-wloszech-wenecja-fotograf-sesja-zdjeciowa-750x500.jpg 750w, https:\/\/www.felixdevega.com\/wp-content\/uploads\/2023\/06\/30-slub-we-wloszech-wenecja-fotograf-sesja-zdjeciowa-1200x800.jpg 1200w\" sizes=\"(max-width: 1250px) 100vw, 1250px\" \/> <img loading=\"lazy\" decoding=\"async\" class=\"aligncenter wp-image-19358 size-full\" style=\"margin-bottom: 5px;\" src=\"https:\/\/www.felixdevega.com\/wp-content\/uploads\/2023\/06\/31-slub-we-wloszech-wenecja-fotograf-sesja-zdjeciowa.jpg\" alt=\"slub-we w\u0142oszech\" width=\"1250\" height=\"834\" srcset=\"https:\/\/www.felixdevega.com\/wp-content\/uploads\/2023\/06\/31-slub-we-wloszech-wenecja-fotograf-sesja-zdjeciowa.jpg 1250w, https:\/\/www.felixdevega.com\/wp-content\/uploads\/2023\/06\/31-slub-we-wloszech-wenecja-fotograf-sesja-zdjeciowa-750x500.jpg 750w, https:\/\/www.felixdevega.com\/wp-content\/uploads\/2023\/06\/31-slub-we-wloszech-wenecja-fotograf-sesja-zdjeciowa-1200x800.jpg 1200w\" sizes=\"(max-width: 1250px) 100vw, 1250px\" \/> <img loading=\"lazy\" decoding=\"async\" class=\"aligncenter wp-image-19361 size-full\" style=\"margin-bottom: 5px;\" src=\"https:\/\/www.felixdevega.com\/wp-content\/uploads\/2023\/06\/32-slub-we-wloszech-wenecja-fotograf-sesja-zdjeciowa.jpg\" alt=\"slub-we w\u0142oszech\" width=\"1250\" height=\"834\" srcset=\"https:\/\/www.felixdevega.com\/wp-content\/uploads\/2023\/06\/32-slub-we-wloszech-wenecja-fotograf-sesja-zdjeciowa.jpg 1250w, https:\/\/www.felixdevega.com\/wp-content\/uploads\/2023\/06\/32-slub-we-wloszech-wenecja-fotograf-sesja-zdjeciowa-750x500.jpg 750w, https:\/\/www.felixdevega.com\/wp-content\/uploads\/2023\/06\/32-slub-we-wloszech-wenecja-fotograf-sesja-zdjeciowa-1200x800.jpg 1200w\" sizes=\"(max-width: 1250px) 100vw, 1250px\" \/> <img loading=\"lazy\" decoding=\"async\" class=\"aligncenter wp-image-19364 size-full\" style=\"margin-bottom: 5px;\" src=\"https:\/\/www.felixdevega.com\/wp-content\/uploads\/2023\/06\/33-slub-we-wloszech-wenecja-fotograf-sesja-zdjeciowa.jpg\" alt=\"slub-we w\u0142oszech\" width=\"1250\" height=\"834\" srcset=\"https:\/\/www.felixdevega.com\/wp-content\/uploads\/2023\/06\/33-slub-we-wloszech-wenecja-fotograf-sesja-zdjeciowa.jpg 1250w, https:\/\/www.felixdevega.com\/wp-content\/uploads\/2023\/06\/33-slub-we-wloszech-wenecja-fotograf-sesja-zdjeciowa-750x500.jpg 750w, https:\/\/www.felixdevega.com\/wp-content\/uploads\/2023\/06\/33-slub-we-wloszech-wenecja-fotograf-sesja-zdjeciowa-1200x800.jpg 1200w\" sizes=\"(max-width: 1250px) 100vw, 1250px\" \/> <img loading=\"lazy\" decoding=\"async\" class=\"aligncenter wp-image-19367 size-full\" style=\"margin-bottom: 5px;\" src=\"https:\/\/www.felixdevega.com\/wp-content\/uploads\/2023\/06\/35-slub-we-wloszech-wenecja-fotograf-sesja-zdjeciowa.jpg\" alt=\"slub-we w\u0142oszech\" width=\"1250\" height=\"834\" srcset=\"https:\/\/www.felixdevega.com\/wp-content\/uploads\/2023\/06\/35-slub-we-wloszech-wenecja-fotograf-sesja-zdjeciowa.jpg 1250w, https:\/\/www.felixdevega.com\/wp-content\/uploads\/2023\/06\/35-slub-we-wloszech-wenecja-fotograf-sesja-zdjeciowa-750x500.jpg 750w, https:\/\/www.felixdevega.com\/wp-content\/uploads\/2023\/06\/35-slub-we-wloszech-wenecja-fotograf-sesja-zdjeciowa-1200x800.jpg 1200w\" sizes=\"(max-width: 1250px) 100vw, 1250px\" \/><img loading=\"lazy\" decoding=\"async\" class=\"aligncenter wp-image-19084 size-full\" style=\"margin-bottom: 5px;\" src=\"https:\/\/www.felixdevega.com\/wp-content\/uploads\/2023\/06\/36-Venice-Wedding-Photographer-Elopement-Italy.jpg\" alt=\"Venice-Wedding-Photographer-Italy\" width=\"1250\" height=\"834\" srcset=\"https:\/\/www.felixdevega.com\/wp-content\/uploads\/2023\/06\/36-Venice-Wedding-Photographer-Elopement-Italy.jpg 1250w, https:\/\/www.felixdevega.com\/wp-content\/uploads\/2023\/06\/36-Venice-Wedding-Photographer-Elopement-Italy-750x500.jpg 750w, https:\/\/www.felixdevega.com\/wp-content\/uploads\/2023\/06\/36-Venice-Wedding-Photographer-Elopement-Italy-1200x800.jpg 1200w\" sizes=\"(max-width: 1250px) 100vw, 1250px\" \/> <img loading=\"lazy\" decoding=\"async\" class=\"aligncenter wp-image-19087 size-full\" style=\"margin-bottom: 5px;\" src=\"https:\/\/www.felixdevega.com\/wp-content\/uploads\/2023\/06\/37-Venice-Wedding-Photographer-Elopement-Italy.jpg\" alt=\"\" width=\"1250\" height=\"834\" srcset=\"https:\/\/www.felixdevega.com\/wp-content\/uploads\/2023\/06\/37-Venice-Wedding-Photographer-Elopement-Italy.jpg 1250w, https:\/\/www.felixdevega.com\/wp-content\/uploads\/2023\/06\/37-Venice-Wedding-Photographer-Elopement-Italy-750x500.jpg 750w, https:\/\/www.felixdevega.com\/wp-content\/uploads\/2023\/06\/37-Venice-Wedding-Photographer-Elopement-Italy-1200x800.jpg 1200w\" sizes=\"(max-width: 1250px) 100vw, 1250px\" \/> <img loading=\"lazy\" decoding=\"async\" class=\"aligncenter wp-image-19090 size-full\" style=\"margin-bottom: 5px;\" src=\"https:\/\/www.felixdevega.com\/wp-content\/uploads\/2023\/06\/38-blog-dos-fotos-horizontales8.jpg\" alt=\"\" width=\"1250\" height=\"416\" srcset=\"https:\/\/www.felixdevega.com\/wp-content\/uploads\/2023\/06\/38-blog-dos-fotos-horizontales8.jpg 1250w, https:\/\/www.felixdevega.com\/wp-content\/uploads\/2023\/06\/38-blog-dos-fotos-horizontales8-750x250.jpg 750w\" sizes=\"(max-width: 1250px) 100vw, 1250px\" \/> <img loading=\"lazy\" decoding=\"async\" class=\"aligncenter wp-image-19370 size-full\" style=\"margin-bottom: 5px;\" src=\"https:\/\/www.felixdevega.com\/wp-content\/uploads\/2023\/06\/39-slub-we-wloszech-wenecja-fotograf-sesja-zdjeciowa.jpg\" alt=\"slub-we w\u0142oszech\" width=\"1250\" height=\"834\" srcset=\"https:\/\/www.felixdevega.com\/wp-content\/uploads\/2023\/06\/39-slub-we-wloszech-wenecja-fotograf-sesja-zdjeciowa.jpg 1250w, https:\/\/www.felixdevega.com\/wp-content\/uploads\/2023\/06\/39-slub-we-wloszech-wenecja-fotograf-sesja-zdjeciowa-750x500.jpg 750w, https:\/\/www.felixdevega.com\/wp-content\/uploads\/2023\/06\/39-slub-we-wloszech-wenecja-fotograf-sesja-zdjeciowa-1200x800.jpg 1200w\" sizes=\"(max-width: 1250px) 100vw, 1250px\" \/> <img loading=\"lazy\" decoding=\"async\" class=\"aligncenter wp-image-19373 size-full\" style=\"margin-bottom: 5px;\" src=\"https:\/\/www.felixdevega.com\/wp-content\/uploads\/2023\/06\/41-slub-we-wloszech-wenecja-fotograf-sesja-zdjeciowa.jpg\" alt=\"slub-we w\u0142oszech\" width=\"1250\" height=\"834\" srcset=\"https:\/\/www.felixdevega.com\/wp-content\/uploads\/2023\/06\/41-slub-we-wloszech-wenecja-fotograf-sesja-zdjeciowa.jpg 1250w, https:\/\/www.felixdevega.com\/wp-content\/uploads\/2023\/06\/41-slub-we-wloszech-wenecja-fotograf-sesja-zdjeciowa-750x500.jpg 750w, https:\/\/www.felixdevega.com\/wp-content\/uploads\/2023\/06\/41-slub-we-wloszech-wenecja-fotograf-sesja-zdjeciowa-1200x800.jpg 1200w\" sizes=\"(max-width: 1250px) 100vw, 1250px\" \/> <img loading=\"lazy\" decoding=\"async\" class=\"aligncenter wp-image-19099 size-full\" style=\"margin-bottom: 5px;\" src=\"https:\/\/www.felixdevega.com\/wp-content\/uploads\/2023\/06\/43-Venice-Wedding-Photographer-Elopement-Italy.jpg\" alt=\"\" width=\"1250\" height=\"834\" srcset=\"https:\/\/www.felixdevega.com\/wp-content\/uploads\/2023\/06\/43-Venice-Wedding-Photographer-Elopement-Italy.jpg 1250w, https:\/\/www.felixdevega.com\/wp-content\/uploads\/2023\/06\/43-Venice-Wedding-Photographer-Elopement-Italy-750x500.jpg 750w, https:\/\/www.felixdevega.com\/wp-content\/uploads\/2023\/06\/43-Venice-Wedding-Photographer-Elopement-Italy-1200x800.jpg 1200w\" sizes=\"(max-width: 1250px) 100vw, 1250px\" \/> <img loading=\"lazy\" decoding=\"async\" class=\"aligncenter wp-image-19102 size-full\" style=\"margin-bottom: 5px;\" src=\"https:\/\/www.felixdevega.com\/wp-content\/uploads\/2023\/06\/44-Venice-Wedding-Photographer-Italy.jpg\" alt=\"sesja-zdjeciowa-w-wenecji-wlochy\" width=\"1250\" height=\"834\" srcset=\"https:\/\/www.felixdevega.com\/wp-content\/uploads\/2023\/06\/44-Venice-Wedding-Photographer-Italy.jpg 1250w, https:\/\/www.felixdevega.com\/wp-content\/uploads\/2023\/06\/44-Venice-Wedding-Photographer-Italy-750x500.jpg 750w, https:\/\/www.felixdevega.com\/wp-content\/uploads\/2023\/06\/44-Venice-Wedding-Photographer-Italy-1200x800.jpg 1200w\" sizes=\"(max-width: 1250px) 100vw, 1250px\" \/> <img loading=\"lazy\" decoding=\"async\" class=\"aligncenter wp-image-19376 size-full\" style=\"margin-bottom: 5px;\" src=\"https:\/\/www.felixdevega.com\/wp-content\/uploads\/2023\/06\/45-slub-we-wloszech-wenecja-fotograf-sesja-zdjeciowa.jpg\" alt=\"sesja-zdjeciowa-w-wenecji-wlochy\" width=\"1250\" height=\"834\" srcset=\"https:\/\/www.felixdevega.com\/wp-content\/uploads\/2023\/06\/45-slub-we-wloszech-wenecja-fotograf-sesja-zdjeciowa.jpg 1250w, https:\/\/www.felixdevega.com\/wp-content\/uploads\/2023\/06\/45-slub-we-wloszech-wenecja-fotograf-sesja-zdjeciowa-750x500.jpg 750w, https:\/\/www.felixdevega.com\/wp-content\/uploads\/2023\/06\/45-slub-we-wloszech-wenecja-fotograf-sesja-zdjeciowa-1200x800.jpg 1200w\" sizes=\"(max-width: 1250px) 100vw, 1250px\" \/> <img loading=\"lazy\" decoding=\"async\" class=\"aligncenter wp-image-19379 size-full\" style=\"margin-bottom: 5px;\" src=\"https:\/\/www.felixdevega.com\/wp-content\/uploads\/2023\/06\/47-slub-we-wloszech-wenecja-fotograf-sesja-zdjeciowa.jpg\" alt=\"sesja-zdjeciowa-w-wenecji-wlochy\" width=\"1250\" height=\"834\" srcset=\"https:\/\/www.felixdevega.com\/wp-content\/uploads\/2023\/06\/47-slub-we-wloszech-wenecja-fotograf-sesja-zdjeciowa.jpg 1250w, https:\/\/www.felixdevega.com\/wp-content\/uploads\/2023\/06\/47-slub-we-wloszech-wenecja-fotograf-sesja-zdjeciowa-750x500.jpg 750w, https:\/\/www.felixdevega.com\/wp-content\/uploads\/2023\/06\/47-slub-we-wloszech-wenecja-fotograf-sesja-zdjeciowa-1200x800.jpg 1200w\" sizes=\"(max-width: 1250px) 100vw, 1250px\" \/><img loading=\"lazy\" decoding=\"async\" class=\"aligncenter wp-image-19111 size-full\" style=\"margin-bottom: 5px;\" src=\"https:\/\/www.felixdevega.com\/wp-content\/uploads\/2023\/06\/48-blog-dos-fotos-horizontales1b.jpg\" alt=\"\" width=\"1250\" height=\"416\" srcset=\"https:\/\/www.felixdevega.com\/wp-content\/uploads\/2023\/06\/48-blog-dos-fotos-horizontales1b.jpg 1250w, https:\/\/www.felixdevega.com\/wp-content\/uploads\/2023\/06\/48-blog-dos-fotos-horizontales1b-750x250.jpg 750w\" sizes=\"(max-width: 1250px) 100vw, 1250px\" \/><img loading=\"lazy\" decoding=\"async\" class=\"aligncenter wp-image-19382 size-full\" style=\"margin-bottom: 5px;\" src=\"https:\/\/www.felixdevega.com\/wp-content\/uploads\/2023\/06\/49-slub-we-wloszech-wenecja-fotograf-sesja-zdjeciowa.jpg\" alt=\"sesja-zdjeciowa-w-wenecji-wlochy\" width=\"1250\" height=\"834\" srcset=\"https:\/\/www.felixdevega.com\/wp-content\/uploads\/2023\/06\/49-slub-we-wloszech-wenecja-fotograf-sesja-zdjeciowa.jpg 1250w, https:\/\/www.felixdevega.com\/wp-content\/uploads\/2023\/06\/49-slub-we-wloszech-wenecja-fotograf-sesja-zdjeciowa-750x500.jpg 750w, https:\/\/www.felixdevega.com\/wp-content\/uploads\/2023\/06\/49-slub-we-wloszech-wenecja-fotograf-sesja-zdjeciowa-1200x800.jpg 1200w\" sizes=\"(max-width: 1250px) 100vw, 1250px\" \/><img loading=\"lazy\" decoding=\"async\" class=\"aligncenter wp-image-19117 size-full\" style=\"margin-bottom: 5px;\" src=\"https:\/\/www.felixdevega.com\/wp-content\/uploads\/2023\/06\/50-blog-dos-fotos-horizontales9.jpg\" alt=\"\" width=\"1250\" height=\"575\" srcset=\"https:\/\/www.felixdevega.com\/wp-content\/uploads\/2023\/06\/50-blog-dos-fotos-horizontales9.jpg 1250w, https:\/\/www.felixdevega.com\/wp-content\/uploads\/2023\/06\/50-blog-dos-fotos-horizontales9-750x345.jpg 750w\" sizes=\"(max-width: 1250px) 100vw, 1250px\" \/><img loading=\"lazy\" decoding=\"async\" class=\"aligncenter wp-image-19120 size-full\" style=\"margin-bottom: 5px;\" src=\"https:\/\/www.felixdevega.com\/wp-content\/uploads\/2023\/06\/51-Venice-Wedding-Photographer-Elopement-Italy.jpg\" alt=\"\" width=\"1250\" height=\"605\" srcset=\"https:\/\/www.felixdevega.com\/wp-content\/uploads\/2023\/06\/51-Venice-Wedding-Photographer-Elopement-Italy.jpg 1250w, https:\/\/www.felixdevega.com\/wp-content\/uploads\/2023\/06\/51-Venice-Wedding-Photographer-Elopement-Italy-750x363.jpg 750w\" sizes=\"(max-width: 1250px) 100vw, 1250px\" \/> <img loading=\"lazy\" decoding=\"async\" class=\"aligncenter wp-image-19385 size-full\" style=\"margin-bottom: 5px;\" src=\"https:\/\/www.felixdevega.com\/wp-content\/uploads\/2023\/06\/52-slub-we-wloszech-wenecja-fotograf-sesja-zdjeciowa.jpg\" alt=\"sesja-zdjeciowa-w-wenecji-wlochy\" width=\"1250\" height=\"916\" srcset=\"https:\/\/www.felixdevega.com\/wp-content\/uploads\/2023\/06\/52-slub-we-wloszech-wenecja-fotograf-sesja-zdjeciowa.jpg 1250w, https:\/\/www.felixdevega.com\/wp-content\/uploads\/2023\/06\/52-slub-we-wloszech-wenecja-fotograf-sesja-zdjeciowa-750x550.jpg 750w\" sizes=\"(max-width: 1250px) 100vw, 1250px\" \/> <img loading=\"lazy\" decoding=\"async\" class=\"aligncenter wp-image-19388 size-full\" style=\"margin-bottom: 5px;\" src=\"https:\/\/www.felixdevega.com\/wp-content\/uploads\/2023\/06\/53-slub-we-wloszech-wenecja-fotograf-sesja-zdjeciowa.jpg\" alt=\"sesja-zdjeciowa-w-wenecji-wlochy\" width=\"1250\" height=\"834\" srcset=\"https:\/\/www.felixdevega.com\/wp-content\/uploads\/2023\/06\/53-slub-we-wloszech-wenecja-fotograf-sesja-zdjeciowa.jpg 1250w, https:\/\/www.felixdevega.com\/wp-content\/uploads\/2023\/06\/53-slub-we-wloszech-wenecja-fotograf-sesja-zdjeciowa-750x500.jpg 750w, https:\/\/www.felixdevega.com\/wp-content\/uploads\/2023\/06\/53-slub-we-wloszech-wenecja-fotograf-sesja-zdjeciowa-1200x800.jpg 1200w\" sizes=\"(max-width: 1250px) 100vw, 1250px\" \/><img loading=\"lazy\" decoding=\"async\" class=\"aligncenter wp-image-19391 size-full\" style=\"margin-bottom: 5px;\" src=\"https:\/\/www.felixdevega.com\/wp-content\/uploads\/2023\/06\/54-slub-we-wloszech-wenecja-fotograf-sesja-zdjeciowa.jpg\" alt=\"sesja-zdjeciowa-w-wenecji-wlochy\" width=\"1250\" height=\"890\" srcset=\"https:\/\/www.felixdevega.com\/wp-content\/uploads\/2023\/06\/54-slub-we-wloszech-wenecja-fotograf-sesja-zdjeciowa.jpg 1250w, https:\/\/www.felixdevega.com\/wp-content\/uploads\/2023\/06\/54-slub-we-wloszech-wenecja-fotograf-sesja-zdjeciowa-750x534.jpg 750w\" sizes=\"(max-width: 1250px) 100vw, 1250px\" \/><img loading=\"lazy\" decoding=\"async\" class=\"aligncenter wp-image-19132 size-full\" style=\"margin-bottom: 5px;\" src=\"https:\/\/www.felixdevega.com\/wp-content\/uploads\/2023\/06\/56-Venice-Wedding-Photographer-Elopement-Italy.jpg\" alt=\"\" width=\"1250\" height=\"834\" srcset=\"https:\/\/www.felixdevega.com\/wp-content\/uploads\/2023\/06\/56-Venice-Wedding-Photographer-Elopement-Italy.jpg 1250w, https:\/\/www.felixdevega.com\/wp-content\/uploads\/2023\/06\/56-Venice-Wedding-Photographer-Elopement-Italy-750x500.jpg 750w, https:\/\/www.felixdevega.com\/wp-content\/uploads\/2023\/06\/56-Venice-Wedding-Photographer-Elopement-Italy-1200x800.jpg 1200w\" sizes=\"(max-width: 1250px) 100vw, 1250px\" \/><img loading=\"lazy\" decoding=\"async\" class=\"aligncenter wp-image-19135 size-full\" style=\"margin-bottom: 5px;\" src=\"https:\/\/www.felixdevega.com\/wp-content\/uploads\/2023\/06\/58-Venice-Wedding-Photographer-Elopement-Italy.jpg\" alt=\"\" width=\"1250\" height=\"834\" srcset=\"https:\/\/www.felixdevega.com\/wp-content\/uploads\/2023\/06\/58-Venice-Wedding-Photographer-Elopement-Italy.jpg 1250w, https:\/\/www.felixdevega.com\/wp-content\/uploads\/2023\/06\/58-Venice-Wedding-Photographer-Elopement-Italy-750x500.jpg 750w, https:\/\/www.felixdevega.com\/wp-content\/uploads\/2023\/06\/58-Venice-Wedding-Photographer-Elopement-Italy-1200x800.jpg 1200w\" sizes=\"(max-width: 1250px) 100vw, 1250px\" \/><img loading=\"lazy\" decoding=\"async\" class=\"aligncenter wp-image-19394 size-full\" style=\"margin-bottom: 5px;\" src=\"https:\/\/www.felixdevega.com\/wp-content\/uploads\/2023\/06\/59-slub-we-wloszech-wenecja-fotograf-sesja-zdjeciowa.jpg\" alt=\"sesja-zdjeciowa-w-wenecji-wlochy\" width=\"1250\" height=\"834\" srcset=\"https:\/\/www.felixdevega.com\/wp-content\/uploads\/2023\/06\/59-slub-we-wloszech-wenecja-fotograf-sesja-zdjeciowa.jpg 1250w, https:\/\/www.felixdevega.com\/wp-content\/uploads\/2023\/06\/59-slub-we-wloszech-wenecja-fotograf-sesja-zdjeciowa-750x500.jpg 750w, https:\/\/www.felixdevega.com\/wp-content\/uploads\/2023\/06\/59-slub-we-wloszech-wenecja-fotograf-sesja-zdjeciowa-1200x800.jpg 1200w\" sizes=\"(max-width: 1250px) 100vw, 1250px\" \/><img loading=\"lazy\" decoding=\"async\" class=\"aligncenter wp-image-19397 size-full\" style=\"margin-bottom: 5px;\" src=\"https:\/\/www.felixdevega.com\/wp-content\/uploads\/2023\/06\/60-slub-we-wloszech-wenecja-fotograf-sesja-zdjeciowa.jpg\" alt=\"sesja-zdjeciowa-w-wenecji-wlochy\" width=\"1250\" height=\"834\" srcset=\"https:\/\/www.felixdevega.com\/wp-content\/uploads\/2023\/06\/60-slub-we-wloszech-wenecja-fotograf-sesja-zdjeciowa.jpg 1250w, https:\/\/www.felixdevega.com\/wp-content\/uploads\/2023\/06\/60-slub-we-wloszech-wenecja-fotograf-sesja-zdjeciowa-750x500.jpg 750w, https:\/\/www.felixdevega.com\/wp-content\/uploads\/2023\/06\/60-slub-we-wloszech-wenecja-fotograf-sesja-zdjeciowa-1200x800.jpg 1200w\" sizes=\"(max-width: 1250px) 100vw, 1250px\" \/><img loading=\"lazy\" decoding=\"async\" class=\"aligncenter wp-image-19144 size-full\" style=\"margin-bottom: 5px;\" src=\"https:\/\/www.felixdevega.com\/wp-content\/uploads\/2023\/06\/61-Venice-Wedding-Photographer-Elopement-Italy.jpg\" alt=\"\" width=\"1250\" height=\"834\" srcset=\"https:\/\/www.felixdevega.com\/wp-content\/uploads\/2023\/06\/61-Venice-Wedding-Photographer-Elopement-Italy.jpg 1250w, https:\/\/www.felixdevega.com\/wp-content\/uploads\/2023\/06\/61-Venice-Wedding-Photographer-Elopement-Italy-750x500.jpg 750w, https:\/\/www.felixdevega.com\/wp-content\/uploads\/2023\/06\/61-Venice-Wedding-Photographer-Elopement-Italy-1200x800.jpg 1200w\" sizes=\"(max-width: 1250px) 100vw, 1250px\" \/><img loading=\"lazy\" decoding=\"async\" class=\"aligncenter wp-image-19240 size-full\" style=\"margin-bottom: 5px;\" src=\"https:\/\/www.felixdevega.com\/wp-content\/uploads\/2023\/06\/blog-dos-fotos-horizontales10.jpg\" alt=\"\" width=\"1250\" height=\"416\" srcset=\"https:\/\/www.felixdevega.com\/wp-content\/uploads\/2023\/06\/blog-dos-fotos-horizontales10.jpg 1250w, https:\/\/www.felixdevega.com\/wp-content\/uploads\/2023\/06\/blog-dos-fotos-horizontales10-750x250.jpg 750w\" sizes=\"(max-width: 1250px) 100vw, 1250px\" \/> <img loading=\"lazy\" decoding=\"async\" class=\"aligncenter wp-image-19400 size-full\" style=\"margin-bottom: 5px;\" src=\"https:\/\/www.felixdevega.com\/wp-content\/uploads\/2023\/06\/63-slub-we-wloszech-wenecja-fotograf-sesja-zdjeciowa.jpg\" alt=\"sesja-zdjeciowa-w-wenecji-wlochy\" width=\"1250\" height=\"834\" srcset=\"https:\/\/www.felixdevega.com\/wp-content\/uploads\/2023\/06\/63-slub-we-wloszech-wenecja-fotograf-sesja-zdjeciowa.jpg 1250w, https:\/\/www.felixdevega.com\/wp-content\/uploads\/2023\/06\/63-slub-we-wloszech-wenecja-fotograf-sesja-zdjeciowa-750x500.jpg 750w, https:\/\/www.felixdevega.com\/wp-content\/uploads\/2023\/06\/63-slub-we-wloszech-wenecja-fotograf-sesja-zdjeciowa-1200x800.jpg 1200w\" sizes=\"(max-width: 1250px) 100vw, 1250px\" \/><img loading=\"lazy\" decoding=\"async\" class=\"aligncenter wp-image-19153 size-full\" style=\"margin-bottom: 5px;\" src=\"https:\/\/www.felixdevega.com\/wp-content\/uploads\/2023\/06\/64-Venice-Wedding-Photographer-Elopement-Italy.jpg\" alt=\"\" width=\"1250\" height=\"834\" srcset=\"https:\/\/www.felixdevega.com\/wp-content\/uploads\/2023\/06\/64-Venice-Wedding-Photographer-Elopement-Italy.jpg 1250w, https:\/\/www.felixdevega.com\/wp-content\/uploads\/2023\/06\/64-Venice-Wedding-Photographer-Elopement-Italy-750x500.jpg 750w, https:\/\/www.felixdevega.com\/wp-content\/uploads\/2023\/06\/64-Venice-Wedding-Photographer-Elopement-Italy-1200x800.jpg 1200w\" sizes=\"(max-width: 1250px) 100vw, 1250px\" \/><img loading=\"lazy\" decoding=\"async\" class=\"aligncenter wp-image-19403 size-full\" style=\"margin-bottom: 5px;\" src=\"https:\/\/www.felixdevega.com\/wp-content\/uploads\/2023\/06\/65-slub-we-wloszech-wenecja-fotograf-sesja-zdjeciowa.jpg\" alt=\"sesja-zdjeciowa-w-wenecji-we-wloszech\" width=\"1250\" height=\"834\" srcset=\"https:\/\/www.felixdevega.com\/wp-content\/uploads\/2023\/06\/65-slub-we-wloszech-wenecja-fotograf-sesja-zdjeciowa.jpg 1250w, https:\/\/www.felixdevega.com\/wp-content\/uploads\/2023\/06\/65-slub-we-wloszech-wenecja-fotograf-sesja-zdjeciowa-750x500.jpg 750w, https:\/\/www.felixdevega.com\/wp-content\/uploads\/2023\/06\/65-slub-we-wloszech-wenecja-fotograf-sesja-zdjeciowa-1200x800.jpg 1200w\" sizes=\"(max-width: 1250px) 100vw, 1250px\" \/> <img loading=\"lazy\" decoding=\"async\" class=\"aligncenter wp-image-19406 size-full\" style=\"margin-bottom: 5px;\" src=\"https:\/\/www.felixdevega.com\/wp-content\/uploads\/2023\/06\/66-slub-we-wloszech-wenecja-fotograf-sesja-zdjeciowa.jpg\" alt=\"sesja-zdjeciowa-w-wenecji-we-wloszech\" width=\"1250\" height=\"834\" srcset=\"https:\/\/www.felixdevega.com\/wp-content\/uploads\/2023\/06\/66-slub-we-wloszech-wenecja-fotograf-sesja-zdjeciowa.jpg 1250w, https:\/\/www.felixdevega.com\/wp-content\/uploads\/2023\/06\/66-slub-we-wloszech-wenecja-fotograf-sesja-zdjeciowa-750x500.jpg 750w, https:\/\/www.felixdevega.com\/wp-content\/uploads\/2023\/06\/66-slub-we-wloszech-wenecja-fotograf-sesja-zdjeciowa-1200x800.jpg 1200w\" sizes=\"(max-width: 1250px) 100vw, 1250px\" \/> <img loading=\"lazy\" decoding=\"async\" class=\"aligncenter wp-image-19409 size-full\" style=\"margin-bottom: 5px;\" src=\"https:\/\/www.felixdevega.com\/wp-content\/uploads\/2023\/06\/67-slub-we-wloszech-wenecja-fotograf-sesja-zdjecioway.jpg\" alt=\"sesja-zdjeciowa-w-wenecji-we-wloszech\" width=\"1250\" height=\"834\" srcset=\"https:\/\/www.felixdevega.com\/wp-content\/uploads\/2023\/06\/67-slub-we-wloszech-wenecja-fotograf-sesja-zdjecioway.jpg 1250w, https:\/\/www.felixdevega.com\/wp-content\/uploads\/2023\/06\/67-slub-we-wloszech-wenecja-fotograf-sesja-zdjecioway-750x500.jpg 750w, https:\/\/www.felixdevega.com\/wp-content\/uploads\/2023\/06\/67-slub-we-wloszech-wenecja-fotograf-sesja-zdjecioway-1200x800.jpg 1200w\" sizes=\"(max-width: 1250px) 100vw, 1250px\" \/><img loading=\"lazy\" decoding=\"async\" class=\"aligncenter wp-image-19165 size-full\" style=\"margin-bottom: 5px;\" src=\"https:\/\/www.felixdevega.com\/wp-content\/uploads\/2023\/06\/68-Venice-Wedding-Photographer-Elopement-Italy.jpg\" alt=\"venice-ponte-accademia-italy\" width=\"1250\" height=\"825\" srcset=\"https:\/\/www.felixdevega.com\/wp-content\/uploads\/2023\/06\/68-Venice-Wedding-Photographer-Elopement-Italy.jpg 1250w, https:\/\/www.felixdevega.com\/wp-content\/uploads\/2023\/06\/68-Venice-Wedding-Photographer-Elopement-Italy-750x495.jpg 750w\" sizes=\"(max-width: 1250px) 100vw, 1250px\" \/><img loading=\"lazy\" decoding=\"async\" class=\"aligncenter wp-image-19168 size-full\" style=\"margin-bottom: 5px;\" src=\"https:\/\/www.felixdevega.com\/wp-content\/uploads\/2023\/06\/69-Venice-Wedding-Photographer-Elopement-Italy.jpg\" alt=\"\" width=\"1250\" height=\"834\" srcset=\"https:\/\/www.felixdevega.com\/wp-content\/uploads\/2023\/06\/69-Venice-Wedding-Photographer-Elopement-Italy.jpg 1250w, https:\/\/www.felixdevega.com\/wp-content\/uploads\/2023\/06\/69-Venice-Wedding-Photographer-Elopement-Italy-750x500.jpg 750w, https:\/\/www.felixdevega.com\/wp-content\/uploads\/2023\/06\/69-Venice-Wedding-Photographer-Elopement-Italy-1200x800.jpg 1200w\" sizes=\"(max-width: 1250px) 100vw, 1250px\" \/> <img loading=\"lazy\" decoding=\"async\" class=\"aligncenter wp-image-19412 size-full\" style=\"margin-bottom: 5px;\" src=\"https:\/\/www.felixdevega.com\/wp-content\/uploads\/2023\/06\/71-slub-we-wloszech-wenecja-fotograf-sesja-zdjeciowa.jpg\" alt=\"sesja-zdjeciowa-w-wenecji-we-wloszech\" width=\"1250\" height=\"834\" srcset=\"https:\/\/www.felixdevega.com\/wp-content\/uploads\/2023\/06\/71-slub-we-wloszech-wenecja-fotograf-sesja-zdjeciowa.jpg 1250w, https:\/\/www.felixdevega.com\/wp-content\/uploads\/2023\/06\/71-slub-we-wloszech-wenecja-fotograf-sesja-zdjeciowa-750x500.jpg 750w, https:\/\/www.felixdevega.com\/wp-content\/uploads\/2023\/06\/71-slub-we-wloszech-wenecja-fotograf-sesja-zdjeciowa-1200x800.jpg 1200w\" sizes=\"(max-width: 1250px) 100vw, 1250px\" \/> <img loading=\"lazy\" decoding=\"async\" class=\"aligncenter wp-image-19415 size-full\" style=\"margin-bottom: 5px;\" src=\"https:\/\/www.felixdevega.com\/wp-content\/uploads\/2023\/06\/73-slub-we-wloszech-wenecja-fotograf-sesja-zdjeciowa.jpg\" alt=\"sesja-zdjeciowa-w-wenecji-we-wloszech\" width=\"1250\" height=\"834\" srcset=\"https:\/\/www.felixdevega.com\/wp-content\/uploads\/2023\/06\/73-slub-we-wloszech-wenecja-fotograf-sesja-zdjeciowa.jpg 1250w, https:\/\/www.felixdevega.com\/wp-content\/uploads\/2023\/06\/73-slub-we-wloszech-wenecja-fotograf-sesja-zdjeciowa-750x500.jpg 750w, https:\/\/www.felixdevega.com\/wp-content\/uploads\/2023\/06\/73-slub-we-wloszech-wenecja-fotograf-sesja-zdjeciowa-1200x800.jpg 1200w\" sizes=\"(max-width: 1250px) 100vw, 1250px\" \/><img loading=\"lazy\" decoding=\"async\" class=\"aligncenter wp-image-19177 size-full\" style=\"margin-bottom: 5px;\" src=\"https:\/\/www.felixdevega.com\/wp-content\/uploads\/2023\/06\/74-Venice-Wedding-Photographer-Elopement-Italy.jpg\" alt=\"piazza san marco venice\" width=\"1250\" height=\"834\" srcset=\"https:\/\/www.felixdevega.com\/wp-content\/uploads\/2023\/06\/74-Venice-Wedding-Photographer-Elopement-Italy.jpg 1250w, https:\/\/www.felixdevega.com\/wp-content\/uploads\/2023\/06\/74-Venice-Wedding-Photographer-Elopement-Italy-750x500.jpg 750w, https:\/\/www.felixdevega.com\/wp-content\/uploads\/2023\/06\/74-Venice-Wedding-Photographer-Elopement-Italy-1200x800.jpg 1200w\" sizes=\"(max-width: 1250px) 100vw, 1250px\" \/> <img loading=\"lazy\" decoding=\"async\" class=\"aligncenter wp-image-19180 size-full\" style=\"margin-bottom: 5px;\" src=\"https:\/\/www.felixdevega.com\/wp-content\/uploads\/2023\/06\/76-Venice-Wedding-Photographer-Elopement-Italy.jpg\" alt=\"venice at night\" width=\"1250\" height=\"834\" srcset=\"https:\/\/www.felixdevega.com\/wp-content\/uploads\/2023\/06\/76-Venice-Wedding-Photographer-Elopement-Italy.jpg 1250w, https:\/\/www.felixdevega.com\/wp-content\/uploads\/2023\/06\/76-Venice-Wedding-Photographer-Elopement-Italy-750x500.jpg 750w, https:\/\/www.felixdevega.com\/wp-content\/uploads\/2023\/06\/76-Venice-Wedding-Photographer-Elopement-Italy-1200x800.jpg 1200w\" sizes=\"(max-width: 1250px) 100vw, 1250px\" \/> <img loading=\"lazy\" decoding=\"async\" class=\"aligncenter wp-image-19183 size-full\" style=\"margin-bottom: 5px;\" src=\"https:\/\/www.felixdevega.com\/wp-content\/uploads\/2023\/06\/77-Venice-Wedding-Photographer-Elopement-Italy.jpg\" alt=\"gran canal venice Italy\" width=\"1250\" height=\"834\" srcset=\"https:\/\/www.felixdevega.com\/wp-content\/uploads\/2023\/06\/77-Venice-Wedding-Photographer-Elopement-Italy.jpg 1250w, https:\/\/www.felixdevega.com\/wp-content\/uploads\/2023\/06\/77-Venice-Wedding-Photographer-Elopement-Italy-750x500.jpg 750w, https:\/\/www.felixdevega.com\/wp-content\/uploads\/2023\/06\/77-Venice-Wedding-Photographer-Elopement-Italy-1200x800.jpg 1200w\" sizes=\"(max-width: 1250px) 100vw, 1250px\" \/><\/p>\t\t\t\t\t\t\t\t<\/div>\n\t\t\t\t<\/div>\n\t\t\t\t\t<\/div>\n\t\t<\/div>\n\t\t\t\t\t<\/div>\n\t\t<\/section>\n\t\t\t\t<section class=\"elementor-section elementor-top-section elementor-element elementor-element-37cd448 elementor-section-boxed elementor-section-height-default elementor-section-height-default wpr-particle-no wpr-sticky-section-no wpr-equal-height-no\" data-id=\"37cd448\" data-element_type=\"section\" data-e-type=\"section\">\n\t\t\t\t\t\t<div class=\"elementor-container elementor-column-gap-default\">\n\t\t\t\t\t<div class=\"elementor-column elementor-col-100 elementor-top-column elementor-element elementor-element-00953fd\" data-id=\"00953fd\" data-element_type=\"column\" data-e-type=\"column\">\n\t\t\t<div class=\"elementor-widget-wrap elementor-element-populated\">\n\t\t\t\t\t\t<div class=\"elementor-element elementor-element-80fdbd5 elementor-widget elementor-widget-text-editor\" data-id=\"80fdbd5\" data-element_type=\"widget\" data-e-type=\"widget\" data-widget_type=\"text-editor.default\">\n\t\t\t\t<div class=\"elementor-widget-container\">\n\t\t\t\t\t\t\t\t\t<p>\u00a9 Wszystkie zdj\u0119cia: F\u00e9lix de Vega<\/p><p><span style=\"color: #808080;\">FOTOGRAF \u015aLUBNY\u00a0 WE W\u0141OSZECH |\u00a0 \u015aLUB ZA GRANIC\u0104<\/span><\/p><p>\u00a0<\/p>\t\t\t\t\t\t\t\t<\/div>\n\t\t\t\t<\/div>\n\t\t\t\t\t<\/div>\n\t\t<\/div>\n\t\t\t\t\t<\/div>\n\t\t<\/section>\n\t\t\t\t<section class=\"elementor-section elementor-top-section elementor-element elementor-element-23cfafb4 elementor-section-content-middle elementor-section-boxed elementor-section-height-default elementor-section-height-default wpr-particle-no wpr-sticky-section-no wpr-equal-height-no\" data-id=\"23cfafb4\" data-element_type=\"section\" data-e-type=\"section\" data-settings=\"{&quot;background_background&quot;:&quot;classic&quot;}\">\n\t\t\t\t\t\t<div class=\"elementor-container elementor-column-gap-no\">\n\t\t\t\t\t<div class=\"elementor-column elementor-col-50 elementor-top-column elementor-element elementor-element-140bb7\" data-id=\"140bb7\" data-element_type=\"column\" data-e-type=\"column\">\n\t\t\t<div class=\"elementor-widget-wrap elementor-element-populated\">\n\t\t\t\t\t\t<div class=\"elementor-element elementor-element-1dec1e90 elementor-widget elementor-widget-heading\" data-id=\"1dec1e90\" data-element_type=\"widget\" data-e-type=\"widget\" data-widget_type=\"heading.default\">\n\t\t\t\t<div class=\"elementor-widget-container\">\n\t\t\t\t\t<p class=\"elementor-heading-title elementor-size-default\">Zarezerwuj Swojego fotografa \u015blubnego<\/p>\t\t\t\t<\/div>\n\t\t\t\t<\/div>\n\t\t\t\t<div class=\"elementor-element elementor-element-7ba8197d elementor-widget elementor-widget-text-editor\" data-id=\"7ba8197d\" data-element_type=\"widget\" data-e-type=\"widget\" data-widget_type=\"text-editor.default\">\n\t\t\t\t<div class=\"elementor-widget-container\">\n\t\t\t\t\t\t\t\t\t<p><b>Napisz do mnie<\/b><\/p>\t\t\t\t\t\t\t\t<\/div>\n\t\t\t\t<\/div>\n\t\t\t\t<div class=\"elementor-element elementor-element-2033ccc3 elementor-widget elementor-widget-text-editor\" data-id=\"2033ccc3\" data-element_type=\"widget\" data-e-type=\"widget\" data-widget_type=\"text-editor.default\">\n\t\t\t\t<div class=\"elementor-widget-container\">\n\t\t\t\t\t\t\t\t\t<p><span style=\"font-family: Verdana, sans-serif; color: #999999;\">F\u00e9lix de Vega<\/span><\/p>\n<p><a href=\"mailto:info@felixdevega.com\"><span style=\"color: #999999;\">info@felixdevega.com<\/span><\/a><\/p>\n<p><span style=\"color: #999999;\">tel. <a href=\"tel:+48511579346\">+48 511 579 346<\/a><\/span><\/p>\n<p><span style=\"color: #999999;\">Warsaw |\u00a0 Poland<\/span><\/p>\t\t\t\t\t\t\t\t<\/div>\n\t\t\t\t<\/div>\n\t\t\t\t\t<\/div>\n\t\t<\/div>\n\t\t\t\t<div class=\"elementor-column elementor-col-50 elementor-top-column elementor-element elementor-element-43652af9\" data-id=\"43652af9\" data-element_type=\"column\" data-e-type=\"column\">\n\t\t\t<div class=\"elementor-widget-wrap elementor-element-populated\">\n\t\t\t\t\t\t<div class=\"elementor-element elementor-element-8afd99f elementor-align-right elementor-mobile-align-left elementor-widget elementor-widget-button\" data-id=\"8afd99f\" data-element_type=\"widget\" data-e-type=\"widget\" data-widget_type=\"button.default\">\n\t\t\t\t<div class=\"elementor-widget-container\">\n\t\t\t\t\t\t\t\t\t<div class=\"elementor-button-wrapper\">\n\t\t\t\t\t<a class=\"elementor-button elementor-button-link elementor-size-sm elementor-animation-grow\" href=\"https:\/\/www.felixdevega.com\/pl\/kontakt\/\">\n\t\t\t\t\t\t<span class=\"elementor-button-content-wrapper\">\n\t\t\t\t\t\t\t\t\t<span class=\"elementor-button-text\">KONTAKT<\/span>\n\t\t\t\t\t<\/span>\n\t\t\t\t\t<\/a>\n\t\t\t\t<\/div>\n\t\t\t\t\t\t\t\t<\/div>\n\t\t\t\t<\/div>\n\t\t\t\t\t<\/div>\n\t\t<\/div>\n\t\t\t\t\t<\/div>\n\t\t<\/section>\n\t\t\t\t<section class=\"elementor-section elementor-top-section elementor-element elementor-element-8c7538d elementor-section-boxed elementor-section-height-default elementor-section-height-default wpr-particle-no wpr-sticky-section-no wpr-equal-height-no\" data-id=\"8c7538d\" data-element_type=\"section\" data-e-type=\"section\">\n\t\t\t\t\t\t<div class=\"elementor-container elementor-column-gap-default\">\n\t\t\t\t\t<div class=\"elementor-column elementor-col-100 elementor-top-column elementor-element elementor-element-b53e9d9\" data-id=\"b53e9d9\" data-element_type=\"column\" data-e-type=\"column\">\n\t\t\t<div class=\"elementor-widget-wrap elementor-element-populated\">\n\t\t\t\t\t\t<div class=\"elementor-element elementor-element-eebdada elementor-widget-divider--view-line elementor-widget elementor-widget-divider\" data-id=\"eebdada\" data-element_type=\"widget\" data-e-type=\"widget\" data-widget_type=\"divider.default\">\n\t\t\t\t<div class=\"elementor-widget-container\">\n\t\t\t\t\t\t\t<div class=\"elementor-divider\">\n\t\t\t<span class=\"elementor-divider-separator\">\n\t\t\t\t\t\t<\/span>\n\t\t<\/div>\n\t\t\t\t\t\t<\/div>\n\t\t\t\t<\/div>\n\t\t\t\t\t<\/div>\n\t\t<\/div>\n\t\t\t\t\t<\/div>\n\t\t<\/section>\n\t\t\t\t<section class=\"elementor-section elementor-top-section elementor-element elementor-element-84d0f5e elementor-section-content-top elementor-section-height-min-height elementor-section-items-top elementor-section-boxed elementor-section-height-default wpr-particle-no wpr-sticky-section-no wpr-equal-height-no\" data-id=\"84d0f5e\" data-element_type=\"section\" data-e-type=\"section\">\n\t\t\t\t\t\t<div class=\"elementor-container elementor-column-gap-no\">\n\t\t\t\t\t<div class=\"elementor-column elementor-col-50 elementor-top-column elementor-element elementor-element-a7014b7\" data-id=\"a7014b7\" data-element_type=\"column\" data-e-type=\"column\">\n\t\t\t<div class=\"elementor-widget-wrap elementor-element-populated\">\n\t\t\t\t\t\t<div class=\"elementor-element elementor-element-5cdedcf elementor-widget__width-initial elementor-widget elementor-widget-image\" data-id=\"5cdedcf\" data-element_type=\"widget\" data-e-type=\"widget\" data-widget_type=\"image.default\">\n\t\t\t\t<div class=\"elementor-widget-container\">\n\t\t\t\t\t\t\t\t\t\t\t\t\t\t\t<img loading=\"lazy\" decoding=\"async\" width=\"1800\" height=\"1202\" src=\"https:\/\/www.felixdevega.com\/wp-content\/uploads\/2025\/03\/Felix_de_Vega_Wedding_photographer-9-1.jpg\" class=\"attachment-full size-full wp-image-29957\" alt=\"Fotograf \u015blubny Warszawa Krak\u00f3w\" srcset=\"https:\/\/www.felixdevega.com\/wp-content\/uploads\/2025\/03\/Felix_de_Vega_Wedding_photographer-9-1.jpg 1800w, https:\/\/www.felixdevega.com\/wp-content\/uploads\/2025\/03\/Felix_de_Vega_Wedding_photographer-9-1-750x501.jpg 750w, https:\/\/www.felixdevega.com\/wp-content\/uploads\/2025\/03\/Felix_de_Vega_Wedding_photographer-9-1-1290x861.jpg 1290w, https:\/\/www.felixdevega.com\/wp-content\/uploads\/2025\/03\/Felix_de_Vega_Wedding_photographer-9-1-1536x1026.jpg 1536w, https:\/\/www.felixdevega.com\/wp-content\/uploads\/2025\/03\/Felix_de_Vega_Wedding_photographer-9-1-1200x800.jpg 1200w\" sizes=\"(max-width: 1800px) 100vw, 1800px\" \/>\t\t\t\t\t\t\t\t\t\t\t\t\t\t\t<\/div>\n\t\t\t\t<\/div>\n\t\t\t\t\t<\/div>\n\t\t<\/div>\n\t\t\t\t<div class=\"elementor-column elementor-col-50 elementor-top-column elementor-element elementor-element-1da8efc\" data-id=\"1da8efc\" data-element_type=\"column\" data-e-type=\"column\">\n\t\t\t<div class=\"elementor-widget-wrap elementor-element-populated\">\n\t\t\t\t\t\t<div class=\"elementor-element elementor-element-a194dbc elementor-widget elementor-widget-heading\" data-id=\"a194dbc\" data-element_type=\"widget\" data-e-type=\"widget\" data-widget_type=\"heading.default\">\n\t\t\t\t<div class=\"elementor-widget-container\">\n\t\t\t\t\t<p class=\"elementor-heading-title elementor-size-default\">Wi\u0119cej Informacji<\/p>\t\t\t\t<\/div>\n\t\t\t\t<\/div>\n\t\t\t\t<div class=\"elementor-element elementor-element-8ca2726 elementor-widget elementor-widget-icon-box\" data-id=\"8ca2726\" data-element_type=\"widget\" data-e-type=\"widget\" data-widget_type=\"icon-box.default\">\n\t\t\t\t<div class=\"elementor-widget-container\">\n\t\t\t\t\t\t\t<div class=\"elementor-icon-box-wrapper\">\n\n\t\t\t\n\t\t\t\t\t\t<div class=\"elementor-icon-box-content\">\n\n\t\t\t\t\t\t\t\t\t<p class=\"elementor-icon-box-title\">\n\t\t\t\t\t\t<a href=\"https:\/\/www.felixdevega.com\/pl\/post\/fotografia-slubna\/jak-wybrac-dobrego-fotografa-na-slub\/\">\n\t\t\t\t\t\t\tJak wybra\u0107 fotografa \u015blubnego\t\t\t\t\t\t<\/a>\n\t\t\t\t\t<\/p>\n\t\t\t\t\n\t\t\t\t\t\t\t\t\t<p class=\"elementor-icon-box-description\">\n\t\t\t\t\t\tJak wybra\u0107 fotografa \u015blubnego\t\t\t\t\t<\/p>\n\t\t\t\t\n\t\t\t<\/div>\n\t\t\t\n\t\t<\/div>\n\t\t\t\t\t\t<\/div>\n\t\t\t\t<\/div>\n\t\t\t\t<div class=\"elementor-element elementor-element-9c3ca76 elementor-widget elementor-widget-icon-box\" data-id=\"9c3ca76\" data-element_type=\"widget\" data-e-type=\"widget\" data-widget_type=\"icon-box.default\">\n\t\t\t\t<div class=\"elementor-widget-container\">\n\t\t\t\t\t\t\t<div class=\"elementor-icon-box-wrapper\">\n\n\t\t\t\n\t\t\t\t\t\t<div class=\"elementor-icon-box-content\">\n\n\t\t\t\t\t\t\t\t\t<p class=\"elementor-icon-box-title\">\n\t\t\t\t\t\t<a href=\"https:\/\/www.felixdevega.com\/pl\/sample-weddings\/\">\n\t\t\t\t\t\t\tReporta\u017c \u015blubny\t\t\t\t\t\t<\/a>\n\t\t\t\t\t<\/p>\n\t\t\t\t\n\t\t\t\t\t\t\t\t\t<p class=\"elementor-icon-box-description\">\n\t\t\t\t\t\tReporta\u017c \u015blubny\t\t\t\t\t<\/p>\n\t\t\t\t\n\t\t\t<\/div>\n\t\t\t\n\t\t<\/div>\n\t\t\t\t\t\t<\/div>\n\t\t\t\t<\/div>\n\t\t\t\t<div class=\"elementor-element elementor-element-aa46537 elementor-widget elementor-widget-icon-box\" data-id=\"aa46537\" data-element_type=\"widget\" data-e-type=\"widget\" data-widget_type=\"icon-box.default\">\n\t\t\t\t<div class=\"elementor-widget-container\">\n\t\t\t\t\t\t\t<div class=\"elementor-icon-box-wrapper\">\n\n\t\t\t\n\t\t\t\t\t\t<div class=\"elementor-icon-box-content\">\n\n\t\t\t\t\t\t\t\t\t<p class=\"elementor-icon-box-title\">\n\t\t\t\t\t\t<a href=\"https:\/\/www.felixdevega.com\/pl\/filmy-slubne\/\">\n\t\t\t\t\t\t\tFilmy \u015blubne\t\t\t\t\t\t<\/a>\n\t\t\t\t\t<\/p>\n\t\t\t\t\n\t\t\t\t\t\t\t\t\t<p class=\"elementor-icon-box-description\">\n\t\t\t\t\t\tInspiruj\u0105ce Filmy\t\t\t\t\t<\/p>\n\t\t\t\t\n\t\t\t<\/div>\n\t\t\t\n\t\t<\/div>\n\t\t\t\t\t\t<\/div>\n\t\t\t\t<\/div>\n\t\t\t\t<div class=\"elementor-element elementor-element-bb56731 elementor-widget elementor-widget-icon-box\" data-id=\"bb56731\" data-element_type=\"widget\" data-e-type=\"widget\" data-widget_type=\"icon-box.default\">\n\t\t\t\t<div class=\"elementor-widget-container\">\n\t\t\t\t\t\t\t<div class=\"elementor-icon-box-wrapper\">\n\n\t\t\t\n\t\t\t\t\t\t<div class=\"elementor-icon-box-content\">\n\n\t\t\t\t\t\t\t\t\t<p class=\"elementor-icon-box-title\">\n\t\t\t\t\t\t<a href=\"https:\/\/www.felixdevega.com\/pl\/post\/dostawcy-na-wesele\/jak-wybrac-dj-a-na-wesele-6-sprawdzonych-porad\/\">\n\t\t\t\t\t\t\tDJ na wesele\t\t\t\t\t\t<\/a>\n\t\t\t\t\t<\/p>\n\t\t\t\t\n\t\t\t\t\t\t\t\t\t<p class=\"elementor-icon-box-description\">\n\t\t\t\t\t\tNajlepszy DJ na twoje wesele\n\t\t\t\t\t<\/p>\n\t\t\t\t\n\t\t\t<\/div>\n\t\t\t\n\t\t<\/div>\n\t\t\t\t\t\t<\/div>\n\t\t\t\t<\/div>\n\t\t\t\t<div class=\"elementor-element elementor-element-636b86e elementor-widget elementor-widget-icon-box\" data-id=\"636b86e\" data-element_type=\"widget\" data-e-type=\"widget\" data-widget_type=\"icon-box.default\">\n\t\t\t\t<div class=\"elementor-widget-container\">\n\t\t\t\t\t\t\t<div class=\"elementor-icon-box-wrapper\">\n\n\t\t\t\n\t\t\t\t\t\t<div class=\"elementor-icon-box-content\">\n\n\t\t\t\t\t\t\t\t\t<p class=\"elementor-icon-box-title\">\n\t\t\t\t\t\t<a href=\"https:\/\/www.felixdevega.com\/pl\/post\/planowanie-slubu\/jak-wybrac-dobrego-wedding-plannera\/\">\n\t\t\t\t\t\t\tWedding Planner\t\t\t\t\t\t<\/a>\n\t\t\t\t\t<\/p>\n\t\t\t\t\n\t\t\t\t\t\t\t\t\t<p class=\"elementor-icon-box-description\">\n\t\t\t\t\t\tOrganizacja \u015blub\u00f3w i wesel\t\t\t\t\t<\/p>\n\t\t\t\t\n\t\t\t<\/div>\n\t\t\t\n\t\t<\/div>\n\t\t\t\t\t\t<\/div>\n\t\t\t\t<\/div>\n\t\t\t\t<div class=\"elementor-element elementor-element-46c3a53 elementor-widget elementor-widget-icon-box\" data-id=\"46c3a53\" data-element_type=\"widget\" data-e-type=\"widget\" data-widget_type=\"icon-box.default\">\n\t\t\t\t<div class=\"elementor-widget-container\">\n\t\t\t\t\t\t\t<div class=\"elementor-icon-box-wrapper\">\n\n\t\t\t\n\t\t\t\t\t\t<div class=\"elementor-icon-box-content\">\n\n\t\t\t\t\t\t\t\t\t<p class=\"elementor-icon-box-title\">\n\t\t\t\t\t\t<a href=\"https:\/\/www.felixdevega.com\/reccomended-wedding-vendors-list\/\">\n\t\t\t\t\t\t\tUs\u0142ugodawcy \u015blubni\t\t\t\t\t\t<\/a>\n\t\t\t\t\t<\/p>\n\t\t\t\t\n\t\t\t\t\t\t\t\t\t<p class=\"elementor-icon-box-description\">\n\t\t\t\t\t\tUs\u0142ugodawcy na \u015blub\t\t\t\t\t<\/p>\n\t\t\t\t\n\t\t\t<\/div>\n\t\t\t\n\t\t<\/div>\n\t\t\t\t\t\t<\/div>\n\t\t\t\t<\/div>\n\t\t\t\t<div class=\"elementor-element elementor-element-1803507 elementor-widget elementor-widget-icon-box\" data-id=\"1803507\" data-element_type=\"widget\" data-e-type=\"widget\" data-widget_type=\"icon-box.default\">\n\t\t\t\t<div class=\"elementor-widget-container\">\n\t\t\t\t\t\t\t<div class=\"elementor-icon-box-wrapper\">\n\n\t\t\t\n\t\t\t\t\t\t<div class=\"elementor-icon-box-content\">\n\n\t\t\t\t\t\t\t\t\t<p class=\"elementor-icon-box-title\">\n\t\t\t\t\t\t<a href=\"https:\/\/www.felixdevega.com\/pl\/post\/style-i-tematyki-weselne\/jaki-styl-wesela-wybrac-oto-kilka-wskazowek\/\">\n\t\t\t\t\t\t\tJaki styl wesela wybra\u0107?\t\t\t\t\t\t<\/a>\n\t\t\t\t\t<\/p>\n\t\t\t\t\n\t\t\t\t\t\t\t\t\t<p class=\"elementor-icon-box-description\">\n\t\t\t\t\t\tKlasyczny, Boho, Glamour...\t\t\t\t\t<\/p>\n\t\t\t\t\n\t\t\t<\/div>\n\t\t\t\n\t\t<\/div>\n\t\t\t\t\t\t<\/div>\n\t\t\t\t<\/div>\n\t\t\t\t<div class=\"elementor-element elementor-element-80a125b elementor-widget elementor-widget-icon-box\" data-id=\"80a125b\" data-element_type=\"widget\" data-e-type=\"widget\" data-widget_type=\"icon-box.default\">\n\t\t\t\t<div class=\"elementor-widget-container\">\n\t\t\t\t\t\t\t<div class=\"elementor-icon-box-wrapper\">\n\n\t\t\t\n\t\t\t\t\t\t<div class=\"elementor-icon-box-content\">\n\n\t\t\t\t\t\t\t\t\t<p class=\"elementor-icon-box-title\">\n\t\t\t\t\t\t<a href=\"https:\/\/www.felixdevega.com\/pl\/faq\/\">\n\t\t\t\t\t\t\tFAQ\t\t\t\t\t\t<\/a>\n\t\t\t\t\t<\/p>\n\t\t\t\t\n\t\t\t\t\t\t\t\t\t<p class=\"elementor-icon-box-description\">\n\t\t\t\t\t\tinformacje o najcz\u0119\u015bciej zadawanych pytaniach\t\t\t\t\t<\/p>\n\t\t\t\t\n\t\t\t<\/div>\n\t\t\t\n\t\t<\/div>\n\t\t\t\t\t\t<\/div>\n\t\t\t\t<\/div>\n\t\t\t\t\t<\/div>\n\t\t<\/div>\n\t\t\t\t\t<\/div>\n\t\t<\/section>\n\t\t\t\t<section class=\"elementor-section elementor-top-section elementor-element elementor-element-1f22dc1 elementor-section-boxed elementor-section-height-default elementor-section-height-default wpr-particle-no wpr-sticky-section-no wpr-equal-height-no\" data-id=\"1f22dc1\" data-element_type=\"section\" data-e-type=\"section\">\n\t\t\t\t\t\t<div class=\"elementor-container elementor-column-gap-default\">\n\t\t\t\t\t<div class=\"elementor-column elementor-col-100 elementor-top-column elementor-element elementor-element-25761a32\" data-id=\"25761a32\" data-element_type=\"column\" data-e-type=\"column\">\n\t\t\t<div class=\"elementor-widget-wrap elementor-element-populated\">\n\t\t\t\t\t\t<div class=\"elementor-element elementor-element-6e2ef721 elementor-widget elementor-widget-text-editor\" data-id=\"6e2ef721\" data-element_type=\"widget\" data-e-type=\"widget\" data-widget_type=\"text-editor.default\">\n\t\t\t\t<div class=\"elementor-widget-container\">\n\t\t\t\t\t\t\t\t\t<p><strong><a href=\"https:\/\/www.felixdevega.com\/pl\/\" target=\"_blank\" rel=\"noopener\">Fotograf \u015blubny w Polsce | Fotografia \u015blubna Warszawa Krak\u00f3w | F\u00e9lix de Vega<\/a><\/strong><\/p>\t\t\t\t\t\t\t\t<\/div>\n\t\t\t\t<\/div>\n\t\t\t\t\t<\/div>\n\t\t<\/div>\n\t\t\t\t\t<\/div>\n\t\t<\/section>\n\t\t\t\t<\/div>\n\t\t","protected":false},"excerpt":{"rendered":"<p>\u00a0SESJA \u015aLUBNA ZA GRANIC\u0104 | \u015aLUB ZA GRANIC\u0104\u00a0 |\u00a0 SESJA ZDJ\u0118CIOWA WE W\u0141OSZECH ROMANTYCZNA SESJA \u015aLUBNA W WENECJI, W\u0141OCHY Wenecja to jedno z najbardziej romantycznych miast na \u015bwiecie, \u015bwi\u0119towanie \u015blubu lub zar\u0119czyn w tym magicznym miejscu to wyj\u0105tkowe prze\u017cycie, b\u0119dziecie zachwyceni histori\u0105, sztuk\u0105, pysznym jedzeniem, kana\u0142ami&#8230; Dla mnie bycie fotografem \u015blubnym w W\u0142oszech to prawdziwa przyjemno\u015b\u0107.\u00a0 Mia\u0142em okazj\u0119 tam pojecha\u0107, aby sfotografowa\u0107 par\u0119 &#8211; May\u0119 i Piotra. Wenecja jest popularnym miejscem wesel ze wzgl\u0119du na romantyczn\u0105 atmosfer\u0119 i pi\u0119kne krajobrazy. Pogoda jest ciep\u0142a i s\u0142oneczna przez co najmniej siedem miesi\u0119cy w roku, co sprawia, \u017ce \u200b\u200bjest to idealne miejsce na \u015bluby w plenerze, sesje narzecze\u0144skie czy ucieczk\u0119 w jednym z najbardziej urokliwych miejsc w Europie. Je\u015bli chcesz prze\u017cy\u0107 niesamowite prze\u017cycie i uczci\u0107 swoj\u0105 mi\u0142o\u015b\u0107 w wielkim stylu, Wenecja jest miejscem Twojego \u015blubu w Europie. Tutaj mo\u017cesz zobaczy\u0107 kilka zdj\u0119\u0107 z tej uroczej sesji zdj\u0119ciowej z okazji sesja \u015blubna za granic\u0105 w Wenecji we W\u0142oszech. FOTOGRAF \u015aLUBNY W WENECJI, W\u0141OCHY Niezale\u017cnie od tego, czy planujesz luksusowy \u015blub w Europie, ma\u0142\u0105 kameraln\u0105 ceremoni\u0119 lub \u015blub we W\u0142oszech, wyb\u00f3r dobrego, do\u015bwiadczonego fotografa \u015blubnego jest kluczem do posiadania wspania\u0142ych wspomnie\u0144 z tej wyj\u0105tkowej chwili. Twoje zdj\u0119cia \u015blubne b\u0119d\u0105 najcenniejszymi wspomnieniami z tego wyj\u0105tkowego dnia. Wa\u017cne jest, aby znale\u017a\u0107 dobrego fotografa \u015blubnego, kt\u00f3ry potrafi uchwyci\u0107 wszystkie pi\u0119kne chwile z dnia \u015blubu i udokumentowa\u0107 je w dobrym stylu. Dobry fotograf \u015blubny powinien rozumie\u0107 Twoj\u0105 wizj\u0119 dnia \u015blubu i by\u0107 w stanie uchwyci\u0107 j\u0105 w spos\u00f3b, kt\u00f3ry odzwierciedla Twoj\u0105 osobowo\u015b\u0107 i styl. B\u0119dziesz tak\u017ce potrzebowa\u0107 kogo\u015b, komu ufasz i z kim czujesz si\u0119 komfortowo, poniewa\u017c b\u0119dzie on przy tobie przez ca\u0142y dzie\u0144 \u015blubu. Chocia\u017c mo\u017ce by\u0107 kusz\u0105ce, aby zaoszcz\u0119dzi\u0107 pieni\u0105dze, zatrudniaj\u0105c fotografa-amatora lub prosz\u0105c przyjaciela o zrobienie zdj\u0119\u0107, wa\u017cne jest, aby pami\u0119ta\u0107, \u017ce te zdj\u0119cia b\u0119d\u0105 z tob\u0105 do ko\u0144ca \u017cycia. Profesjonalny fotograf ma do\u015bwiadczenie i wiedz\u0119, aby uchwyci\u0107 najlepsze momenty tego wyj\u0105tkowego dnia. JAK WZI\u0104\u0106 \u015aLUB WE W\u0141OSZECH Aby wzi\u0105\u0107 \u015blub w Wenecji, wystarczy by\u0107 w Wenecji w dniu \u015blubu bez uprzedniego spotkania z ratuszem (pod warunkiem, \u017ce masz Nulla Ost\u0119 na \u015blub zgodnie z wymaganiami wynikaj\u0105cymi z Twojej narodowo\u015bci) Nulla Osta to za\u015bwiadczenie o \u017cadnych przeszk\u00f3d i udowadnia, \u017ce \u200b\u200bzgodnie z prawem mo\u017cna zawrze\u0107 zwi\u0105zek ma\u0142\u017ce\u0144ski. Symboliczne \u015bluby mog\u0105 odby\u0107 si\u0119 na jednym z wielu hotelowych taras\u00f3w z widokiem na Canal Grande. Wenecja oferuje r\u00f3\u017cnorodne mo\u017cliwo\u015bci weselne dla r\u00f3\u017cnych preferencji i bud\u017cet\u00f3w. Od ma\u0142ych kapliczek, przez wyrze\u017abione ogrody, po pi\u0119kne hotele \u2014 w Wenecji ka\u017cdy znajdzie miejsce na organizacj\u0119 wesela. Je\u015bli zdecydujecie si\u0119 na \u015blub w Wenecji, mo\u017cliwo\u015bci s\u0105 bardzo szerokie, bardzo mi\u0142o jest przygotowa\u0107 kameraln\u0105 ceremoni\u0119, podczas kt\u00f3rej pa\u0144stwo m\u0142odzi w\u0142asnor\u0119cznie pisz\u0105 swoje przysi\u0119gi, a nast\u0119pnie czytaj\u0105 je sobie nawzajem w romantycznym miejscu. Tego typu uroczysto\u015bci budz\u0105 wiele emocji. Oczywi\u015bcie b\u0119d\u0105c w tak pi\u0119knym mie\u015bcie nie mo\u017cna zapomnie\u0107 o spacerach i zagubieniu si\u0119 w labiryncie w\u0105skich uliczek i kana\u0142\u00f3w, a tak\u017ce p\u0142ywanie gondol\u0105 o zachodzie s\u0142o\u0144ca z partnerem b\u0119dzie prze\u017cyciem, kt\u00f3re na d\u0142ugo pozostanie w pami\u0119ci na wielu lat. Je\u015bli potrzebujesz pomocy w zorganizowaniu sesji zdj\u0119ciowej w Wenecji, skontaktuj si\u0119 ze mn\u0105, r\u00f3wnie\u017c mo\u017cesz uzyska\u0107 bardzo przydatne informacje tutaj:\u00a0 www.vivovenetia.it\u00a0 MAYA I PIOTR &#8211; HISTORIA MI\u0141O\u015aCI W WENECJI, W\u0141OCHY Bez dalszej zw\u0142oki pozwalam wam cieszy\u0107 si\u0119 t\u0105 pi\u0119kn\u0105 romantyczn\u0105 histori\u0105 w Wenecji z t\u0105 urocz\u0105 zakochan\u0105 par\u0105, May\u0105 i Piotrem, par\u0105, kt\u00f3r\u0105 fotografowanie to przyjemno\u015b\u0107, poniewa\u017c mi\u0142o\u015b\u0107 mi\u0119dzy nimi jest widoczna go\u0142ym okiem. Sp\u0119dzili\u015bmy razem bardzo mi\u0142o czas i cieszyli\u015bmy si\u0119 pi\u0119knem tego wyj\u0105tkowego miasta. Dzi\u0119kuj\u0119! Music: Fismoll feat. Oly &#8211;\u00a0 The Healing \u00a9 Wszystkie zdj\u0119cia: F\u00e9lix de Vega FOTOGRAF \u015aLUBNY\u00a0 WE W\u0141OSZECH |\u00a0 \u015aLUB ZA GRANIC\u0104 \u00a0 Zarezerwuj Swojego fotografa \u015blubnego Napisz do mnie F\u00e9lix de Vega info@felixdevega.com tel. +48 511 579 346 Warsaw |\u00a0 Poland KONTAKT Wi\u0119cej Informacji Jak wybra\u0107 fotografa \u015blubnego Jak wybra\u0107 fotografa \u015blubnego Reporta\u017c \u015blubny Reporta\u017c \u015blubny Filmy \u015blubne Inspiruj\u0105ce Filmy DJ na wesele Najlepszy DJ na twoje wesele Wedding Planner Organizacja \u015blub\u00f3w i wesel Us\u0142ugodawcy \u015blubni Us\u0142ugodawcy na \u015blub Jaki styl wesela wybra\u0107? Klasyczny, Boho, Glamour&#8230; FAQ informacje o najcz\u0119\u015bciej zadawanych pytaniach Fotograf \u015blubny w Polsce | Fotografia \u015blubna Warszawa Krak\u00f3w | F\u00e9lix de Vega<\/p>\n","protected":false},"author":1,"featured_media":19228,"parent":0,"menu_order":0,"comment_status":"open","ping_status":"closed","template":"","meta":{"footnotes":""},"tags":[767,783,757,782],"class_list":["post-19281","page","type-page","status-publish","has-post-thumbnail","hentry","tag-sesja-narzeczenska","tag-sesja-slubna-za-granica","tag-slub","tag-slub-we-wloszech"],"blocksy_meta":[],"_links":{"self":[{"href":"https:\/\/www.felixdevega.com\/pl\/wp-json\/wp\/v2\/pages\/19281","targetHints":{"allow":["GET"]}}],"collection":[{"href":"https:\/\/www.felixdevega.com\/pl\/wp-json\/wp\/v2\/pages"}],"about":[{"href":"https:\/\/www.felixdevega.com\/pl\/wp-json\/wp\/v2\/types\/page"}],"author":[{"embeddable":true,"href":"https:\/\/www.felixdevega.com\/pl\/wp-json\/wp\/v2\/users\/1"}],"replies":[{"embeddable":true,"href":"https:\/\/www.felixdevega.com\/pl\/wp-json\/wp\/v2\/comments?post=19281"}],"version-history":[{"count":63,"href":"https:\/\/www.felixdevega.com\/pl\/wp-json\/wp\/v2\/pages\/19281\/revisions"}],"predecessor-version":[{"id":31687,"href":"https:\/\/www.felixdevega.com\/pl\/wp-json\/wp\/v2\/pages\/19281\/revisions\/31687"}],"wp:featuredmedia":[{"embeddable":true,"href":"https:\/\/www.felixdevega.com\/pl\/wp-json\/wp\/v2\/media\/19228"}],"wp:attachment":[{"href":"https:\/\/www.felixdevega.com\/pl\/wp-json\/wp\/v2\/media?parent=19281"}],"wp:term":[{"taxonomy":"post_tag","embeddable":true,"href":"https:\/\/www.felixdevega.com\/pl\/wp-json\/wp\/v2\/tags?post=19281"}],"curies":[{"name":"wp","href":"https:\/\/api.w.org\/{rel}","templated":true}]}}