{"id":17459,"date":"2021-01-04T13:05:43","date_gmt":"2021-01-04T12:05:43","guid":{"rendered":"https:\/\/www.felixdevega.com\/?p=17459"},"modified":"2025-04-28T16:17:54","modified_gmt":"2025-04-28T14:17:54","slug":"slub-w-plenerze-warszawa-ogrod-babette","status":"publish","type":"page","link":"https:\/\/www.felixdevega.com\/pl\/slub-w-plenerze-warszawa-ogrod-babette\/","title":{"rendered":"\u015alub w plenerze w Warszawie &#8211; Ogr\u00f3d Babette"},"content":{"rendered":"\t\t<div data-elementor-type=\"wp-post\" data-elementor-id=\"17459\" class=\"elementor elementor-17459 elementor-17026\" data-elementor-post-type=\"page\">\n\t\t\t\t\t\t<section class=\"elementor-section elementor-top-section elementor-element elementor-element-d58af44 elementor-section-boxed elementor-section-height-default elementor-section-height-default wpr-particle-no wpr-sticky-section-no wpr-equal-height-no\" data-id=\"d58af44\" data-element_type=\"section\" data-e-type=\"section\">\n\t\t\t\t\t\t<div class=\"elementor-container elementor-column-gap-default\">\n\t\t\t\t\t<div class=\"elementor-column elementor-col-100 elementor-top-column elementor-element elementor-element-7e7ecdf4\" data-id=\"7e7ecdf4\" data-element_type=\"column\" data-e-type=\"column\">\n\t\t\t<div class=\"elementor-widget-wrap elementor-element-populated\">\n\t\t\t\t\t\t<div class=\"elementor-element elementor-element-3b58a43b elementor-widget elementor-widget-text-editor\" data-id=\"3b58a43b\" data-element_type=\"widget\" data-e-type=\"widget\" data-widget_type=\"text-editor.default\">\n\t\t\t\t<div class=\"elementor-widget-container\">\n\t\t\t\t\t\t\t\t\t<h2 style=\"text-align: center;\"><strong><span style=\"font-size: 8pt; color: #999999;\">Wesele Ogr\u00f3d Babette\u00a0 | \u015blub plenerowy Warszawa | \u015blub w ogrodzie Warszawa<\/span><\/strong><\/h2><h2 style=\"text-align: center;\">\u015aLUB W PLENERZE W WARSZAWIE &#8211; OGR\u00d3D BABETTE<\/h2><p>Oto pi\u0119kny \u015blub plenerowy w Warszawie, w jednym z najpi\u0119kniejszych miejsc weselnych w Warszawie, Ogr\u00f3d Babette, miejscu idealnym dla nowoczesnych par lubi\u0105cych ziele\u0144, elementy rustykalne oraz alternatywne wesela w stylu boho, i oczywi\u015bcie pi\u0119kny ogr\u00f3d, w kt\u00f3rym mo\u017cna zorganizowa\u0107 romantyczn\u0105 uroczysto\u015b\u0107 w plenerze. Mo\u017cliwo\u015b\u0107 pracy jako fotograf \u015blubny w Warszawie jest dla mnie zawsze przyjemna, jest to miasto, w kt\u00f3rym mieszkam od lat i mog\u0119 je teraz nazwa\u0107 swoim domem, czuj\u0119 szczeg\u00f3ln\u0105 wdzi\u0119czno\u015b\u0107, kiedy mog\u0119 fotografowa\u0107 tak mi\u0142\u0105 par\u0119 w tak pi\u0119knym miejscu.<\/p><p style=\"text-align: center;\"><strong>WITAMY W D\u017bUNGLI<\/strong><\/p><p>Kasia i Rafa\u0142 to para, w kt\u00f3rej mi\u0142o\u015b\u0107 mi\u0119dzy nimi wida\u0107 go\u0142ym okiem. Kiedy skontaktowali si\u0119 ze mn\u0105, aby poprosi\u0107 mnie o bycie ich fotografem \u015blubnym w Warszawie, bardzo mi schlebia\u0142o. \u015alub i uroczysto\u015b\u0107 by\u0142y pe\u0142ne element\u00f3w, kt\u00f3re czyni\u0142y je autentycznymi i odmiennymi, pocz\u0105wszy od sukienki Kasi, kt\u00f3r\u0105 sama zrobi\u0142a na drutach! tak\u017ce niesamowit\u0105 i zabawn\u0105 choreografi\u0119 pierwszego ta\u0144ca, w kt\u00f3rej uczestniczy\u0142y wszystkie przyjaci\u00f3\u0142, oraz kwiatowe wianki, kt\u00f3re zdobi\u0142y g\u0142owy wszystkich pa\u0144, a tak\u017ce spektakularn\u0105 dekoracj\u0119 ro\u015blinn\u0105 o\u0142tarza. Na osobn\u0105 wzmiank\u0119 zas\u0142uguje r\u00f3wnie\u017c muzyka, w tym \u015bcie\u017cka d\u017awi\u0119kowa z Kr\u00f3la Lwa na wej\u015bcie na ceremoni\u0119, kt\u00f3ra wywo\u0142a\u0142a u\u015bmiechy na twarzach wszystkich go\u015bci. By\u0142 pi\u0119kny <strong>\u015blub w ogrodzie<\/strong> ze wszystkimi niezb\u0119dnymi elementami, aby by\u0142 niezapomniany.<\/p><p><img fetchpriority=\"high\" decoding=\"async\" class=\"aligncenter wp-image-17488 size-full\" src=\"https:\/\/www.felixdevega.com\/wp-content\/uploads\/2023\/04\/00-slub-w-plenerze-warszawa-Ogrod-Babette-scaled.jpg\" alt=\"\u015blub-w-plenerze-warszawa\" width=\"2560\" height=\"1706\" srcset=\"https:\/\/www.felixdevega.com\/wp-content\/uploads\/2023\/04\/00-slub-w-plenerze-warszawa-Ogrod-Babette-scaled.jpg 2560w, https:\/\/www.felixdevega.com\/wp-content\/uploads\/2023\/04\/00-slub-w-plenerze-warszawa-Ogrod-Babette-750x500.jpg 750w, https:\/\/www.felixdevega.com\/wp-content\/uploads\/2023\/04\/00-slub-w-plenerze-warszawa-Ogrod-Babette-1290x860.jpg 1290w, https:\/\/www.felixdevega.com\/wp-content\/uploads\/2023\/04\/00-slub-w-plenerze-warszawa-Ogrod-Babette-1536x1024.jpg 1536w, https:\/\/www.felixdevega.com\/wp-content\/uploads\/2023\/04\/00-slub-w-plenerze-warszawa-Ogrod-Babette-2048x1365.jpg 2048w, https:\/\/www.felixdevega.com\/wp-content\/uploads\/2023\/04\/00-slub-w-plenerze-warszawa-Ogrod-Babette-1200x800.jpg 1200w\" sizes=\"(max-width: 2560px) 100vw, 2560px\" \/><\/p><h2 style=\"text-align: center;\">OGR\u00d3D BABETTE &#8211; RUSTYKALNE SALE WESELNE W WARSZAWIE<\/h2><p>Kasia i Rafa\u0142 postanowili zorganizowa\u0107 swoje <a title=\"\u015blub w plenerze w Warszawie\" href=\"https:\/\/www.felixdevega.com\/pl\/fotograf-slubny\/warszawa\/\" target=\"_blank\" rel=\"noopener\"><strong>\u015blub w plenerze w Warszawie<\/strong><\/a> w stylu rustykalnym z elementami boho w jednym z najbardziej urokliwych miejsc weselnych w Warszawie, Ogrod Babette, z drewnian\u0105 zabudow\u0105, przepi\u0119kn\u0105 dekoracj\u0105, najwy\u017cszej jako\u015bci obs\u0142ug\u0105 i pi\u0119knym ogrodem, kt\u00f3ry pozwala na plenerowy sluby. Ceremonia odby\u0142a si\u0119 w odkrytym o\u0142tarzu ozdobionym ro\u015blinami. Ca\u0142y \u015blub inspirowany ro\u015blinami, zieleni\u0105 i natur\u0105. R\u00f3wnie\u017c deszcz pada\u0142 niemal przez ca\u0142y dzie\u0144 jako znak kontaktu z natur\u0105. Muzyka z filmu \u201eKr\u00f3l Lew\u201d rozpocz\u0119\u0142a zabawn\u0105 ceremoni\u0119, podczas kt\u00f3rej pa\u0144stwo m\u0142odzi najpierw odczytali przysi\u0119g\u0119 ma\u0142\u017ce\u0144sk\u0105 i rozbawili wszystkich go\u015bci do \u0142ez, potem zabawa w Ogrodzie Babette trwa\u0142a do p\u00f3\u017anych godzin nocnych. Deszcz towarzyszy\u0142 nam przez wi\u0119ksz\u0105 cz\u0119\u015b\u0107 dnia, ale to nie by\u0142 pretekst, by cieszy\u0107 si\u0119 wyj\u0105tkowym i bardzo wyj\u0105tkowym \u015blubem. Co sprawi\u0142o, \u017ce ten \u015blub by\u0142 tak wyj\u0105tkowy? C\u00f3\u017c, pocz\u0105wszy od uroczej pary Kasi i Rafa\u0142a, a sko\u0144czywszy na ich zabawnych przyjacio\u0142ach i uroczej rodzinie, atmosfera by\u0142a bardzo autentyczna. Przyczyni\u0142o si\u0119 do tego r\u00f3wnie\u017c otoczenie, wybrana sala weselna, Ogrod Babette to zachwyt dla tego typu uroczysto\u015bci i czu\u0142am si\u0119 naprawd\u0119 szcz\u0119\u015bliwe, \u017ce \u200b\u200bby\u0142em ich fotografem \u015blubnym tego dnia i mog\u0142em uwieczni\u0107 te pi\u0119kne chwile.<\/p><p><audio class=\"wp-audio-shortcode\" id=\"audio-17459-1\" autoplay preload=\"none\" style=\"width: 100%;\" controls=\"controls\"><source type=\"audio\/mpeg\" src=\"https:\/\/www.felixdevega.com\/wp-content\/uploads\/2023\/04\/000-Au-Revoir-Simone-Sad-Song.mp3?_=1\" \/><a href=\"https:\/\/www.felixdevega.com\/wp-content\/uploads\/2023\/04\/000-Au-Revoir-Simone-Sad-Song.mp3\">https:\/\/www.felixdevega.com\/wp-content\/uploads\/2023\/04\/000-Au-Revoir-Simone-Sad-Song.mp3<\/a><\/audio><\/p><p>Music:\u00a0 Au Revoir Simone &#8211; Sad Song<\/p><p><img decoding=\"async\" style=\"margin-bottom: 5px;\" src=\"https:\/\/www.felixdevega.com\/wp-content\/uploads\/2023\/04\/01-Warsaw-wedding-photographer-ogrod-Babette-wesele-warszawa-182.jpg\" alt=\"\" width=\"1400\" height=\"935\" \/><img decoding=\"async\" style=\"margin-bottom: 5px;\" src=\"https:\/\/www.felixdevega.com\/wp-content\/uploads\/2023\/04\/blog-dos-fotos-horizontales1.jpg\" alt=\"\" width=\"1400\" height=\"466\" \/> <img loading=\"lazy\" decoding=\"async\" style=\"margin-bottom: 5px;\" src=\"https:\/\/www.felixdevega.com\/wp-content\/uploads\/2023\/04\/03a-Warsaw-wedding-photographer-ogrod-Babette-wesele-warszawa-181.jpg\" alt=\"\" width=\"1400\" height=\"935\" \/> <img loading=\"lazy\" decoding=\"async\" style=\"margin-bottom: 5px;\" src=\"https:\/\/www.felixdevega.com\/wp-content\/uploads\/2023\/04\/05-ogrod-Babette-wesele-warszawa.jpg\" alt=\"\" width=\"1400\" height=\"644\" \/> <img loading=\"lazy\" decoding=\"async\" style=\"margin-bottom: 5px;\" src=\"https:\/\/www.felixdevega.com\/wp-content\/uploads\/2023\/04\/06-Warsaw-wedding-photographer-ogrod-Babette-wesele-warszawa-79.jpg\" alt=\"\" width=\"1400\" height=\"935\" \/><img loading=\"lazy\" decoding=\"async\" style=\"margin-bottom: 5px;\" src=\"https:\/\/www.felixdevega.com\/wp-content\/uploads\/2023\/04\/07-Warsaw-wedding-photographer-ogrod-Babette-wesele-warszawa-171.jpg\" alt=\"\" width=\"1400\" height=\"935\" \/> <img loading=\"lazy\" decoding=\"async\" class=\"aligncenter wp-image-17491 size-full\" style=\"margin-bottom: 5px;\" src=\"https:\/\/www.felixdevega.com\/wp-content\/uploads\/2023\/04\/08-slub-w-plenerze-warszawa-Ogrod-Babette.jpg\" alt=\"fotograf-slubny-warszawa\" width=\"1400\" height=\"935\" srcset=\"https:\/\/www.felixdevega.com\/wp-content\/uploads\/2023\/04\/08-slub-w-plenerze-warszawa-Ogrod-Babette.jpg 1400w, https:\/\/www.felixdevega.com\/wp-content\/uploads\/2023\/04\/08-slub-w-plenerze-warszawa-Ogrod-Babette-750x501.jpg 750w, https:\/\/www.felixdevega.com\/wp-content\/uploads\/2023\/04\/08-slub-w-plenerze-warszawa-Ogrod-Babette-1290x862.jpg 1290w, https:\/\/www.felixdevega.com\/wp-content\/uploads\/2023\/04\/08-slub-w-plenerze-warszawa-Ogrod-Babette-1200x800.jpg 1200w\" sizes=\"(max-width: 1400px) 100vw, 1400px\" \/> <img loading=\"lazy\" decoding=\"async\" class=\"aligncenter wp-image-17494 size-full\" style=\"margin-bottom: 5px;\" src=\"https:\/\/www.felixdevega.com\/wp-content\/uploads\/2023\/04\/09-slub-w-plenerze-warszawa-Ogrod-Babette.jpg\" alt=\"\u015blub-w-ogrodzie-ogr\u00f3d-babette\" width=\"1400\" height=\"935\" srcset=\"https:\/\/www.felixdevega.com\/wp-content\/uploads\/2023\/04\/09-slub-w-plenerze-warszawa-Ogrod-Babette.jpg 1400w, https:\/\/www.felixdevega.com\/wp-content\/uploads\/2023\/04\/09-slub-w-plenerze-warszawa-Ogrod-Babette-750x501.jpg 750w, https:\/\/www.felixdevega.com\/wp-content\/uploads\/2023\/04\/09-slub-w-plenerze-warszawa-Ogrod-Babette-1290x862.jpg 1290w, https:\/\/www.felixdevega.com\/wp-content\/uploads\/2023\/04\/09-slub-w-plenerze-warszawa-Ogrod-Babette-1200x800.jpg 1200w\" sizes=\"(max-width: 1400px) 100vw, 1400px\" \/> <img loading=\"lazy\" decoding=\"async\" class=\"aligncenter wp-image-17497 size-full\" style=\"margin-bottom: 5px;\" src=\"https:\/\/www.felixdevega.com\/wp-content\/uploads\/2023\/04\/10-slub-w-plenerze-warszawa-Ogrod-Babette9.jpg\" alt=\"wesele-ogrod-babette\" width=\"1400\" height=\"935\" srcset=\"https:\/\/www.felixdevega.com\/wp-content\/uploads\/2023\/04\/10-slub-w-plenerze-warszawa-Ogrod-Babette9.jpg 1400w, https:\/\/www.felixdevega.com\/wp-content\/uploads\/2023\/04\/10-slub-w-plenerze-warszawa-Ogrod-Babette9-750x501.jpg 750w, https:\/\/www.felixdevega.com\/wp-content\/uploads\/2023\/04\/10-slub-w-plenerze-warszawa-Ogrod-Babette9-1290x862.jpg 1290w, https:\/\/www.felixdevega.com\/wp-content\/uploads\/2023\/04\/10-slub-w-plenerze-warszawa-Ogrod-Babette9-1200x800.jpg 1200w\" sizes=\"(max-width: 1400px) 100vw, 1400px\" \/><img loading=\"lazy\" decoding=\"async\" class=\"aligncenter wp-image-17501 size-full\" style=\"margin-bottom: 5px;\" src=\"https:\/\/www.felixdevega.com\/wp-content\/uploads\/2023\/04\/12-slub-w-plenerze-warszawa-Ogrod-Babette.jpg\" alt=\"\u015blub-w-ogrodzie-warszawa\" width=\"1400\" height=\"935\" srcset=\"https:\/\/www.felixdevega.com\/wp-content\/uploads\/2023\/04\/12-slub-w-plenerze-warszawa-Ogrod-Babette.jpg 1400w, https:\/\/www.felixdevega.com\/wp-content\/uploads\/2023\/04\/12-slub-w-plenerze-warszawa-Ogrod-Babette-750x501.jpg 750w, https:\/\/www.felixdevega.com\/wp-content\/uploads\/2023\/04\/12-slub-w-plenerze-warszawa-Ogrod-Babette-1290x862.jpg 1290w, https:\/\/www.felixdevega.com\/wp-content\/uploads\/2023\/04\/12-slub-w-plenerze-warszawa-Ogrod-Babette-1200x800.jpg 1200w\" sizes=\"(max-width: 1400px) 100vw, 1400px\" \/> <img loading=\"lazy\" decoding=\"async\" class=\"aligncenter wp-image-17504 size-full\" style=\"margin-bottom: 5px;\" src=\"https:\/\/www.felixdevega.com\/wp-content\/uploads\/2023\/04\/14-slub-w-plenerze-warszawa-Ogrod-Babette.jpg\" alt=\"suknia-boho\" width=\"1400\" height=\"935\" srcset=\"https:\/\/www.felixdevega.com\/wp-content\/uploads\/2023\/04\/14-slub-w-plenerze-warszawa-Ogrod-Babette.jpg 1400w, https:\/\/www.felixdevega.com\/wp-content\/uploads\/2023\/04\/14-slub-w-plenerze-warszawa-Ogrod-Babette-750x501.jpg 750w, https:\/\/www.felixdevega.com\/wp-content\/uploads\/2023\/04\/14-slub-w-plenerze-warszawa-Ogrod-Babette-1290x862.jpg 1290w, https:\/\/www.felixdevega.com\/wp-content\/uploads\/2023\/04\/14-slub-w-plenerze-warszawa-Ogrod-Babette-1200x800.jpg 1200w\" sizes=\"(max-width: 1400px) 100vw, 1400px\" \/> <img loading=\"lazy\" decoding=\"async\" style=\"margin-bottom: 5px;\" src=\"https:\/\/www.felixdevega.com\/wp-content\/uploads\/2023\/04\/15-Warsaw-wedding-photographer-ogrod-Babette-wesele-warszawa-180.jpg\" alt=\"\" width=\"1400\" height=\"935\" \/><img loading=\"lazy\" decoding=\"async\" class=\"aligncenter wp-image-17507 size-full\" style=\"margin-bottom: 5px;\" src=\"https:\/\/www.felixdevega.com\/wp-content\/uploads\/2023\/04\/17-slub-w-plenerze-warszawa-Ogrod-Babette.jpg\" alt=\"rustykalny-wesele-warszawa\" width=\"1400\" height=\"935\" srcset=\"https:\/\/www.felixdevega.com\/wp-content\/uploads\/2023\/04\/17-slub-w-plenerze-warszawa-Ogrod-Babette.jpg 1400w, https:\/\/www.felixdevega.com\/wp-content\/uploads\/2023\/04\/17-slub-w-plenerze-warszawa-Ogrod-Babette-750x501.jpg 750w, https:\/\/www.felixdevega.com\/wp-content\/uploads\/2023\/04\/17-slub-w-plenerze-warszawa-Ogrod-Babette-1290x862.jpg 1290w, https:\/\/www.felixdevega.com\/wp-content\/uploads\/2023\/04\/17-slub-w-plenerze-warszawa-Ogrod-Babette-1200x800.jpg 1200w\" sizes=\"(max-width: 1400px) 100vw, 1400px\" \/> <img loading=\"lazy\" decoding=\"async\" style=\"margin-bottom: 5px;\" src=\"https:\/\/www.felixdevega.com\/wp-content\/uploads\/2023\/04\/18-Warsaw-wedding-photographer-ogrod-Babette-wesele-warszawa-67.jpg\" alt=\"\" width=\"1400\" height=\"935\" \/> <img loading=\"lazy\" decoding=\"async\" class=\"aligncenter wp-image-17510 size-full\" style=\"margin-bottom: 5px;\" src=\"https:\/\/www.felixdevega.com\/wp-content\/uploads\/2023\/04\/20-slub-w-plenerze-warszawa-Ogrod-Babette.jpg\" alt=\"wesele-ogrod-babette\" width=\"1400\" height=\"935\" srcset=\"https:\/\/www.felixdevega.com\/wp-content\/uploads\/2023\/04\/20-slub-w-plenerze-warszawa-Ogrod-Babette.jpg 1400w, https:\/\/www.felixdevega.com\/wp-content\/uploads\/2023\/04\/20-slub-w-plenerze-warszawa-Ogrod-Babette-750x501.jpg 750w, https:\/\/www.felixdevega.com\/wp-content\/uploads\/2023\/04\/20-slub-w-plenerze-warszawa-Ogrod-Babette-1290x862.jpg 1290w, https:\/\/www.felixdevega.com\/wp-content\/uploads\/2023\/04\/20-slub-w-plenerze-warszawa-Ogrod-Babette-1200x800.jpg 1200w\" sizes=\"(max-width: 1400px) 100vw, 1400px\" \/> <img loading=\"lazy\" decoding=\"async\" class=\"alignnone\" style=\"margin-bottom: 5px;\" src=\"https:\/\/www.felixdevega.com\/wp-content\/uploads\/2023\/04\/21-Warsaw-wedding-photographer-ogrod-Babette-wesele-warszawa-170.jpg\" alt=\"\u015blub-w-plenerze-warszawa\" width=\"1400\" height=\"935\" \/> <img loading=\"lazy\" decoding=\"async\" style=\"margin-bottom: 5px;\" src=\"https:\/\/www.felixdevega.com\/wp-content\/uploads\/2023\/04\/22-blog-dos-fotos-horizontales.jpg\" alt=\"\" width=\"1400\" height=\"466\" \/> <img loading=\"lazy\" decoding=\"async\" style=\"margin-bottom: 5px;\" src=\"https:\/\/www.felixdevega.com\/wp-content\/uploads\/2023\/04\/23-Warsaw-wedding-photographer-ogrod-Babette-wesele-warszawa-165.jpg\" alt=\"\" width=\"1400\" height=\"935\" \/> <img loading=\"lazy\" decoding=\"async\" style=\"margin-bottom: 5px;\" src=\"https:\/\/www.felixdevega.com\/wp-content\/uploads\/2023\/04\/blog-dos-fotos-horizontales2.jpg\" alt=\"\" width=\"1400\" height=\"645\" \/> <img loading=\"lazy\" decoding=\"async\" style=\"margin-bottom: 5px;\" src=\"https:\/\/www.felixdevega.com\/wp-content\/uploads\/2023\/04\/27-Warsaw-wedding-photographer-ogrod-Babette-wesele-warszawa-160.jpg\" alt=\"Ogrod Babette Warszawa\" width=\"1400\" height=\"935\" \/> <img loading=\"lazy\" decoding=\"async\" class=\"aligncenter wp-image-17513 size-full\" style=\"margin-bottom: 5px;\" src=\"https:\/\/www.felixdevega.com\/wp-content\/uploads\/2023\/04\/28-slub-w-plenerze-warszawa-Ogrod-Babette.jpg\" alt=\"\u015blub-w-plenerze-warszawa\" width=\"1400\" height=\"935\" srcset=\"https:\/\/www.felixdevega.com\/wp-content\/uploads\/2023\/04\/28-slub-w-plenerze-warszawa-Ogrod-Babette.jpg 1400w, https:\/\/www.felixdevega.com\/wp-content\/uploads\/2023\/04\/28-slub-w-plenerze-warszawa-Ogrod-Babette-750x501.jpg 750w, https:\/\/www.felixdevega.com\/wp-content\/uploads\/2023\/04\/28-slub-w-plenerze-warszawa-Ogrod-Babette-1290x862.jpg 1290w, https:\/\/www.felixdevega.com\/wp-content\/uploads\/2023\/04\/28-slub-w-plenerze-warszawa-Ogrod-Babette-1200x800.jpg 1200w\" sizes=\"(max-width: 1400px) 100vw, 1400px\" \/> <img loading=\"lazy\" decoding=\"async\" class=\"aligncenter wp-image-17516 size-full\" style=\"margin-bottom: 5px;\" src=\"https:\/\/www.felixdevega.com\/wp-content\/uploads\/2023\/04\/29-slub-w-plenerze-warszawa-Ogrod-Babette.jpg\" alt=\"wesele-ogrod-babette\" width=\"1400\" height=\"935\" srcset=\"https:\/\/www.felixdevega.com\/wp-content\/uploads\/2023\/04\/29-slub-w-plenerze-warszawa-Ogrod-Babette.jpg 1400w, https:\/\/www.felixdevega.com\/wp-content\/uploads\/2023\/04\/29-slub-w-plenerze-warszawa-Ogrod-Babette-750x501.jpg 750w, https:\/\/www.felixdevega.com\/wp-content\/uploads\/2023\/04\/29-slub-w-plenerze-warszawa-Ogrod-Babette-1290x862.jpg 1290w, https:\/\/www.felixdevega.com\/wp-content\/uploads\/2023\/04\/29-slub-w-plenerze-warszawa-Ogrod-Babette-1200x800.jpg 1200w\" sizes=\"(max-width: 1400px) 100vw, 1400px\" \/> <img loading=\"lazy\" decoding=\"async\" class=\"aligncenter wp-image-17519 size-full\" style=\"margin-bottom: 5px;\" src=\"https:\/\/www.felixdevega.com\/wp-content\/uploads\/2023\/04\/30-slub-w-plenerze-warszawa-Ogrod-Babette.jpg\" alt=\"rustykalny-wesele-warszawa\" width=\"1400\" height=\"935\" srcset=\"https:\/\/www.felixdevega.com\/wp-content\/uploads\/2023\/04\/30-slub-w-plenerze-warszawa-Ogrod-Babette.jpg 1400w, https:\/\/www.felixdevega.com\/wp-content\/uploads\/2023\/04\/30-slub-w-plenerze-warszawa-Ogrod-Babette-750x501.jpg 750w, https:\/\/www.felixdevega.com\/wp-content\/uploads\/2023\/04\/30-slub-w-plenerze-warszawa-Ogrod-Babette-1290x862.jpg 1290w, https:\/\/www.felixdevega.com\/wp-content\/uploads\/2023\/04\/30-slub-w-plenerze-warszawa-Ogrod-Babette-1200x800.jpg 1200w\" sizes=\"(max-width: 1400px) 100vw, 1400px\" \/> <img loading=\"lazy\" decoding=\"async\" class=\"aligncenter wp-image-17522 size-full\" style=\"margin-bottom: 5px;\" src=\"https:\/\/www.felixdevega.com\/wp-content\/uploads\/2023\/04\/32-slub-w-plenerze-warszawa-Ogrod-Babette.jpg\" alt=\"rustykalny-wesele-warszawa\" width=\"1400\" height=\"935\" srcset=\"https:\/\/www.felixdevega.com\/wp-content\/uploads\/2023\/04\/32-slub-w-plenerze-warszawa-Ogrod-Babette.jpg 1400w, https:\/\/www.felixdevega.com\/wp-content\/uploads\/2023\/04\/32-slub-w-plenerze-warszawa-Ogrod-Babette-750x501.jpg 750w, https:\/\/www.felixdevega.com\/wp-content\/uploads\/2023\/04\/32-slub-w-plenerze-warszawa-Ogrod-Babette-1290x862.jpg 1290w, https:\/\/www.felixdevega.com\/wp-content\/uploads\/2023\/04\/32-slub-w-plenerze-warszawa-Ogrod-Babette-1200x800.jpg 1200w\" sizes=\"(max-width: 1400px) 100vw, 1400px\" \/> <img loading=\"lazy\" decoding=\"async\" class=\"aligncenter wp-image-17525 size-full\" style=\"margin-bottom: 5px;\" src=\"https:\/\/www.felixdevega.com\/wp-content\/uploads\/2023\/04\/33-slub-w-plenerze-warszawa-Ogrod-Babette.jpg\" alt=\"\u015alub-plenerowy-warszawa\" width=\"1400\" height=\"935\" srcset=\"https:\/\/www.felixdevega.com\/wp-content\/uploads\/2023\/04\/33-slub-w-plenerze-warszawa-Ogrod-Babette.jpg 1400w, https:\/\/www.felixdevega.com\/wp-content\/uploads\/2023\/04\/33-slub-w-plenerze-warszawa-Ogrod-Babette-750x501.jpg 750w, https:\/\/www.felixdevega.com\/wp-content\/uploads\/2023\/04\/33-slub-w-plenerze-warszawa-Ogrod-Babette-1290x862.jpg 1290w, https:\/\/www.felixdevega.com\/wp-content\/uploads\/2023\/04\/33-slub-w-plenerze-warszawa-Ogrod-Babette-1200x800.jpg 1200w\" sizes=\"(max-width: 1400px) 100vw, 1400px\" \/> <img loading=\"lazy\" decoding=\"async\" class=\"aligncenter wp-image-17528 size-full\" style=\"margin-bottom: 5px;\" src=\"https:\/\/www.felixdevega.com\/wp-content\/uploads\/2023\/04\/34-slub-w-plenerze-warszawa-Ogrod-Babette.jpg\" alt=\"\u015alub-plenerowy-warszawa\" width=\"1400\" height=\"935\" srcset=\"https:\/\/www.felixdevega.com\/wp-content\/uploads\/2023\/04\/34-slub-w-plenerze-warszawa-Ogrod-Babette.jpg 1400w, https:\/\/www.felixdevega.com\/wp-content\/uploads\/2023\/04\/34-slub-w-plenerze-warszawa-Ogrod-Babette-750x501.jpg 750w, https:\/\/www.felixdevega.com\/wp-content\/uploads\/2023\/04\/34-slub-w-plenerze-warszawa-Ogrod-Babette-1290x862.jpg 1290w, https:\/\/www.felixdevega.com\/wp-content\/uploads\/2023\/04\/34-slub-w-plenerze-warszawa-Ogrod-Babette-1200x800.jpg 1200w\" sizes=\"(max-width: 1400px) 100vw, 1400px\" \/> <img loading=\"lazy\" decoding=\"async\" class=\"aligncenter wp-image-17531 size-full\" style=\"margin-bottom: 5px;\" src=\"https:\/\/www.felixdevega.com\/wp-content\/uploads\/2023\/04\/37-slub-w-plenerze-warszawa-Ogrod-Babette.jpg\" alt=\"\u015blub-w-ogrodzie-warszawa\" width=\"1400\" height=\"935\" srcset=\"https:\/\/www.felixdevega.com\/wp-content\/uploads\/2023\/04\/37-slub-w-plenerze-warszawa-Ogrod-Babette.jpg 1400w, https:\/\/www.felixdevega.com\/wp-content\/uploads\/2023\/04\/37-slub-w-plenerze-warszawa-Ogrod-Babette-750x501.jpg 750w, https:\/\/www.felixdevega.com\/wp-content\/uploads\/2023\/04\/37-slub-w-plenerze-warszawa-Ogrod-Babette-1290x862.jpg 1290w, https:\/\/www.felixdevega.com\/wp-content\/uploads\/2023\/04\/37-slub-w-plenerze-warszawa-Ogrod-Babette-1200x800.jpg 1200w\" sizes=\"(max-width: 1400px) 100vw, 1400px\" \/> <img loading=\"lazy\" decoding=\"async\" class=\"aligncenter size-full wp-image-17534\" src=\"https:\/\/www.felixdevega.com\/wp-content\/uploads\/2023\/04\/38-slub-w-plenerze-warszawa-Ogrod-Babette.jpg\" alt=\"\u015blub-w-ogrodzie-warszawa\" width=\"1400\" height=\"935\" srcset=\"https:\/\/www.felixdevega.com\/wp-content\/uploads\/2023\/04\/38-slub-w-plenerze-warszawa-Ogrod-Babette.jpg 1400w, https:\/\/www.felixdevega.com\/wp-content\/uploads\/2023\/04\/38-slub-w-plenerze-warszawa-Ogrod-Babette-750x501.jpg 750w, https:\/\/www.felixdevega.com\/wp-content\/uploads\/2023\/04\/38-slub-w-plenerze-warszawa-Ogrod-Babette-1290x862.jpg 1290w, https:\/\/www.felixdevega.com\/wp-content\/uploads\/2023\/04\/38-slub-w-plenerze-warszawa-Ogrod-Babette-1200x800.jpg 1200w\" sizes=\"(max-width: 1400px) 100vw, 1400px\" \/><\/p><h2 style=\"text-align: center;\">\u015aLUB W OGRODZIE W WARSZAWIE &#8211; OGR\u00d3D BABETTE<\/h2><p>Ta pi\u0119kna <strong>plenerowa ceremonia \u015blubna<\/strong> rozpocz\u0119\u0142a si\u0119 przy muzyce z filmu Kr\u00f3l Lew. Tak, wszyscy jeste\u015bmy po\u0142\u0105czeni w wielkim kr\u0119gu \u017cycia! Przy tej radosnej melodii dru\u017cbowie i druhny chodzili do o\u0142tarza w ogrodzie udekorowanym ro\u015blinami o r\u00f3\u017cnych odcieniach i kolorach, deszcz, kt\u00f3ry pada\u0142 przez ca\u0142y dzie\u0144, przesta\u0142 pada\u0107 dopiero podczas ceremonii, jakby wsp\u00f3\u0142pracuj\u0105c z nami. To by\u0142a plenerowa ceremonia w kontakcie z natur\u0105 i by\u0142a bardzo radosna i zabawna. Po weselu udali\u015bmy si\u0119 do lokalu Ogrod Babette, gdzie zjedli\u015bmy pyszny posi\u0142ek i wreszcie mieli\u015bmy niesamowit\u0105 imprez\u0119, kt\u00f3ra trwa\u0142a do p\u00f3\u017anej nocy. Na szczeg\u00f3ln\u0105 uwag\u0119 zas\u0142uguje wyj\u0105tkowa choreografia, kt\u00f3r\u0105 pa\u0144stwo m\u0142odzi przygotowali ze wszystkimi swoimi przyjaci\u00f3\u0142mi jako taniec otwieraj\u0105cy przyj\u0119cie, mieszanka ruch\u00f3w, kt\u00f3rych nigdy nie widzia\u0142em na \u017cadnym innym weselu, a jako fotograf \u015blubny pracuj\u0119 od ponad dziesi\u0119ciu lat lat \ud83d\ude42 Kr\u00f3tko m\u00f3wi\u0105c, ujmuj\u0105cy, inny, wyj\u0105tkowy i zabawny \u015blub, z urocz\u0105 par\u0105 i pe\u0142en pozytywnych emocji. Dzi\u0119ki ch\u0142opaki! Je\u015bli lubicie wesela w ogrodzie, Ogrod Babette to idealne miejsce, z pi\u0119knym ogrodem i rustykalnym wiejskim stylem ca\u0142ej sali, to idealne miejsce na plenerowy \u015blub w ogrodzie w Warszawie i oczywi\u015bcie je\u015bli potrzebujesz dobrego fotografa \u015blubnego w Warszawie z przyjemno\u015bci\u0105 b\u0119d\u0119 towarzyszy\u0142 Wam w tym wyj\u0105tkowym dniu i tworzy\u0142 niezapomniane zdj\u0119cia dla Was i Waszej rodziny.<\/p><p><img loading=\"lazy\" decoding=\"async\" style=\"margin-bottom: 5px;\" src=\"https:\/\/www.felixdevega.com\/wp-content\/uploads\/2023\/04\/blog-dos-fotos-horizontales3.jpg\" alt=\"\" width=\"1400\" height=\"466\" \/> <img loading=\"lazy\" decoding=\"async\" class=\"aligncenter wp-image-17537 size-full\" style=\"margin-bottom: 5px;\" src=\"https:\/\/www.felixdevega.com\/wp-content\/uploads\/2023\/04\/43-slub-w-plenerze-warszawa-Ogrod-Babette.jpg\" alt=\"\u015blub-w-ogrodzie-warszawa\" width=\"1400\" height=\"935\" srcset=\"https:\/\/www.felixdevega.com\/wp-content\/uploads\/2023\/04\/43-slub-w-plenerze-warszawa-Ogrod-Babette.jpg 1400w, https:\/\/www.felixdevega.com\/wp-content\/uploads\/2023\/04\/43-slub-w-plenerze-warszawa-Ogrod-Babette-750x501.jpg 750w, https:\/\/www.felixdevega.com\/wp-content\/uploads\/2023\/04\/43-slub-w-plenerze-warszawa-Ogrod-Babette-1290x862.jpg 1290w, https:\/\/www.felixdevega.com\/wp-content\/uploads\/2023\/04\/43-slub-w-plenerze-warszawa-Ogrod-Babette-1200x800.jpg 1200w\" sizes=\"(max-width: 1400px) 100vw, 1400px\" \/> <img loading=\"lazy\" decoding=\"async\" class=\"aligncenter wp-image-17540 size-full\" style=\"margin-bottom: 5px;\" src=\"https:\/\/www.felixdevega.com\/wp-content\/uploads\/2023\/04\/44-slub-w-plenerze-warszawa-Ogrod-Babette.jpg\" alt=\"\u015blub-w-ogrodzie-warszawa\" width=\"1400\" height=\"935\" srcset=\"https:\/\/www.felixdevega.com\/wp-content\/uploads\/2023\/04\/44-slub-w-plenerze-warszawa-Ogrod-Babette.jpg 1400w, https:\/\/www.felixdevega.com\/wp-content\/uploads\/2023\/04\/44-slub-w-plenerze-warszawa-Ogrod-Babette-750x501.jpg 750w, https:\/\/www.felixdevega.com\/wp-content\/uploads\/2023\/04\/44-slub-w-plenerze-warszawa-Ogrod-Babette-1290x862.jpg 1290w, https:\/\/www.felixdevega.com\/wp-content\/uploads\/2023\/04\/44-slub-w-plenerze-warszawa-Ogrod-Babette-1200x800.jpg 1200w\" sizes=\"(max-width: 1400px) 100vw, 1400px\" \/> <img loading=\"lazy\" decoding=\"async\" class=\"aligncenter wp-image-17543 size-full\" style=\"margin-bottom: 5px;\" src=\"https:\/\/www.felixdevega.com\/wp-content\/uploads\/2023\/04\/46-slub-w-plenerze-warszawa-Ogrod-Babette.jpg\" alt=\"\u015blub-w-ogrodzie-warszawa\" width=\"1400\" height=\"935\" srcset=\"https:\/\/www.felixdevega.com\/wp-content\/uploads\/2023\/04\/46-slub-w-plenerze-warszawa-Ogrod-Babette.jpg 1400w, https:\/\/www.felixdevega.com\/wp-content\/uploads\/2023\/04\/46-slub-w-plenerze-warszawa-Ogrod-Babette-750x501.jpg 750w, https:\/\/www.felixdevega.com\/wp-content\/uploads\/2023\/04\/46-slub-w-plenerze-warszawa-Ogrod-Babette-1290x862.jpg 1290w, https:\/\/www.felixdevega.com\/wp-content\/uploads\/2023\/04\/46-slub-w-plenerze-warszawa-Ogrod-Babette-1200x800.jpg 1200w\" sizes=\"(max-width: 1400px) 100vw, 1400px\" \/> <img loading=\"lazy\" decoding=\"async\" class=\"aligncenter wp-image-17546 size-full\" style=\"margin-bottom: 5px;\" src=\"https:\/\/www.felixdevega.com\/wp-content\/uploads\/2023\/04\/47-slub-w-plenerze-warszawa-Ogrod-Babette.jpg\" alt=\"\u015blub-w-ogrodzie-warszawa\" width=\"1400\" height=\"935\" srcset=\"https:\/\/www.felixdevega.com\/wp-content\/uploads\/2023\/04\/47-slub-w-plenerze-warszawa-Ogrod-Babette.jpg 1400w, https:\/\/www.felixdevega.com\/wp-content\/uploads\/2023\/04\/47-slub-w-plenerze-warszawa-Ogrod-Babette-750x501.jpg 750w, https:\/\/www.felixdevega.com\/wp-content\/uploads\/2023\/04\/47-slub-w-plenerze-warszawa-Ogrod-Babette-1290x862.jpg 1290w, https:\/\/www.felixdevega.com\/wp-content\/uploads\/2023\/04\/47-slub-w-plenerze-warszawa-Ogrod-Babette-1200x800.jpg 1200w\" sizes=\"(max-width: 1400px) 100vw, 1400px\" \/> <img loading=\"lazy\" decoding=\"async\" style=\"margin-bottom: 5px;\" src=\"https:\/\/www.felixdevega.com\/wp-content\/uploads\/2023\/04\/Warsaw-wedding-photographer-ogrod-Babette-wesele-warszawa-1-3.jpg\" alt=\"ogrod-babette-wesele\" width=\"2097\" height=\"1400\" \/> <img loading=\"lazy\" decoding=\"async\" class=\"aligncenter wp-image-17549 size-full\" style=\"margin-bottom: 5px;\" src=\"https:\/\/www.felixdevega.com\/wp-content\/uploads\/2023\/04\/49-slub-w-plenerze-warszawa-Ogrod-Babette.jpg\" alt=\"\u015blub-w-ogrodzie-warszawa\" width=\"2097\" height=\"1400\" srcset=\"https:\/\/www.felixdevega.com\/wp-content\/uploads\/2023\/04\/49-slub-w-plenerze-warszawa-Ogrod-Babette.jpg 2097w, https:\/\/www.felixdevega.com\/wp-content\/uploads\/2023\/04\/49-slub-w-plenerze-warszawa-Ogrod-Babette-750x501.jpg 750w, https:\/\/www.felixdevega.com\/wp-content\/uploads\/2023\/04\/49-slub-w-plenerze-warszawa-Ogrod-Babette-1290x861.jpg 1290w, https:\/\/www.felixdevega.com\/wp-content\/uploads\/2023\/04\/49-slub-w-plenerze-warszawa-Ogrod-Babette-1536x1025.jpg 1536w, https:\/\/www.felixdevega.com\/wp-content\/uploads\/2023\/04\/49-slub-w-plenerze-warszawa-Ogrod-Babette-2048x1367.jpg 2048w, https:\/\/www.felixdevega.com\/wp-content\/uploads\/2023\/04\/49-slub-w-plenerze-warszawa-Ogrod-Babette-1200x800.jpg 1200w\" sizes=\"(max-width: 2097px) 100vw, 2097px\" \/> <img loading=\"lazy\" decoding=\"async\" class=\"aligncenter wp-image-17552 size-full\" style=\"margin-bottom: 5px;\" src=\"https:\/\/www.felixdevega.com\/wp-content\/uploads\/2023\/04\/50-slub-w-plenerze-warszawa-Ogrod-Babette.jpg\" alt=\"\u015blub-w-ogrodzie-warszawa\" width=\"2097\" height=\"1400\" srcset=\"https:\/\/www.felixdevega.com\/wp-content\/uploads\/2023\/04\/50-slub-w-plenerze-warszawa-Ogrod-Babette.jpg 2097w, https:\/\/www.felixdevega.com\/wp-content\/uploads\/2023\/04\/50-slub-w-plenerze-warszawa-Ogrod-Babette-750x501.jpg 750w, https:\/\/www.felixdevega.com\/wp-content\/uploads\/2023\/04\/50-slub-w-plenerze-warszawa-Ogrod-Babette-1290x861.jpg 1290w, https:\/\/www.felixdevega.com\/wp-content\/uploads\/2023\/04\/50-slub-w-plenerze-warszawa-Ogrod-Babette-1536x1025.jpg 1536w, https:\/\/www.felixdevega.com\/wp-content\/uploads\/2023\/04\/50-slub-w-plenerze-warszawa-Ogrod-Babette-2048x1367.jpg 2048w, https:\/\/www.felixdevega.com\/wp-content\/uploads\/2023\/04\/50-slub-w-plenerze-warszawa-Ogrod-Babette-1200x800.jpg 1200w\" sizes=\"(max-width: 2097px) 100vw, 2097px\" \/> <img loading=\"lazy\" decoding=\"async\" class=\"aligncenter wp-image-17555 size-full\" style=\"margin-bottom: 5px;\" src=\"https:\/\/www.felixdevega.com\/wp-content\/uploads\/2023\/04\/51-slub-w-plenerze-warszawa-Ogrod-Babette.jpg\" alt=\"\u015alub-plenerowy-warszawa\" width=\"1400\" height=\"935\" srcset=\"https:\/\/www.felixdevega.com\/wp-content\/uploads\/2023\/04\/51-slub-w-plenerze-warszawa-Ogrod-Babette.jpg 1400w, https:\/\/www.felixdevega.com\/wp-content\/uploads\/2023\/04\/51-slub-w-plenerze-warszawa-Ogrod-Babette-750x501.jpg 750w, https:\/\/www.felixdevega.com\/wp-content\/uploads\/2023\/04\/51-slub-w-plenerze-warszawa-Ogrod-Babette-1290x862.jpg 1290w, https:\/\/www.felixdevega.com\/wp-content\/uploads\/2023\/04\/51-slub-w-plenerze-warszawa-Ogrod-Babette-1200x800.jpg 1200w\" sizes=\"(max-width: 1400px) 100vw, 1400px\" \/> <img loading=\"lazy\" decoding=\"async\" class=\"aligncenter wp-image-17558 size-full\" style=\"margin-bottom: 5px;\" src=\"https:\/\/www.felixdevega.com\/wp-content\/uploads\/2023\/04\/53-Warsaw-wedding-photographer-ogrod-Babette-wesele-warszawa-260-1.jpg\" alt=\"\u015alub-plenerowy-warszawa-ogrod-babette\" width=\"1400\" height=\"935\" srcset=\"https:\/\/www.felixdevega.com\/wp-content\/uploads\/2023\/04\/53-Warsaw-wedding-photographer-ogrod-Babette-wesele-warszawa-260-1.jpg 1400w, https:\/\/www.felixdevega.com\/wp-content\/uploads\/2023\/04\/53-Warsaw-wedding-photographer-ogrod-Babette-wesele-warszawa-260-1-750x501.jpg 750w, https:\/\/www.felixdevega.com\/wp-content\/uploads\/2023\/04\/53-Warsaw-wedding-photographer-ogrod-Babette-wesele-warszawa-260-1-1290x862.jpg 1290w, https:\/\/www.felixdevega.com\/wp-content\/uploads\/2023\/04\/53-Warsaw-wedding-photographer-ogrod-Babette-wesele-warszawa-260-1-1200x800.jpg 1200w\" sizes=\"(max-width: 1400px) 100vw, 1400px\" \/> <img loading=\"lazy\" decoding=\"async\" class=\"aligncenter wp-image-17561 size-full\" style=\"margin-bottom: 5px;\" src=\"https:\/\/www.felixdevega.com\/wp-content\/uploads\/2023\/04\/54-slub-w-plenerze-warszawa-Ogrod-Babette.jpg\" alt=\"\u015alub-plenerowy-warszawa-ogrod-babette\" width=\"1400\" height=\"935\" srcset=\"https:\/\/www.felixdevega.com\/wp-content\/uploads\/2023\/04\/54-slub-w-plenerze-warszawa-Ogrod-Babette.jpg 1400w, https:\/\/www.felixdevega.com\/wp-content\/uploads\/2023\/04\/54-slub-w-plenerze-warszawa-Ogrod-Babette-750x501.jpg 750w, https:\/\/www.felixdevega.com\/wp-content\/uploads\/2023\/04\/54-slub-w-plenerze-warszawa-Ogrod-Babette-1290x862.jpg 1290w, https:\/\/www.felixdevega.com\/wp-content\/uploads\/2023\/04\/54-slub-w-plenerze-warszawa-Ogrod-Babette-1200x800.jpg 1200w\" sizes=\"(max-width: 1400px) 100vw, 1400px\" \/><img loading=\"lazy\" decoding=\"async\" style=\"margin-bottom: 5px;\" src=\"https:\/\/www.felixdevega.com\/wp-content\/uploads\/2023\/04\/blog-dos-fotos-horizontales5.jpg\" alt=\"\" width=\"1400\" height=\"466\" \/> <img loading=\"lazy\" decoding=\"async\" class=\"alignnone\" style=\"margin-bottom: 5px;\" src=\"https:\/\/www.felixdevega.com\/wp-content\/uploads\/2023\/04\/55-Warsaw-wedding-photographer-ogrod-Babette-wesele-warszawa-267.jpg\" alt=\"ogrod-babette-wesele\" width=\"1400\" height=\"935\" \/> <img loading=\"lazy\" decoding=\"async\" style=\"margin-bottom: 5px;\" src=\"https:\/\/www.felixdevega.com\/wp-content\/uploads\/2023\/04\/blog-dos-fotos-horizontales6.jpg\" alt=\"\" width=\"1400\" height=\"466\" \/> <img loading=\"lazy\" decoding=\"async\" style=\"margin-bottom: 5px;\" src=\"https:\/\/www.felixdevega.com\/wp-content\/uploads\/2023\/04\/blog-dos-fotos-horizontales9.jpg\" alt=\"\" width=\"1400\" height=\"643\" \/> <img loading=\"lazy\" decoding=\"async\" class=\"aligncenter wp-image-17564 size-full\" style=\"margin-bottom: 5px;\" src=\"https:\/\/www.felixdevega.com\/wp-content\/uploads\/2023\/04\/64-slub-w-plenerze-warszawa-Ogrod-Babette.jpg\" alt=\"wesele-ogrod-babette\" width=\"1400\" height=\"935\" srcset=\"https:\/\/www.felixdevega.com\/wp-content\/uploads\/2023\/04\/64-slub-w-plenerze-warszawa-Ogrod-Babette.jpg 1400w, https:\/\/www.felixdevega.com\/wp-content\/uploads\/2023\/04\/64-slub-w-plenerze-warszawa-Ogrod-Babette-750x501.jpg 750w, https:\/\/www.felixdevega.com\/wp-content\/uploads\/2023\/04\/64-slub-w-plenerze-warszawa-Ogrod-Babette-1290x862.jpg 1290w, https:\/\/www.felixdevega.com\/wp-content\/uploads\/2023\/04\/64-slub-w-plenerze-warszawa-Ogrod-Babette-1200x800.jpg 1200w\" sizes=\"(max-width: 1400px) 100vw, 1400px\" \/> <img loading=\"lazy\" decoding=\"async\" style=\"margin-bottom: 5px;\" src=\"https:\/\/www.felixdevega.com\/wp-content\/uploads\/2023\/04\/blog-dos-fotos-horizontales7.jpg\" alt=\"\" width=\"1400\" height=\"466\" \/><img loading=\"lazy\" decoding=\"async\" class=\"alignnone\" style=\"margin-bottom: 5px;\" src=\"https:\/\/www.felixdevega.com\/wp-content\/uploads\/2023\/04\/68a-Warsaw-wedding-photographer-ogrod-Babette-wesele-warszawa-448.jpg\" alt=\"rustykalne-wesele-warszawa\" width=\"1400\" height=\"935\" \/> <img loading=\"lazy\" decoding=\"async\" style=\"margin-bottom: 5px;\" src=\"https:\/\/www.felixdevega.com\/wp-content\/uploads\/2023\/04\/blog-dos-fotos-horizontales8.jpg\" alt=\"\" width=\"1400\" height=\"466\" \/> <img loading=\"lazy\" decoding=\"async\" class=\"alignnone\" style=\"margin-bottom: 5px;\" src=\"https:\/\/www.felixdevega.com\/wp-content\/uploads\/2023\/04\/69-Warsaw-wedding-photographer-ogrod-Babette-wesele-warszawa-454.jpg\" alt=\"rustykalne-wesele-warszawa\" width=\"1400\" height=\"935\" \/> <img loading=\"lazy\" decoding=\"async\" class=\"aligncenter wp-image-17567 size-full\" style=\"margin-bottom: 5px;\" src=\"https:\/\/www.felixdevega.com\/wp-content\/uploads\/2023\/04\/Warsaw-wedding-photographer-ogrod-Babette-wesele-warszawa-575-1.jpg\" alt=\"wesele-ogrod-babette\" width=\"1400\" height=\"935\" srcset=\"https:\/\/www.felixdevega.com\/wp-content\/uploads\/2023\/04\/Warsaw-wedding-photographer-ogrod-Babette-wesele-warszawa-575-1.jpg 1400w, https:\/\/www.felixdevega.com\/wp-content\/uploads\/2023\/04\/Warsaw-wedding-photographer-ogrod-Babette-wesele-warszawa-575-1-750x501.jpg 750w, https:\/\/www.felixdevega.com\/wp-content\/uploads\/2023\/04\/Warsaw-wedding-photographer-ogrod-Babette-wesele-warszawa-575-1-1290x862.jpg 1290w, https:\/\/www.felixdevega.com\/wp-content\/uploads\/2023\/04\/Warsaw-wedding-photographer-ogrod-Babette-wesele-warszawa-575-1-1200x800.jpg 1200w\" sizes=\"(max-width: 1400px) 100vw, 1400px\" \/> <img loading=\"lazy\" decoding=\"async\" class=\"aligncenter wp-image-17570 size-full\" style=\"margin-bottom: 5px;\" src=\"https:\/\/www.felixdevega.com\/wp-content\/uploads\/2023\/04\/Warsaw-wedding-photographer-ogrod-Babette-wesele-warszawa-591-1.jpg\" alt=\"wesele-ogrod-babette\" width=\"1400\" height=\"935\" srcset=\"https:\/\/www.felixdevega.com\/wp-content\/uploads\/2023\/04\/Warsaw-wedding-photographer-ogrod-Babette-wesele-warszawa-591-1.jpg 1400w, https:\/\/www.felixdevega.com\/wp-content\/uploads\/2023\/04\/Warsaw-wedding-photographer-ogrod-Babette-wesele-warszawa-591-1-750x501.jpg 750w, https:\/\/www.felixdevega.com\/wp-content\/uploads\/2023\/04\/Warsaw-wedding-photographer-ogrod-Babette-wesele-warszawa-591-1-1290x862.jpg 1290w, https:\/\/www.felixdevega.com\/wp-content\/uploads\/2023\/04\/Warsaw-wedding-photographer-ogrod-Babette-wesele-warszawa-591-1-1200x800.jpg 1200w\" sizes=\"(max-width: 1400px) 100vw, 1400px\" \/> <img loading=\"lazy\" decoding=\"async\" class=\"aligncenter wp-image-17573 size-full\" style=\"margin-bottom: 5px;\" src=\"https:\/\/www.felixdevega.com\/wp-content\/uploads\/2023\/04\/71-slub-w-plenerze-warszawa-Ogrod-Babette.jpg\" alt=\"wesele-ogrod-babette\" width=\"1400\" height=\"935\" srcset=\"https:\/\/www.felixdevega.com\/wp-content\/uploads\/2023\/04\/71-slub-w-plenerze-warszawa-Ogrod-Babette.jpg 1400w, https:\/\/www.felixdevega.com\/wp-content\/uploads\/2023\/04\/71-slub-w-plenerze-warszawa-Ogrod-Babette-750x501.jpg 750w, https:\/\/www.felixdevega.com\/wp-content\/uploads\/2023\/04\/71-slub-w-plenerze-warszawa-Ogrod-Babette-1290x862.jpg 1290w, https:\/\/www.felixdevega.com\/wp-content\/uploads\/2023\/04\/71-slub-w-plenerze-warszawa-Ogrod-Babette-1200x800.jpg 1200w\" sizes=\"(max-width: 1400px) 100vw, 1400px\" \/> <img loading=\"lazy\" decoding=\"async\" class=\"aligncenter wp-image-17576 size-full\" style=\"margin-bottom: 5px;\" src=\"https:\/\/www.felixdevega.com\/wp-content\/uploads\/2023\/04\/72-slub-w-plenerze-warszawa-Ogrod-Babette.jpg\" alt=\"wesele-ogrod-babette\" width=\"1400\" height=\"935\" srcset=\"https:\/\/www.felixdevega.com\/wp-content\/uploads\/2023\/04\/72-slub-w-plenerze-warszawa-Ogrod-Babette.jpg 1400w, https:\/\/www.felixdevega.com\/wp-content\/uploads\/2023\/04\/72-slub-w-plenerze-warszawa-Ogrod-Babette-750x501.jpg 750w, https:\/\/www.felixdevega.com\/wp-content\/uploads\/2023\/04\/72-slub-w-plenerze-warszawa-Ogrod-Babette-1290x862.jpg 1290w, https:\/\/www.felixdevega.com\/wp-content\/uploads\/2023\/04\/72-slub-w-plenerze-warszawa-Ogrod-Babette-1200x800.jpg 1200w\" sizes=\"(max-width: 1400px) 100vw, 1400px\" \/> <img loading=\"lazy\" decoding=\"async\" class=\"aligncenter wp-image-17579 size-full\" style=\"margin-bottom: 5px;\" src=\"https:\/\/www.felixdevega.com\/wp-content\/uploads\/2023\/04\/74-slub-w-plenerze-warszawa-Ogrod-Babette.jpg\" alt=\"rustykalne-wesele-warszawa\" width=\"1400\" height=\"935\" srcset=\"https:\/\/www.felixdevega.com\/wp-content\/uploads\/2023\/04\/74-slub-w-plenerze-warszawa-Ogrod-Babette.jpg 1400w, https:\/\/www.felixdevega.com\/wp-content\/uploads\/2023\/04\/74-slub-w-plenerze-warszawa-Ogrod-Babette-750x501.jpg 750w, https:\/\/www.felixdevega.com\/wp-content\/uploads\/2023\/04\/74-slub-w-plenerze-warszawa-Ogrod-Babette-1290x862.jpg 1290w, https:\/\/www.felixdevega.com\/wp-content\/uploads\/2023\/04\/74-slub-w-plenerze-warszawa-Ogrod-Babette-1200x800.jpg 1200w\" sizes=\"(max-width: 1400px) 100vw, 1400px\" \/><img loading=\"lazy\" decoding=\"async\" class=\"aligncenter wp-image-17582 size-full\" style=\"margin-bottom: 5px;\" src=\"https:\/\/www.felixdevega.com\/wp-content\/uploads\/2023\/04\/82-slub-w-plenerze-warszawa-Ogrod-Babette.jpg\" alt=\"wesele-ogrod-babette\" width=\"1400\" height=\"935\" srcset=\"https:\/\/www.felixdevega.com\/wp-content\/uploads\/2023\/04\/82-slub-w-plenerze-warszawa-Ogrod-Babette.jpg 1400w, https:\/\/www.felixdevega.com\/wp-content\/uploads\/2023\/04\/82-slub-w-plenerze-warszawa-Ogrod-Babette-750x501.jpg 750w, https:\/\/www.felixdevega.com\/wp-content\/uploads\/2023\/04\/82-slub-w-plenerze-warszawa-Ogrod-Babette-1290x862.jpg 1290w, https:\/\/www.felixdevega.com\/wp-content\/uploads\/2023\/04\/82-slub-w-plenerze-warszawa-Ogrod-Babette-1200x800.jpg 1200w\" sizes=\"(max-width: 1400px) 100vw, 1400px\" \/> <img loading=\"lazy\" decoding=\"async\" class=\"aligncenter wp-image-17585 size-full\" style=\"margin-bottom: 5px;\" src=\"https:\/\/www.felixdevega.com\/wp-content\/uploads\/2023\/04\/76-slub-w-plenerze-warszawa-Ogrod-Babette.jpg\" alt=\"rustykalne-wesele-warszawa\" width=\"1400\" height=\"935\" srcset=\"https:\/\/www.felixdevega.com\/wp-content\/uploads\/2023\/04\/76-slub-w-plenerze-warszawa-Ogrod-Babette.jpg 1400w, https:\/\/www.felixdevega.com\/wp-content\/uploads\/2023\/04\/76-slub-w-plenerze-warszawa-Ogrod-Babette-750x501.jpg 750w, https:\/\/www.felixdevega.com\/wp-content\/uploads\/2023\/04\/76-slub-w-plenerze-warszawa-Ogrod-Babette-1290x862.jpg 1290w, https:\/\/www.felixdevega.com\/wp-content\/uploads\/2023\/04\/76-slub-w-plenerze-warszawa-Ogrod-Babette-1200x800.jpg 1200w\" sizes=\"(max-width: 1400px) 100vw, 1400px\" \/> <img loading=\"lazy\" decoding=\"async\" class=\"aligncenter wp-image-17588 size-full\" style=\"margin-bottom: 5px;\" src=\"https:\/\/www.felixdevega.com\/wp-content\/uploads\/2023\/04\/80-slub-w-plenerze-warszawa-Ogrod-Babette.jpg\" alt=\"\u015blub-w-plenerze-warszawa\" width=\"1400\" height=\"935\" srcset=\"https:\/\/www.felixdevega.com\/wp-content\/uploads\/2023\/04\/80-slub-w-plenerze-warszawa-Ogrod-Babette.jpg 1400w, https:\/\/www.felixdevega.com\/wp-content\/uploads\/2023\/04\/80-slub-w-plenerze-warszawa-Ogrod-Babette-750x501.jpg 750w, https:\/\/www.felixdevega.com\/wp-content\/uploads\/2023\/04\/80-slub-w-plenerze-warszawa-Ogrod-Babette-1290x862.jpg 1290w, https:\/\/www.felixdevega.com\/wp-content\/uploads\/2023\/04\/80-slub-w-plenerze-warszawa-Ogrod-Babette-1200x800.jpg 1200w\" sizes=\"(max-width: 1400px) 100vw, 1400px\" \/> <img loading=\"lazy\" decoding=\"async\" class=\"aligncenter wp-image-17591 size-full\" style=\"margin-bottom: 5px;\" src=\"https:\/\/www.felixdevega.com\/wp-content\/uploads\/2023\/04\/81-slub-w-plenerze-warszawa-Ogrod-Babette.jpg\" alt=\"rustykalne-wesele-warszawa\" width=\"1400\" height=\"935\" srcset=\"https:\/\/www.felixdevega.com\/wp-content\/uploads\/2023\/04\/81-slub-w-plenerze-warszawa-Ogrod-Babette.jpg 1400w, https:\/\/www.felixdevega.com\/wp-content\/uploads\/2023\/04\/81-slub-w-plenerze-warszawa-Ogrod-Babette-750x501.jpg 750w, https:\/\/www.felixdevega.com\/wp-content\/uploads\/2023\/04\/81-slub-w-plenerze-warszawa-Ogrod-Babette-1290x862.jpg 1290w, https:\/\/www.felixdevega.com\/wp-content\/uploads\/2023\/04\/81-slub-w-plenerze-warszawa-Ogrod-Babette-1200x800.jpg 1200w\" sizes=\"(max-width: 1400px) 100vw, 1400px\" \/> <img loading=\"lazy\" decoding=\"async\" class=\"aligncenter wp-image-17594 size-full\" style=\"margin-bottom: 5px;\" src=\"https:\/\/www.felixdevega.com\/wp-content\/uploads\/2023\/04\/78-slub-w-plenerze-warszawa-Ogrod-Babette.jpg\" alt=\"rustykalne-wesele-warszawa\" width=\"1400\" height=\"935\" srcset=\"https:\/\/www.felixdevega.com\/wp-content\/uploads\/2023\/04\/78-slub-w-plenerze-warszawa-Ogrod-Babette.jpg 1400w, https:\/\/www.felixdevega.com\/wp-content\/uploads\/2023\/04\/78-slub-w-plenerze-warszawa-Ogrod-Babette-750x501.jpg 750w, https:\/\/www.felixdevega.com\/wp-content\/uploads\/2023\/04\/78-slub-w-plenerze-warszawa-Ogrod-Babette-1290x862.jpg 1290w, https:\/\/www.felixdevega.com\/wp-content\/uploads\/2023\/04\/78-slub-w-plenerze-warszawa-Ogrod-Babette-1200x800.jpg 1200w\" sizes=\"(max-width: 1400px) 100vw, 1400px\" \/> <img loading=\"lazy\" decoding=\"async\" class=\"aligncenter wp-image-17597 size-full\" style=\"margin-bottom: 5px;\" src=\"https:\/\/www.felixdevega.com\/wp-content\/uploads\/2023\/04\/83-slub-w-plenerze-warszawa-Ogrod-Babette.jpg\" alt=\"wesele-ogrod-babette\" width=\"1400\" height=\"935\" srcset=\"https:\/\/www.felixdevega.com\/wp-content\/uploads\/2023\/04\/83-slub-w-plenerze-warszawa-Ogrod-Babette.jpg 1400w, https:\/\/www.felixdevega.com\/wp-content\/uploads\/2023\/04\/83-slub-w-plenerze-warszawa-Ogrod-Babette-750x501.jpg 750w, https:\/\/www.felixdevega.com\/wp-content\/uploads\/2023\/04\/83-slub-w-plenerze-warszawa-Ogrod-Babette-1290x862.jpg 1290w, https:\/\/www.felixdevega.com\/wp-content\/uploads\/2023\/04\/83-slub-w-plenerze-warszawa-Ogrod-Babette-1200x800.jpg 1200w\" sizes=\"(max-width: 1400px) 100vw, 1400px\" \/> <img loading=\"lazy\" decoding=\"async\" class=\"aligncenter wp-image-17600 size-full\" style=\"margin-bottom: 5px;\" src=\"https:\/\/www.felixdevega.com\/wp-content\/uploads\/2023\/04\/84-slub-w-plenerze-warszawa-Ogrod-Babette.jpg\" alt=\"wesele-ogrod-babette\" width=\"1400\" height=\"935\" srcset=\"https:\/\/www.felixdevega.com\/wp-content\/uploads\/2023\/04\/84-slub-w-plenerze-warszawa-Ogrod-Babette.jpg 1400w, https:\/\/www.felixdevega.com\/wp-content\/uploads\/2023\/04\/84-slub-w-plenerze-warszawa-Ogrod-Babette-750x501.jpg 750w, https:\/\/www.felixdevega.com\/wp-content\/uploads\/2023\/04\/84-slub-w-plenerze-warszawa-Ogrod-Babette-1290x862.jpg 1290w, https:\/\/www.felixdevega.com\/wp-content\/uploads\/2023\/04\/84-slub-w-plenerze-warszawa-Ogrod-Babette-1200x800.jpg 1200w\" sizes=\"(max-width: 1400px) 100vw, 1400px\" \/> <img loading=\"lazy\" decoding=\"async\" class=\"aligncenter wp-image-17603 size-full\" style=\"margin-bottom: 5px;\" src=\"https:\/\/www.felixdevega.com\/wp-content\/uploads\/2023\/04\/85-slub-w-plenerze-warszawa-Ogrod-Babette.jpg\" alt=\"\u015blub-w-plenerze-warszawa\" width=\"1400\" height=\"935\" srcset=\"https:\/\/www.felixdevega.com\/wp-content\/uploads\/2023\/04\/85-slub-w-plenerze-warszawa-Ogrod-Babette.jpg 1400w, https:\/\/www.felixdevega.com\/wp-content\/uploads\/2023\/04\/85-slub-w-plenerze-warszawa-Ogrod-Babette-750x501.jpg 750w, https:\/\/www.felixdevega.com\/wp-content\/uploads\/2023\/04\/85-slub-w-plenerze-warszawa-Ogrod-Babette-1290x862.jpg 1290w, https:\/\/www.felixdevega.com\/wp-content\/uploads\/2023\/04\/85-slub-w-plenerze-warszawa-Ogrod-Babette-1200x800.jpg 1200w\" sizes=\"(max-width: 1400px) 100vw, 1400px\" \/> <img loading=\"lazy\" decoding=\"async\" class=\"aligncenter wp-image-17606 size-full\" style=\"margin-bottom: 5px;\" src=\"https:\/\/www.felixdevega.com\/wp-content\/uploads\/2023\/04\/89-slub-w-plenerze-warszawa-Ogrod-Babette.jpg\" alt=\"\u015blub-w-plenerze-warszawa\" width=\"1400\" height=\"935\" srcset=\"https:\/\/www.felixdevega.com\/wp-content\/uploads\/2023\/04\/89-slub-w-plenerze-warszawa-Ogrod-Babette.jpg 1400w, https:\/\/www.felixdevega.com\/wp-content\/uploads\/2023\/04\/89-slub-w-plenerze-warszawa-Ogrod-Babette-750x501.jpg 750w, https:\/\/www.felixdevega.com\/wp-content\/uploads\/2023\/04\/89-slub-w-plenerze-warszawa-Ogrod-Babette-1290x862.jpg 1290w, https:\/\/www.felixdevega.com\/wp-content\/uploads\/2023\/04\/89-slub-w-plenerze-warszawa-Ogrod-Babette-1200x800.jpg 1200w\" sizes=\"(max-width: 1400px) 100vw, 1400px\" \/> <img loading=\"lazy\" decoding=\"async\" class=\"aligncenter wp-image-17609 size-full\" style=\"margin-bottom: 5px;\" src=\"https:\/\/www.felixdevega.com\/wp-content\/uploads\/2023\/04\/91-slub-w-plenerze-warszawa-Ogrod-Babette.jpg\" alt=\"\u015blub-w-plenerze-warszawa\" width=\"1400\" height=\"935\" srcset=\"https:\/\/www.felixdevega.com\/wp-content\/uploads\/2023\/04\/91-slub-w-plenerze-warszawa-Ogrod-Babette.jpg 1400w, https:\/\/www.felixdevega.com\/wp-content\/uploads\/2023\/04\/91-slub-w-plenerze-warszawa-Ogrod-Babette-750x501.jpg 750w, https:\/\/www.felixdevega.com\/wp-content\/uploads\/2023\/04\/91-slub-w-plenerze-warszawa-Ogrod-Babette-1290x862.jpg 1290w, https:\/\/www.felixdevega.com\/wp-content\/uploads\/2023\/04\/91-slub-w-plenerze-warszawa-Ogrod-Babette-1200x800.jpg 1200w\" sizes=\"(max-width: 1400px) 100vw, 1400px\" \/> <img loading=\"lazy\" decoding=\"async\" class=\"aligncenter wp-image-17612 size-full\" src=\"https:\/\/www.felixdevega.com\/wp-content\/uploads\/2023\/04\/92-slub-w-plenerze-warszawa-Ogrod-Babette.jpg\" alt=\"wesele-ogrod-babette\" width=\"1400\" height=\"935\" srcset=\"https:\/\/www.felixdevega.com\/wp-content\/uploads\/2023\/04\/92-slub-w-plenerze-warszawa-Ogrod-Babette.jpg 1400w, https:\/\/www.felixdevega.com\/wp-content\/uploads\/2023\/04\/92-slub-w-plenerze-warszawa-Ogrod-Babette-750x501.jpg 750w, https:\/\/www.felixdevega.com\/wp-content\/uploads\/2023\/04\/92-slub-w-plenerze-warszawa-Ogrod-Babette-1290x862.jpg 1290w, https:\/\/www.felixdevega.com\/wp-content\/uploads\/2023\/04\/92-slub-w-plenerze-warszawa-Ogrod-Babette-1200x800.jpg 1200w\" sizes=\"(max-width: 1400px) 100vw, 1400px\" \/><\/p>\t\t\t\t\t\t\t\t<\/div>\n\t\t\t\t<\/div>\n\t\t\t\t\t<\/div>\n\t\t<\/div>\n\t\t\t\t\t<\/div>\n\t\t<\/section>\n\t\t\t\t<section class=\"elementor-section elementor-top-section elementor-element elementor-element-d4ba0bd elementor-section-boxed elementor-section-height-default elementor-section-height-default wpr-particle-no wpr-sticky-section-no wpr-equal-height-no\" data-id=\"d4ba0bd\" data-element_type=\"section\" data-e-type=\"section\">\n\t\t\t\t\t\t<div class=\"elementor-container elementor-column-gap-default\">\n\t\t\t\t\t<div class=\"elementor-column elementor-col-100 elementor-top-column elementor-element elementor-element-685386a\" data-id=\"685386a\" data-element_type=\"column\" data-e-type=\"column\">\n\t\t\t<div class=\"elementor-widget-wrap elementor-element-populated\">\n\t\t\t\t\t\t<div class=\"elementor-element elementor-element-451b85c elementor-widget elementor-widget-text-editor\" data-id=\"451b85c\" data-element_type=\"widget\" data-e-type=\"widget\" data-widget_type=\"text-editor.default\">\n\t\t\t\t<div class=\"elementor-widget-container\">\n\t\t\t\t\t\t\t\t\t<p>\u00a9 Wszystkie zdj\u0119cia: F\u00e9lix de Vega<\/p><p>Wielkie podzi\u0119kowania dla ca\u0142ego zespo\u0142u<\/p><p><strong><a href=\"https:\/\/www.felixdevega.com\/pl\/fotograf-slubny\/warszawa\/\" target=\"_blank\" rel=\"noopener\">Fotograf \u015blubny w Warszawie : F\u00e9lix de Vega<\/a><\/strong><\/p><p><strong><a href=\"https:\/\/www.facebook.com\/ogrodbabette\/\" target=\"_blank\" rel=\"noopener\">Sala Weselna w Warszawie: Ogr\u00f3d Babette<\/a>\u00a0 \u00a0<\/strong><\/p><p>DJ:\u00a0 \u00a0Kordian Baran\u00a0\u00a0<a href=\"https:\/\/www.facebook.com\/baraninpublic\" target=\"_blank\" rel=\"noopener\">Baran in Public<\/a><\/p><p>Kwiaty:\u00a0 Maja Majewska <a href=\"https:\/\/www.facebook.com\/pracowniablumenkunst\/?locale=pl_PL\" target=\"_blank\" rel=\"noopener\">Blumen&amp;kunst<\/a><\/p><p>Suknia \u015blubna:\u00a0 \u00a0<a href=\"https:\/\/www.instagram.com\/sharkotea\/\" target=\"_blank\" rel=\"noopener\">Sharkotea<\/a><\/p>\t\t\t\t\t\t\t\t<\/div>\n\t\t\t\t<\/div>\n\t\t\t\t<div class=\"elementor-element elementor-element-2625e53 elementor-widget-divider--view-line elementor-widget elementor-widget-divider\" data-id=\"2625e53\" data-element_type=\"widget\" data-e-type=\"widget\" data-widget_type=\"divider.default\">\n\t\t\t\t<div class=\"elementor-widget-container\">\n\t\t\t\t\t\t\t<div class=\"elementor-divider\">\n\t\t\t<span class=\"elementor-divider-separator\">\n\t\t\t\t\t\t<\/span>\n\t\t<\/div>\n\t\t\t\t\t\t<\/div>\n\t\t\t\t<\/div>\n\t\t\t\t\t<\/div>\n\t\t<\/div>\n\t\t\t\t\t<\/div>\n\t\t<\/section>\n\t\t\t\t<section class=\"elementor-section elementor-top-section elementor-element elementor-element-1fc49923 elementor-section-content-middle elementor-section-boxed elementor-section-height-default elementor-section-height-default wpr-particle-no wpr-sticky-section-no wpr-equal-height-no\" data-id=\"1fc49923\" data-element_type=\"section\" data-e-type=\"section\" data-settings=\"{&quot;background_background&quot;:&quot;classic&quot;}\">\n\t\t\t\t\t\t<div class=\"elementor-container elementor-column-gap-no\">\n\t\t\t\t\t<div class=\"elementor-column elementor-col-50 elementor-top-column elementor-element elementor-element-2464d091\" data-id=\"2464d091\" data-element_type=\"column\" data-e-type=\"column\">\n\t\t\t<div class=\"elementor-widget-wrap elementor-element-populated\">\n\t\t\t\t\t\t<div class=\"elementor-element elementor-element-73cc9f87 elementor-widget elementor-widget-heading\" data-id=\"73cc9f87\" data-element_type=\"widget\" data-e-type=\"widget\" data-widget_type=\"heading.default\">\n\t\t\t\t<div class=\"elementor-widget-container\">\n\t\t\t\t\t<p class=\"elementor-heading-title elementor-size-default\">Zarezerwuj Swojego fotografa \u015blubnego<\/p>\t\t\t\t<\/div>\n\t\t\t\t<\/div>\n\t\t\t\t<div class=\"elementor-element elementor-element-35c119cb elementor-widget elementor-widget-text-editor\" data-id=\"35c119cb\" data-element_type=\"widget\" data-e-type=\"widget\" data-widget_type=\"text-editor.default\">\n\t\t\t\t<div class=\"elementor-widget-container\">\n\t\t\t\t\t\t\t\t\t<p><b>Napisz do mnie<\/b><\/p>\t\t\t\t\t\t\t\t<\/div>\n\t\t\t\t<\/div>\n\t\t\t\t<div class=\"elementor-element elementor-element-3b4f0150 elementor-widget elementor-widget-text-editor\" data-id=\"3b4f0150\" data-element_type=\"widget\" data-e-type=\"widget\" data-widget_type=\"text-editor.default\">\n\t\t\t\t<div class=\"elementor-widget-container\">\n\t\t\t\t\t\t\t\t\t<p><span style=\"font-family: Verdana, sans-serif; color: #999999;\">F\u00e9lix de Vega<\/span><\/p>\n<p><a href=\"mailto:info@felixdevega.com\"><span style=\"color: #999999;\">info@felixdevega.com<\/span><\/a><\/p>\n<p><span style=\"color: #999999;\">tel. <a href=\"tel:+48511579346\">+48 511 579 346<\/a><\/span><\/p>\n<p><span style=\"color: #999999;\">Warsaw |\u00a0 Poland<\/span><\/p>\t\t\t\t\t\t\t\t<\/div>\n\t\t\t\t<\/div>\n\t\t\t\t\t<\/div>\n\t\t<\/div>\n\t\t\t\t<div class=\"elementor-column elementor-col-50 elementor-top-column elementor-element elementor-element-2e50d4c1\" data-id=\"2e50d4c1\" data-element_type=\"column\" data-e-type=\"column\">\n\t\t\t<div class=\"elementor-widget-wrap elementor-element-populated\">\n\t\t\t\t\t\t<div class=\"elementor-element elementor-element-26bc8f9b elementor-align-right elementor-mobile-align-left elementor-widget elementor-widget-button\" data-id=\"26bc8f9b\" data-element_type=\"widget\" data-e-type=\"widget\" data-widget_type=\"button.default\">\n\t\t\t\t<div class=\"elementor-widget-container\">\n\t\t\t\t\t\t\t\t\t<div class=\"elementor-button-wrapper\">\n\t\t\t\t\t<a class=\"elementor-button elementor-button-link elementor-size-sm elementor-animation-grow\" href=\"https:\/\/www.felixdevega.com\/pl\/kontakt\/\">\n\t\t\t\t\t\t<span class=\"elementor-button-content-wrapper\">\n\t\t\t\t\t\t\t\t\t<span class=\"elementor-button-text\">KONTAKT<\/span>\n\t\t\t\t\t<\/span>\n\t\t\t\t\t<\/a>\n\t\t\t\t<\/div>\n\t\t\t\t\t\t\t\t<\/div>\n\t\t\t\t<\/div>\n\t\t\t\t\t<\/div>\n\t\t<\/div>\n\t\t\t\t\t<\/div>\n\t\t<\/section>\n\t\t\t\t<section class=\"elementor-section elementor-top-section elementor-element elementor-element-8c26cdf elementor-section-boxed elementor-section-height-default elementor-section-height-default wpr-particle-no wpr-sticky-section-no wpr-equal-height-no\" data-id=\"8c26cdf\" data-element_type=\"section\" data-e-type=\"section\">\n\t\t\t\t\t\t<div class=\"elementor-container elementor-column-gap-default\">\n\t\t\t\t\t<div class=\"elementor-column elementor-col-100 elementor-top-column elementor-element elementor-element-80566e2\" data-id=\"80566e2\" data-element_type=\"column\" data-e-type=\"column\">\n\t\t\t<div class=\"elementor-widget-wrap\">\n\t\t\t\t\t\t\t<\/div>\n\t\t<\/div>\n\t\t\t\t\t<\/div>\n\t\t<\/section>\n\t\t\t\t<section class=\"elementor-section elementor-top-section elementor-element elementor-element-43114f3 elementor-section-content-top elementor-section-height-min-height elementor-section-items-top elementor-section-boxed elementor-section-height-default wpr-particle-no wpr-sticky-section-no wpr-equal-height-no\" data-id=\"43114f3\" data-element_type=\"section\" data-e-type=\"section\">\n\t\t\t\t\t\t<div class=\"elementor-container elementor-column-gap-no\">\n\t\t\t\t\t<div class=\"elementor-column elementor-col-50 elementor-top-column elementor-element elementor-element-eac6086\" data-id=\"eac6086\" data-element_type=\"column\" data-e-type=\"column\">\n\t\t\t<div class=\"elementor-widget-wrap elementor-element-populated\">\n\t\t\t\t\t\t<div class=\"elementor-element elementor-element-8ac0f04 elementor-widget elementor-widget-image\" data-id=\"8ac0f04\" data-element_type=\"widget\" data-e-type=\"widget\" data-widget_type=\"image.default\">\n\t\t\t\t<div class=\"elementor-widget-container\">\n\t\t\t\t\t\t\t\t\t\t\t\t\t\t\t<img loading=\"lazy\" decoding=\"async\" width=\"1920\" height=\"1282\" src=\"https:\/\/www.felixdevega.com\/wp-content\/uploads\/2025\/04\/fotograf-slubny-w-Warszawie.jpg\" class=\"attachment-full size-full wp-image-31952\" alt=\"Fotograf \u015blubny w Warszawie\" srcset=\"https:\/\/www.felixdevega.com\/wp-content\/uploads\/2025\/04\/fotograf-slubny-w-Warszawie.jpg 1920w, https:\/\/www.felixdevega.com\/wp-content\/uploads\/2025\/04\/fotograf-slubny-w-Warszawie-750x501.jpg 750w, https:\/\/www.felixdevega.com\/wp-content\/uploads\/2025\/04\/fotograf-slubny-w-Warszawie-1290x861.jpg 1290w, https:\/\/www.felixdevega.com\/wp-content\/uploads\/2025\/04\/fotograf-slubny-w-Warszawie-1536x1026.jpg 1536w, https:\/\/www.felixdevega.com\/wp-content\/uploads\/2025\/04\/fotograf-slubny-w-Warszawie-1200x800.jpg 1200w\" sizes=\"(max-width: 1920px) 100vw, 1920px\" \/>\t\t\t\t\t\t\t\t\t\t\t\t\t\t\t<\/div>\n\t\t\t\t<\/div>\n\t\t\t\t\t<\/div>\n\t\t<\/div>\n\t\t\t\t<div class=\"elementor-column elementor-col-50 elementor-top-column elementor-element elementor-element-64ef080\" data-id=\"64ef080\" data-element_type=\"column\" data-e-type=\"column\">\n\t\t\t<div class=\"elementor-widget-wrap elementor-element-populated\">\n\t\t\t\t\t\t<div class=\"elementor-element elementor-element-087d9dc elementor-widget elementor-widget-heading\" data-id=\"087d9dc\" data-element_type=\"widget\" data-e-type=\"widget\" data-widget_type=\"heading.default\">\n\t\t\t\t<div class=\"elementor-widget-container\">\n\t\t\t\t\t<p class=\"elementor-heading-title elementor-size-default\">Wi\u0119cej Informacji<\/p>\t\t\t\t<\/div>\n\t\t\t\t<\/div>\n\t\t\t\t<div class=\"elementor-element elementor-element-f60b613 elementor-widget elementor-widget-icon-box\" data-id=\"f60b613\" data-element_type=\"widget\" data-e-type=\"widget\" data-widget_type=\"icon-box.default\">\n\t\t\t\t<div class=\"elementor-widget-container\">\n\t\t\t\t\t\t\t<div class=\"elementor-icon-box-wrapper\">\n\n\t\t\t\n\t\t\t\t\t\t<div class=\"elementor-icon-box-content\">\n\n\t\t\t\t\t\t\t\t\t<p class=\"elementor-icon-box-title\">\n\t\t\t\t\t\t<a href=\"https:\/\/www.felixdevega.com\/pl\/fotograf-slubny\/warszawa\/\">\n\t\t\t\t\t\t\tFotograf \u015blubny Warszawa Cennik\t\t\t\t\t\t<\/a>\n\t\t\t\t\t<\/p>\n\t\t\t\t\n\t\t\t\t\t\t\t\t\t<p class=\"elementor-icon-box-description\">\n\t\t\t\t\t\tPolecany fotograf \u015blubny w Warszawie\t\t\t\t\t<\/p>\n\t\t\t\t\n\t\t\t<\/div>\n\t\t\t\n\t\t<\/div>\n\t\t\t\t\t\t<\/div>\n\t\t\t\t<\/div>\n\t\t\t\t<div class=\"elementor-element elementor-element-e348403 elementor-widget elementor-widget-icon-box\" data-id=\"e348403\" data-element_type=\"widget\" data-e-type=\"widget\" data-widget_type=\"icon-box.default\">\n\t\t\t\t<div class=\"elementor-widget-container\">\n\t\t\t\t\t\t\t<div class=\"elementor-icon-box-wrapper\">\n\n\t\t\t\n\t\t\t\t\t\t<div class=\"elementor-icon-box-content\">\n\n\t\t\t\t\t\t\t\t\t<p class=\"elementor-icon-box-title\">\n\t\t\t\t\t\t<a href=\"https:\/\/www.felixdevega.com\/pl\/fotograf-slubny\/krakow\/\">\n\t\t\t\t\t\t\tFotograf \u015blubny Krak\u00f3w Cennik\t\t\t\t\t\t<\/a>\n\t\t\t\t\t<\/p>\n\t\t\t\t\n\t\t\t\t\t\t\t\t\t<p class=\"elementor-icon-box-description\">\n\t\t\t\t\t\tPolecany fotograf \u015blubny w Krakowie\t\t\t\t\t<\/p>\n\t\t\t\t\n\t\t\t<\/div>\n\t\t\t\n\t\t<\/div>\n\t\t\t\t\t\t<\/div>\n\t\t\t\t<\/div>\n\t\t\t\t<div class=\"elementor-element elementor-element-a3cac76 elementor-widget elementor-widget-icon-box\" data-id=\"a3cac76\" data-element_type=\"widget\" data-e-type=\"widget\" data-widget_type=\"icon-box.default\">\n\t\t\t\t<div class=\"elementor-widget-container\">\n\t\t\t\t\t\t\t<div class=\"elementor-icon-box-wrapper\">\n\n\t\t\t\n\t\t\t\t\t\t<div class=\"elementor-icon-box-content\">\n\n\t\t\t\t\t\t\t\t\t<p class=\"elementor-icon-box-title\">\n\t\t\t\t\t\t<a href=\"https:\/\/www.felixdevega.com\/pl\/sample-weddings\/\">\n\t\t\t\t\t\t\tReporta\u017c \u015blubny\t\t\t\t\t\t<\/a>\n\t\t\t\t\t<\/p>\n\t\t\t\t\n\t\t\t\t\t\t\t\t\t<p class=\"elementor-icon-box-description\">\n\t\t\t\t\t\tReporta\u017ce \u015blubne\t\t\t\t\t<\/p>\n\t\t\t\t\n\t\t\t<\/div>\n\t\t\t\n\t\t<\/div>\n\t\t\t\t\t\t<\/div>\n\t\t\t\t<\/div>\n\t\t\t\t<div class=\"elementor-element elementor-element-efc39f5 elementor-widget elementor-widget-icon-box\" data-id=\"efc39f5\" data-element_type=\"widget\" data-e-type=\"widget\" data-widget_type=\"icon-box.default\">\n\t\t\t\t<div class=\"elementor-widget-container\">\n\t\t\t\t\t\t\t<div class=\"elementor-icon-box-wrapper\">\n\n\t\t\t\n\t\t\t\t\t\t<div class=\"elementor-icon-box-content\">\n\n\t\t\t\t\t\t\t\t\t<p class=\"elementor-icon-box-title\">\n\t\t\t\t\t\t<a href=\"https:\/\/www.felixdevega.com\/pl\/slub-za-granica\/\">\n\t\t\t\t\t\t\t\u015blub za granic\u0105\t\t\t\t\t\t<\/a>\n\t\t\t\t\t<\/p>\n\t\t\t\t\n\t\t\t\t\t\t\t\t\t<p class=\"elementor-icon-box-description\">\n\t\t\t\t\t\tOrganizacja \u015blub\u00f3w i wesel\t\t\t\t\t<\/p>\n\t\t\t\t\n\t\t\t<\/div>\n\t\t\t\n\t\t<\/div>\n\t\t\t\t\t\t<\/div>\n\t\t\t\t<\/div>\n\t\t\t\t<div class=\"elementor-element elementor-element-69ecda4 elementor-widget elementor-widget-icon-box\" data-id=\"69ecda4\" data-element_type=\"widget\" data-e-type=\"widget\" data-widget_type=\"icon-box.default\">\n\t\t\t\t<div class=\"elementor-widget-container\">\n\t\t\t\t\t\t\t<div class=\"elementor-icon-box-wrapper\">\n\n\t\t\t\n\t\t\t\t\t\t<div class=\"elementor-icon-box-content\">\n\n\t\t\t\t\t\t\t\t\t<p class=\"elementor-icon-box-title\">\n\t\t\t\t\t\t<a href=\"https:\/\/www.felixdevega.com\/pl\/filmy-slubne\/\">\n\t\t\t\t\t\t\tFilmy \u015blubne\t\t\t\t\t\t<\/a>\n\t\t\t\t\t<\/p>\n\t\t\t\t\n\t\t\t\t\t\t\t\t\t<p class=\"elementor-icon-box-description\">\n\t\t\t\t\t\tInspiruj\u0105ce Filmy\t\t\t\t\t<\/p>\n\t\t\t\t\n\t\t\t<\/div>\n\t\t\t\n\t\t<\/div>\n\t\t\t\t\t\t<\/div>\n\t\t\t\t<\/div>\n\t\t\t\t<div class=\"elementor-element elementor-element-2b47475 elementor-widget elementor-widget-icon-box\" data-id=\"2b47475\" data-element_type=\"widget\" data-e-type=\"widget\" data-widget_type=\"icon-box.default\">\n\t\t\t\t<div class=\"elementor-widget-container\">\n\t\t\t\t\t\t\t<div class=\"elementor-icon-box-wrapper\">\n\n\t\t\t\n\t\t\t\t\t\t<div class=\"elementor-icon-box-content\">\n\n\t\t\t\t\t\t\t\t\t<p class=\"elementor-icon-box-title\">\n\t\t\t\t\t\t<a href=\"https:\/\/www.felixdevega.com\/pl\/post\/fotografia-slubna\/jak-wybrac-dobrego-fotografa-na-slub\/\">\n\t\t\t\t\t\t\tJak wybra\u0107 fotografa \u015blubnego\t\t\t\t\t\t<\/a>\n\t\t\t\t\t<\/p>\n\t\t\t\t\n\t\t\t\t\t\t\t\t\t<p class=\"elementor-icon-box-description\">\n\t\t\t\t\t\tJak wybra\u0107 fotografa \u015blubnego\t\t\t\t\t<\/p>\n\t\t\t\t\n\t\t\t<\/div>\n\t\t\t\n\t\t<\/div>\n\t\t\t\t\t\t<\/div>\n\t\t\t\t<\/div>\n\t\t\t\t<div class=\"elementor-element elementor-element-5031622 elementor-widget elementor-widget-icon-box\" data-id=\"5031622\" data-element_type=\"widget\" data-e-type=\"widget\" data-widget_type=\"icon-box.default\">\n\t\t\t\t<div class=\"elementor-widget-container\">\n\t\t\t\t\t\t\t<div class=\"elementor-icon-box-wrapper\">\n\n\t\t\t\n\t\t\t\t\t\t<div class=\"elementor-icon-box-content\">\n\n\t\t\t\t\t\t\t\t\t<p class=\"elementor-icon-box-title\">\n\t\t\t\t\t\t<a href=\"https:\/\/www.felixdevega.com\/pl\/miedzynarodowy\/\">\n\t\t\t\t\t\t\tMi\u0119dzynarodowe wesele\t\t\t\t\t\t<\/a>\n\t\t\t\t\t<\/p>\n\t\t\t\t\n\t\t\t\t\t\t\t\t\t<p class=\"elementor-icon-box-description\">\n\t\t\t\t\t\t\u015alub mi\u0119dzynarodowy w Polsce\t\t\t\t\t<\/p>\n\t\t\t\t\n\t\t\t<\/div>\n\t\t\t\n\t\t<\/div>\n\t\t\t\t\t\t<\/div>\n\t\t\t\t<\/div>\n\t\t\t\t<div class=\"elementor-element elementor-element-b9561f8 elementor-widget elementor-widget-icon-box\" data-id=\"b9561f8\" data-element_type=\"widget\" data-e-type=\"widget\" data-widget_type=\"icon-box.default\">\n\t\t\t\t<div class=\"elementor-widget-container\">\n\t\t\t\t\t\t\t<div class=\"elementor-icon-box-wrapper\">\n\n\t\t\t\n\t\t\t\t\t\t<div class=\"elementor-icon-box-content\">\n\n\t\t\t\t\t\t\t\t\t<p class=\"elementor-icon-box-title\">\n\t\t\t\t\t\t<a href=\"https:\/\/www.felixdevega.com\/pl\/post\/style-i-tematyki-weselne\/jaki-styl-wesela-wybrac-oto-kilka-wskazowek\/\">\n\t\t\t\t\t\t\tJaki styl wesela wybra\u0107?\t\t\t\t\t\t<\/a>\n\t\t\t\t\t<\/p>\n\t\t\t\t\n\t\t\t\t\t\t\t\t\t<p class=\"elementor-icon-box-description\">\n\t\t\t\t\t\tKlasyczny, Boho, Glamour...\t\t\t\t\t<\/p>\n\t\t\t\t\n\t\t\t<\/div>\n\t\t\t\n\t\t<\/div>\n\t\t\t\t\t\t<\/div>\n\t\t\t\t<\/div>\n\t\t\t\t\t<\/div>\n\t\t<\/div>\n\t\t\t\t\t<\/div>\n\t\t<\/section>\n\t\t\t\t<\/div>\n\t\t","protected":false},"excerpt":{"rendered":"<p>Wesele Ogr\u00f3d Babette\u00a0 | \u015blub plenerowy Warszawa | \u015blub w ogrodzie Warszawa \u015aLUB W PLENERZE W WARSZAWIE &#8211; OGR\u00d3D BABETTE Oto pi\u0119kny \u015blub plenerowy w Warszawie, w jednym z najpi\u0119kniejszych miejsc weselnych w Warszawie, Ogr\u00f3d Babette, miejscu idealnym dla nowoczesnych par lubi\u0105cych ziele\u0144, elementy rustykalne oraz alternatywne wesela w stylu boho, i oczywi\u015bcie pi\u0119kny ogr\u00f3d, w kt\u00f3rym mo\u017cna zorganizowa\u0107 romantyczn\u0105 uroczysto\u015b\u0107 w plenerze. Mo\u017cliwo\u015b\u0107 pracy jako fotograf \u015blubny w Warszawie jest dla mnie zawsze przyjemna, jest to miasto, w kt\u00f3rym mieszkam od lat i mog\u0119 je teraz nazwa\u0107 swoim domem, czuj\u0119 szczeg\u00f3ln\u0105 wdzi\u0119czno\u015b\u0107, kiedy mog\u0119 fotografowa\u0107 tak mi\u0142\u0105 par\u0119 w tak pi\u0119knym miejscu. WITAMY W D\u017bUNGLI Kasia i Rafa\u0142 to para, w kt\u00f3rej mi\u0142o\u015b\u0107 mi\u0119dzy nimi wida\u0107 go\u0142ym okiem. Kiedy skontaktowali si\u0119 ze mn\u0105, aby poprosi\u0107 mnie o bycie ich fotografem \u015blubnym w Warszawie, bardzo mi schlebia\u0142o. \u015alub i uroczysto\u015b\u0107 by\u0142y pe\u0142ne element\u00f3w, kt\u00f3re czyni\u0142y je autentycznymi i odmiennymi, pocz\u0105wszy od sukienki Kasi, kt\u00f3r\u0105 sama zrobi\u0142a na drutach! tak\u017ce niesamowit\u0105 i zabawn\u0105 choreografi\u0119 pierwszego ta\u0144ca, w kt\u00f3rej uczestniczy\u0142y wszystkie przyjaci\u00f3\u0142, oraz kwiatowe wianki, kt\u00f3re zdobi\u0142y g\u0142owy wszystkich pa\u0144, a tak\u017ce spektakularn\u0105 dekoracj\u0119 ro\u015blinn\u0105 o\u0142tarza. Na osobn\u0105 wzmiank\u0119 zas\u0142uguje r\u00f3wnie\u017c muzyka, w tym \u015bcie\u017cka d\u017awi\u0119kowa z Kr\u00f3la Lwa na wej\u015bcie na ceremoni\u0119, kt\u00f3ra wywo\u0142a\u0142a u\u015bmiechy na twarzach wszystkich go\u015bci. By\u0142 pi\u0119kny \u015blub w ogrodzie ze wszystkimi niezb\u0119dnymi elementami, aby by\u0142 niezapomniany. OGR\u00d3D BABETTE &#8211; RUSTYKALNE SALE WESELNE W WARSZAWIE Kasia i Rafa\u0142 postanowili zorganizowa\u0107 swoje \u015blub w plenerze w Warszawie w stylu rustykalnym z elementami boho w jednym z najbardziej urokliwych miejsc weselnych w Warszawie, Ogrod Babette, z drewnian\u0105 zabudow\u0105, przepi\u0119kn\u0105 dekoracj\u0105, najwy\u017cszej jako\u015bci obs\u0142ug\u0105 i pi\u0119knym ogrodem, kt\u00f3ry pozwala na plenerowy sluby. Ceremonia odby\u0142a si\u0119 w odkrytym o\u0142tarzu ozdobionym ro\u015blinami. Ca\u0142y \u015blub inspirowany ro\u015blinami, zieleni\u0105 i natur\u0105. R\u00f3wnie\u017c deszcz pada\u0142 niemal przez ca\u0142y dzie\u0144 jako znak kontaktu z natur\u0105. Muzyka z filmu \u201eKr\u00f3l Lew\u201d rozpocz\u0119\u0142a zabawn\u0105 ceremoni\u0119, podczas kt\u00f3rej pa\u0144stwo m\u0142odzi najpierw odczytali przysi\u0119g\u0119 ma\u0142\u017ce\u0144sk\u0105 i rozbawili wszystkich go\u015bci do \u0142ez, potem zabawa w Ogrodzie Babette trwa\u0142a do p\u00f3\u017anych godzin nocnych. Deszcz towarzyszy\u0142 nam przez wi\u0119ksz\u0105 cz\u0119\u015b\u0107 dnia, ale to nie by\u0142 pretekst, by cieszy\u0107 si\u0119 wyj\u0105tkowym i bardzo wyj\u0105tkowym \u015blubem. Co sprawi\u0142o, \u017ce ten \u015blub by\u0142 tak wyj\u0105tkowy? C\u00f3\u017c, pocz\u0105wszy od uroczej pary Kasi i Rafa\u0142a, a sko\u0144czywszy na ich zabawnych przyjacio\u0142ach i uroczej rodzinie, atmosfera by\u0142a bardzo autentyczna. Przyczyni\u0142o si\u0119 do tego r\u00f3wnie\u017c otoczenie, wybrana sala weselna, Ogrod Babette to zachwyt dla tego typu uroczysto\u015bci i czu\u0142am si\u0119 naprawd\u0119 szcz\u0119\u015bliwe, \u017ce \u200b\u200bby\u0142em ich fotografem \u015blubnym tego dnia i mog\u0142em uwieczni\u0107 te pi\u0119kne chwile. Music:\u00a0 Au Revoir Simone &#8211; Sad Song \u015aLUB W OGRODZIE W WARSZAWIE &#8211; OGR\u00d3D BABETTE Ta pi\u0119kna plenerowa ceremonia \u015blubna rozpocz\u0119\u0142a si\u0119 przy muzyce z filmu Kr\u00f3l Lew. Tak, wszyscy jeste\u015bmy po\u0142\u0105czeni w wielkim kr\u0119gu \u017cycia! Przy tej radosnej melodii dru\u017cbowie i druhny chodzili do o\u0142tarza w ogrodzie udekorowanym ro\u015blinami o r\u00f3\u017cnych odcieniach i kolorach, deszcz, kt\u00f3ry pada\u0142 przez ca\u0142y dzie\u0144, przesta\u0142 pada\u0107 dopiero podczas ceremonii, jakby wsp\u00f3\u0142pracuj\u0105c z nami. To by\u0142a plenerowa ceremonia w kontakcie z natur\u0105 i by\u0142a bardzo radosna i zabawna. Po weselu udali\u015bmy si\u0119 do lokalu Ogrod Babette, gdzie zjedli\u015bmy pyszny posi\u0142ek i wreszcie mieli\u015bmy niesamowit\u0105 imprez\u0119, kt\u00f3ra trwa\u0142a do p\u00f3\u017anej nocy. Na szczeg\u00f3ln\u0105 uwag\u0119 zas\u0142uguje wyj\u0105tkowa choreografia, kt\u00f3r\u0105 pa\u0144stwo m\u0142odzi przygotowali ze wszystkimi swoimi przyjaci\u00f3\u0142mi jako taniec otwieraj\u0105cy przyj\u0119cie, mieszanka ruch\u00f3w, kt\u00f3rych nigdy nie widzia\u0142em na \u017cadnym innym weselu, a jako fotograf \u015blubny pracuj\u0119 od ponad dziesi\u0119ciu lat lat \ud83d\ude42 Kr\u00f3tko m\u00f3wi\u0105c, ujmuj\u0105cy, inny, wyj\u0105tkowy i zabawny \u015blub, z urocz\u0105 par\u0105 i pe\u0142en pozytywnych emocji. Dzi\u0119ki ch\u0142opaki! Je\u015bli lubicie wesela w ogrodzie, Ogrod Babette to idealne miejsce, z pi\u0119knym ogrodem i rustykalnym wiejskim stylem ca\u0142ej sali, to idealne miejsce na plenerowy \u015blub w ogrodzie w Warszawie i oczywi\u015bcie je\u015bli potrzebujesz dobrego fotografa \u015blubnego w Warszawie z przyjemno\u015bci\u0105 b\u0119d\u0119 towarzyszy\u0142 Wam w tym wyj\u0105tkowym dniu i tworzy\u0142 niezapomniane zdj\u0119cia dla Was i Waszej rodziny. \u00a9 Wszystkie zdj\u0119cia: F\u00e9lix de Vega Wielkie podzi\u0119kowania dla ca\u0142ego zespo\u0142u Fotograf \u015blubny w Warszawie : F\u00e9lix de Vega Sala Weselna w Warszawie: Ogr\u00f3d Babette\u00a0 \u00a0 DJ:\u00a0 \u00a0Kordian Baran\u00a0\u00a0Baran in Public Kwiaty:\u00a0 Maja Majewska Blumen&amp;kunst Suknia \u015blubna:\u00a0 \u00a0Sharkotea Zarezerwuj Swojego fotografa \u015blubnego Napisz do mnie F\u00e9lix de Vega info@felixdevega.com tel. +48 511 579 346 Warsaw |\u00a0 Poland KONTAKT Wi\u0119cej Informacji Fotograf \u015blubny Warszawa Cennik Polecany fotograf \u015blubny w Warszawie Fotograf \u015blubny Krak\u00f3w Cennik Polecany fotograf \u015blubny w Krakowie Reporta\u017c \u015blubny Reporta\u017ce \u015blubne \u015blub za granic\u0105 Organizacja \u015blub\u00f3w i wesel Filmy \u015blubne Inspiruj\u0105ce Filmy Jak wybra\u0107 fotografa \u015blubnego Jak wybra\u0107 fotografa \u015blubnego Mi\u0119dzynarodowe wesele \u015alub mi\u0119dzynarodowy w Polsce Jaki styl wesela wybra\u0107? Klasyczny, Boho, Glamour&#8230;<\/p>\n","protected":false},"author":1,"featured_media":17120,"parent":0,"menu_order":0,"comment_status":"open","ping_status":"closed","template":"","meta":{"footnotes":""},"tags":[693,732,757,775],"class_list":["post-17459","page","type-page","status-publish","has-post-thumbnail","hentry","tag-fotograf-slubny-w-warszawie","tag-sala-ogrod-babette","tag-slub","tag-wesele-w-stylu-nowoczesnym"],"blocksy_meta":[],"_links":{"self":[{"href":"https:\/\/www.felixdevega.com\/pl\/wp-json\/wp\/v2\/pages\/17459","targetHints":{"allow":["GET"]}}],"collection":[{"href":"https:\/\/www.felixdevega.com\/pl\/wp-json\/wp\/v2\/pages"}],"about":[{"href":"https:\/\/www.felixdevega.com\/pl\/wp-json\/wp\/v2\/types\/page"}],"author":[{"embeddable":true,"href":"https:\/\/www.felixdevega.com\/pl\/wp-json\/wp\/v2\/users\/1"}],"replies":[{"embeddable":true,"href":"https:\/\/www.felixdevega.com\/pl\/wp-json\/wp\/v2\/comments?post=17459"}],"version-history":[{"count":99,"href":"https:\/\/www.felixdevega.com\/pl\/wp-json\/wp\/v2\/pages\/17459\/revisions"}],"predecessor-version":[{"id":31990,"href":"https:\/\/www.felixdevega.com\/pl\/wp-json\/wp\/v2\/pages\/17459\/revisions\/31990"}],"wp:featuredmedia":[{"embeddable":true,"href":"https:\/\/www.felixdevega.com\/pl\/wp-json\/wp\/v2\/media\/17120"}],"wp:attachment":[{"href":"https:\/\/www.felixdevega.com\/pl\/wp-json\/wp\/v2\/media?parent=17459"}],"wp:term":[{"taxonomy":"post_tag","embeddable":true,"href":"https:\/\/www.felixdevega.com\/pl\/wp-json\/wp\/v2\/tags?post=17459"}],"curies":[{"name":"wp","href":"https:\/\/api.w.org\/{rel}","templated":true}]}}