{"id":32056,"date":"2025-05-07T18:54:11","date_gmt":"2025-05-07T16:54:11","guid":{"rendered":"https:\/\/www.felixdevega.com\/?page_id=32056"},"modified":"2025-05-11T22:51:01","modified_gmt":"2025-05-11T20:51:01","slug":"boda-judia-en-varsovia-polonia","status":"publish","type":"page","link":"https:\/\/www.felixdevega.com\/es\/boda-judia-en-varsovia-polonia\/","title":{"rendered":"Boda en Varsovia &#8211; Cicha 23"},"content":{"rendered":"\t\t<div data-elementor-type=\"wp-post\" data-elementor-id=\"32056\" class=\"elementor elementor-32056 elementor-32055\" data-elementor-post-type=\"page\">\n\t\t\t\t\t\t<section class=\"elementor-section elementor-top-section elementor-element elementor-element-d20bbcc elementor-section-boxed elementor-section-height-default elementor-section-height-default wpr-particle-no wpr-sticky-section-no wpr-equal-height-no\" data-id=\"d20bbcc\" data-element_type=\"section\" data-e-type=\"section\">\n\t\t\t\t\t\t<div class=\"elementor-container elementor-column-gap-default\">\n\t\t\t\t\t<div class=\"elementor-column elementor-col-100 elementor-top-column elementor-element elementor-element-0978d0a\" data-id=\"0978d0a\" data-element_type=\"column\" data-e-type=\"column\">\n\t\t\t<div class=\"elementor-widget-wrap elementor-element-populated\">\n\t\t\t\t\t\t<div class=\"elementor-element elementor-element-824840b elementor-widget elementor-widget-heading\" data-id=\"824840b\" data-element_type=\"widget\" data-e-type=\"widget\" data-widget_type=\"heading.default\">\n\t\t\t\t<div class=\"elementor-widget-container\">\n\t\t\t\t\t<p class=\"elementor-heading-title elementor-size-default\">F\u00c9LIX DE VEGA<\/p>\t\t\t\t<\/div>\n\t\t\t\t<\/div>\n\t\t\t\t<div class=\"elementor-element elementor-element-b4aba27 elementor-widget elementor-widget-heading\" data-id=\"b4aba27\" data-element_type=\"widget\" data-e-type=\"widget\" data-widget_type=\"heading.default\">\n\t\t\t\t<div class=\"elementor-widget-container\">\n\t\t\t\t\t<h2 class=\"elementor-heading-title elementor-size-default\">BODA AL AIRE LIBRE EN  CICHA 23<\/h2>\t\t\t\t<\/div>\n\t\t\t\t<\/div>\n\t\t\t\t<div class=\"elementor-element elementor-element-b32b5f0 elementor-widget elementor-widget-image\" data-id=\"b32b5f0\" data-element_type=\"widget\" data-e-type=\"widget\" data-widget_type=\"image.default\">\n\t\t\t\t<div class=\"elementor-widget-container\">\n\t\t\t\t\t\t\t\t\t\t\t\t\t\t\t<img decoding=\"async\" src=\"https:\/\/www.felixdevega.com\/wp-content\/uploads\/elementor\/thumbs\/avioneta-sola.jpg-r5jk31nkaanes81e4zg3g0l1kdgfig0qu5g4y3jaki.webp\" title=\"avioneta-sola.jpg.webp\" alt=\"avioneta-sola.jpg.webp\" loading=\"lazy\" \/>\t\t\t\t\t\t\t\t\t\t\t\t\t\t\t<\/div>\n\t\t\t\t<\/div>\n\t\t\t\t\t<\/div>\n\t\t<\/div>\n\t\t\t\t\t<\/div>\n\t\t<\/section>\n\t\t\t\t<section class=\"elementor-section elementor-top-section elementor-element elementor-element-7851ffa elementor-section-boxed elementor-section-height-default elementor-section-height-default wpr-particle-no wpr-sticky-section-no wpr-equal-height-no\" data-id=\"7851ffa\" data-element_type=\"section\" data-e-type=\"section\">\n\t\t\t\t\t\t<div class=\"elementor-container elementor-column-gap-default\">\n\t\t\t\t\t<div class=\"elementor-column elementor-col-100 elementor-top-column elementor-element elementor-element-0c3bd2d\" data-id=\"0c3bd2d\" data-element_type=\"column\" data-e-type=\"column\">\n\t\t\t<div class=\"elementor-widget-wrap elementor-element-populated\">\n\t\t\t\t\t\t<div class=\"elementor-element elementor-element-c77bd76 elementor-widget elementor-widget-heading\" data-id=\"c77bd76\" data-element_type=\"widget\" data-e-type=\"widget\" data-widget_type=\"heading.default\">\n\t\t\t\t<div class=\"elementor-widget-container\">\n\t\t\t\t\t<h3 class=\"elementor-heading-title elementor-size-default\">Cicha 23: Un rinc\u00f3n r\u00fastico y rom\u00e1ntico en Varsovia<\/h3>\t\t\t\t<\/div>\n\t\t\t\t<\/div>\n\t\t\t\t<section class=\"elementor-section elementor-inner-section elementor-element elementor-element-e56f2e5 elementor-section-boxed elementor-section-height-default elementor-section-height-default wpr-particle-no wpr-sticky-section-no wpr-equal-height-no\" data-id=\"e56f2e5\" data-element_type=\"section\" data-e-type=\"section\">\n\t\t\t\t\t\t<div class=\"elementor-container elementor-column-gap-default\">\n\t\t\t\t\t<div class=\"elementor-column elementor-col-100 elementor-inner-column elementor-element elementor-element-c28541c\" data-id=\"c28541c\" data-element_type=\"column\" data-e-type=\"column\">\n\t\t\t<div class=\"elementor-widget-wrap elementor-element-populated\">\n\t\t\t\t\t\t<div class=\"elementor-element elementor-element-d34365e elementor-widget elementor-widget-text-editor\" data-id=\"d34365e\" data-element_type=\"widget\" data-e-type=\"widget\" data-widget_type=\"text-editor.default\">\n\t\t\t\t<div class=\"elementor-widget-container\">\n\t\t\t\t\t\t\t\t\t<div class=\"flex w-full flex-col items-end\" data-content=\"user-message\"><p>Si est\u00e1s buscando un lugar especial para celebrar tu boda al aire libre en Varsovia, el sal\u00f3n <strong>Cicha 23<\/strong> es una joya escondida que merece toda tu atenci\u00f3n. Este encantador espacio combina lo mejor del estilo r\u00fastico con una atm\u00f3sfera rom\u00e1ntica, rodeado de naturaleza, calma y una est\u00e9tica cuidadosamente cuidada. Como fot\u00f3grafo de bodas, he tenido el placer de trabajar recientemente en este lugar y puedo decir, sin duda, que es uno de <strong>los salones de bodas m\u00e1s bonitos de Varsovia<\/strong>.<\/p><\/div>\t\t\t\t\t\t\t\t<\/div>\n\t\t\t\t<\/div>\n\t\t\t\t\t<\/div>\n\t\t<\/div>\n\t\t\t\t\t<\/div>\n\t\t<\/section>\n\t\t\t\t\t<\/div>\n\t\t<\/div>\n\t\t\t\t\t<\/div>\n\t\t<\/section>\n\t\t\t\t<section class=\"elementor-section elementor-top-section elementor-element elementor-element-f83a6fa elementor-section-boxed elementor-section-height-default elementor-section-height-default wpr-particle-no wpr-sticky-section-no wpr-equal-height-no\" data-id=\"f83a6fa\" data-element_type=\"section\" data-e-type=\"section\">\n\t\t\t\t\t\t<div class=\"elementor-container elementor-column-gap-default\">\n\t\t\t\t\t<div class=\"elementor-column elementor-col-100 elementor-top-column elementor-element elementor-element-86af190\" data-id=\"86af190\" data-element_type=\"column\" data-e-type=\"column\">\n\t\t\t<div class=\"elementor-widget-wrap elementor-element-populated\">\n\t\t\t\t\t\t<div class=\"elementor-element elementor-element-ba3ef38 elementor-widget elementor-widget-heading\" data-id=\"ba3ef38\" data-element_type=\"widget\" data-e-type=\"widget\" data-widget_type=\"heading.default\">\n\t\t\t\t<div class=\"elementor-widget-container\">\n\t\t\t\t\t<h3 class=\"elementor-heading-title elementor-size-default\">\u00bfPor qu\u00e9 elegir Cicha 23 para tu boda?<\/h3>\t\t\t\t<\/div>\n\t\t\t\t<\/div>\n\t\t\t\t<section class=\"elementor-section elementor-inner-section elementor-element elementor-element-bd7cd10 elementor-section-boxed elementor-section-height-default elementor-section-height-default wpr-particle-no wpr-sticky-section-no wpr-equal-height-no\" data-id=\"bd7cd10\" data-element_type=\"section\" data-e-type=\"section\">\n\t\t\t\t\t\t<div class=\"elementor-container elementor-column-gap-default\">\n\t\t\t\t\t<div class=\"elementor-column elementor-col-50 elementor-inner-column elementor-element elementor-element-dbf625b\" data-id=\"dbf625b\" data-element_type=\"column\" data-e-type=\"column\">\n\t\t\t<div class=\"elementor-widget-wrap elementor-element-populated\">\n\t\t\t\t\t\t<div class=\"elementor-element elementor-element-50a3506 elementor-widget elementor-widget-image\" data-id=\"50a3506\" data-element_type=\"widget\" data-e-type=\"widget\" data-widget_type=\"image.default\">\n\t\t\t\t<div class=\"elementor-widget-container\">\n\t\t\t\t\t\t\t\t\t\t\t\t\t\t\t<img fetchpriority=\"high\" decoding=\"async\" width=\"683\" height=\"1024\" src=\"https:\/\/www.felixdevega.com\/wp-content\/uploads\/2025\/05\/Fotografo-de-bodas-en-Varsovia-Polonia.jpg\" class=\"elementor-animation-grow attachment-full size-full wp-image-32841\" alt=\"Fotografo de bodas en Varsovia Polonia\" srcset=\"https:\/\/www.felixdevega.com\/wp-content\/uploads\/2025\/05\/Fotografo-de-bodas-en-Varsovia-Polonia.jpg 683w, https:\/\/www.felixdevega.com\/wp-content\/uploads\/2025\/05\/Fotografo-de-bodas-en-Varsovia-Polonia-600x900.jpg 600w\" sizes=\"(max-width: 683px) 100vw, 683px\" \/>\t\t\t\t\t\t\t\t\t\t\t\t\t\t\t<\/div>\n\t\t\t\t<\/div>\n\t\t\t\t<div class=\"elementor-element elementor-element-4547d39 elementor-widget elementor-widget-spacer\" data-id=\"4547d39\" data-element_type=\"widget\" data-e-type=\"widget\" data-widget_type=\"spacer.default\">\n\t\t\t\t<div class=\"elementor-widget-container\">\n\t\t\t\t\t\t\t<div class=\"elementor-spacer\">\n\t\t\t<div class=\"elementor-spacer-inner\"><\/div>\n\t\t<\/div>\n\t\t\t\t\t\t<\/div>\n\t\t\t\t<\/div>\n\t\t\t\t\t<\/div>\n\t\t<\/div>\n\t\t\t\t<div class=\"elementor-column elementor-col-50 elementor-inner-column elementor-element elementor-element-e08d03e\" data-id=\"e08d03e\" data-element_type=\"column\" data-e-type=\"column\">\n\t\t\t<div class=\"elementor-widget-wrap elementor-element-populated\">\n\t\t\t\t\t\t<div class=\"elementor-element elementor-element-3b3a613 elementor-widget elementor-widget-text-editor\" data-id=\"3b3a613\" data-element_type=\"widget\" data-e-type=\"widget\" data-widget_type=\"text-editor.default\">\n\t\t\t\t<div class=\"elementor-widget-container\">\n\t\t\t\t\t\t\t\t\t<div class=\"flex w-full flex-col items-end\" data-content=\"user-message\"><p><strong>Cicha 23<\/strong> no es solo un lugar bonito, es un espacio que respira amor, naturaleza y autenticidad. Cada rinc\u00f3n parece dise\u00f1ado para crear recuerdos imborrables, tanto para las parejas como para sus invitados. Estas son algunas razones por las que muchas parejas \u2014incluyendo las que viven fuera de Polonia\u2014 eligen este lugar para su gran d\u00eda:<\/p><ul><li><p><strong>Un entorno natural \u00fanico<\/strong>, perfecto para bodas al aire libre rodeadas de vegetaci\u00f3n y luz natural.<\/p><\/li><li><p><strong>Versatilidad de espacios<\/strong>: Cicha 23 cuenta con tres salones interiores, todos con un estilo r\u00fastico y rom\u00e1ntico, caracterizado por el uso predominante de la madera, que aporta una atm\u00f3sfera c\u00e1lida y acogedora:<\/p><ul><li><p>Ma\u0142a Stajnia (\u201cel establo peque\u00f1o\u201d): donde se celebr\u00f3 la boda que tuve el placer de fotografiar. Aunque su nombre sugiere intimidad, es perfecto para bodas medianas de hasta unos 100 invitados.<\/p><\/li><li><p>Du\u017ca Stajnia (\u201cel establo grande\u201d): ideal para celebraciones m\u00e1s amplias, con espacio suficiente para una gran fiesta sin perder el encanto del estilo r\u00fastico.<\/p><\/li><li><p>Szklarnia (\u201cel invernadero\u201d): un espacio pensado para bodas m\u00e1s \u00edntimas, con un ambiente rom\u00e1ntico y lleno de luz.<\/p><\/li><\/ul><\/li><li><p><strong>Decoraci\u00f3n con alma<\/strong>: madera, naturaleza, iluminaci\u00f3n c\u00e1lida y detalles cuidados crean un ambiente que no necesita excesos, porque la belleza est\u00e1 en lo simple y lo aut\u00e9ntico.<\/p><\/li><li><p><strong>Comodidad y ubicaci\u00f3n<\/strong>: situado a solo <strong>20 minutos del centro de Varsovia<\/strong>, ofrece una combinaci\u00f3n ideal entre accesibilidad y sensaci\u00f3n de retiro.<\/p><\/li><li><p><strong>Ideal para fotograf\u00eda de bodas en Cicha 23<\/strong>: como fot\u00f3grafo, puedo asegurar que cada espacio \u2014tanto interior como exterior\u2014 est\u00e1 lleno de oportunidades visuales para contar historias reales con estilo y emoci\u00f3n.<\/p><\/li><\/ul><\/div>\t\t\t\t\t\t\t\t<\/div>\n\t\t\t\t<\/div>\n\t\t\t\t\t<\/div>\n\t\t<\/div>\n\t\t\t\t\t<\/div>\n\t\t<\/section>\n\t\t\t\t\t<\/div>\n\t\t<\/div>\n\t\t\t\t\t<\/div>\n\t\t<\/section>\n\t\t\t\t<section class=\"elementor-section elementor-top-section elementor-element elementor-element-0a1dbe3 elementor-section-boxed elementor-section-height-default elementor-section-height-default wpr-particle-no wpr-sticky-section-no wpr-equal-height-no\" data-id=\"0a1dbe3\" data-element_type=\"section\" data-e-type=\"section\">\n\t\t\t\t\t\t<div class=\"elementor-container elementor-column-gap-default\">\n\t\t\t\t\t<div class=\"elementor-column elementor-col-100 elementor-top-column elementor-element elementor-element-fe42088\" data-id=\"fe42088\" data-element_type=\"column\" data-e-type=\"column\">\n\t\t\t<div class=\"elementor-widget-wrap elementor-element-populated\">\n\t\t\t\t\t\t<div class=\"elementor-element elementor-element-4e0d317 elementor-widget__width-initial elementor-widget elementor-widget-text-editor\" data-id=\"4e0d317\" data-element_type=\"widget\" data-e-type=\"widget\" data-widget_type=\"text-editor.default\">\n\t\t\t\t<div class=\"elementor-widget-container\">\n\t\t\t\t\t\t\t\t\t<p><img decoding=\"async\" class=\"alignnone wp-image-32844 size-large\" style=\"margin-bottom: 5px;\" src=\"https:\/\/www.felixdevega.com\/wp-content\/uploads\/2025\/05\/Fotografo-de-bodas-en-Varsovia-Polonia-2-1290x967.jpg\" alt=\"Fotografo de bodas en Varsovia Polonia\" width=\"1290\" height=\"967\" srcset=\"https:\/\/www.felixdevega.com\/wp-content\/uploads\/2025\/05\/Fotografo-de-bodas-en-Varsovia-Polonia-2-1290x967.jpg 1290w, https:\/\/www.felixdevega.com\/wp-content\/uploads\/2025\/05\/Fotografo-de-bodas-en-Varsovia-Polonia-2-750x562.jpg 750w, https:\/\/www.felixdevega.com\/wp-content\/uploads\/2025\/05\/Fotografo-de-bodas-en-Varsovia-Polonia-2-1536x1151.jpg 1536w, https:\/\/www.felixdevega.com\/wp-content\/uploads\/2025\/05\/Fotografo-de-bodas-en-Varsovia-Polonia-2.jpg 1800w\" sizes=\"(max-width: 1290px) 100vw, 1290px\" \/><\/p>\t\t\t\t\t\t\t\t<\/div>\n\t\t\t\t<\/div>\n\t\t\t\t\t<\/div>\n\t\t<\/div>\n\t\t\t\t\t<\/div>\n\t\t<\/section>\n\t\t\t\t<section class=\"elementor-section elementor-top-section elementor-element elementor-element-1a43ffe8 elementor-section-content-middle elementor-section-boxed elementor-section-height-default elementor-section-height-default wpr-particle-no wpr-sticky-section-no wpr-equal-height-no\" data-id=\"1a43ffe8\" data-element_type=\"section\" data-e-type=\"section\" data-settings=\"{&quot;background_background&quot;:&quot;classic&quot;}\">\n\t\t\t\t\t\t<div class=\"elementor-container elementor-column-gap-no\">\n\t\t\t\t\t<div class=\"elementor-column elementor-col-50 elementor-top-column elementor-element elementor-element-548d6cba\" data-id=\"548d6cba\" data-element_type=\"column\" data-e-type=\"column\">\n\t\t\t<div class=\"elementor-widget-wrap elementor-element-populated\">\n\t\t\t\t\t\t<div class=\"elementor-element elementor-element-4ac8e344 elementor-widget elementor-widget-heading\" data-id=\"4ac8e344\" data-element_type=\"widget\" data-e-type=\"widget\" data-widget_type=\"heading.default\">\n\t\t\t\t<div class=\"elementor-widget-container\">\n\t\t\t\t\t<p class=\"elementor-heading-title elementor-size-default\">Reserva tu fot\u00f3grafo de boda<\/p>\t\t\t\t<\/div>\n\t\t\t\t<\/div>\n\t\t\t\t<div class=\"elementor-element elementor-element-1776bc15 elementor-widget elementor-widget-text-editor\" data-id=\"1776bc15\" data-element_type=\"widget\" data-e-type=\"widget\" data-widget_type=\"text-editor.default\">\n\t\t\t\t<div class=\"elementor-widget-container\">\n\t\t\t\t\t\t\t\t\t<p><b>Enviame un email, me encantar\u00e1 saber sobre tus planes de boda<\/b><\/p>\t\t\t\t\t\t\t\t<\/div>\n\t\t\t\t<\/div>\n\t\t\t\t<div class=\"elementor-element elementor-element-3012fb4a elementor-widget elementor-widget-text-editor\" data-id=\"3012fb4a\" data-element_type=\"widget\" data-e-type=\"widget\" data-widget_type=\"text-editor.default\">\n\t\t\t\t<div class=\"elementor-widget-container\">\n\t\t\t\t\t\t\t\t\t<p><span style=\"font-family: Verdana, sans-serif; color: #999999;\">F\u00e9lix de Vega<\/span><\/p>\n<p><a href=\"mailto:info@felixdevega.com\"><span style=\"color: #999999;\">info@felixdevega.com<\/span><\/a><\/p>\n<p><span style=\"color: #999999;\">tel. <a href=\"tel:+34694291493\">+34 694 291 493<\/a><\/span><\/p>\n<p><span style=\"color: #999999;\">tel. <a href=\"tel:+48511579346\">+48 511 579 346<\/a><\/span><\/p>\n<p><span style=\"color: #999999;\">Warsaw |\u00a0 Barcelona<\/span><\/p>\t\t\t\t\t\t\t\t<\/div>\n\t\t\t\t<\/div>\n\t\t\t\t\t<\/div>\n\t\t<\/div>\n\t\t\t\t<div class=\"elementor-column elementor-col-50 elementor-top-column elementor-element elementor-element-15a40689\" data-id=\"15a40689\" data-element_type=\"column\" data-e-type=\"column\">\n\t\t\t<div class=\"elementor-widget-wrap elementor-element-populated\">\n\t\t\t\t\t\t<div class=\"elementor-element elementor-element-4a4cbace elementor-align-right elementor-mobile-align-left elementor-widget elementor-widget-button\" data-id=\"4a4cbace\" data-element_type=\"widget\" data-e-type=\"widget\" data-widget_type=\"button.default\">\n\t\t\t\t<div class=\"elementor-widget-container\">\n\t\t\t\t\t\t\t\t\t<div class=\"elementor-button-wrapper\">\n\t\t\t\t\t<a class=\"elementor-button elementor-button-link elementor-size-sm elementor-animation-grow\" href=\"https:\/\/www.felixdevega.com\/es\/contacto\/\">\n\t\t\t\t\t\t<span class=\"elementor-button-content-wrapper\">\n\t\t\t\t\t\t\t\t\t<span class=\"elementor-button-text\">CONTACTO<\/span>\n\t\t\t\t\t<\/span>\n\t\t\t\t\t<\/a>\n\t\t\t\t<\/div>\n\t\t\t\t\t\t\t\t<\/div>\n\t\t\t\t<\/div>\n\t\t\t\t\t<\/div>\n\t\t<\/div>\n\t\t\t\t\t<\/div>\n\t\t<\/section>\n\t\t\t\t<section class=\"elementor-section elementor-top-section elementor-element elementor-element-1d45812 elementor-section-boxed elementor-section-height-default elementor-section-height-default wpr-particle-no wpr-sticky-section-no wpr-equal-height-no\" data-id=\"1d45812\" data-element_type=\"section\" data-e-type=\"section\">\n\t\t\t\t\t\t<div class=\"elementor-container elementor-column-gap-default\">\n\t\t\t\t\t<div class=\"elementor-column elementor-col-100 elementor-top-column elementor-element elementor-element-b129308\" data-id=\"b129308\" data-element_type=\"column\" data-e-type=\"column\">\n\t\t\t<div class=\"elementor-widget-wrap elementor-element-populated\">\n\t\t\t\t\t\t<div class=\"elementor-element elementor-element-ae15e40 elementor-widget elementor-widget-text-editor\" data-id=\"ae15e40\" data-element_type=\"widget\" data-e-type=\"widget\" data-widget_type=\"text-editor.default\">\n\t\t\t\t<div class=\"elementor-widget-container\">\n\t\t\t\t\t\t\t\t\t<h2 style=\"text-align: center;\"><strong><span style=\"font-size: 8pt; color: #999999;\">Cicha 23\u00a0 | Salones de boda en Varsovia<\/span><\/strong><\/h2>\t\t\t\t\t\t\t\t<\/div>\n\t\t\t\t<\/div>\n\t\t\t\t<div class=\"elementor-element elementor-element-0db49e2 elementor-widget elementor-widget-heading\" data-id=\"0db49e2\" data-element_type=\"widget\" data-e-type=\"widget\" data-widget_type=\"heading.default\">\n\t\t\t\t<div class=\"elementor-widget-container\">\n\t\t\t\t\t<p class=\"elementor-heading-title elementor-size-default\">Una historia de amor internacional en Varsovia<\/p>\t\t\t\t<\/div>\n\t\t\t\t<\/div>\n\t\t\t\t<div class=\"elementor-element elementor-element-a9ab421 elementor-widget elementor-widget-image\" data-id=\"a9ab421\" data-element_type=\"widget\" data-e-type=\"widget\" data-widget_type=\"image.default\">\n\t\t\t\t<div class=\"elementor-widget-container\">\n\t\t\t\t\t\t\t\t\t\t\t\t\t\t\t<img decoding=\"async\" src=\"https:\/\/www.felixdevega.com\/wp-content\/uploads\/elementor\/thumbs\/avioneta-sola.jpg-r5jk31nkaanes81e4zg3g0l1kdgfig0qu5g4y3jaki.webp\" title=\"avioneta-sola.jpg.webp\" alt=\"avioneta-sola.jpg.webp\" loading=\"lazy\" \/>\t\t\t\t\t\t\t\t\t\t\t\t\t\t\t<\/div>\n\t\t\t\t<\/div>\n\t\t\t\t\t<\/div>\n\t\t<\/div>\n\t\t\t\t\t<\/div>\n\t\t<\/section>\n\t\t\t\t<section class=\"elementor-section elementor-top-section elementor-element elementor-element-fe53126 elementor-section-boxed elementor-section-height-default elementor-section-height-default wpr-particle-no wpr-sticky-section-no wpr-equal-height-no\" data-id=\"fe53126\" data-element_type=\"section\" data-e-type=\"section\">\n\t\t\t\t\t\t<div class=\"elementor-container elementor-column-gap-default\">\n\t\t\t\t\t<div class=\"elementor-column elementor-col-100 elementor-top-column elementor-element elementor-element-c76560b\" data-id=\"c76560b\" data-element_type=\"column\" data-e-type=\"column\">\n\t\t\t<div class=\"elementor-widget-wrap elementor-element-populated\">\n\t\t\t\t\t\t<div class=\"elementor-element elementor-element-59b9d6c elementor-widget__width-initial elementor-widget elementor-widget-text-editor\" data-id=\"59b9d6c\" data-element_type=\"widget\" data-e-type=\"widget\" data-widget_type=\"text-editor.default\">\n\t\t\t\t<div class=\"elementor-widget-container\">\n\t\t\t\t\t\t\t\t\t<p>Los protagonistas de esta boda fueron Richard, brit\u00e1nico, y Patrycja, polaca. Viven en el Reino Unido, pero eligieron <strong>Varsovia y Cicha 23<\/strong> como el lugar perfecto para unir sus culturas, familias y corazones. El sal\u00f3n supo acoger esta historia multicultural con calidez y estilo.<\/p><p>La decoraci\u00f3n r\u00fastica con toques modernos, las mesas al aire libre, y los rincones cuidadosamente dise\u00f1ados hicieron que cada instante fuera digno de capturar. Como fot\u00f3grafo, encontr\u00e9 inspiraci\u00f3n en cada rinc\u00f3n: desde los preparativos de los novios en las habitaciones interiores, hasta el atardecer en el jard\u00edn.<\/p><p>Si sue\u00f1as con una <strong>boda al aire libre en Cicha 23<\/strong>, o simplemente quieres conocer c\u00f3mo podr\u00eda ser tu gran d\u00eda en uno de los <strong>salones de bodas m\u00e1s bonitos de Varsovia<\/strong>, te invito a descubrir algunas de las im\u00e1genes que captur\u00e9 en esta encantadora celebraci\u00f3n.<\/p><p><audio class=\"wp-audio-shortcode\" id=\"audio-32056-1\" autoplay preload=\"none\" style=\"width: 100%;\" controls=\"controls\"><source type=\"audio\/mpeg\" src=\"https:\/\/www.felixdevega.com\/wp-content\/uploads\/2025\/05\/Carla-Morrison-Eres-tu-letra.mp3?_=1\" \/><a href=\"https:\/\/www.felixdevega.com\/wp-content\/uploads\/2025\/05\/Carla-Morrison-Eres-tu-letra.mp3\">https:\/\/www.felixdevega.com\/wp-content\/uploads\/2025\/05\/Carla-Morrison-Eres-tu-letra.mp3<\/a><\/audio><\/p><p>Music:\u00a0 Carla Morrison &#8211;\u00a0 Eres t\u00fa<\/p><p><img decoding=\"async\" class=\"alignnone wp-image-32225 size-large\" style=\"margin-bottom: 5px;\" src=\"https:\/\/www.felixdevega.com\/wp-content\/uploads\/2025\/05\/01-wesele-cicha-23-warszawa-1b-1290x860.jpg\" alt=\"\" width=\"1290\" height=\"860\" srcset=\"https:\/\/www.felixdevega.com\/wp-content\/uploads\/2025\/05\/01-wesele-cicha-23-warszawa-1b-1290x860.jpg 1290w, https:\/\/www.felixdevega.com\/wp-content\/uploads\/2025\/05\/01-wesele-cicha-23-warszawa-1b-750x500.jpg 750w, https:\/\/www.felixdevega.com\/wp-content\/uploads\/2025\/05\/01-wesele-cicha-23-warszawa-1b-1536x1024.jpg 1536w, https:\/\/www.felixdevega.com\/wp-content\/uploads\/2025\/05\/01-wesele-cicha-23-warszawa-1b-1200x800.jpg 1200w, https:\/\/www.felixdevega.com\/wp-content\/uploads\/2025\/05\/01-wesele-cicha-23-warszawa-1b.jpg 1800w\" sizes=\"(max-width: 1290px) 100vw, 1290px\" \/><img loading=\"lazy\" decoding=\"async\" class=\"alignnone wp-image-32848 size-large\" style=\"margin-bottom: 5px;\" src=\"https:\/\/www.felixdevega.com\/wp-content\/uploads\/2025\/05\/02-Fotografo-de-bodas-en-Varsovia-Polonia-1290x860.jpg\" alt=\"Fotografo de bodas en Varsovia Polonia\" width=\"1290\" height=\"860\" srcset=\"https:\/\/www.felixdevega.com\/wp-content\/uploads\/2025\/05\/02-Fotografo-de-bodas-en-Varsovia-Polonia-1290x860.jpg 1290w, https:\/\/www.felixdevega.com\/wp-content\/uploads\/2025\/05\/02-Fotografo-de-bodas-en-Varsovia-Polonia-750x500.jpg 750w, https:\/\/www.felixdevega.com\/wp-content\/uploads\/2025\/05\/02-Fotografo-de-bodas-en-Varsovia-Polonia-1536x1024.jpg 1536w, https:\/\/www.felixdevega.com\/wp-content\/uploads\/2025\/05\/02-Fotografo-de-bodas-en-Varsovia-Polonia-1200x800.jpg 1200w, https:\/\/www.felixdevega.com\/wp-content\/uploads\/2025\/05\/02-Fotografo-de-bodas-en-Varsovia-Polonia.jpg 1800w\" sizes=\"(max-width: 1290px) 100vw, 1290px\" \/><img loading=\"lazy\" decoding=\"async\" class=\"alignnone wp-image-32851 size-large\" style=\"margin-bottom: 5px;\" src=\"https:\/\/www.felixdevega.com\/wp-content\/uploads\/2025\/05\/03-Fotografo-de-bodas-en-Varsovia-Polonia-1290x860.jpg\" alt=\"\" width=\"1290\" height=\"860\" srcset=\"https:\/\/www.felixdevega.com\/wp-content\/uploads\/2025\/05\/03-Fotografo-de-bodas-en-Varsovia-Polonia-1290x860.jpg 1290w, https:\/\/www.felixdevega.com\/wp-content\/uploads\/2025\/05\/03-Fotografo-de-bodas-en-Varsovia-Polonia-750x500.jpg 750w, https:\/\/www.felixdevega.com\/wp-content\/uploads\/2025\/05\/03-Fotografo-de-bodas-en-Varsovia-Polonia-1536x1024.jpg 1536w, https:\/\/www.felixdevega.com\/wp-content\/uploads\/2025\/05\/03-Fotografo-de-bodas-en-Varsovia-Polonia-1200x800.jpg 1200w, https:\/\/www.felixdevega.com\/wp-content\/uploads\/2025\/05\/03-Fotografo-de-bodas-en-Varsovia-Polonia.jpg 1800w\" sizes=\"(max-width: 1290px) 100vw, 1290px\" \/><img loading=\"lazy\" decoding=\"async\" class=\"alignnone wp-image-32596 size-large\" style=\"margin-bottom: 5px;\" src=\"https:\/\/www.felixdevega.com\/wp-content\/uploads\/2025\/05\/blog-dos-fotos-horizontales10-1290x429.jpg\" alt=\"\" width=\"1290\" height=\"429\" srcset=\"https:\/\/www.felixdevega.com\/wp-content\/uploads\/2025\/05\/blog-dos-fotos-horizontales10-1290x429.jpg 1290w, https:\/\/www.felixdevega.com\/wp-content\/uploads\/2025\/05\/blog-dos-fotos-horizontales10-750x250.jpg 750w, https:\/\/www.felixdevega.com\/wp-content\/uploads\/2025\/05\/blog-dos-fotos-horizontales10.jpg 1400w\" sizes=\"(max-width: 1290px) 100vw, 1290px\" \/><img loading=\"lazy\" decoding=\"async\" class=\"alignnone wp-image-32854 size-large\" style=\"margin-bottom: 5px;\" src=\"https:\/\/www.felixdevega.com\/wp-content\/uploads\/2025\/05\/06-JFotografo-de-bodas-en-Varsovia-Polonia-1290x860.jpg\" alt=\"\" width=\"1290\" height=\"860\" srcset=\"https:\/\/www.felixdevega.com\/wp-content\/uploads\/2025\/05\/06-JFotografo-de-bodas-en-Varsovia-Polonia-1290x860.jpg 1290w, https:\/\/www.felixdevega.com\/wp-content\/uploads\/2025\/05\/06-JFotografo-de-bodas-en-Varsovia-Polonia-750x500.jpg 750w, https:\/\/www.felixdevega.com\/wp-content\/uploads\/2025\/05\/06-JFotografo-de-bodas-en-Varsovia-Polonia-1536x1024.jpg 1536w, https:\/\/www.felixdevega.com\/wp-content\/uploads\/2025\/05\/06-JFotografo-de-bodas-en-Varsovia-Polonia-1200x800.jpg 1200w, https:\/\/www.felixdevega.com\/wp-content\/uploads\/2025\/05\/06-JFotografo-de-bodas-en-Varsovia-Polonia.jpg 1800w\" sizes=\"(max-width: 1290px) 100vw, 1290px\" \/><img loading=\"lazy\" decoding=\"async\" class=\"alignnone wp-image-32498 size-large\" style=\"margin-bottom: 5px;\" src=\"https:\/\/www.felixdevega.com\/wp-content\/uploads\/2025\/05\/blog-dos-fotos-horizontales2-1290x593.jpg\" alt=\"\" width=\"1290\" height=\"593\" srcset=\"https:\/\/www.felixdevega.com\/wp-content\/uploads\/2025\/05\/blog-dos-fotos-horizontales2-1290x593.jpg 1290w, https:\/\/www.felixdevega.com\/wp-content\/uploads\/2025\/05\/blog-dos-fotos-horizontales2-750x345.jpg 750w, https:\/\/www.felixdevega.com\/wp-content\/uploads\/2025\/05\/blog-dos-fotos-horizontales2.jpg 1400w\" sizes=\"(max-width: 1290px) 100vw, 1290px\" \/><img loading=\"lazy\" decoding=\"async\" class=\"alignnone wp-image-32504 size-large\" style=\"margin-bottom: 5px;\" src=\"https:\/\/www.felixdevega.com\/wp-content\/uploads\/2025\/05\/blog-dos-fotos-horizontales4-1290x429.jpg\" alt=\"\" width=\"1290\" height=\"429\" srcset=\"https:\/\/www.felixdevega.com\/wp-content\/uploads\/2025\/05\/blog-dos-fotos-horizontales4-1290x429.jpg 1290w, https:\/\/www.felixdevega.com\/wp-content\/uploads\/2025\/05\/blog-dos-fotos-horizontales4-750x250.jpg 750w, https:\/\/www.felixdevega.com\/wp-content\/uploads\/2025\/05\/blog-dos-fotos-horizontales4.jpg 1400w\" sizes=\"(max-width: 1290px) 100vw, 1290px\" \/><img loading=\"lazy\" decoding=\"async\" class=\"alignnone wp-image-32857 size-large\" style=\"margin-bottom: 5px;\" src=\"https:\/\/www.felixdevega.com\/wp-content\/uploads\/2025\/05\/13-Fotografo-de-bodas-en-Varsovia-Polonia-1290x860.jpg\" alt=\"\" width=\"1290\" height=\"860\" srcset=\"https:\/\/www.felixdevega.com\/wp-content\/uploads\/2025\/05\/13-Fotografo-de-bodas-en-Varsovia-Polonia-1290x860.jpg 1290w, https:\/\/www.felixdevega.com\/wp-content\/uploads\/2025\/05\/13-Fotografo-de-bodas-en-Varsovia-Polonia-750x500.jpg 750w, https:\/\/www.felixdevega.com\/wp-content\/uploads\/2025\/05\/13-Fotografo-de-bodas-en-Varsovia-Polonia-1536x1024.jpg 1536w, https:\/\/www.felixdevega.com\/wp-content\/uploads\/2025\/05\/13-Fotografo-de-bodas-en-Varsovia-Polonia-1200x800.jpg 1200w, https:\/\/www.felixdevega.com\/wp-content\/uploads\/2025\/05\/13-Fotografo-de-bodas-en-Varsovia-Polonia.jpg 1800w\" sizes=\"(max-width: 1290px) 100vw, 1290px\" \/><img loading=\"lazy\" decoding=\"async\" class=\"alignnone wp-image-32511 size-large\" style=\"margin-bottom: 5px;\" src=\"https:\/\/www.felixdevega.com\/wp-content\/uploads\/2025\/05\/blog-dos-fotos-horizontales5-1290x429.jpg\" alt=\"\" width=\"1290\" height=\"429\" srcset=\"https:\/\/www.felixdevega.com\/wp-content\/uploads\/2025\/05\/blog-dos-fotos-horizontales5-1290x429.jpg 1290w, https:\/\/www.felixdevega.com\/wp-content\/uploads\/2025\/05\/blog-dos-fotos-horizontales5-750x250.jpg 750w, https:\/\/www.felixdevega.com\/wp-content\/uploads\/2025\/05\/blog-dos-fotos-horizontales5.jpg 1400w\" sizes=\"(max-width: 1290px) 100vw, 1290px\" \/><img loading=\"lazy\" decoding=\"async\" class=\"alignnone wp-image-32274 size-large\" style=\"margin-bottom: 5px;\" src=\"https:\/\/www.felixdevega.com\/wp-content\/uploads\/2025\/05\/17-wesele-cicha-23-warszawa-38-1290x860.jpg\" alt=\"\" width=\"1290\" height=\"860\" srcset=\"https:\/\/www.felixdevega.com\/wp-content\/uploads\/2025\/05\/17-wesele-cicha-23-warszawa-38-1290x860.jpg 1290w, https:\/\/www.felixdevega.com\/wp-content\/uploads\/2025\/05\/17-wesele-cicha-23-warszawa-38-750x500.jpg 750w, https:\/\/www.felixdevega.com\/wp-content\/uploads\/2025\/05\/17-wesele-cicha-23-warszawa-38-1536x1024.jpg 1536w, https:\/\/www.felixdevega.com\/wp-content\/uploads\/2025\/05\/17-wesele-cicha-23-warszawa-38-1200x800.jpg 1200w, https:\/\/www.felixdevega.com\/wp-content\/uploads\/2025\/05\/17-wesele-cicha-23-warszawa-38.jpg 1800w\" sizes=\"(max-width: 1290px) 100vw, 1290px\" \/><img loading=\"lazy\" decoding=\"async\" class=\"alignnone wp-image-32860 size-large\" style=\"margin-bottom: 5px;\" src=\"https:\/\/www.felixdevega.com\/wp-content\/uploads\/2025\/05\/18-Fotografo-de-bodas-en-Varsovia-Polonia-1290x860.jpg\" alt=\"Fotografo de bodas en Varsovia Polonia\" width=\"1290\" height=\"860\" srcset=\"https:\/\/www.felixdevega.com\/wp-content\/uploads\/2025\/05\/18-Fotografo-de-bodas-en-Varsovia-Polonia-1290x860.jpg 1290w, https:\/\/www.felixdevega.com\/wp-content\/uploads\/2025\/05\/18-Fotografo-de-bodas-en-Varsovia-Polonia-750x500.jpg 750w, https:\/\/www.felixdevega.com\/wp-content\/uploads\/2025\/05\/18-Fotografo-de-bodas-en-Varsovia-Polonia-1536x1024.jpg 1536w, https:\/\/www.felixdevega.com\/wp-content\/uploads\/2025\/05\/18-Fotografo-de-bodas-en-Varsovia-Polonia-1200x800.jpg 1200w, https:\/\/www.felixdevega.com\/wp-content\/uploads\/2025\/05\/18-Fotografo-de-bodas-en-Varsovia-Polonia.jpg 1800w\" sizes=\"(max-width: 1290px) 100vw, 1290px\" \/><img loading=\"lazy\" decoding=\"async\" class=\"alignnone wp-image-32286 size-large\" style=\"margin-bottom: 5px;\" src=\"https:\/\/www.felixdevega.com\/wp-content\/uploads\/2025\/05\/21-wesele-cicha-23-warszawa-44-1290x860.jpg\" alt=\"\" width=\"1290\" height=\"860\" srcset=\"https:\/\/www.felixdevega.com\/wp-content\/uploads\/2025\/05\/21-wesele-cicha-23-warszawa-44-1290x860.jpg 1290w, https:\/\/www.felixdevega.com\/wp-content\/uploads\/2025\/05\/21-wesele-cicha-23-warszawa-44-750x500.jpg 750w, https:\/\/www.felixdevega.com\/wp-content\/uploads\/2025\/05\/21-wesele-cicha-23-warszawa-44-1536x1024.jpg 1536w, https:\/\/www.felixdevega.com\/wp-content\/uploads\/2025\/05\/21-wesele-cicha-23-warszawa-44-1200x800.jpg 1200w, https:\/\/www.felixdevega.com\/wp-content\/uploads\/2025\/05\/21-wesele-cicha-23-warszawa-44.jpg 1800w\" sizes=\"(max-width: 1290px) 100vw, 1290px\" \/><img loading=\"lazy\" decoding=\"async\" class=\"alignnone wp-image-32863 size-large\" style=\"margin-bottom: 5px;\" src=\"https:\/\/www.felixdevega.com\/wp-content\/uploads\/2025\/05\/22-Fotografo-de-bodas-en-Varsovia-Polonia-1290x860.jpg\" alt=\"Fotografo de bodas en Varsovia Polonia\" width=\"1290\" height=\"860\" srcset=\"https:\/\/www.felixdevega.com\/wp-content\/uploads\/2025\/05\/22-Fotografo-de-bodas-en-Varsovia-Polonia-1290x860.jpg 1290w, https:\/\/www.felixdevega.com\/wp-content\/uploads\/2025\/05\/22-Fotografo-de-bodas-en-Varsovia-Polonia-750x500.jpg 750w, https:\/\/www.felixdevega.com\/wp-content\/uploads\/2025\/05\/22-Fotografo-de-bodas-en-Varsovia-Polonia-1536x1024.jpg 1536w, https:\/\/www.felixdevega.com\/wp-content\/uploads\/2025\/05\/22-Fotografo-de-bodas-en-Varsovia-Polonia-1200x800.jpg 1200w, https:\/\/www.felixdevega.com\/wp-content\/uploads\/2025\/05\/22-Fotografo-de-bodas-en-Varsovia-Polonia.jpg 1800w\" sizes=\"(max-width: 1290px) 100vw, 1290px\" \/><img loading=\"lazy\" decoding=\"async\" class=\"alignnone wp-image-32526 size-large\" style=\"margin-bottom: 5px;\" src=\"https:\/\/www.felixdevega.com\/wp-content\/uploads\/2025\/05\/blog-dos-fotos-horizontales6-1290x429.jpg\" alt=\"\" width=\"1290\" height=\"429\" srcset=\"https:\/\/www.felixdevega.com\/wp-content\/uploads\/2025\/05\/blog-dos-fotos-horizontales6-1290x429.jpg 1290w, https:\/\/www.felixdevega.com\/wp-content\/uploads\/2025\/05\/blog-dos-fotos-horizontales6-750x250.jpg 750w, https:\/\/www.felixdevega.com\/wp-content\/uploads\/2025\/05\/blog-dos-fotos-horizontales6.jpg 1400w\" sizes=\"(max-width: 1290px) 100vw, 1290px\" \/><img loading=\"lazy\" decoding=\"async\" class=\"alignnone wp-image-32866 size-large\" style=\"margin-bottom: 5px;\" src=\"https:\/\/www.felixdevega.com\/wp-content\/uploads\/2025\/05\/27-Fotografo-de-bodas-en-Varsovia-Polonia-1290x860.jpg\" alt=\"Fotografo de bodas en Varsovia Polonia\" width=\"1290\" height=\"860\" srcset=\"https:\/\/www.felixdevega.com\/wp-content\/uploads\/2025\/05\/27-Fotografo-de-bodas-en-Varsovia-Polonia-1290x860.jpg 1290w, https:\/\/www.felixdevega.com\/wp-content\/uploads\/2025\/05\/27-Fotografo-de-bodas-en-Varsovia-Polonia-750x500.jpg 750w, https:\/\/www.felixdevega.com\/wp-content\/uploads\/2025\/05\/27-Fotografo-de-bodas-en-Varsovia-Polonia-1536x1024.jpg 1536w, https:\/\/www.felixdevega.com\/wp-content\/uploads\/2025\/05\/27-Fotografo-de-bodas-en-Varsovia-Polonia-1200x800.jpg 1200w, https:\/\/www.felixdevega.com\/wp-content\/uploads\/2025\/05\/27-Fotografo-de-bodas-en-Varsovia-Polonia.jpg 1800w\" sizes=\"(max-width: 1290px) 100vw, 1290px\" \/><img loading=\"lazy\" decoding=\"async\" class=\"alignnone wp-image-32533 size-large\" style=\"margin-bottom: 5px;\" src=\"https:\/\/www.felixdevega.com\/wp-content\/uploads\/2025\/05\/blog-dos-fotos-horizontales7-1290x429.jpg\" alt=\"\" width=\"1290\" height=\"429\" srcset=\"https:\/\/www.felixdevega.com\/wp-content\/uploads\/2025\/05\/blog-dos-fotos-horizontales7-1290x429.jpg 1290w, https:\/\/www.felixdevega.com\/wp-content\/uploads\/2025\/05\/blog-dos-fotos-horizontales7-750x250.jpg 750w, https:\/\/www.felixdevega.com\/wp-content\/uploads\/2025\/05\/blog-dos-fotos-horizontales7.jpg 1400w\" sizes=\"(max-width: 1290px) 100vw, 1290px\" \/><img loading=\"lazy\" decoding=\"async\" class=\"alignnone wp-image-32869 size-large\" style=\"margin-bottom: 5px;\" src=\"https:\/\/www.felixdevega.com\/wp-content\/uploads\/2025\/05\/27-Fotografo-de-bodas-en-Varsovia-Polonia-2-1290x860.jpg\" alt=\"Fotografo de bodas en Varsovia Polonia\" width=\"1290\" height=\"860\" srcset=\"https:\/\/www.felixdevega.com\/wp-content\/uploads\/2025\/05\/27-Fotografo-de-bodas-en-Varsovia-Polonia-2-1290x860.jpg 1290w, https:\/\/www.felixdevega.com\/wp-content\/uploads\/2025\/05\/27-Fotografo-de-bodas-en-Varsovia-Polonia-2-750x500.jpg 750w, https:\/\/www.felixdevega.com\/wp-content\/uploads\/2025\/05\/27-Fotografo-de-bodas-en-Varsovia-Polonia-2-1536x1024.jpg 1536w, https:\/\/www.felixdevega.com\/wp-content\/uploads\/2025\/05\/27-Fotografo-de-bodas-en-Varsovia-Polonia-2-1200x800.jpg 1200w, https:\/\/www.felixdevega.com\/wp-content\/uploads\/2025\/05\/27-Fotografo-de-bodas-en-Varsovia-Polonia-2.jpg 1800w\" sizes=\"(max-width: 1290px) 100vw, 1290px\" \/><img loading=\"lazy\" decoding=\"async\" class=\"alignnone wp-image-32872 size-large\" style=\"margin-bottom: 5px;\" src=\"https:\/\/www.felixdevega.com\/wp-content\/uploads\/2025\/05\/28-Fotografo-de-bodas-en-Varsovia-Polonia-1290x860.jpg\" alt=\"Fotografo de bodas en Varsovia Polonia\" width=\"1290\" height=\"860\" srcset=\"https:\/\/www.felixdevega.com\/wp-content\/uploads\/2025\/05\/28-Fotografo-de-bodas-en-Varsovia-Polonia-1290x860.jpg 1290w, https:\/\/www.felixdevega.com\/wp-content\/uploads\/2025\/05\/28-Fotografo-de-bodas-en-Varsovia-Polonia-750x500.jpg 750w, https:\/\/www.felixdevega.com\/wp-content\/uploads\/2025\/05\/28-Fotografo-de-bodas-en-Varsovia-Polonia-1536x1024.jpg 1536w, https:\/\/www.felixdevega.com\/wp-content\/uploads\/2025\/05\/28-Fotografo-de-bodas-en-Varsovia-Polonia-1200x800.jpg 1200w, https:\/\/www.felixdevega.com\/wp-content\/uploads\/2025\/05\/28-Fotografo-de-bodas-en-Varsovia-Polonia.jpg 1800w\" sizes=\"(max-width: 1290px) 100vw, 1290px\" \/><img loading=\"lazy\" decoding=\"async\" class=\"alignnone wp-image-32875 size-large\" style=\"margin-bottom: 5px;\" src=\"https:\/\/www.felixdevega.com\/wp-content\/uploads\/2025\/05\/29-Fotografo-de-bodas-en-Varsovia-Polonia-2-1290x860.jpg\" alt=\"Fotografo de bodas en Varsovia Polonia\" width=\"1290\" height=\"860\" srcset=\"https:\/\/www.felixdevega.com\/wp-content\/uploads\/2025\/05\/29-Fotografo-de-bodas-en-Varsovia-Polonia-2-1290x860.jpg 1290w, https:\/\/www.felixdevega.com\/wp-content\/uploads\/2025\/05\/29-Fotografo-de-bodas-en-Varsovia-Polonia-2-750x500.jpg 750w, https:\/\/www.felixdevega.com\/wp-content\/uploads\/2025\/05\/29-Fotografo-de-bodas-en-Varsovia-Polonia-2-1536x1024.jpg 1536w, https:\/\/www.felixdevega.com\/wp-content\/uploads\/2025\/05\/29-Fotografo-de-bodas-en-Varsovia-Polonia-2-1200x800.jpg 1200w, https:\/\/www.felixdevega.com\/wp-content\/uploads\/2025\/05\/29-Fotografo-de-bodas-en-Varsovia-Polonia-2.jpg 1800w\" sizes=\"(max-width: 1290px) 100vw, 1290px\" \/><img loading=\"lazy\" decoding=\"async\" class=\"alignnone wp-image-32878 size-large\" style=\"margin-bottom: 5px;\" src=\"https:\/\/www.felixdevega.com\/wp-content\/uploads\/2025\/05\/29-Fotografo-de-bodas-en-Varsovia-Polonia-1290x860.jpg\" alt=\"Fotografo de bodas en Varsovia Polonia\" width=\"1290\" height=\"860\" srcset=\"https:\/\/www.felixdevega.com\/wp-content\/uploads\/2025\/05\/29-Fotografo-de-bodas-en-Varsovia-Polonia-1290x860.jpg 1290w, https:\/\/www.felixdevega.com\/wp-content\/uploads\/2025\/05\/29-Fotografo-de-bodas-en-Varsovia-Polonia-750x500.jpg 750w, https:\/\/www.felixdevega.com\/wp-content\/uploads\/2025\/05\/29-Fotografo-de-bodas-en-Varsovia-Polonia-1536x1024.jpg 1536w, https:\/\/www.felixdevega.com\/wp-content\/uploads\/2025\/05\/29-Fotografo-de-bodas-en-Varsovia-Polonia-1200x800.jpg 1200w, https:\/\/www.felixdevega.com\/wp-content\/uploads\/2025\/05\/29-Fotografo-de-bodas-en-Varsovia-Polonia.jpg 1800w\" sizes=\"(max-width: 1290px) 100vw, 1290px\" \/><img loading=\"lazy\" decoding=\"async\" class=\"alignnone wp-image-32881 size-large\" style=\"margin-bottom: 5px;\" src=\"https:\/\/www.felixdevega.com\/wp-content\/uploads\/2025\/05\/31-Fotografo-de-bodas-en-Varsovia-Polonia-1290x860.jpg\" alt=\"Fotografo de bodas en Varsovia Polonia\" width=\"1290\" height=\"860\" srcset=\"https:\/\/www.felixdevega.com\/wp-content\/uploads\/2025\/05\/31-Fotografo-de-bodas-en-Varsovia-Polonia-1290x860.jpg 1290w, https:\/\/www.felixdevega.com\/wp-content\/uploads\/2025\/05\/31-Fotografo-de-bodas-en-Varsovia-Polonia-750x500.jpg 750w, https:\/\/www.felixdevega.com\/wp-content\/uploads\/2025\/05\/31-Fotografo-de-bodas-en-Varsovia-Polonia-1536x1024.jpg 1536w, https:\/\/www.felixdevega.com\/wp-content\/uploads\/2025\/05\/31-Fotografo-de-bodas-en-Varsovia-Polonia-1200x800.jpg 1200w, https:\/\/www.felixdevega.com\/wp-content\/uploads\/2025\/05\/31-Fotografo-de-bodas-en-Varsovia-Polonia.jpg 1800w\" sizes=\"(max-width: 1290px) 100vw, 1290px\" \/><img loading=\"lazy\" decoding=\"async\" class=\"alignnone wp-image-32884 size-large\" style=\"margin-bottom: 5px;\" src=\"https:\/\/www.felixdevega.com\/wp-content\/uploads\/2025\/05\/32-Fotografo-de-bodas-en-Varsovia-Polonia-1290x860.jpg\" alt=\"Fotografo de bodas en Varsovia Polonia\" width=\"1290\" height=\"860\" srcset=\"https:\/\/www.felixdevega.com\/wp-content\/uploads\/2025\/05\/32-Fotografo-de-bodas-en-Varsovia-Polonia-1290x860.jpg 1290w, https:\/\/www.felixdevega.com\/wp-content\/uploads\/2025\/05\/32-Fotografo-de-bodas-en-Varsovia-Polonia-750x500.jpg 750w, https:\/\/www.felixdevega.com\/wp-content\/uploads\/2025\/05\/32-Fotografo-de-bodas-en-Varsovia-Polonia-1536x1024.jpg 1536w, https:\/\/www.felixdevega.com\/wp-content\/uploads\/2025\/05\/32-Fotografo-de-bodas-en-Varsovia-Polonia-1200x800.jpg 1200w, https:\/\/www.felixdevega.com\/wp-content\/uploads\/2025\/05\/32-Fotografo-de-bodas-en-Varsovia-Polonia.jpg 1800w\" sizes=\"(max-width: 1290px) 100vw, 1290px\" \/><img loading=\"lazy\" decoding=\"async\" class=\"alignnone wp-image-32328 size-large\" style=\"margin-bottom: 5px;\" src=\"https:\/\/www.felixdevega.com\/wp-content\/uploads\/2025\/05\/33-wesele-cicha-23-warszawa-64-1290x860.jpg\" alt=\"\" width=\"1290\" height=\"860\" srcset=\"https:\/\/www.felixdevega.com\/wp-content\/uploads\/2025\/05\/33-wesele-cicha-23-warszawa-64-1290x860.jpg 1290w, https:\/\/www.felixdevega.com\/wp-content\/uploads\/2025\/05\/33-wesele-cicha-23-warszawa-64-750x500.jpg 750w, https:\/\/www.felixdevega.com\/wp-content\/uploads\/2025\/05\/33-wesele-cicha-23-warszawa-64-1536x1024.jpg 1536w, https:\/\/www.felixdevega.com\/wp-content\/uploads\/2025\/05\/33-wesele-cicha-23-warszawa-64-1200x800.jpg 1200w, https:\/\/www.felixdevega.com\/wp-content\/uploads\/2025\/05\/33-wesele-cicha-23-warszawa-64.jpg 1800w\" sizes=\"(max-width: 1290px) 100vw, 1290px\" \/><img loading=\"lazy\" decoding=\"async\" class=\"alignnone wp-image-32887 size-large\" style=\"margin-bottom: 5px;\" src=\"https:\/\/www.felixdevega.com\/wp-content\/uploads\/2025\/05\/34-Fotografo-de-bodas-en-Varsovia-Polonia-1290x860.jpg\" alt=\"Fotografo de bodas en Varsovia Polonia\" width=\"1290\" height=\"860\" srcset=\"https:\/\/www.felixdevega.com\/wp-content\/uploads\/2025\/05\/34-Fotografo-de-bodas-en-Varsovia-Polonia-1290x860.jpg 1290w, https:\/\/www.felixdevega.com\/wp-content\/uploads\/2025\/05\/34-Fotografo-de-bodas-en-Varsovia-Polonia-750x500.jpg 750w, https:\/\/www.felixdevega.com\/wp-content\/uploads\/2025\/05\/34-Fotografo-de-bodas-en-Varsovia-Polonia-1536x1024.jpg 1536w, https:\/\/www.felixdevega.com\/wp-content\/uploads\/2025\/05\/34-Fotografo-de-bodas-en-Varsovia-Polonia-1200x800.jpg 1200w, https:\/\/www.felixdevega.com\/wp-content\/uploads\/2025\/05\/34-Fotografo-de-bodas-en-Varsovia-Polonia.jpg 1800w\" sizes=\"(max-width: 1290px) 100vw, 1290px\" \/><img loading=\"lazy\" decoding=\"async\" class=\"alignnone wp-image-32890 size-large\" style=\"margin-bottom: 5px;\" src=\"https:\/\/www.felixdevega.com\/wp-content\/uploads\/2025\/05\/35-Fotografo-de-bodas-en-Varsovia-Polonia-1290x860.jpg\" alt=\"Fotografo de bodas en Varsovia Polonia\" width=\"1290\" height=\"860\" srcset=\"https:\/\/www.felixdevega.com\/wp-content\/uploads\/2025\/05\/35-Fotografo-de-bodas-en-Varsovia-Polonia-1290x860.jpg 1290w, https:\/\/www.felixdevega.com\/wp-content\/uploads\/2025\/05\/35-Fotografo-de-bodas-en-Varsovia-Polonia-750x500.jpg 750w, https:\/\/www.felixdevega.com\/wp-content\/uploads\/2025\/05\/35-Fotografo-de-bodas-en-Varsovia-Polonia-1536x1024.jpg 1536w, https:\/\/www.felixdevega.com\/wp-content\/uploads\/2025\/05\/35-Fotografo-de-bodas-en-Varsovia-Polonia-1200x800.jpg 1200w, https:\/\/www.felixdevega.com\/wp-content\/uploads\/2025\/05\/35-Fotografo-de-bodas-en-Varsovia-Polonia.jpg 1800w\" sizes=\"(max-width: 1290px) 100vw, 1290px\" \/><img loading=\"lazy\" decoding=\"async\" class=\"alignnone wp-image-32893 size-large\" style=\"margin-bottom: 5px;\" src=\"https:\/\/www.felixdevega.com\/wp-content\/uploads\/2025\/05\/36-Fotografo-de-bodas-en-Varsovia-Polonia-1290x860.jpg\" alt=\"Fotografo de bodas en Varsovia Polonia\" width=\"1290\" height=\"860\" srcset=\"https:\/\/www.felixdevega.com\/wp-content\/uploads\/2025\/05\/36-Fotografo-de-bodas-en-Varsovia-Polonia-1290x860.jpg 1290w, https:\/\/www.felixdevega.com\/wp-content\/uploads\/2025\/05\/36-Fotografo-de-bodas-en-Varsovia-Polonia-750x500.jpg 750w, https:\/\/www.felixdevega.com\/wp-content\/uploads\/2025\/05\/36-Fotografo-de-bodas-en-Varsovia-Polonia-1536x1024.jpg 1536w, https:\/\/www.felixdevega.com\/wp-content\/uploads\/2025\/05\/36-Fotografo-de-bodas-en-Varsovia-Polonia-1200x800.jpg 1200w, https:\/\/www.felixdevega.com\/wp-content\/uploads\/2025\/05\/36-Fotografo-de-bodas-en-Varsovia-Polonia.jpg 1800w\" sizes=\"(max-width: 1290px) 100vw, 1290px\" \/><img loading=\"lazy\" decoding=\"async\" class=\"alignnone wp-image-32896 size-large\" style=\"margin-bottom: 5px;\" src=\"https:\/\/www.felixdevega.com\/wp-content\/uploads\/2025\/05\/37-Fotografo-de-bodas-en-Varsovia-Polonia-1290x860.jpg\" alt=\"Fotografo de bodas en Varsovia Polonia\" width=\"1290\" height=\"860\" srcset=\"https:\/\/www.felixdevega.com\/wp-content\/uploads\/2025\/05\/37-Fotografo-de-bodas-en-Varsovia-Polonia-1290x860.jpg 1290w, https:\/\/www.felixdevega.com\/wp-content\/uploads\/2025\/05\/37-Fotografo-de-bodas-en-Varsovia-Polonia-750x500.jpg 750w, https:\/\/www.felixdevega.com\/wp-content\/uploads\/2025\/05\/37-Fotografo-de-bodas-en-Varsovia-Polonia-1536x1024.jpg 1536w, https:\/\/www.felixdevega.com\/wp-content\/uploads\/2025\/05\/37-Fotografo-de-bodas-en-Varsovia-Polonia-1200x800.jpg 1200w, https:\/\/www.felixdevega.com\/wp-content\/uploads\/2025\/05\/37-Fotografo-de-bodas-en-Varsovia-Polonia.jpg 1800w\" sizes=\"(max-width: 1290px) 100vw, 1290px\" \/><img loading=\"lazy\" decoding=\"async\" class=\"alignnone wp-image-32899 size-large\" style=\"margin-bottom: 5px;\" src=\"https:\/\/www.felixdevega.com\/wp-content\/uploads\/2025\/05\/38-Fotografo-de-bodas-en-Varsovia-Polonia-1290x860.jpg\" alt=\"Fotografo de bodas en Varsovia Polonia\" width=\"1290\" height=\"860\" srcset=\"https:\/\/www.felixdevega.com\/wp-content\/uploads\/2025\/05\/38-Fotografo-de-bodas-en-Varsovia-Polonia-1290x860.jpg 1290w, https:\/\/www.felixdevega.com\/wp-content\/uploads\/2025\/05\/38-Fotografo-de-bodas-en-Varsovia-Polonia-750x500.jpg 750w, https:\/\/www.felixdevega.com\/wp-content\/uploads\/2025\/05\/38-Fotografo-de-bodas-en-Varsovia-Polonia-1536x1024.jpg 1536w, https:\/\/www.felixdevega.com\/wp-content\/uploads\/2025\/05\/38-Fotografo-de-bodas-en-Varsovia-Polonia-1200x800.jpg 1200w, https:\/\/www.felixdevega.com\/wp-content\/uploads\/2025\/05\/38-Fotografo-de-bodas-en-Varsovia-Polonia.jpg 1800w\" sizes=\"(max-width: 1290px) 100vw, 1290px\" \/><img loading=\"lazy\" decoding=\"async\" class=\"alignnone wp-image-32902 size-large\" style=\"margin-bottom: 5px;\" src=\"https:\/\/www.felixdevega.com\/wp-content\/uploads\/2025\/05\/39-Fotografo-de-bodas-en-Varsovia-Polonia-1290x860.jpg\" alt=\"Fotografo de bodas en Varsovia Polonia\" width=\"1290\" height=\"860\" srcset=\"https:\/\/www.felixdevega.com\/wp-content\/uploads\/2025\/05\/39-Fotografo-de-bodas-en-Varsovia-Polonia-1290x860.jpg 1290w, https:\/\/www.felixdevega.com\/wp-content\/uploads\/2025\/05\/39-Fotografo-de-bodas-en-Varsovia-Polonia-750x500.jpg 750w, https:\/\/www.felixdevega.com\/wp-content\/uploads\/2025\/05\/39-Fotografo-de-bodas-en-Varsovia-Polonia-1536x1024.jpg 1536w, https:\/\/www.felixdevega.com\/wp-content\/uploads\/2025\/05\/39-Fotografo-de-bodas-en-Varsovia-Polonia-1200x800.jpg 1200w, https:\/\/www.felixdevega.com\/wp-content\/uploads\/2025\/05\/39-Fotografo-de-bodas-en-Varsovia-Polonia.jpg 1800w\" sizes=\"(max-width: 1290px) 100vw, 1290px\" \/><img loading=\"lazy\" decoding=\"async\" class=\"alignnone wp-image-32905 size-large\" style=\"margin-bottom: 5px;\" src=\"https:\/\/www.felixdevega.com\/wp-content\/uploads\/2025\/05\/40-Fotografo-de-bodas-en-Varsovia-Polonia-1290x860.jpg\" alt=\"Fotografo de bodas en Varsovia Polonia\" width=\"1290\" height=\"860\" srcset=\"https:\/\/www.felixdevega.com\/wp-content\/uploads\/2025\/05\/40-Fotografo-de-bodas-en-Varsovia-Polonia-1290x860.jpg 1290w, https:\/\/www.felixdevega.com\/wp-content\/uploads\/2025\/05\/40-Fotografo-de-bodas-en-Varsovia-Polonia-750x500.jpg 750w, https:\/\/www.felixdevega.com\/wp-content\/uploads\/2025\/05\/40-Fotografo-de-bodas-en-Varsovia-Polonia-1536x1024.jpg 1536w, https:\/\/www.felixdevega.com\/wp-content\/uploads\/2025\/05\/40-Fotografo-de-bodas-en-Varsovia-Polonia-1200x800.jpg 1200w, https:\/\/www.felixdevega.com\/wp-content\/uploads\/2025\/05\/40-Fotografo-de-bodas-en-Varsovia-Polonia.jpg 1800w\" sizes=\"(max-width: 1290px) 100vw, 1290px\" \/><img loading=\"lazy\" decoding=\"async\" class=\"alignnone wp-image-32908 size-large\" style=\"margin-bottom: 5px;\" src=\"https:\/\/www.felixdevega.com\/wp-content\/uploads\/2025\/05\/42-Fotografo-de-bodas-en-Varsovia-Polonia-1290x860.jpg\" alt=\"Fotografo de bodas en Varsovia Polonia\" width=\"1290\" height=\"860\" srcset=\"https:\/\/www.felixdevega.com\/wp-content\/uploads\/2025\/05\/42-Fotografo-de-bodas-en-Varsovia-Polonia-1290x860.jpg 1290w, https:\/\/www.felixdevega.com\/wp-content\/uploads\/2025\/05\/42-Fotografo-de-bodas-en-Varsovia-Polonia-750x500.jpg 750w, https:\/\/www.felixdevega.com\/wp-content\/uploads\/2025\/05\/42-Fotografo-de-bodas-en-Varsovia-Polonia-1536x1024.jpg 1536w, https:\/\/www.felixdevega.com\/wp-content\/uploads\/2025\/05\/42-Fotografo-de-bodas-en-Varsovia-Polonia-1200x800.jpg 1200w, https:\/\/www.felixdevega.com\/wp-content\/uploads\/2025\/05\/42-Fotografo-de-bodas-en-Varsovia-Polonia.jpg 1800w\" sizes=\"(max-width: 1290px) 100vw, 1290px\" \/><img loading=\"lazy\" decoding=\"async\" class=\"alignnone wp-image-32911 size-large\" style=\"margin-bottom: 5px;\" src=\"https:\/\/www.felixdevega.com\/wp-content\/uploads\/2025\/05\/43-Fotografo-de-bodas-en-Varsovia-Polonia-1290x860.jpg\" alt=\"Fotografo de bodas en Varsovia Polonia\" width=\"1290\" height=\"860\" srcset=\"https:\/\/www.felixdevega.com\/wp-content\/uploads\/2025\/05\/43-Fotografo-de-bodas-en-Varsovia-Polonia-1290x860.jpg 1290w, https:\/\/www.felixdevega.com\/wp-content\/uploads\/2025\/05\/43-Fotografo-de-bodas-en-Varsovia-Polonia-750x500.jpg 750w, https:\/\/www.felixdevega.com\/wp-content\/uploads\/2025\/05\/43-Fotografo-de-bodas-en-Varsovia-Polonia-1536x1024.jpg 1536w, https:\/\/www.felixdevega.com\/wp-content\/uploads\/2025\/05\/43-Fotografo-de-bodas-en-Varsovia-Polonia-1200x800.jpg 1200w, https:\/\/www.felixdevega.com\/wp-content\/uploads\/2025\/05\/43-Fotografo-de-bodas-en-Varsovia-Polonia.jpg 1800w\" sizes=\"(max-width: 1290px) 100vw, 1290px\" \/><img loading=\"lazy\" decoding=\"async\" class=\"alignnone wp-image-32917 size-large\" style=\"margin-bottom: 5px;\" src=\"https:\/\/www.felixdevega.com\/wp-content\/uploads\/2025\/05\/45-Fotografo-de-bodas-en-Varsovia-Polonia-1290x860.jpg\" alt=\"Fotografo de bodas en Varsovia Polonia\" width=\"1290\" height=\"860\" srcset=\"https:\/\/www.felixdevega.com\/wp-content\/uploads\/2025\/05\/45-Fotografo-de-bodas-en-Varsovia-Polonia-1290x860.jpg 1290w, https:\/\/www.felixdevega.com\/wp-content\/uploads\/2025\/05\/45-Fotografo-de-bodas-en-Varsovia-Polonia-750x500.jpg 750w, https:\/\/www.felixdevega.com\/wp-content\/uploads\/2025\/05\/45-Fotografo-de-bodas-en-Varsovia-Polonia-1536x1024.jpg 1536w, https:\/\/www.felixdevega.com\/wp-content\/uploads\/2025\/05\/45-Fotografo-de-bodas-en-Varsovia-Polonia-1200x800.jpg 1200w, https:\/\/www.felixdevega.com\/wp-content\/uploads\/2025\/05\/45-Fotografo-de-bodas-en-Varsovia-Polonia.jpg 1800w\" sizes=\"(max-width: 1290px) 100vw, 1290px\" \/><img loading=\"lazy\" decoding=\"async\" class=\"alignnone wp-image-32920 size-large\" style=\"margin-bottom: 5px;\" src=\"https:\/\/www.felixdevega.com\/wp-content\/uploads\/2025\/05\/46-Fotografo-de-bodas-en-Varsovia-Polonia-1290x860.jpg\" alt=\"Fotografo de bodas en Varsovia Polonia\" width=\"1290\" height=\"860\" srcset=\"https:\/\/www.felixdevega.com\/wp-content\/uploads\/2025\/05\/46-Fotografo-de-bodas-en-Varsovia-Polonia-1290x860.jpg 1290w, https:\/\/www.felixdevega.com\/wp-content\/uploads\/2025\/05\/46-Fotografo-de-bodas-en-Varsovia-Polonia-750x500.jpg 750w, https:\/\/www.felixdevega.com\/wp-content\/uploads\/2025\/05\/46-Fotografo-de-bodas-en-Varsovia-Polonia-1536x1024.jpg 1536w, https:\/\/www.felixdevega.com\/wp-content\/uploads\/2025\/05\/46-Fotografo-de-bodas-en-Varsovia-Polonia-1200x800.jpg 1200w, https:\/\/www.felixdevega.com\/wp-content\/uploads\/2025\/05\/46-Fotografo-de-bodas-en-Varsovia-Polonia.jpg 1800w\" sizes=\"(max-width: 1290px) 100vw, 1290px\" \/><img loading=\"lazy\" decoding=\"async\" class=\"alignnone wp-image-32923 size-large\" style=\"margin-bottom: 5px;\" src=\"https:\/\/www.felixdevega.com\/wp-content\/uploads\/2025\/05\/47-Fotografo-de-bodas-en-Varsovia-Polonia-1290x860.jpg\" alt=\"Fotografo de bodas en Varsovia Polonia\" width=\"1290\" height=\"860\" srcset=\"https:\/\/www.felixdevega.com\/wp-content\/uploads\/2025\/05\/47-Fotografo-de-bodas-en-Varsovia-Polonia-1290x860.jpg 1290w, https:\/\/www.felixdevega.com\/wp-content\/uploads\/2025\/05\/47-Fotografo-de-bodas-en-Varsovia-Polonia-750x500.jpg 750w, https:\/\/www.felixdevega.com\/wp-content\/uploads\/2025\/05\/47-Fotografo-de-bodas-en-Varsovia-Polonia-1536x1024.jpg 1536w, https:\/\/www.felixdevega.com\/wp-content\/uploads\/2025\/05\/47-Fotografo-de-bodas-en-Varsovia-Polonia-1200x800.jpg 1200w, https:\/\/www.felixdevega.com\/wp-content\/uploads\/2025\/05\/47-Fotografo-de-bodas-en-Varsovia-Polonia.jpg 1800w\" sizes=\"(max-width: 1290px) 100vw, 1290px\" \/><img loading=\"lazy\" decoding=\"async\" class=\"alignnone wp-image-32926 size-large\" style=\"margin-bottom: 5px;\" src=\"https:\/\/www.felixdevega.com\/wp-content\/uploads\/2025\/05\/48-Fotografo-de-bodas-en-Varsovia-Polonia-1290x860.jpg\" alt=\"Fotografo de bodas en Varsovia Polonia\" width=\"1290\" height=\"860\" srcset=\"https:\/\/www.felixdevega.com\/wp-content\/uploads\/2025\/05\/48-Fotografo-de-bodas-en-Varsovia-Polonia-1290x860.jpg 1290w, https:\/\/www.felixdevega.com\/wp-content\/uploads\/2025\/05\/48-Fotografo-de-bodas-en-Varsovia-Polonia-750x500.jpg 750w, https:\/\/www.felixdevega.com\/wp-content\/uploads\/2025\/05\/48-Fotografo-de-bodas-en-Varsovia-Polonia-1536x1024.jpg 1536w, https:\/\/www.felixdevega.com\/wp-content\/uploads\/2025\/05\/48-Fotografo-de-bodas-en-Varsovia-Polonia-1200x800.jpg 1200w, https:\/\/www.felixdevega.com\/wp-content\/uploads\/2025\/05\/48-Fotografo-de-bodas-en-Varsovia-Polonia.jpg 1800w\" sizes=\"(max-width: 1290px) 100vw, 1290px\" \/><\/p>\t\t\t\t\t\t\t\t<\/div>\n\t\t\t\t<\/div>\n\t\t\t\t\t<\/div>\n\t\t<\/div>\n\t\t\t\t\t<\/div>\n\t\t<\/section>\n\t\t\t\t<section class=\"elementor-section elementor-top-section elementor-element elementor-element-d61153d elementor-section-boxed elementor-section-height-default elementor-section-height-default wpr-particle-no wpr-sticky-section-no wpr-equal-height-no\" data-id=\"d61153d\" data-element_type=\"section\" data-e-type=\"section\">\n\t\t\t\t\t\t<div class=\"elementor-container elementor-column-gap-default\">\n\t\t\t\t\t<div class=\"elementor-column elementor-col-100 elementor-top-column elementor-element elementor-element-19ed395\" data-id=\"19ed395\" data-element_type=\"column\" data-e-type=\"column\">\n\t\t\t<div class=\"elementor-widget-wrap elementor-element-populated\">\n\t\t\t\t\t\t<div class=\"elementor-element elementor-element-cec41c0 elementor-widget elementor-widget-text-editor\" data-id=\"cec41c0\" data-element_type=\"widget\" data-e-type=\"widget\" data-widget_type=\"text-editor.default\">\n\t\t\t\t<div class=\"elementor-widget-container\">\n\t\t\t\t\t\t\t\t\t<h2 style=\"text-align: center;\"><strong><span style=\"font-size: 8pt; color: #999999;\">Cicha 23\u00a0 | Boda jud\u00eda en Varsovia, Polonia<\/span><\/strong><\/h2>\t\t\t\t\t\t\t\t<\/div>\n\t\t\t\t<\/div>\n\t\t\t\t<div class=\"elementor-element elementor-element-a4dc18e elementor-widget elementor-widget-heading\" data-id=\"a4dc18e\" data-element_type=\"widget\" data-e-type=\"widget\" data-widget_type=\"heading.default\">\n\t\t\t\t<div class=\"elementor-widget-container\">\n\t\t\t\t\t<p class=\"elementor-heading-title elementor-size-default\">Un escenario de ensue\u00f1o para una ceremonia al aire libre<\/p>\t\t\t\t<\/div>\n\t\t\t\t<\/div>\n\t\t\t\t<div class=\"elementor-element elementor-element-a0c1859 elementor-widget elementor-widget-image\" data-id=\"a0c1859\" data-element_type=\"widget\" data-e-type=\"widget\" data-widget_type=\"image.default\">\n\t\t\t\t<div class=\"elementor-widget-container\">\n\t\t\t\t\t\t\t\t\t\t\t\t\t\t\t<img decoding=\"async\" src=\"https:\/\/www.felixdevega.com\/wp-content\/uploads\/elementor\/thumbs\/avioneta-sola.jpg-r5jk31nkaanes81e4zg3g0l1kdgfig0qu5g4y3jaki.webp\" title=\"avioneta-sola.jpg.webp\" alt=\"avioneta-sola.jpg.webp\" loading=\"lazy\" \/>\t\t\t\t\t\t\t\t\t\t\t\t\t\t\t<\/div>\n\t\t\t\t<\/div>\n\t\t\t\t\t<\/div>\n\t\t<\/div>\n\t\t\t\t\t<\/div>\n\t\t<\/section>\n\t\t\t\t<section class=\"elementor-section elementor-top-section elementor-element elementor-element-d9217c7 elementor-section-boxed elementor-section-height-default elementor-section-height-default wpr-particle-no wpr-sticky-section-no wpr-equal-height-no\" data-id=\"d9217c7\" data-element_type=\"section\" data-e-type=\"section\">\n\t\t\t\t\t\t<div class=\"elementor-container elementor-column-gap-default\">\n\t\t\t\t\t<div class=\"elementor-column elementor-col-100 elementor-top-column elementor-element elementor-element-ed668ce\" data-id=\"ed668ce\" data-element_type=\"column\" data-e-type=\"column\">\n\t\t\t<div class=\"elementor-widget-wrap elementor-element-populated\">\n\t\t\t\t\t\t<div class=\"elementor-element elementor-element-14b1ae4 elementor-widget elementor-widget-text-editor\" data-id=\"14b1ae4\" data-element_type=\"widget\" data-e-type=\"widget\" data-widget_type=\"text-editor.default\">\n\t\t\t\t<div class=\"elementor-widget-container\">\n\t\t\t\t\t\t\t\t\t<p>Lo que hace \u00fanico a <strong>Cicha 23<\/strong> es su precioso jard\u00edn, ideal para ceremonias al aire libre. El entorno est\u00e1 rodeado de \u00e1rboles, flores y detalles naturales que convierten cada fotograf\u00eda en una postal. La luz suave que se filtra entre las ramas crea un ambiente m\u00e1gico, perfecto para captar emociones reales y momentos \u00edntimos.<\/p><p>Tuve la oportunidad de fotografiar una boda muy especial: una ceremonia jud\u00eda celebrada al aire libre, con todos los elementos simb\u00f3licos que enriquecen esta tradici\u00f3n. Fue mi primera vez documentando una boda jud\u00eda y me emocion\u00f3 profundamente observar y captar momentos como:<\/p><ul><li><p>El <strong>levantamiento del velo<\/strong> por parte del novio.<\/p><\/li><li><p>La novia <strong>dando siete vueltas<\/strong> alrededor del novio, un ritual lleno de significado.<\/p><\/li><li><p>El tradicional momento en el que el novio <strong>rompe la copa con el pie<\/strong>, marcando el cierre de la ceremonia.<\/p><\/li><\/ul>\t\t\t\t\t\t\t\t<\/div>\n\t\t\t\t<\/div>\n\t\t\t\t\t<\/div>\n\t\t<\/div>\n\t\t\t\t\t<\/div>\n\t\t<\/section>\n\t\t\t\t<section class=\"elementor-section elementor-top-section elementor-element elementor-element-39e5c7a elementor-section-boxed elementor-section-height-default elementor-section-height-default wpr-particle-no wpr-sticky-section-no wpr-equal-height-no\" data-id=\"39e5c7a\" data-element_type=\"section\" data-e-type=\"section\">\n\t\t\t\t\t\t<div class=\"elementor-container elementor-column-gap-default\">\n\t\t\t\t\t<div class=\"elementor-column elementor-col-100 elementor-top-column elementor-element elementor-element-fecc6e7\" data-id=\"fecc6e7\" data-element_type=\"column\" data-e-type=\"column\">\n\t\t\t<div class=\"elementor-widget-wrap elementor-element-populated\">\n\t\t\t\t\t\t<div class=\"elementor-element elementor-element-b9ac4ef elementor-widget__width-initial elementor-widget elementor-widget-text-editor\" data-id=\"b9ac4ef\" data-element_type=\"widget\" data-e-type=\"widget\" data-widget_type=\"text-editor.default\">\n\t\t\t\t<div class=\"elementor-widget-container\">\n\t\t\t\t\t\t\t\t\t<p><img loading=\"lazy\" decoding=\"async\" class=\"alignnone wp-image-32935 size-large\" style=\"margin-bottom: 5px;\" src=\"https:\/\/www.felixdevega.com\/wp-content\/uploads\/2025\/05\/51-Fotografo-de-bodas-en-Varsovia-Polonia-1290x860.jpg\" alt=\"Fotografo de bodas en Varsovia Polonia\" width=\"1290\" height=\"860\" srcset=\"https:\/\/www.felixdevega.com\/wp-content\/uploads\/2025\/05\/51-Fotografo-de-bodas-en-Varsovia-Polonia-1290x860.jpg 1290w, https:\/\/www.felixdevega.com\/wp-content\/uploads\/2025\/05\/51-Fotografo-de-bodas-en-Varsovia-Polonia-750x500.jpg 750w, https:\/\/www.felixdevega.com\/wp-content\/uploads\/2025\/05\/51-Fotografo-de-bodas-en-Varsovia-Polonia-1536x1024.jpg 1536w, https:\/\/www.felixdevega.com\/wp-content\/uploads\/2025\/05\/51-Fotografo-de-bodas-en-Varsovia-Polonia-1200x800.jpg 1200w, https:\/\/www.felixdevega.com\/wp-content\/uploads\/2025\/05\/51-Fotografo-de-bodas-en-Varsovia-Polonia.jpg 1800w\" sizes=\"(max-width: 1290px) 100vw, 1290px\" \/><img loading=\"lazy\" decoding=\"async\" class=\"alignnone wp-image-33014 size-large\" style=\"margin-bottom: 5px;\" src=\"https:\/\/www.felixdevega.com\/wp-content\/uploads\/2025\/05\/49-Fotografo-de-bodas-en-Varsovia-Polonia-1290x860.jpg\" alt=\"Fotografo de bodas en Varsovia Polonia\" width=\"1290\" height=\"860\" srcset=\"https:\/\/www.felixdevega.com\/wp-content\/uploads\/2025\/05\/49-Fotografo-de-bodas-en-Varsovia-Polonia-1290x860.jpg 1290w, https:\/\/www.felixdevega.com\/wp-content\/uploads\/2025\/05\/49-Fotografo-de-bodas-en-Varsovia-Polonia-750x500.jpg 750w, https:\/\/www.felixdevega.com\/wp-content\/uploads\/2025\/05\/49-Fotografo-de-bodas-en-Varsovia-Polonia-1536x1024.jpg 1536w, https:\/\/www.felixdevega.com\/wp-content\/uploads\/2025\/05\/49-Fotografo-de-bodas-en-Varsovia-Polonia-1200x800.jpg 1200w, https:\/\/www.felixdevega.com\/wp-content\/uploads\/2025\/05\/49-Fotografo-de-bodas-en-Varsovia-Polonia.jpg 1800w\" sizes=\"(max-width: 1290px) 100vw, 1290px\" \/><img loading=\"lazy\" decoding=\"async\" class=\"alignnone wp-image-33017 size-large\" style=\"margin-bottom: 5px;\" src=\"https:\/\/www.felixdevega.com\/wp-content\/uploads\/2025\/05\/50-Fotografo-de-bodas-en-Varsovia-Polonia-1290x860.jpg\" alt=\"Fotografo de bodas en Varsovia Polonia\" width=\"1290\" height=\"860\" srcset=\"https:\/\/www.felixdevega.com\/wp-content\/uploads\/2025\/05\/50-Fotografo-de-bodas-en-Varsovia-Polonia-1290x860.jpg 1290w, https:\/\/www.felixdevega.com\/wp-content\/uploads\/2025\/05\/50-Fotografo-de-bodas-en-Varsovia-Polonia-750x500.jpg 750w, https:\/\/www.felixdevega.com\/wp-content\/uploads\/2025\/05\/50-Fotografo-de-bodas-en-Varsovia-Polonia-1536x1024.jpg 1536w, https:\/\/www.felixdevega.com\/wp-content\/uploads\/2025\/05\/50-Fotografo-de-bodas-en-Varsovia-Polonia-1200x800.jpg 1200w, https:\/\/www.felixdevega.com\/wp-content\/uploads\/2025\/05\/50-Fotografo-de-bodas-en-Varsovia-Polonia.jpg 1800w\" sizes=\"(max-width: 1290px) 100vw, 1290px\" \/><img loading=\"lazy\" decoding=\"async\" class=\"alignnone wp-image-32583 size-large\" style=\"margin-bottom: 5px;\" src=\"https:\/\/www.felixdevega.com\/wp-content\/uploads\/2025\/05\/blog-dos-fotos-horizontales9-1290x429.jpg\" alt=\"\" width=\"1290\" height=\"429\" srcset=\"https:\/\/www.felixdevega.com\/wp-content\/uploads\/2025\/05\/blog-dos-fotos-horizontales9-1290x429.jpg 1290w, https:\/\/www.felixdevega.com\/wp-content\/uploads\/2025\/05\/blog-dos-fotos-horizontales9-750x250.jpg 750w, https:\/\/www.felixdevega.com\/wp-content\/uploads\/2025\/05\/blog-dos-fotos-horizontales9.jpg 1400w\" sizes=\"(max-width: 1290px) 100vw, 1290px\" \/><img loading=\"lazy\" decoding=\"async\" class=\"alignnone wp-image-32938 size-large\" style=\"margin-bottom: 5px;\" src=\"https:\/\/www.felixdevega.com\/wp-content\/uploads\/2025\/05\/54-Fotografo-de-bodas-en-Varsovia-Polonia-1290x860.jpg\" alt=\"Fotografo de bodas en Varsovia Polonia\" width=\"1290\" height=\"860\" srcset=\"https:\/\/www.felixdevega.com\/wp-content\/uploads\/2025\/05\/54-Fotografo-de-bodas-en-Varsovia-Polonia-1290x860.jpg 1290w, https:\/\/www.felixdevega.com\/wp-content\/uploads\/2025\/05\/54-Fotografo-de-bodas-en-Varsovia-Polonia-750x500.jpg 750w, https:\/\/www.felixdevega.com\/wp-content\/uploads\/2025\/05\/54-Fotografo-de-bodas-en-Varsovia-Polonia-1536x1024.jpg 1536w, https:\/\/www.felixdevega.com\/wp-content\/uploads\/2025\/05\/54-Fotografo-de-bodas-en-Varsovia-Polonia-1200x800.jpg 1200w, https:\/\/www.felixdevega.com\/wp-content\/uploads\/2025\/05\/54-Fotografo-de-bodas-en-Varsovia-Polonia.jpg 1800w\" sizes=\"(max-width: 1290px) 100vw, 1290px\" \/><img loading=\"lazy\" decoding=\"async\" class=\"alignnone wp-image-32941 size-large\" style=\"margin-bottom: 5px;\" src=\"https:\/\/www.felixdevega.com\/wp-content\/uploads\/2025\/05\/55-Fotografo-de-bodas-en-Varsovia-Polonia-1290x860.jpg\" alt=\"Fotografo de bodas en Varsovia Polonia\" width=\"1290\" height=\"860\" srcset=\"https:\/\/www.felixdevega.com\/wp-content\/uploads\/2025\/05\/55-Fotografo-de-bodas-en-Varsovia-Polonia-1290x860.jpg 1290w, https:\/\/www.felixdevega.com\/wp-content\/uploads\/2025\/05\/55-Fotografo-de-bodas-en-Varsovia-Polonia-750x500.jpg 750w, https:\/\/www.felixdevega.com\/wp-content\/uploads\/2025\/05\/55-Fotografo-de-bodas-en-Varsovia-Polonia-1536x1024.jpg 1536w, https:\/\/www.felixdevega.com\/wp-content\/uploads\/2025\/05\/55-Fotografo-de-bodas-en-Varsovia-Polonia-1200x800.jpg 1200w, https:\/\/www.felixdevega.com\/wp-content\/uploads\/2025\/05\/55-Fotografo-de-bodas-en-Varsovia-Polonia.jpg 1800w\" sizes=\"(max-width: 1290px) 100vw, 1290px\" \/><img loading=\"lazy\" decoding=\"async\" class=\"alignnone wp-image-32944 size-large\" style=\"margin-bottom: 5px;\" src=\"https:\/\/www.felixdevega.com\/wp-content\/uploads\/2025\/05\/56-Fotografo-de-bodas-en-Varsovia-Polonia-1290x860.jpg\" alt=\"Fotografo de bodas en Varsovia Polonia\" width=\"1290\" height=\"860\" srcset=\"https:\/\/www.felixdevega.com\/wp-content\/uploads\/2025\/05\/56-Fotografo-de-bodas-en-Varsovia-Polonia-1290x860.jpg 1290w, https:\/\/www.felixdevega.com\/wp-content\/uploads\/2025\/05\/56-Fotografo-de-bodas-en-Varsovia-Polonia-750x500.jpg 750w, https:\/\/www.felixdevega.com\/wp-content\/uploads\/2025\/05\/56-Fotografo-de-bodas-en-Varsovia-Polonia-1536x1024.jpg 1536w, https:\/\/www.felixdevega.com\/wp-content\/uploads\/2025\/05\/56-Fotografo-de-bodas-en-Varsovia-Polonia-1200x800.jpg 1200w, https:\/\/www.felixdevega.com\/wp-content\/uploads\/2025\/05\/56-Fotografo-de-bodas-en-Varsovia-Polonia.jpg 1800w\" sizes=\"(max-width: 1290px) 100vw, 1290px\" \/><\/p>\t\t\t\t\t\t\t\t<\/div>\n\t\t\t\t<\/div>\n\t\t\t\t<div class=\"elementor-element elementor-element-54c5da2 elementor-widget elementor-widget-spacer\" data-id=\"54c5da2\" data-element_type=\"widget\" data-e-type=\"widget\" data-widget_type=\"spacer.default\">\n\t\t\t\t<div class=\"elementor-widget-container\">\n\t\t\t\t\t\t\t<div class=\"elementor-spacer\">\n\t\t\t<div class=\"elementor-spacer-inner\"><\/div>\n\t\t<\/div>\n\t\t\t\t\t\t<\/div>\n\t\t\t\t<\/div>\n\t\t\t\t\t<\/div>\n\t\t<\/div>\n\t\t\t\t\t<\/div>\n\t\t<\/section>\n\t\t\t\t<section class=\"elementor-section elementor-top-section elementor-element elementor-element-d41768b elementor-section-boxed elementor-section-height-default elementor-section-height-default wpr-particle-no wpr-sticky-section-no wpr-equal-height-no\" data-id=\"d41768b\" data-element_type=\"section\" data-e-type=\"section\">\n\t\t\t\t\t\t<div class=\"elementor-container elementor-column-gap-default\">\n\t\t\t\t\t<div class=\"elementor-column elementor-col-100 elementor-top-column elementor-element elementor-element-6035dcd\" data-id=\"6035dcd\" data-element_type=\"column\" data-e-type=\"column\">\n\t\t\t<div class=\"elementor-widget-wrap elementor-element-populated\">\n\t\t\t\t\t\t<div class=\"elementor-element elementor-element-175c8b4 elementor-widget elementor-widget-text-editor\" data-id=\"175c8b4\" data-element_type=\"widget\" data-e-type=\"widget\" data-widget_type=\"text-editor.default\">\n\t\t\t\t<div class=\"elementor-widget-container\">\n\t\t\t\t\t\t\t\t\t<h2 style=\"text-align: center;\"><strong><span style=\"font-size: 8pt; color: #999999;\">Cicha 23\u00a0 | Fotograf\u00eda de bodas multiculturales<\/span><\/strong><\/h2>\t\t\t\t\t\t\t\t<\/div>\n\t\t\t\t<\/div>\n\t\t\t\t<div class=\"elementor-element elementor-element-a20abba elementor-widget elementor-widget-heading\" data-id=\"a20abba\" data-element_type=\"widget\" data-e-type=\"widget\" data-widget_type=\"heading.default\">\n\t\t\t\t<div class=\"elementor-widget-container\">\n\t\t\t\t\t<p class=\"elementor-heading-title elementor-size-default\">Bodas multiculturales: amor sin fronteras<\/p>\t\t\t\t<\/div>\n\t\t\t\t<\/div>\n\t\t\t\t<div class=\"elementor-element elementor-element-9f48545 elementor-widget elementor-widget-image\" data-id=\"9f48545\" data-element_type=\"widget\" data-e-type=\"widget\" data-widget_type=\"image.default\">\n\t\t\t\t<div class=\"elementor-widget-container\">\n\t\t\t\t\t\t\t\t\t\t\t\t\t\t\t<img decoding=\"async\" src=\"https:\/\/www.felixdevega.com\/wp-content\/uploads\/elementor\/thumbs\/avioneta-sola.jpg-r5jk31nkaanes81e4zg3g0l1kdgfig0qu5g4y3jaki.webp\" title=\"avioneta-sola.jpg.webp\" alt=\"avioneta-sola.jpg.webp\" loading=\"lazy\" \/>\t\t\t\t\t\t\t\t\t\t\t\t\t\t\t<\/div>\n\t\t\t\t<\/div>\n\t\t\t\t\t<\/div>\n\t\t<\/div>\n\t\t\t\t\t<\/div>\n\t\t<\/section>\n\t\t\t\t<section class=\"elementor-section elementor-top-section elementor-element elementor-element-91c5363 elementor-section-boxed elementor-section-height-default elementor-section-height-default wpr-particle-no wpr-sticky-section-no wpr-equal-height-no\" data-id=\"91c5363\" data-element_type=\"section\" data-e-type=\"section\">\n\t\t\t\t\t\t<div class=\"elementor-container elementor-column-gap-default\">\n\t\t\t\t\t<div class=\"elementor-column elementor-col-100 elementor-top-column elementor-element elementor-element-a047204\" data-id=\"a047204\" data-element_type=\"column\" data-e-type=\"column\">\n\t\t\t<div class=\"elementor-widget-wrap elementor-element-populated\">\n\t\t\t\t\t\t<div class=\"elementor-element elementor-element-21c17c2 elementor-widget__width-initial elementor-widget elementor-widget-text-editor\" data-id=\"21c17c2\" data-element_type=\"widget\" data-e-type=\"widget\" data-widget_type=\"text-editor.default\">\n\t\t\t\t<div class=\"elementor-widget-container\">\n\t\t\t\t\t\t\t\t\t<p>La boda de Richard y Patrycja fue un hermoso ejemplo de c\u00f3mo el amor une culturas, idiomas y tradiciones. \u00c9l brit\u00e1nico, ella polaca, viviendo en el Reino Unido pero celebrando su boda en Varsovia, crearon una ceremonia llena de significado, respeto y alegr\u00eda.<\/p><p>Como fot\u00f3grafo con m\u00e1s de 10 a\u00f1os de experiencia, he tenido el privilegio de documentar muchas <strong>bodas de parejas mixtas<\/strong>: polaco-espa\u00f1olas, franco-polacas, polaco-estadounidenses, entre otras. Estos encuentros culturales no solo enriquecen la celebraci\u00f3n, sino que tambi\u00e9n ofrecen un ambiente festivo, <strong>colorido, diverso y lleno de emociones<\/strong>. En estas bodas se respira un aire especial de tolerancia, conexi\u00f3n y autenticidad que es un placer capturar con la c\u00e1mara.<\/p><p>Si est\u00e1s planificando una boda multicultural en Polonia, estar\u00e1s en buenas manos. Conozco bien los ritmos, los s\u00edmbolos y las din\u00e1micas de este tipo de celebraciones, y me encanta poder ayudar a cada pareja a contar su historia de forma \u00fanica.<\/p>\t\t\t\t\t\t\t\t<\/div>\n\t\t\t\t<\/div>\n\t\t\t\t\t<\/div>\n\t\t<\/div>\n\t\t\t\t\t<\/div>\n\t\t<\/section>\n\t\t\t\t<section class=\"elementor-section elementor-top-section elementor-element elementor-element-7beb84f elementor-section-boxed elementor-section-height-default elementor-section-height-default wpr-particle-no wpr-sticky-section-no wpr-equal-height-no\" data-id=\"7beb84f\" data-element_type=\"section\" data-e-type=\"section\">\n\t\t\t\t\t\t<div class=\"elementor-container elementor-column-gap-default\">\n\t\t\t\t\t<div class=\"elementor-column elementor-col-100 elementor-top-column elementor-element elementor-element-8b2f89a\" data-id=\"8b2f89a\" data-element_type=\"column\" data-e-type=\"column\">\n\t\t\t<div class=\"elementor-widget-wrap elementor-element-populated\">\n\t\t\t\t\t\t<div class=\"elementor-element elementor-element-0609d9e elementor-widget__width-initial elementor-widget elementor-widget-text-editor\" data-id=\"0609d9e\" data-element_type=\"widget\" data-e-type=\"widget\" data-widget_type=\"text-editor.default\">\n\t\t\t\t<div class=\"elementor-widget-container\">\n\t\t\t\t\t\t\t\t\t<p><img loading=\"lazy\" decoding=\"async\" class=\"alignnone wp-image-32950 size-large\" style=\"margin-bottom: 5px;\" src=\"https:\/\/www.felixdevega.com\/wp-content\/uploads\/2025\/05\/57-Fotografo-de-bodas-en-Varsovia-Polonia-1290x860.jpg\" alt=\"Fotografo de bodas en Varsovia Polonia\" width=\"1290\" height=\"860\" srcset=\"https:\/\/www.felixdevega.com\/wp-content\/uploads\/2025\/05\/57-Fotografo-de-bodas-en-Varsovia-Polonia-1290x860.jpg 1290w, https:\/\/www.felixdevega.com\/wp-content\/uploads\/2025\/05\/57-Fotografo-de-bodas-en-Varsovia-Polonia-750x500.jpg 750w, https:\/\/www.felixdevega.com\/wp-content\/uploads\/2025\/05\/57-Fotografo-de-bodas-en-Varsovia-Polonia-1536x1024.jpg 1536w, https:\/\/www.felixdevega.com\/wp-content\/uploads\/2025\/05\/57-Fotografo-de-bodas-en-Varsovia-Polonia-1200x800.jpg 1200w, https:\/\/www.felixdevega.com\/wp-content\/uploads\/2025\/05\/57-Fotografo-de-bodas-en-Varsovia-Polonia.jpg 1800w\" sizes=\"(max-width: 1290px) 100vw, 1290px\" \/><img loading=\"lazy\" decoding=\"async\" class=\"alignnone wp-image-32954 size-large\" style=\"margin-bottom: 5px;\" src=\"https:\/\/www.felixdevega.com\/wp-content\/uploads\/2025\/05\/58-Fotografo-de-bodas-en-Varsovia-Polonia-1290x860.jpg\" alt=\"Fotografo de bodas en Varsovia Polonia\" width=\"1290\" height=\"860\" srcset=\"https:\/\/www.felixdevega.com\/wp-content\/uploads\/2025\/05\/58-Fotografo-de-bodas-en-Varsovia-Polonia-1290x860.jpg 1290w, https:\/\/www.felixdevega.com\/wp-content\/uploads\/2025\/05\/58-Fotografo-de-bodas-en-Varsovia-Polonia-750x500.jpg 750w, https:\/\/www.felixdevega.com\/wp-content\/uploads\/2025\/05\/58-Fotografo-de-bodas-en-Varsovia-Polonia-1536x1024.jpg 1536w, https:\/\/www.felixdevega.com\/wp-content\/uploads\/2025\/05\/58-Fotografo-de-bodas-en-Varsovia-Polonia-1200x800.jpg 1200w, https:\/\/www.felixdevega.com\/wp-content\/uploads\/2025\/05\/58-Fotografo-de-bodas-en-Varsovia-Polonia.jpg 1800w\" sizes=\"(max-width: 1290px) 100vw, 1290px\" \/><img loading=\"lazy\" decoding=\"async\" class=\"alignnone wp-image-32957 size-large\" style=\"margin-bottom: 5px;\" src=\"https:\/\/www.felixdevega.com\/wp-content\/uploads\/2025\/05\/59-Fotografo-de-bodas-en-Varsovia-Polonia-1290x860.jpg\" alt=\"Fotografo de bodas en Varsovia Polonia\" width=\"1290\" height=\"860\" srcset=\"https:\/\/www.felixdevega.com\/wp-content\/uploads\/2025\/05\/59-Fotografo-de-bodas-en-Varsovia-Polonia-1290x860.jpg 1290w, https:\/\/www.felixdevega.com\/wp-content\/uploads\/2025\/05\/59-Fotografo-de-bodas-en-Varsovia-Polonia-750x500.jpg 750w, https:\/\/www.felixdevega.com\/wp-content\/uploads\/2025\/05\/59-Fotografo-de-bodas-en-Varsovia-Polonia-1536x1024.jpg 1536w, https:\/\/www.felixdevega.com\/wp-content\/uploads\/2025\/05\/59-Fotografo-de-bodas-en-Varsovia-Polonia-1200x800.jpg 1200w, https:\/\/www.felixdevega.com\/wp-content\/uploads\/2025\/05\/59-Fotografo-de-bodas-en-Varsovia-Polonia.jpg 1800w\" sizes=\"(max-width: 1290px) 100vw, 1290px\" \/><img loading=\"lazy\" decoding=\"async\" class=\"alignnone wp-image-32960 size-large\" style=\"margin-bottom: 5px;\" src=\"https:\/\/www.felixdevega.com\/wp-content\/uploads\/2025\/05\/60-Fotografo-de-bodas-en-Varsovia-Polonia-1290x860.jpg\" alt=\"Fotografo de bodas en Varsovia Polonia\" width=\"1290\" height=\"860\" srcset=\"https:\/\/www.felixdevega.com\/wp-content\/uploads\/2025\/05\/60-Fotografo-de-bodas-en-Varsovia-Polonia-1290x860.jpg 1290w, https:\/\/www.felixdevega.com\/wp-content\/uploads\/2025\/05\/60-Fotografo-de-bodas-en-Varsovia-Polonia-750x500.jpg 750w, https:\/\/www.felixdevega.com\/wp-content\/uploads\/2025\/05\/60-Fotografo-de-bodas-en-Varsovia-Polonia-1536x1024.jpg 1536w, https:\/\/www.felixdevega.com\/wp-content\/uploads\/2025\/05\/60-Fotografo-de-bodas-en-Varsovia-Polonia-1200x800.jpg 1200w, https:\/\/www.felixdevega.com\/wp-content\/uploads\/2025\/05\/60-Fotografo-de-bodas-en-Varsovia-Polonia.jpg 1800w\" sizes=\"(max-width: 1290px) 100vw, 1290px\" \/><img loading=\"lazy\" decoding=\"async\" class=\"alignnone wp-image-32963 size-large\" style=\"margin-bottom: 5px;\" src=\"https:\/\/www.felixdevega.com\/wp-content\/uploads\/2025\/05\/61-Fotografo-de-bodas-en-Varsovia-Polonia-1290x860.jpg\" alt=\"Fotografo de bodas en Varsovia Polonia\" width=\"1290\" height=\"860\" srcset=\"https:\/\/www.felixdevega.com\/wp-content\/uploads\/2025\/05\/61-Fotografo-de-bodas-en-Varsovia-Polonia-1290x860.jpg 1290w, https:\/\/www.felixdevega.com\/wp-content\/uploads\/2025\/05\/61-Fotografo-de-bodas-en-Varsovia-Polonia-750x500.jpg 750w, https:\/\/www.felixdevega.com\/wp-content\/uploads\/2025\/05\/61-Fotografo-de-bodas-en-Varsovia-Polonia-1536x1024.jpg 1536w, https:\/\/www.felixdevega.com\/wp-content\/uploads\/2025\/05\/61-Fotografo-de-bodas-en-Varsovia-Polonia-1200x800.jpg 1200w, https:\/\/www.felixdevega.com\/wp-content\/uploads\/2025\/05\/61-Fotografo-de-bodas-en-Varsovia-Polonia.jpg 1800w\" sizes=\"(max-width: 1290px) 100vw, 1290px\" \/><img loading=\"lazy\" decoding=\"async\" class=\"alignnone wp-image-32966 size-large\" style=\"margin-bottom: 5px;\" src=\"https:\/\/www.felixdevega.com\/wp-content\/uploads\/2025\/05\/63-Fotografo-de-bodas-en-Varsovia-Polonia-1290x860.jpg\" alt=\"Fotografo de bodas en Varsovia Polonia\" width=\"1290\" height=\"860\" srcset=\"https:\/\/www.felixdevega.com\/wp-content\/uploads\/2025\/05\/63-Fotografo-de-bodas-en-Varsovia-Polonia-1290x860.jpg 1290w, https:\/\/www.felixdevega.com\/wp-content\/uploads\/2025\/05\/63-Fotografo-de-bodas-en-Varsovia-Polonia-750x500.jpg 750w, https:\/\/www.felixdevega.com\/wp-content\/uploads\/2025\/05\/63-Fotografo-de-bodas-en-Varsovia-Polonia-1536x1024.jpg 1536w, https:\/\/www.felixdevega.com\/wp-content\/uploads\/2025\/05\/63-Fotografo-de-bodas-en-Varsovia-Polonia-1200x800.jpg 1200w, https:\/\/www.felixdevega.com\/wp-content\/uploads\/2025\/05\/63-Fotografo-de-bodas-en-Varsovia-Polonia.jpg 1800w\" sizes=\"(max-width: 1290px) 100vw, 1290px\" \/><img loading=\"lazy\" decoding=\"async\" class=\"alignnone wp-image-32969 size-large\" style=\"margin-bottom: 5px;\" src=\"https:\/\/www.felixdevega.com\/wp-content\/uploads\/2025\/05\/65-Fotografo-de-bodas-en-Varsovia-Polonia-1290x860.jpg\" alt=\"Fotografo de bodas en Varsovia Polonia\" width=\"1290\" height=\"860\" srcset=\"https:\/\/www.felixdevega.com\/wp-content\/uploads\/2025\/05\/65-Fotografo-de-bodas-en-Varsovia-Polonia-1290x860.jpg 1290w, https:\/\/www.felixdevega.com\/wp-content\/uploads\/2025\/05\/65-Fotografo-de-bodas-en-Varsovia-Polonia-750x500.jpg 750w, https:\/\/www.felixdevega.com\/wp-content\/uploads\/2025\/05\/65-Fotografo-de-bodas-en-Varsovia-Polonia-1536x1024.jpg 1536w, https:\/\/www.felixdevega.com\/wp-content\/uploads\/2025\/05\/65-Fotografo-de-bodas-en-Varsovia-Polonia-1200x800.jpg 1200w, https:\/\/www.felixdevega.com\/wp-content\/uploads\/2025\/05\/65-Fotografo-de-bodas-en-Varsovia-Polonia.jpg 1800w\" sizes=\"(max-width: 1290px) 100vw, 1290px\" \/><img loading=\"lazy\" decoding=\"async\" class=\"alignnone wp-image-32972 size-large\" style=\"margin-bottom: 5px;\" src=\"https:\/\/www.felixdevega.com\/wp-content\/uploads\/2025\/05\/66-Fotografo-de-bodas-en-Varsovia-Polonia-1290x860.jpg\" alt=\"Fotografo de bodas en Varsovia Polonia\" width=\"1290\" height=\"860\" srcset=\"https:\/\/www.felixdevega.com\/wp-content\/uploads\/2025\/05\/66-Fotografo-de-bodas-en-Varsovia-Polonia-1290x860.jpg 1290w, https:\/\/www.felixdevega.com\/wp-content\/uploads\/2025\/05\/66-Fotografo-de-bodas-en-Varsovia-Polonia-750x500.jpg 750w, https:\/\/www.felixdevega.com\/wp-content\/uploads\/2025\/05\/66-Fotografo-de-bodas-en-Varsovia-Polonia-1536x1024.jpg 1536w, https:\/\/www.felixdevega.com\/wp-content\/uploads\/2025\/05\/66-Fotografo-de-bodas-en-Varsovia-Polonia-1200x800.jpg 1200w, https:\/\/www.felixdevega.com\/wp-content\/uploads\/2025\/05\/66-Fotografo-de-bodas-en-Varsovia-Polonia.jpg 1800w\" sizes=\"(max-width: 1290px) 100vw, 1290px\" \/><img loading=\"lazy\" decoding=\"async\" class=\"alignnone wp-image-32975 size-large\" style=\"margin-bottom: 5px;\" src=\"https:\/\/www.felixdevega.com\/wp-content\/uploads\/2025\/05\/67-Fotografo-de-bodas-en-Varsovia-Polonia-1290x860.jpg\" alt=\"Fotografo de bodas en Varsovia Polonia\" width=\"1290\" height=\"860\" srcset=\"https:\/\/www.felixdevega.com\/wp-content\/uploads\/2025\/05\/67-Fotografo-de-bodas-en-Varsovia-Polonia-1290x860.jpg 1290w, https:\/\/www.felixdevega.com\/wp-content\/uploads\/2025\/05\/67-Fotografo-de-bodas-en-Varsovia-Polonia-750x500.jpg 750w, https:\/\/www.felixdevega.com\/wp-content\/uploads\/2025\/05\/67-Fotografo-de-bodas-en-Varsovia-Polonia-1536x1024.jpg 1536w, https:\/\/www.felixdevega.com\/wp-content\/uploads\/2025\/05\/67-Fotografo-de-bodas-en-Varsovia-Polonia-1200x800.jpg 1200w, https:\/\/www.felixdevega.com\/wp-content\/uploads\/2025\/05\/67-Fotografo-de-bodas-en-Varsovia-Polonia.jpg 1800w\" sizes=\"(max-width: 1290px) 100vw, 1290px\" \/><img loading=\"lazy\" decoding=\"async\" class=\"alignnone wp-image-32978 size-large\" style=\"margin-bottom: 5px;\" src=\"https:\/\/www.felixdevega.com\/wp-content\/uploads\/2025\/05\/71-Fotografo-de-bodas-en-Varsovia-Polonia-1290x860.jpg\" alt=\"Fotografo de bodas en Varsovia Polonia\" width=\"1290\" height=\"860\" srcset=\"https:\/\/www.felixdevega.com\/wp-content\/uploads\/2025\/05\/71-Fotografo-de-bodas-en-Varsovia-Polonia-1290x860.jpg 1290w, https:\/\/www.felixdevega.com\/wp-content\/uploads\/2025\/05\/71-Fotografo-de-bodas-en-Varsovia-Polonia-750x500.jpg 750w, https:\/\/www.felixdevega.com\/wp-content\/uploads\/2025\/05\/71-Fotografo-de-bodas-en-Varsovia-Polonia-1536x1024.jpg 1536w, https:\/\/www.felixdevega.com\/wp-content\/uploads\/2025\/05\/71-Fotografo-de-bodas-en-Varsovia-Polonia-1200x800.jpg 1200w, https:\/\/www.felixdevega.com\/wp-content\/uploads\/2025\/05\/71-Fotografo-de-bodas-en-Varsovia-Polonia.jpg 1800w\" sizes=\"(max-width: 1290px) 100vw, 1290px\" \/><img loading=\"lazy\" decoding=\"async\" class=\"alignnone wp-image-32981 size-large\" style=\"margin-bottom: 5px;\" src=\"https:\/\/www.felixdevega.com\/wp-content\/uploads\/2025\/05\/73-Fotografo-de-bodas-en-Varsovia-Polonia-1290x860.jpg\" alt=\"Fotografo de bodas en Varsovia Polonia\" width=\"1290\" height=\"860\" srcset=\"https:\/\/www.felixdevega.com\/wp-content\/uploads\/2025\/05\/73-Fotografo-de-bodas-en-Varsovia-Polonia-1290x860.jpg 1290w, https:\/\/www.felixdevega.com\/wp-content\/uploads\/2025\/05\/73-Fotografo-de-bodas-en-Varsovia-Polonia-750x500.jpg 750w, https:\/\/www.felixdevega.com\/wp-content\/uploads\/2025\/05\/73-Fotografo-de-bodas-en-Varsovia-Polonia-1536x1024.jpg 1536w, https:\/\/www.felixdevega.com\/wp-content\/uploads\/2025\/05\/73-Fotografo-de-bodas-en-Varsovia-Polonia-1200x800.jpg 1200w, https:\/\/www.felixdevega.com\/wp-content\/uploads\/2025\/05\/73-Fotografo-de-bodas-en-Varsovia-Polonia.jpg 1800w\" sizes=\"(max-width: 1290px) 100vw, 1290px\" \/><img loading=\"lazy\" decoding=\"async\" class=\"alignnone wp-image-32984 size-large\" style=\"margin-bottom: 5px;\" src=\"https:\/\/www.felixdevega.com\/wp-content\/uploads\/2025\/05\/74-Fotografo-de-bodas-en-Varsovia-Polonia-1290x860.jpg\" alt=\"Fotografo de bodas en Varsovia Polonia\" width=\"1290\" height=\"860\" srcset=\"https:\/\/www.felixdevega.com\/wp-content\/uploads\/2025\/05\/74-Fotografo-de-bodas-en-Varsovia-Polonia-1290x860.jpg 1290w, https:\/\/www.felixdevega.com\/wp-content\/uploads\/2025\/05\/74-Fotografo-de-bodas-en-Varsovia-Polonia-750x500.jpg 750w, https:\/\/www.felixdevega.com\/wp-content\/uploads\/2025\/05\/74-Fotografo-de-bodas-en-Varsovia-Polonia-1536x1024.jpg 1536w, https:\/\/www.felixdevega.com\/wp-content\/uploads\/2025\/05\/74-Fotografo-de-bodas-en-Varsovia-Polonia-1200x800.jpg 1200w, https:\/\/www.felixdevega.com\/wp-content\/uploads\/2025\/05\/74-Fotografo-de-bodas-en-Varsovia-Polonia.jpg 1800w\" sizes=\"(max-width: 1290px) 100vw, 1290px\" \/><img loading=\"lazy\" decoding=\"async\" class=\"alignnone wp-image-32636 size-large\" style=\"margin-bottom: 5px;\" src=\"https:\/\/www.felixdevega.com\/wp-content\/uploads\/2025\/05\/blog-dos-fotos-horizontales13-1290x429.jpg\" alt=\"\" width=\"1290\" height=\"429\" srcset=\"https:\/\/www.felixdevega.com\/wp-content\/uploads\/2025\/05\/blog-dos-fotos-horizontales13-1290x429.jpg 1290w, https:\/\/www.felixdevega.com\/wp-content\/uploads\/2025\/05\/blog-dos-fotos-horizontales13-750x250.jpg 750w, https:\/\/www.felixdevega.com\/wp-content\/uploads\/2025\/05\/blog-dos-fotos-horizontales13.jpg 1400w\" sizes=\"(max-width: 1290px) 100vw, 1290px\" \/><img loading=\"lazy\" decoding=\"async\" class=\"alignnone wp-image-32633 size-large\" style=\"margin-bottom: 5px;\" src=\"https:\/\/www.felixdevega.com\/wp-content\/uploads\/2025\/05\/blog-dos-fotos-horizontales12-1290x429.jpg\" alt=\"\" width=\"1290\" height=\"429\" srcset=\"https:\/\/www.felixdevega.com\/wp-content\/uploads\/2025\/05\/blog-dos-fotos-horizontales12-1290x429.jpg 1290w, https:\/\/www.felixdevega.com\/wp-content\/uploads\/2025\/05\/blog-dos-fotos-horizontales12-750x250.jpg 750w, https:\/\/www.felixdevega.com\/wp-content\/uploads\/2025\/05\/blog-dos-fotos-horizontales12.jpg 1400w\" sizes=\"(max-width: 1290px) 100vw, 1290px\" \/><img loading=\"lazy\" decoding=\"async\" class=\"alignnone wp-image-32987 size-large\" style=\"margin-bottom: 5px;\" src=\"https:\/\/www.felixdevega.com\/wp-content\/uploads\/2025\/05\/75Fotografo-de-bodas-en-Varsovia-Polonia-1290x860.jpg\" alt=\"Fotografo de bodas en Varsovia Polonia\" width=\"1290\" height=\"860\" srcset=\"https:\/\/www.felixdevega.com\/wp-content\/uploads\/2025\/05\/75Fotografo-de-bodas-en-Varsovia-Polonia-1290x860.jpg 1290w, https:\/\/www.felixdevega.com\/wp-content\/uploads\/2025\/05\/75Fotografo-de-bodas-en-Varsovia-Polonia-750x500.jpg 750w, https:\/\/www.felixdevega.com\/wp-content\/uploads\/2025\/05\/75Fotografo-de-bodas-en-Varsovia-Polonia-1536x1024.jpg 1536w, https:\/\/www.felixdevega.com\/wp-content\/uploads\/2025\/05\/75Fotografo-de-bodas-en-Varsovia-Polonia-1200x800.jpg 1200w, https:\/\/www.felixdevega.com\/wp-content\/uploads\/2025\/05\/75Fotografo-de-bodas-en-Varsovia-Polonia.jpg 1800w\" sizes=\"(max-width: 1290px) 100vw, 1290px\" \/><img loading=\"lazy\" decoding=\"async\" class=\"alignnone wp-image-32457 size-large\" style=\"margin-bottom: 5px;\" src=\"https:\/\/www.felixdevega.com\/wp-content\/uploads\/2025\/05\/77-wesele-cicha-23-warszawa-168-1290x860.jpg\" alt=\"\" width=\"1290\" height=\"860\" srcset=\"https:\/\/www.felixdevega.com\/wp-content\/uploads\/2025\/05\/77-wesele-cicha-23-warszawa-168-1290x860.jpg 1290w, https:\/\/www.felixdevega.com\/wp-content\/uploads\/2025\/05\/77-wesele-cicha-23-warszawa-168-750x500.jpg 750w, https:\/\/www.felixdevega.com\/wp-content\/uploads\/2025\/05\/77-wesele-cicha-23-warszawa-168-1536x1024.jpg 1536w, https:\/\/www.felixdevega.com\/wp-content\/uploads\/2025\/05\/77-wesele-cicha-23-warszawa-168-1200x800.jpg 1200w, https:\/\/www.felixdevega.com\/wp-content\/uploads\/2025\/05\/77-wesele-cicha-23-warszawa-168.jpg 1800w\" sizes=\"(max-width: 1290px) 100vw, 1290px\" \/><img loading=\"lazy\" decoding=\"async\" class=\"alignnone wp-image-32990 size-large\" style=\"margin-bottom: 5px;\" src=\"https:\/\/www.felixdevega.com\/wp-content\/uploads\/2025\/05\/79-Fotografo-de-bodas-en-Varsovia-Polonia-1290x860.jpg\" alt=\"Fotografo de bodas en Varsovia Polonia\" width=\"1290\" height=\"860\" srcset=\"https:\/\/www.felixdevega.com\/wp-content\/uploads\/2025\/05\/79-Fotografo-de-bodas-en-Varsovia-Polonia-1290x860.jpg 1290w, https:\/\/www.felixdevega.com\/wp-content\/uploads\/2025\/05\/79-Fotografo-de-bodas-en-Varsovia-Polonia-750x500.jpg 750w, https:\/\/www.felixdevega.com\/wp-content\/uploads\/2025\/05\/79-Fotografo-de-bodas-en-Varsovia-Polonia-1536x1024.jpg 1536w, https:\/\/www.felixdevega.com\/wp-content\/uploads\/2025\/05\/79-Fotografo-de-bodas-en-Varsovia-Polonia-1200x800.jpg 1200w, https:\/\/www.felixdevega.com\/wp-content\/uploads\/2025\/05\/79-Fotografo-de-bodas-en-Varsovia-Polonia.jpg 1800w\" sizes=\"(max-width: 1290px) 100vw, 1290px\" \/><img loading=\"lazy\" decoding=\"async\" class=\"alignnone wp-image-32466 size-large\" style=\"margin-bottom: 5px;\" src=\"https:\/\/www.felixdevega.com\/wp-content\/uploads\/2025\/05\/80-wesele-cicha-23-warszawa-158-1290x860.jpg\" alt=\"Warsaw wedding venue Cicha 23\" width=\"1290\" height=\"860\" srcset=\"https:\/\/www.felixdevega.com\/wp-content\/uploads\/2025\/05\/80-wesele-cicha-23-warszawa-158-1290x860.jpg 1290w, https:\/\/www.felixdevega.com\/wp-content\/uploads\/2025\/05\/80-wesele-cicha-23-warszawa-158-750x500.jpg 750w, https:\/\/www.felixdevega.com\/wp-content\/uploads\/2025\/05\/80-wesele-cicha-23-warszawa-158-1536x1024.jpg 1536w, https:\/\/www.felixdevega.com\/wp-content\/uploads\/2025\/05\/80-wesele-cicha-23-warszawa-158-1200x800.jpg 1200w, https:\/\/www.felixdevega.com\/wp-content\/uploads\/2025\/05\/80-wesele-cicha-23-warszawa-158.jpg 1800w\" sizes=\"(max-width: 1290px) 100vw, 1290px\" \/><img loading=\"lazy\" decoding=\"async\" class=\"alignnone wp-image-32642 size-large\" style=\"margin-bottom: 5px;\" src=\"https:\/\/www.felixdevega.com\/wp-content\/uploads\/2025\/05\/blog-dos-fotos-horizontales15-1290x429.jpg\" alt=\"\" width=\"1290\" height=\"429\" srcset=\"https:\/\/www.felixdevega.com\/wp-content\/uploads\/2025\/05\/blog-dos-fotos-horizontales15-1290x429.jpg 1290w, https:\/\/www.felixdevega.com\/wp-content\/uploads\/2025\/05\/blog-dos-fotos-horizontales15-750x250.jpg 750w, https:\/\/www.felixdevega.com\/wp-content\/uploads\/2025\/05\/blog-dos-fotos-horizontales15.jpg 1400w\" sizes=\"(max-width: 1290px) 100vw, 1290px\" \/><img loading=\"lazy\" decoding=\"async\" class=\"alignnone wp-image-32478 size-large\" style=\"margin-bottom: 5px;\" src=\"https:\/\/www.felixdevega.com\/wp-content\/uploads\/2025\/05\/84-wesele-cicha-23-warszawa-154-1290x860.jpg\" alt=\"Warsaw wedding venue Cicha 23\" width=\"1290\" height=\"860\" srcset=\"https:\/\/www.felixdevega.com\/wp-content\/uploads\/2025\/05\/84-wesele-cicha-23-warszawa-154-1290x860.jpg 1290w, https:\/\/www.felixdevega.com\/wp-content\/uploads\/2025\/05\/84-wesele-cicha-23-warszawa-154-750x500.jpg 750w, https:\/\/www.felixdevega.com\/wp-content\/uploads\/2025\/05\/84-wesele-cicha-23-warszawa-154-1536x1024.jpg 1536w, https:\/\/www.felixdevega.com\/wp-content\/uploads\/2025\/05\/84-wesele-cicha-23-warszawa-154-1200x800.jpg 1200w, https:\/\/www.felixdevega.com\/wp-content\/uploads\/2025\/05\/84-wesele-cicha-23-warszawa-154.jpg 1800w\" sizes=\"(max-width: 1290px) 100vw, 1290px\" \/><img loading=\"lazy\" decoding=\"async\" class=\"alignnone wp-image-32472 size-large\" style=\"margin-bottom: 5px;\" src=\"https:\/\/www.felixdevega.com\/wp-content\/uploads\/2025\/05\/82-wesele-cicha-23-warszawa-155-1290x860.jpg\" alt=\"\" width=\"1290\" height=\"860\" srcset=\"https:\/\/www.felixdevega.com\/wp-content\/uploads\/2025\/05\/82-wesele-cicha-23-warszawa-155-1290x860.jpg 1290w, https:\/\/www.felixdevega.com\/wp-content\/uploads\/2025\/05\/82-wesele-cicha-23-warszawa-155-750x500.jpg 750w, https:\/\/www.felixdevega.com\/wp-content\/uploads\/2025\/05\/82-wesele-cicha-23-warszawa-155-1536x1024.jpg 1536w, https:\/\/www.felixdevega.com\/wp-content\/uploads\/2025\/05\/82-wesele-cicha-23-warszawa-155-1200x800.jpg 1200w, https:\/\/www.felixdevega.com\/wp-content\/uploads\/2025\/05\/82-wesele-cicha-23-warszawa-155.jpg 1800w\" sizes=\"(max-width: 1290px) 100vw, 1290px\" \/><\/p>\t\t\t\t\t\t\t\t<\/div>\n\t\t\t\t<\/div>\n\t\t\t\t<div class=\"elementor-element elementor-element-2d56e74 elementor-widget elementor-widget-spacer\" data-id=\"2d56e74\" data-element_type=\"widget\" data-e-type=\"widget\" data-widget_type=\"spacer.default\">\n\t\t\t\t<div class=\"elementor-widget-container\">\n\t\t\t\t\t\t\t<div class=\"elementor-spacer\">\n\t\t\t<div class=\"elementor-spacer-inner\"><\/div>\n\t\t<\/div>\n\t\t\t\t\t\t<\/div>\n\t\t\t\t<\/div>\n\t\t\t\t\t<\/div>\n\t\t<\/div>\n\t\t\t\t\t<\/div>\n\t\t<\/section>\n\t\t\t\t<section class=\"elementor-section elementor-top-section elementor-element elementor-element-dc43915 elementor-section-boxed elementor-section-height-default elementor-section-height-default wpr-particle-no wpr-sticky-section-no wpr-equal-height-no\" data-id=\"dc43915\" data-element_type=\"section\" data-e-type=\"section\">\n\t\t\t\t\t\t<div class=\"elementor-container elementor-column-gap-default\">\n\t\t\t\t\t<div class=\"elementor-column elementor-col-100 elementor-top-column elementor-element elementor-element-044ea30\" data-id=\"044ea30\" data-element_type=\"column\" data-e-type=\"column\">\n\t\t\t<div class=\"elementor-widget-wrap elementor-element-populated\">\n\t\t\t\t\t\t<div class=\"elementor-element elementor-element-03ce23b elementor-widget elementor-widget-heading\" data-id=\"03ce23b\" data-element_type=\"widget\" data-e-type=\"widget\" data-widget_type=\"heading.default\">\n\t\t\t\t<div class=\"elementor-widget-container\">\n\t\t\t\t\t<p class=\"elementor-heading-title elementor-size-default\">F\u00c9LIX DE VEGA<\/p>\t\t\t\t<\/div>\n\t\t\t\t<\/div>\n\t\t\t\t<div class=\"elementor-element elementor-element-c294ff8 elementor-widget elementor-widget-image\" data-id=\"c294ff8\" data-element_type=\"widget\" data-e-type=\"widget\" data-widget_type=\"image.default\">\n\t\t\t\t<div class=\"elementor-widget-container\">\n\t\t\t\t\t\t\t\t\t\t\t\t\t\t\t<img decoding=\"async\" src=\"https:\/\/www.felixdevega.com\/wp-content\/uploads\/elementor\/thumbs\/avioneta-sola.jpg-r5jk31nkaanes81e4zg3g0l1kdgfig0qu5g4y3jaki.webp\" title=\"avioneta-sola.jpg.webp\" alt=\"avioneta-sola.jpg.webp\" loading=\"lazy\" \/>\t\t\t\t\t\t\t\t\t\t\t\t\t\t\t<\/div>\n\t\t\t\t<\/div>\n\t\t\t\t\t<\/div>\n\t\t<\/div>\n\t\t\t\t\t<\/div>\n\t\t<\/section>\n\t\t\t\t<section class=\"elementor-section elementor-top-section elementor-element elementor-element-87d3a35 elementor-section-boxed elementor-section-height-default elementor-section-height-default wpr-particle-no wpr-sticky-section-no wpr-equal-height-no\" data-id=\"87d3a35\" data-element_type=\"section\" data-e-type=\"section\">\n\t\t\t\t\t\t<div class=\"elementor-container elementor-column-gap-default\">\n\t\t\t\t\t<div class=\"elementor-column elementor-col-100 elementor-top-column elementor-element elementor-element-f638153\" data-id=\"f638153\" data-element_type=\"column\" data-e-type=\"column\">\n\t\t\t<div class=\"elementor-widget-wrap elementor-element-populated\">\n\t\t\t\t\t\t<div class=\"elementor-element elementor-element-5148ec4 elementor-widget elementor-widget-text-editor\" data-id=\"5148ec4\" data-element_type=\"widget\" data-e-type=\"widget\" data-widget_type=\"text-editor.default\">\n\t\t\t\t<div class=\"elementor-widget-container\">\n\t\t\t\t\t\t\t\t\t<p>\u00a9 Todas las fotograf\u00edas: F\u00e9lix de Vega<\/p><p>GRACIAS A TODO EL EQUIPO<\/p><p><strong><a href=\"https:\/\/www.felixdevega.com\/es\/fotograf-slubny\/varsovia\/\" target=\"_blank\" rel=\"noopener\">Fot\u00f3grafo de bodas en Varsovia: F\u00e9lix de Vega<\/a><\/strong><\/p><p><strong><a href=\"https:\/\/www.instagram.com\/analogdreamsfilm\/\" target=\"_blank\" rel=\"noopener\">Videografo de boda: Pawe\u0142 D\u0105browski &#8211; Analog dreams<\/a><\/strong><\/p><p><a href=\"https:\/\/cicha23.pl\/\" target=\"_blank\" rel=\"noopener\">Sal\u00f3n de bodas en Varsovia: Cicha 23<\/a>\u00a0 \u00a0<\/p><p>Maquillaje: <a href=\"https:\/\/www.instagram.com\/dominikagasik.makeup\/\" target=\"_blank\" rel=\"noopener\">Dominika G\u0105sik<\/a><\/p><p>Peluquer\u00eda: <a href=\"https:\/\/www.instagram.com\/agaorzel_mua\/\" target=\"_blank\" rel=\"noopener\">Aga Orzel<\/a><\/p><p>DJ:\u00a0 \u00a0DJ Kuba Kr\u00f3l\u00a0 <a href=\"https:\/\/djkubakrol.pl\/\" target=\"_blank\" rel=\"noopener\">djkubakrol.pl<\/a><\/p><p>Saxof\u00f3n: \u0141ukasz Ludwicki <a href=\"https:\/\/www.instagram.com\/saxoludwik\/\" target=\"_blank\" rel=\"noopener\">Saxoludwik<\/a><\/p><p>Flores:\u00a0 <a href=\"https:\/\/hibiskus.pl\/?v=288404204e3d\" target=\"_blank\" rel=\"noopener\">hibiskus.pl<\/a><\/p><p>Vestido de Novia:\u00a0 \u00a0<a href=\"https:\/\/graceloveslace.com\/\" target=\"_blank\" rel=\"noopener\">Grace Loves Lace<\/a><\/p>\t\t\t\t\t\t\t\t<\/div>\n\t\t\t\t<\/div>\n\t\t\t\t<div class=\"elementor-element elementor-element-573fe9e elementor-widget-divider--view-line elementor-widget elementor-widget-divider\" data-id=\"573fe9e\" data-element_type=\"widget\" data-e-type=\"widget\" data-widget_type=\"divider.default\">\n\t\t\t\t<div class=\"elementor-widget-container\">\n\t\t\t\t\t\t\t<div class=\"elementor-divider\">\n\t\t\t<span class=\"elementor-divider-separator\">\n\t\t\t\t\t\t<\/span>\n\t\t<\/div>\n\t\t\t\t\t\t<\/div>\n\t\t\t\t<\/div>\n\t\t\t\t\t<\/div>\n\t\t<\/div>\n\t\t\t\t\t<\/div>\n\t\t<\/section>\n\t\t\t\t<section class=\"elementor-section elementor-top-section elementor-element elementor-element-14920d6 elementor-section-content-middle elementor-section-boxed elementor-section-height-default elementor-section-height-default wpr-particle-no wpr-sticky-section-no wpr-equal-height-no\" data-id=\"14920d6\" data-element_type=\"section\" data-e-type=\"section\" data-settings=\"{&quot;background_background&quot;:&quot;classic&quot;}\">\n\t\t\t\t\t\t<div class=\"elementor-container elementor-column-gap-no\">\n\t\t\t\t\t<div class=\"elementor-column elementor-col-50 elementor-top-column elementor-element elementor-element-6bd42fd\" data-id=\"6bd42fd\" data-element_type=\"column\" data-e-type=\"column\">\n\t\t\t<div class=\"elementor-widget-wrap elementor-element-populated\">\n\t\t\t\t\t\t<div class=\"elementor-element elementor-element-acd2afa elementor-widget elementor-widget-heading\" data-id=\"acd2afa\" data-element_type=\"widget\" data-e-type=\"widget\" data-widget_type=\"heading.default\">\n\t\t\t\t<div class=\"elementor-widget-container\">\n\t\t\t\t\t<p class=\"elementor-heading-title elementor-size-default\">Reserva tu fot\u00f3grafo de boda<\/p>\t\t\t\t<\/div>\n\t\t\t\t<\/div>\n\t\t\t\t<div class=\"elementor-element elementor-element-bf6e2af elementor-widget elementor-widget-text-editor\" data-id=\"bf6e2af\" data-element_type=\"widget\" data-e-type=\"widget\" data-widget_type=\"text-editor.default\">\n\t\t\t\t<div class=\"elementor-widget-container\">\n\t\t\t\t\t\t\t\t\t<p><b>Enviame un email, me encantar\u00e1 saber sobre tus planes de boda<\/b><\/p>\t\t\t\t\t\t\t\t<\/div>\n\t\t\t\t<\/div>\n\t\t\t\t<div class=\"elementor-element elementor-element-e7b11be elementor-widget elementor-widget-text-editor\" data-id=\"e7b11be\" data-element_type=\"widget\" data-e-type=\"widget\" data-widget_type=\"text-editor.default\">\n\t\t\t\t<div class=\"elementor-widget-container\">\n\t\t\t\t\t\t\t\t\t<p><span style=\"font-family: Verdana, sans-serif; color: #999999;\">F\u00e9lix de Vega<\/span><\/p>\n<p><a href=\"mailto:info@felixdevega.com\"><span style=\"color: #999999;\">info@felixdevega.com<\/span><\/a><\/p>\n<p><span style=\"color: #999999;\">tel. <a href=\"tel:+34694291493\">+34 694 291 493<\/a><\/span><\/p>\n<p><span style=\"color: #999999;\">tel. <a href=\"tel:+48511579346\">+48 511 579 346<\/a><\/span><\/p>\n<p><span style=\"color: #999999;\">Warsaw |\u00a0 Barcelona<\/span><\/p>\t\t\t\t\t\t\t\t<\/div>\n\t\t\t\t<\/div>\n\t\t\t\t\t<\/div>\n\t\t<\/div>\n\t\t\t\t<div class=\"elementor-column elementor-col-50 elementor-top-column elementor-element elementor-element-a60733f\" data-id=\"a60733f\" data-element_type=\"column\" data-e-type=\"column\">\n\t\t\t<div class=\"elementor-widget-wrap elementor-element-populated\">\n\t\t\t\t\t\t<div class=\"elementor-element elementor-element-1690eea elementor-align-right elementor-mobile-align-left elementor-widget elementor-widget-button\" data-id=\"1690eea\" data-element_type=\"widget\" data-e-type=\"widget\" data-widget_type=\"button.default\">\n\t\t\t\t<div class=\"elementor-widget-container\">\n\t\t\t\t\t\t\t\t\t<div class=\"elementor-button-wrapper\">\n\t\t\t\t\t<a class=\"elementor-button elementor-button-link elementor-size-sm elementor-animation-grow\" href=\"https:\/\/www.felixdevega.com\/es\/contacto\/\">\n\t\t\t\t\t\t<span class=\"elementor-button-content-wrapper\">\n\t\t\t\t\t\t\t\t\t<span class=\"elementor-button-text\">CONTACTO<\/span>\n\t\t\t\t\t<\/span>\n\t\t\t\t\t<\/a>\n\t\t\t\t<\/div>\n\t\t\t\t\t\t\t\t<\/div>\n\t\t\t\t<\/div>\n\t\t\t\t\t<\/div>\n\t\t<\/div>\n\t\t\t\t\t<\/div>\n\t\t<\/section>\n\t\t\t\t<section class=\"elementor-section elementor-top-section elementor-element elementor-element-45fc240 elementor-section-content-top elementor-section-height-min-height elementor-section-items-top elementor-section-boxed elementor-section-height-default wpr-particle-no wpr-sticky-section-no wpr-equal-height-no\" data-id=\"45fc240\" data-element_type=\"section\" data-e-type=\"section\">\n\t\t\t\t\t\t<div class=\"elementor-container elementor-column-gap-no\">\n\t\t\t\t\t<div class=\"elementor-column elementor-col-50 elementor-top-column elementor-element elementor-element-50a8d5d\" data-id=\"50a8d5d\" data-element_type=\"column\" data-e-type=\"column\">\n\t\t\t<div class=\"elementor-widget-wrap elementor-element-populated\">\n\t\t\t\t\t\t<div class=\"elementor-element elementor-element-73fca0c elementor-widget__width-initial elementor-widget elementor-widget-image\" data-id=\"73fca0c\" data-element_type=\"widget\" data-e-type=\"widget\" data-widget_type=\"image.default\">\n\t\t\t\t<div class=\"elementor-widget-container\">\n\t\t\t\t\t\t\t\t\t\t\t\t\t\t\t<img loading=\"lazy\" decoding=\"async\" width=\"1920\" height=\"1282\" src=\"https:\/\/www.felixdevega.com\/wp-content\/uploads\/2023\/02\/Wedding-Photographer-Spain-Poland-Italy-Europe.jpg\" class=\"attachment-full size-full wp-image-30105\" alt=\"Fotografo de bodas Barcelona Costa Brava M\u00e1laga\" srcset=\"https:\/\/www.felixdevega.com\/wp-content\/uploads\/2023\/02\/Wedding-Photographer-Spain-Poland-Italy-Europe.jpg 1920w, https:\/\/www.felixdevega.com\/wp-content\/uploads\/2023\/02\/Wedding-Photographer-Spain-Poland-Italy-Europe-750x501.jpg 750w, https:\/\/www.felixdevega.com\/wp-content\/uploads\/2023\/02\/Wedding-Photographer-Spain-Poland-Italy-Europe-1290x861.jpg 1290w, https:\/\/www.felixdevega.com\/wp-content\/uploads\/2023\/02\/Wedding-Photographer-Spain-Poland-Italy-Europe-1536x1026.jpg 1536w, https:\/\/www.felixdevega.com\/wp-content\/uploads\/2023\/02\/Wedding-Photographer-Spain-Poland-Italy-Europe-1200x800.jpg 1200w\" sizes=\"(max-width: 1920px) 100vw, 1920px\" \/>\t\t\t\t\t\t\t\t\t\t\t\t\t\t\t<\/div>\n\t\t\t\t<\/div>\n\t\t\t\t\t<\/div>\n\t\t<\/div>\n\t\t\t\t<div class=\"elementor-column elementor-col-50 elementor-top-column elementor-element elementor-element-2f4aa41\" data-id=\"2f4aa41\" data-element_type=\"column\" data-e-type=\"column\">\n\t\t\t<div class=\"elementor-widget-wrap elementor-element-populated\">\n\t\t\t\t\t\t<div class=\"elementor-element elementor-element-607ac47 elementor-widget elementor-widget-heading\" data-id=\"607ac47\" data-element_type=\"widget\" data-e-type=\"widget\" data-widget_type=\"heading.default\">\n\t\t\t\t<div class=\"elementor-widget-container\">\n\t\t\t\t\t<p class=\"elementor-heading-title elementor-size-default\">Mas informaci\u00f3n<\/p>\t\t\t\t<\/div>\n\t\t\t\t<\/div>\n\t\t\t\t<div class=\"elementor-element elementor-element-ea3e094 elementor-widget elementor-widget-icon-box\" data-id=\"ea3e094\" data-element_type=\"widget\" data-e-type=\"widget\" data-widget_type=\"icon-box.default\">\n\t\t\t\t<div class=\"elementor-widget-container\">\n\t\t\t\t\t\t\t<div class=\"elementor-icon-box-wrapper\">\n\n\t\t\t\n\t\t\t\t\t\t<div class=\"elementor-icon-box-content\">\n\n\t\t\t\t\t\t\t\t\t<p class=\"elementor-icon-box-title\">\n\t\t\t\t\t\t<a href=\"https:\/\/www.felixdevega.com\/es\/post\/fotografia-de-bodas\/como-elegir-a-tu-fotografo-de-boda\/\">\n\t\t\t\t\t\t\tC\u00f3mo elegir un buen fot\u00f3grafo de bodas\t\t\t\t\t\t<\/a>\n\t\t\t\t\t<\/p>\n\t\t\t\t\n\t\t\t\t\t\t\t\t\t<p class=\"elementor-icon-box-description\">\n\t\t\t\t\t\tC\u00f3mo elegir un buen fot\u00f3grafo de bodas\t\t\t\t\t<\/p>\n\t\t\t\t\n\t\t\t<\/div>\n\t\t\t\n\t\t<\/div>\n\t\t\t\t\t\t<\/div>\n\t\t\t\t<\/div>\n\t\t\t\t<div class=\"elementor-element elementor-element-4943a38 elementor-widget elementor-widget-icon-box\" data-id=\"4943a38\" data-element_type=\"widget\" data-e-type=\"widget\" data-widget_type=\"icon-box.default\">\n\t\t\t\t<div class=\"elementor-widget-container\">\n\t\t\t\t\t\t\t<div class=\"elementor-icon-box-wrapper\">\n\n\t\t\t\n\t\t\t\t\t\t<div class=\"elementor-icon-box-content\">\n\n\t\t\t\t\t\t\t\t\t<p class=\"elementor-icon-box-title\">\n\t\t\t\t\t\t<a href=\"https:\/\/www.felixdevega.com\/es\/sample-weddings\/\">\n\t\t\t\t\t\t\tReportajes de boda\t\t\t\t\t\t<\/a>\n\t\t\t\t\t<\/p>\n\t\t\t\t\n\t\t\t\t\t\t\t\t\t<p class=\"elementor-icon-box-description\">\n\t\t\t\t\t\tReportaje de boda\t\t\t\t\t<\/p>\n\t\t\t\t\n\t\t\t<\/div>\n\t\t\t\n\t\t<\/div>\n\t\t\t\t\t\t<\/div>\n\t\t\t\t<\/div>\n\t\t\t\t<div class=\"elementor-element elementor-element-bfd2323 elementor-widget elementor-widget-icon-box\" data-id=\"bfd2323\" data-element_type=\"widget\" data-e-type=\"widget\" data-widget_type=\"icon-box.default\">\n\t\t\t\t<div class=\"elementor-widget-container\">\n\t\t\t\t\t\t\t<div class=\"elementor-icon-box-wrapper\">\n\n\t\t\t\n\t\t\t\t\t\t<div class=\"elementor-icon-box-content\">\n\n\t\t\t\t\t\t\t\t\t<p class=\"elementor-icon-box-title\">\n\t\t\t\t\t\t<a href=\"https:\/\/www.felixdevega.com\/es\/videos-de-boda\/\">\n\t\t\t\t\t\t\tVideo de boda\t\t\t\t\t\t<\/a>\n\t\t\t\t\t<\/p>\n\t\t\t\t\n\t\t\t\t\t\t\t\t\t<p class=\"elementor-icon-box-description\">\n\t\t\t\t\t\tInformaci\u00f3n sobre videograf\u00eda de boda\t\t\t\t\t<\/p>\n\t\t\t\t\n\t\t\t<\/div>\n\t\t\t\n\t\t<\/div>\n\t\t\t\t\t\t<\/div>\n\t\t\t\t<\/div>\n\t\t\t\t<div class=\"elementor-element elementor-element-c978f87 elementor-widget elementor-widget-icon-box\" data-id=\"c978f87\" data-element_type=\"widget\" data-e-type=\"widget\" data-widget_type=\"icon-box.default\">\n\t\t\t\t<div class=\"elementor-widget-container\">\n\t\t\t\t\t\t\t<div class=\"elementor-icon-box-wrapper\">\n\n\t\t\t\n\t\t\t\t\t\t<div class=\"elementor-icon-box-content\">\n\n\t\t\t\t\t\t\t\t\t<p class=\"elementor-icon-box-title\">\n\t\t\t\t\t\t<a href=\"https:\/\/www.felixdevega.com\/es\/post\/estilos-y-tematicas-de-bodas\/que-estilo-de-boda-elegir\/\">\n\t\t\t\t\t\t\tQu\u00e9 estilo de boda elegir?\t\t\t\t\t\t<\/a>\n\t\t\t\t\t<\/p>\n\t\t\t\t\n\t\t\t\t\t\t\t\t\t<p class=\"elementor-icon-box-description\">\n\t\t\t\t\t\tC\u00f3mo elegir el estilo de boda perfecto para ti.\t\t\t\t\t<\/p>\n\t\t\t\t\n\t\t\t<\/div>\n\t\t\t\n\t\t<\/div>\n\t\t\t\t\t\t<\/div>\n\t\t\t\t<\/div>\n\t\t\t\t<div class=\"elementor-element elementor-element-abd07db elementor-widget elementor-widget-icon-box\" data-id=\"abd07db\" data-element_type=\"widget\" data-e-type=\"widget\" data-widget_type=\"icon-box.default\">\n\t\t\t\t<div class=\"elementor-widget-container\">\n\t\t\t\t\t\t\t<div class=\"elementor-icon-box-wrapper\">\n\n\t\t\t\n\t\t\t\t\t\t<div class=\"elementor-icon-box-content\">\n\n\t\t\t\t\t\t\t\t\t<p class=\"elementor-icon-box-title\">\n\t\t\t\t\t\t<a href=\"https:\/\/www.felixdevega.com\/es\/post\/planificacion-de-bodas\/5-consejos-para-elegir-la-mejor-wedding-planner\/\">\n\t\t\t\t\t\t\tWedding Planner\t\t\t\t\t\t<\/a>\n\t\t\t\t\t<\/p>\n\t\t\t\t\n\t\t\t\t\t\t\t\t\t<p class=\"elementor-icon-box-description\">\n\t\t\t\t\t\tQu\u00e9 tener en cuenta al elegir una Wedding Planner\t\t\t\t\t<\/p>\n\t\t\t\t\n\t\t\t<\/div>\n\t\t\t\n\t\t<\/div>\n\t\t\t\t\t\t<\/div>\n\t\t\t\t<\/div>\n\t\t\t\t<div class=\"elementor-element elementor-element-8b828bd elementor-widget elementor-widget-icon-box\" data-id=\"8b828bd\" data-element_type=\"widget\" data-e-type=\"widget\" data-widget_type=\"icon-box.default\">\n\t\t\t\t<div class=\"elementor-widget-container\">\n\t\t\t\t\t\t\t<div class=\"elementor-icon-box-wrapper\">\n\n\t\t\t\n\t\t\t\t\t\t<div class=\"elementor-icon-box-content\">\n\n\t\t\t\t\t\t\t\t\t<p class=\"elementor-icon-box-title\">\n\t\t\t\t\t\t<a href=\"https:\/\/www.felixdevega.com\/es\/post\/proveedores-para-bodas\/6-consejos-para-elegir-el-mejor-dj-para-tu-boda\/\">\n\t\t\t\t\t\t\tDJ para tu boda\t\t\t\t\t\t<\/a>\n\t\t\t\t\t<\/p>\n\t\t\t\t\n\t\t\t\t\t\t\t\t\t<p class=\"elementor-icon-box-description\">\n\t\t\t\t\t\tConsejos en la elecci\u00f3n de tu DJ de boda\t\t\t\t\t<\/p>\n\t\t\t\t\n\t\t\t<\/div>\n\t\t\t\n\t\t<\/div>\n\t\t\t\t\t\t<\/div>\n\t\t\t\t<\/div>\n\t\t\t\t<div class=\"elementor-element elementor-element-33f1dc2 elementor-widget elementor-widget-icon-box\" data-id=\"33f1dc2\" data-element_type=\"widget\" data-e-type=\"widget\" data-widget_type=\"icon-box.default\">\n\t\t\t\t<div class=\"elementor-widget-container\">\n\t\t\t\t\t\t\t<div class=\"elementor-icon-box-wrapper\">\n\n\t\t\t\n\t\t\t\t\t\t<div class=\"elementor-icon-box-content\">\n\n\t\t\t\t\t\t\t\t\t<p class=\"elementor-icon-box-title\">\n\t\t\t\t\t\t<a href=\"https:\/\/www.felixdevega.com\/reccomended-wedding-vendors-list\/\">\n\t\t\t\t\t\t\tLista de Proveedores\t\t\t\t\t\t<\/a>\n\t\t\t\t\t<\/p>\n\t\t\t\t\n\t\t\t\t\t\t\t\t\t<p class=\"elementor-icon-box-description\">\n\t\t\t\t\t\tProveedores de servicios de bodas recomendados\t\t\t\t\t<\/p>\n\t\t\t\t\n\t\t\t<\/div>\n\t\t\t\n\t\t<\/div>\n\t\t\t\t\t\t<\/div>\n\t\t\t\t<\/div>\n\t\t\t\t\t<\/div>\n\t\t<\/div>\n\t\t\t\t\t<\/div>\n\t\t<\/section>\n\t\t\t\t<section class=\"elementor-section elementor-top-section elementor-element elementor-element-45efa215 elementor-section-boxed elementor-section-height-default elementor-section-height-default wpr-particle-no wpr-sticky-section-no wpr-equal-height-no\" data-id=\"45efa215\" data-element_type=\"section\" data-e-type=\"section\">\n\t\t\t\t\t\t<div class=\"elementor-container elementor-column-gap-default\">\n\t\t\t\t\t<div class=\"elementor-column elementor-col-100 elementor-top-column elementor-element elementor-element-16bdd701\" data-id=\"16bdd701\" data-element_type=\"column\" data-e-type=\"column\">\n\t\t\t<div class=\"elementor-widget-wrap elementor-element-populated\">\n\t\t\t\t\t\t<div class=\"elementor-element elementor-element-55ba8614 elementor-widget elementor-widget-text-editor\" data-id=\"55ba8614\" data-element_type=\"widget\" data-e-type=\"widget\" data-widget_type=\"text-editor.default\">\n\t\t\t\t<div class=\"elementor-widget-container\">\n\t\t\t\t\t\t\t\t\t<p><a href=\"https:\/\/www.felixdevega.com\/es\/\" target=\"_blank\" rel=\"noopener\"><strong><em>\u00a0Fot\u00f3grafo de bodas en Barcelona, Espa\u00f1a | Fotografia de bodas en M\u00e1laga | F\u00e9lix de Vega<\/em><\/strong><\/a><\/p>\t\t\t\t\t\t\t\t<\/div>\n\t\t\t\t<\/div>\n\t\t\t\t\t<\/div>\n\t\t<\/div>\n\t\t\t\t\t<\/div>\n\t\t<\/section>\n\t\t\t\t<\/div>\n\t\t","protected":false},"excerpt":{"rendered":"<p>F\u00c9LIX DE VEGA BODA AL AIRE LIBRE EN CICHA 23 Cicha 23: Un rinc\u00f3n r\u00fastico y rom\u00e1ntico en Varsovia Si est\u00e1s buscando un lugar especial para celebrar tu boda al aire libre en Varsovia, el sal\u00f3n Cicha 23 es una joya escondida que merece toda tu atenci\u00f3n. Este encantador espacio combina lo mejor del estilo r\u00fastico con una atm\u00f3sfera rom\u00e1ntica, rodeado de naturaleza, calma y una est\u00e9tica cuidadosamente cuidada. Como fot\u00f3grafo de bodas, he tenido el placer de trabajar recientemente en este lugar y puedo decir, sin duda, que es uno de los salones de bodas m\u00e1s bonitos de Varsovia. \u00bfPor qu\u00e9 elegir Cicha 23 para tu boda? Cicha 23 no es solo un lugar bonito, es un espacio que respira amor, naturaleza y autenticidad. Cada rinc\u00f3n parece dise\u00f1ado para crear recuerdos imborrables, tanto para las parejas como para sus invitados. Estas son algunas razones por las que muchas parejas \u2014incluyendo las que viven fuera de Polonia\u2014 eligen este lugar para su gran d\u00eda: Un entorno natural \u00fanico, perfecto para bodas al aire libre rodeadas de vegetaci\u00f3n y luz natural. Versatilidad de espacios: Cicha 23 cuenta con tres salones interiores, todos con un estilo r\u00fastico y rom\u00e1ntico, caracterizado por el uso predominante de la madera, que aporta una atm\u00f3sfera c\u00e1lida y acogedora: Ma\u0142a Stajnia (\u201cel establo peque\u00f1o\u201d): donde se celebr\u00f3 la boda que tuve el placer de fotografiar. Aunque su nombre sugiere intimidad, es perfecto para bodas medianas de hasta unos 100 invitados. Du\u017ca Stajnia (\u201cel establo grande\u201d): ideal para celebraciones m\u00e1s amplias, con espacio suficiente para una gran fiesta sin perder el encanto del estilo r\u00fastico. Szklarnia (\u201cel invernadero\u201d): un espacio pensado para bodas m\u00e1s \u00edntimas, con un ambiente rom\u00e1ntico y lleno de luz. Decoraci\u00f3n con alma: madera, naturaleza, iluminaci\u00f3n c\u00e1lida y detalles cuidados crean un ambiente que no necesita excesos, porque la belleza est\u00e1 en lo simple y lo aut\u00e9ntico. Comodidad y ubicaci\u00f3n: situado a solo 20 minutos del centro de Varsovia, ofrece una combinaci\u00f3n ideal entre accesibilidad y sensaci\u00f3n de retiro. Ideal para fotograf\u00eda de bodas en Cicha 23: como fot\u00f3grafo, puedo asegurar que cada espacio \u2014tanto interior como exterior\u2014 est\u00e1 lleno de oportunidades visuales para contar historias reales con estilo y emoci\u00f3n. Reserva tu fot\u00f3grafo de boda Enviame un email, me encantar\u00e1 saber sobre tus planes de boda F\u00e9lix de Vega info@felixdevega.com tel. +34 694 291 493 tel. +48 511 579 346 Warsaw |\u00a0 Barcelona CONTACTO Cicha 23\u00a0 | Salones de boda en Varsovia Una historia de amor internacional en Varsovia Los protagonistas de esta boda fueron Richard, brit\u00e1nico, y Patrycja, polaca. Viven en el Reino Unido, pero eligieron Varsovia y Cicha 23 como el lugar perfecto para unir sus culturas, familias y corazones. El sal\u00f3n supo acoger esta historia multicultural con calidez y estilo. La decoraci\u00f3n r\u00fastica con toques modernos, las mesas al aire libre, y los rincones cuidadosamente dise\u00f1ados hicieron que cada instante fuera digno de capturar. Como fot\u00f3grafo, encontr\u00e9 inspiraci\u00f3n en cada rinc\u00f3n: desde los preparativos de los novios en las habitaciones interiores, hasta el atardecer en el jard\u00edn. Si sue\u00f1as con una boda al aire libre en Cicha 23, o simplemente quieres conocer c\u00f3mo podr\u00eda ser tu gran d\u00eda en uno de los salones de bodas m\u00e1s bonitos de Varsovia, te invito a descubrir algunas de las im\u00e1genes que captur\u00e9 en esta encantadora celebraci\u00f3n. Music:\u00a0 Carla Morrison &#8211;\u00a0 Eres t\u00fa Cicha 23\u00a0 | Boda jud\u00eda en Varsovia, Polonia Un escenario de ensue\u00f1o para una ceremonia al aire libre Lo que hace \u00fanico a Cicha 23 es su precioso jard\u00edn, ideal para ceremonias al aire libre. El entorno est\u00e1 rodeado de \u00e1rboles, flores y detalles naturales que convierten cada fotograf\u00eda en una postal. La luz suave que se filtra entre las ramas crea un ambiente m\u00e1gico, perfecto para captar emociones reales y momentos \u00edntimos. Tuve la oportunidad de fotografiar una boda muy especial: una ceremonia jud\u00eda celebrada al aire libre, con todos los elementos simb\u00f3licos que enriquecen esta tradici\u00f3n. Fue mi primera vez documentando una boda jud\u00eda y me emocion\u00f3 profundamente observar y captar momentos como: El levantamiento del velo por parte del novio. La novia dando siete vueltas alrededor del novio, un ritual lleno de significado. El tradicional momento en el que el novio rompe la copa con el pie, marcando el cierre de la ceremonia. Cicha 23\u00a0 | Fotograf\u00eda de bodas multiculturales Bodas multiculturales: amor sin fronteras La boda de Richard y Patrycja fue un hermoso ejemplo de c\u00f3mo el amor une culturas, idiomas y tradiciones. \u00c9l brit\u00e1nico, ella polaca, viviendo en el Reino Unido pero celebrando su boda en Varsovia, crearon una ceremonia llena de significado, respeto y alegr\u00eda. Como fot\u00f3grafo con m\u00e1s de 10 a\u00f1os de experiencia, he tenido el privilegio de documentar muchas bodas de parejas mixtas: polaco-espa\u00f1olas, franco-polacas, polaco-estadounidenses, entre otras. Estos encuentros culturales no solo enriquecen la celebraci\u00f3n, sino que tambi\u00e9n ofrecen un ambiente festivo, colorido, diverso y lleno de emociones. En estas bodas se respira un aire especial de tolerancia, conexi\u00f3n y autenticidad que es un placer capturar con la c\u00e1mara. Si est\u00e1s planificando una boda multicultural en Polonia, estar\u00e1s en buenas manos. Conozco bien los ritmos, los s\u00edmbolos y las din\u00e1micas de este tipo de celebraciones, y me encanta poder ayudar a cada pareja a contar su historia de forma \u00fanica. F\u00c9LIX DE VEGA \u00a9 Todas las fotograf\u00edas: F\u00e9lix de Vega GRACIAS A TODO EL EQUIPO Fot\u00f3grafo de bodas en Varsovia: F\u00e9lix de Vega Videografo de boda: Pawe\u0142 D\u0105browski &#8211; Analog dreams Sal\u00f3n de bodas en Varsovia: Cicha 23\u00a0 \u00a0 Maquillaje: Dominika G\u0105sik Peluquer\u00eda: Aga Orzel DJ:\u00a0 \u00a0DJ Kuba Kr\u00f3l\u00a0 djkubakrol.pl Saxof\u00f3n: \u0141ukasz Ludwicki Saxoludwik Flores:\u00a0 hibiskus.pl Vestido de Novia:\u00a0 \u00a0Grace Loves Lace Reserva tu fot\u00f3grafo de boda Enviame un email, me encantar\u00e1 saber sobre tus planes de boda F\u00e9lix de Vega info@felixdevega.com tel. +34 694 291 493 tel. +48 511 579 346 Warsaw |\u00a0 Barcelona CONTACTO Mas informaci\u00f3n C\u00f3mo elegir un buen fot\u00f3grafo de bodas C\u00f3mo elegir un buen fot\u00f3grafo de bodas Reportajes de boda Reportaje de boda Video de boda Informaci\u00f3n<\/p>\n","protected":false},"author":1,"featured_media":32072,"parent":0,"menu_order":0,"comment_status":"open","ping_status":"closed","template":"","meta":{"footnotes":""},"tags":[802,803,882],"class_list":["post-32056","page","type-page","status-publish","has-post-thumbnail","hentry","tag-boda-en-polonia","tag-boda-en-varsovia","tag-boda-judia"],"blocksy_meta":[],"_links":{"self":[{"href":"https:\/\/www.felixdevega.com\/es\/wp-json\/wp\/v2\/pages\/32056","targetHints":{"allow":["GET"]}}],"collection":[{"href":"https:\/\/www.felixdevega.com\/es\/wp-json\/wp\/v2\/pages"}],"about":[{"href":"https:\/\/www.felixdevega.com\/es\/wp-json\/wp\/v2\/types\/page"}],"author":[{"embeddable":true,"href":"https:\/\/www.felixdevega.com\/es\/wp-json\/wp\/v2\/users\/1"}],"replies":[{"embeddable":true,"href":"https:\/\/www.felixdevega.com\/es\/wp-json\/wp\/v2\/comments?post=32056"}],"version-history":[{"count":28,"href":"https:\/\/www.felixdevega.com\/es\/wp-json\/wp\/v2\/pages\/32056\/revisions"}],"predecessor-version":[{"id":33094,"href":"https:\/\/www.felixdevega.com\/es\/wp-json\/wp\/v2\/pages\/32056\/revisions\/33094"}],"wp:featuredmedia":[{"embeddable":true,"href":"https:\/\/www.felixdevega.com\/es\/wp-json\/wp\/v2\/media\/32072"}],"wp:attachment":[{"href":"https:\/\/www.felixdevega.com\/es\/wp-json\/wp\/v2\/media?parent=32056"}],"wp:term":[{"taxonomy":"post_tag","embeddable":true,"href":"https:\/\/www.felixdevega.com\/es\/wp-json\/wp\/v2\/tags?post=32056"}],"curies":[{"name":"wp","href":"https:\/\/api.w.org\/{rel}","templated":true}]}}