{"id":24903,"date":"2024-09-30T18:32:22","date_gmt":"2024-09-30T16:32:22","guid":{"rendered":"https:\/\/staging.felixdevega.com\/fotograf-slubny\/"},"modified":"2025-05-12T19:10:51","modified_gmt":"2025-05-12T17:10:51","slug":"fotograf-slubny","status":"publish","type":"page","link":"https:\/\/www.felixdevega.com\/es\/fotograf-slubny\/","title":{"rendered":"Fot\u00f3grafo de bodas en Espa\u00f1a"},"content":{"rendered":"\t\t<div data-elementor-type=\"wp-page\" data-elementor-id=\"24903\" class=\"elementor elementor-24903 elementor-22052\" data-elementor-post-type=\"page\">\n\t\t\t\t\t\t<section class=\"elementor-section elementor-top-section elementor-element elementor-element-6842d3e ct-section-stretched elementor-section-full_width elementor-section-height-default elementor-section-height-default wpr-particle-no wpr-sticky-section-no wpr-equal-height-no\" data-id=\"6842d3e\" data-element_type=\"section\" data-e-type=\"section\">\n\t\t\t\t\t\t<div class=\"elementor-container elementor-column-gap-no\">\n\t\t\t\t\t<div class=\"elementor-column elementor-col-100 elementor-top-column elementor-element elementor-element-57fe19e\" data-id=\"57fe19e\" data-element_type=\"column\" data-e-type=\"column\">\n\t\t\t<div class=\"elementor-widget-wrap elementor-element-populated\">\n\t\t\t\t\t\t<div class=\"elementor-element elementor-element-23a0d97 elementor-widget elementor-widget-image\" data-id=\"23a0d97\" data-element_type=\"widget\" data-e-type=\"widget\" data-widget_type=\"image.default\">\n\t\t\t\t<div class=\"elementor-widget-container\">\n\t\t\t\t\t\t\t\t\t\t\t\t\t\t\t<img decoding=\"async\" src=\"https:\/\/www.felixdevega.com\/wp-content\/uploads\/elementor\/thumbs\/avioneta-sola.jpg-qv3nifcoi4ceo6lf6evwne369fcsa780f6y86yrmf4.webp\" title=\"avioneta-sola.jpg\" alt=\"avioneta-sola.jpg\" loading=\"lazy\" \/>\t\t\t\t\t\t\t\t\t\t\t\t\t\t\t<\/div>\n\t\t\t\t<\/div>\n\t\t\t\t\t<\/div>\n\t\t<\/div>\n\t\t\t\t\t<\/div>\n\t\t<\/section>\n\t\t\t\t<section class=\"elementor-section elementor-top-section elementor-element elementor-element-e8e4db5 elementor-section-boxed elementor-section-height-default elementor-section-height-default wpr-particle-no wpr-sticky-section-no wpr-equal-height-no\" data-id=\"e8e4db5\" data-element_type=\"section\" data-e-type=\"section\">\n\t\t\t\t\t\t<div class=\"elementor-container elementor-column-gap-default\">\n\t\t\t\t\t<div class=\"elementor-column elementor-col-100 elementor-top-column elementor-element elementor-element-c36dca8\" data-id=\"c36dca8\" data-element_type=\"column\" data-e-type=\"column\">\n\t\t\t<div class=\"elementor-widget-wrap elementor-element-populated\">\n\t\t\t\t\t\t<div class=\"elementor-element elementor-element-01d5905 elementor-widget elementor-widget-spacer\" data-id=\"01d5905\" data-element_type=\"widget\" data-e-type=\"widget\" data-widget_type=\"spacer.default\">\n\t\t\t\t<div class=\"elementor-widget-container\">\n\t\t\t\t\t\t\t<div class=\"elementor-spacer\">\n\t\t\t<div class=\"elementor-spacer-inner\"><\/div>\n\t\t<\/div>\n\t\t\t\t\t\t<\/div>\n\t\t\t\t<\/div>\n\t\t\t\t<div class=\"elementor-element elementor-element-ab158ed elementor-widget elementor-widget-heading\" data-id=\"ab158ed\" data-element_type=\"widget\" data-e-type=\"widget\" data-widget_type=\"heading.default\">\n\t\t\t\t<div class=\"elementor-widget-container\">\n\t\t\t\t\t<p class=\"elementor-heading-title elementor-size-default\">F\u00c9LIX DE VEGA<\/p>\t\t\t\t<\/div>\n\t\t\t\t<\/div>\n\t\t\t\t<div class=\"elementor-element elementor-element-48865e54 elementor-widget elementor-widget-heading\" data-id=\"48865e54\" data-element_type=\"widget\" data-e-type=\"widget\" data-widget_type=\"heading.default\">\n\t\t\t\t<div class=\"elementor-widget-container\">\n\t\t\t\t\t<h2 class=\"elementor-heading-title elementor-size-default\">Fot\u00f3grafo de bodas \u2013 Fotograf\u00eda profesional para tu boda<\/h2>\t\t\t\t<\/div>\n\t\t\t\t<\/div>\n\t\t\t\t<section class=\"elementor-section elementor-inner-section elementor-element elementor-element-38ad2a0 elementor-section-boxed elementor-section-height-default elementor-section-height-default wpr-particle-no wpr-sticky-section-no wpr-equal-height-no\" data-id=\"38ad2a0\" data-element_type=\"section\" data-e-type=\"section\">\n\t\t\t\t\t\t<div class=\"elementor-container elementor-column-gap-default\">\n\t\t\t\t\t<div class=\"elementor-column elementor-col-100 elementor-inner-column elementor-element elementor-element-6c3d038\" data-id=\"6c3d038\" data-element_type=\"column\" data-e-type=\"column\">\n\t\t\t<div class=\"elementor-widget-wrap elementor-element-populated\">\n\t\t\t\t\t\t<div class=\"elementor-element elementor-element-7d1c105 elementor-widget elementor-widget-text-editor\" data-id=\"7d1c105\" data-element_type=\"widget\" data-e-type=\"widget\" data-widget_type=\"text-editor.default\">\n\t\t\t\t<div class=\"elementor-widget-container\">\n\t\t\t\t\t\t\t\t\t<p><strong>Qu\u00e9 tener en cuenta al elegir un fot\u00f3grafo de bodas profesional<\/strong><\/p>\t\t\t\t\t\t\t\t<\/div>\n\t\t\t\t<\/div>\n\t\t\t\t<div class=\"elementor-element elementor-element-16268a0 elementor-widget elementor-widget-spacer\" data-id=\"16268a0\" data-element_type=\"widget\" data-e-type=\"widget\" data-widget_type=\"spacer.default\">\n\t\t\t\t<div class=\"elementor-widget-container\">\n\t\t\t\t\t\t\t<div class=\"elementor-spacer\">\n\t\t\t<div class=\"elementor-spacer-inner\"><\/div>\n\t\t<\/div>\n\t\t\t\t\t\t<\/div>\n\t\t\t\t<\/div>\n\t\t\t\t\t<\/div>\n\t\t<\/div>\n\t\t\t\t\t<\/div>\n\t\t<\/section>\n\t\t\t\t<section class=\"elementor-section elementor-inner-section elementor-element elementor-element-f88d0d2 elementor-section-boxed elementor-section-height-default elementor-section-height-default wpr-particle-no wpr-sticky-section-no wpr-equal-height-no\" data-id=\"f88d0d2\" data-element_type=\"section\" data-e-type=\"section\">\n\t\t\t\t\t\t<div class=\"elementor-container elementor-column-gap-default\">\n\t\t\t\t\t<div class=\"elementor-column elementor-col-50 elementor-inner-column elementor-element elementor-element-940bf2f\" data-id=\"940bf2f\" data-element_type=\"column\" data-e-type=\"column\">\n\t\t\t<div class=\"elementor-widget-wrap elementor-element-populated\">\n\t\t\t\t\t\t<div class=\"elementor-element elementor-element-5374801 elementor-widget elementor-widget-heading\" data-id=\"5374801\" data-element_type=\"widget\" data-e-type=\"widget\" data-widget_type=\"heading.default\">\n\t\t\t\t<div class=\"elementor-widget-container\">\n\t\t\t\t\t<h3 class=\"elementor-heading-title elementor-size-default\">Fotograf\u00eda de bodas profesional.<\/h3>\t\t\t\t<\/div>\n\t\t\t\t<\/div>\n\t\t\t\t<div class=\"elementor-element elementor-element-1ec4e0e elementor-widget elementor-widget-text-editor\" data-id=\"1ec4e0e\" data-element_type=\"widget\" data-e-type=\"widget\" data-widget_type=\"text-editor.default\">\n\t\t\t\t<div class=\"elementor-widget-container\">\n\t\t\t\t\t\t\t\t\t<p><span style=\"color: #333333;\">La fotograf\u00eda de bodas profesional no se trata s\u00f3lo de tomar hermosas fotograf\u00edas, sino tambi\u00e9n de la capacidad de trabajar con personas, saber donde estar en cada momento y trabajar con la ilusi\u00f3n de crear recuerdos inolvidables.<\/span><\/p><p><span style=\"color: #333333;\">Un fot\u00f3grafo de bodas profesional prepara cuidadosamente cada sesi\u00f3n de boda planificando las tomas, conociendo la ubicaci\u00f3n y teniendo equipo de repuesto en caso de necesidad. La experiencia de un fot\u00f3grafo de bodas profesional le permite anticipar y responder a las condiciones cambiantes durante la ceremonia y la celebraci\u00f3n.<\/span><\/p><p><span style=\"color: #333333;\">Un fot\u00f3grafo de bodas profesional tiene un profundo conocimiento t\u00e9cnico del funcionamiento del equipo, composici\u00f3n, iluminaci\u00f3n y postproducci\u00f3n.\u00a0 Es capaz de utilizar la configuraci\u00f3n de c\u00e1mara y t\u00e9cnicas de edici\u00f3n adecuadas para obtener fotograf\u00edas de la m\u00e1s alta calidad. Los profesionales utilizan equipos y software de edici\u00f3n de alta calidad, lo que garantiza la m\u00e1s alta calidad de fotograf\u00edas. Tambi\u00e9n pueden utilizar la luz natural y artificial de forma que resalte la belleza de cada momento.<\/span><\/p>\t\t\t\t\t\t\t\t<\/div>\n\t\t\t\t<\/div>\n\t\t\t\t<div class=\"elementor-element elementor-element-7e76bb3 elementor-widget elementor-widget-heading\" data-id=\"7e76bb3\" data-element_type=\"widget\" data-e-type=\"widget\" data-widget_type=\"heading.default\">\n\t\t\t\t<div class=\"elementor-widget-container\">\n\t\t\t\t\t<h3 class=\"elementor-heading-title elementor-size-default\">\u00bfPor qu\u00e9 vale la pena elegir un fot\u00f3grafo de bodas profesional? <\/h3>\t\t\t\t<\/div>\n\t\t\t\t<\/div>\n\t\t\t\t<div class=\"elementor-element elementor-element-75297c4 elementor-widget elementor-widget-text-editor\" data-id=\"75297c4\" data-element_type=\"widget\" data-e-type=\"widget\" data-widget_type=\"text-editor.default\">\n\t\t\t\t<div class=\"elementor-widget-container\">\n\t\t\t\t\t\t\t\t\t<div class=\"flex w-full flex-col items-end\" data-content=\"user-message\"><p><span style=\"color: #333333;\">Un fot\u00f3grafo de bodas experimentado es capaz de capturar emociones naturales y momentos \u00edntimos que hacen que las fotograf\u00edas sean aut\u00e9nticas y llenas de vida. Puede observar y registrar discretamente los momentos m\u00e1s bellos.<\/span><\/p><p><span style=\"color: #333333;\">Un fot\u00f3grafo de bodas profesional ha realizado numerosas sesiones de boda, lo que le permite anticipar y capturar los detalles mas importantes, incluso en situaciones muy din\u00e1micas.\u00a0<\/span><\/p><p><span style=\"color: #333333;\">Un fot\u00f3grafo de bodas profesional tiene la capacidad de capturar discretamente emociones aut\u00e9nticas y momentos \u00fanicos que hacen que las fotograf\u00edas est\u00e9n llenas de vida y emoci\u00f3n. Una boda es uno de los eventos m\u00e1s importantes de la vida. Las fotograf\u00edas profesionales son una inversi\u00f3n en recuerdos que disfrutar\u00e1s durante a\u00f1os y te recordar\u00e1n esos hermosos momentos.<\/span><\/p><\/div>\t\t\t\t\t\t\t\t<\/div>\n\t\t\t\t<\/div>\n\t\t\t\t<div class=\"elementor-element elementor-element-6c18423 elementor-widget__width-initial elementor-widget elementor-widget-image\" data-id=\"6c18423\" data-element_type=\"widget\" data-e-type=\"widget\" data-widget_type=\"image.default\">\n\t\t\t\t<div class=\"elementor-widget-container\">\n\t\t\t\t\t\t\t\t\t\t\t\t\t\t\t<img fetchpriority=\"high\" decoding=\"async\" width=\"500\" height=\"176\" src=\"https:\/\/www.felixdevega.com\/wp-content\/uploads\/2024\/08\/logo-avioneta-500x.png\" class=\"attachment-medium size-medium wp-image-21759\" alt=\"\" \/>\t\t\t\t\t\t\t\t\t\t\t\t\t\t\t<\/div>\n\t\t\t\t<\/div>\n\t\t\t\t\t<\/div>\n\t\t<\/div>\n\t\t\t\t<div class=\"elementor-column elementor-col-50 elementor-inner-column elementor-element elementor-element-52f189d\" data-id=\"52f189d\" data-element_type=\"column\" data-e-type=\"column\">\n\t\t\t<div class=\"elementor-widget-wrap elementor-element-populated\">\n\t\t\t\t\t\t<div class=\"elementor-element elementor-element-6c43f2a elementor-widget elementor-widget-image\" data-id=\"6c43f2a\" data-element_type=\"widget\" data-e-type=\"widget\" data-widget_type=\"image.default\">\n\t\t\t\t<div class=\"elementor-widget-container\">\n\t\t\t\t\t\t\t\t\t\t\t\t\t\t\t<img decoding=\"async\" width=\"576\" height=\"1024\" src=\"https:\/\/www.felixdevega.com\/wp-content\/uploads\/2025\/04\/Fotografo-de-bodas-2.jpg\" class=\"attachment-large size-large wp-image-31853\" alt=\"fotografo de bodas profesional\" \/>\t\t\t\t\t\t\t\t\t\t\t\t\t\t\t<\/div>\n\t\t\t\t<\/div>\n\t\t\t\t\t<\/div>\n\t\t<\/div>\n\t\t\t\t\t<\/div>\n\t\t<\/section>\n\t\t\t\t<div class=\"elementor-element elementor-element-9c62234 elementor-widget elementor-widget-spacer\" data-id=\"9c62234\" data-element_type=\"widget\" data-e-type=\"widget\" data-widget_type=\"spacer.default\">\n\t\t\t\t<div class=\"elementor-widget-container\">\n\t\t\t\t\t\t\t<div class=\"elementor-spacer\">\n\t\t\t<div class=\"elementor-spacer-inner\"><\/div>\n\t\t<\/div>\n\t\t\t\t\t\t<\/div>\n\t\t\t\t<\/div>\n\t\t\t\t<div class=\"elementor-element elementor-element-6166b92 elementor-widget-divider--view-line elementor-widget elementor-widget-divider\" data-id=\"6166b92\" data-element_type=\"widget\" data-e-type=\"widget\" data-widget_type=\"divider.default\">\n\t\t\t\t<div class=\"elementor-widget-container\">\n\t\t\t\t\t\t\t<div class=\"elementor-divider\">\n\t\t\t<span class=\"elementor-divider-separator\">\n\t\t\t\t\t\t<\/span>\n\t\t<\/div>\n\t\t\t\t\t\t<\/div>\n\t\t\t\t<\/div>\n\t\t\t\t\t<\/div>\n\t\t<\/div>\n\t\t\t\t\t<\/div>\n\t\t<\/section>\n\t\t\t\t<section class=\"elementor-section elementor-top-section elementor-element elementor-element-2ac12ca elementor-section-height-min-height ct-section-stretched elementor-section-boxed elementor-section-height-default elementor-section-items-middle wpr-particle-no wpr-equal-height-no\" data-id=\"2ac12ca\" data-element_type=\"section\" data-e-type=\"section\">\n\t\t\t\t\t\t<div class=\"elementor-container elementor-column-gap-no\">\n\t\t\t\t\t<div class=\"elementor-column elementor-col-100 elementor-top-column elementor-element elementor-element-da1c650\" data-id=\"da1c650\" data-element_type=\"column\" data-e-type=\"column\">\n\t\t\t<div class=\"elementor-widget-wrap elementor-element-populated\">\n\t\t\t\t\t\t<section class=\"elementor-section elementor-inner-section elementor-element elementor-element-3ffc2aa elementor-section-boxed elementor-section-height-default elementor-section-height-default wpr-particle-no wpr-sticky-section-no wpr-equal-height-no\" data-id=\"3ffc2aa\" data-element_type=\"section\" data-e-type=\"section\">\n\t\t\t\t\t\t<div class=\"elementor-container elementor-column-gap-default\">\n\t\t\t\t\t<div class=\"elementor-column elementor-col-100 elementor-inner-column elementor-element elementor-element-ab75e80\" data-id=\"ab75e80\" data-element_type=\"column\" data-e-type=\"column\">\n\t\t\t<div class=\"elementor-widget-wrap elementor-element-populated\">\n\t\t\t\t\t\t<div class=\"elementor-element elementor-element-62a7b85 elementor-widget elementor-widget-heading\" data-id=\"62a7b85\" data-element_type=\"widget\" data-e-type=\"widget\" data-widget_type=\"heading.default\">\n\t\t\t\t<div class=\"elementor-widget-container\">\n\t\t\t\t\t<h2 class=\"elementor-heading-title elementor-size-default\">Reportajes de boda en Espa\u00f1a<\/h2>\t\t\t\t<\/div>\n\t\t\t\t<\/div>\n\t\t\t\t\t<\/div>\n\t\t<\/div>\n\t\t\t\t\t<\/div>\n\t\t<\/section>\n\t\t\t\t<div class=\"elementor-element elementor-element-a9959b5 elementor-widget elementor-widget-text-editor\" data-id=\"a9959b5\" data-element_type=\"widget\" data-e-type=\"widget\" data-widget_type=\"text-editor.default\">\n\t\t\t\t<div class=\"elementor-widget-container\">\n\t\t\t\t\t\t\t\t\t<p>Aqui encontrar\u00e1s reportajes de boda en diferentes ciudades espa\u00f1olas.<\/p>\t\t\t\t\t\t\t\t<\/div>\n\t\t\t\t<\/div>\n\t\t\t\t<section class=\"elementor-section elementor-inner-section elementor-element elementor-element-55c3d19 elementor-section-boxed elementor-section-height-default elementor-section-height-default wpr-particle-no wpr-sticky-section-no wpr-equal-height-no\" data-id=\"55c3d19\" data-element_type=\"section\" data-e-type=\"section\">\n\t\t\t\t\t\t<div class=\"elementor-container elementor-column-gap-default\">\n\t\t\t\t\t<div class=\"elementor-column elementor-col-33 elementor-inner-column elementor-element elementor-element-51d97ec\" data-id=\"51d97ec\" data-element_type=\"column\" data-e-type=\"column\">\n\t\t\t<div class=\"elementor-widget-wrap elementor-element-populated\">\n\t\t\t\t\t\t<div class=\"elementor-element elementor-element-874a790 wpr-promo-box-style-cover elementor-widget elementor-widget-wpr-promo-box\" data-id=\"874a790\" data-element_type=\"widget\" data-e-type=\"widget\" data-settings=\"{&quot;_animation&quot;:&quot;none&quot;}\" data-widget_type=\"wpr-promo-box.default\">\n\t\t\t\t<div class=\"elementor-widget-container\">\n\t\t\t\t\t\n\t\t<div class=\"wpr-promo-box wpr-animation-wrap\">\n\n\t\t\t\t\t\t\t\n\t\t\t\t\t\t\t<div class=\"wpr-promo-box-image\">\n\t\t\t\t\t<div class=\"wpr-promo-box-bg-image wpr-bg-anim-zoom-in wpr-anim-timing-ease-default\" style=\"background-image:url(https:\/\/www.felixdevega.com\/wp-content\/uploads\/2024\/09\/boda-barcelona-fotografo-331.jpg);\"><\/div>\n\t\t\t\t\t<div class=\"wpr-promo-box-bg-overlay wpr-border-anim-oscar\"><\/div>\n\t\t\t\t<\/div>\n\t\t\t\t\t\t\n\t\t\t<div class=\"wpr-promo-box-content\">\n\n\t\t\t\t\t\t\t\t<div class=\"wpr-promo-box-icon\">\n\t\t\t\t\t\t\t\t\t<\/div>\n\t\t\t\t\n\t\t\t\t<h3 class=\"wpr-promo-box-title\"><span>Fot\u00f3grafo de bodas en Barcelona<\/span><\/h3>\n\t\t\t\t\t\t\t\t\t<div class=\"wpr-promo-box-description\">\n\t\t\t\t\t\t<p><p>Fotograf\u00eda de bodas en Barcelona, Tarragona, Girona<\/p><\/p>\t\n\t\t\t\t\t<\/div>\t\t\t\t\t\t\n\t\t\t\t\n\t\t\t\t\t\t\t\t\t<div class=\"wpr-promo-box-btn-wrap\">\n\t\t\t\t\t\t<a class=\"wpr-promo-box-btn\" href=\"https:\/\/www.felixdevega.com\/es\/fotografo-de-bodas-barcelona\/\">\n\n\t\t\t\t\t\t\t\t\t\t\t\t\t\t<span class=\"wpr-promo-box-btn-text\">Click here<\/span>\t\t\n\t\t\t\t\t\t\t\n\t\t\t\t\t\t\t\t\t\t\t\t\t<\/a>\n\t\t\t\t\t<\/div>\t\n\t\t\t\t\t\t\t<\/div>\n\n\t\t\t\t\t<\/div>\n\n\t\t\t\t\t\t<\/div>\n\t\t\t\t<\/div>\n\t\t\t\t<div class=\"elementor-element elementor-element-209d7ff wpr-promo-box-style-cover elementor-widget elementor-widget-wpr-promo-box\" data-id=\"209d7ff\" data-element_type=\"widget\" data-e-type=\"widget\" data-settings=\"{&quot;_animation&quot;:&quot;none&quot;,&quot;_animation_delay&quot;:100}\" data-widget_type=\"wpr-promo-box.default\">\n\t\t\t\t<div class=\"elementor-widget-container\">\n\t\t\t\t\t\n\t\t<div class=\"wpr-promo-box wpr-animation-wrap\">\n\n\t\t\t\t\t\t\t\n\t\t\t\t\t\t\t<div class=\"wpr-promo-box-image\">\n\t\t\t\t\t<div class=\"wpr-promo-box-bg-image wpr-bg-anim-zoom-in wpr-anim-timing-ease-default\" style=\"background-image:url(https:\/\/www.felixdevega.com\/wp-content\/uploads\/2024\/09\/Felix-de-Vega-portfolio-2-2.jpg);\"><\/div>\n\t\t\t\t\t<div class=\"wpr-promo-box-bg-overlay wpr-border-anim-oscar\"><\/div>\n\t\t\t\t<\/div>\n\t\t\t\t\t\t\n\t\t\t<div class=\"wpr-promo-box-content\">\n\n\t\t\t\t\t\t\t\t<div class=\"wpr-promo-box-icon\">\n\t\t\t\t\t\t\t\t\t<\/div>\n\t\t\t\t\n\t\t\t\t<h3 class=\"wpr-promo-box-title\"><span>Fot\u00f3grafo de bodas en Madrid<\/span><\/h3>\n\t\t\t\t\t\t\t\t\t<div class=\"wpr-promo-box-description\">\n\t\t\t\t\t\t<p><p>Fotograf\u00eda de bodas en Madrid.<\/p><\/p>\t\n\t\t\t\t\t<\/div>\t\t\t\t\t\t\n\t\t\t\t\n\t\t\t\t\t\t\t\t\t<div class=\"wpr-promo-box-btn-wrap\">\n\t\t\t\t\t\t<a class=\"wpr-promo-box-btn\" href=\"https:\/\/www.felixdevega.com\/es\/fotografo-de-bodas-barcelona\/\">\n\n\t\t\t\t\t\t\t\t\t\t\t\t\t\t<span class=\"wpr-promo-box-btn-text\">Click here<\/span>\t\t\n\t\t\t\t\t\t\t\n\t\t\t\t\t\t\t\t\t\t\t\t\t<\/a>\n\t\t\t\t\t<\/div>\t\n\t\t\t\t\t\t\t<\/div>\n\n\t\t\t\t\t<\/div>\n\n\t\t\t\t\t\t<\/div>\n\t\t\t\t<\/div>\n\t\t\t\t\t<\/div>\n\t\t<\/div>\n\t\t\t\t<div class=\"elementor-column elementor-col-33 elementor-inner-column elementor-element elementor-element-0cd4f9b\" data-id=\"0cd4f9b\" data-element_type=\"column\" data-e-type=\"column\">\n\t\t\t<div class=\"elementor-widget-wrap elementor-element-populated\">\n\t\t\t\t\t\t<div class=\"elementor-element elementor-element-21d631d wpr-promo-box-style-cover elementor-widget elementor-widget-wpr-promo-box\" data-id=\"21d631d\" data-element_type=\"widget\" data-e-type=\"widget\" data-settings=\"{&quot;_animation&quot;:&quot;none&quot;}\" data-widget_type=\"wpr-promo-box.default\">\n\t\t\t\t<div class=\"elementor-widget-container\">\n\t\t\t\t\t\n\t\t<div class=\"wpr-promo-box wpr-animation-wrap\">\n\n\t\t\t\t\t\t\t\n\t\t\t\t\t\t\t<div class=\"wpr-promo-box-image\">\n\t\t\t\t\t<div class=\"wpr-promo-box-bg-image wpr-bg-anim-zoom-in wpr-anim-timing-ease-default\" style=\"background-image:url(https:\/\/www.felixdevega.com\/wp-content\/uploads\/2023\/03\/boda-rustica-11.jpg);\"><\/div>\n\t\t\t\t\t<div class=\"wpr-promo-box-bg-overlay wpr-border-anim-oscar\"><\/div>\n\t\t\t\t<\/div>\n\t\t\t\t\t\t\n\t\t\t<div class=\"wpr-promo-box-content\">\n\n\t\t\t\t\t\t\t\t<div class=\"wpr-promo-box-icon\">\n\t\t\t\t\t\t\t\t\t<\/div>\n\t\t\t\t\n\t\t\t\t<h3 class=\"wpr-promo-box-title\"><span>Fot\u00f3grafo de bodas en Castilla y Leon<\/span><\/h3>\n\t\t\t\t\t\t\t\t\t<div class=\"wpr-promo-box-description\">\n\t\t\t\t\t\t<p><p>Fot\u00f3grafo de bodas en Castilla y Le\u00f3n,\u00a0 Valladolid<\/p><\/p>\t\n\t\t\t\t\t<\/div>\t\t\t\t\t\t\n\t\t\t\t\n\t\t\t\t\t\t\t\t\t<div class=\"wpr-promo-box-btn-wrap\">\n\t\t\t\t\t\t<a class=\"wpr-promo-box-btn\" href=\"https:\/\/www.felixdevega.com\/es\/boda-rustica-en-espana-fotografo-bodas\/\">\n\n\t\t\t\t\t\t\t\t\t\t\t\t\t\t<span class=\"wpr-promo-box-btn-text\">Click here<\/span>\t\t\n\t\t\t\t\t\t\t\n\t\t\t\t\t\t\t\t\t\t\t\t\t<\/a>\n\t\t\t\t\t<\/div>\t\n\t\t\t\t\t\t\t<\/div>\n\n\t\t\t\t\t<\/div>\n\n\t\t\t\t\t\t<\/div>\n\t\t\t\t<\/div>\n\t\t\t\t<div class=\"elementor-element elementor-element-940738c wpr-promo-box-style-cover elementor-widget elementor-widget-wpr-promo-box\" data-id=\"940738c\" data-element_type=\"widget\" data-e-type=\"widget\" data-settings=\"{&quot;_animation&quot;:&quot;none&quot;,&quot;_animation_delay&quot;:200}\" data-widget_type=\"wpr-promo-box.default\">\n\t\t\t\t<div class=\"elementor-widget-container\">\n\t\t\t\t\t\n\t\t<div class=\"wpr-promo-box wpr-animation-wrap\">\n\n\t\t\t\t\t\t\t\n\t\t\t\t\t\t\t<div class=\"wpr-promo-box-image\">\n\t\t\t\t\t<div class=\"wpr-promo-box-bg-image wpr-bg-anim-zoom-in wpr-anim-timing-ease-default\" style=\"background-image:url(https:\/\/www.felixdevega.com\/wp-content\/uploads\/2024\/07\/Ruby_Konrad-30.jpg);\"><\/div>\n\t\t\t\t\t<div class=\"wpr-promo-box-bg-overlay wpr-border-anim-oscar\"><\/div>\n\t\t\t\t<\/div>\n\t\t\t\t\t\t\n\t\t\t<div class=\"wpr-promo-box-content\">\n\n\t\t\t\t\t\t\t\t<div class=\"wpr-promo-box-icon\">\n\t\t\t\t\t\t\t\t\t<\/div>\n\t\t\t\t\n\t\t\t\t<h3 class=\"wpr-promo-box-title\"><span>Fot\u00f3grafo de bodas en M\u00e1laga<\/span><\/h3>\n\t\t\t\t\t\t\t\t\t<div class=\"wpr-promo-box-description\">\n\t\t\t\t\t\t<p><p>Fot\u00f3grafo de Bodas en M\u00e1laga, Marbella, Costa del Sol<\/p><\/p>\t\n\t\t\t\t\t<\/div>\t\t\t\t\t\t\n\t\t\t\t\n\t\t\t\t\t\t\t\t\t<div class=\"wpr-promo-box-btn-wrap\">\n\t\t\t\t\t\t<div class=\"wpr-promo-box-btn\" >\n\n\t\t\t\t\t\t\t\t\t\t\t\t\t\t<span class=\"wpr-promo-box-btn-text\">Click here<\/span>\t\t\n\t\t\t\t\t\t\t\n\t\t\t\t\t\t\t\t\t\t\t\t\t<\/div>\n\t\t\t\t\t<\/div>\t\n\t\t\t\t\t\t\t<\/div>\n\n\t\t\t\t\t<\/div>\n\n\t\t\t\t\t\t<\/div>\n\t\t\t\t<\/div>\n\t\t\t\t\t<\/div>\n\t\t<\/div>\n\t\t\t\t<div class=\"elementor-column elementor-col-33 elementor-inner-column elementor-element elementor-element-ff280b4\" data-id=\"ff280b4\" data-element_type=\"column\" data-e-type=\"column\">\n\t\t\t<div class=\"elementor-widget-wrap elementor-element-populated\">\n\t\t\t\t\t\t<div class=\"elementor-element elementor-element-cda2048 wpr-promo-box-style-cover elementor-widget elementor-widget-wpr-promo-box\" data-id=\"cda2048\" data-element_type=\"widget\" data-e-type=\"widget\" data-settings=\"{&quot;_animation&quot;:&quot;none&quot;,&quot;_animation_delay&quot;:100}\" data-widget_type=\"wpr-promo-box.default\">\n\t\t\t\t<div class=\"elementor-widget-container\">\n\t\t\t\t\t\n\t\t<div class=\"wpr-promo-box wpr-animation-wrap\">\n\n\t\t\t\t\t\t\t\n\t\t\t\t\t\t\t<div class=\"wpr-promo-box-image\">\n\t\t\t\t\t<div class=\"wpr-promo-box-bg-image wpr-bg-anim-zoom-in wpr-anim-timing-ease-default\" style=\"background-image:url(https:\/\/www.felixdevega.com\/wp-content\/uploads\/2024\/07\/68-fotografo-bodas-costa-brava-roger-de-flor-105-1.jpg);\"><\/div>\n\t\t\t\t\t<div class=\"wpr-promo-box-bg-overlay wpr-border-anim-oscar\"><\/div>\n\t\t\t\t<\/div>\n\t\t\t\t\t\t\n\t\t\t<div class=\"wpr-promo-box-content\">\n\n\t\t\t\t\t\t\t\t<div class=\"wpr-promo-box-icon\">\n\t\t\t\t\t\t\t\t\t<\/div>\n\t\t\t\t\n\t\t\t\t<h3 class=\"wpr-promo-box-title\"><span>Fot\u00f3grafo de bodas en la Costa Brava<\/span><\/h3>\n\t\t\t\t\t\t\t\t\t<div class=\"wpr-promo-box-description\">\n\t\t\t\t\t\t<p><p>Fotograf\u00eda de bodas en la Costa Brava, Hotel Roger de Flor<\/p><\/p>\t\n\t\t\t\t\t<\/div>\t\t\t\t\t\t\n\t\t\t\t\n\t\t\t\t\t\t\t\t\t<div class=\"wpr-promo-box-btn-wrap\">\n\t\t\t\t\t\t<a class=\"wpr-promo-box-btn\" href=\"https:\/\/www.felixdevega.com\/es\/wedding-photographer-costa-brava-spain\/\">\n\n\t\t\t\t\t\t\t\t\t\t\t\t\t\t<span class=\"wpr-promo-box-btn-text\">Click here<\/span>\t\t\n\t\t\t\t\t\t\t\n\t\t\t\t\t\t\t\t\t\t\t\t\t<\/a>\n\t\t\t\t\t<\/div>\t\n\t\t\t\t\t\t\t<\/div>\n\n\t\t\t\t\t<\/div>\n\n\t\t\t\t\t\t<\/div>\n\t\t\t\t<\/div>\n\t\t\t\t<div class=\"elementor-element elementor-element-e857358 wpr-promo-box-style-cover elementor-widget elementor-widget-wpr-promo-box\" data-id=\"e857358\" data-element_type=\"widget\" data-e-type=\"widget\" data-settings=\"{&quot;_animation&quot;:&quot;none&quot;,&quot;_animation_delay&quot;:200}\" data-widget_type=\"wpr-promo-box.default\">\n\t\t\t\t<div class=\"elementor-widget-container\">\n\t\t\t\t\t\n\t\t<div class=\"wpr-promo-box wpr-animation-wrap\">\n\n\t\t\t\t\t\t\t\n\t\t\t\t\t\t\t<div class=\"wpr-promo-box-image\">\n\t\t\t\t\t<div class=\"wpr-promo-box-bg-image wpr-bg-anim-zoom-in wpr-anim-timing-ease-default\" style=\"background-image:url(https:\/\/www.felixdevega.com\/wp-content\/uploads\/2024\/04\/046-slub-humanistyczny-humanist-wedding-057.jpg);\"><\/div>\n\t\t\t\t\t<div class=\"wpr-promo-box-bg-overlay wpr-border-anim-oscar\"><\/div>\n\t\t\t\t<\/div>\n\t\t\t\t\t\t\n\t\t\t<div class=\"wpr-promo-box-content\">\n\n\t\t\t\t\t\t\t\t<div class=\"wpr-promo-box-icon\">\n\t\t\t\t\t\t\t\t\t<\/div>\n\t\t\t\t\n\t\t\t\t<h3 class=\"wpr-promo-box-title\"><span>Fot\u00f3grafo de bodas en Mallorca<\/span><\/h3>\n\t\t\t\t\t\t\t\t\t<div class=\"wpr-promo-box-description\">\n\t\t\t\t\t\t<p><p>Fotograf\u00eda de bodas en Baleares, Mallorca, Menorca, Ibiza, Formentera<\/p><\/p>\t\n\t\t\t\t\t<\/div>\t\t\t\t\t\t\n\t\t\t\t\n\t\t\t\t\t\t\t\t\t<div class=\"wpr-promo-box-btn-wrap\">\n\t\t\t\t\t\t<div class=\"wpr-promo-box-btn\" >\n\n\t\t\t\t\t\t\t\t\t\t\t\t\t\t<span class=\"wpr-promo-box-btn-text\">Click here<\/span>\t\t\n\t\t\t\t\t\t\t\n\t\t\t\t\t\t\t\t\t\t\t\t\t<\/div>\n\t\t\t\t\t<\/div>\t\n\t\t\t\t\t\t\t<\/div>\n\n\t\t\t\t\t<\/div>\n\n\t\t\t\t\t\t<\/div>\n\t\t\t\t<\/div>\n\t\t\t\t\t<\/div>\n\t\t<\/div>\n\t\t\t\t\t<\/div>\n\t\t<\/section>\n\t\t\t\t\t<\/div>\n\t\t<\/div>\n\t\t\t\t\t<\/div>\n\t\t<\/section>\n\t\t\t\t<section class=\"elementor-section elementor-top-section elementor-element elementor-element-d45bf4e elementor-section-boxed elementor-section-height-default elementor-section-height-default wpr-particle-no wpr-sticky-section-no wpr-equal-height-no\" data-id=\"d45bf4e\" data-element_type=\"section\" data-e-type=\"section\">\n\t\t\t\t\t\t<div class=\"elementor-container elementor-column-gap-default\">\n\t\t\t\t\t<div class=\"elementor-column elementor-col-100 elementor-top-column elementor-element elementor-element-16f8536\" data-id=\"16f8536\" data-element_type=\"column\" data-e-type=\"column\">\n\t\t\t<div class=\"elementor-widget-wrap elementor-element-populated\">\n\t\t\t\t\t\t<div class=\"elementor-element elementor-element-839346b elementor-widget elementor-widget-heading\" data-id=\"839346b\" data-element_type=\"widget\" data-e-type=\"widget\" data-widget_type=\"heading.default\">\n\t\t\t\t<div class=\"elementor-widget-container\">\n\t\t\t\t\t<p class=\"elementor-heading-title elementor-size-default\">F\u00c9LIX DE VEGA<\/p>\t\t\t\t<\/div>\n\t\t\t\t<\/div>\n\t\t\t\t<div class=\"elementor-element elementor-element-5e87842 elementor-widget elementor-widget-heading\" data-id=\"5e87842\" data-element_type=\"widget\" data-e-type=\"widget\" data-widget_type=\"heading.default\">\n\t\t\t\t<div class=\"elementor-widget-container\">\n\t\t\t\t\t<h2 class=\"elementor-heading-title elementor-size-default\">Nuestros servicios \u2013 Fot\u00f3grafo de bodas<\/h2>\t\t\t\t<\/div>\n\t\t\t\t<\/div>\n\t\t\t\t<div class=\"elementor-element elementor-element-ca78822 elementor-widget elementor-widget-spacer\" data-id=\"ca78822\" data-element_type=\"widget\" data-e-type=\"widget\" data-widget_type=\"spacer.default\">\n\t\t\t\t<div class=\"elementor-widget-container\">\n\t\t\t\t\t\t\t<div class=\"elementor-spacer\">\n\t\t\t<div class=\"elementor-spacer-inner\"><\/div>\n\t\t<\/div>\n\t\t\t\t\t\t<\/div>\n\t\t\t\t<\/div>\n\t\t\t\t<section class=\"elementor-section elementor-inner-section elementor-element elementor-element-0c5a7d3 elementor-section-boxed elementor-section-height-default elementor-section-height-default wpr-particle-no wpr-sticky-section-no wpr-equal-height-no\" data-id=\"0c5a7d3\" data-element_type=\"section\" data-e-type=\"section\">\n\t\t\t\t\t\t<div class=\"elementor-container elementor-column-gap-default\">\n\t\t\t\t\t<div class=\"elementor-column elementor-col-50 elementor-inner-column elementor-element elementor-element-07ec0f8\" data-id=\"07ec0f8\" data-element_type=\"column\" data-e-type=\"column\">\n\t\t\t<div class=\"elementor-widget-wrap elementor-element-populated\">\n\t\t\t\t\t\t<div class=\"elementor-element elementor-element-3ed20e6 elementor-widget elementor-widget-heading\" data-id=\"3ed20e6\" data-element_type=\"widget\" data-e-type=\"widget\" data-widget_type=\"heading.default\">\n\t\t\t\t<div class=\"elementor-widget-container\">\n\t\t\t\t\t<h3 class=\"elementor-heading-title elementor-size-default\">\u00bfQu\u00e9 servicios de fotograf\u00eda de bodas ofrecemos?<\/h3>\t\t\t\t<\/div>\n\t\t\t\t<\/div>\n\t\t\t\t<div class=\"elementor-element elementor-element-18dc684 elementor-widget elementor-widget-text-editor\" data-id=\"18dc684\" data-element_type=\"widget\" data-e-type=\"widget\" data-widget_type=\"text-editor.default\">\n\t\t\t\t<div class=\"elementor-widget-container\">\n\t\t\t\t\t\t\t\t\t<div class=\"flex w-full flex-col items-end\" data-content=\"user-message\"><p class=\"\" data-start=\"228\" data-end=\"617\">El d\u00eda de la boda es uno de los momentos m\u00e1s importantes de la vida, por eso merece la pena confiar su organizaci\u00f3n y documentaci\u00f3n a profesionales con experiencia. As\u00ed podr\u00e9is estar seguros de que todo saldr\u00e1 perfecto y vosotros podr\u00e9is disfrutar con tranquilidad. Un <strong>fot\u00f3grafo de bodas profesional<\/strong> garantiza recuerdos \u00fanicos capturados en im\u00e1genes que os acompa\u00f1ar\u00e1n durante muchos a\u00f1os.<\/p><p class=\"\" data-start=\"619\" data-end=\"928\">Desde hace mas de diez a\u00f1os fotograf\u00edo bodas en Espa\u00f1a y en Europa. Esta amplia experiencia me permite trabajar con las parejas en un ambiente de calma y comprensi\u00f3n. Adem\u00e1s de realizar fotograf\u00edas especiales, estar\u00e9 encantado de compartir consejos pr\u00e1cticos sobre la organizaci\u00f3n.<\/p><p class=\"\" data-start=\"930\" data-end=\"1144\">Realizamos reportajes de boda de alto nivel, independientemente del tipo de ceremonia. Fotograf\u00edo tanto <strong>bodas tradicionales religiosas<\/strong> como <strong>bodas civiles<\/strong>, <strong>bodas humanistas<\/strong>, celebraciones grandes o \u00edntimas con los m\u00e1s cercanos.<\/p><p class=\"\" data-start=\"1146\" data-end=\"1284\">Vuestras fotos estar\u00e1n preparadas en un estilo rom\u00e1ntico y moderno que sin duda encantar\u00e1 tanto a vosotros como a vuestros seres queridos.<\/p><p class=\"\" data-start=\"1286\" data-end=\"1470\">En las im\u00e1genes del reportaje encontrar\u00e9is todas las emociones y detalles que forman parte de este d\u00eda irrepetible: alegr\u00eda, emoci\u00f3n y momentos compartidos con la familia y los amigos.<\/p><p class=\"\" data-start=\"1472\" data-end=\"1660\">Tambi\u00e9n colaboro con un talentoso vide\u00f3grafo que puede crear para vosotros un <strong>video de boda<\/strong> emocionante, din\u00e1mico, hermoso y lleno de sentimiento al que querr\u00e9is volver muchas veces.<\/p><p class=\"\" data-start=\"1662\" data-end=\"1826\">Ofrecemos <strong>\u00e1lbumes de fotos<\/strong> de calidad premium con vuestras fotos favoritas. Verlos ser\u00e1 una experiencia conmovedora y, con el tiempo, se convertir\u00e1n en un tesoro familiar.<\/p><p class=\"\" data-start=\"1828\" data-end=\"2043\">Con mucho gusto tambi\u00e9n organizo<strong> sesiones de compromiso o pre-boda<\/strong> \u2013 una excelente ocasi\u00f3n para conocernos mejor antes del gran d\u00eda y crear recuerdos naturales y bonitos. Tambi\u00e9n est\u00e1n disponibles <strong>sesiones postboda.<\/strong><\/p><p class=\"\" data-start=\"2045\" data-end=\"2271\">Estas sesiones pueden realizarse en vuestra ciudad, en la monta\u00f1a, en el mar&#8230; no solo en Espa\u00f1a,\u00a0 tambien pueden ser en el extranjero, estar\u00e9 encantado de acompa\u00f1aros para crear im\u00e1genes inolvidables que querr\u00e9is conservar toda la vida.<\/p><\/div>\t\t\t\t\t\t\t\t<\/div>\n\t\t\t\t<\/div>\n\t\t\t\t\t<\/div>\n\t\t<\/div>\n\t\t\t\t<div class=\"elementor-column elementor-col-50 elementor-inner-column elementor-element elementor-element-2a7a3e1\" data-id=\"2a7a3e1\" data-element_type=\"column\" data-e-type=\"column\">\n\t\t\t<div class=\"elementor-widget-wrap elementor-element-populated\">\n\t\t\t\t\t\t<div class=\"elementor-element elementor-element-05ad366 elementor-widget elementor-widget-image\" data-id=\"05ad366\" data-element_type=\"widget\" data-e-type=\"widget\" data-widget_type=\"image.default\">\n\t\t\t\t<div class=\"elementor-widget-container\">\n\t\t\t\t\t\t\t\t\t\t\t\t\t\t\t<img decoding=\"async\" width=\"683\" height=\"1024\" src=\"https:\/\/www.felixdevega.com\/wp-content\/uploads\/2025\/04\/Fotografo-de-bodas-1.jpg\" class=\"attachment-large size-large wp-image-31859\" alt=\"fotografo de bodas profesional\" srcset=\"https:\/\/www.felixdevega.com\/wp-content\/uploads\/2025\/04\/Fotografo-de-bodas-1.jpg 683w, https:\/\/www.felixdevega.com\/wp-content\/uploads\/2025\/04\/Fotografo-de-bodas-1-600x900.jpg 600w\" sizes=\"(max-width: 683px) 100vw, 683px\" \/>\t\t\t\t\t\t\t\t\t\t\t\t\t\t\t<\/div>\n\t\t\t\t<\/div>\n\t\t\t\t\t<\/div>\n\t\t<\/div>\n\t\t\t\t\t<\/div>\n\t\t<\/section>\n\t\t\t\t<div class=\"elementor-element elementor-element-2a52ac0 elementor-widget elementor-widget-spacer\" data-id=\"2a52ac0\" data-element_type=\"widget\" data-e-type=\"widget\" data-widget_type=\"spacer.default\">\n\t\t\t\t<div class=\"elementor-widget-container\">\n\t\t\t\t\t\t\t<div class=\"elementor-spacer\">\n\t\t\t<div class=\"elementor-spacer-inner\"><\/div>\n\t\t<\/div>\n\t\t\t\t\t\t<\/div>\n\t\t\t\t<\/div>\n\t\t\t\t\t<\/div>\n\t\t<\/div>\n\t\t\t\t\t<\/div>\n\t\t<\/section>\n\t\t\t\t<section class=\"elementor-section elementor-top-section elementor-element elementor-element-506cd05 elementor-section-boxed elementor-section-height-default elementor-section-height-default wpr-particle-no wpr-sticky-section-no wpr-equal-height-no\" data-id=\"506cd05\" data-element_type=\"section\" data-e-type=\"section\">\n\t\t\t\t\t\t<div class=\"elementor-container elementor-column-gap-default\">\n\t\t\t\t\t<div class=\"elementor-column elementor-col-100 elementor-top-column elementor-element elementor-element-f58cb9e\" data-id=\"f58cb9e\" data-element_type=\"column\" data-e-type=\"column\">\n\t\t\t<div class=\"elementor-widget-wrap elementor-element-populated\">\n\t\t\t\t\t\t<div class=\"elementor-element elementor-element-b0e23ca elementor-widget elementor-widget-heading\" data-id=\"b0e23ca\" data-element_type=\"widget\" data-e-type=\"widget\" data-widget_type=\"heading.default\">\n\t\t\t\t<div class=\"elementor-widget-container\">\n\t\t\t\t\t<h2 class=\"elementor-heading-title elementor-size-default\">Fot\u00f3grafo de bodas -  Precios en Espa\u00f1a<\/h2>\t\t\t\t<\/div>\n\t\t\t\t<\/div>\n\t\t\t\t<div class=\"elementor-element elementor-element-1b19634 elementor-widget elementor-widget-spacer\" data-id=\"1b19634\" data-element_type=\"widget\" data-e-type=\"widget\" data-widget_type=\"spacer.default\">\n\t\t\t\t<div class=\"elementor-widget-container\">\n\t\t\t\t\t\t\t<div class=\"elementor-spacer\">\n\t\t\t<div class=\"elementor-spacer-inner\"><\/div>\n\t\t<\/div>\n\t\t\t\t\t\t<\/div>\n\t\t\t\t<\/div>\n\t\t\t\t<section class=\"elementor-section elementor-inner-section elementor-element elementor-element-b6c65c3 elementor-section-boxed elementor-section-height-default elementor-section-height-default wpr-particle-no wpr-sticky-section-no wpr-equal-height-no\" data-id=\"b6c65c3\" data-element_type=\"section\" data-e-type=\"section\">\n\t\t\t\t\t\t<div class=\"elementor-container elementor-column-gap-default\">\n\t\t\t\t\t<div class=\"elementor-column elementor-col-50 elementor-inner-column elementor-element elementor-element-5cd56de\" data-id=\"5cd56de\" data-element_type=\"column\" data-e-type=\"column\">\n\t\t\t<div class=\"elementor-widget-wrap elementor-element-populated\">\n\t\t\t\t\t\t<div class=\"elementor-element elementor-element-b4b60ab elementor-widget elementor-widget-image\" data-id=\"b4b60ab\" data-element_type=\"widget\" data-e-type=\"widget\" data-widget_type=\"image.default\">\n\t\t\t\t<div class=\"elementor-widget-container\">\n\t\t\t\t\t\t\t\t\t\t\t\t\t\t\t<img loading=\"lazy\" decoding=\"async\" width=\"683\" height=\"1024\" src=\"https:\/\/www.felixdevega.com\/wp-content\/uploads\/2025\/04\/Fotograf-slubny-2.jpg\" class=\"attachment-large size-large wp-image-31842\" alt=\"fotograf \u015blubny cena\" srcset=\"https:\/\/www.felixdevega.com\/wp-content\/uploads\/2025\/04\/Fotograf-slubny-2.jpg 683w, https:\/\/www.felixdevega.com\/wp-content\/uploads\/2025\/04\/Fotograf-slubny-2-600x900.jpg 600w\" sizes=\"(max-width: 683px) 100vw, 683px\" \/>\t\t\t\t\t\t\t\t\t\t\t\t\t\t\t<\/div>\n\t\t\t\t<\/div>\n\t\t\t\t\t<\/div>\n\t\t<\/div>\n\t\t\t\t<div class=\"elementor-column elementor-col-50 elementor-inner-column elementor-element elementor-element-8baf88c\" data-id=\"8baf88c\" data-element_type=\"column\" data-e-type=\"column\">\n\t\t\t<div class=\"elementor-widget-wrap elementor-element-populated\">\n\t\t\t\t\t\t<div class=\"elementor-element elementor-element-38274c0 elementor-widget elementor-widget-heading\" data-id=\"38274c0\" data-element_type=\"widget\" data-e-type=\"widget\" data-widget_type=\"heading.default\">\n\t\t\t\t<div class=\"elementor-widget-container\">\n\t\t\t\t\t<h3 class=\"elementor-heading-title elementor-size-default\">\u00bfCu\u00e1nto cuesta un fot\u00f3grafo de bodas?<\/h3>\t\t\t\t<\/div>\n\t\t\t\t<\/div>\n\t\t\t\t<div class=\"elementor-element elementor-element-a9b23e3 elementor-widget elementor-widget-text-editor\" data-id=\"a9b23e3\" data-element_type=\"widget\" data-e-type=\"widget\" data-widget_type=\"text-editor.default\">\n\t\t\t\t<div class=\"elementor-widget-container\">\n\t\t\t\t\t\t\t\t\t<p class=\"\" data-start=\"2396\" data-end=\"2602\">Los precios del servicio de fotograf\u00eda de bodas pueden variar en funci\u00f3n de la experiencia del fot\u00f3grafo, el alcance del servicio y la duraci\u00f3n del reportaje.\u00a0 Si hablamos de un <strong>fot\u00f3grafo profesional experimentado<\/strong> los precios suelen estar entre 1500 y 3000 Euros.<\/p><p class=\"\" data-start=\"2604\" data-end=\"2817\">En mi caso, he preparado varios paquetes a partir de 1500 Euros, lo que me permite adaptar la oferta a vuestras necesidades y presupuesto. Solo ten\u00e9is que contactarme y con gusto os enviar\u00e9 un presupuesto detallado.<\/p><p class=\"\" data-start=\"2819\" data-end=\"2858\"><strong data-start=\"2819\" data-end=\"2858\">\u00bfQu\u00e9 incluyen los paquetes de boda?<\/strong><\/p><p class=\"\" data-start=\"2860\" data-end=\"2939\">El paquete est\u00e1ndar cubre un reportaje completo del d\u00eda de la boda, incluyendo:<\/p><ul data-start=\"2940\" data-end=\"3118\"><li class=\"\" data-start=\"2940\" data-end=\"2974\"><p class=\"\" data-start=\"2942\" data-end=\"2974\">los preparativos de la pareja,<\/p><\/li><li class=\"\" data-start=\"2975\" data-end=\"2992\"><p class=\"\" data-start=\"2977\" data-end=\"2992\">la ceremonia,<\/p><\/li><li class=\"\" data-start=\"2993\" data-end=\"3021\"><p class=\"\" data-start=\"2995\" data-end=\"3021\">retratos con la familia,<\/p><\/li><li class=\"\" data-start=\"3022\" data-end=\"3064\"><p class=\"\" data-start=\"3024\" data-end=\"3064\">una sesi\u00f3n con la pareja al atardecer,<\/p><\/li><li class=\"\" data-start=\"3065\" data-end=\"3118\"><p class=\"\" data-start=\"3067\" data-end=\"3118\">la fiesta y todos los momentos importantes del d\u00eda.<\/p><\/li><\/ul><p class=\"\" data-start=\"3120\" data-end=\"3260\">Un d\u00eda despu\u00e9s de la boda tendr\u00e9is acceso a una galer\u00eda online con una primera selecci\u00f3n de las fotos m\u00e1s importantes \u2013 unas 50\u201360 im\u00e1genes.<\/p><p class=\"\" data-start=\"3262\" data-end=\"3403\">El reportaje completo, con entre 700 y 900 fotos cuidadosamente seleccionadas y editadas, lo recibir\u00e9is entre 2 y 3 meses despu\u00e9s de la boda.<\/p><p class=\"\" data-start=\"3405\" data-end=\"3446\"><strong data-start=\"3405\" data-end=\"3446\">\u00bfOfreces otros servicios adicionales?<\/strong><\/p><p class=\"\" data-start=\"3448\" data-end=\"3518\">S\u00ed, adem\u00e1s del reportaje del d\u00eda de la boda, tambi\u00e9n pod\u00e9is contratar:<\/p><ul data-start=\"3519\" data-end=\"3786\"><li class=\"\" data-start=\"3519\" data-end=\"3631\"><p class=\"\" data-start=\"3521\" data-end=\"3631\">una sesi\u00f3n de compromiso o postboda en vuestra ciudad, o d\u00f3nde os apetezca, incluso en el extranjero,<\/p><\/li><li class=\"\" data-start=\"3632\" data-end=\"3708\"><p class=\"\" data-start=\"3634\" data-end=\"3708\">un album de fotos elegante y de alta calidad con vuestras im\u00e1genes favoritas,<\/p><\/li><li class=\"\" data-start=\"3709\" data-end=\"3786\"><p class=\"\" data-start=\"3711\" data-end=\"3786\">un video de boda en colaboraci\u00f3n con un vide\u00f3grafo talentoso.<\/p><\/li><\/ul><p class=\"\" data-start=\"3788\" data-end=\"3841\">Si quer\u00e9is m\u00e1s detalles, \u00a1pon\u00e9os en contacto conmigo!<\/p>\t\t\t\t\t\t\t\t<\/div>\n\t\t\t\t<\/div>\n\t\t\t\t\t<\/div>\n\t\t<\/div>\n\t\t\t\t\t<\/div>\n\t\t<\/section>\n\t\t\t\t<div class=\"elementor-element elementor-element-3620f94 elementor-widget elementor-widget-spacer\" data-id=\"3620f94\" data-element_type=\"widget\" data-e-type=\"widget\" data-widget_type=\"spacer.default\">\n\t\t\t\t<div class=\"elementor-widget-container\">\n\t\t\t\t\t\t\t<div class=\"elementor-spacer\">\n\t\t\t<div class=\"elementor-spacer-inner\"><\/div>\n\t\t<\/div>\n\t\t\t\t\t\t<\/div>\n\t\t\t\t<\/div>\n\t\t\t\t<div class=\"elementor-element elementor-element-fffb58c elementor-widget-divider--view-line elementor-widget elementor-widget-divider\" data-id=\"fffb58c\" data-element_type=\"widget\" data-e-type=\"widget\" data-widget_type=\"divider.default\">\n\t\t\t\t<div class=\"elementor-widget-container\">\n\t\t\t\t\t\t\t<div class=\"elementor-divider\">\n\t\t\t<span class=\"elementor-divider-separator\">\n\t\t\t\t\t\t<\/span>\n\t\t<\/div>\n\t\t\t\t\t\t<\/div>\n\t\t\t\t<\/div>\n\t\t\t\t\t<\/div>\n\t\t<\/div>\n\t\t\t\t\t<\/div>\n\t\t<\/section>\n\t\t\t\t<section class=\"elementor-section elementor-top-section elementor-element elementor-element-7efa059 elementor-section-boxed elementor-section-height-default elementor-section-height-default wpr-particle-no wpr-sticky-section-no wpr-equal-height-no\" data-id=\"7efa059\" data-element_type=\"section\" data-e-type=\"section\">\n\t\t\t\t\t\t<div class=\"elementor-container elementor-column-gap-default\">\n\t\t\t\t\t<div class=\"elementor-column elementor-col-100 elementor-top-column elementor-element elementor-element-1897bb5\" data-id=\"1897bb5\" data-element_type=\"column\" data-e-type=\"column\">\n\t\t\t<div class=\"elementor-widget-wrap elementor-element-populated\">\n\t\t\t\t\t\t<div class=\"elementor-element elementor-element-71acb56 elementor-widget elementor-widget-image\" data-id=\"71acb56\" data-element_type=\"widget\" data-e-type=\"widget\" data-widget_type=\"image.default\">\n\t\t\t\t<div class=\"elementor-widget-container\">\n\t\t\t\t\t\t\t\t\t\t\t\t\t\t\t<img decoding=\"async\" src=\"https:\/\/www.felixdevega.com\/wp-content\/uploads\/elementor\/thumbs\/avioneta-sola.jpg-qv3nifcmsq2727g72ftpmtvhcjadxzhntk7yf58gn6.webp\" title=\"avioneta-sola.jpg\" alt=\"avioneta-sola.jpg\" loading=\"lazy\" \/>\t\t\t\t\t\t\t\t\t\t\t\t\t\t\t<\/div>\n\t\t\t\t<\/div>\n\t\t\t\t\t<\/div>\n\t\t<\/div>\n\t\t\t\t\t<\/div>\n\t\t<\/section>\n\t\t\t\t<section class=\"elementor-section elementor-top-section elementor-element elementor-element-eaa6113 elementor-section-boxed elementor-section-height-default elementor-section-height-default wpr-particle-no wpr-sticky-section-no wpr-equal-height-no\" data-id=\"eaa6113\" data-element_type=\"section\" data-e-type=\"section\">\n\t\t\t\t\t\t<div class=\"elementor-container elementor-column-gap-default\">\n\t\t\t\t\t<div class=\"elementor-column elementor-col-100 elementor-top-column elementor-element elementor-element-1c99104\" data-id=\"1c99104\" data-element_type=\"column\" data-e-type=\"column\">\n\t\t\t<div class=\"elementor-widget-wrap elementor-element-populated\">\n\t\t\t\t\t\t<div class=\"elementor-element elementor-element-6ee1a73 elementor-widget elementor-widget-heading\" data-id=\"6ee1a73\" data-element_type=\"widget\" data-e-type=\"widget\" data-widget_type=\"heading.default\">\n\t\t\t\t<div class=\"elementor-widget-container\">\n\t\t\t\t\t<p class=\"elementor-heading-title elementor-size-default\">Cont\u00e1cta conmigo para contratar tu fot\u00f3grafo de bodas en Barcelona, Madrid, M\u00e1laga, Mallorca u otras ciudades en Espa\u00f1a. <\/p>\t\t\t\t<\/div>\n\t\t\t\t<\/div>\n\t\t\t\t<div class=\"elementor-element elementor-element-0e7756f elementor-widget elementor-widget-spacer\" data-id=\"0e7756f\" data-element_type=\"widget\" data-e-type=\"widget\" data-widget_type=\"spacer.default\">\n\t\t\t\t<div class=\"elementor-widget-container\">\n\t\t\t\t\t\t\t<div class=\"elementor-spacer\">\n\t\t\t<div class=\"elementor-spacer-inner\"><\/div>\n\t\t<\/div>\n\t\t\t\t\t\t<\/div>\n\t\t\t\t<\/div>\n\t\t\t\t\t<\/div>\n\t\t<\/div>\n\t\t\t\t\t<\/div>\n\t\t<\/section>\n\t\t\t\t<section class=\"elementor-section elementor-top-section elementor-element elementor-element-962f96f elementor-section-boxed elementor-section-height-default elementor-section-height-default wpr-particle-no wpr-sticky-section-no wpr-equal-height-no\" data-id=\"962f96f\" data-element_type=\"section\" data-e-type=\"section\">\n\t\t\t\t\t\t<div class=\"elementor-container elementor-column-gap-default\">\n\t\t\t\t\t<div class=\"elementor-column elementor-col-100 elementor-top-column elementor-element elementor-element-2406746\" data-id=\"2406746\" data-element_type=\"column\" data-e-type=\"column\" data-settings=\"{&quot;background_background&quot;:&quot;classic&quot;}\">\n\t\t\t<div class=\"elementor-widget-wrap elementor-element-populated\">\n\t\t\t\t\t<div class=\"elementor-background-overlay\"><\/div>\n\t\t\t\t\t\t<section class=\"elementor-section elementor-inner-section elementor-element elementor-element-f657188 elementor-section-boxed elementor-section-height-default elementor-section-height-default wpr-particle-no wpr-sticky-section-no wpr-equal-height-no\" data-id=\"f657188\" data-element_type=\"section\" data-e-type=\"section\">\n\t\t\t\t\t\t<div class=\"elementor-container elementor-column-gap-default\">\n\t\t\t\t\t<div class=\"elementor-column elementor-col-50 elementor-inner-column elementor-element elementor-element-83e16ea\" data-id=\"83e16ea\" data-element_type=\"column\" data-e-type=\"column\">\n\t\t\t<div class=\"elementor-widget-wrap elementor-element-populated\">\n\t\t\t\t\t\t<div class=\"elementor-element elementor-element-d1509d4 wpr-advanced-text-style-highlighted wpr-animated-text-infinite-yes elementor-widget elementor-widget-wpr-advanced-text\" data-id=\"d1509d4\" data-element_type=\"widget\" data-e-type=\"widget\" data-settings=\"{&quot;anim_loop&quot;:&quot;yes&quot;}\" data-widget_type=\"wpr-advanced-text.default\">\n\t\t\t\t<div class=\"elementor-widget-container\">\n\t\t\t\t\t\n\t\t<p class=\"wpr-advanced-text\">\n\n\t\t\t\t\t\n\t\t\t\t\t\t\t<span class=\"wpr-advanced-text-preffix\">We Create the<br><\/span>\n\t\t\t\n\t\t<span class=\"wpr-highlighted-text\">\n\t\t\t\t\t\n\t\t\t<span class=\"wpr-highlighted-text-inner\">Best Memories<\/span>\n\n\t\t\t<svg xmlns=\"http:\/\/www.w3.org\/2000\/svg\" viewBox=\"0 0 500 150\" class=\"wpr-highlight-curly\" preserveAspectRatio=\"none\">\n\t\t\t\t\t\t\t\t<path d=\"M1.15,18C64.07,44.13,108.42,1.4,169.63,3.1,182.11,3.76,191.39,6.58,201,10c71.41,33.39,112-8.7,188.65-7,35.22,1.74,69.81,22.6,103,17\"><\/path>\n\t\t\t\t\t\t\t<\/svg>\n\t\t\t\t\t<\/span>\n\t\t\t\t\n\t\t<\/p>\n\t\t\n\t\t\t\t\t\t<\/div>\n\t\t\t\t<\/div>\n\t\t\t\t<div class=\"elementor-element elementor-element-6000926 elementor-widget elementor-widget-text-editor\" data-id=\"6000926\" data-element_type=\"widget\" data-e-type=\"widget\" data-widget_type=\"text-editor.default\">\n\t\t\t\t<div class=\"elementor-widget-container\">\n\t\t\t\t\t\t\t\t\t<p>Reserva tu fot\u00f3grafo de bodas<\/p>\t\t\t\t\t\t\t\t<\/div>\n\t\t\t\t<\/div>\n\t\t\t\t<div class=\"elementor-element elementor-element-74a37b8 elementor-widget elementor-widget-spacer\" data-id=\"74a37b8\" data-element_type=\"widget\" data-e-type=\"widget\" data-widget_type=\"spacer.default\">\n\t\t\t\t<div class=\"elementor-widget-container\">\n\t\t\t\t\t\t\t<div class=\"elementor-spacer\">\n\t\t\t<div class=\"elementor-spacer-inner\"><\/div>\n\t\t<\/div>\n\t\t\t\t\t\t<\/div>\n\t\t\t\t<\/div>\n\t\t\t\t<div class=\"elementor-element elementor-element-4c8180b wpr-button-icon-style-inline wpr-button-icon-position-right elementor-widget elementor-widget-wpr-button\" data-id=\"4c8180b\" data-element_type=\"widget\" data-e-type=\"widget\" data-widget_type=\"wpr-button.default\">\n\t\t\t\t<div class=\"elementor-widget-container\">\n\t\t\t\t\t\t\n\t\t\t\n\t\t\n\t\t<div class=\"wpr-button-wrap elementor-clearfix\">\n\t\t<a class=\"wpr-button wpr-button-effect wpr-button-none\" data-text=\"\" href=\"https:\/\/www.felixdevega.com\/es\/contacto\/\">\n\t\t\t\n\t\t\t<span class=\"wpr-button-content\">\n\t\t\t\t\t\t\t\t\t<span class=\"wpr-button-text\">Reservar<\/span>\n\t\t\t\t\t\t\t\t\n\t\t\t\t\t\t\t\t\t<span class=\"wpr-button-icon\"><i class=\"fas fa-angle-right\"><\/i><\/span>\n\t\t\t\t\t\t\t<\/span>\n\t\t<\/a>\n\n\t\t\t\t<\/div>\n\t\n\t\n\t\t\t\t\t<\/div>\n\t\t\t\t<\/div>\n\t\t\t\t\t<\/div>\n\t\t<\/div>\n\t\t\t\t<div class=\"elementor-column elementor-col-50 elementor-inner-column elementor-element elementor-element-134f965\" data-id=\"134f965\" data-element_type=\"column\" data-e-type=\"column\">\n\t\t\t<div class=\"elementor-widget-wrap\">\n\t\t\t\t\t\t\t<\/div>\n\t\t<\/div>\n\t\t\t\t\t<\/div>\n\t\t<\/section>\n\t\t\t\t\t<\/div>\n\t\t<\/div>\n\t\t\t\t\t<\/div>\n\t\t<\/section>\n\t\t\t\t<section class=\"elementor-section elementor-top-section elementor-element elementor-element-20b63e8 elementor-section-boxed elementor-section-height-default elementor-section-height-default wpr-particle-no wpr-sticky-section-no wpr-equal-height-no\" data-id=\"20b63e8\" data-element_type=\"section\" data-e-type=\"section\">\n\t\t\t\t\t\t<div class=\"elementor-container elementor-column-gap-default\">\n\t\t\t\t\t<div class=\"elementor-column elementor-col-100 elementor-top-column elementor-element elementor-element-4c90615\" data-id=\"4c90615\" data-element_type=\"column\" data-e-type=\"column\">\n\t\t\t<div class=\"elementor-widget-wrap elementor-element-populated\">\n\t\t\t\t\t\t<section class=\"elementor-section elementor-inner-section elementor-element elementor-element-823d3aa elementor-section-boxed elementor-section-height-default elementor-section-height-default wpr-particle-no wpr-sticky-section-no wpr-equal-height-no\" data-id=\"823d3aa\" data-element_type=\"section\" data-e-type=\"section\">\n\t\t\t\t\t\t<div class=\"elementor-container elementor-column-gap-default\">\n\t\t\t\t\t<div class=\"elementor-column elementor-col-100 elementor-inner-column elementor-element elementor-element-01998b3\" data-id=\"01998b3\" data-element_type=\"column\" data-e-type=\"column\">\n\t\t\t<div class=\"elementor-widget-wrap elementor-element-populated\">\n\t\t\t\t\t\t<div class=\"elementor-element elementor-element-61a180b elementor-widget elementor-widget-heading\" data-id=\"61a180b\" data-element_type=\"widget\" data-e-type=\"widget\" data-widget_type=\"heading.default\">\n\t\t\t\t<div class=\"elementor-widget-container\">\n\t\t\t\t\t<p class=\"elementor-heading-title elementor-size-default\">F\u00c9LIX DE VEGA<\/p>\t\t\t\t<\/div>\n\t\t\t\t<\/div>\n\t\t\t\t\t<\/div>\n\t\t<\/div>\n\t\t\t\t\t<\/div>\n\t\t<\/section>\n\t\t\t\t<div class=\"elementor-element elementor-element-06fa8d0 elementor-widget elementor-widget-heading\" data-id=\"06fa8d0\" data-element_type=\"widget\" data-e-type=\"widget\" data-widget_type=\"heading.default\">\n\t\t\t\t<div class=\"elementor-widget-container\">\n\t\t\t\t\t<h2 class=\"elementor-heading-title elementor-size-default\">\u00bfC\u00f3mo elegir un buen fot\u00f3grafo de bodas?<\/h2>\t\t\t\t<\/div>\n\t\t\t\t<\/div>\n\t\t\t\t<section class=\"elementor-section elementor-inner-section elementor-element elementor-element-ef3f964 elementor-section-boxed elementor-section-height-default elementor-section-height-default wpr-particle-no wpr-sticky-section-no wpr-equal-height-no\" data-id=\"ef3f964\" data-element_type=\"section\" data-e-type=\"section\">\n\t\t\t\t\t\t<div class=\"elementor-container elementor-column-gap-default\">\n\t\t\t\t\t<div class=\"elementor-column elementor-col-50 elementor-inner-column elementor-element elementor-element-891328c\" data-id=\"891328c\" data-element_type=\"column\" data-e-type=\"column\">\n\t\t\t<div class=\"elementor-widget-wrap elementor-element-populated\">\n\t\t\t\t\t\t<div class=\"elementor-element elementor-element-e3817b0 elementor-widget elementor-widget-image\" data-id=\"e3817b0\" data-element_type=\"widget\" data-e-type=\"widget\" data-widget_type=\"image.default\">\n\t\t\t\t<div class=\"elementor-widget-container\">\n\t\t\t\t\t\t\t\t\t\t\t\t\t\t\t<img loading=\"lazy\" decoding=\"async\" width=\"2048\" height=\"1367\" src=\"https:\/\/www.felixdevega.com\/wp-content\/uploads\/2023\/12\/wedding-photographer-Spain-Poland.jpg\" class=\"elementor-animation-grow attachment-full size-full wp-image-19532\" alt=\"wedding photographer Spain Poland\" srcset=\"https:\/\/www.felixdevega.com\/wp-content\/uploads\/2023\/12\/wedding-photographer-Spain-Poland.jpg 2048w, https:\/\/www.felixdevega.com\/wp-content\/uploads\/2023\/12\/wedding-photographer-Spain-Poland-750x501.jpg 750w, https:\/\/www.felixdevega.com\/wp-content\/uploads\/2023\/12\/wedding-photographer-Spain-Poland-1290x861.jpg 1290w, https:\/\/www.felixdevega.com\/wp-content\/uploads\/2023\/12\/wedding-photographer-Spain-Poland-1536x1025.jpg 1536w, https:\/\/www.felixdevega.com\/wp-content\/uploads\/2023\/12\/wedding-photographer-Spain-Poland-1200x800.jpg 1200w\" sizes=\"(max-width: 2048px) 100vw, 2048px\" \/>\t\t\t\t\t\t\t\t\t\t\t\t\t\t\t<\/div>\n\t\t\t\t<\/div>\n\t\t\t\t<div class=\"elementor-element elementor-element-1e3db5d elementor-widget elementor-widget-text-editor\" data-id=\"1e3db5d\" data-element_type=\"widget\" data-e-type=\"widget\" data-widget_type=\"text-editor.default\">\n\t\t\t\t<div class=\"elementor-widget-container\">\n\t\t\t\t\t\t\t\t\t<p><span style=\"color: #333333;\">Elegir al mejor fot\u00f3grafo para tu boda es un proceso que requiere algo de tiempo y dedicaci\u00f3n, pero vale la pena el esfuerzo para asegurarse de que los recuerdos de tu d\u00eda especial se capturen de forma maravillosa.<\/span><\/p><p><span style=\"color: #333333;\">Define tu estilo: piensa qu\u00e9 estilo de fotograf\u00eda te conviene m\u00e1s: cl\u00e1sico, moderno, rom\u00e1ntico o quiz\u00e1s documental. Explora diferentes portafolios para ver cu\u00e1l te gusta m\u00e1s.<\/span><\/p><p><span style=\"color: #333333;\">Al mirar los portafolios de diferentes fot\u00f3grafos, presta atenci\u00f3n a sus trabajos anteriores. Busque coherencia en la calidad y el estilo, as\u00ed como la capacidad de capturar emociones y momentos clave.<\/span><\/p><p><span style=\"color: #333333;\">Las opiniones y referencias de otras parejas pueden ser de gran ayuda. Busca rese\u00f1as en l\u00ednea para descubrir qu\u00e9 experiencias han tenido otras personas con un fot\u00f3grafo en particular.<\/span><\/p>\t\t\t\t\t\t\t\t<\/div>\n\t\t\t\t<\/div>\n\t\t\t\t\t<\/div>\n\t\t<\/div>\n\t\t\t\t<div class=\"elementor-column elementor-col-50 elementor-inner-column elementor-element elementor-element-dfcc25a\" data-id=\"dfcc25a\" data-element_type=\"column\" data-e-type=\"column\">\n\t\t\t<div class=\"elementor-widget-wrap elementor-element-populated\">\n\t\t\t\t\t\t<div class=\"elementor-element elementor-element-3834621 elementor-widget elementor-widget-text-editor\" data-id=\"3834621\" data-element_type=\"widget\" data-e-type=\"widget\" data-widget_type=\"text-editor.default\">\n\t\t\t\t<div class=\"elementor-widget-container\">\n\t\t\t\t\t\t\t\t\t<div class=\"flex w-full flex-col items-end\" data-content=\"user-message\"><p align=\"LEFT\"><span style=\"color: #333333;\">Antes de contratar un fot\u00f3grafo de bodas, solicita ver galer\u00edas de bodas completas, no s\u00f3lo ver las fotos mas espectaculares sino el reportaje completo desde los preparativos por la ma\u00f1ana hasta la fiesta por la noche, de esta manera puedes ver c\u00f3mo manejan las diferentes condiciones y situaciones. Elige un fot\u00f3grafo con el que te sientas c\u00f3moda. Una buena relaci\u00f3n con tu fot\u00f3grafo es crucial porque pasar\u00e1s mucho tiempo con \u00e9l el d\u00eda de tu boda y necesitas sentirte c\u00f3moda frente a la c\u00e1mara.<\/span><\/p><\/div>\t\t\t\t\t\t\t\t<\/div>\n\t\t\t\t<\/div>\n\t\t\t\t<div class=\"elementor-element elementor-element-a102b87 elementor-widget__width-initial elementor-widget elementor-widget-heading\" data-id=\"a102b87\" data-element_type=\"widget\" data-e-type=\"widget\" data-widget_type=\"heading.default\">\n\t\t\t\t<div class=\"elementor-widget-container\">\n\t\t\t\t\t<p class=\"elementor-heading-title elementor-size-default\">\u00bfCu\u00e1l es el precio de un fot\u00f3grafo de bodas?<\/p>\t\t\t\t<\/div>\n\t\t\t\t<\/div>\n\t\t\t\t<div class=\"elementor-element elementor-element-a369a90 elementor-widget elementor-widget-spacer\" data-id=\"a369a90\" data-element_type=\"widget\" data-e-type=\"widget\" data-widget_type=\"spacer.default\">\n\t\t\t\t<div class=\"elementor-widget-container\">\n\t\t\t\t\t\t\t<div class=\"elementor-spacer\">\n\t\t\t<div class=\"elementor-spacer-inner\"><\/div>\n\t\t<\/div>\n\t\t\t\t\t\t<\/div>\n\t\t\t\t<\/div>\n\t\t\t\t<div class=\"elementor-element elementor-element-cca6c3e elementor-widget elementor-widget-text-editor\" data-id=\"cca6c3e\" data-element_type=\"widget\" data-e-type=\"widget\" data-widget_type=\"text-editor.default\">\n\t\t\t\t<div class=\"elementor-widget-container\">\n\t\t\t\t\t\t\t\t\t<div class=\"flex w-full flex-col items-end\" data-content=\"user-message\"><p><span style=\"color: #333333;\">Los precios de la fotograf\u00eda de bodas pueden variar seg\u00fan la experiencia del fot\u00f3grafo, el alcance de los servicios y la cantidad de horas de trabajo.<\/span><\/p><p><span style=\"color: #333333;\">Personalmente, ofrezco varios paquetes que se pueden ajustar a tus preferencias y presupuesto, empezando con un paquete b\u00e1sico desde 1500 Euros. Cont\u00e1cta conmigo y hablamos de los detalles de tu boda, me encantar\u00eda hacer un bonito reportaje para ti y tu familia.<\/span><\/p><\/div>\t\t\t\t\t\t\t\t<\/div>\n\t\t\t\t<\/div>\n\t\t\t\t<div class=\"elementor-element elementor-element-4dcad55 elementor-widget elementor-widget-image\" data-id=\"4dcad55\" data-element_type=\"widget\" data-e-type=\"widget\" data-widget_type=\"image.default\">\n\t\t\t\t<div class=\"elementor-widget-container\">\n\t\t\t\t\t\t\t\t\t\t\t\t\t\t\t<img loading=\"lazy\" decoding=\"async\" width=\"1250\" height=\"834\" src=\"https:\/\/www.felixdevega.com\/wp-content\/uploads\/2023\/06\/Venice-Wedding-Photographer-Italy.jpg\" class=\"elementor-animation-grow attachment-full size-full wp-image-19233\" alt=\"Wedding-Photographer-Venice-Italy\" srcset=\"https:\/\/www.felixdevega.com\/wp-content\/uploads\/2023\/06\/Venice-Wedding-Photographer-Italy.jpg 1250w, https:\/\/www.felixdevega.com\/wp-content\/uploads\/2023\/06\/Venice-Wedding-Photographer-Italy-750x500.jpg 750w, https:\/\/www.felixdevega.com\/wp-content\/uploads\/2023\/06\/Venice-Wedding-Photographer-Italy-1200x800.jpg 1200w\" sizes=\"(max-width: 1250px) 100vw, 1250px\" \/>\t\t\t\t\t\t\t\t\t\t\t\t\t\t\t<\/div>\n\t\t\t\t<\/div>\n\t\t\t\t\t<\/div>\n\t\t<\/div>\n\t\t\t\t\t<\/div>\n\t\t<\/section>\n\t\t\t\t\t<\/div>\n\t\t<\/div>\n\t\t\t\t\t<\/div>\n\t\t<\/section>\n\t\t\t\t<section class=\"elementor-section elementor-top-section elementor-element elementor-element-5edb75a80 elementor-section-boxed elementor-section-height-default elementor-section-height-default wpr-particle-no wpr-sticky-section-no wpr-equal-height-no\" data-id=\"5edb75a80\" data-element_type=\"section\" data-e-type=\"section\">\n\t\t\t\t\t\t<div class=\"elementor-container elementor-column-gap-default\">\n\t\t\t\t\t<div class=\"elementor-column elementor-col-100 elementor-top-column elementor-element elementor-element-7428c1b1\" data-id=\"7428c1b1\" data-element_type=\"column\" data-e-type=\"column\">\n\t\t\t<div class=\"elementor-widget-wrap elementor-element-populated\">\n\t\t\t\t\t\t<div class=\"elementor-element elementor-element-397f81b2 elementor-widget elementor-widget-heading\" data-id=\"397f81b2\" data-element_type=\"widget\" data-e-type=\"widget\" data-widget_type=\"heading.default\">\n\t\t\t\t<div class=\"elementor-widget-container\">\n\t\t\t\t\t<p class=\"elementor-heading-title elementor-size-default\">Informaci\u00f3n sobre preguntas frecuentes<\/p>\t\t\t\t<\/div>\n\t\t\t\t<\/div>\n\t\t\t\t<div class=\"elementor-element elementor-element-2363a582 elementor-widget elementor-widget-heading\" data-id=\"2363a582\" data-element_type=\"widget\" data-e-type=\"widget\" data-widget_type=\"heading.default\">\n\t\t\t\t<div class=\"elementor-widget-container\">\n\t\t\t\t\t<p class=\"elementor-heading-title elementor-size-default\">FAQ - Preguntas frecuentes<\/p>\t\t\t\t<\/div>\n\t\t\t\t<\/div>\n\t\t\t\t<section class=\"elementor-section elementor-inner-section elementor-element elementor-element-7a35689a elementor-section-boxed elementor-section-height-default elementor-section-height-default wpr-particle-no wpr-sticky-section-no wpr-equal-height-no\" data-id=\"7a35689a\" data-element_type=\"section\" data-e-type=\"section\">\n\t\t\t\t\t\t<div class=\"elementor-container elementor-column-gap-default\">\n\t\t\t\t\t<div class=\"elementor-column elementor-col-50 elementor-inner-column elementor-element elementor-element-6ef42d33\" data-id=\"6ef42d33\" data-element_type=\"column\" data-e-type=\"column\">\n\t\t\t<div class=\"elementor-widget-wrap elementor-element-populated\">\n\t\t\t\t\t\t<div class=\"elementor-element elementor-element-366354b3 elementor-widget elementor-widget-accordion\" data-id=\"366354b3\" data-element_type=\"widget\" data-e-type=\"widget\" data-widget_type=\"accordion.default\">\n\t\t\t\t<div class=\"elementor-widget-container\">\n\t\t\t\t\t\t\t<div class=\"elementor-accordion\">\n\t\t\t\t\t\t\t<div class=\"elementor-accordion-item\">\n\t\t\t\t\t<div id=\"elementor-tab-title-9121\" class=\"elementor-tab-title\" data-tab=\"1\" role=\"button\" aria-controls=\"elementor-tab-content-9121\" aria-expanded=\"false\">\n\t\t\t\t\t\t\t\t\t\t\t\t\t<span class=\"elementor-accordion-icon elementor-accordion-icon-right\" aria-hidden=\"true\">\n\t\t\t\t\t\t\t\t\t\t\t\t\t\t\t<span class=\"elementor-accordion-icon-closed\"><i class=\"fas fa-caret-down\"><\/i><\/span>\n\t\t\t\t\t\t\t\t<span class=\"elementor-accordion-icon-opened\"><i class=\"fas fa-caret-up\"><\/i><\/span>\n\t\t\t\t\t\t\t\t\t\t\t\t\t\t<\/span>\n\t\t\t\t\t\t\t\t\t\t\t\t<a class=\"elementor-accordion-title\" tabindex=\"0\">\u00bfDesde cu\u00e1ndo fotograf\u00edas bodas?<\/a>\n\t\t\t\t\t<\/div>\n\t\t\t\t\t<div id=\"elementor-tab-content-9121\" class=\"elementor-tab-content elementor-clearfix\" data-tab=\"1\" role=\"region\" aria-labelledby=\"elementor-tab-title-9121\"><p>Tengo la suerte de poder documentar maravillosas historias de amor desde 2013 en Espa\u00f1a y otros pa\u00edses europeos.<\/p><\/div>\n\t\t\t\t<\/div>\n\t\t\t\t\t\t\t<div class=\"elementor-accordion-item\">\n\t\t\t\t\t<div id=\"elementor-tab-title-9122\" class=\"elementor-tab-title\" data-tab=\"2\" role=\"button\" aria-controls=\"elementor-tab-content-9122\" aria-expanded=\"false\">\n\t\t\t\t\t\t\t\t\t\t\t\t\t<span class=\"elementor-accordion-icon elementor-accordion-icon-right\" aria-hidden=\"true\">\n\t\t\t\t\t\t\t\t\t\t\t\t\t\t\t<span class=\"elementor-accordion-icon-closed\"><i class=\"fas fa-caret-down\"><\/i><\/span>\n\t\t\t\t\t\t\t\t<span class=\"elementor-accordion-icon-opened\"><i class=\"fas fa-caret-up\"><\/i><\/span>\n\t\t\t\t\t\t\t\t\t\t\t\t\t\t<\/span>\n\t\t\t\t\t\t\t\t\t\t\t\t<a class=\"elementor-accordion-title\" tabindex=\"0\">\u00bfQu\u00e9 tipo de bodas sueles fotografiar?<\/a>\n\t\t\t\t\t<\/div>\n\t\t\t\t\t<div id=\"elementor-tab-content-9122\" class=\"elementor-tab-content elementor-clearfix\" data-tab=\"2\" role=\"region\" aria-labelledby=\"elementor-tab-title-9122\"><p>Fotograf\u00edo todo tipo de bodas, desde peque\u00f1as celebraciones \u00edntimas hasta grandes bodas de lujo, bodas al aire libre o bodas religiosas, pasando por bodas alternativas, ceremonias humanistas y uniones LGBT+. Cada boda tiene un estilo diferente y una belleza propia.<\/p><\/div>\n\t\t\t\t<\/div>\n\t\t\t\t\t\t\t<div class=\"elementor-accordion-item\">\n\t\t\t\t\t<div id=\"elementor-tab-title-9123\" class=\"elementor-tab-title\" data-tab=\"3\" role=\"button\" aria-controls=\"elementor-tab-content-9123\" aria-expanded=\"false\">\n\t\t\t\t\t\t\t\t\t\t\t\t\t<span class=\"elementor-accordion-icon elementor-accordion-icon-right\" aria-hidden=\"true\">\n\t\t\t\t\t\t\t\t\t\t\t\t\t\t\t<span class=\"elementor-accordion-icon-closed\"><i class=\"fas fa-caret-down\"><\/i><\/span>\n\t\t\t\t\t\t\t\t<span class=\"elementor-accordion-icon-opened\"><i class=\"fas fa-caret-up\"><\/i><\/span>\n\t\t\t\t\t\t\t\t\t\t\t\t\t\t<\/span>\n\t\t\t\t\t\t\t\t\t\t\t\t<a class=\"elementor-accordion-title\" tabindex=\"0\">\u00bfCu\u00e1ndo recibiremos nuestras fotos?<\/a>\n\t\t\t\t\t<\/div>\n\t\t\t\t\t<div id=\"elementor-tab-content-9123\" class=\"elementor-tab-content elementor-clearfix\" data-tab=\"3\" role=\"region\" aria-labelledby=\"elementor-tab-title-9123\"><p>El d\u00eda despu\u00e9s de la boda recibir\u00e9is una peque\u00f1a selecci\u00f3n de unas 50-60 fotograf\u00edas de los momentos m\u00e1s representativos. El resto del reportaje suele entregarse dos o tres meses despu\u00e9s de la boda.<\/p><\/div>\n\t\t\t\t<\/div>\n\t\t\t\t\t\t\t<div class=\"elementor-accordion-item\">\n\t\t\t\t\t<div id=\"elementor-tab-title-9124\" class=\"elementor-tab-title\" data-tab=\"4\" role=\"button\" aria-controls=\"elementor-tab-content-9124\" aria-expanded=\"false\">\n\t\t\t\t\t\t\t\t\t\t\t\t\t<span class=\"elementor-accordion-icon elementor-accordion-icon-right\" aria-hidden=\"true\">\n\t\t\t\t\t\t\t\t\t\t\t\t\t\t\t<span class=\"elementor-accordion-icon-closed\"><i class=\"fas fa-caret-down\"><\/i><\/span>\n\t\t\t\t\t\t\t\t<span class=\"elementor-accordion-icon-opened\"><i class=\"fas fa-caret-up\"><\/i><\/span>\n\t\t\t\t\t\t\t\t\t\t\t\t\t\t<\/span>\n\t\t\t\t\t\t\t\t\t\t\t\t<a class=\"elementor-accordion-title\" tabindex=\"0\">\u00bfC\u00faantas fotograf\u00edas recibiremos?<\/a>\n\t\t\t\t\t<\/div>\n\t\t\t\t\t<div id=\"elementor-tab-content-9124\" class=\"elementor-tab-content elementor-clearfix\" data-tab=\"4\" role=\"region\" aria-labelledby=\"elementor-tab-title-9124\"><p>Depende del tipo de boda, cada una es diferente, no es f\u00e1cil dar un n\u00famero exacto porque hay muchos factores a tener en cuenta, como el n\u00famero de invitados, el n\u00famero de atracciones previstas o el tipo de ceremonia, las ceremonias civiles son generalmente mucho m\u00e1s r\u00e1pidas que las ceremonias religiosas en la iglesia. En una boda peque\u00f1a o una boda tipo elopement, es posible que obtengas entre 300 y 400 fotograf\u00edas, mientras que en una boda grande y de lujo, f\u00e1cilmente podr\u00edas obtener entre 1.000 y 1.200. De media, podemos decir que suelo entregar entre 700 y 800 fotograf\u00edas. En cualquier caso, recibir\u00e1s muchas fotos y seguramente tendr\u00e1s en ellas todos los momentos y personas importantes.<\/p><\/div>\n\t\t\t\t<\/div>\n\t\t\t\t\t\t\t<div class=\"elementor-accordion-item\">\n\t\t\t\t\t<div id=\"elementor-tab-title-9125\" class=\"elementor-tab-title\" data-tab=\"5\" role=\"button\" aria-controls=\"elementor-tab-content-9125\" aria-expanded=\"false\">\n\t\t\t\t\t\t\t\t\t\t\t\t\t<span class=\"elementor-accordion-icon elementor-accordion-icon-right\" aria-hidden=\"true\">\n\t\t\t\t\t\t\t\t\t\t\t\t\t\t\t<span class=\"elementor-accordion-icon-closed\"><i class=\"fas fa-caret-down\"><\/i><\/span>\n\t\t\t\t\t\t\t\t<span class=\"elementor-accordion-icon-opened\"><i class=\"fas fa-caret-up\"><\/i><\/span>\n\t\t\t\t\t\t\t\t\t\t\t\t\t\t<\/span>\n\t\t\t\t\t\t\t\t\t\t\t\t<a class=\"elementor-accordion-title\" tabindex=\"0\">\u00bfSe requiere un pago por la reserva?<\/a>\n\t\t\t\t\t<\/div>\n\t\t\t\t\t<div id=\"elementor-tab-content-9125\" class=\"elementor-tab-content elementor-clearfix\" data-tab=\"5\" role=\"region\" aria-labelledby=\"elementor-tab-title-9125\"><p>S\u00ed, al firmar el contrato se realiza un pago por adelantado, que suele ser el 20% del precio total, y el pago restante se realiza tras la boda.<\/p><\/div>\n\t\t\t\t<\/div>\n\t\t\t\t\t\t\t<div class=\"elementor-accordion-item\">\n\t\t\t\t\t<div id=\"elementor-tab-title-9126\" class=\"elementor-tab-title\" data-tab=\"6\" role=\"button\" aria-controls=\"elementor-tab-content-9126\" aria-expanded=\"false\">\n\t\t\t\t\t\t\t\t\t\t\t\t\t<span class=\"elementor-accordion-icon elementor-accordion-icon-right\" aria-hidden=\"true\">\n\t\t\t\t\t\t\t\t\t\t\t\t\t\t\t<span class=\"elementor-accordion-icon-closed\"><i class=\"fas fa-caret-down\"><\/i><\/span>\n\t\t\t\t\t\t\t\t<span class=\"elementor-accordion-icon-opened\"><i class=\"fas fa-caret-up\"><\/i><\/span>\n\t\t\t\t\t\t\t\t\t\t\t\t\t\t<\/span>\n\t\t\t\t\t\t\t\t\t\t\t\t<a class=\"elementor-accordion-title\" tabindex=\"0\">\u00bfQu\u00e9 pasa si el fot\u00f3grafo no puede venir a la boda?<\/a>\n\t\t\t\t\t<\/div>\n\t\t\t\t\t<div id=\"elementor-tab-content-9126\" class=\"elementor-tab-content elementor-clearfix\" data-tab=\"6\" role=\"region\" aria-labelledby=\"elementor-tab-title-9126\"><p>En el caso de que no pudiera asistir a la boda debido a una causa de fuerza mayor, accidente o enfermedad, buscar\u00eda un fot\u00f3grafo sustituto con un nivel de experiencia similar al m\u00edo y le proporcionar\u00eda mis honorarios.<\/p><\/div>\n\t\t\t\t<\/div>\n\t\t\t\t\t\t\t<div class=\"elementor-accordion-item\">\n\t\t\t\t\t<div id=\"elementor-tab-title-9127\" class=\"elementor-tab-title\" data-tab=\"7\" role=\"button\" aria-controls=\"elementor-tab-content-9127\" aria-expanded=\"false\">\n\t\t\t\t\t\t\t\t\t\t\t\t\t<span class=\"elementor-accordion-icon elementor-accordion-icon-right\" aria-hidden=\"true\">\n\t\t\t\t\t\t\t\t\t\t\t\t\t\t\t<span class=\"elementor-accordion-icon-closed\"><i class=\"fas fa-caret-down\"><\/i><\/span>\n\t\t\t\t\t\t\t\t<span class=\"elementor-accordion-icon-opened\"><i class=\"fas fa-caret-up\"><\/i><\/span>\n\t\t\t\t\t\t\t\t\t\t\t\t\t\t<\/span>\n\t\t\t\t\t\t\t\t\t\t\t\t<a class=\"elementor-accordion-title\" tabindex=\"0\">\u00bfPodemos encargar un album?<\/a>\n\t\t\t\t\t<\/div>\n\t\t\t\t\t<div id=\"elementor-tab-content-9127\" class=\"elementor-tab-content elementor-clearfix\" data-tab=\"7\" role=\"region\" aria-labelledby=\"elementor-tab-title-9127\"><p>S\u00ed, claro que podemos encargar un bonito \u00e1lbum de fotos elaborado con materiales de la mejor calidad, te lo recomiendo, te encantar\u00e1.<\/p><\/div>\n\t\t\t\t<\/div>\n\t\t\t\t\t\t\t<div class=\"elementor-accordion-item\">\n\t\t\t\t\t<div id=\"elementor-tab-title-9128\" class=\"elementor-tab-title\" data-tab=\"8\" role=\"button\" aria-controls=\"elementor-tab-content-9128\" aria-expanded=\"false\">\n\t\t\t\t\t\t\t\t\t\t\t\t\t<span class=\"elementor-accordion-icon elementor-accordion-icon-right\" aria-hidden=\"true\">\n\t\t\t\t\t\t\t\t\t\t\t\t\t\t\t<span class=\"elementor-accordion-icon-closed\"><i class=\"fas fa-caret-down\"><\/i><\/span>\n\t\t\t\t\t\t\t\t<span class=\"elementor-accordion-icon-opened\"><i class=\"fas fa-caret-up\"><\/i><\/span>\n\t\t\t\t\t\t\t\t\t\t\t\t\t\t<\/span>\n\t\t\t\t\t\t\t\t\t\t\t\t<a class=\"elementor-accordion-title\" tabindex=\"0\">\u00bfTambi\u00e9n haceis video de boda?<\/a>\n\t\t\t\t\t<\/div>\n\t\t\t\t\t<div id=\"elementor-tab-content-9128\" class=\"elementor-tab-content elementor-clearfix\" data-tab=\"8\" role=\"region\" aria-labelledby=\"elementor-tab-title-9128\"><p>S\u00ed, trabajo con un fant\u00e1stico vide\u00f3grafo de bodas y hacemos videos de bodas muy bonitos, puedes ver algunos ejemplos y m\u00e1s informaci\u00f3n al respecto haciendo clic <a href=\"https:\/\/www.felixdevega.com\/es\/videos-de-boda\/\" target=\"_blank\" rel=\"noopener\">aqu\u00ed<\/a>.<\/p><\/div>\n\t\t\t\t<\/div>\n\t\t\t\t\t\t\t\t<\/div>\n\t\t\t\t\t\t<\/div>\n\t\t\t\t<\/div>\n\t\t\t\t\t<\/div>\n\t\t<\/div>\n\t\t\t\t<div class=\"elementor-column elementor-col-50 elementor-inner-column elementor-element elementor-element-39f36b2f\" data-id=\"39f36b2f\" data-element_type=\"column\" data-e-type=\"column\">\n\t\t\t<div class=\"elementor-widget-wrap elementor-element-populated\">\n\t\t\t\t\t\t<div class=\"elementor-element elementor-element-324b8149 elementor-widget elementor-widget-accordion\" data-id=\"324b8149\" data-element_type=\"widget\" data-e-type=\"widget\" data-widget_type=\"accordion.default\">\n\t\t\t\t<div class=\"elementor-widget-container\">\n\t\t\t\t\t\t\t<div class=\"elementor-accordion\">\n\t\t\t\t\t\t\t<div class=\"elementor-accordion-item\">\n\t\t\t\t\t<div id=\"elementor-tab-title-8431\" class=\"elementor-tab-title\" data-tab=\"1\" role=\"button\" aria-controls=\"elementor-tab-content-8431\" aria-expanded=\"false\">\n\t\t\t\t\t\t\t\t\t\t\t\t\t<span class=\"elementor-accordion-icon elementor-accordion-icon-right\" aria-hidden=\"true\">\n\t\t\t\t\t\t\t\t\t\t\t\t\t\t\t<span class=\"elementor-accordion-icon-closed\"><i class=\"fas fa-caret-down\"><\/i><\/span>\n\t\t\t\t\t\t\t\t<span class=\"elementor-accordion-icon-opened\"><i class=\"fas fa-caret-up\"><\/i><\/span>\n\t\t\t\t\t\t\t\t\t\t\t\t\t\t<\/span>\n\t\t\t\t\t\t\t\t\t\t\t\t<a class=\"elementor-accordion-title\" tabindex=\"0\">\u00bfC\u00f3mo describir\u00edas tu estilo de fotograf\u00eda de bodas?<\/a>\n\t\t\t\t\t<\/div>\n\t\t\t\t\t<div id=\"elementor-tab-content-8431\" class=\"elementor-tab-content elementor-clearfix\" data-tab=\"1\" role=\"region\" aria-labelledby=\"elementor-tab-title-8431\"><p>Creo que es un estilo c\u00e1lido, \u00edntimo y honesto. Las fotos son rom\u00e1nticas, pero no demasiado dulces, son reales y naturales. Me gusta documentar tu d\u00eda sin a\u00f1adir ingredientes, de forma natural, captando todas las emociones que surgen. Me gusta contar una historia completa, por eso tambi\u00e9n me considero un fot\u00f3grafo de reportaje.\u00a0<\/p><\/div>\n\t\t\t\t<\/div>\n\t\t\t\t\t\t\t<div class=\"elementor-accordion-item\">\n\t\t\t\t\t<div id=\"elementor-tab-title-8432\" class=\"elementor-tab-title\" data-tab=\"2\" role=\"button\" aria-controls=\"elementor-tab-content-8432\" aria-expanded=\"false\">\n\t\t\t\t\t\t\t\t\t\t\t\t\t<span class=\"elementor-accordion-icon elementor-accordion-icon-right\" aria-hidden=\"true\">\n\t\t\t\t\t\t\t\t\t\t\t\t\t\t\t<span class=\"elementor-accordion-icon-closed\"><i class=\"fas fa-caret-down\"><\/i><\/span>\n\t\t\t\t\t\t\t\t<span class=\"elementor-accordion-icon-opened\"><i class=\"fas fa-caret-up\"><\/i><\/span>\n\t\t\t\t\t\t\t\t\t\t\t\t\t\t<\/span>\n\t\t\t\t\t\t\t\t\t\t\t\t<a class=\"elementor-accordion-title\" tabindex=\"0\">\u00bfC\u00f3mo es tu trabajo el d\u00eda de nuestra boda?<\/a>\n\t\t\t\t\t<\/div>\n\t\t\t\t\t<div id=\"elementor-tab-content-8432\" class=\"elementor-tab-content elementor-clearfix\" data-tab=\"2\" role=\"region\" aria-labelledby=\"elementor-tab-title-8432\"><p>Creo que es muy f\u00e1cil trabajar conmigo. Soy una persona bastante tranquila, lo que resulta \u00fatil en los momentos estresantes de una boda. Soy muy emp\u00e1tico, generalmente estoy cerca de ti, captando todos los momentos y emociones que surgen.<\/p><\/div>\n\t\t\t\t<\/div>\n\t\t\t\t\t\t\t<div class=\"elementor-accordion-item\">\n\t\t\t\t\t<div id=\"elementor-tab-title-8433\" class=\"elementor-tab-title\" data-tab=\"3\" role=\"button\" aria-controls=\"elementor-tab-content-8433\" aria-expanded=\"false\">\n\t\t\t\t\t\t\t\t\t\t\t\t\t<span class=\"elementor-accordion-icon elementor-accordion-icon-right\" aria-hidden=\"true\">\n\t\t\t\t\t\t\t\t\t\t\t\t\t\t\t<span class=\"elementor-accordion-icon-closed\"><i class=\"fas fa-caret-down\"><\/i><\/span>\n\t\t\t\t\t\t\t\t<span class=\"elementor-accordion-icon-opened\"><i class=\"fas fa-caret-up\"><\/i><\/span>\n\t\t\t\t\t\t\t\t\t\t\t\t\t\t<\/span>\n\t\t\t\t\t\t\t\t\t\t\t\t<a class=\"elementor-accordion-title\" tabindex=\"0\">\u00bfQu\u00e9 consejo le puedes dar a una pareja que nunca antes ha posado delante de una c\u00e1mara?<\/a>\n\t\t\t\t\t<\/div>\n\t\t\t\t\t<div id=\"elementor-tab-content-8433\" class=\"elementor-tab-content elementor-clearfix\" data-tab=\"3\" role=\"region\" aria-labelledby=\"elementor-tab-title-8433\"><p>No es necesario que sepais posar, solo s\u00e9d vosotros mismos. Durante la sesi\u00f3n de fotos os dar\u00e9 algunas instrucciones muy sencillas, como no mirar a la c\u00e1mara y actuar como si yo no estuviera all\u00ed. No tienes que hacer nada especial, s\u00f3lo relajarte y disfrutar del d\u00eda, yo me encargo de las fotos.<\/p><\/div>\n\t\t\t\t<\/div>\n\t\t\t\t\t\t\t<div class=\"elementor-accordion-item\">\n\t\t\t\t\t<div id=\"elementor-tab-title-8434\" class=\"elementor-tab-title\" data-tab=\"4\" role=\"button\" aria-controls=\"elementor-tab-content-8434\" aria-expanded=\"false\">\n\t\t\t\t\t\t\t\t\t\t\t\t\t<span class=\"elementor-accordion-icon elementor-accordion-icon-right\" aria-hidden=\"true\">\n\t\t\t\t\t\t\t\t\t\t\t\t\t\t\t<span class=\"elementor-accordion-icon-closed\"><i class=\"fas fa-caret-down\"><\/i><\/span>\n\t\t\t\t\t\t\t\t<span class=\"elementor-accordion-icon-opened\"><i class=\"fas fa-caret-up\"><\/i><\/span>\n\t\t\t\t\t\t\t\t\t\t\t\t\t\t<\/span>\n\t\t\t\t\t\t\t\t\t\t\t\t<a class=\"elementor-accordion-title\" tabindex=\"0\">\u00bfC\u00f3mo nos proporcionas fotos?<\/a>\n\t\t\t\t\t<\/div>\n\t\t\t\t\t<div id=\"elementor-tab-content-8434\" class=\"elementor-tab-content elementor-clearfix\" data-tab=\"4\" role=\"region\" aria-labelledby=\"elementor-tab-title-8434\"><p>Despu\u00e9s de editar las fotos, las subimos a tu galer\u00eda privada online. Puedes compartir esta galer\u00eda con tus amigos y familiares. Tambi\u00e9n recibir\u00e1s un n\u00famero PIN que te permitir\u00e1 descargar todas las fotos en alta resoluci\u00f3n o en formato optimizado para la web.<\/p><\/div>\n\t\t\t\t<\/div>\n\t\t\t\t\t\t\t<div class=\"elementor-accordion-item\">\n\t\t\t\t\t<div id=\"elementor-tab-title-8435\" class=\"elementor-tab-title\" data-tab=\"5\" role=\"button\" aria-controls=\"elementor-tab-content-8435\" aria-expanded=\"false\">\n\t\t\t\t\t\t\t\t\t\t\t\t\t<span class=\"elementor-accordion-icon elementor-accordion-icon-right\" aria-hidden=\"true\">\n\t\t\t\t\t\t\t\t\t\t\t\t\t\t\t<span class=\"elementor-accordion-icon-closed\"><i class=\"fas fa-caret-down\"><\/i><\/span>\n\t\t\t\t\t\t\t\t<span class=\"elementor-accordion-icon-opened\"><i class=\"fas fa-caret-up\"><\/i><\/span>\n\t\t\t\t\t\t\t\t\t\t\t\t\t\t<\/span>\n\t\t\t\t\t\t\t\t\t\t\t\t<a class=\"elementor-accordion-title\" tabindex=\"0\">\u00bfEs necesario firmar un contrato?<\/a>\n\t\t\t\t\t<\/div>\n\t\t\t\t\t<div id=\"elementor-tab-content-8435\" class=\"elementor-tab-content elementor-clearfix\" data-tab=\"5\" role=\"region\" aria-labelledby=\"elementor-tab-title-8435\"><p>S\u00ed, en el contrato tenemos toda la informaci\u00f3n necesaria, el horario del dia de la boda, direcciones del lugar de la ceremonia y sal\u00f3n de bodas, condiciones de pago, condiciones de entrega, pol\u00edtica de cancelaci\u00f3n y muchos otros detalles que es importante tener por escrito.<\/p><\/div>\n\t\t\t\t<\/div>\n\t\t\t\t\t\t\t<div class=\"elementor-accordion-item\">\n\t\t\t\t\t<div id=\"elementor-tab-title-8436\" class=\"elementor-tab-title\" data-tab=\"6\" role=\"button\" aria-controls=\"elementor-tab-content-8436\" aria-expanded=\"false\">\n\t\t\t\t\t\t\t\t\t\t\t\t\t<span class=\"elementor-accordion-icon elementor-accordion-icon-right\" aria-hidden=\"true\">\n\t\t\t\t\t\t\t\t\t\t\t\t\t\t\t<span class=\"elementor-accordion-icon-closed\"><i class=\"fas fa-caret-down\"><\/i><\/span>\n\t\t\t\t\t\t\t\t<span class=\"elementor-accordion-icon-opened\"><i class=\"fas fa-caret-up\"><\/i><\/span>\n\t\t\t\t\t\t\t\t\t\t\t\t\t\t<\/span>\n\t\t\t\t\t\t\t\t\t\t\t\t<a class=\"elementor-accordion-title\" tabindex=\"0\">\u00bfNecesitas comida o alojamiento?<\/a>\n\t\t\t\t\t<\/div>\n\t\t\t\t\t<div id=\"elementor-tab-content-8436\" class=\"elementor-tab-content elementor-clearfix\" data-tab=\"6\" role=\"region\" aria-labelledby=\"elementor-tab-title-8436\"><p>Comida, s\u00ed, claro \ud83d\ude42 el d\u00eda de la boda es largo y hay que tener energ\u00eda para trabajar. En cuanto al alojamiento, depende. Si la boda se celebra en mi ciudad\u00a0 o alrededores, no necesito alojamiento. Si la boda se celebra en otra ciudad necesitar\u00e9 alojamiento para la noche de la boda. Si es una boda internacional en otro pa\u00eds necesitar\u00e9 alojamiento para 2-3 d\u00edas.<\/p><\/div>\n\t\t\t\t<\/div>\n\t\t\t\t\t\t\t\t<\/div>\n\t\t\t\t\t\t<\/div>\n\t\t\t\t<\/div>\n\t\t\t\t\t<\/div>\n\t\t<\/div>\n\t\t\t\t\t<\/div>\n\t\t<\/section>\n\t\t\t\t\t<\/div>\n\t\t<\/div>\n\t\t\t\t\t<\/div>\n\t\t<\/section>\n\t\t\t\t<section class=\"elementor-section elementor-top-section elementor-element elementor-element-c403e1b ct-section-stretched elementor-section-full_width elementor-section-height-min-height elementor-section-height-default elementor-section-items-middle wpr-particle-no wpr-sticky-section-no wpr-equal-height-no\" data-id=\"c403e1b\" data-element_type=\"section\" data-e-type=\"section\" data-settings=\"{&quot;background_background&quot;:&quot;classic&quot;}\">\n\t\t\t\t\t\t\t<div class=\"elementor-background-overlay\"><\/div>\n\t\t\t\t\t\t\t<div class=\"elementor-container elementor-column-gap-default\">\n\t\t\t\t\t<div class=\"elementor-column elementor-col-100 elementor-top-column elementor-element elementor-element-46381c1\" data-id=\"46381c1\" data-element_type=\"column\" data-e-type=\"column\">\n\t\t\t<div class=\"elementor-widget-wrap elementor-element-populated\">\n\t\t\t\t\t\t<div class=\"elementor-element elementor-element-f50ff6e elementor-absolute elementor-widget elementor-widget-text-editor\" data-id=\"f50ff6e\" data-element_type=\"widget\" data-e-type=\"widget\" data-settings=\"{&quot;_position&quot;:&quot;absolute&quot;}\" data-widget_type=\"text-editor.default\">\n\t\t\t\t<div class=\"elementor-widget-container\">\n\t\t\t\t\t\t\t\t\t<p><em>\u201cMost of the adventures recorded in this book really occurred\u2026\u201d<\/em><\/p>\t\t\t\t\t\t\t\t<\/div>\n\t\t\t\t<\/div>\n\t\t\t\t<div class=\"elementor-element elementor-element-03fcc16 elementor-absolute elementor-widget elementor-widget-text-editor\" data-id=\"03fcc16\" data-element_type=\"widget\" data-e-type=\"widget\" data-settings=\"{&quot;_position&quot;:&quot;absolute&quot;}\" data-widget_type=\"text-editor.default\">\n\t\t\t\t<div class=\"elementor-widget-container\">\n\t\t\t\t\t\t\t\t\t<p>Mark Twain \u2013 The adventures of Tom Sawyer<\/p>\t\t\t\t\t\t\t\t<\/div>\n\t\t\t\t<\/div>\n\t\t\t\t\t<\/div>\n\t\t<\/div>\n\t\t\t\t\t<\/div>\n\t\t<\/section>\n\t\t\t\t<section class=\"elementor-section elementor-top-section elementor-element elementor-element-4a0e2fe elementor-section-content-top elementor-section-height-min-height elementor-section-items-top elementor-section-boxed elementor-section-height-default wpr-particle-no wpr-sticky-section-no wpr-equal-height-no\" data-id=\"4a0e2fe\" data-element_type=\"section\" data-e-type=\"section\">\n\t\t\t\t\t\t<div class=\"elementor-container elementor-column-gap-no\">\n\t\t\t\t\t<div class=\"elementor-column elementor-col-50 elementor-top-column elementor-element elementor-element-a4910e9\" data-id=\"a4910e9\" data-element_type=\"column\" data-e-type=\"column\">\n\t\t\t<div class=\"elementor-widget-wrap elementor-element-populated\">\n\t\t\t\t\t\t<div class=\"elementor-element elementor-element-19d357e elementor-widget__width-initial elementor-widget elementor-widget-image\" data-id=\"19d357e\" data-element_type=\"widget\" data-e-type=\"widget\" data-widget_type=\"image.default\">\n\t\t\t\t<div class=\"elementor-widget-container\">\n\t\t\t\t\t\t\t\t\t\t\t\t\t\t\t<img loading=\"lazy\" decoding=\"async\" width=\"1920\" height=\"1282\" src=\"https:\/\/www.felixdevega.com\/wp-content\/uploads\/2023\/02\/Wedding-Photographer-Spain-Poland-Italy-Europe.jpg\" class=\"attachment-full size-full wp-image-30105\" alt=\"Fotografo de bodas Barcelona Costa Brava M\u00e1laga\" srcset=\"https:\/\/www.felixdevega.com\/wp-content\/uploads\/2023\/02\/Wedding-Photographer-Spain-Poland-Italy-Europe.jpg 1920w, https:\/\/www.felixdevega.com\/wp-content\/uploads\/2023\/02\/Wedding-Photographer-Spain-Poland-Italy-Europe-750x501.jpg 750w, https:\/\/www.felixdevega.com\/wp-content\/uploads\/2023\/02\/Wedding-Photographer-Spain-Poland-Italy-Europe-1290x861.jpg 1290w, https:\/\/www.felixdevega.com\/wp-content\/uploads\/2023\/02\/Wedding-Photographer-Spain-Poland-Italy-Europe-1536x1026.jpg 1536w, https:\/\/www.felixdevega.com\/wp-content\/uploads\/2023\/02\/Wedding-Photographer-Spain-Poland-Italy-Europe-1200x800.jpg 1200w\" sizes=\"(max-width: 1920px) 100vw, 1920px\" \/>\t\t\t\t\t\t\t\t\t\t\t\t\t\t\t<\/div>\n\t\t\t\t<\/div>\n\t\t\t\t\t<\/div>\n\t\t<\/div>\n\t\t\t\t<div class=\"elementor-column elementor-col-50 elementor-top-column elementor-element elementor-element-74b63d9\" data-id=\"74b63d9\" data-element_type=\"column\" data-e-type=\"column\">\n\t\t\t<div class=\"elementor-widget-wrap elementor-element-populated\">\n\t\t\t\t\t\t<div class=\"elementor-element elementor-element-5de5946 elementor-widget elementor-widget-heading\" data-id=\"5de5946\" data-element_type=\"widget\" data-e-type=\"widget\" data-widget_type=\"heading.default\">\n\t\t\t\t<div class=\"elementor-widget-container\">\n\t\t\t\t\t<p class=\"elementor-heading-title elementor-size-default\">Mas informaci\u00f3n<\/p>\t\t\t\t<\/div>\n\t\t\t\t<\/div>\n\t\t\t\t<div class=\"elementor-element elementor-element-3972ae2 elementor-widget elementor-widget-icon-box\" data-id=\"3972ae2\" data-element_type=\"widget\" data-e-type=\"widget\" data-widget_type=\"icon-box.default\">\n\t\t\t\t<div class=\"elementor-widget-container\">\n\t\t\t\t\t\t\t<div class=\"elementor-icon-box-wrapper\">\n\n\t\t\t\n\t\t\t\t\t\t<div class=\"elementor-icon-box-content\">\n\n\t\t\t\t\t\t\t\t\t<p class=\"elementor-icon-box-title\">\n\t\t\t\t\t\t<a href=\"https:\/\/www.felixdevega.com\/es\/fotograf-slubny\/barcelona\/\" >\n\t\t\t\t\t\t\tFot\u00f3grafo de bodas Barcelona\t\t\t\t\t\t<\/a>\n\t\t\t\t\t<\/p>\n\t\t\t\t\n\t\t\t\t\t\t\t\t\t<p class=\"elementor-icon-box-description\">\n\t\t\t\t\t\tBarcelona - Fotograf\u00eda de bodas\t\t\t\t\t<\/p>\n\t\t\t\t\n\t\t\t<\/div>\n\t\t\t\n\t\t<\/div>\n\t\t\t\t\t\t<\/div>\n\t\t\t\t<\/div>\n\t\t\t\t<div class=\"elementor-element elementor-element-f842473 elementor-widget elementor-widget-icon-box\" data-id=\"f842473\" data-element_type=\"widget\" data-e-type=\"widget\" data-widget_type=\"icon-box.default\">\n\t\t\t\t<div class=\"elementor-widget-container\">\n\t\t\t\t\t\t\t<div class=\"elementor-icon-box-wrapper\">\n\n\t\t\t\n\t\t\t\t\t\t<div class=\"elementor-icon-box-content\">\n\n\t\t\t\t\t\t\t\t\t<p class=\"elementor-icon-box-title\">\n\t\t\t\t\t\t<a href=\"https:\/\/www.felixdevega.com\/es\/wedding-photographer-costa-brava-spain\/\" >\n\t\t\t\t\t\t\tFot\u00f3grafo de bodas Costa Brava\t\t\t\t\t\t<\/a>\n\t\t\t\t\t<\/p>\n\t\t\t\t\n\t\t\t\t\t\t\t\t\t<p class=\"elementor-icon-box-description\">\n\t\t\t\t\t\tCosta Brava - Fotograf\u00eda de bodas\t\t\t\t\t<\/p>\n\t\t\t\t\n\t\t\t<\/div>\n\t\t\t\n\t\t<\/div>\n\t\t\t\t\t\t<\/div>\n\t\t\t\t<\/div>\n\t\t\t\t<div class=\"elementor-element elementor-element-b27472e elementor-widget elementor-widget-icon-box\" data-id=\"b27472e\" data-element_type=\"widget\" data-e-type=\"widget\" data-widget_type=\"icon-box.default\">\n\t\t\t\t<div class=\"elementor-widget-container\">\n\t\t\t\t\t\t\t<div class=\"elementor-icon-box-wrapper\">\n\n\t\t\t\n\t\t\t\t\t\t<div class=\"elementor-icon-box-content\">\n\n\t\t\t\t\t\t\t\t\t<p class=\"elementor-icon-box-title\">\n\t\t\t\t\t\t<a href=\"https:\/\/www.felixdevega.com\/es\/fotograf-slubny\/\" >\n\t\t\t\t\t\t\tFot\u00f3grafo de bodas en Espa\u00f1a\t\t\t\t\t\t<\/a>\n\t\t\t\t\t<\/p>\n\t\t\t\t\n\t\t\t\t\t\t\t\t\t<p class=\"elementor-icon-box-description\">\n\t\t\t\t\t\tReportajes de boda en Espa\u00f1a\t\t\t\t\t<\/p>\n\t\t\t\t\n\t\t\t<\/div>\n\t\t\t\n\t\t<\/div>\n\t\t\t\t\t\t<\/div>\n\t\t\t\t<\/div>\n\t\t\t\t<div class=\"elementor-element elementor-element-34c7d0f elementor-widget elementor-widget-icon-box\" data-id=\"34c7d0f\" data-element_type=\"widget\" data-e-type=\"widget\" data-widget_type=\"icon-box.default\">\n\t\t\t\t<div class=\"elementor-widget-container\">\n\t\t\t\t\t\t\t<div class=\"elementor-icon-box-wrapper\">\n\n\t\t\t\n\t\t\t\t\t\t<div class=\"elementor-icon-box-content\">\n\n\t\t\t\t\t\t\t\t\t<p class=\"elementor-icon-box-title\">\n\t\t\t\t\t\t<a href=\"https:\/\/www.felixdevega.com\/es\/\" >\n\t\t\t\t\t\t\tFot\u00f3grafo de bodas en Europa\t\t\t\t\t\t<\/a>\n\t\t\t\t\t<\/p>\n\t\t\t\t\n\t\t\t\t\t\t\t\t\t<p class=\"elementor-icon-box-description\">\n\t\t\t\t\t\tFot\u00f3grafo de bodas en Italia, Francia, Polonia, Malta\t\t\t\t\t<\/p>\n\t\t\t\t\n\t\t\t<\/div>\n\t\t\t\n\t\t<\/div>\n\t\t\t\t\t\t<\/div>\n\t\t\t\t<\/div>\n\t\t\t\t<div class=\"elementor-element elementor-element-7decb3f elementor-widget elementor-widget-icon-box\" data-id=\"7decb3f\" data-element_type=\"widget\" data-e-type=\"widget\" data-widget_type=\"icon-box.default\">\n\t\t\t\t<div class=\"elementor-widget-container\">\n\t\t\t\t\t\t\t<div class=\"elementor-icon-box-wrapper\">\n\n\t\t\t\n\t\t\t\t\t\t<div class=\"elementor-icon-box-content\">\n\n\t\t\t\t\t\t\t\t\t<p class=\"elementor-icon-box-title\">\n\t\t\t\t\t\t<a href=\"https:\/\/www.felixdevega.com\/es\/fotograf-slubny\/varsovia\/\" >\n\t\t\t\t\t\t\tFot\u00f3grafo de bodas Varsovia\t\t\t\t\t\t<\/a>\n\t\t\t\t\t<\/p>\n\t\t\t\t\n\t\t\t\t\t\t\t\t\t<p class=\"elementor-icon-box-description\">\n\t\t\t\t\t\tFotograf\u00eda de bodas en Varsovia, Polonia\t\t\t\t\t<\/p>\n\t\t\t\t\n\t\t\t<\/div>\n\t\t\t\n\t\t<\/div>\n\t\t\t\t\t\t<\/div>\n\t\t\t\t<\/div>\n\t\t\t\t<div class=\"elementor-element elementor-element-d01b633 elementor-widget elementor-widget-icon-box\" data-id=\"d01b633\" data-element_type=\"widget\" data-e-type=\"widget\" data-widget_type=\"icon-box.default\">\n\t\t\t\t<div class=\"elementor-widget-container\">\n\t\t\t\t\t\t\t<div class=\"elementor-icon-box-wrapper\">\n\n\t\t\t\n\t\t\t\t\t\t<div class=\"elementor-icon-box-content\">\n\n\t\t\t\t\t\t\t\t\t<p class=\"elementor-icon-box-title\">\n\t\t\t\t\t\t<a href=\"https:\/\/www.felixdevega.com\/es\/fotograf-slubny\/cracovia\/\" >\n\t\t\t\t\t\t\tFot\u00f3grafo de bodas Cracovia\t\t\t\t\t\t<\/a>\n\t\t\t\t\t<\/p>\n\t\t\t\t\n\t\t\t\t\t\t\t\t\t<p class=\"elementor-icon-box-description\">\n\t\t\t\t\t\tFotograf\u00eda de bodas en Cracovia, Polonia\t\t\t\t\t<\/p>\n\t\t\t\t\n\t\t\t<\/div>\n\t\t\t\n\t\t<\/div>\n\t\t\t\t\t\t<\/div>\n\t\t\t\t<\/div>\n\t\t\t\t<div class=\"elementor-element elementor-element-fd421ea elementor-widget elementor-widget-icon-box\" data-id=\"fd421ea\" data-element_type=\"widget\" data-e-type=\"widget\" data-widget_type=\"icon-box.default\">\n\t\t\t\t<div class=\"elementor-widget-container\">\n\t\t\t\t\t\t\t<div class=\"elementor-icon-box-wrapper\">\n\n\t\t\t\n\t\t\t\t\t\t<div class=\"elementor-icon-box-content\">\n\n\t\t\t\t\t\t\t\t\t<p class=\"elementor-icon-box-title\">\n\t\t\t\t\t\t<a href=\"https:\/\/www.felixdevega.com\/es\/post\/fotografia-de-bodas\/como-elegir-a-tu-fotografo-de-boda\/\" >\n\t\t\t\t\t\t\tC\u00f3mo elegir un buen fot\u00f3grafo de bodas\t\t\t\t\t\t<\/a>\n\t\t\t\t\t<\/p>\n\t\t\t\t\n\t\t\t\t\t\t\t\t\t<p class=\"elementor-icon-box-description\">\n\t\t\t\t\t\tC\u00f3mo elegir un buen fot\u00f3grafo de bodas\t\t\t\t\t<\/p>\n\t\t\t\t\n\t\t\t<\/div>\n\t\t\t\n\t\t<\/div>\n\t\t\t\t\t\t<\/div>\n\t\t\t\t<\/div>\n\t\t\t\t\t<\/div>\n\t\t<\/div>\n\t\t\t\t\t<\/div>\n\t\t<\/section>\n\t\t\t\t<\/div>\n\t\t","protected":false},"excerpt":{"rendered":"<p>F\u00c9LIX DE VEGA Fot\u00f3grafo de bodas \u2013 Fotograf\u00eda profesional para tu boda Qu\u00e9 tener en cuenta al elegir un fot\u00f3grafo de bodas profesional Fotograf\u00eda de bodas profesional. La fotograf\u00eda de bodas profesional no se trata s\u00f3lo de tomar hermosas fotograf\u00edas, sino tambi\u00e9n de la capacidad de trabajar con personas, saber donde estar en cada momento y trabajar con la ilusi\u00f3n de crear recuerdos inolvidables. Un fot\u00f3grafo de bodas profesional prepara cuidadosamente cada sesi\u00f3n de boda planificando las tomas, conociendo la ubicaci\u00f3n y teniendo equipo de repuesto en caso de necesidad. La experiencia de un fot\u00f3grafo de bodas profesional le permite anticipar y responder a las condiciones cambiantes durante la ceremonia y la celebraci\u00f3n. Un fot\u00f3grafo de bodas profesional tiene un profundo conocimiento t\u00e9cnico del funcionamiento del equipo, composici\u00f3n, iluminaci\u00f3n y postproducci\u00f3n.\u00a0 Es capaz de utilizar la configuraci\u00f3n de c\u00e1mara y t\u00e9cnicas de edici\u00f3n adecuadas para obtener fotograf\u00edas de la m\u00e1s alta calidad. Los profesionales utilizan equipos y software de edici\u00f3n de alta calidad, lo que garantiza la m\u00e1s alta calidad de fotograf\u00edas. Tambi\u00e9n pueden utilizar la luz natural y artificial de forma que resalte la belleza de cada momento. \u00bfPor qu\u00e9 vale la pena elegir un fot\u00f3grafo de bodas profesional? Un fot\u00f3grafo de bodas experimentado es capaz de capturar emociones naturales y momentos \u00edntimos que hacen que las fotograf\u00edas sean aut\u00e9nticas y llenas de vida. Puede observar y registrar discretamente los momentos m\u00e1s bellos. Un fot\u00f3grafo de bodas profesional ha realizado numerosas sesiones de boda, lo que le permite anticipar y capturar los detalles mas importantes, incluso en situaciones muy din\u00e1micas.\u00a0 Un fot\u00f3grafo de bodas profesional tiene la capacidad de capturar discretamente emociones aut\u00e9nticas y momentos \u00fanicos que hacen que las fotograf\u00edas est\u00e9n llenas de vida y emoci\u00f3n. Una boda es uno de los eventos m\u00e1s importantes de la vida. Las fotograf\u00edas profesionales son una inversi\u00f3n en recuerdos que disfrutar\u00e1s durante a\u00f1os y te recordar\u00e1n esos hermosos momentos. Reportajes de boda en Espa\u00f1a Aqui encontrar\u00e1s reportajes de boda en diferentes ciudades espa\u00f1olas. Fot\u00f3grafo de bodas en Barcelona Fotograf\u00eda de bodas en Barcelona, Tarragona, Girona Click here Fot\u00f3grafo de bodas en Madrid Fotograf\u00eda de bodas en Madrid. Click here Fot\u00f3grafo de bodas en Castilla y Leon Fot\u00f3grafo de bodas en Castilla y Le\u00f3n,\u00a0 Valladolid Click here Fot\u00f3grafo de bodas en M\u00e1laga Fot\u00f3grafo de Bodas en M\u00e1laga, Marbella, Costa del Sol Click here Fot\u00f3grafo de bodas en la Costa Brava Fotograf\u00eda de bodas en la Costa Brava, Hotel Roger de Flor Click here Fot\u00f3grafo de bodas en Mallorca Fotograf\u00eda de bodas en Baleares, Mallorca, Menorca, Ibiza, Formentera Click here F\u00c9LIX DE VEGA Nuestros servicios \u2013 Fot\u00f3grafo de bodas \u00bfQu\u00e9 servicios de fotograf\u00eda de bodas ofrecemos? El d\u00eda de la boda es uno de los momentos m\u00e1s importantes de la vida, por eso merece la pena confiar su organizaci\u00f3n y documentaci\u00f3n a profesionales con experiencia. As\u00ed podr\u00e9is estar seguros de que todo saldr\u00e1 perfecto y vosotros podr\u00e9is disfrutar con tranquilidad. Un fot\u00f3grafo de bodas profesional garantiza recuerdos \u00fanicos capturados en im\u00e1genes que os acompa\u00f1ar\u00e1n durante muchos a\u00f1os. Desde hace mas de diez a\u00f1os fotograf\u00edo bodas en Espa\u00f1a y en Europa. Esta amplia experiencia me permite trabajar con las parejas en un ambiente de calma y comprensi\u00f3n. Adem\u00e1s de realizar fotograf\u00edas especiales, estar\u00e9 encantado de compartir consejos pr\u00e1cticos sobre la organizaci\u00f3n. Realizamos reportajes de boda de alto nivel, independientemente del tipo de ceremonia. Fotograf\u00edo tanto bodas tradicionales religiosas como bodas civiles, bodas humanistas, celebraciones grandes o \u00edntimas con los m\u00e1s cercanos. Vuestras fotos estar\u00e1n preparadas en un estilo rom\u00e1ntico y moderno que sin duda encantar\u00e1 tanto a vosotros como a vuestros seres queridos. En las im\u00e1genes del reportaje encontrar\u00e9is todas las emociones y detalles que forman parte de este d\u00eda irrepetible: alegr\u00eda, emoci\u00f3n y momentos compartidos con la familia y los amigos. Tambi\u00e9n colaboro con un talentoso vide\u00f3grafo que puede crear para vosotros un video de boda emocionante, din\u00e1mico, hermoso y lleno de sentimiento al que querr\u00e9is volver muchas veces. Ofrecemos \u00e1lbumes de fotos de calidad premium con vuestras fotos favoritas. Verlos ser\u00e1 una experiencia conmovedora y, con el tiempo, se convertir\u00e1n en un tesoro familiar. Con mucho gusto tambi\u00e9n organizo sesiones de compromiso o pre-boda \u2013 una excelente ocasi\u00f3n para conocernos mejor antes del gran d\u00eda y crear recuerdos naturales y bonitos. Tambi\u00e9n est\u00e1n disponibles sesiones postboda. Estas sesiones pueden realizarse en vuestra ciudad, en la monta\u00f1a, en el mar&#8230; no solo en Espa\u00f1a,\u00a0 tambien pueden ser en el extranjero, estar\u00e9 encantado de acompa\u00f1aros para crear im\u00e1genes inolvidables que querr\u00e9is conservar toda la vida. Fot\u00f3grafo de bodas &#8211; Precios en Espa\u00f1a \u00bfCu\u00e1nto cuesta un fot\u00f3grafo de bodas? Los precios del servicio de fotograf\u00eda de bodas pueden variar en funci\u00f3n de la experiencia del fot\u00f3grafo, el alcance del servicio y la duraci\u00f3n del reportaje.\u00a0 Si hablamos de un fot\u00f3grafo profesional experimentado los precios suelen estar entre 1500 y 3000 Euros. En mi caso, he preparado varios paquetes a partir de 1500 Euros, lo que me permite adaptar la oferta a vuestras necesidades y presupuesto. Solo ten\u00e9is que contactarme y con gusto os enviar\u00e9 un presupuesto detallado. \u00bfQu\u00e9 incluyen los paquetes de boda? El paquete est\u00e1ndar cubre un reportaje completo del d\u00eda de la boda, incluyendo: los preparativos de la pareja, la ceremonia, retratos con la familia, una sesi\u00f3n con la pareja al atardecer, la fiesta y todos los momentos importantes del d\u00eda. Un d\u00eda despu\u00e9s de la boda tendr\u00e9is acceso a una galer\u00eda online con una primera selecci\u00f3n de las fotos m\u00e1s importantes \u2013 unas 50\u201360 im\u00e1genes. El reportaje completo, con entre 700 y 900 fotos cuidadosamente seleccionadas y editadas, lo recibir\u00e9is entre 2 y 3 meses despu\u00e9s de la boda. \u00bfOfreces otros servicios adicionales? S\u00ed, adem\u00e1s del reportaje del d\u00eda de la boda, tambi\u00e9n pod\u00e9is contratar: una sesi\u00f3n de compromiso o postboda en vuestra ciudad, o d\u00f3nde os apetezca, incluso en el extranjero, un album de fotos elegante y de alta calidad con vuestras im\u00e1genes favoritas, un video de boda en colaboraci\u00f3n con un vide\u00f3grafo talentoso. Si quer\u00e9is m\u00e1s detalles, \u00a1pon\u00e9os en<\/p>\n","protected":false},"author":1,"featured_media":21959,"parent":0,"menu_order":0,"comment_status":"closed","ping_status":"closed","template":"","meta":{"footnotes":""},"tags":[853,877],"class_list":["post-24903","page","type-page","status-publish","has-post-thumbnail","hentry","tag-fotografo-de-bodas","tag-fotografo-de-bodas-espana"],"blocksy_meta":[],"_links":{"self":[{"href":"https:\/\/www.felixdevega.com\/es\/wp-json\/wp\/v2\/pages\/24903","targetHints":{"allow":["GET"]}}],"collection":[{"href":"https:\/\/www.felixdevega.com\/es\/wp-json\/wp\/v2\/pages"}],"about":[{"href":"https:\/\/www.felixdevega.com\/es\/wp-json\/wp\/v2\/types\/page"}],"author":[{"embeddable":true,"href":"https:\/\/www.felixdevega.com\/es\/wp-json\/wp\/v2\/users\/1"}],"replies":[{"embeddable":true,"href":"https:\/\/www.felixdevega.com\/es\/wp-json\/wp\/v2\/comments?post=24903"}],"version-history":[{"count":85,"href":"https:\/\/www.felixdevega.com\/es\/wp-json\/wp\/v2\/pages\/24903\/revisions"}],"predecessor-version":[{"id":33101,"href":"https:\/\/www.felixdevega.com\/es\/wp-json\/wp\/v2\/pages\/24903\/revisions\/33101"}],"wp:featuredmedia":[{"embeddable":true,"href":"https:\/\/www.felixdevega.com\/es\/wp-json\/wp\/v2\/media\/21959"}],"wp:attachment":[{"href":"https:\/\/www.felixdevega.com\/es\/wp-json\/wp\/v2\/media?parent=24903"}],"wp:term":[{"taxonomy":"post_tag","embeddable":true,"href":"https:\/\/www.felixdevega.com\/es\/wp-json\/wp\/v2\/tags?post=24903"}],"curies":[{"name":"wp","href":"https:\/\/api.w.org\/{rel}","templated":true}]}}