{"id":21662,"date":"2021-01-02T16:05:50","date_gmt":"2021-01-02T15:05:50","guid":{"rendered":"https:\/\/www.felixdevega.com\/sesja-zdjeciowa-w-wenecji-we-wloszech\/"},"modified":"2025-04-17T12:28:12","modified_gmt":"2025-04-17T10:28:12","slug":"sesion-fotos-boda-venecia-italia","status":"publish","type":"page","link":"https:\/\/www.felixdevega.com\/es\/sesion-fotos-boda-venecia-italia\/","title":{"rendered":"Sesi\u00f3n de fotos de boda en Venecia, Italia"},"content":{"rendered":"\t\t<div data-elementor-type=\"wp-post\" data-elementor-id=\"21662\" class=\"elementor elementor-21662 elementor-18640\" data-elementor-post-type=\"page\">\n\t\t\t\t\t\t<section class=\"elementor-section elementor-top-section elementor-element elementor-element-1efa3f1 elementor-section-boxed elementor-section-height-default elementor-section-height-default wpr-particle-no wpr-sticky-section-no wpr-equal-height-no\" data-id=\"1efa3f1\" data-element_type=\"section\" data-e-type=\"section\">\n\t\t\t\t\t\t<div class=\"elementor-container elementor-column-gap-default\">\n\t\t\t\t\t<div class=\"elementor-column elementor-col-100 elementor-top-column elementor-element elementor-element-db07bc9\" data-id=\"db07bc9\" data-element_type=\"column\" data-e-type=\"column\">\n\t\t\t<div class=\"elementor-widget-wrap elementor-element-populated\">\n\t\t\t\t\t\t<div class=\"elementor-element elementor-element-cb1d047 elementor-widget elementor-widget-text-editor\" data-id=\"cb1d047\" data-element_type=\"widget\" data-e-type=\"widget\" data-widget_type=\"text-editor.default\">\n\t\t\t\t<div class=\"elementor-widget-container\">\n\t\t\t\t\t\t\t\t\t<p><strong><span style=\"font-size: 8pt; color: #999999;\">SESI\u00d3N PRE BODA EN ITALIA | FOTOS DE BODA EN VENECIA<\/span><\/strong><\/p>\t\t\t\t\t\t\t\t<\/div>\n\t\t\t\t<\/div>\n\t\t\t\t\t<\/div>\n\t\t<\/div>\n\t\t\t\t\t<\/div>\n\t\t<\/section>\n\t\t\t\t<section class=\"elementor-section elementor-top-section elementor-element elementor-element-309ee90 elementor-section-boxed elementor-section-height-default elementor-section-height-default wpr-particle-no wpr-sticky-section-no wpr-equal-height-no\" data-id=\"309ee90\" data-element_type=\"section\" data-e-type=\"section\">\n\t\t\t\t\t\t<div class=\"elementor-container elementor-column-gap-default\">\n\t\t\t\t\t<div class=\"elementor-column elementor-col-100 elementor-top-column elementor-element elementor-element-5b2c1c2\" data-id=\"5b2c1c2\" data-element_type=\"column\" data-e-type=\"column\">\n\t\t\t<div class=\"elementor-widget-wrap elementor-element-populated\">\n\t\t\t\t\t\t<div class=\"elementor-element elementor-element-1465835 elementor-widget elementor-widget-text-editor\" data-id=\"1465835\" data-element_type=\"widget\" data-e-type=\"widget\" data-widget_type=\"text-editor.default\">\n\t\t\t\t<div class=\"elementor-widget-container\">\n\t\t\t\t\t\t\t\t\t<h2 style=\"text-align: center;\">ROM\u00c1NTICA SESI\u00d3N DE FOTOS DE BODA EN VENECIA<\/h2>\t\t\t\t\t\t\t\t<\/div>\n\t\t\t\t<\/div>\n\t\t\t\t\t<\/div>\n\t\t<\/div>\n\t\t\t\t\t<\/div>\n\t\t<\/section>\n\t\t\t\t<section class=\"elementor-section elementor-top-section elementor-element elementor-element-f19cb3e elementor-section-boxed elementor-section-height-default elementor-section-height-default wpr-particle-no wpr-sticky-section-no wpr-equal-height-no\" data-id=\"f19cb3e\" data-element_type=\"section\" data-e-type=\"section\">\n\t\t\t\t\t\t<div class=\"elementor-container elementor-column-gap-default\">\n\t\t\t\t\t<div class=\"elementor-column elementor-col-100 elementor-top-column elementor-element elementor-element-5abdff7\" data-id=\"5abdff7\" data-element_type=\"column\" data-e-type=\"column\">\n\t\t\t<div class=\"elementor-widget-wrap elementor-element-populated\">\n\t\t\t\t\t\t<div class=\"elementor-element elementor-element-5e9f47a elementor-widget elementor-widget-text-editor\" data-id=\"5e9f47a\" data-element_type=\"widget\" data-e-type=\"widget\" data-widget_type=\"text-editor.default\">\n\t\t\t\t<div class=\"elementor-widget-container\">\n\t\t\t\t\t\t\t\t\t<p>Venecia es una de las ciudades m\u00e1s rom\u00e1nticas del mundo, celebrar una boda o compromiso en este m\u00e1gico lugar es una experiencia \u00fanica, quedar\u00e1s encantado con la historia, el arte, la deliciosa comida, los canales\u2026 Para m\u00ed, ser fot\u00f3grafo de bodas en Italia es un verdadero placer.\u00a0 Tuve la oportunidad de ir all\u00ed para fotografiar esta pareja: Maya y Piotr. Venecia es un destino popular para celebrar bodas debido a su atm\u00f3sfera rom\u00e1ntica y sus hermosos paisajes. El clima es c\u00e1lido y soleado durante al menos siete meses del a\u00f1o, lo que lo convierte en el lugar perfecto para bodas al aire libre, sesiones de compromiso o escapadas a uno de los destinos m\u00e1s encantadores de Europa. Si quieres vivir una experiencia incre\u00edble y celebrar tu amor por todo lo alto, Venecia es el destino de tu boda en Europa. Aqu\u00ed puedes ver algunas fotos de esta encantadora sesi\u00f3n de fotos de boda en el extranjero en Venecia, Italia.<\/p>\t\t\t\t\t\t\t\t<\/div>\n\t\t\t\t<\/div>\n\t\t\t\t\t<\/div>\n\t\t<\/div>\n\t\t\t\t\t<\/div>\n\t\t<\/section>\n\t\t\t\t<section class=\"elementor-section elementor-top-section elementor-element elementor-element-bdd86f5 elementor-section-boxed elementor-section-height-default elementor-section-height-default wpr-particle-no wpr-sticky-section-no wpr-equal-height-no\" data-id=\"bdd86f5\" data-element_type=\"section\" data-e-type=\"section\">\n\t\t\t\t\t\t<div class=\"elementor-container elementor-column-gap-default\">\n\t\t\t\t\t<div class=\"elementor-column elementor-col-100 elementor-top-column elementor-element elementor-element-460a0d6\" data-id=\"460a0d6\" data-element_type=\"column\" data-e-type=\"column\">\n\t\t\t<div class=\"elementor-widget-wrap elementor-element-populated\">\n\t\t\t\t\t\t<div class=\"elementor-element elementor-element-ce389bb elementor-widget elementor-widget-text-editor\" data-id=\"ce389bb\" data-element_type=\"widget\" data-e-type=\"widget\" data-widget_type=\"text-editor.default\">\n\t\t\t\t<div class=\"elementor-widget-container\">\n\t\t\t\t\t\t\t\t\t<h2 style=\"text-align: center;\">FOT\u00d3GRAFO DE BODAS EN VENECIA, ITALIA<\/h2>\t\t\t\t\t\t\t\t<\/div>\n\t\t\t\t<\/div>\n\t\t\t\t\t<\/div>\n\t\t<\/div>\n\t\t\t\t\t<\/div>\n\t\t<\/section>\n\t\t\t\t<section class=\"elementor-section elementor-top-section elementor-element elementor-element-b1ea106 elementor-section-boxed elementor-section-height-default elementor-section-height-default wpr-particle-no wpr-sticky-section-no wpr-equal-height-no\" data-id=\"b1ea106\" data-element_type=\"section\" data-e-type=\"section\">\n\t\t\t\t\t\t<div class=\"elementor-container elementor-column-gap-default\">\n\t\t\t\t\t<div class=\"elementor-column elementor-col-100 elementor-top-column elementor-element elementor-element-31b3153\" data-id=\"31b3153\" data-element_type=\"column\" data-e-type=\"column\">\n\t\t\t<div class=\"elementor-widget-wrap elementor-element-populated\">\n\t\t\t\t\t\t<div class=\"elementor-element elementor-element-9d73f61 elementor-widget elementor-widget-text-editor\" data-id=\"9d73f61\" data-element_type=\"widget\" data-e-type=\"widget\" data-widget_type=\"text-editor.default\">\n\t\t\t\t<div class=\"elementor-widget-container\">\n\t\t\t\t\t\t\t\t\t<p>Ya sea que est\u00e9 planeando una boda de lujo en Europa, una peque\u00f1a ceremonia \u00edntima o una boda en Italia, elegir un buen fot\u00f3grafo de bodas con experiencia es clave para tener maravillosos recuerdos de su momento especial. Las fotos de tu boda ser\u00e1n los recuerdos m\u00e1s preciados de este d\u00eda tan especial. Es importante encontrar un buen fot\u00f3grafo de bodas que pueda capturar todos los bellos momentos del d\u00eda de su boda y documentarlos con estilo. Un buen fot\u00f3grafo de bodas debe comprender su visi\u00f3n del d\u00eda de su boda y poder capturarla de una manera que refleje su personalidad y estilo. Tambi\u00e9n necesitar\u00e1s a alguien en quien conf\u00edes y con quien te sientas c\u00f3modo, ya que estar\u00e1 a tu lado durante todo el d\u00eda de tu boda. Si bien puede resultar tentador ahorrar dinero contratando a un fot\u00f3grafo aficionado o pidi\u00e9ndole a un amigo que le tome fotograf\u00edas, es importante recordar que estas fotograf\u00edas lo acompa\u00f1ar\u00e1n por el resto de su vida. Un fot\u00f3grafo profesional tiene la experiencia y el conocimiento para capturar los mejores momentos de tu d\u00eda especial.<\/p><p><img fetchpriority=\"high\" decoding=\"async\" class=\"aligncenter wp-image-19298 size-full\" src=\"https:\/\/www.felixdevega.com\/wp-content\/uploads\/2023\/06\/00-slub-we-wloszech-wenecja-fotograf-sesja-zdjeciowa-scaled.jpg\" alt=\"slub-we w\u0142oszech\" width=\"2560\" height=\"1706\" srcset=\"https:\/\/www.felixdevega.com\/wp-content\/uploads\/2023\/06\/00-slub-we-wloszech-wenecja-fotograf-sesja-zdjeciowa-scaled.jpg 2560w, https:\/\/www.felixdevega.com\/wp-content\/uploads\/2023\/06\/00-slub-we-wloszech-wenecja-fotograf-sesja-zdjeciowa-750x500.jpg 750w, https:\/\/www.felixdevega.com\/wp-content\/uploads\/2023\/06\/00-slub-we-wloszech-wenecja-fotograf-sesja-zdjeciowa-1290x860.jpg 1290w, https:\/\/www.felixdevega.com\/wp-content\/uploads\/2023\/06\/00-slub-we-wloszech-wenecja-fotograf-sesja-zdjeciowa-1536x1024.jpg 1536w, https:\/\/www.felixdevega.com\/wp-content\/uploads\/2023\/06\/00-slub-we-wloszech-wenecja-fotograf-sesja-zdjeciowa-2048x1365.jpg 2048w, https:\/\/www.felixdevega.com\/wp-content\/uploads\/2023\/06\/00-slub-we-wloszech-wenecja-fotograf-sesja-zdjeciowa-1200x800.jpg 1200w\" sizes=\"(max-width: 2560px) 100vw, 2560px\" \/><\/p>\t\t\t\t\t\t\t\t<\/div>\n\t\t\t\t<\/div>\n\t\t\t\t<div class=\"elementor-element elementor-element-5453a50 elementor-widget elementor-widget-text-editor\" data-id=\"5453a50\" data-element_type=\"widget\" data-e-type=\"widget\" data-widget_type=\"text-editor.default\">\n\t\t\t\t<div class=\"elementor-widget-container\">\n\t\t\t\t\t\t\t\t\t<h2>C\u00d3MO CASARSE EN ITALIA<\/h2>\t\t\t\t\t\t\t\t<\/div>\n\t\t\t\t<\/div>\n\t\t\t\t\t<\/div>\n\t\t<\/div>\n\t\t\t\t\t<\/div>\n\t\t<\/section>\n\t\t\t\t<section class=\"elementor-section elementor-top-section elementor-element elementor-element-17fa3a0 elementor-section-boxed elementor-section-height-default elementor-section-height-default wpr-particle-no wpr-sticky-section-no wpr-equal-height-no\" data-id=\"17fa3a0\" data-element_type=\"section\" data-e-type=\"section\">\n\t\t\t\t\t\t<div class=\"elementor-container elementor-column-gap-default\">\n\t\t\t\t\t<div class=\"elementor-column elementor-col-100 elementor-top-column elementor-element elementor-element-ca895b5\" data-id=\"ca895b5\" data-element_type=\"column\" data-e-type=\"column\">\n\t\t\t<div class=\"elementor-widget-wrap elementor-element-populated\">\n\t\t\t\t\t\t<div class=\"elementor-element elementor-element-98e3c63 elementor-widget elementor-widget-text-editor\" data-id=\"98e3c63\" data-element_type=\"widget\" data-e-type=\"widget\" data-widget_type=\"text-editor.default\">\n\t\t\t\t<div class=\"elementor-widget-container\">\n\t\t\t\t\t\t\t\t\t<p>Para casarse en Venecia, s\u00f3lo necesita estar en Venecia el d\u00eda de su boda sin presentarse primero al ayuntamiento (siempre que tenga un Nulla Osta para su boda como lo exige su nacionalidad) Nulla Osta es un certificado que demuestra que usted puede contraer matrimonio legalmente. Se pueden celebrar bodas simb\u00f3licas en una de las muchas terrazas del hotel con vistas al Gran Canal. Venecia ofrece una variedad de opciones de bodas para diferentes preferencias y presupuestos. Desde peque\u00f1as capillas hasta jardines tallados y hermosos hoteles, hay un lugar para que todos puedan celebrar una boda en Venecia. Si decides casarte en Venecia, las posibilidades son muy amplias, es muy bonito preparar una ceremonia \u00edntima durante la cual los novios escriben sus votos de su propia mano y luego se los leen en un lugar rom\u00e1ntico. Este tipo de celebraciones despiertan muchas emociones. Por supuesto, al estar en una ciudad tan bonita, no puedes olvidarte de caminar y perderte por el laberinto de calles estrechas y canales, y montar en g\u00f3ndola al atardecer con tu pareja ser\u00e1 una experiencia que quedar\u00e1 en tu memoria durante muchos a\u00f1os. Si necesitas ayuda para organizar una sesi\u00f3n de fotos en Venecia, ponte en contacto conmigo, tambi\u00e9n puedes obtener informaci\u00f3n muy \u00fatil aqu\u00ed: www.vivovenetia.it<\/p>\t\t\t\t\t\t\t\t<\/div>\n\t\t\t\t<\/div>\n\t\t\t\t\t<\/div>\n\t\t<\/div>\n\t\t\t\t\t<\/div>\n\t\t<\/section>\n\t\t\t\t<section class=\"elementor-section elementor-top-section elementor-element elementor-element-93446e1 elementor-section-boxed elementor-section-height-default elementor-section-height-default wpr-particle-no wpr-sticky-section-no wpr-equal-height-no\" data-id=\"93446e1\" data-element_type=\"section\" data-e-type=\"section\">\n\t\t\t\t\t\t<div class=\"elementor-container elementor-column-gap-default\">\n\t\t\t\t\t<div class=\"elementor-column elementor-col-100 elementor-top-column elementor-element elementor-element-be48f4b\" data-id=\"be48f4b\" data-element_type=\"column\" data-e-type=\"column\">\n\t\t\t<div class=\"elementor-widget-wrap elementor-element-populated\">\n\t\t\t\t\t\t<div class=\"elementor-element elementor-element-353848f elementor-widget elementor-widget-text-editor\" data-id=\"353848f\" data-element_type=\"widget\" data-e-type=\"widget\" data-widget_type=\"text-editor.default\">\n\t\t\t\t<div class=\"elementor-widget-container\">\n\t\t\t\t\t\t\t\t\t<h2 style=\"text-align: center;\">SESI\u00d3N DE FOTOS POSTBODA EN VENECIA, ITALIA<\/h2>\t\t\t\t\t\t\t\t<\/div>\n\t\t\t\t<\/div>\n\t\t\t\t\t<\/div>\n\t\t<\/div>\n\t\t\t\t\t<\/div>\n\t\t<\/section>\n\t\t\t\t<section class=\"elementor-section elementor-top-section elementor-element elementor-element-1b946dd elementor-section-boxed elementor-section-height-default elementor-section-height-default wpr-particle-no wpr-sticky-section-no wpr-equal-height-no\" data-id=\"1b946dd\" data-element_type=\"section\" data-e-type=\"section\">\n\t\t\t\t\t\t<div class=\"elementor-container elementor-column-gap-default\">\n\t\t\t\t\t<div class=\"elementor-column elementor-col-100 elementor-top-column elementor-element elementor-element-d802c79\" data-id=\"d802c79\" data-element_type=\"column\" data-e-type=\"column\">\n\t\t\t<div class=\"elementor-widget-wrap elementor-element-populated\">\n\t\t\t\t\t\t<div class=\"elementor-element elementor-element-ec224bd elementor-widget elementor-widget-text-editor\" data-id=\"ec224bd\" data-element_type=\"widget\" data-e-type=\"widget\" data-widget_type=\"text-editor.default\">\n\t\t\t\t<div class=\"elementor-widget-container\">\n\t\t\t\t\t\t\t\t\t<p>Sin m\u00e1s dilaci\u00f3n, os permito disfrutar de esta preciosa historia rom\u00e1ntica en Venecia con esta encantadora pareja de enamorados, Maya y Piotr, una pareja que es un placer fotografiar porque el amor entre ellos es visible a simple vista. Pasamos un rato muy agradable juntos y disfrutamos de la belleza de esta ciudad \u00fanica. \u00a1Gracias!<\/p>\t\t\t\t\t\t\t\t<\/div>\n\t\t\t\t<\/div>\n\t\t\t\t\t<\/div>\n\t\t<\/div>\n\t\t\t\t\t<\/div>\n\t\t<\/section>\n\t\t\t\t<section class=\"elementor-section elementor-top-section elementor-element elementor-element-6ca620fa elementor-section-boxed elementor-section-height-default elementor-section-height-default wpr-particle-no wpr-sticky-section-no wpr-equal-height-no\" data-id=\"6ca620fa\" data-element_type=\"section\" data-e-type=\"section\">\n\t\t\t\t\t\t<div class=\"elementor-container elementor-column-gap-default\">\n\t\t\t\t\t<div class=\"elementor-column elementor-col-100 elementor-top-column elementor-element elementor-element-207f4c0\" data-id=\"207f4c0\" data-element_type=\"column\" data-e-type=\"column\">\n\t\t\t<div class=\"elementor-widget-wrap elementor-element-populated\">\n\t\t\t\t\t\t<div class=\"elementor-element elementor-element-1582662a elementor-widget elementor-widget-text-editor\" data-id=\"1582662a\" data-element_type=\"widget\" data-e-type=\"widget\" data-widget_type=\"text-editor.default\">\n\t\t\t\t<div class=\"elementor-widget-container\">\n\t\t\t\t\t\t\t\t\t<p><audio class=\"wp-audio-shortcode\" id=\"audio-21662-1\" autoplay preload=\"none\" style=\"width: 100%;\" controls=\"controls\"><source type=\"audio\/mpeg\" src=\"https:\/\/www.felixdevega.com\/wp-content\/uploads\/2023\/05\/FISMOLL-feat.-Oly.-The-Healing-Official-Audio.mp3?_=1\" \/><a href=\"https:\/\/www.felixdevega.com\/wp-content\/uploads\/2023\/05\/FISMOLL-feat.-Oly.-The-Healing-Official-Audio.mp3\">https:\/\/www.felixdevega.com\/wp-content\/uploads\/2023\/05\/FISMOLL-feat.-Oly.-The-Healing-Official-Audio.mp3<\/a><\/audio><\/p><p>Music: Fismoll feat. Oly &#8211;\u00a0 The Healing<\/p><p data-wp-editing=\"1\"><img decoding=\"async\" class=\"aligncenter wp-image-18977 size-full\" style=\"margin-bottom: 5px;\" src=\"https:\/\/www.felixdevega.com\/wp-content\/uploads\/2023\/05\/01-Venice-Wedding-photographer-Italy.jpg\" alt=\"piazza san marco venice\" width=\"1250\" height=\"834\" srcset=\"https:\/\/www.felixdevega.com\/wp-content\/uploads\/2023\/05\/01-Venice-Wedding-photographer-Italy.jpg 1250w, https:\/\/www.felixdevega.com\/wp-content\/uploads\/2023\/05\/01-Venice-Wedding-photographer-Italy-750x500.jpg 750w, https:\/\/www.felixdevega.com\/wp-content\/uploads\/2023\/05\/01-Venice-Wedding-photographer-Italy-1200x800.jpg 1200w\" sizes=\"(max-width: 1250px) 100vw, 1250px\" \/> <img decoding=\"async\" class=\"aligncenter wp-image-18981 size-full\" style=\"margin-bottom: 5px;\" src=\"https:\/\/www.felixdevega.com\/wp-content\/uploads\/2023\/05\/02-Venice-Wedding-photographer-Italy.jpg\" alt=\"Venice-Wedding-Photographer-Italy\" width=\"1250\" height=\"792\" srcset=\"https:\/\/www.felixdevega.com\/wp-content\/uploads\/2023\/05\/02-Venice-Wedding-photographer-Italy.jpg 1250w, https:\/\/www.felixdevega.com\/wp-content\/uploads\/2023\/05\/02-Venice-Wedding-photographer-Italy-750x475.jpg 750w\" sizes=\"(max-width: 1250px) 100vw, 1250px\" \/> <img loading=\"lazy\" decoding=\"async\" class=\"aligncenter wp-image-18984 size-full\" style=\"margin-bottom: 5px;\" src=\"https:\/\/www.felixdevega.com\/wp-content\/uploads\/2023\/05\/03-Venice-Wedding-Photographer-Italy.jpg\" alt=\"Venice-Wedding-Photographer-Italy\" width=\"1250\" height=\"786\" srcset=\"https:\/\/www.felixdevega.com\/wp-content\/uploads\/2023\/05\/03-Venice-Wedding-Photographer-Italy.jpg 1250w, https:\/\/www.felixdevega.com\/wp-content\/uploads\/2023\/05\/03-Venice-Wedding-Photographer-Italy-750x472.jpg 750w\" sizes=\"(max-width: 1250px) 100vw, 1250px\" \/> <img loading=\"lazy\" decoding=\"async\" class=\"aligncenter wp-image-18987 size-full\" style=\"margin-bottom: 5px;\" src=\"https:\/\/www.felixdevega.com\/wp-content\/uploads\/2023\/05\/04-Venice-Wedding-Photographer-Italy.jpg\" alt=\"sesja-zdjeciowa-w-wenecji\" width=\"1250\" height=\"834\" srcset=\"https:\/\/www.felixdevega.com\/wp-content\/uploads\/2023\/05\/04-Venice-Wedding-Photographer-Italy.jpg 1250w, https:\/\/www.felixdevega.com\/wp-content\/uploads\/2023\/05\/04-Venice-Wedding-Photographer-Italy-750x500.jpg 750w, https:\/\/www.felixdevega.com\/wp-content\/uploads\/2023\/05\/04-Venice-Wedding-Photographer-Italy-1200x800.jpg 1200w\" sizes=\"(max-width: 1250px) 100vw, 1250px\" \/> <img loading=\"lazy\" decoding=\"async\" class=\"aligncenter wp-image-19002 size-full\" style=\"margin-bottom: 5px;\" src=\"https:\/\/www.felixdevega.com\/wp-content\/uploads\/2023\/06\/05-Venice-Wedding-Photographer-Italy.jpg\" alt=\"Venice-Wedding-Photographer-Italy\" width=\"1250\" height=\"834\" srcset=\"https:\/\/www.felixdevega.com\/wp-content\/uploads\/2023\/06\/05-Venice-Wedding-Photographer-Italy.jpg 1250w, https:\/\/www.felixdevega.com\/wp-content\/uploads\/2023\/06\/05-Venice-Wedding-Photographer-Italy-750x500.jpg 750w, https:\/\/www.felixdevega.com\/wp-content\/uploads\/2023\/06\/05-Venice-Wedding-Photographer-Italy-1200x800.jpg 1200w\" sizes=\"(max-width: 1250px) 100vw, 1250px\" \/> <img loading=\"lazy\" decoding=\"async\" class=\"aligncenter wp-image-19005 size-full\" style=\"margin-bottom: 5px;\" src=\"https:\/\/www.felixdevega.com\/wp-content\/uploads\/2023\/06\/06-Venice-Wedding-Photographer-Elopement-Italy.jpg\" alt=\"Venice-Wedding-Photographer-Italy\" width=\"1250\" height=\"834\" srcset=\"https:\/\/www.felixdevega.com\/wp-content\/uploads\/2023\/06\/06-Venice-Wedding-Photographer-Elopement-Italy.jpg 1250w, https:\/\/www.felixdevega.com\/wp-content\/uploads\/2023\/06\/06-Venice-Wedding-Photographer-Elopement-Italy-750x500.jpg 750w, https:\/\/www.felixdevega.com\/wp-content\/uploads\/2023\/06\/06-Venice-Wedding-Photographer-Elopement-Italy-1200x800.jpg 1200w\" sizes=\"(max-width: 1250px) 100vw, 1250px\" \/> <img loading=\"lazy\" decoding=\"async\" class=\"aligncenter wp-image-19008 size-full\" style=\"margin-bottom: 5px;\" src=\"https:\/\/www.felixdevega.com\/wp-content\/uploads\/2023\/06\/07-Venice-Wedding-Photographer-Elopement-Italy.jpg\" alt=\"Venice-Wedding-Photographer-Italy\" width=\"1250\" height=\"834\" srcset=\"https:\/\/www.felixdevega.com\/wp-content\/uploads\/2023\/06\/07-Venice-Wedding-Photographer-Elopement-Italy.jpg 1250w, https:\/\/www.felixdevega.com\/wp-content\/uploads\/2023\/06\/07-Venice-Wedding-Photographer-Elopement-Italy-750x500.jpg 750w, https:\/\/www.felixdevega.com\/wp-content\/uploads\/2023\/06\/07-Venice-Wedding-Photographer-Elopement-Italy-1200x800.jpg 1200w\" sizes=\"(max-width: 1250px) 100vw, 1250px\" \/><img loading=\"lazy\" decoding=\"async\" class=\"aligncenter wp-image-19301 size-full\" style=\"margin-bottom: 5px;\" src=\"https:\/\/www.felixdevega.com\/wp-content\/uploads\/2023\/06\/08-slub-we-wloszech-wenecja-fotograf-sesja-zdjeciowa.jpg\" alt=\"slub-we w\u0142oszech\" width=\"1250\" height=\"834\" srcset=\"https:\/\/www.felixdevega.com\/wp-content\/uploads\/2023\/06\/08-slub-we-wloszech-wenecja-fotograf-sesja-zdjeciowa.jpg 1250w, https:\/\/www.felixdevega.com\/wp-content\/uploads\/2023\/06\/08-slub-we-wloszech-wenecja-fotograf-sesja-zdjeciowa-750x500.jpg 750w, https:\/\/www.felixdevega.com\/wp-content\/uploads\/2023\/06\/08-slub-we-wloszech-wenecja-fotograf-sesja-zdjeciowa-1200x800.jpg 1200w\" sizes=\"(max-width: 1250px) 100vw, 1250px\" \/> <img loading=\"lazy\" decoding=\"async\" class=\"aligncenter wp-image-19304 size-full\" style=\"margin-bottom: 5px;\" src=\"https:\/\/www.felixdevega.com\/wp-content\/uploads\/2023\/06\/11-slub-we-wloszech-wenecja-fotograf-sesja-zdjeciowa.jpg\" alt=\"slub-we w\u0142oszech\" width=\"1250\" height=\"834\" srcset=\"https:\/\/www.felixdevega.com\/wp-content\/uploads\/2023\/06\/11-slub-we-wloszech-wenecja-fotograf-sesja-zdjeciowa.jpg 1250w, https:\/\/www.felixdevega.com\/wp-content\/uploads\/2023\/06\/11-slub-we-wloszech-wenecja-fotograf-sesja-zdjeciowa-750x500.jpg 750w, https:\/\/www.felixdevega.com\/wp-content\/uploads\/2023\/06\/11-slub-we-wloszech-wenecja-fotograf-sesja-zdjeciowa-1200x800.jpg 1200w\" sizes=\"(max-width: 1250px) 100vw, 1250px\" \/> <img loading=\"lazy\" decoding=\"async\" class=\"aligncenter wp-image-19307 size-full\" style=\"margin-bottom: 5px;\" src=\"https:\/\/www.felixdevega.com\/wp-content\/uploads\/2023\/06\/12-slub-we-wloszech-wenecja-fotograf-sesja-zdjeciowa.jpg\" alt=\"slub-we w\u0142oszech\" width=\"1250\" height=\"834\" srcset=\"https:\/\/www.felixdevega.com\/wp-content\/uploads\/2023\/06\/12-slub-we-wloszech-wenecja-fotograf-sesja-zdjeciowa.jpg 1250w, https:\/\/www.felixdevega.com\/wp-content\/uploads\/2023\/06\/12-slub-we-wloszech-wenecja-fotograf-sesja-zdjeciowa-750x500.jpg 750w, https:\/\/www.felixdevega.com\/wp-content\/uploads\/2023\/06\/12-slub-we-wloszech-wenecja-fotograf-sesja-zdjeciowa-1200x800.jpg 1200w\" sizes=\"(max-width: 1250px) 100vw, 1250px\" \/> <img loading=\"lazy\" decoding=\"async\" class=\"aligncenter wp-image-19310 size-full\" style=\"margin-bottom: 5px;\" src=\"https:\/\/www.felixdevega.com\/wp-content\/uploads\/2023\/06\/13-slub-we-wloszech-wenecja-fotograf-sesja-zdjeciowa.jpg\" alt=\"slub-we w\u0142oszech\" width=\"1250\" height=\"834\" srcset=\"https:\/\/www.felixdevega.com\/wp-content\/uploads\/2023\/06\/13-slub-we-wloszech-wenecja-fotograf-sesja-zdjeciowa.jpg 1250w, https:\/\/www.felixdevega.com\/wp-content\/uploads\/2023\/06\/13-slub-we-wloszech-wenecja-fotograf-sesja-zdjeciowa-750x500.jpg 750w, https:\/\/www.felixdevega.com\/wp-content\/uploads\/2023\/06\/13-slub-we-wloszech-wenecja-fotograf-sesja-zdjeciowa-1200x800.jpg 1200w\" sizes=\"(max-width: 1250px) 100vw, 1250px\" \/> <img loading=\"lazy\" decoding=\"async\" class=\"aligncenter wp-image-19313 size-full\" style=\"margin-bottom: 5px;\" src=\"https:\/\/www.felixdevega.com\/wp-content\/uploads\/2023\/06\/14-slub-we-wloszech-wenecja-fotograf-sesja-zdjeciowa.jpg\" alt=\"slub-we w\u0142oszech\" width=\"1250\" height=\"834\" srcset=\"https:\/\/www.felixdevega.com\/wp-content\/uploads\/2023\/06\/14-slub-we-wloszech-wenecja-fotograf-sesja-zdjeciowa.jpg 1250w, https:\/\/www.felixdevega.com\/wp-content\/uploads\/2023\/06\/14-slub-we-wloszech-wenecja-fotograf-sesja-zdjeciowa-750x500.jpg 750w, https:\/\/www.felixdevega.com\/wp-content\/uploads\/2023\/06\/14-slub-we-wloszech-wenecja-fotograf-sesja-zdjeciowa-1200x800.jpg 1200w\" sizes=\"(max-width: 1250px) 100vw, 1250px\" \/> <img loading=\"lazy\" decoding=\"async\" class=\"aligncenter wp-image-19316 size-full\" style=\"margin-bottom: 5px;\" src=\"https:\/\/www.felixdevega.com\/wp-content\/uploads\/2023\/06\/15-slub-we-wloszech-wenecja-fotograf-sesja-zdjeciowa.jpg\" alt=\"slub-we w\u0142oszech\" width=\"1250\" height=\"834\" srcset=\"https:\/\/www.felixdevega.com\/wp-content\/uploads\/2023\/06\/15-slub-we-wloszech-wenecja-fotograf-sesja-zdjeciowa.jpg 1250w, https:\/\/www.felixdevega.com\/wp-content\/uploads\/2023\/06\/15-slub-we-wloszech-wenecja-fotograf-sesja-zdjeciowa-750x500.jpg 750w, https:\/\/www.felixdevega.com\/wp-content\/uploads\/2023\/06\/15-slub-we-wloszech-wenecja-fotograf-sesja-zdjeciowa-1200x800.jpg 1200w\" sizes=\"(max-width: 1250px) 100vw, 1250px\" \/><img loading=\"lazy\" decoding=\"async\" class=\"aligncenter wp-image-19319 size-full\" style=\"margin-bottom: 5px;\" src=\"https:\/\/www.felixdevega.com\/wp-content\/uploads\/2023\/06\/16-slub-we-wloszech-wenecja-fotograf-sesja-zdjeciowa.jpg\" alt=\"slub-we w\u0142oszech\" width=\"1250\" height=\"834\" srcset=\"https:\/\/www.felixdevega.com\/wp-content\/uploads\/2023\/06\/16-slub-we-wloszech-wenecja-fotograf-sesja-zdjeciowa.jpg 1250w, https:\/\/www.felixdevega.com\/wp-content\/uploads\/2023\/06\/16-slub-we-wloszech-wenecja-fotograf-sesja-zdjeciowa-750x500.jpg 750w, https:\/\/www.felixdevega.com\/wp-content\/uploads\/2023\/06\/16-slub-we-wloszech-wenecja-fotograf-sesja-zdjeciowa-1200x800.jpg 1200w\" sizes=\"(max-width: 1250px) 100vw, 1250px\" \/> <img loading=\"lazy\" decoding=\"async\" class=\"aligncenter wp-image-19322 size-full\" style=\"margin-bottom: 5px;\" src=\"https:\/\/www.felixdevega.com\/wp-content\/uploads\/2023\/06\/17-slub-we-wloszech-wenecja-fotograf-sesja-zdjeciowa.jpg\" alt=\"slub-we w\u0142oszech\" width=\"1250\" height=\"834\" srcset=\"https:\/\/www.felixdevega.com\/wp-content\/uploads\/2023\/06\/17-slub-we-wloszech-wenecja-fotograf-sesja-zdjeciowa.jpg 1250w, https:\/\/www.felixdevega.com\/wp-content\/uploads\/2023\/06\/17-slub-we-wloszech-wenecja-fotograf-sesja-zdjeciowa-750x500.jpg 750w, https:\/\/www.felixdevega.com\/wp-content\/uploads\/2023\/06\/17-slub-we-wloszech-wenecja-fotograf-sesja-zdjeciowa-1200x800.jpg 1200w\" sizes=\"(max-width: 1250px) 100vw, 1250px\" \/> <img loading=\"lazy\" decoding=\"async\" class=\"aligncenter wp-image-19325 size-full\" style=\"margin-bottom: 5px;\" src=\"https:\/\/www.felixdevega.com\/wp-content\/uploads\/2023\/06\/18-slub-we-wloszech-wenecja-fotograf-sesja-zdjeciowa.jpg\" alt=\"slub-we w\u0142oszech\" width=\"1250\" height=\"834\" srcset=\"https:\/\/www.felixdevega.com\/wp-content\/uploads\/2023\/06\/18-slub-we-wloszech-wenecja-fotograf-sesja-zdjeciowa.jpg 1250w, https:\/\/www.felixdevega.com\/wp-content\/uploads\/2023\/06\/18-slub-we-wloszech-wenecja-fotograf-sesja-zdjeciowa-750x500.jpg 750w, https:\/\/www.felixdevega.com\/wp-content\/uploads\/2023\/06\/18-slub-we-wloszech-wenecja-fotograf-sesja-zdjeciowa-1200x800.jpg 1200w\" sizes=\"(max-width: 1250px) 100vw, 1250px\" \/> <img loading=\"lazy\" decoding=\"async\" class=\"aligncenter wp-image-19041 size-full\" style=\"margin-bottom: 5px;\" src=\"https:\/\/www.felixdevega.com\/wp-content\/uploads\/2023\/06\/19-blog-dos-fotos-horizontales4.jpg\" alt=\"\" width=\"1250\" height=\"416\" srcset=\"https:\/\/www.felixdevega.com\/wp-content\/uploads\/2023\/06\/19-blog-dos-fotos-horizontales4.jpg 1250w, https:\/\/www.felixdevega.com\/wp-content\/uploads\/2023\/06\/19-blog-dos-fotos-horizontales4-750x250.jpg 750w\" sizes=\"(max-width: 1250px) 100vw, 1250px\" \/> <img loading=\"lazy\" decoding=\"async\" class=\"aligncenter wp-image-19328 size-full\" style=\"margin-bottom: 5px;\" src=\"https:\/\/www.felixdevega.com\/wp-content\/uploads\/2023\/06\/20-slub-we-wloszech-wenecja-fotograf-sesja-zdjeciowa.jpg\" alt=\"slub-we w\u0142oszech\" width=\"1250\" height=\"834\" srcset=\"https:\/\/www.felixdevega.com\/wp-content\/uploads\/2023\/06\/20-slub-we-wloszech-wenecja-fotograf-sesja-zdjeciowa.jpg 1250w, https:\/\/www.felixdevega.com\/wp-content\/uploads\/2023\/06\/20-slub-we-wloszech-wenecja-fotograf-sesja-zdjeciowa-750x500.jpg 750w, https:\/\/www.felixdevega.com\/wp-content\/uploads\/2023\/06\/20-slub-we-wloszech-wenecja-fotograf-sesja-zdjeciowa-1200x800.jpg 1200w\" sizes=\"(max-width: 1250px) 100vw, 1250px\" \/> <img loading=\"lazy\" decoding=\"async\" class=\"aligncenter wp-image-19331 size-full\" style=\"margin-bottom: 5px;\" src=\"https:\/\/www.felixdevega.com\/wp-content\/uploads\/2023\/06\/21-slub-we-wloszech-wenecja-fotograf-sesja-zdjeciowa.jpg\" alt=\"slub-we w\u0142oszech\" width=\"1250\" height=\"834\" srcset=\"https:\/\/www.felixdevega.com\/wp-content\/uploads\/2023\/06\/21-slub-we-wloszech-wenecja-fotograf-sesja-zdjeciowa.jpg 1250w, https:\/\/www.felixdevega.com\/wp-content\/uploads\/2023\/06\/21-slub-we-wloszech-wenecja-fotograf-sesja-zdjeciowa-750x500.jpg 750w, https:\/\/www.felixdevega.com\/wp-content\/uploads\/2023\/06\/21-slub-we-wloszech-wenecja-fotograf-sesja-zdjeciowa-1200x800.jpg 1200w\" sizes=\"(max-width: 1250px) 100vw, 1250px\" \/> <img loading=\"lazy\" decoding=\"async\" class=\"aligncenter wp-image-19334 size-full\" style=\"margin-bottom: 5px;\" src=\"https:\/\/www.felixdevega.com\/wp-content\/uploads\/2023\/06\/22-slub-we-wloszech-wenecja-fotograf-sesja-zdjeciowa.jpg\" alt=\"slub-we w\u0142oszech\" width=\"1250\" height=\"834\" srcset=\"https:\/\/www.felixdevega.com\/wp-content\/uploads\/2023\/06\/22-slub-we-wloszech-wenecja-fotograf-sesja-zdjeciowa.jpg 1250w, https:\/\/www.felixdevega.com\/wp-content\/uploads\/2023\/06\/22-slub-we-wloszech-wenecja-fotograf-sesja-zdjeciowa-750x500.jpg 750w, https:\/\/www.felixdevega.com\/wp-content\/uploads\/2023\/06\/22-slub-we-wloszech-wenecja-fotograf-sesja-zdjeciowa-1200x800.jpg 1200w\" sizes=\"(max-width: 1250px) 100vw, 1250px\" \/> <img loading=\"lazy\" decoding=\"async\" class=\"aligncenter wp-image-19337 size-full\" style=\"margin-bottom: 5px;\" src=\"https:\/\/www.felixdevega.com\/wp-content\/uploads\/2023\/06\/23-slub-we-wloszech-wenecja-fotograf-sesja-zdjeciowa.jpg\" alt=\"slub-we w\u0142oszech\" width=\"1250\" height=\"834\" srcset=\"https:\/\/www.felixdevega.com\/wp-content\/uploads\/2023\/06\/23-slub-we-wloszech-wenecja-fotograf-sesja-zdjeciowa.jpg 1250w, https:\/\/www.felixdevega.com\/wp-content\/uploads\/2023\/06\/23-slub-we-wloszech-wenecja-fotograf-sesja-zdjeciowa-750x500.jpg 750w, https:\/\/www.felixdevega.com\/wp-content\/uploads\/2023\/06\/23-slub-we-wloszech-wenecja-fotograf-sesja-zdjeciowa-1200x800.jpg 1200w\" sizes=\"(max-width: 1250px) 100vw, 1250px\" \/> <img loading=\"lazy\" decoding=\"async\" class=\"aligncenter wp-image-19340 size-full\" style=\"margin-bottom: 5px;\" src=\"https:\/\/www.felixdevega.com\/wp-content\/uploads\/2023\/06\/24-slub-we-wloszech-wenecja-fotograf-sesja-zdjeciowa.jpg\" alt=\"slub-we w\u0142oszech\" width=\"1250\" height=\"834\" srcset=\"https:\/\/www.felixdevega.com\/wp-content\/uploads\/2023\/06\/24-slub-we-wloszech-wenecja-fotograf-sesja-zdjeciowa.jpg 1250w, https:\/\/www.felixdevega.com\/wp-content\/uploads\/2023\/06\/24-slub-we-wloszech-wenecja-fotograf-sesja-zdjeciowa-750x500.jpg 750w, https:\/\/www.felixdevega.com\/wp-content\/uploads\/2023\/06\/24-slub-we-wloszech-wenecja-fotograf-sesja-zdjeciowa-1200x800.jpg 1200w\" sizes=\"(max-width: 1250px) 100vw, 1250px\" \/> <img loading=\"lazy\" decoding=\"async\" class=\"aligncenter wp-image-19343 size-full\" style=\"margin-bottom: 5px;\" src=\"https:\/\/www.felixdevega.com\/wp-content\/uploads\/2023\/06\/26-slub-we-wloszech-wenecja-fotograf-sesja-zdjeciowa.jpg\" alt=\"slub-we w\u0142oszech\" width=\"1250\" height=\"834\" srcset=\"https:\/\/www.felixdevega.com\/wp-content\/uploads\/2023\/06\/26-slub-we-wloszech-wenecja-fotograf-sesja-zdjeciowa.jpg 1250w, https:\/\/www.felixdevega.com\/wp-content\/uploads\/2023\/06\/26-slub-we-wloszech-wenecja-fotograf-sesja-zdjeciowa-750x500.jpg 750w, https:\/\/www.felixdevega.com\/wp-content\/uploads\/2023\/06\/26-slub-we-wloszech-wenecja-fotograf-sesja-zdjeciowa-1200x800.jpg 1200w\" sizes=\"(max-width: 1250px) 100vw, 1250px\" \/> <img loading=\"lazy\" decoding=\"async\" class=\"aligncenter wp-image-19346 size-full\" style=\"margin-bottom: 5px;\" src=\"https:\/\/www.felixdevega.com\/wp-content\/uploads\/2023\/06\/27-slub-we-wloszech-wenecja-fotograf-sesja-zdjeciowa.jpg\" alt=\"slub-we w\u0142oszech\" width=\"1250\" height=\"834\" srcset=\"https:\/\/www.felixdevega.com\/wp-content\/uploads\/2023\/06\/27-slub-we-wloszech-wenecja-fotograf-sesja-zdjeciowa.jpg 1250w, https:\/\/www.felixdevega.com\/wp-content\/uploads\/2023\/06\/27-slub-we-wloszech-wenecja-fotograf-sesja-zdjeciowa-750x500.jpg 750w, https:\/\/www.felixdevega.com\/wp-content\/uploads\/2023\/06\/27-slub-we-wloszech-wenecja-fotograf-sesja-zdjeciowa-1200x800.jpg 1200w\" sizes=\"(max-width: 1250px) 100vw, 1250px\" \/> <img loading=\"lazy\" decoding=\"async\" class=\"aligncenter wp-image-19349 size-full\" style=\"margin-bottom: 5px;\" src=\"https:\/\/www.felixdevega.com\/wp-content\/uploads\/2023\/06\/28-slub-we-wloszech-wenecja-fotograf-sesja-zdjeciowa.jpg\" alt=\"slub-we w\u0142oszech\" width=\"1250\" height=\"834\" srcset=\"https:\/\/www.felixdevega.com\/wp-content\/uploads\/2023\/06\/28-slub-we-wloszech-wenecja-fotograf-sesja-zdjeciowa.jpg 1250w, https:\/\/www.felixdevega.com\/wp-content\/uploads\/2023\/06\/28-slub-we-wloszech-wenecja-fotograf-sesja-zdjeciowa-750x500.jpg 750w, https:\/\/www.felixdevega.com\/wp-content\/uploads\/2023\/06\/28-slub-we-wloszech-wenecja-fotograf-sesja-zdjeciowa-1200x800.jpg 1200w\" sizes=\"(max-width: 1250px) 100vw, 1250px\" \/> <img loading=\"lazy\" decoding=\"async\" class=\"aligncenter wp-image-19352 size-full\" style=\"margin-bottom: 5px;\" src=\"https:\/\/www.felixdevega.com\/wp-content\/uploads\/2023\/06\/29-slub-we-wloszech-wenecja-fotograf-sesja-zdjeciowa.jpg\" alt=\"slub-we w\u0142oszech\" width=\"1250\" height=\"834\" srcset=\"https:\/\/www.felixdevega.com\/wp-content\/uploads\/2023\/06\/29-slub-we-wloszech-wenecja-fotograf-sesja-zdjeciowa.jpg 1250w, https:\/\/www.felixdevega.com\/wp-content\/uploads\/2023\/06\/29-slub-we-wloszech-wenecja-fotograf-sesja-zdjeciowa-750x500.jpg 750w, https:\/\/www.felixdevega.com\/wp-content\/uploads\/2023\/06\/29-slub-we-wloszech-wenecja-fotograf-sesja-zdjeciowa-1200x800.jpg 1200w\" sizes=\"(max-width: 1250px) 100vw, 1250px\" \/><img loading=\"lazy\" decoding=\"async\" class=\"aligncenter wp-image-19355 size-full\" style=\"margin-bottom: 5px;\" src=\"https:\/\/www.felixdevega.com\/wp-content\/uploads\/2023\/06\/30-slub-we-wloszech-wenecja-fotograf-sesja-zdjeciowa.jpg\" alt=\"slub-we w\u0142oszech\" width=\"1250\" height=\"834\" srcset=\"https:\/\/www.felixdevega.com\/wp-content\/uploads\/2023\/06\/30-slub-we-wloszech-wenecja-fotograf-sesja-zdjeciowa.jpg 1250w, https:\/\/www.felixdevega.com\/wp-content\/uploads\/2023\/06\/30-slub-we-wloszech-wenecja-fotograf-sesja-zdjeciowa-750x500.jpg 750w, https:\/\/www.felixdevega.com\/wp-content\/uploads\/2023\/06\/30-slub-we-wloszech-wenecja-fotograf-sesja-zdjeciowa-1200x800.jpg 1200w\" sizes=\"(max-width: 1250px) 100vw, 1250px\" \/> <img loading=\"lazy\" decoding=\"async\" class=\"aligncenter wp-image-19358 size-full\" style=\"margin-bottom: 5px;\" src=\"https:\/\/www.felixdevega.com\/wp-content\/uploads\/2023\/06\/31-slub-we-wloszech-wenecja-fotograf-sesja-zdjeciowa.jpg\" alt=\"slub-we w\u0142oszech\" width=\"1250\" height=\"834\" srcset=\"https:\/\/www.felixdevega.com\/wp-content\/uploads\/2023\/06\/31-slub-we-wloszech-wenecja-fotograf-sesja-zdjeciowa.jpg 1250w, https:\/\/www.felixdevega.com\/wp-content\/uploads\/2023\/06\/31-slub-we-wloszech-wenecja-fotograf-sesja-zdjeciowa-750x500.jpg 750w, https:\/\/www.felixdevega.com\/wp-content\/uploads\/2023\/06\/31-slub-we-wloszech-wenecja-fotograf-sesja-zdjeciowa-1200x800.jpg 1200w\" sizes=\"(max-width: 1250px) 100vw, 1250px\" \/> <img loading=\"lazy\" decoding=\"async\" class=\"aligncenter wp-image-19361 size-full\" style=\"margin-bottom: 5px;\" src=\"https:\/\/www.felixdevega.com\/wp-content\/uploads\/2023\/06\/32-slub-we-wloszech-wenecja-fotograf-sesja-zdjeciowa.jpg\" alt=\"slub-we w\u0142oszech\" width=\"1250\" height=\"834\" srcset=\"https:\/\/www.felixdevega.com\/wp-content\/uploads\/2023\/06\/32-slub-we-wloszech-wenecja-fotograf-sesja-zdjeciowa.jpg 1250w, https:\/\/www.felixdevega.com\/wp-content\/uploads\/2023\/06\/32-slub-we-wloszech-wenecja-fotograf-sesja-zdjeciowa-750x500.jpg 750w, https:\/\/www.felixdevega.com\/wp-content\/uploads\/2023\/06\/32-slub-we-wloszech-wenecja-fotograf-sesja-zdjeciowa-1200x800.jpg 1200w\" sizes=\"(max-width: 1250px) 100vw, 1250px\" \/> <img loading=\"lazy\" decoding=\"async\" class=\"aligncenter wp-image-19364 size-full\" style=\"margin-bottom: 5px;\" src=\"https:\/\/www.felixdevega.com\/wp-content\/uploads\/2023\/06\/33-slub-we-wloszech-wenecja-fotograf-sesja-zdjeciowa.jpg\" alt=\"slub-we w\u0142oszech\" width=\"1250\" height=\"834\" srcset=\"https:\/\/www.felixdevega.com\/wp-content\/uploads\/2023\/06\/33-slub-we-wloszech-wenecja-fotograf-sesja-zdjeciowa.jpg 1250w, https:\/\/www.felixdevega.com\/wp-content\/uploads\/2023\/06\/33-slub-we-wloszech-wenecja-fotograf-sesja-zdjeciowa-750x500.jpg 750w, https:\/\/www.felixdevega.com\/wp-content\/uploads\/2023\/06\/33-slub-we-wloszech-wenecja-fotograf-sesja-zdjeciowa-1200x800.jpg 1200w\" sizes=\"(max-width: 1250px) 100vw, 1250px\" \/> <img loading=\"lazy\" decoding=\"async\" class=\"aligncenter wp-image-19367 size-full\" style=\"margin-bottom: 5px;\" src=\"https:\/\/www.felixdevega.com\/wp-content\/uploads\/2023\/06\/35-slub-we-wloszech-wenecja-fotograf-sesja-zdjeciowa.jpg\" alt=\"slub-we w\u0142oszech\" width=\"1250\" height=\"834\" srcset=\"https:\/\/www.felixdevega.com\/wp-content\/uploads\/2023\/06\/35-slub-we-wloszech-wenecja-fotograf-sesja-zdjeciowa.jpg 1250w, https:\/\/www.felixdevega.com\/wp-content\/uploads\/2023\/06\/35-slub-we-wloszech-wenecja-fotograf-sesja-zdjeciowa-750x500.jpg 750w, https:\/\/www.felixdevega.com\/wp-content\/uploads\/2023\/06\/35-slub-we-wloszech-wenecja-fotograf-sesja-zdjeciowa-1200x800.jpg 1200w\" sizes=\"(max-width: 1250px) 100vw, 1250px\" \/><img loading=\"lazy\" decoding=\"async\" class=\"aligncenter wp-image-19084 size-full\" style=\"margin-bottom: 5px;\" src=\"https:\/\/www.felixdevega.com\/wp-content\/uploads\/2023\/06\/36-Venice-Wedding-Photographer-Elopement-Italy.jpg\" alt=\"Venice-Wedding-Photographer-Italy\" width=\"1250\" height=\"834\" srcset=\"https:\/\/www.felixdevega.com\/wp-content\/uploads\/2023\/06\/36-Venice-Wedding-Photographer-Elopement-Italy.jpg 1250w, https:\/\/www.felixdevega.com\/wp-content\/uploads\/2023\/06\/36-Venice-Wedding-Photographer-Elopement-Italy-750x500.jpg 750w, https:\/\/www.felixdevega.com\/wp-content\/uploads\/2023\/06\/36-Venice-Wedding-Photographer-Elopement-Italy-1200x800.jpg 1200w\" sizes=\"(max-width: 1250px) 100vw, 1250px\" \/> <img loading=\"lazy\" decoding=\"async\" class=\"aligncenter wp-image-19087 size-full\" style=\"margin-bottom: 5px;\" src=\"https:\/\/www.felixdevega.com\/wp-content\/uploads\/2023\/06\/37-Venice-Wedding-Photographer-Elopement-Italy.jpg\" alt=\"\" width=\"1250\" height=\"834\" srcset=\"https:\/\/www.felixdevega.com\/wp-content\/uploads\/2023\/06\/37-Venice-Wedding-Photographer-Elopement-Italy.jpg 1250w, https:\/\/www.felixdevega.com\/wp-content\/uploads\/2023\/06\/37-Venice-Wedding-Photographer-Elopement-Italy-750x500.jpg 750w, https:\/\/www.felixdevega.com\/wp-content\/uploads\/2023\/06\/37-Venice-Wedding-Photographer-Elopement-Italy-1200x800.jpg 1200w\" sizes=\"(max-width: 1250px) 100vw, 1250px\" \/> <img loading=\"lazy\" decoding=\"async\" class=\"aligncenter wp-image-19090 size-full\" style=\"margin-bottom: 5px;\" src=\"https:\/\/www.felixdevega.com\/wp-content\/uploads\/2023\/06\/38-blog-dos-fotos-horizontales8.jpg\" alt=\"\" width=\"1250\" height=\"416\" srcset=\"https:\/\/www.felixdevega.com\/wp-content\/uploads\/2023\/06\/38-blog-dos-fotos-horizontales8.jpg 1250w, https:\/\/www.felixdevega.com\/wp-content\/uploads\/2023\/06\/38-blog-dos-fotos-horizontales8-750x250.jpg 750w\" sizes=\"(max-width: 1250px) 100vw, 1250px\" \/> <img loading=\"lazy\" decoding=\"async\" class=\"aligncenter wp-image-19370 size-full\" style=\"margin-bottom: 5px;\" src=\"https:\/\/www.felixdevega.com\/wp-content\/uploads\/2023\/06\/39-slub-we-wloszech-wenecja-fotograf-sesja-zdjeciowa.jpg\" alt=\"slub-we w\u0142oszech\" width=\"1250\" height=\"834\" srcset=\"https:\/\/www.felixdevega.com\/wp-content\/uploads\/2023\/06\/39-slub-we-wloszech-wenecja-fotograf-sesja-zdjeciowa.jpg 1250w, https:\/\/www.felixdevega.com\/wp-content\/uploads\/2023\/06\/39-slub-we-wloszech-wenecja-fotograf-sesja-zdjeciowa-750x500.jpg 750w, https:\/\/www.felixdevega.com\/wp-content\/uploads\/2023\/06\/39-slub-we-wloszech-wenecja-fotograf-sesja-zdjeciowa-1200x800.jpg 1200w\" sizes=\"(max-width: 1250px) 100vw, 1250px\" \/> <img loading=\"lazy\" decoding=\"async\" class=\"aligncenter wp-image-19373 size-full\" style=\"margin-bottom: 5px;\" src=\"https:\/\/www.felixdevega.com\/wp-content\/uploads\/2023\/06\/41-slub-we-wloszech-wenecja-fotograf-sesja-zdjeciowa.jpg\" alt=\"slub-we w\u0142oszech\" width=\"1250\" height=\"834\" srcset=\"https:\/\/www.felixdevega.com\/wp-content\/uploads\/2023\/06\/41-slub-we-wloszech-wenecja-fotograf-sesja-zdjeciowa.jpg 1250w, https:\/\/www.felixdevega.com\/wp-content\/uploads\/2023\/06\/41-slub-we-wloszech-wenecja-fotograf-sesja-zdjeciowa-750x500.jpg 750w, https:\/\/www.felixdevega.com\/wp-content\/uploads\/2023\/06\/41-slub-we-wloszech-wenecja-fotograf-sesja-zdjeciowa-1200x800.jpg 1200w\" sizes=\"(max-width: 1250px) 100vw, 1250px\" \/> <img loading=\"lazy\" decoding=\"async\" class=\"aligncenter wp-image-19099 size-full\" style=\"margin-bottom: 5px;\" src=\"https:\/\/www.felixdevega.com\/wp-content\/uploads\/2023\/06\/43-Venice-Wedding-Photographer-Elopement-Italy.jpg\" alt=\"\" width=\"1250\" height=\"834\" srcset=\"https:\/\/www.felixdevega.com\/wp-content\/uploads\/2023\/06\/43-Venice-Wedding-Photographer-Elopement-Italy.jpg 1250w, https:\/\/www.felixdevega.com\/wp-content\/uploads\/2023\/06\/43-Venice-Wedding-Photographer-Elopement-Italy-750x500.jpg 750w, https:\/\/www.felixdevega.com\/wp-content\/uploads\/2023\/06\/43-Venice-Wedding-Photographer-Elopement-Italy-1200x800.jpg 1200w\" sizes=\"(max-width: 1250px) 100vw, 1250px\" \/> <img loading=\"lazy\" decoding=\"async\" class=\"aligncenter wp-image-19102 size-full\" style=\"margin-bottom: 5px;\" src=\"https:\/\/www.felixdevega.com\/wp-content\/uploads\/2023\/06\/44-Venice-Wedding-Photographer-Italy.jpg\" alt=\"sesja-zdjeciowa-w-wenecji-wlochy\" width=\"1250\" height=\"834\" srcset=\"https:\/\/www.felixdevega.com\/wp-content\/uploads\/2023\/06\/44-Venice-Wedding-Photographer-Italy.jpg 1250w, https:\/\/www.felixdevega.com\/wp-content\/uploads\/2023\/06\/44-Venice-Wedding-Photographer-Italy-750x500.jpg 750w, https:\/\/www.felixdevega.com\/wp-content\/uploads\/2023\/06\/44-Venice-Wedding-Photographer-Italy-1200x800.jpg 1200w\" sizes=\"(max-width: 1250px) 100vw, 1250px\" \/> <img loading=\"lazy\" decoding=\"async\" class=\"aligncenter wp-image-19376 size-full\" style=\"margin-bottom: 5px;\" src=\"https:\/\/www.felixdevega.com\/wp-content\/uploads\/2023\/06\/45-slub-we-wloszech-wenecja-fotograf-sesja-zdjeciowa.jpg\" alt=\"sesja-zdjeciowa-w-wenecji-wlochy\" width=\"1250\" height=\"834\" srcset=\"https:\/\/www.felixdevega.com\/wp-content\/uploads\/2023\/06\/45-slub-we-wloszech-wenecja-fotograf-sesja-zdjeciowa.jpg 1250w, https:\/\/www.felixdevega.com\/wp-content\/uploads\/2023\/06\/45-slub-we-wloszech-wenecja-fotograf-sesja-zdjeciowa-750x500.jpg 750w, https:\/\/www.felixdevega.com\/wp-content\/uploads\/2023\/06\/45-slub-we-wloszech-wenecja-fotograf-sesja-zdjeciowa-1200x800.jpg 1200w\" sizes=\"(max-width: 1250px) 100vw, 1250px\" \/> <img loading=\"lazy\" decoding=\"async\" class=\"aligncenter wp-image-19379 size-full\" style=\"margin-bottom: 5px;\" src=\"https:\/\/www.felixdevega.com\/wp-content\/uploads\/2023\/06\/47-slub-we-wloszech-wenecja-fotograf-sesja-zdjeciowa.jpg\" alt=\"sesja-zdjeciowa-w-wenecji-wlochy\" width=\"1250\" height=\"834\" srcset=\"https:\/\/www.felixdevega.com\/wp-content\/uploads\/2023\/06\/47-slub-we-wloszech-wenecja-fotograf-sesja-zdjeciowa.jpg 1250w, https:\/\/www.felixdevega.com\/wp-content\/uploads\/2023\/06\/47-slub-we-wloszech-wenecja-fotograf-sesja-zdjeciowa-750x500.jpg 750w, https:\/\/www.felixdevega.com\/wp-content\/uploads\/2023\/06\/47-slub-we-wloszech-wenecja-fotograf-sesja-zdjeciowa-1200x800.jpg 1200w\" sizes=\"(max-width: 1250px) 100vw, 1250px\" \/><img loading=\"lazy\" decoding=\"async\" class=\"aligncenter wp-image-19111 size-full\" style=\"margin-bottom: 5px;\" src=\"https:\/\/www.felixdevega.com\/wp-content\/uploads\/2023\/06\/48-blog-dos-fotos-horizontales1b.jpg\" alt=\"\" width=\"1250\" height=\"416\" srcset=\"https:\/\/www.felixdevega.com\/wp-content\/uploads\/2023\/06\/48-blog-dos-fotos-horizontales1b.jpg 1250w, https:\/\/www.felixdevega.com\/wp-content\/uploads\/2023\/06\/48-blog-dos-fotos-horizontales1b-750x250.jpg 750w\" sizes=\"(max-width: 1250px) 100vw, 1250px\" \/><img loading=\"lazy\" decoding=\"async\" class=\"aligncenter wp-image-19382 size-full\" style=\"margin-bottom: 5px;\" src=\"https:\/\/www.felixdevega.com\/wp-content\/uploads\/2023\/06\/49-slub-we-wloszech-wenecja-fotograf-sesja-zdjeciowa.jpg\" alt=\"sesja-zdjeciowa-w-wenecji-wlochy\" width=\"1250\" height=\"834\" srcset=\"https:\/\/www.felixdevega.com\/wp-content\/uploads\/2023\/06\/49-slub-we-wloszech-wenecja-fotograf-sesja-zdjeciowa.jpg 1250w, https:\/\/www.felixdevega.com\/wp-content\/uploads\/2023\/06\/49-slub-we-wloszech-wenecja-fotograf-sesja-zdjeciowa-750x500.jpg 750w, https:\/\/www.felixdevega.com\/wp-content\/uploads\/2023\/06\/49-slub-we-wloszech-wenecja-fotograf-sesja-zdjeciowa-1200x800.jpg 1200w\" sizes=\"(max-width: 1250px) 100vw, 1250px\" \/><img loading=\"lazy\" decoding=\"async\" class=\"aligncenter wp-image-19117 size-full\" style=\"margin-bottom: 5px;\" src=\"https:\/\/www.felixdevega.com\/wp-content\/uploads\/2023\/06\/50-blog-dos-fotos-horizontales9.jpg\" alt=\"\" width=\"1250\" height=\"575\" srcset=\"https:\/\/www.felixdevega.com\/wp-content\/uploads\/2023\/06\/50-blog-dos-fotos-horizontales9.jpg 1250w, https:\/\/www.felixdevega.com\/wp-content\/uploads\/2023\/06\/50-blog-dos-fotos-horizontales9-750x345.jpg 750w\" sizes=\"(max-width: 1250px) 100vw, 1250px\" \/><img loading=\"lazy\" decoding=\"async\" class=\"aligncenter wp-image-19120 size-full\" style=\"margin-bottom: 5px;\" src=\"https:\/\/www.felixdevega.com\/wp-content\/uploads\/2023\/06\/51-Venice-Wedding-Photographer-Elopement-Italy.jpg\" alt=\"\" width=\"1250\" height=\"605\" srcset=\"https:\/\/www.felixdevega.com\/wp-content\/uploads\/2023\/06\/51-Venice-Wedding-Photographer-Elopement-Italy.jpg 1250w, https:\/\/www.felixdevega.com\/wp-content\/uploads\/2023\/06\/51-Venice-Wedding-Photographer-Elopement-Italy-750x363.jpg 750w\" sizes=\"(max-width: 1250px) 100vw, 1250px\" \/> <img loading=\"lazy\" decoding=\"async\" class=\"aligncenter wp-image-19385 size-full\" style=\"margin-bottom: 5px;\" src=\"https:\/\/www.felixdevega.com\/wp-content\/uploads\/2023\/06\/52-slub-we-wloszech-wenecja-fotograf-sesja-zdjeciowa.jpg\" alt=\"sesja-zdjeciowa-w-wenecji-wlochy\" width=\"1250\" height=\"916\" srcset=\"https:\/\/www.felixdevega.com\/wp-content\/uploads\/2023\/06\/52-slub-we-wloszech-wenecja-fotograf-sesja-zdjeciowa.jpg 1250w, https:\/\/www.felixdevega.com\/wp-content\/uploads\/2023\/06\/52-slub-we-wloszech-wenecja-fotograf-sesja-zdjeciowa-750x550.jpg 750w\" sizes=\"(max-width: 1250px) 100vw, 1250px\" \/> <img loading=\"lazy\" decoding=\"async\" class=\"aligncenter wp-image-19388 size-full\" style=\"margin-bottom: 5px;\" src=\"https:\/\/www.felixdevega.com\/wp-content\/uploads\/2023\/06\/53-slub-we-wloszech-wenecja-fotograf-sesja-zdjeciowa.jpg\" alt=\"sesja-zdjeciowa-w-wenecji-wlochy\" width=\"1250\" height=\"834\" srcset=\"https:\/\/www.felixdevega.com\/wp-content\/uploads\/2023\/06\/53-slub-we-wloszech-wenecja-fotograf-sesja-zdjeciowa.jpg 1250w, https:\/\/www.felixdevega.com\/wp-content\/uploads\/2023\/06\/53-slub-we-wloszech-wenecja-fotograf-sesja-zdjeciowa-750x500.jpg 750w, https:\/\/www.felixdevega.com\/wp-content\/uploads\/2023\/06\/53-slub-we-wloszech-wenecja-fotograf-sesja-zdjeciowa-1200x800.jpg 1200w\" sizes=\"(max-width: 1250px) 100vw, 1250px\" \/><img loading=\"lazy\" decoding=\"async\" class=\"aligncenter wp-image-19391 size-full\" style=\"margin-bottom: 5px;\" src=\"https:\/\/www.felixdevega.com\/wp-content\/uploads\/2023\/06\/54-slub-we-wloszech-wenecja-fotograf-sesja-zdjeciowa.jpg\" alt=\"sesja-zdjeciowa-w-wenecji-wlochy\" width=\"1250\" height=\"890\" srcset=\"https:\/\/www.felixdevega.com\/wp-content\/uploads\/2023\/06\/54-slub-we-wloszech-wenecja-fotograf-sesja-zdjeciowa.jpg 1250w, https:\/\/www.felixdevega.com\/wp-content\/uploads\/2023\/06\/54-slub-we-wloszech-wenecja-fotograf-sesja-zdjeciowa-750x534.jpg 750w\" sizes=\"(max-width: 1250px) 100vw, 1250px\" \/><img loading=\"lazy\" decoding=\"async\" class=\"aligncenter wp-image-19132 size-full\" style=\"margin-bottom: 5px;\" src=\"https:\/\/www.felixdevega.com\/wp-content\/uploads\/2023\/06\/56-Venice-Wedding-Photographer-Elopement-Italy.jpg\" alt=\"\" width=\"1250\" height=\"834\" srcset=\"https:\/\/www.felixdevega.com\/wp-content\/uploads\/2023\/06\/56-Venice-Wedding-Photographer-Elopement-Italy.jpg 1250w, https:\/\/www.felixdevega.com\/wp-content\/uploads\/2023\/06\/56-Venice-Wedding-Photographer-Elopement-Italy-750x500.jpg 750w, https:\/\/www.felixdevega.com\/wp-content\/uploads\/2023\/06\/56-Venice-Wedding-Photographer-Elopement-Italy-1200x800.jpg 1200w\" sizes=\"(max-width: 1250px) 100vw, 1250px\" \/><img loading=\"lazy\" decoding=\"async\" class=\"aligncenter wp-image-19135 size-full\" style=\"margin-bottom: 5px;\" src=\"https:\/\/www.felixdevega.com\/wp-content\/uploads\/2023\/06\/58-Venice-Wedding-Photographer-Elopement-Italy.jpg\" alt=\"\" width=\"1250\" height=\"834\" srcset=\"https:\/\/www.felixdevega.com\/wp-content\/uploads\/2023\/06\/58-Venice-Wedding-Photographer-Elopement-Italy.jpg 1250w, https:\/\/www.felixdevega.com\/wp-content\/uploads\/2023\/06\/58-Venice-Wedding-Photographer-Elopement-Italy-750x500.jpg 750w, https:\/\/www.felixdevega.com\/wp-content\/uploads\/2023\/06\/58-Venice-Wedding-Photographer-Elopement-Italy-1200x800.jpg 1200w\" sizes=\"(max-width: 1250px) 100vw, 1250px\" \/><img loading=\"lazy\" decoding=\"async\" class=\"aligncenter wp-image-19394 size-full\" style=\"margin-bottom: 5px;\" src=\"https:\/\/www.felixdevega.com\/wp-content\/uploads\/2023\/06\/59-slub-we-wloszech-wenecja-fotograf-sesja-zdjeciowa.jpg\" alt=\"sesja-zdjeciowa-w-wenecji-wlochy\" width=\"1250\" height=\"834\" srcset=\"https:\/\/www.felixdevega.com\/wp-content\/uploads\/2023\/06\/59-slub-we-wloszech-wenecja-fotograf-sesja-zdjeciowa.jpg 1250w, https:\/\/www.felixdevega.com\/wp-content\/uploads\/2023\/06\/59-slub-we-wloszech-wenecja-fotograf-sesja-zdjeciowa-750x500.jpg 750w, https:\/\/www.felixdevega.com\/wp-content\/uploads\/2023\/06\/59-slub-we-wloszech-wenecja-fotograf-sesja-zdjeciowa-1200x800.jpg 1200w\" sizes=\"(max-width: 1250px) 100vw, 1250px\" \/><img loading=\"lazy\" decoding=\"async\" class=\"aligncenter wp-image-19397 size-full\" style=\"margin-bottom: 5px;\" src=\"https:\/\/www.felixdevega.com\/wp-content\/uploads\/2023\/06\/60-slub-we-wloszech-wenecja-fotograf-sesja-zdjeciowa.jpg\" alt=\"sesja-zdjeciowa-w-wenecji-wlochy\" width=\"1250\" height=\"834\" srcset=\"https:\/\/www.felixdevega.com\/wp-content\/uploads\/2023\/06\/60-slub-we-wloszech-wenecja-fotograf-sesja-zdjeciowa.jpg 1250w, https:\/\/www.felixdevega.com\/wp-content\/uploads\/2023\/06\/60-slub-we-wloszech-wenecja-fotograf-sesja-zdjeciowa-750x500.jpg 750w, https:\/\/www.felixdevega.com\/wp-content\/uploads\/2023\/06\/60-slub-we-wloszech-wenecja-fotograf-sesja-zdjeciowa-1200x800.jpg 1200w\" sizes=\"(max-width: 1250px) 100vw, 1250px\" \/><img loading=\"lazy\" decoding=\"async\" class=\"aligncenter wp-image-19144 size-full\" style=\"margin-bottom: 5px;\" src=\"https:\/\/www.felixdevega.com\/wp-content\/uploads\/2023\/06\/61-Venice-Wedding-Photographer-Elopement-Italy.jpg\" alt=\"\" width=\"1250\" height=\"834\" srcset=\"https:\/\/www.felixdevega.com\/wp-content\/uploads\/2023\/06\/61-Venice-Wedding-Photographer-Elopement-Italy.jpg 1250w, https:\/\/www.felixdevega.com\/wp-content\/uploads\/2023\/06\/61-Venice-Wedding-Photographer-Elopement-Italy-750x500.jpg 750w, https:\/\/www.felixdevega.com\/wp-content\/uploads\/2023\/06\/61-Venice-Wedding-Photographer-Elopement-Italy-1200x800.jpg 1200w\" sizes=\"(max-width: 1250px) 100vw, 1250px\" \/><img loading=\"lazy\" decoding=\"async\" class=\"aligncenter wp-image-19240 size-full\" style=\"margin-bottom: 5px;\" src=\"https:\/\/www.felixdevega.com\/wp-content\/uploads\/2023\/06\/blog-dos-fotos-horizontales10.jpg\" alt=\"\" width=\"1250\" height=\"416\" srcset=\"https:\/\/www.felixdevega.com\/wp-content\/uploads\/2023\/06\/blog-dos-fotos-horizontales10.jpg 1250w, https:\/\/www.felixdevega.com\/wp-content\/uploads\/2023\/06\/blog-dos-fotos-horizontales10-750x250.jpg 750w\" sizes=\"(max-width: 1250px) 100vw, 1250px\" \/> <img loading=\"lazy\" decoding=\"async\" class=\"aligncenter wp-image-19400 size-full\" style=\"margin-bottom: 5px;\" src=\"https:\/\/www.felixdevega.com\/wp-content\/uploads\/2023\/06\/63-slub-we-wloszech-wenecja-fotograf-sesja-zdjeciowa.jpg\" alt=\"sesja-zdjeciowa-w-wenecji-wlochy\" width=\"1250\" height=\"834\" srcset=\"https:\/\/www.felixdevega.com\/wp-content\/uploads\/2023\/06\/63-slub-we-wloszech-wenecja-fotograf-sesja-zdjeciowa.jpg 1250w, https:\/\/www.felixdevega.com\/wp-content\/uploads\/2023\/06\/63-slub-we-wloszech-wenecja-fotograf-sesja-zdjeciowa-750x500.jpg 750w, https:\/\/www.felixdevega.com\/wp-content\/uploads\/2023\/06\/63-slub-we-wloszech-wenecja-fotograf-sesja-zdjeciowa-1200x800.jpg 1200w\" sizes=\"(max-width: 1250px) 100vw, 1250px\" \/><img loading=\"lazy\" decoding=\"async\" class=\"aligncenter wp-image-19153 size-full\" style=\"margin-bottom: 5px;\" src=\"https:\/\/www.felixdevega.com\/wp-content\/uploads\/2023\/06\/64-Venice-Wedding-Photographer-Elopement-Italy.jpg\" alt=\"\" width=\"1250\" height=\"834\" srcset=\"https:\/\/www.felixdevega.com\/wp-content\/uploads\/2023\/06\/64-Venice-Wedding-Photographer-Elopement-Italy.jpg 1250w, https:\/\/www.felixdevega.com\/wp-content\/uploads\/2023\/06\/64-Venice-Wedding-Photographer-Elopement-Italy-750x500.jpg 750w, https:\/\/www.felixdevega.com\/wp-content\/uploads\/2023\/06\/64-Venice-Wedding-Photographer-Elopement-Italy-1200x800.jpg 1200w\" sizes=\"(max-width: 1250px) 100vw, 1250px\" \/><img loading=\"lazy\" decoding=\"async\" class=\"aligncenter wp-image-19403 size-full\" style=\"margin-bottom: 5px;\" src=\"https:\/\/www.felixdevega.com\/wp-content\/uploads\/2023\/06\/65-slub-we-wloszech-wenecja-fotograf-sesja-zdjeciowa.jpg\" alt=\"sesja-zdjeciowa-w-wenecji-we-wloszech\" width=\"1250\" height=\"834\" srcset=\"https:\/\/www.felixdevega.com\/wp-content\/uploads\/2023\/06\/65-slub-we-wloszech-wenecja-fotograf-sesja-zdjeciowa.jpg 1250w, https:\/\/www.felixdevega.com\/wp-content\/uploads\/2023\/06\/65-slub-we-wloszech-wenecja-fotograf-sesja-zdjeciowa-750x500.jpg 750w, https:\/\/www.felixdevega.com\/wp-content\/uploads\/2023\/06\/65-slub-we-wloszech-wenecja-fotograf-sesja-zdjeciowa-1200x800.jpg 1200w\" sizes=\"(max-width: 1250px) 100vw, 1250px\" \/> <img loading=\"lazy\" decoding=\"async\" class=\"aligncenter wp-image-19406 size-full\" style=\"margin-bottom: 5px;\" src=\"https:\/\/www.felixdevega.com\/wp-content\/uploads\/2023\/06\/66-slub-we-wloszech-wenecja-fotograf-sesja-zdjeciowa.jpg\" alt=\"sesja-zdjeciowa-w-wenecji-we-wloszech\" width=\"1250\" height=\"834\" srcset=\"https:\/\/www.felixdevega.com\/wp-content\/uploads\/2023\/06\/66-slub-we-wloszech-wenecja-fotograf-sesja-zdjeciowa.jpg 1250w, https:\/\/www.felixdevega.com\/wp-content\/uploads\/2023\/06\/66-slub-we-wloszech-wenecja-fotograf-sesja-zdjeciowa-750x500.jpg 750w, https:\/\/www.felixdevega.com\/wp-content\/uploads\/2023\/06\/66-slub-we-wloszech-wenecja-fotograf-sesja-zdjeciowa-1200x800.jpg 1200w\" sizes=\"(max-width: 1250px) 100vw, 1250px\" \/> <img loading=\"lazy\" decoding=\"async\" class=\"aligncenter wp-image-19409 size-full\" style=\"margin-bottom: 5px;\" src=\"https:\/\/www.felixdevega.com\/wp-content\/uploads\/2023\/06\/67-slub-we-wloszech-wenecja-fotograf-sesja-zdjecioway.jpg\" alt=\"sesja-zdjeciowa-w-wenecji-we-wloszech\" width=\"1250\" height=\"834\" srcset=\"https:\/\/www.felixdevega.com\/wp-content\/uploads\/2023\/06\/67-slub-we-wloszech-wenecja-fotograf-sesja-zdjecioway.jpg 1250w, https:\/\/www.felixdevega.com\/wp-content\/uploads\/2023\/06\/67-slub-we-wloszech-wenecja-fotograf-sesja-zdjecioway-750x500.jpg 750w, https:\/\/www.felixdevega.com\/wp-content\/uploads\/2023\/06\/67-slub-we-wloszech-wenecja-fotograf-sesja-zdjecioway-1200x800.jpg 1200w\" sizes=\"(max-width: 1250px) 100vw, 1250px\" \/><img loading=\"lazy\" decoding=\"async\" class=\"aligncenter wp-image-19165 size-full\" style=\"margin-bottom: 5px;\" src=\"https:\/\/www.felixdevega.com\/wp-content\/uploads\/2023\/06\/68-Venice-Wedding-Photographer-Elopement-Italy.jpg\" alt=\"venice-ponte-accademia-italy\" width=\"1250\" height=\"825\" srcset=\"https:\/\/www.felixdevega.com\/wp-content\/uploads\/2023\/06\/68-Venice-Wedding-Photographer-Elopement-Italy.jpg 1250w, https:\/\/www.felixdevega.com\/wp-content\/uploads\/2023\/06\/68-Venice-Wedding-Photographer-Elopement-Italy-750x495.jpg 750w\" sizes=\"(max-width: 1250px) 100vw, 1250px\" \/><img loading=\"lazy\" decoding=\"async\" class=\"aligncenter wp-image-19168 size-full\" style=\"margin-bottom: 5px;\" src=\"https:\/\/www.felixdevega.com\/wp-content\/uploads\/2023\/06\/69-Venice-Wedding-Photographer-Elopement-Italy.jpg\" alt=\"\" width=\"1250\" height=\"834\" srcset=\"https:\/\/www.felixdevega.com\/wp-content\/uploads\/2023\/06\/69-Venice-Wedding-Photographer-Elopement-Italy.jpg 1250w, https:\/\/www.felixdevega.com\/wp-content\/uploads\/2023\/06\/69-Venice-Wedding-Photographer-Elopement-Italy-750x500.jpg 750w, https:\/\/www.felixdevega.com\/wp-content\/uploads\/2023\/06\/69-Venice-Wedding-Photographer-Elopement-Italy-1200x800.jpg 1200w\" sizes=\"(max-width: 1250px) 100vw, 1250px\" \/> <img loading=\"lazy\" decoding=\"async\" class=\"aligncenter wp-image-19412 size-full\" style=\"margin-bottom: 5px;\" src=\"https:\/\/www.felixdevega.com\/wp-content\/uploads\/2023\/06\/71-slub-we-wloszech-wenecja-fotograf-sesja-zdjeciowa.jpg\" alt=\"sesja-zdjeciowa-w-wenecji-we-wloszech\" width=\"1250\" height=\"834\" srcset=\"https:\/\/www.felixdevega.com\/wp-content\/uploads\/2023\/06\/71-slub-we-wloszech-wenecja-fotograf-sesja-zdjeciowa.jpg 1250w, https:\/\/www.felixdevega.com\/wp-content\/uploads\/2023\/06\/71-slub-we-wloszech-wenecja-fotograf-sesja-zdjeciowa-750x500.jpg 750w, https:\/\/www.felixdevega.com\/wp-content\/uploads\/2023\/06\/71-slub-we-wloszech-wenecja-fotograf-sesja-zdjeciowa-1200x800.jpg 1200w\" sizes=\"(max-width: 1250px) 100vw, 1250px\" \/> <img loading=\"lazy\" decoding=\"async\" class=\"aligncenter wp-image-19415 size-full\" style=\"margin-bottom: 5px;\" src=\"https:\/\/www.felixdevega.com\/wp-content\/uploads\/2023\/06\/73-slub-we-wloszech-wenecja-fotograf-sesja-zdjeciowa.jpg\" alt=\"sesja-zdjeciowa-w-wenecji-we-wloszech\" width=\"1250\" height=\"834\" srcset=\"https:\/\/www.felixdevega.com\/wp-content\/uploads\/2023\/06\/73-slub-we-wloszech-wenecja-fotograf-sesja-zdjeciowa.jpg 1250w, https:\/\/www.felixdevega.com\/wp-content\/uploads\/2023\/06\/73-slub-we-wloszech-wenecja-fotograf-sesja-zdjeciowa-750x500.jpg 750w, https:\/\/www.felixdevega.com\/wp-content\/uploads\/2023\/06\/73-slub-we-wloszech-wenecja-fotograf-sesja-zdjeciowa-1200x800.jpg 1200w\" sizes=\"(max-width: 1250px) 100vw, 1250px\" \/><img loading=\"lazy\" decoding=\"async\" class=\"aligncenter wp-image-19177 size-full\" style=\"margin-bottom: 5px;\" src=\"https:\/\/www.felixdevega.com\/wp-content\/uploads\/2023\/06\/74-Venice-Wedding-Photographer-Elopement-Italy.jpg\" alt=\"piazza san marco venice\" width=\"1250\" height=\"834\" srcset=\"https:\/\/www.felixdevega.com\/wp-content\/uploads\/2023\/06\/74-Venice-Wedding-Photographer-Elopement-Italy.jpg 1250w, https:\/\/www.felixdevega.com\/wp-content\/uploads\/2023\/06\/74-Venice-Wedding-Photographer-Elopement-Italy-750x500.jpg 750w, https:\/\/www.felixdevega.com\/wp-content\/uploads\/2023\/06\/74-Venice-Wedding-Photographer-Elopement-Italy-1200x800.jpg 1200w\" sizes=\"(max-width: 1250px) 100vw, 1250px\" \/> <img loading=\"lazy\" decoding=\"async\" class=\"aligncenter wp-image-19180 size-full\" style=\"margin-bottom: 5px;\" src=\"https:\/\/www.felixdevega.com\/wp-content\/uploads\/2023\/06\/76-Venice-Wedding-Photographer-Elopement-Italy.jpg\" alt=\"venice at night\" width=\"1250\" height=\"834\" srcset=\"https:\/\/www.felixdevega.com\/wp-content\/uploads\/2023\/06\/76-Venice-Wedding-Photographer-Elopement-Italy.jpg 1250w, https:\/\/www.felixdevega.com\/wp-content\/uploads\/2023\/06\/76-Venice-Wedding-Photographer-Elopement-Italy-750x500.jpg 750w, https:\/\/www.felixdevega.com\/wp-content\/uploads\/2023\/06\/76-Venice-Wedding-Photographer-Elopement-Italy-1200x800.jpg 1200w\" sizes=\"(max-width: 1250px) 100vw, 1250px\" \/> <img loading=\"lazy\" decoding=\"async\" class=\"aligncenter wp-image-19183 size-full\" style=\"margin-bottom: 5px;\" src=\"https:\/\/www.felixdevega.com\/wp-content\/uploads\/2023\/06\/77-Venice-Wedding-Photographer-Elopement-Italy.jpg\" alt=\"gran canal venice Italy\" width=\"1250\" height=\"834\" srcset=\"https:\/\/www.felixdevega.com\/wp-content\/uploads\/2023\/06\/77-Venice-Wedding-Photographer-Elopement-Italy.jpg 1250w, https:\/\/www.felixdevega.com\/wp-content\/uploads\/2023\/06\/77-Venice-Wedding-Photographer-Elopement-Italy-750x500.jpg 750w, https:\/\/www.felixdevega.com\/wp-content\/uploads\/2023\/06\/77-Venice-Wedding-Photographer-Elopement-Italy-1200x800.jpg 1200w\" sizes=\"(max-width: 1250px) 100vw, 1250px\" \/><\/p>\t\t\t\t\t\t\t\t<\/div>\n\t\t\t\t<\/div>\n\t\t\t\t\t<\/div>\n\t\t<\/div>\n\t\t\t\t\t<\/div>\n\t\t<\/section>\n\t\t\t\t<section class=\"elementor-section elementor-top-section elementor-element elementor-element-37cd448 elementor-section-boxed elementor-section-height-default elementor-section-height-default wpr-particle-no wpr-sticky-section-no wpr-equal-height-no\" data-id=\"37cd448\" data-element_type=\"section\" data-e-type=\"section\">\n\t\t\t\t\t\t<div class=\"elementor-container elementor-column-gap-default\">\n\t\t\t\t\t<div class=\"elementor-column elementor-col-100 elementor-top-column elementor-element elementor-element-00953fd\" data-id=\"00953fd\" data-element_type=\"column\" data-e-type=\"column\">\n\t\t\t<div class=\"elementor-widget-wrap elementor-element-populated\">\n\t\t\t\t\t\t<div class=\"elementor-element elementor-element-80fdbd5 elementor-widget elementor-widget-text-editor\" data-id=\"80fdbd5\" data-element_type=\"widget\" data-e-type=\"widget\" data-widget_type=\"text-editor.default\">\n\t\t\t\t<div class=\"elementor-widget-container\">\n\t\t\t\t\t\t\t\t\t<p>\u00a9 Todas las fotograf\u00edas: F\u00e9lix de Vega<\/p><p>Fot\u00f3grafo de bodas en Venecia, Italia<\/p>\t\t\t\t\t\t\t\t<\/div>\n\t\t\t\t<\/div>\n\t\t\t\t<div class=\"elementor-element elementor-element-a62deb9 elementor-widget-divider--view-line elementor-widget elementor-widget-divider\" data-id=\"a62deb9\" data-element_type=\"widget\" data-e-type=\"widget\" data-widget_type=\"divider.default\">\n\t\t\t\t<div class=\"elementor-widget-container\">\n\t\t\t\t\t\t\t<div class=\"elementor-divider\">\n\t\t\t<span class=\"elementor-divider-separator\">\n\t\t\t\t\t\t<\/span>\n\t\t<\/div>\n\t\t\t\t\t\t<\/div>\n\t\t\t\t<\/div>\n\t\t\t\t\t<\/div>\n\t\t<\/div>\n\t\t\t\t\t<\/div>\n\t\t<\/section>\n\t\t\t\t<section class=\"elementor-section elementor-top-section elementor-element elementor-element-33365fb2 elementor-section-content-middle elementor-section-boxed elementor-section-height-default elementor-section-height-default wpr-particle-no wpr-sticky-section-no wpr-equal-height-no\" data-id=\"33365fb2\" data-element_type=\"section\" data-e-type=\"section\" data-settings=\"{&quot;background_background&quot;:&quot;classic&quot;}\">\n\t\t\t\t\t\t<div class=\"elementor-container elementor-column-gap-no\">\n\t\t\t\t\t<div class=\"elementor-column elementor-col-50 elementor-top-column elementor-element elementor-element-41689cd8\" data-id=\"41689cd8\" data-element_type=\"column\" data-e-type=\"column\">\n\t\t\t<div class=\"elementor-widget-wrap elementor-element-populated\">\n\t\t\t\t\t\t<div class=\"elementor-element elementor-element-7951a5db elementor-widget elementor-widget-heading\" data-id=\"7951a5db\" data-element_type=\"widget\" data-e-type=\"widget\" data-widget_type=\"heading.default\">\n\t\t\t\t<div class=\"elementor-widget-container\">\n\t\t\t\t\t<p class=\"elementor-heading-title elementor-size-default\">Reserva tu fot\u00f3grafo de boda<\/p>\t\t\t\t<\/div>\n\t\t\t\t<\/div>\n\t\t\t\t<div class=\"elementor-element elementor-element-44b49ddf elementor-widget elementor-widget-text-editor\" data-id=\"44b49ddf\" data-element_type=\"widget\" data-e-type=\"widget\" data-widget_type=\"text-editor.default\">\n\t\t\t\t<div class=\"elementor-widget-container\">\n\t\t\t\t\t\t\t\t\t<p><b>Enviame un email, me encantar\u00e1 saber sobre tus planes de boda<\/b><\/p>\t\t\t\t\t\t\t\t<\/div>\n\t\t\t\t<\/div>\n\t\t\t\t<div class=\"elementor-element elementor-element-75499709 elementor-widget elementor-widget-text-editor\" data-id=\"75499709\" data-element_type=\"widget\" data-e-type=\"widget\" data-widget_type=\"text-editor.default\">\n\t\t\t\t<div class=\"elementor-widget-container\">\n\t\t\t\t\t\t\t\t\t<p><span style=\"font-family: Verdana, sans-serif; color: #999999;\">F\u00e9lix de Vega<\/span><\/p>\n<p><a href=\"mailto:info@felixdevega.com\"><span style=\"color: #999999;\">info@felixdevega.com<\/span><\/a><\/p>\n<p><span style=\"color: #999999;\">tel. <a href=\"tel:+34694291493\">+34 694 291 493<\/a><\/span><\/p>\n<p><span style=\"color: #999999;\">tel. <a href=\"tel:+48511579346\">+48 511 579 346<\/a><\/span><\/p>\n<p><span style=\"color: #999999;\">Warsaw |\u00a0 Barcelona<\/span><\/p>\t\t\t\t\t\t\t\t<\/div>\n\t\t\t\t<\/div>\n\t\t\t\t\t<\/div>\n\t\t<\/div>\n\t\t\t\t<div class=\"elementor-column elementor-col-50 elementor-top-column elementor-element elementor-element-1c065774\" data-id=\"1c065774\" data-element_type=\"column\" data-e-type=\"column\">\n\t\t\t<div class=\"elementor-widget-wrap elementor-element-populated\">\n\t\t\t\t\t\t<div class=\"elementor-element elementor-element-7d2323c0 elementor-align-right elementor-mobile-align-left elementor-widget elementor-widget-button\" data-id=\"7d2323c0\" data-element_type=\"widget\" data-e-type=\"widget\" data-widget_type=\"button.default\">\n\t\t\t\t<div class=\"elementor-widget-container\">\n\t\t\t\t\t\t\t\t\t<div class=\"elementor-button-wrapper\">\n\t\t\t\t\t<a class=\"elementor-button elementor-button-link elementor-size-sm elementor-animation-grow\" href=\"https:\/\/www.felixdevega.com\/es\/contacto\/\">\n\t\t\t\t\t\t<span class=\"elementor-button-content-wrapper\">\n\t\t\t\t\t\t\t\t\t<span class=\"elementor-button-text\">CONTACTO<\/span>\n\t\t\t\t\t<\/span>\n\t\t\t\t\t<\/a>\n\t\t\t\t<\/div>\n\t\t\t\t\t\t\t\t<\/div>\n\t\t\t\t<\/div>\n\t\t\t\t\t<\/div>\n\t\t<\/div>\n\t\t\t\t\t<\/div>\n\t\t<\/section>\n\t\t\t\t<section class=\"elementor-section elementor-top-section elementor-element elementor-element-0d56ca1 elementor-section-content-top elementor-section-height-min-height elementor-section-items-top elementor-section-boxed elementor-section-height-default wpr-particle-no wpr-sticky-section-no wpr-equal-height-no\" data-id=\"0d56ca1\" data-element_type=\"section\" data-e-type=\"section\">\n\t\t\t\t\t\t<div class=\"elementor-container elementor-column-gap-no\">\n\t\t\t\t\t<div class=\"elementor-column elementor-col-50 elementor-top-column elementor-element elementor-element-42a640b\" data-id=\"42a640b\" data-element_type=\"column\" data-e-type=\"column\">\n\t\t\t<div class=\"elementor-widget-wrap elementor-element-populated\">\n\t\t\t\t\t\t<div class=\"elementor-element elementor-element-3f646ce elementor-widget__width-initial elementor-widget elementor-widget-image\" data-id=\"3f646ce\" data-element_type=\"widget\" data-e-type=\"widget\" data-widget_type=\"image.default\">\n\t\t\t\t<div class=\"elementor-widget-container\">\n\t\t\t\t\t\t\t\t\t\t\t\t\t\t\t<img loading=\"lazy\" decoding=\"async\" width=\"1920\" height=\"1282\" src=\"https:\/\/www.felixdevega.com\/wp-content\/uploads\/2023\/02\/Wedding-Photographer-Spain-Poland-Italy-Europe.jpg\" class=\"attachment-full size-full wp-image-30105\" alt=\"Fotografo de bodas Barcelona Costa Brava M\u00e1laga\" srcset=\"https:\/\/www.felixdevega.com\/wp-content\/uploads\/2023\/02\/Wedding-Photographer-Spain-Poland-Italy-Europe.jpg 1920w, https:\/\/www.felixdevega.com\/wp-content\/uploads\/2023\/02\/Wedding-Photographer-Spain-Poland-Italy-Europe-750x501.jpg 750w, https:\/\/www.felixdevega.com\/wp-content\/uploads\/2023\/02\/Wedding-Photographer-Spain-Poland-Italy-Europe-1290x861.jpg 1290w, https:\/\/www.felixdevega.com\/wp-content\/uploads\/2023\/02\/Wedding-Photographer-Spain-Poland-Italy-Europe-1536x1026.jpg 1536w, https:\/\/www.felixdevega.com\/wp-content\/uploads\/2023\/02\/Wedding-Photographer-Spain-Poland-Italy-Europe-1200x800.jpg 1200w\" sizes=\"(max-width: 1920px) 100vw, 1920px\" \/>\t\t\t\t\t\t\t\t\t\t\t\t\t\t\t<\/div>\n\t\t\t\t<\/div>\n\t\t\t\t\t<\/div>\n\t\t<\/div>\n\t\t\t\t<div class=\"elementor-column elementor-col-50 elementor-top-column elementor-element elementor-element-88d0a9e\" data-id=\"88d0a9e\" data-element_type=\"column\" data-e-type=\"column\">\n\t\t\t<div class=\"elementor-widget-wrap elementor-element-populated\">\n\t\t\t\t\t\t<div class=\"elementor-element elementor-element-41970de elementor-widget elementor-widget-heading\" data-id=\"41970de\" data-element_type=\"widget\" data-e-type=\"widget\" data-widget_type=\"heading.default\">\n\t\t\t\t<div class=\"elementor-widget-container\">\n\t\t\t\t\t<p class=\"elementor-heading-title elementor-size-default\">Mas informaci\u00f3n<\/p>\t\t\t\t<\/div>\n\t\t\t\t<\/div>\n\t\t\t\t<div class=\"elementor-element elementor-element-d781643 elementor-widget elementor-widget-icon-box\" data-id=\"d781643\" data-element_type=\"widget\" data-e-type=\"widget\" data-widget_type=\"icon-box.default\">\n\t\t\t\t<div class=\"elementor-widget-container\">\n\t\t\t\t\t\t\t<div class=\"elementor-icon-box-wrapper\">\n\n\t\t\t\n\t\t\t\t\t\t<div class=\"elementor-icon-box-content\">\n\n\t\t\t\t\t\t\t\t\t<p class=\"elementor-icon-box-title\">\n\t\t\t\t\t\t<a href=\"https:\/\/www.felixdevega.com\/es\/post\/fotografia-de-bodas\/como-elegir-a-tu-fotografo-de-boda\/\" >\n\t\t\t\t\t\t\tC\u00f3mo elegir un buen fot\u00f3grafo de bodas\t\t\t\t\t\t<\/a>\n\t\t\t\t\t<\/p>\n\t\t\t\t\n\t\t\t\t\t\t\t\t\t<p class=\"elementor-icon-box-description\">\n\t\t\t\t\t\tC\u00f3mo elegir un buen fot\u00f3grafo de bodas\t\t\t\t\t<\/p>\n\t\t\t\t\n\t\t\t<\/div>\n\t\t\t\n\t\t<\/div>\n\t\t\t\t\t\t<\/div>\n\t\t\t\t<\/div>\n\t\t\t\t<div class=\"elementor-element elementor-element-8e96423 elementor-widget elementor-widget-icon-box\" data-id=\"8e96423\" data-element_type=\"widget\" data-e-type=\"widget\" data-widget_type=\"icon-box.default\">\n\t\t\t\t<div class=\"elementor-widget-container\">\n\t\t\t\t\t\t\t<div class=\"elementor-icon-box-wrapper\">\n\n\t\t\t\n\t\t\t\t\t\t<div class=\"elementor-icon-box-content\">\n\n\t\t\t\t\t\t\t\t\t<p class=\"elementor-icon-box-title\">\n\t\t\t\t\t\t<a href=\"https:\/\/www.felixdevega.com\/es\/sample-weddings\/\" >\n\t\t\t\t\t\t\tReportajes de boda\t\t\t\t\t\t<\/a>\n\t\t\t\t\t<\/p>\n\t\t\t\t\n\t\t\t\t\t\t\t\t\t<p class=\"elementor-icon-box-description\">\n\t\t\t\t\t\tReportaje de boda\t\t\t\t\t<\/p>\n\t\t\t\t\n\t\t\t<\/div>\n\t\t\t\n\t\t<\/div>\n\t\t\t\t\t\t<\/div>\n\t\t\t\t<\/div>\n\t\t\t\t<div class=\"elementor-element elementor-element-96d06f9 elementor-widget elementor-widget-icon-box\" data-id=\"96d06f9\" data-element_type=\"widget\" data-e-type=\"widget\" data-widget_type=\"icon-box.default\">\n\t\t\t\t<div class=\"elementor-widget-container\">\n\t\t\t\t\t\t\t<div class=\"elementor-icon-box-wrapper\">\n\n\t\t\t\n\t\t\t\t\t\t<div class=\"elementor-icon-box-content\">\n\n\t\t\t\t\t\t\t\t\t<p class=\"elementor-icon-box-title\">\n\t\t\t\t\t\t<a href=\"https:\/\/www.felixdevega.com\/es\/videos-de-boda\/\" >\n\t\t\t\t\t\t\tVideo de boda\t\t\t\t\t\t<\/a>\n\t\t\t\t\t<\/p>\n\t\t\t\t\n\t\t\t\t\t\t\t\t\t<p class=\"elementor-icon-box-description\">\n\t\t\t\t\t\tInformaci\u00f3n sobre videograf\u00eda de boda\t\t\t\t\t<\/p>\n\t\t\t\t\n\t\t\t<\/div>\n\t\t\t\n\t\t<\/div>\n\t\t\t\t\t\t<\/div>\n\t\t\t\t<\/div>\n\t\t\t\t<div class=\"elementor-element elementor-element-c27f03b elementor-widget elementor-widget-icon-box\" data-id=\"c27f03b\" data-element_type=\"widget\" data-e-type=\"widget\" data-widget_type=\"icon-box.default\">\n\t\t\t\t<div class=\"elementor-widget-container\">\n\t\t\t\t\t\t\t<div class=\"elementor-icon-box-wrapper\">\n\n\t\t\t\n\t\t\t\t\t\t<div class=\"elementor-icon-box-content\">\n\n\t\t\t\t\t\t\t\t\t<p class=\"elementor-icon-box-title\">\n\t\t\t\t\t\t<a href=\"https:\/\/www.felixdevega.com\/es\/post\/estilos-y-tematicas-de-bodas\/que-estilo-de-boda-elegir\/\" >\n\t\t\t\t\t\t\tQu\u00e9 estilo de boda elegir?\t\t\t\t\t\t<\/a>\n\t\t\t\t\t<\/p>\n\t\t\t\t\n\t\t\t\t\t\t\t\t\t<p class=\"elementor-icon-box-description\">\n\t\t\t\t\t\tC\u00f3mo elegir el estilo de boda perfecto para ti.\t\t\t\t\t<\/p>\n\t\t\t\t\n\t\t\t<\/div>\n\t\t\t\n\t\t<\/div>\n\t\t\t\t\t\t<\/div>\n\t\t\t\t<\/div>\n\t\t\t\t<div class=\"elementor-element elementor-element-4238f22 elementor-widget elementor-widget-icon-box\" data-id=\"4238f22\" data-element_type=\"widget\" data-e-type=\"widget\" data-widget_type=\"icon-box.default\">\n\t\t\t\t<div class=\"elementor-widget-container\">\n\t\t\t\t\t\t\t<div class=\"elementor-icon-box-wrapper\">\n\n\t\t\t\n\t\t\t\t\t\t<div class=\"elementor-icon-box-content\">\n\n\t\t\t\t\t\t\t\t\t<p class=\"elementor-icon-box-title\">\n\t\t\t\t\t\t<a href=\"https:\/\/www.felixdevega.com\/es\/post\/planificacion-de-bodas\/5-consejos-para-elegir-la-mejor-wedding-planner\/\" >\n\t\t\t\t\t\t\tWedding Planner\t\t\t\t\t\t<\/a>\n\t\t\t\t\t<\/p>\n\t\t\t\t\n\t\t\t\t\t\t\t\t\t<p class=\"elementor-icon-box-description\">\n\t\t\t\t\t\tQu\u00e9 tener en cuenta al elegir una Wedding Planner\t\t\t\t\t<\/p>\n\t\t\t\t\n\t\t\t<\/div>\n\t\t\t\n\t\t<\/div>\n\t\t\t\t\t\t<\/div>\n\t\t\t\t<\/div>\n\t\t\t\t<div class=\"elementor-element elementor-element-0833d31 elementor-widget elementor-widget-icon-box\" data-id=\"0833d31\" data-element_type=\"widget\" data-e-type=\"widget\" data-widget_type=\"icon-box.default\">\n\t\t\t\t<div class=\"elementor-widget-container\">\n\t\t\t\t\t\t\t<div class=\"elementor-icon-box-wrapper\">\n\n\t\t\t\n\t\t\t\t\t\t<div class=\"elementor-icon-box-content\">\n\n\t\t\t\t\t\t\t\t\t<p class=\"elementor-icon-box-title\">\n\t\t\t\t\t\t<a href=\"https:\/\/www.felixdevega.com\/es\/post\/proveedores-para-bodas\/6-consejos-para-elegir-el-mejor-dj-para-tu-boda\/\" >\n\t\t\t\t\t\t\tDJ para tu boda\t\t\t\t\t\t<\/a>\n\t\t\t\t\t<\/p>\n\t\t\t\t\n\t\t\t\t\t\t\t\t\t<p class=\"elementor-icon-box-description\">\n\t\t\t\t\t\tConsejos en la elecci\u00f3n de tu DJ de boda\t\t\t\t\t<\/p>\n\t\t\t\t\n\t\t\t<\/div>\n\t\t\t\n\t\t<\/div>\n\t\t\t\t\t\t<\/div>\n\t\t\t\t<\/div>\n\t\t\t\t<div class=\"elementor-element elementor-element-428fa61 elementor-widget elementor-widget-icon-box\" data-id=\"428fa61\" data-element_type=\"widget\" data-e-type=\"widget\" data-widget_type=\"icon-box.default\">\n\t\t\t\t<div class=\"elementor-widget-container\">\n\t\t\t\t\t\t\t<div class=\"elementor-icon-box-wrapper\">\n\n\t\t\t\n\t\t\t\t\t\t<div class=\"elementor-icon-box-content\">\n\n\t\t\t\t\t\t\t\t\t<p class=\"elementor-icon-box-title\">\n\t\t\t\t\t\t<a href=\"https:\/\/www.felixdevega.com\/reccomended-wedding-vendors-list\/\" >\n\t\t\t\t\t\t\tLista de Proveedores\t\t\t\t\t\t<\/a>\n\t\t\t\t\t<\/p>\n\t\t\t\t\n\t\t\t\t\t\t\t\t\t<p class=\"elementor-icon-box-description\">\n\t\t\t\t\t\tProveedores de servicios de bodas recomendados\t\t\t\t\t<\/p>\n\t\t\t\t\n\t\t\t<\/div>\n\t\t\t\n\t\t<\/div>\n\t\t\t\t\t\t<\/div>\n\t\t\t\t<\/div>\n\t\t\t\t\t<\/div>\n\t\t<\/div>\n\t\t\t\t\t<\/div>\n\t\t<\/section>\n\t\t\t\t<section class=\"elementor-section elementor-top-section elementor-element elementor-element-4cf2b171 elementor-section-boxed elementor-section-height-default elementor-section-height-default wpr-particle-no wpr-sticky-section-no wpr-equal-height-no\" data-id=\"4cf2b171\" data-element_type=\"section\" data-e-type=\"section\">\n\t\t\t\t\t\t<div class=\"elementor-container elementor-column-gap-default\">\n\t\t\t\t\t<div class=\"elementor-column elementor-col-100 elementor-top-column elementor-element elementor-element-1c2ac333\" data-id=\"1c2ac333\" data-element_type=\"column\" data-e-type=\"column\">\n\t\t\t<div class=\"elementor-widget-wrap elementor-element-populated\">\n\t\t\t\t\t\t<div class=\"elementor-element elementor-element-544bd2f elementor-widget elementor-widget-text-editor\" data-id=\"544bd2f\" data-element_type=\"widget\" data-e-type=\"widget\" data-widget_type=\"text-editor.default\">\n\t\t\t\t<div class=\"elementor-widget-container\">\n\t\t\t\t\t\t\t\t\t<p><a href=\"https:\/\/www.felixdevega.com\/es\/\" target=\"_blank\" rel=\"noopener\"><strong><em>\u00a0Fot\u00f3grafo de bodas en Barcelona, Espa\u00f1a | Fotografia de bodas en M\u00e1laga | F\u00e9lix de Vega<\/em><\/strong><\/a><\/p>\t\t\t\t\t\t\t\t<\/div>\n\t\t\t\t<\/div>\n\t\t\t\t\t<\/div>\n\t\t<\/div>\n\t\t\t\t\t<\/div>\n\t\t<\/section>\n\t\t\t\t<\/div>\n\t\t","protected":false},"excerpt":{"rendered":"<p>SESI\u00d3N PRE BODA EN ITALIA | FOTOS DE BODA EN VENECIA ROM\u00c1NTICA SESI\u00d3N DE FOTOS DE BODA EN VENECIA Venecia es una de las ciudades m\u00e1s rom\u00e1nticas del mundo, celebrar una boda o compromiso en este m\u00e1gico lugar es una experiencia \u00fanica, quedar\u00e1s encantado con la historia, el arte, la deliciosa comida, los canales\u2026 Para m\u00ed, ser fot\u00f3grafo de bodas en Italia es un verdadero placer.\u00a0 Tuve la oportunidad de ir all\u00ed para fotografiar esta pareja: Maya y Piotr. Venecia es un destino popular para celebrar bodas debido a su atm\u00f3sfera rom\u00e1ntica y sus hermosos paisajes. El clima es c\u00e1lido y soleado durante al menos siete meses del a\u00f1o, lo que lo convierte en el lugar perfecto para bodas al aire libre, sesiones de compromiso o escapadas a uno de los destinos m\u00e1s encantadores de Europa. Si quieres vivir una experiencia incre\u00edble y celebrar tu amor por todo lo alto, Venecia es el destino de tu boda en Europa. Aqu\u00ed puedes ver algunas fotos de esta encantadora sesi\u00f3n de fotos de boda en el extranjero en Venecia, Italia. FOT\u00d3GRAFO DE BODAS EN VENECIA, ITALIA Ya sea que est\u00e9 planeando una boda de lujo en Europa, una peque\u00f1a ceremonia \u00edntima o una boda en Italia, elegir un buen fot\u00f3grafo de bodas con experiencia es clave para tener maravillosos recuerdos de su momento especial. Las fotos de tu boda ser\u00e1n los recuerdos m\u00e1s preciados de este d\u00eda tan especial. Es importante encontrar un buen fot\u00f3grafo de bodas que pueda capturar todos los bellos momentos del d\u00eda de su boda y documentarlos con estilo. Un buen fot\u00f3grafo de bodas debe comprender su visi\u00f3n del d\u00eda de su boda y poder capturarla de una manera que refleje su personalidad y estilo. Tambi\u00e9n necesitar\u00e1s a alguien en quien conf\u00edes y con quien te sientas c\u00f3modo, ya que estar\u00e1 a tu lado durante todo el d\u00eda de tu boda. Si bien puede resultar tentador ahorrar dinero contratando a un fot\u00f3grafo aficionado o pidi\u00e9ndole a un amigo que le tome fotograf\u00edas, es importante recordar que estas fotograf\u00edas lo acompa\u00f1ar\u00e1n por el resto de su vida. Un fot\u00f3grafo profesional tiene la experiencia y el conocimiento para capturar los mejores momentos de tu d\u00eda especial. C\u00d3MO CASARSE EN ITALIA Para casarse en Venecia, s\u00f3lo necesita estar en Venecia el d\u00eda de su boda sin presentarse primero al ayuntamiento (siempre que tenga un Nulla Osta para su boda como lo exige su nacionalidad) Nulla Osta es un certificado que demuestra que usted puede contraer matrimonio legalmente. Se pueden celebrar bodas simb\u00f3licas en una de las muchas terrazas del hotel con vistas al Gran Canal. Venecia ofrece una variedad de opciones de bodas para diferentes preferencias y presupuestos. Desde peque\u00f1as capillas hasta jardines tallados y hermosos hoteles, hay un lugar para que todos puedan celebrar una boda en Venecia. Si decides casarte en Venecia, las posibilidades son muy amplias, es muy bonito preparar una ceremonia \u00edntima durante la cual los novios escriben sus votos de su propia mano y luego se los leen en un lugar rom\u00e1ntico. Este tipo de celebraciones despiertan muchas emociones. Por supuesto, al estar en una ciudad tan bonita, no puedes olvidarte de caminar y perderte por el laberinto de calles estrechas y canales, y montar en g\u00f3ndola al atardecer con tu pareja ser\u00e1 una experiencia que quedar\u00e1 en tu memoria durante muchos a\u00f1os. Si necesitas ayuda para organizar una sesi\u00f3n de fotos en Venecia, ponte en contacto conmigo, tambi\u00e9n puedes obtener informaci\u00f3n muy \u00fatil aqu\u00ed: www.vivovenetia.it SESI\u00d3N DE FOTOS POSTBODA EN VENECIA, ITALIA Sin m\u00e1s dilaci\u00f3n, os permito disfrutar de esta preciosa historia rom\u00e1ntica en Venecia con esta encantadora pareja de enamorados, Maya y Piotr, una pareja que es un placer fotografiar porque el amor entre ellos es visible a simple vista. Pasamos un rato muy agradable juntos y disfrutamos de la belleza de esta ciudad \u00fanica. \u00a1Gracias! Music: Fismoll feat. Oly &#8211;\u00a0 The Healing \u00a9 Todas las fotograf\u00edas: F\u00e9lix de Vega Fot\u00f3grafo de bodas en Venecia, Italia Reserva tu fot\u00f3grafo de boda Enviame un email, me encantar\u00e1 saber sobre tus planes de boda F\u00e9lix de Vega info@felixdevega.com tel. +34 694 291 493 tel. +48 511 579 346 Warsaw |\u00a0 Barcelona CONTACTO Mas informaci\u00f3n C\u00f3mo elegir un buen fot\u00f3grafo de bodas C\u00f3mo elegir un buen fot\u00f3grafo de bodas Reportajes de boda Reportaje de boda Video de boda Informaci\u00f3n sobre videograf\u00eda de boda Qu\u00e9 estilo de boda elegir? C\u00f3mo elegir el estilo de boda perfecto para ti. Wedding Planner Qu\u00e9 tener en cuenta al elegir una Wedding Planner DJ para tu boda Consejos en la elecci\u00f3n de tu DJ de boda Lista de Proveedores Proveedores de servicios de bodas recomendados \u00a0Fot\u00f3grafo de bodas en Barcelona, Espa\u00f1a | Fotografia de bodas en M\u00e1laga | F\u00e9lix de Vega<\/p>\n","protected":false},"author":1,"featured_media":19229,"parent":0,"menu_order":0,"comment_status":"open","ping_status":"closed","template":"","meta":{"footnotes":""},"tags":[758],"class_list":["post-21662","page","type-page","status-publish","has-post-thumbnail","hentry","tag-boda"],"blocksy_meta":[],"_links":{"self":[{"href":"https:\/\/www.felixdevega.com\/es\/wp-json\/wp\/v2\/pages\/21662","targetHints":{"allow":["GET"]}}],"collection":[{"href":"https:\/\/www.felixdevega.com\/es\/wp-json\/wp\/v2\/pages"}],"about":[{"href":"https:\/\/www.felixdevega.com\/es\/wp-json\/wp\/v2\/types\/page"}],"author":[{"embeddable":true,"href":"https:\/\/www.felixdevega.com\/es\/wp-json\/wp\/v2\/users\/1"}],"replies":[{"embeddable":true,"href":"https:\/\/www.felixdevega.com\/es\/wp-json\/wp\/v2\/comments?post=21662"}],"version-history":[{"count":42,"href":"https:\/\/www.felixdevega.com\/es\/wp-json\/wp\/v2\/pages\/21662\/revisions"}],"predecessor-version":[{"id":31729,"href":"https:\/\/www.felixdevega.com\/es\/wp-json\/wp\/v2\/pages\/21662\/revisions\/31729"}],"wp:featuredmedia":[{"embeddable":true,"href":"https:\/\/www.felixdevega.com\/es\/wp-json\/wp\/v2\/media\/19229"}],"wp:attachment":[{"href":"https:\/\/www.felixdevega.com\/es\/wp-json\/wp\/v2\/media?parent=21662"}],"wp:term":[{"taxonomy":"post_tag","embeddable":true,"href":"https:\/\/www.felixdevega.com\/es\/wp-json\/wp\/v2\/tags?post=21662"}],"curies":[{"name":"wp","href":"https:\/\/api.w.org\/{rel}","templated":true}]}}