{"id":21033,"date":"2024-06-20T08:42:18","date_gmt":"2024-06-20T06:42:18","guid":{"rendered":"https:\/\/www.felixdevega.com\/?p=21033"},"modified":"2025-05-13T19:16:28","modified_gmt":"2025-05-13T17:16:28","slug":"fotografo-de-bodas-barcelona","status":"publish","type":"page","link":"https:\/\/www.felixdevega.com\/es\/fotografo-de-bodas-barcelona\/","title":{"rendered":"Fotograf\u00eda de bodas en Barcelona"},"content":{"rendered":"\t\t<div data-elementor-type=\"wp-post\" data-elementor-id=\"21033\" class=\"elementor elementor-21033 elementor-20642\" data-elementor-post-type=\"page\">\n\t\t\t\t\t\t<section class=\"elementor-section elementor-top-section elementor-element elementor-element-917c4bb ct-section-stretched elementor-section-full_width elementor-section-height-default elementor-section-height-default wpr-particle-no wpr-sticky-section-no wpr-equal-height-no\" data-id=\"917c4bb\" data-element_type=\"section\" data-e-type=\"section\">\n\t\t\t\t\t\t<div class=\"elementor-container elementor-column-gap-no\">\n\t\t\t\t\t<div class=\"elementor-column elementor-col-100 elementor-top-column elementor-element elementor-element-12c2578\" data-id=\"12c2578\" data-element_type=\"column\" data-e-type=\"column\">\n\t\t\t<div class=\"elementor-widget-wrap elementor-element-populated\">\n\t\t\t\t\t\t<div class=\"elementor-element elementor-element-1cdacf3 elementor-widget elementor-widget-image\" data-id=\"1cdacf3\" data-element_type=\"widget\" data-e-type=\"widget\" data-widget_type=\"image.default\">\n\t\t\t\t<div class=\"elementor-widget-container\">\n\t\t\t\t\t\t\t\t\t\t\t\t\t\t\t<img decoding=\"async\" src=\"https:\/\/www.felixdevega.com\/wp-content\/uploads\/elementor\/thumbs\/avioneta-sola.jpg-qv3nifcmsq2727g72ftpmtvhcjadxzhntk7yf58gn6.webp\" title=\"avioneta-sola.jpg\" alt=\"avioneta-sola.jpg\" loading=\"lazy\" \/>\t\t\t\t\t\t\t\t\t\t\t\t\t\t\t<\/div>\n\t\t\t\t<\/div>\n\t\t\t\t<div class=\"elementor-element elementor-element-e92eb04 elementor-widget elementor-widget-heading\" data-id=\"e92eb04\" data-element_type=\"widget\" data-e-type=\"widget\" data-widget_type=\"heading.default\">\n\t\t\t\t<div class=\"elementor-widget-container\">\n\t\t\t\t\t<p class=\"elementor-heading-title elementor-size-default\">F\u00c9LIX DE VEGA<\/p>\t\t\t\t<\/div>\n\t\t\t\t<\/div>\n\t\t\t\t\t<\/div>\n\t\t<\/div>\n\t\t\t\t\t<\/div>\n\t\t<\/section>\n\t\t\t\t<section class=\"elementor-section elementor-top-section elementor-element elementor-element-51e523cc elementor-section-boxed elementor-section-height-default elementor-section-height-default wpr-particle-no wpr-sticky-section-no wpr-equal-height-no\" data-id=\"51e523cc\" data-element_type=\"section\" data-e-type=\"section\">\n\t\t\t\t\t\t<div class=\"elementor-container elementor-column-gap-default\">\n\t\t\t\t\t<div class=\"elementor-column elementor-col-100 elementor-top-column elementor-element elementor-element-71e11f\" data-id=\"71e11f\" data-element_type=\"column\" data-e-type=\"column\">\n\t\t\t<div class=\"elementor-widget-wrap elementor-element-populated\">\n\t\t\t\t\t\t<section class=\"elementor-section elementor-inner-section elementor-element elementor-element-46bd997 elementor-section-boxed elementor-section-height-default elementor-section-height-default wpr-particle-no wpr-sticky-section-no wpr-equal-height-no\" data-id=\"46bd997\" data-element_type=\"section\" data-e-type=\"section\">\n\t\t\t\t\t\t<div class=\"elementor-container elementor-column-gap-default\">\n\t\t\t\t\t<div class=\"elementor-column elementor-col-100 elementor-inner-column elementor-element elementor-element-b126ab0\" data-id=\"b126ab0\" data-element_type=\"column\" data-e-type=\"column\">\n\t\t\t<div class=\"elementor-widget-wrap elementor-element-populated\">\n\t\t\t\t\t\t<div class=\"elementor-element elementor-element-1da0f4e elementor-widget elementor-widget-heading\" data-id=\"1da0f4e\" data-element_type=\"widget\" data-e-type=\"widget\" data-widget_type=\"heading.default\">\n\t\t\t\t<div class=\"elementor-widget-container\">\n\t\t\t\t\t<h2 class=\"elementor-heading-title elementor-size-default\">Fot\u00f3grafo de bodas en Barcelona, Espa\u00f1a<\/h2>\t\t\t\t<\/div>\n\t\t\t\t<\/div>\n\t\t\t\t\t<\/div>\n\t\t<\/div>\n\t\t\t\t\t<\/div>\n\t\t<\/section>\n\t\t\t\t<div class=\"elementor-element elementor-element-83bc2fc elementor-widget elementor-widget-text-editor\" data-id=\"83bc2fc\" data-element_type=\"widget\" data-e-type=\"widget\" data-widget_type=\"text-editor.default\">\n\t\t\t\t<div class=\"elementor-widget-container\">\n\t\t\t\t\t\t\t\t\t<p>Ser<a title=\"Fot\u00f3grafo de bodas en Barcelona\" href=\"https:\/\/www.felixdevega.com\/es\/fotograf-slubny\/barcelona\/\" target=\"_blank\" rel=\"noopener\"><strong> fot\u00f3grafo de bodas en Barcelona<\/strong><\/a> es un privilegio, la ciudad ofrece rincones realmente bonitos y fue un placer para m\u00ed hacer esta sesi\u00f3n de fotos de boda con una pareja tan encantadora como Paola y Remco.<\/p><p>Si busc\u00e1is un fot\u00f3grafo de bodas en Barcelona, \u200b\u200bser\u00e1 un honor para m\u00ed acompa\u00f1aros y realizar preciosas fotograf\u00edas de vuestra boda para vosotros y vuestra familia. Barcelona es una ciudad perfecta para celebrar tu boda o hacer una sesi\u00f3n de fotos de boda.<\/p><p>\u00bfPor qu\u00e9 Barcelona es una ciudad perfecta para las fotos de tu boda? Por muchas razones, en primer lugar Barcelona ofrece escenarios pintorescos como sus calles hist\u00f3ricas del Barrio G\u00f3tico, edificios emblem\u00e1ticos como la Sagrada Familia, la Casa Batll\u00f3 y hermosos parques como el Parc G\u00fcell o el Parc Ciudatella que ofrecen un perfecto escenario para la fotograf\u00eda de bodas. Adem\u00e1s, el clima mediterr\u00e1neo es ideal para bodas al aire libre y la luz natural es suave y contribuye a unas fotograf\u00edas de boda realmente bonitas en Barcelona. No olvidemos tambi\u00e9n la vida cultural y art\u00edstica, Barcelona es un hervidero de creatividad y cultura adem\u00e1s de una ciudad con una gastronom\u00eda deliciosa, en definitiva, las fotos de tu boda en Barcelona ser\u00e1n una elecci\u00f3n perfecta.<\/p>\t\t\t\t\t\t\t\t<\/div>\n\t\t\t\t<\/div>\n\t\t\t\t<div class=\"elementor-element elementor-element-ea5efff elementor-widget elementor-widget-image\" data-id=\"ea5efff\" data-element_type=\"widget\" data-e-type=\"widget\" data-widget_type=\"image.default\">\n\t\t\t\t<div class=\"elementor-widget-container\">\n\t\t\t\t\t\t\t\t\t\t\t\t\t\t\t<img fetchpriority=\"high\" decoding=\"async\" width=\"1290\" height=\"859\" src=\"https:\/\/www.felixdevega.com\/wp-content\/uploads\/2024\/06\/fotografo-bodas-barcelona--1290x859.jpg\" class=\"attachment-large size-large wp-image-20967\" alt=\"Fot\u00f3grafo de bodas Barcelona\" srcset=\"https:\/\/www.felixdevega.com\/wp-content\/uploads\/2024\/06\/fotografo-bodas-barcelona--1290x859.jpg 1290w, https:\/\/www.felixdevega.com\/wp-content\/uploads\/2024\/06\/fotografo-bodas-barcelona--750x500.jpg 750w, https:\/\/www.felixdevega.com\/wp-content\/uploads\/2024\/06\/fotografo-bodas-barcelona--1200x800.jpg 1200w, https:\/\/www.felixdevega.com\/wp-content\/uploads\/2024\/06\/fotografo-bodas-barcelona-.jpg 1450w\" sizes=\"(max-width: 1290px) 100vw, 1290px\" \/>\t\t\t\t\t\t\t\t\t\t\t\t\t\t\t<\/div>\n\t\t\t\t<\/div>\n\t\t\t\t<section class=\"elementor-section elementor-inner-section elementor-element elementor-element-a559121 elementor-section-boxed elementor-section-height-default elementor-section-height-default wpr-particle-no wpr-sticky-section-no wpr-equal-height-no\" data-id=\"a559121\" data-element_type=\"section\" data-e-type=\"section\">\n\t\t\t\t\t\t<div class=\"elementor-container elementor-column-gap-default\">\n\t\t\t\t\t<div class=\"elementor-column elementor-col-100 elementor-inner-column elementor-element elementor-element-d8ad885\" data-id=\"d8ad885\" data-element_type=\"column\" data-e-type=\"column\">\n\t\t\t<div class=\"elementor-widget-wrap elementor-element-populated\">\n\t\t\t\t\t\t<div class=\"elementor-element elementor-element-5f1e016 elementor-widget elementor-widget-heading\" data-id=\"5f1e016\" data-element_type=\"widget\" data-e-type=\"widget\" data-widget_type=\"heading.default\">\n\t\t\t\t<div class=\"elementor-widget-container\">\n\t\t\t\t\t<h2 class=\"elementor-heading-title elementor-size-default\">Boda intima en Barcelona, Espa\u00f1a<\/h2>\t\t\t\t<\/div>\n\t\t\t\t<\/div>\n\t\t\t\t\t<\/div>\n\t\t<\/div>\n\t\t\t\t\t<\/div>\n\t\t<\/section>\n\t\t\t\t<div class=\"elementor-element elementor-element-719611a elementor-widget elementor-widget-text-editor\" data-id=\"719611a\" data-element_type=\"widget\" data-e-type=\"widget\" data-widget_type=\"text-editor.default\">\n\t\t\t\t<div class=\"elementor-widget-container\">\n\t\t\t\t\t\t\t\t\t<p>La historia de Paola y Remco comenz\u00f3 hace varios a\u00f1os cuando Remco viaj\u00f3 a M\u00e9xico. Remco estaba planeando un viaje de aventuras por Latinoam\u00e9rica, visitando varios pa\u00edses de la zona, pero el destino le ten\u00eda preparado algo diferente, pues en M\u00e9xico conoci\u00f3 a Paola quien desde el primer momento le rob\u00f3 el coraz\u00f3n y se convirti\u00f3 en el amor de su vida. La estancia en M\u00e9xico dur\u00f3 mucho m\u00e1s de lo inicialmente previsto y al cabo de unos a\u00f1os decidieron trasladarse a Europa, Barcelona fue la ciudad elegida para vivir y all\u00ed viven felices y llenos de amor.<br \/>Se comprometieron apenas una semana antes de tomar estas fotograf\u00edas en Barcelona, \u200b\u200bpor lo que todas las emociones estaban muy frescas y podemos sentir su amor en cada fotograf\u00eda. Fue un d\u00eda maravilloso con esta encantadora pareja que culmin\u00f3 con una ceremonia \u00edntima en la playa donde los novios leyeron sus votos y por supuesto hubo l\u00e1grimas, risas y abrazos. Gracias chicos, fue un d\u00eda inolvidable.<\/p>\t\t\t\t\t\t\t\t<\/div>\n\t\t\t\t<\/div>\n\t\t\t\t<section class=\"elementor-section elementor-inner-section elementor-element elementor-element-8af18a7 elementor-section-boxed elementor-section-height-default elementor-section-height-default wpr-particle-no wpr-sticky-section-no wpr-equal-height-no\" data-id=\"8af18a7\" data-element_type=\"section\" data-e-type=\"section\">\n\t\t\t\t\t\t<div class=\"elementor-container elementor-column-gap-default\">\n\t\t\t\t\t<div class=\"elementor-column elementor-col-100 elementor-inner-column elementor-element elementor-element-8828dc3\" data-id=\"8828dc3\" data-element_type=\"column\" data-e-type=\"column\">\n\t\t\t<div class=\"elementor-widget-wrap elementor-element-populated\">\n\t\t\t\t\t\t<div class=\"elementor-element elementor-element-7ffca92 elementor-widget elementor-widget-heading\" data-id=\"7ffca92\" data-element_type=\"widget\" data-e-type=\"widget\" data-widget_type=\"heading.default\">\n\t\t\t\t<div class=\"elementor-widget-container\">\n\t\t\t\t\t<h2 class=\"elementor-heading-title elementor-size-default\">Casarse en Barcelona<\/h2>\t\t\t\t<\/div>\n\t\t\t\t<\/div>\n\t\t\t\t<div class=\"elementor-element elementor-element-0b7065b elementor-widget elementor-widget-text-editor\" data-id=\"0b7065b\" data-element_type=\"widget\" data-e-type=\"widget\" data-widget_type=\"text-editor.default\">\n\t\t\t\t<div class=\"elementor-widget-container\">\n\t\t\t\t\t\t\t\t\t<p>Barcelona es una localizaci\u00f3n perfecta para bodas debido a su combinaci\u00f3n \u00fanica de cultura, historia y belleza natural.&nbsp; Barcelona ofrece una gran cantidad de impresionantes lugares para celebrar bodas, desde catedrales hist\u00f3ricas y encantadoras capillas hasta lujosos complejos tur\u00edsticos frente al mar. Imag\u00ednese intercambiar votos con el tel\u00f3n de fondo de la ic\u00f3nica Sagrada Familia de Gaud\u00ed o con vistas al mar Mediterr\u00e1neo. Las encantadoras calles, las plazas escondidas y los pintorescos parques de la ciudad crean una atm\u00f3sfera rom\u00e1ntica. Ya sea que elija una escapada \u00edntima o una boda tradicional, el ambiente de Barcelona seguramente mejorar\u00e1 su d\u00eda especial. El aeropuerto internacional de la ciudad y su excelente infraestructura de transporte la hacen conveniente para hu\u00e9spedes que viajan desde diferentes partes del mundo. Adem\u00e1s, el clima templado de Barcelona garantiza un tiempo agradable durante la mayor parte del a\u00f1o.<\/p>\n<p>En resumen, Barcelona combina romance, cultura y gastronom\u00eda, convirti\u00e9ndola en un destino inolvidable para parejas que buscan una hermosa boda en Espa\u00f1a.<\/p>\t\t\t\t\t\t\t\t<\/div>\n\t\t\t\t<\/div>\n\t\t\t\t\t<\/div>\n\t\t<\/div>\n\t\t\t\t\t<\/div>\n\t\t<\/section>\n\t\t\t\t<section class=\"elementor-section elementor-inner-section elementor-element elementor-element-0c1f480 elementor-section-boxed elementor-section-height-default elementor-section-height-default wpr-particle-no wpr-sticky-section-no wpr-equal-height-no\" data-id=\"0c1f480\" data-element_type=\"section\" data-e-type=\"section\">\n\t\t\t\t\t\t<div class=\"elementor-container elementor-column-gap-default\">\n\t\t\t\t\t<div class=\"elementor-column elementor-col-50 elementor-inner-column elementor-element elementor-element-79b407f\" data-id=\"79b407f\" data-element_type=\"column\" data-e-type=\"column\" data-settings=\"{&quot;background_background&quot;:&quot;classic&quot;}\">\n\t\t\t<div class=\"elementor-widget-wrap elementor-element-populated\">\n\t\t\t\t\t\t<div class=\"elementor-element elementor-element-9fd789d elementor-widget elementor-widget-text-editor\" data-id=\"9fd789d\" data-element_type=\"widget\" data-e-type=\"widget\" data-widget_type=\"text-editor.default\">\n\t\t\t\t<div class=\"elementor-widget-container\">\n\t\t\t\t\t\t\t\t\t<p><strong>Fot\u00f3grado de bodas en Barcelona: F\u00e9lix de Vega<\/strong><\/p><p><strong>Info@felixdevega.com<\/strong><\/p><p><strong>Tel. +34 694 291493<\/strong><\/p>\t\t\t\t\t\t\t\t<\/div>\n\t\t\t\t<\/div>\n\t\t\t\t\t<\/div>\n\t\t<\/div>\n\t\t\t\t<div class=\"elementor-column elementor-col-50 elementor-inner-column elementor-element elementor-element-92ac18e\" data-id=\"92ac18e\" data-element_type=\"column\" data-e-type=\"column\" data-settings=\"{&quot;background_background&quot;:&quot;classic&quot;}\">\n\t\t\t<div class=\"elementor-widget-wrap elementor-element-populated\">\n\t\t\t\t\t\t<div class=\"elementor-element elementor-element-4f36a48 elementor-button-warning elementor-align-center elementor-widget elementor-widget-button\" data-id=\"4f36a48\" data-element_type=\"widget\" data-e-type=\"widget\" data-widget_type=\"button.default\">\n\t\t\t\t<div class=\"elementor-widget-container\">\n\t\t\t\t\t\t\t\t\t<div class=\"elementor-button-wrapper\">\n\t\t\t\t\t<a class=\"elementor-button elementor-button-link elementor-size-sm\" href=\"https:\/\/www.felixdevega.com\/es\/contacto\/\" target=\"_blank\">\n\t\t\t\t\t\t<span class=\"elementor-button-content-wrapper\">\n\t\t\t\t\t\t\t\t\t<span class=\"elementor-button-text\">CONTACTO<\/span>\n\t\t\t\t\t<\/span>\n\t\t\t\t\t<\/a>\n\t\t\t\t<\/div>\n\t\t\t\t\t\t\t\t<\/div>\n\t\t\t\t<\/div>\n\t\t\t\t\t<\/div>\n\t\t<\/div>\n\t\t\t\t\t<\/div>\n\t\t<\/section>\n\t\t\t\t<div class=\"elementor-element elementor-element-4c66b90 elementor-widget elementor-widget-spacer\" data-id=\"4c66b90\" data-element_type=\"widget\" data-e-type=\"widget\" data-widget_type=\"spacer.default\">\n\t\t\t\t<div class=\"elementor-widget-container\">\n\t\t\t\t\t\t\t<div class=\"elementor-spacer\">\n\t\t\t<div class=\"elementor-spacer-inner\"><\/div>\n\t\t<\/div>\n\t\t\t\t\t\t<\/div>\n\t\t\t\t<\/div>\n\t\t\t\t<div class=\"elementor-element elementor-element-31b7283 elementor-widget elementor-widget-text-editor\" data-id=\"31b7283\" data-element_type=\"widget\" data-e-type=\"widget\" data-widget_type=\"text-editor.default\">\n\t\t\t\t<div class=\"elementor-widget-container\">\n\t\t\t\t\t\t\t\t\t<p><audio class=\"wp-audio-shortcode\" id=\"audio-21033-1\" autoplay preload=\"none\" style=\"width: 100%;\" controls=\"controls\"><source type=\"audio\/mpeg\" src=\"https:\/\/www.felixdevega.com\/wp-content\/uploads\/2024\/06\/SOLOMON-Bloom-Cover-Official-Visualiser.mp3?_=1\" \/><a href=\"https:\/\/www.felixdevega.com\/wp-content\/uploads\/2024\/06\/SOLOMON-Bloom-Cover-Official-Visualiser.mp3\">https:\/\/www.felixdevega.com\/wp-content\/uploads\/2024\/06\/SOLOMON-Bloom-Cover-Official-Visualiser.mp3<\/a><\/audio><\/p><p>Music: Solomon &#8211;\u00a0 Bloom (cover)<\/p><p><img decoding=\"async\" class=\"aligncenter wp-image-21121 size-full\" style=\"margin-bottom: 5px;\" src=\"https:\/\/www.felixdevega.com\/wp-content\/uploads\/2024\/06\/Wedding-photography-Barcelona-3-2.jpg\" alt=\"\" width=\"1450\" height=\"968\" srcset=\"https:\/\/www.felixdevega.com\/wp-content\/uploads\/2024\/06\/Wedding-photography-Barcelona-3-2.jpg 1450w, https:\/\/www.felixdevega.com\/wp-content\/uploads\/2024\/06\/Wedding-photography-Barcelona-3-2-750x501.jpg 750w, https:\/\/www.felixdevega.com\/wp-content\/uploads\/2024\/06\/Wedding-photography-Barcelona-3-2-1290x861.jpg 1290w, https:\/\/www.felixdevega.com\/wp-content\/uploads\/2024\/06\/Wedding-photography-Barcelona-3-2-1200x800.jpg 1200w\" sizes=\"(max-width: 1450px) 100vw, 1450px\" \/> <img decoding=\"async\" class=\"aligncenter wp-image-21049 size-full\" style=\"margin-bottom: 5px;\" src=\"https:\/\/www.felixdevega.com\/wp-content\/uploads\/2024\/06\/Wedding-photography-Barcelona-2.jpg\" alt=\"wedding photography Barcelona\" width=\"1450\" height=\"968\" srcset=\"https:\/\/www.felixdevega.com\/wp-content\/uploads\/2024\/06\/Wedding-photography-Barcelona-2.jpg 1450w, https:\/\/www.felixdevega.com\/wp-content\/uploads\/2024\/06\/Wedding-photography-Barcelona-2-750x501.jpg 750w, https:\/\/www.felixdevega.com\/wp-content\/uploads\/2024\/06\/Wedding-photography-Barcelona-2-1290x861.jpg 1290w, https:\/\/www.felixdevega.com\/wp-content\/uploads\/2024\/06\/Wedding-photography-Barcelona-2-1200x800.jpg 1200w\" sizes=\"(max-width: 1450px) 100vw, 1450px\" \/> <img loading=\"lazy\" decoding=\"async\" class=\"aligncenter wp-image-20658 size-full\" style=\"margin-bottom: 5px;\" src=\"https:\/\/www.felixdevega.com\/wp-content\/uploads\/2024\/06\/04-boda-barcelona-fotografo-2.jpg\" alt=\"\" width=\"1450\" height=\"968\" srcset=\"https:\/\/www.felixdevega.com\/wp-content\/uploads\/2024\/06\/04-boda-barcelona-fotografo-2.jpg 1450w, https:\/\/www.felixdevega.com\/wp-content\/uploads\/2024\/06\/04-boda-barcelona-fotografo-2-750x501.jpg 750w, https:\/\/www.felixdevega.com\/wp-content\/uploads\/2024\/06\/04-boda-barcelona-fotografo-2-1290x861.jpg 1290w, https:\/\/www.felixdevega.com\/wp-content\/uploads\/2024\/06\/04-boda-barcelona-fotografo-2-1200x800.jpg 1200w\" sizes=\"(max-width: 1450px) 100vw, 1450px\" \/><img loading=\"lazy\" decoding=\"async\" class=\"aligncenter wp-image-20655 size-full\" style=\"margin-bottom: 5px;\" src=\"https:\/\/www.felixdevega.com\/wp-content\/uploads\/2024\/06\/03-boda-barcelona-fotografo-1.jpg\" alt=\"\" width=\"1450\" height=\"968\" srcset=\"https:\/\/www.felixdevega.com\/wp-content\/uploads\/2024\/06\/03-boda-barcelona-fotografo-1.jpg 1450w, https:\/\/www.felixdevega.com\/wp-content\/uploads\/2024\/06\/03-boda-barcelona-fotografo-1-750x501.jpg 750w, https:\/\/www.felixdevega.com\/wp-content\/uploads\/2024\/06\/03-boda-barcelona-fotografo-1-1290x861.jpg 1290w, https:\/\/www.felixdevega.com\/wp-content\/uploads\/2024\/06\/03-boda-barcelona-fotografo-1-1200x800.jpg 1200w\" sizes=\"(max-width: 1450px) 100vw, 1450px\" \/> <img loading=\"lazy\" decoding=\"async\" class=\"aligncenter wp-image-20664 size-full\" style=\"margin-bottom: 5px;\" src=\"https:\/\/www.felixdevega.com\/wp-content\/uploads\/2024\/06\/blog-dos-fotos-horizontales5.jpg\" alt=\"\" width=\"1450\" height=\"483\" srcset=\"https:\/\/www.felixdevega.com\/wp-content\/uploads\/2024\/06\/blog-dos-fotos-horizontales5.jpg 1450w, https:\/\/www.felixdevega.com\/wp-content\/uploads\/2024\/06\/blog-dos-fotos-horizontales5-750x250.jpg 750w, https:\/\/www.felixdevega.com\/wp-content\/uploads\/2024\/06\/blog-dos-fotos-horizontales5-1290x430.jpg 1290w\" sizes=\"(max-width: 1450px) 100vw, 1450px\" \/> <img loading=\"lazy\" decoding=\"async\" class=\"aligncenter wp-image-20667 size-full\" style=\"margin-bottom: 5px;\" src=\"https:\/\/www.felixdevega.com\/wp-content\/uploads\/2024\/06\/blog-dos-fotos-horizontales6.jpg\" alt=\"\" width=\"1450\" height=\"668\" srcset=\"https:\/\/www.felixdevega.com\/wp-content\/uploads\/2024\/06\/blog-dos-fotos-horizontales6.jpg 1450w, https:\/\/www.felixdevega.com\/wp-content\/uploads\/2024\/06\/blog-dos-fotos-horizontales6-750x346.jpg 750w, https:\/\/www.felixdevega.com\/wp-content\/uploads\/2024\/06\/blog-dos-fotos-horizontales6-1290x594.jpg 1290w\" sizes=\"(max-width: 1450px) 100vw, 1450px\" \/><img loading=\"lazy\" decoding=\"async\" class=\"aligncenter wp-image-21052 size-full\" style=\"margin-bottom: 5px;\" src=\"https:\/\/www.felixdevega.com\/wp-content\/uploads\/2024\/06\/Wedding-photography-Barcelona-6.jpg\" alt=\"wedding photography Barcelona\" width=\"1450\" height=\"968\" srcset=\"https:\/\/www.felixdevega.com\/wp-content\/uploads\/2024\/06\/Wedding-photography-Barcelona-6.jpg 1450w, https:\/\/www.felixdevega.com\/wp-content\/uploads\/2024\/06\/Wedding-photography-Barcelona-6-750x501.jpg 750w, https:\/\/www.felixdevega.com\/wp-content\/uploads\/2024\/06\/Wedding-photography-Barcelona-6-1290x861.jpg 1290w, https:\/\/www.felixdevega.com\/wp-content\/uploads\/2024\/06\/Wedding-photography-Barcelona-6-1200x800.jpg 1200w\" sizes=\"(max-width: 1450px) 100vw, 1450px\" \/><img loading=\"lazy\" decoding=\"async\" class=\"aligncenter wp-image-21055 size-full\" style=\"margin-bottom: 5px;\" src=\"https:\/\/www.felixdevega.com\/wp-content\/uploads\/2024\/06\/Wedding-photography-Barcelona-4.jpg\" alt=\"wedding photography Barcelona\" width=\"1450\" height=\"968\" srcset=\"https:\/\/www.felixdevega.com\/wp-content\/uploads\/2024\/06\/Wedding-photography-Barcelona-4.jpg 1450w, https:\/\/www.felixdevega.com\/wp-content\/uploads\/2024\/06\/Wedding-photography-Barcelona-4-750x501.jpg 750w, https:\/\/www.felixdevega.com\/wp-content\/uploads\/2024\/06\/Wedding-photography-Barcelona-4-1290x861.jpg 1290w, https:\/\/www.felixdevega.com\/wp-content\/uploads\/2024\/06\/Wedding-photography-Barcelona-4-1200x800.jpg 1200w\" sizes=\"(max-width: 1450px) 100vw, 1450px\" \/><img loading=\"lazy\" decoding=\"async\" class=\"aligncenter wp-image-21071 size-full\" style=\"margin-bottom: 5px;\" src=\"https:\/\/www.felixdevega.com\/wp-content\/uploads\/2024\/06\/Wedding-photography-Barcelona-1-2.jpg\" alt=\"wedding photography Barcelona\" width=\"1450\" height=\"968\" srcset=\"https:\/\/www.felixdevega.com\/wp-content\/uploads\/2024\/06\/Wedding-photography-Barcelona-1-2.jpg 1450w, https:\/\/www.felixdevega.com\/wp-content\/uploads\/2024\/06\/Wedding-photography-Barcelona-1-2-750x501.jpg 750w, https:\/\/www.felixdevega.com\/wp-content\/uploads\/2024\/06\/Wedding-photography-Barcelona-1-2-1290x861.jpg 1290w, https:\/\/www.felixdevega.com\/wp-content\/uploads\/2024\/06\/Wedding-photography-Barcelona-1-2-1200x800.jpg 1200w\" sizes=\"(max-width: 1450px) 100vw, 1450px\" \/><img loading=\"lazy\" decoding=\"async\" class=\"aligncenter wp-image-21061 size-full\" style=\"margin-bottom: 5px;\" src=\"https:\/\/www.felixdevega.com\/wp-content\/uploads\/2024\/06\/Wedding-photography-Barcelona-3.jpg\" alt=\"wedding photography Barcelona\" width=\"1450\" height=\"968\" srcset=\"https:\/\/www.felixdevega.com\/wp-content\/uploads\/2024\/06\/Wedding-photography-Barcelona-3.jpg 1450w, https:\/\/www.felixdevega.com\/wp-content\/uploads\/2024\/06\/Wedding-photography-Barcelona-3-750x501.jpg 750w, https:\/\/www.felixdevega.com\/wp-content\/uploads\/2024\/06\/Wedding-photography-Barcelona-3-1290x861.jpg 1290w, https:\/\/www.felixdevega.com\/wp-content\/uploads\/2024\/06\/Wedding-photography-Barcelona-3-1200x800.jpg 1200w\" sizes=\"(max-width: 1450px) 100vw, 1450px\" \/><img loading=\"lazy\" decoding=\"async\" class=\"aligncenter wp-image-21084 size-full\" style=\"margin-bottom: 5px;\" src=\"https:\/\/www.felixdevega.com\/wp-content\/uploads\/2024\/06\/Wedding-photography-Barcelona-2-1.jpg\" alt=\"\" width=\"1450\" height=\"968\" srcset=\"https:\/\/www.felixdevega.com\/wp-content\/uploads\/2024\/06\/Wedding-photography-Barcelona-2-1.jpg 1450w, https:\/\/www.felixdevega.com\/wp-content\/uploads\/2024\/06\/Wedding-photography-Barcelona-2-1-750x501.jpg 750w, https:\/\/www.felixdevega.com\/wp-content\/uploads\/2024\/06\/Wedding-photography-Barcelona-2-1-1290x861.jpg 1290w, https:\/\/www.felixdevega.com\/wp-content\/uploads\/2024\/06\/Wedding-photography-Barcelona-2-1-1200x800.jpg 1200w\" sizes=\"(max-width: 1450px) 100vw, 1450px\" \/><img loading=\"lazy\" decoding=\"async\" class=\"aligncenter wp-image-20692 size-full\" style=\"margin-bottom: 5px;\" src=\"https:\/\/www.felixdevega.com\/wp-content\/uploads\/2024\/06\/boda-barcelona-fotografo-20.jpg\" alt=\"\" width=\"1450\" height=\"968\" srcset=\"https:\/\/www.felixdevega.com\/wp-content\/uploads\/2024\/06\/boda-barcelona-fotografo-20.jpg 1450w, https:\/\/www.felixdevega.com\/wp-content\/uploads\/2024\/06\/boda-barcelona-fotografo-20-750x501.jpg 750w, https:\/\/www.felixdevega.com\/wp-content\/uploads\/2024\/06\/boda-barcelona-fotografo-20-1290x861.jpg 1290w, https:\/\/www.felixdevega.com\/wp-content\/uploads\/2024\/06\/boda-barcelona-fotografo-20-1200x800.jpg 1200w\" sizes=\"(max-width: 1450px) 100vw, 1450px\" \/><img loading=\"lazy\" decoding=\"async\" class=\"aligncenter wp-image-20699 size-full\" style=\"margin-bottom: 5px;\" src=\"https:\/\/www.felixdevega.com\/wp-content\/uploads\/2024\/06\/boda-barcelona-fotografo-72.jpg\" alt=\"fotografo de bodas barcelona\" width=\"1450\" height=\"968\" srcset=\"https:\/\/www.felixdevega.com\/wp-content\/uploads\/2024\/06\/boda-barcelona-fotografo-72.jpg 1450w, https:\/\/www.felixdevega.com\/wp-content\/uploads\/2024\/06\/boda-barcelona-fotografo-72-750x501.jpg 750w, https:\/\/www.felixdevega.com\/wp-content\/uploads\/2024\/06\/boda-barcelona-fotografo-72-1290x861.jpg 1290w, https:\/\/www.felixdevega.com\/wp-content\/uploads\/2024\/06\/boda-barcelona-fotografo-72-1200x800.jpg 1200w\" sizes=\"(max-width: 1450px) 100vw, 1450px\" \/><img loading=\"lazy\" decoding=\"async\" class=\"aligncenter wp-image-20705 size-full\" style=\"margin-bottom: 5px;\" src=\"https:\/\/www.felixdevega.com\/wp-content\/uploads\/2024\/06\/boda-barcelona-fotografo-70.jpg\" alt=\"fotografo de bodas barcelona\" width=\"1450\" height=\"968\" srcset=\"https:\/\/www.felixdevega.com\/wp-content\/uploads\/2024\/06\/boda-barcelona-fotografo-70.jpg 1450w, https:\/\/www.felixdevega.com\/wp-content\/uploads\/2024\/06\/boda-barcelona-fotografo-70-750x501.jpg 750w, https:\/\/www.felixdevega.com\/wp-content\/uploads\/2024\/06\/boda-barcelona-fotografo-70-1290x861.jpg 1290w, https:\/\/www.felixdevega.com\/wp-content\/uploads\/2024\/06\/boda-barcelona-fotografo-70-1200x800.jpg 1200w\" sizes=\"(max-width: 1450px) 100vw, 1450px\" \/><img loading=\"lazy\" decoding=\"async\" class=\"aligncenter wp-image-20709 size-full\" style=\"margin-bottom: 5px;\" src=\"https:\/\/www.felixdevega.com\/wp-content\/uploads\/2024\/06\/blog-dos-fotos-horizontales7.jpg\" alt=\"\" width=\"1450\" height=\"483\" srcset=\"https:\/\/www.felixdevega.com\/wp-content\/uploads\/2024\/06\/blog-dos-fotos-horizontales7.jpg 1450w, https:\/\/www.felixdevega.com\/wp-content\/uploads\/2024\/06\/blog-dos-fotos-horizontales7-750x250.jpg 750w, https:\/\/www.felixdevega.com\/wp-content\/uploads\/2024\/06\/blog-dos-fotos-horizontales7-1290x430.jpg 1290w\" sizes=\"(max-width: 1450px) 100vw, 1450px\" \/><img loading=\"lazy\" decoding=\"async\" class=\"aligncenter wp-image-21087 size-full\" style=\"margin-bottom: 5px;\" src=\"https:\/\/www.felixdevega.com\/wp-content\/uploads\/2024\/06\/Wedding-photography-Barcelona-1-1.jpg\" alt=\"\" width=\"1450\" height=\"968\" srcset=\"https:\/\/www.felixdevega.com\/wp-content\/uploads\/2024\/06\/Wedding-photography-Barcelona-1-1.jpg 1450w, https:\/\/www.felixdevega.com\/wp-content\/uploads\/2024\/06\/Wedding-photography-Barcelona-1-1-750x501.jpg 750w, https:\/\/www.felixdevega.com\/wp-content\/uploads\/2024\/06\/Wedding-photography-Barcelona-1-1-1290x861.jpg 1290w, https:\/\/www.felixdevega.com\/wp-content\/uploads\/2024\/06\/Wedding-photography-Barcelona-1-1-1200x800.jpg 1200w\" sizes=\"(max-width: 1450px) 100vw, 1450px\" \/><img loading=\"lazy\" decoding=\"async\" class=\"aligncenter wp-image-20713 size-full\" style=\"margin-bottom: 5px;\" src=\"https:\/\/www.felixdevega.com\/wp-content\/uploads\/2024\/06\/boda-barcelona-fotografo-322.jpg\" alt=\"fotografo de bodas barcelona\" width=\"1450\" height=\"968\" srcset=\"https:\/\/www.felixdevega.com\/wp-content\/uploads\/2024\/06\/boda-barcelona-fotografo-322.jpg 1450w, https:\/\/www.felixdevega.com\/wp-content\/uploads\/2024\/06\/boda-barcelona-fotografo-322-750x501.jpg 750w, https:\/\/www.felixdevega.com\/wp-content\/uploads\/2024\/06\/boda-barcelona-fotografo-322-1290x861.jpg 1290w, https:\/\/www.felixdevega.com\/wp-content\/uploads\/2024\/06\/boda-barcelona-fotografo-322-1200x800.jpg 1200w\" sizes=\"(max-width: 1450px) 100vw, 1450px\" \/><img loading=\"lazy\" decoding=\"async\" class=\"aligncenter wp-image-20720 size-full\" style=\"margin-bottom: 5px;\" src=\"https:\/\/www.felixdevega.com\/wp-content\/uploads\/2024\/06\/boda-barcelona-fotografo-311.jpg\" alt=\"fotografia de bodas barcelona\" width=\"1450\" height=\"968\" srcset=\"https:\/\/www.felixdevega.com\/wp-content\/uploads\/2024\/06\/boda-barcelona-fotografo-311.jpg 1450w, https:\/\/www.felixdevega.com\/wp-content\/uploads\/2024\/06\/boda-barcelona-fotografo-311-750x501.jpg 750w, https:\/\/www.felixdevega.com\/wp-content\/uploads\/2024\/06\/boda-barcelona-fotografo-311-1290x861.jpg 1290w, https:\/\/www.felixdevega.com\/wp-content\/uploads\/2024\/06\/boda-barcelona-fotografo-311-1200x800.jpg 1200w\" sizes=\"(max-width: 1450px) 100vw, 1450px\" \/><img loading=\"lazy\" decoding=\"async\" class=\"aligncenter wp-image-20726 size-full\" style=\"margin-bottom: 5px;\" src=\"https:\/\/www.felixdevega.com\/wp-content\/uploads\/2024\/06\/boda-barcelona-fotografo-319.jpg\" alt=\"fotografo de bodas barcelona\" width=\"1450\" height=\"968\" srcset=\"https:\/\/www.felixdevega.com\/wp-content\/uploads\/2024\/06\/boda-barcelona-fotografo-319.jpg 1450w, https:\/\/www.felixdevega.com\/wp-content\/uploads\/2024\/06\/boda-barcelona-fotografo-319-750x501.jpg 750w, https:\/\/www.felixdevega.com\/wp-content\/uploads\/2024\/06\/boda-barcelona-fotografo-319-1290x861.jpg 1290w, https:\/\/www.felixdevega.com\/wp-content\/uploads\/2024\/06\/boda-barcelona-fotografo-319-1200x800.jpg 1200w\" sizes=\"(max-width: 1450px) 100vw, 1450px\" \/><img loading=\"lazy\" decoding=\"async\" class=\"aligncenter wp-image-20960 size-full\" style=\"margin-bottom: 5px;\" src=\"https:\/\/www.felixdevega.com\/wp-content\/uploads\/2024\/06\/blog-dos-fotos-horizontales11.jpg\" alt=\"\" width=\"1450\" height=\"483\" srcset=\"https:\/\/www.felixdevega.com\/wp-content\/uploads\/2024\/06\/blog-dos-fotos-horizontales11.jpg 1450w, https:\/\/www.felixdevega.com\/wp-content\/uploads\/2024\/06\/blog-dos-fotos-horizontales11-750x250.jpg 750w, https:\/\/www.felixdevega.com\/wp-content\/uploads\/2024\/06\/blog-dos-fotos-horizontales11-1290x430.jpg 1290w\" sizes=\"(max-width: 1450px) 100vw, 1450px\" \/><img loading=\"lazy\" decoding=\"async\" class=\"aligncenter wp-image-20745 size-full\" style=\"margin-bottom: 5px;\" src=\"https:\/\/www.felixdevega.com\/wp-content\/uploads\/2024\/06\/boda-barcelona-fotografo-7.jpg\" alt=\"\" width=\"1450\" height=\"968\" srcset=\"https:\/\/www.felixdevega.com\/wp-content\/uploads\/2024\/06\/boda-barcelona-fotografo-7.jpg 1450w, https:\/\/www.felixdevega.com\/wp-content\/uploads\/2024\/06\/boda-barcelona-fotografo-7-750x501.jpg 750w, https:\/\/www.felixdevega.com\/wp-content\/uploads\/2024\/06\/boda-barcelona-fotografo-7-1290x861.jpg 1290w, https:\/\/www.felixdevega.com\/wp-content\/uploads\/2024\/06\/boda-barcelona-fotografo-7-1200x800.jpg 1200w\" sizes=\"(max-width: 1450px) 100vw, 1450px\" \/><img loading=\"lazy\" decoding=\"async\" class=\"aligncenter wp-image-20739 size-full\" style=\"margin-bottom: 5px;\" src=\"https:\/\/www.felixdevega.com\/wp-content\/uploads\/2024\/06\/boda-barcelona-fotografo-336.jpg\" alt=\"wedding photographer barcelona\" width=\"1450\" height=\"968\" srcset=\"https:\/\/www.felixdevega.com\/wp-content\/uploads\/2024\/06\/boda-barcelona-fotografo-336.jpg 1450w, https:\/\/www.felixdevega.com\/wp-content\/uploads\/2024\/06\/boda-barcelona-fotografo-336-750x501.jpg 750w, https:\/\/www.felixdevega.com\/wp-content\/uploads\/2024\/06\/boda-barcelona-fotografo-336-1290x861.jpg 1290w, https:\/\/www.felixdevega.com\/wp-content\/uploads\/2024\/06\/boda-barcelona-fotografo-336-1200x800.jpg 1200w\" sizes=\"(max-width: 1450px) 100vw, 1450px\" \/> <img loading=\"lazy\" decoding=\"async\" class=\"aligncenter wp-image-20742 size-full\" style=\"margin-bottom: 5px;\" src=\"https:\/\/www.felixdevega.com\/wp-content\/uploads\/2024\/06\/boda-barcelona-fotografo-342.jpg\" alt=\"fotografo de bodas barcelona\" width=\"1450\" height=\"968\" srcset=\"https:\/\/www.felixdevega.com\/wp-content\/uploads\/2024\/06\/boda-barcelona-fotografo-342.jpg 1450w, https:\/\/www.felixdevega.com\/wp-content\/uploads\/2024\/06\/boda-barcelona-fotografo-342-750x501.jpg 750w, https:\/\/www.felixdevega.com\/wp-content\/uploads\/2024\/06\/boda-barcelona-fotografo-342-1290x861.jpg 1290w, https:\/\/www.felixdevega.com\/wp-content\/uploads\/2024\/06\/boda-barcelona-fotografo-342-1200x800.jpg 1200w\" sizes=\"(max-width: 1450px) 100vw, 1450px\" \/><img loading=\"lazy\" decoding=\"async\" class=\"aligncenter wp-image-20730 size-full\" style=\"margin-bottom: 5px;\" src=\"https:\/\/www.felixdevega.com\/wp-content\/uploads\/2024\/06\/boda-barcelona-fotografo-8.jpg\" alt=\"\" width=\"1450\" height=\"968\" srcset=\"https:\/\/www.felixdevega.com\/wp-content\/uploads\/2024\/06\/boda-barcelona-fotografo-8.jpg 1450w, https:\/\/www.felixdevega.com\/wp-content\/uploads\/2024\/06\/boda-barcelona-fotografo-8-750x501.jpg 750w, https:\/\/www.felixdevega.com\/wp-content\/uploads\/2024\/06\/boda-barcelona-fotografo-8-1290x861.jpg 1290w, https:\/\/www.felixdevega.com\/wp-content\/uploads\/2024\/06\/boda-barcelona-fotografo-8-1200x800.jpg 1200w\" sizes=\"(max-width: 1450px) 100vw, 1450px\" \/><img loading=\"lazy\" decoding=\"async\" class=\"aligncenter wp-image-20754 size-full\" style=\"margin-bottom: 5px;\" src=\"https:\/\/www.felixdevega.com\/wp-content\/uploads\/2024\/06\/boda-barcelona-fotografo-327.jpg\" alt=\"wedding photographer barcelona\" width=\"1450\" height=\"968\" srcset=\"https:\/\/www.felixdevega.com\/wp-content\/uploads\/2024\/06\/boda-barcelona-fotografo-327.jpg 1450w, https:\/\/www.felixdevega.com\/wp-content\/uploads\/2024\/06\/boda-barcelona-fotografo-327-750x501.jpg 750w, https:\/\/www.felixdevega.com\/wp-content\/uploads\/2024\/06\/boda-barcelona-fotografo-327-1290x861.jpg 1290w, https:\/\/www.felixdevega.com\/wp-content\/uploads\/2024\/06\/boda-barcelona-fotografo-327-1200x800.jpg 1200w\" sizes=\"(max-width: 1450px) 100vw, 1450px\" \/> <img loading=\"lazy\" decoding=\"async\" class=\"aligncenter wp-image-20757 size-full\" style=\"margin-bottom: 5px;\" src=\"https:\/\/www.felixdevega.com\/wp-content\/uploads\/2024\/06\/boda-barcelona-fotografo-331.jpg\" alt=\"fotografo de bodas barcelona\" width=\"1450\" height=\"968\" srcset=\"https:\/\/www.felixdevega.com\/wp-content\/uploads\/2024\/06\/boda-barcelona-fotografo-331.jpg 1450w, https:\/\/www.felixdevega.com\/wp-content\/uploads\/2024\/06\/boda-barcelona-fotografo-331-750x501.jpg 750w, https:\/\/www.felixdevega.com\/wp-content\/uploads\/2024\/06\/boda-barcelona-fotografo-331-1290x861.jpg 1290w, https:\/\/www.felixdevega.com\/wp-content\/uploads\/2024\/06\/boda-barcelona-fotografo-331-1200x800.jpg 1200w\" sizes=\"(max-width: 1450px) 100vw, 1450px\" \/><img loading=\"lazy\" decoding=\"async\" class=\"aligncenter wp-image-20760 size-full\" style=\"margin-bottom: 5px;\" src=\"https:\/\/www.felixdevega.com\/wp-content\/uploads\/2024\/06\/boda-barcelona-fotografo-333.jpg\" alt=\"fotografo de bodas barcelona\" width=\"1450\" height=\"968\" srcset=\"https:\/\/www.felixdevega.com\/wp-content\/uploads\/2024\/06\/boda-barcelona-fotografo-333.jpg 1450w, https:\/\/www.felixdevega.com\/wp-content\/uploads\/2024\/06\/boda-barcelona-fotografo-333-750x501.jpg 750w, https:\/\/www.felixdevega.com\/wp-content\/uploads\/2024\/06\/boda-barcelona-fotografo-333-1290x861.jpg 1290w, https:\/\/www.felixdevega.com\/wp-content\/uploads\/2024\/06\/boda-barcelona-fotografo-333-1200x800.jpg 1200w\" sizes=\"(max-width: 1450px) 100vw, 1450px\" \/><img loading=\"lazy\" decoding=\"async\" class=\"aligncenter wp-image-20841 size-full\" style=\"margin-bottom: 5px;\" src=\"https:\/\/www.felixdevega.com\/wp-content\/uploads\/2024\/06\/blog-dos-fotos-horizontales10.jpg\" alt=\"\" width=\"1450\" height=\"570\" srcset=\"https:\/\/www.felixdevega.com\/wp-content\/uploads\/2024\/06\/blog-dos-fotos-horizontales10.jpg 1450w, https:\/\/www.felixdevega.com\/wp-content\/uploads\/2024\/06\/blog-dos-fotos-horizontales10-750x295.jpg 750w, https:\/\/www.felixdevega.com\/wp-content\/uploads\/2024\/06\/blog-dos-fotos-horizontales10-1290x507.jpg 1290w\" sizes=\"(max-width: 1450px) 100vw, 1450px\" \/><img loading=\"lazy\" decoding=\"async\" class=\"aligncenter wp-image-20733 size-full\" style=\"margin-bottom: 5px;\" src=\"https:\/\/www.felixdevega.com\/wp-content\/uploads\/2024\/06\/boda-barcelona-fotografo-21-1.jpg\" alt=\"\" width=\"1450\" height=\"968\" srcset=\"https:\/\/www.felixdevega.com\/wp-content\/uploads\/2024\/06\/boda-barcelona-fotografo-21-1.jpg 1450w, https:\/\/www.felixdevega.com\/wp-content\/uploads\/2024\/06\/boda-barcelona-fotografo-21-1-750x501.jpg 750w, https:\/\/www.felixdevega.com\/wp-content\/uploads\/2024\/06\/boda-barcelona-fotografo-21-1-1290x861.jpg 1290w, https:\/\/www.felixdevega.com\/wp-content\/uploads\/2024\/06\/boda-barcelona-fotografo-21-1-1200x800.jpg 1200w\" sizes=\"(max-width: 1450px) 100vw, 1450px\" \/><img loading=\"lazy\" decoding=\"async\" class=\"aligncenter wp-image-20776 size-full\" style=\"margin-bottom: 5px;\" src=\"https:\/\/www.felixdevega.com\/wp-content\/uploads\/2024\/06\/boda-barcelona-fotografo-233.jpg\" alt=\"fotografo de bodas barcelona\" width=\"1450\" height=\"968\" srcset=\"https:\/\/www.felixdevega.com\/wp-content\/uploads\/2024\/06\/boda-barcelona-fotografo-233.jpg 1450w, https:\/\/www.felixdevega.com\/wp-content\/uploads\/2024\/06\/boda-barcelona-fotografo-233-750x501.jpg 750w, https:\/\/www.felixdevega.com\/wp-content\/uploads\/2024\/06\/boda-barcelona-fotografo-233-1290x861.jpg 1290w, https:\/\/www.felixdevega.com\/wp-content\/uploads\/2024\/06\/boda-barcelona-fotografo-233-1200x800.jpg 1200w\" sizes=\"(max-width: 1450px) 100vw, 1450px\" \/> <img loading=\"lazy\" decoding=\"async\" class=\"aligncenter wp-image-21090 size-full\" style=\"margin-bottom: 5px;\" src=\"https:\/\/www.felixdevega.com\/wp-content\/uploads\/2024\/06\/Wedding-photography-Barcelona-1-2-1.jpg\" alt=\"fotografo de bodas Barcelona\" width=\"1450\" height=\"968\" srcset=\"https:\/\/www.felixdevega.com\/wp-content\/uploads\/2024\/06\/Wedding-photography-Barcelona-1-2-1.jpg 1450w, https:\/\/www.felixdevega.com\/wp-content\/uploads\/2024\/06\/Wedding-photography-Barcelona-1-2-1-750x501.jpg 750w, https:\/\/www.felixdevega.com\/wp-content\/uploads\/2024\/06\/Wedding-photography-Barcelona-1-2-1-1290x861.jpg 1290w, https:\/\/www.felixdevega.com\/wp-content\/uploads\/2024\/06\/Wedding-photography-Barcelona-1-2-1-1200x800.jpg 1200w\" sizes=\"(max-width: 1450px) 100vw, 1450px\" \/> <img loading=\"lazy\" decoding=\"async\" class=\"aligncenter wp-image-21096 size-full\" style=\"margin-bottom: 5px;\" src=\"https:\/\/www.felixdevega.com\/wp-content\/uploads\/2024\/06\/fotografo-de-bodas-barcelona-4.jpg\" alt=\"fotografia de bodas barcelona\" width=\"1450\" height=\"968\" srcset=\"https:\/\/www.felixdevega.com\/wp-content\/uploads\/2024\/06\/fotografo-de-bodas-barcelona-4.jpg 1450w, https:\/\/www.felixdevega.com\/wp-content\/uploads\/2024\/06\/fotografo-de-bodas-barcelona-4-750x501.jpg 750w, https:\/\/www.felixdevega.com\/wp-content\/uploads\/2024\/06\/fotografo-de-bodas-barcelona-4-1290x861.jpg 1290w, https:\/\/www.felixdevega.com\/wp-content\/uploads\/2024\/06\/fotografo-de-bodas-barcelona-4-1200x800.jpg 1200w\" sizes=\"(max-width: 1450px) 100vw, 1450px\" \/><img loading=\"lazy\" decoding=\"async\" class=\"aligncenter wp-image-20825 size-full\" style=\"margin-bottom: 5px;\" src=\"https:\/\/www.felixdevega.com\/wp-content\/uploads\/2024\/06\/boda-barcelona-fotografo-174.jpg\" alt=\"\" width=\"1450\" height=\"968\" srcset=\"https:\/\/www.felixdevega.com\/wp-content\/uploads\/2024\/06\/boda-barcelona-fotografo-174.jpg 1450w, https:\/\/www.felixdevega.com\/wp-content\/uploads\/2024\/06\/boda-barcelona-fotografo-174-750x501.jpg 750w, https:\/\/www.felixdevega.com\/wp-content\/uploads\/2024\/06\/boda-barcelona-fotografo-174-1290x861.jpg 1290w, https:\/\/www.felixdevega.com\/wp-content\/uploads\/2024\/06\/boda-barcelona-fotografo-174-1200x800.jpg 1200w\" sizes=\"(max-width: 1450px) 100vw, 1450px\" \/><img loading=\"lazy\" decoding=\"async\" class=\"aligncenter wp-image-21099 size-full\" style=\"margin-bottom: 5px;\" src=\"https:\/\/www.felixdevega.com\/wp-content\/uploads\/2024\/06\/fotografo-de-bodas-barcelona-2.jpg\" alt=\"wedding photography Barcelona\" width=\"1450\" height=\"968\" srcset=\"https:\/\/www.felixdevega.com\/wp-content\/uploads\/2024\/06\/fotografo-de-bodas-barcelona-2.jpg 1450w, https:\/\/www.felixdevega.com\/wp-content\/uploads\/2024\/06\/fotografo-de-bodas-barcelona-2-750x501.jpg 750w, https:\/\/www.felixdevega.com\/wp-content\/uploads\/2024\/06\/fotografo-de-bodas-barcelona-2-1290x861.jpg 1290w, https:\/\/www.felixdevega.com\/wp-content\/uploads\/2024\/06\/fotografo-de-bodas-barcelona-2-1200x800.jpg 1200w\" sizes=\"(max-width: 1450px) 100vw, 1450px\" \/> <img loading=\"lazy\" decoding=\"async\" class=\"aligncenter wp-image-21102 size-full\" style=\"margin-bottom: 5px;\" src=\"https:\/\/www.felixdevega.com\/wp-content\/uploads\/2024\/06\/fotografo-de-bodas-barcelona.jpg\" alt=\"fotografo de bodas barcelona\" width=\"1450\" height=\"968\" srcset=\"https:\/\/www.felixdevega.com\/wp-content\/uploads\/2024\/06\/fotografo-de-bodas-barcelona.jpg 1450w, https:\/\/www.felixdevega.com\/wp-content\/uploads\/2024\/06\/fotografo-de-bodas-barcelona-750x501.jpg 750w, https:\/\/www.felixdevega.com\/wp-content\/uploads\/2024\/06\/fotografo-de-bodas-barcelona-1290x861.jpg 1290w, https:\/\/www.felixdevega.com\/wp-content\/uploads\/2024\/06\/fotografo-de-bodas-barcelona-1200x800.jpg 1200w\" sizes=\"(max-width: 1450px) 100vw, 1450px\" \/> <img loading=\"lazy\" decoding=\"async\" class=\"aligncenter wp-image-21105 size-full\" style=\"margin-bottom: 5px;\" src=\"https:\/\/www.felixdevega.com\/wp-content\/uploads\/2024\/06\/fotografo-de-bodas-barcelona-5.jpg\" alt=\"fotografia de bodas barcelona\" width=\"1450\" height=\"968\" srcset=\"https:\/\/www.felixdevega.com\/wp-content\/uploads\/2024\/06\/fotografo-de-bodas-barcelona-5.jpg 1450w, https:\/\/www.felixdevega.com\/wp-content\/uploads\/2024\/06\/fotografo-de-bodas-barcelona-5-750x501.jpg 750w, https:\/\/www.felixdevega.com\/wp-content\/uploads\/2024\/06\/fotografo-de-bodas-barcelona-5-1290x861.jpg 1290w, https:\/\/www.felixdevega.com\/wp-content\/uploads\/2024\/06\/fotografo-de-bodas-barcelona-5-1200x800.jpg 1200w\" sizes=\"(max-width: 1450px) 100vw, 1450px\" \/> <img loading=\"lazy\" decoding=\"async\" class=\"aligncenter wp-image-20810 size-full\" style=\"margin-bottom: 5px;\" src=\"https:\/\/www.felixdevega.com\/wp-content\/uploads\/2024\/06\/boda-barcelona-fotografo-114.jpg\" alt=\"fotografo de bodas barcelona\" width=\"1450\" height=\"968\" srcset=\"https:\/\/www.felixdevega.com\/wp-content\/uploads\/2024\/06\/boda-barcelona-fotografo-114.jpg 1450w, https:\/\/www.felixdevega.com\/wp-content\/uploads\/2024\/06\/boda-barcelona-fotografo-114-750x501.jpg 750w, https:\/\/www.felixdevega.com\/wp-content\/uploads\/2024\/06\/boda-barcelona-fotografo-114-1290x861.jpg 1290w, https:\/\/www.felixdevega.com\/wp-content\/uploads\/2024\/06\/boda-barcelona-fotografo-114-1200x800.jpg 1200w\" sizes=\"(max-width: 1450px) 100vw, 1450px\" \/> <img loading=\"lazy\" decoding=\"async\" class=\"aligncenter wp-image-21108 size-full\" style=\"margin-bottom: 5px;\" src=\"https:\/\/www.felixdevega.com\/wp-content\/uploads\/2024\/06\/fotografo-de-bodas-barcelona-7.jpg\" alt=\"fotografo de bodas barcelona\" width=\"1450\" height=\"968\" srcset=\"https:\/\/www.felixdevega.com\/wp-content\/uploads\/2024\/06\/fotografo-de-bodas-barcelona-7.jpg 1450w, https:\/\/www.felixdevega.com\/wp-content\/uploads\/2024\/06\/fotografo-de-bodas-barcelona-7-750x501.jpg 750w, https:\/\/www.felixdevega.com\/wp-content\/uploads\/2024\/06\/fotografo-de-bodas-barcelona-7-1290x861.jpg 1290w, https:\/\/www.felixdevega.com\/wp-content\/uploads\/2024\/06\/fotografo-de-bodas-barcelona-7-1200x800.jpg 1200w\" sizes=\"(max-width: 1450px) 100vw, 1450px\" \/> <img loading=\"lazy\" decoding=\"async\" class=\"aligncenter wp-image-21111 size-full\" style=\"margin-bottom: 5px;\" src=\"https:\/\/www.felixdevega.com\/wp-content\/uploads\/2024\/06\/fotografo-de-bodas-barcelona-3.jpg\" alt=\"boda barcelona fotografia\" width=\"1450\" height=\"968\" srcset=\"https:\/\/www.felixdevega.com\/wp-content\/uploads\/2024\/06\/fotografo-de-bodas-barcelona-3.jpg 1450w, https:\/\/www.felixdevega.com\/wp-content\/uploads\/2024\/06\/fotografo-de-bodas-barcelona-3-750x501.jpg 750w, https:\/\/www.felixdevega.com\/wp-content\/uploads\/2024\/06\/fotografo-de-bodas-barcelona-3-1290x861.jpg 1290w, https:\/\/www.felixdevega.com\/wp-content\/uploads\/2024\/06\/fotografo-de-bodas-barcelona-3-1200x800.jpg 1200w\" sizes=\"(max-width: 1450px) 100vw, 1450px\" \/><img loading=\"lazy\" decoding=\"async\" class=\"aligncenter wp-image-21114 size-full\" style=\"margin-bottom: 5px;\" src=\"https:\/\/www.felixdevega.com\/wp-content\/uploads\/2024\/06\/fotografo-de-bodas-barcelona-8.jpg\" alt=\"fotografo de bodas barcelona\" width=\"1450\" height=\"968\" srcset=\"https:\/\/www.felixdevega.com\/wp-content\/uploads\/2024\/06\/fotografo-de-bodas-barcelona-8.jpg 1450w, https:\/\/www.felixdevega.com\/wp-content\/uploads\/2024\/06\/fotografo-de-bodas-barcelona-8-750x501.jpg 750w, https:\/\/www.felixdevega.com\/wp-content\/uploads\/2024\/06\/fotografo-de-bodas-barcelona-8-1290x861.jpg 1290w, https:\/\/www.felixdevega.com\/wp-content\/uploads\/2024\/06\/fotografo-de-bodas-barcelona-8-1200x800.jpg 1200w\" sizes=\"(max-width: 1450px) 100vw, 1450px\" \/><img loading=\"lazy\" decoding=\"async\" class=\"aligncenter wp-image-20830 size-full\" style=\"margin-bottom: 5px;\" src=\"https:\/\/www.felixdevega.com\/wp-content\/uploads\/2024\/06\/boda-barcelona-fotografo-356.jpg\" alt=\"\" width=\"1450\" height=\"968\" srcset=\"https:\/\/www.felixdevega.com\/wp-content\/uploads\/2024\/06\/boda-barcelona-fotografo-356.jpg 1450w, https:\/\/www.felixdevega.com\/wp-content\/uploads\/2024\/06\/boda-barcelona-fotografo-356-750x501.jpg 750w, https:\/\/www.felixdevega.com\/wp-content\/uploads\/2024\/06\/boda-barcelona-fotografo-356-1290x861.jpg 1290w, https:\/\/www.felixdevega.com\/wp-content\/uploads\/2024\/06\/boda-barcelona-fotografo-356-1200x800.jpg 1200w\" sizes=\"(max-width: 1450px) 100vw, 1450px\" \/><img loading=\"lazy\" decoding=\"async\" class=\"aligncenter wp-image-20884 size-full\" style=\"margin-bottom: 5px;\" src=\"https:\/\/www.felixdevega.com\/wp-content\/uploads\/2024\/06\/wedding-photographer-barcelona-1-2.jpg\" alt=\"fotografia de bodas barcelona\" width=\"1450\" height=\"968\" srcset=\"https:\/\/www.felixdevega.com\/wp-content\/uploads\/2024\/06\/wedding-photographer-barcelona-1-2.jpg 1450w, https:\/\/www.felixdevega.com\/wp-content\/uploads\/2024\/06\/wedding-photographer-barcelona-1-2-750x501.jpg 750w, https:\/\/www.felixdevega.com\/wp-content\/uploads\/2024\/06\/wedding-photographer-barcelona-1-2-1290x861.jpg 1290w, https:\/\/www.felixdevega.com\/wp-content\/uploads\/2024\/06\/wedding-photographer-barcelona-1-2-1200x800.jpg 1200w\" sizes=\"(max-width: 1450px) 100vw, 1450px\" \/> <img loading=\"lazy\" decoding=\"async\" class=\"aligncenter wp-image-20850 size-full\" style=\"margin-bottom: 5px;\" src=\"https:\/\/www.felixdevega.com\/wp-content\/uploads\/2024\/06\/boda-barcelona-fotografo-361.jpg\" alt=\"fotografo de bodas barcelona\" width=\"1450\" height=\"968\" srcset=\"https:\/\/www.felixdevega.com\/wp-content\/uploads\/2024\/06\/boda-barcelona-fotografo-361.jpg 1450w, https:\/\/www.felixdevega.com\/wp-content\/uploads\/2024\/06\/boda-barcelona-fotografo-361-750x501.jpg 750w, https:\/\/www.felixdevega.com\/wp-content\/uploads\/2024\/06\/boda-barcelona-fotografo-361-1290x861.jpg 1290w, https:\/\/www.felixdevega.com\/wp-content\/uploads\/2024\/06\/boda-barcelona-fotografo-361-1200x800.jpg 1200w\" sizes=\"(max-width: 1450px) 100vw, 1450px\" \/> <img loading=\"lazy\" decoding=\"async\" class=\"aligncenter wp-image-20853 size-full\" style=\"margin-bottom: 5px;\" src=\"https:\/\/www.felixdevega.com\/wp-content\/uploads\/2024\/06\/boda-barcelona-fotografo-365.jpg\" alt=\"fotografia de bodas barcelona\" width=\"1450\" height=\"968\" srcset=\"https:\/\/www.felixdevega.com\/wp-content\/uploads\/2024\/06\/boda-barcelona-fotografo-365.jpg 1450w, https:\/\/www.felixdevega.com\/wp-content\/uploads\/2024\/06\/boda-barcelona-fotografo-365-750x501.jpg 750w, https:\/\/www.felixdevega.com\/wp-content\/uploads\/2024\/06\/boda-barcelona-fotografo-365-1290x861.jpg 1290w, https:\/\/www.felixdevega.com\/wp-content\/uploads\/2024\/06\/boda-barcelona-fotografo-365-1200x800.jpg 1200w\" sizes=\"(max-width: 1450px) 100vw, 1450px\" \/> <img loading=\"lazy\" decoding=\"async\" class=\"aligncenter wp-image-20856 size-full\" style=\"margin-bottom: 5px;\" src=\"https:\/\/www.felixdevega.com\/wp-content\/uploads\/2024\/06\/boda-barcelona-fotografo-368.jpg\" alt=\"wedding photographer barcelona\" width=\"1450\" height=\"968\" srcset=\"https:\/\/www.felixdevega.com\/wp-content\/uploads\/2024\/06\/boda-barcelona-fotografo-368.jpg 1450w, https:\/\/www.felixdevega.com\/wp-content\/uploads\/2024\/06\/boda-barcelona-fotografo-368-750x501.jpg 750w, https:\/\/www.felixdevega.com\/wp-content\/uploads\/2024\/06\/boda-barcelona-fotografo-368-1290x861.jpg 1290w, https:\/\/www.felixdevega.com\/wp-content\/uploads\/2024\/06\/boda-barcelona-fotografo-368-1200x800.jpg 1200w\" sizes=\"(max-width: 1450px) 100vw, 1450px\" \/> <img loading=\"lazy\" decoding=\"async\" class=\"aligncenter wp-image-20844 size-full\" style=\"margin-bottom: 5px;\" src=\"https:\/\/www.felixdevega.com\/wp-content\/uploads\/2024\/06\/boda-barcelona-fotografo-389.jpg\" alt=\"\" width=\"1450\" height=\"968\" srcset=\"https:\/\/www.felixdevega.com\/wp-content\/uploads\/2024\/06\/boda-barcelona-fotografo-389.jpg 1450w, https:\/\/www.felixdevega.com\/wp-content\/uploads\/2024\/06\/boda-barcelona-fotografo-389-750x501.jpg 750w, https:\/\/www.felixdevega.com\/wp-content\/uploads\/2024\/06\/boda-barcelona-fotografo-389-1290x861.jpg 1290w, https:\/\/www.felixdevega.com\/wp-content\/uploads\/2024\/06\/boda-barcelona-fotografo-389-1200x800.jpg 1200w\" sizes=\"(max-width: 1450px) 100vw, 1450px\" \/><img loading=\"lazy\" decoding=\"async\" class=\"aligncenter wp-image-20869 size-full\" style=\"margin-bottom: 5px;\" src=\"https:\/\/www.felixdevega.com\/wp-content\/uploads\/2024\/06\/boda-barcelona-fotografo-384.jpg\" alt=\"Fotografo de bodas barcelona\" width=\"1450\" height=\"968\" srcset=\"https:\/\/www.felixdevega.com\/wp-content\/uploads\/2024\/06\/boda-barcelona-fotografo-384.jpg 1450w, https:\/\/www.felixdevega.com\/wp-content\/uploads\/2024\/06\/boda-barcelona-fotografo-384-750x501.jpg 750w, https:\/\/www.felixdevega.com\/wp-content\/uploads\/2024\/06\/boda-barcelona-fotografo-384-1290x861.jpg 1290w, https:\/\/www.felixdevega.com\/wp-content\/uploads\/2024\/06\/boda-barcelona-fotografo-384-1200x800.jpg 1200w\" sizes=\"(max-width: 1450px) 100vw, 1450px\" \/> <img loading=\"lazy\" decoding=\"async\" class=\"aligncenter wp-image-20872 size-full\" style=\"margin-bottom: 5px;\" src=\"https:\/\/www.felixdevega.com\/wp-content\/uploads\/2024\/06\/boda-barcelona-fotografo-385.jpg\" alt=\"Wedding photographer Barcelona\" width=\"1450\" height=\"968\" srcset=\"https:\/\/www.felixdevega.com\/wp-content\/uploads\/2024\/06\/boda-barcelona-fotografo-385.jpg 1450w, https:\/\/www.felixdevega.com\/wp-content\/uploads\/2024\/06\/boda-barcelona-fotografo-385-750x501.jpg 750w, https:\/\/www.felixdevega.com\/wp-content\/uploads\/2024\/06\/boda-barcelona-fotografo-385-1290x861.jpg 1290w, https:\/\/www.felixdevega.com\/wp-content\/uploads\/2024\/06\/boda-barcelona-fotografo-385-1200x800.jpg 1200w\" sizes=\"(max-width: 1450px) 100vw, 1450px\" \/> <img loading=\"lazy\" decoding=\"async\" class=\"aligncenter wp-image-20875 size-full\" style=\"margin-bottom: 5px;\" src=\"https:\/\/www.felixdevega.com\/wp-content\/uploads\/2024\/06\/boda-barcelona-fotografo-386.jpg\" alt=\"wedding photography Barcelona\" width=\"1450\" height=\"968\" srcset=\"https:\/\/www.felixdevega.com\/wp-content\/uploads\/2024\/06\/boda-barcelona-fotografo-386.jpg 1450w, https:\/\/www.felixdevega.com\/wp-content\/uploads\/2024\/06\/boda-barcelona-fotografo-386-750x501.jpg 750w, https:\/\/www.felixdevega.com\/wp-content\/uploads\/2024\/06\/boda-barcelona-fotografo-386-1290x861.jpg 1290w, https:\/\/www.felixdevega.com\/wp-content\/uploads\/2024\/06\/boda-barcelona-fotografo-386-1200x800.jpg 1200w\" sizes=\"(max-width: 1450px) 100vw, 1450px\" \/> <img loading=\"lazy\" decoding=\"async\" class=\"aligncenter wp-image-20881 size-full\" style=\"margin-bottom: 5px;\" src=\"https:\/\/www.felixdevega.com\/wp-content\/uploads\/2024\/06\/boda-barcelona-fotografo-388.jpg\" alt=\"\" width=\"1450\" height=\"968\" srcset=\"https:\/\/www.felixdevega.com\/wp-content\/uploads\/2024\/06\/boda-barcelona-fotografo-388.jpg 1450w, https:\/\/www.felixdevega.com\/wp-content\/uploads\/2024\/06\/boda-barcelona-fotografo-388-750x501.jpg 750w, https:\/\/www.felixdevega.com\/wp-content\/uploads\/2024\/06\/boda-barcelona-fotografo-388-1290x861.jpg 1290w, https:\/\/www.felixdevega.com\/wp-content\/uploads\/2024\/06\/boda-barcelona-fotografo-388-1200x800.jpg 1200w\" sizes=\"(max-width: 1450px) 100vw, 1450px\" \/><img loading=\"lazy\" decoding=\"async\" class=\"aligncenter wp-image-20888 size-full\" style=\"margin-bottom: 5px;\" src=\"https:\/\/www.felixdevega.com\/wp-content\/uploads\/2024\/06\/boda-barcelona-fotografo-401.jpg\" alt=\"fotografia de bodas barcelona\" width=\"1450\" height=\"968\" srcset=\"https:\/\/www.felixdevega.com\/wp-content\/uploads\/2024\/06\/boda-barcelona-fotografo-401.jpg 1450w, https:\/\/www.felixdevega.com\/wp-content\/uploads\/2024\/06\/boda-barcelona-fotografo-401-750x501.jpg 750w, https:\/\/www.felixdevega.com\/wp-content\/uploads\/2024\/06\/boda-barcelona-fotografo-401-1290x861.jpg 1290w, https:\/\/www.felixdevega.com\/wp-content\/uploads\/2024\/06\/boda-barcelona-fotografo-401-1200x800.jpg 1200w\" sizes=\"(max-width: 1450px) 100vw, 1450px\" \/><img loading=\"lazy\" decoding=\"async\" class=\"aligncenter wp-image-20891 size-full\" style=\"margin-bottom: 5px;\" src=\"https:\/\/www.felixdevega.com\/wp-content\/uploads\/2024\/06\/boda-barcelona-fotografo-390.jpg\" alt=\"\" width=\"1450\" height=\"968\" srcset=\"https:\/\/www.felixdevega.com\/wp-content\/uploads\/2024\/06\/boda-barcelona-fotografo-390.jpg 1450w, https:\/\/www.felixdevega.com\/wp-content\/uploads\/2024\/06\/boda-barcelona-fotografo-390-750x501.jpg 750w, https:\/\/www.felixdevega.com\/wp-content\/uploads\/2024\/06\/boda-barcelona-fotografo-390-1290x861.jpg 1290w, https:\/\/www.felixdevega.com\/wp-content\/uploads\/2024\/06\/boda-barcelona-fotografo-390-1200x800.jpg 1200w\" sizes=\"(max-width: 1450px) 100vw, 1450px\" \/> <img loading=\"lazy\" decoding=\"async\" class=\"aligncenter wp-image-20897 size-full\" style=\"margin-bottom: 5px;\" src=\"https:\/\/www.felixdevega.com\/wp-content\/uploads\/2024\/06\/boda-barcelona-fotografo-404.jpg\" alt=\"wedding photography Barcelona Spain\" width=\"1450\" height=\"968\" srcset=\"https:\/\/www.felixdevega.com\/wp-content\/uploads\/2024\/06\/boda-barcelona-fotografo-404.jpg 1450w, https:\/\/www.felixdevega.com\/wp-content\/uploads\/2024\/06\/boda-barcelona-fotografo-404-750x501.jpg 750w, https:\/\/www.felixdevega.com\/wp-content\/uploads\/2024\/06\/boda-barcelona-fotografo-404-1290x861.jpg 1290w, https:\/\/www.felixdevega.com\/wp-content\/uploads\/2024\/06\/boda-barcelona-fotografo-404-1200x800.jpg 1200w\" sizes=\"(max-width: 1450px) 100vw, 1450px\" \/> <img loading=\"lazy\" decoding=\"async\" class=\"aligncenter wp-image-20900 size-full\" style=\"margin-bottom: 5px;\" src=\"https:\/\/www.felixdevega.com\/wp-content\/uploads\/2024\/06\/boda-barcelona-fotografo-406.jpg\" alt=\"Fotograf\u00eda de bodas Barcelona\" width=\"1450\" height=\"968\" srcset=\"https:\/\/www.felixdevega.com\/wp-content\/uploads\/2024\/06\/boda-barcelona-fotografo-406.jpg 1450w, https:\/\/www.felixdevega.com\/wp-content\/uploads\/2024\/06\/boda-barcelona-fotografo-406-750x501.jpg 750w, https:\/\/www.felixdevega.com\/wp-content\/uploads\/2024\/06\/boda-barcelona-fotografo-406-1290x861.jpg 1290w, https:\/\/www.felixdevega.com\/wp-content\/uploads\/2024\/06\/boda-barcelona-fotografo-406-1200x800.jpg 1200w\" sizes=\"(max-width: 1450px) 100vw, 1450px\" \/> <img loading=\"lazy\" decoding=\"async\" class=\"aligncenter wp-image-20903 size-full\" style=\"margin-bottom: 5px;\" src=\"https:\/\/www.felixdevega.com\/wp-content\/uploads\/2024\/06\/boda-barcelona-fotografo-408.jpg\" alt=\"fot\u00f3grafo de bodas Barcelona\" width=\"1450\" height=\"968\" srcset=\"https:\/\/www.felixdevega.com\/wp-content\/uploads\/2024\/06\/boda-barcelona-fotografo-408.jpg 1450w, https:\/\/www.felixdevega.com\/wp-content\/uploads\/2024\/06\/boda-barcelona-fotografo-408-750x501.jpg 750w, https:\/\/www.felixdevega.com\/wp-content\/uploads\/2024\/06\/boda-barcelona-fotografo-408-1290x861.jpg 1290w, https:\/\/www.felixdevega.com\/wp-content\/uploads\/2024\/06\/boda-barcelona-fotografo-408-1200x800.jpg 1200w\" sizes=\"(max-width: 1450px) 100vw, 1450px\" \/> <img loading=\"lazy\" decoding=\"async\" class=\"aligncenter wp-image-20909 size-full\" style=\"margin-bottom: 5px;\" src=\"https:\/\/www.felixdevega.com\/wp-content\/uploads\/2024\/06\/boda-barcelona-fotografo-414.jpg\" alt=\"mejor fotografo de bodas barcelona\" width=\"1450\" height=\"968\" srcset=\"https:\/\/www.felixdevega.com\/wp-content\/uploads\/2024\/06\/boda-barcelona-fotografo-414.jpg 1450w, https:\/\/www.felixdevega.com\/wp-content\/uploads\/2024\/06\/boda-barcelona-fotografo-414-750x501.jpg 750w, https:\/\/www.felixdevega.com\/wp-content\/uploads\/2024\/06\/boda-barcelona-fotografo-414-1290x861.jpg 1290w, https:\/\/www.felixdevega.com\/wp-content\/uploads\/2024\/06\/boda-barcelona-fotografo-414-1200x800.jpg 1200w\" sizes=\"(max-width: 1450px) 100vw, 1450px\" \/> <img loading=\"lazy\" decoding=\"async\" class=\"aligncenter wp-image-20912 size-full\" style=\"margin-bottom: 5px;\" src=\"https:\/\/www.felixdevega.com\/wp-content\/uploads\/2024\/06\/boda-barcelona-fotografo-417.jpg\" alt=\"best wedding photographer barcelona\" width=\"1450\" height=\"968\" srcset=\"https:\/\/www.felixdevega.com\/wp-content\/uploads\/2024\/06\/boda-barcelona-fotografo-417.jpg 1450w, https:\/\/www.felixdevega.com\/wp-content\/uploads\/2024\/06\/boda-barcelona-fotografo-417-750x501.jpg 750w, https:\/\/www.felixdevega.com\/wp-content\/uploads\/2024\/06\/boda-barcelona-fotografo-417-1290x861.jpg 1290w, https:\/\/www.felixdevega.com\/wp-content\/uploads\/2024\/06\/boda-barcelona-fotografo-417-1200x800.jpg 1200w\" sizes=\"(max-width: 1450px) 100vw, 1450px\" \/> <img loading=\"lazy\" decoding=\"async\" class=\"aligncenter wp-image-20921 size-full\" style=\"margin-bottom: 5px;\" src=\"https:\/\/www.felixdevega.com\/wp-content\/uploads\/2024\/06\/blog-dos-fotos-horizontales9.jpg\" alt=\"\" width=\"1450\" height=\"483\" srcset=\"https:\/\/www.felixdevega.com\/wp-content\/uploads\/2024\/06\/blog-dos-fotos-horizontales9.jpg 1450w, https:\/\/www.felixdevega.com\/wp-content\/uploads\/2024\/06\/blog-dos-fotos-horizontales9-750x250.jpg 750w, https:\/\/www.felixdevega.com\/wp-content\/uploads\/2024\/06\/blog-dos-fotos-horizontales9-1290x430.jpg 1290w\" sizes=\"(max-width: 1450px) 100vw, 1450px\" \/><img loading=\"lazy\" decoding=\"async\" class=\"aligncenter wp-image-20894 size-full\" style=\"margin-bottom: 5px;\" src=\"https:\/\/www.felixdevega.com\/wp-content\/uploads\/2024\/06\/boda-barcelona-fotografo-402.jpg\" alt=\"\" width=\"1450\" height=\"968\" srcset=\"https:\/\/www.felixdevega.com\/wp-content\/uploads\/2024\/06\/boda-barcelona-fotografo-402.jpg 1450w, https:\/\/www.felixdevega.com\/wp-content\/uploads\/2024\/06\/boda-barcelona-fotografo-402-750x501.jpg 750w, https:\/\/www.felixdevega.com\/wp-content\/uploads\/2024\/06\/boda-barcelona-fotografo-402-1290x861.jpg 1290w, https:\/\/www.felixdevega.com\/wp-content\/uploads\/2024\/06\/boda-barcelona-fotografo-402-1200x800.jpg 1200w\" sizes=\"(max-width: 1450px) 100vw, 1450px\" \/><img loading=\"lazy\" decoding=\"async\" class=\"aligncenter wp-image-20928 size-full\" style=\"margin-bottom: 5px;\" src=\"https:\/\/www.felixdevega.com\/wp-content\/uploads\/2024\/06\/boda-barcelona-fotografo-430.jpg\" alt=\"fotografo de bodas Barcelona\" width=\"1450\" height=\"968\" srcset=\"https:\/\/www.felixdevega.com\/wp-content\/uploads\/2024\/06\/boda-barcelona-fotografo-430.jpg 1450w, https:\/\/www.felixdevega.com\/wp-content\/uploads\/2024\/06\/boda-barcelona-fotografo-430-750x501.jpg 750w, https:\/\/www.felixdevega.com\/wp-content\/uploads\/2024\/06\/boda-barcelona-fotografo-430-1290x861.jpg 1290w, https:\/\/www.felixdevega.com\/wp-content\/uploads\/2024\/06\/boda-barcelona-fotografo-430-1200x800.jpg 1200w\" sizes=\"(max-width: 1450px) 100vw, 1450px\" \/><img loading=\"lazy\" decoding=\"async\" class=\"aligncenter wp-image-20925 size-full\" style=\"margin-bottom: 5px;\" src=\"https:\/\/www.felixdevega.com\/wp-content\/uploads\/2024\/06\/boda-barcelona-fotografo-426.jpg\" alt=\"fotografo de bodas barcelona\" width=\"1450\" height=\"968\" srcset=\"https:\/\/www.felixdevega.com\/wp-content\/uploads\/2024\/06\/boda-barcelona-fotografo-426.jpg 1450w, https:\/\/www.felixdevega.com\/wp-content\/uploads\/2024\/06\/boda-barcelona-fotografo-426-750x501.jpg 750w, https:\/\/www.felixdevega.com\/wp-content\/uploads\/2024\/06\/boda-barcelona-fotografo-426-1290x861.jpg 1290w, https:\/\/www.felixdevega.com\/wp-content\/uploads\/2024\/06\/boda-barcelona-fotografo-426-1200x800.jpg 1200w\" sizes=\"(max-width: 1450px) 100vw, 1450px\" \/><img loading=\"lazy\" decoding=\"async\" class=\"aligncenter wp-image-20934 size-full\" style=\"margin-bottom: 5px;\" src=\"https:\/\/www.felixdevega.com\/wp-content\/uploads\/2024\/06\/boda-barcelona-fotografo-433.jpg\" alt=\"fotografo de bodas barcelona\" width=\"1450\" height=\"968\" srcset=\"https:\/\/www.felixdevega.com\/wp-content\/uploads\/2024\/06\/boda-barcelona-fotografo-433.jpg 1450w, https:\/\/www.felixdevega.com\/wp-content\/uploads\/2024\/06\/boda-barcelona-fotografo-433-750x501.jpg 750w, https:\/\/www.felixdevega.com\/wp-content\/uploads\/2024\/06\/boda-barcelona-fotografo-433-1290x861.jpg 1290w, https:\/\/www.felixdevega.com\/wp-content\/uploads\/2024\/06\/boda-barcelona-fotografo-433-1200x800.jpg 1200w\" sizes=\"(max-width: 1450px) 100vw, 1450px\" \/> <img loading=\"lazy\" decoding=\"async\" class=\"aligncenter wp-image-20931 size-full\" style=\"margin-bottom: 5px;\" src=\"https:\/\/www.felixdevega.com\/wp-content\/uploads\/2024\/06\/boda-barcelona-fotografo-432.jpg\" alt=\"\" width=\"1450\" height=\"968\" srcset=\"https:\/\/www.felixdevega.com\/wp-content\/uploads\/2024\/06\/boda-barcelona-fotografo-432.jpg 1450w, https:\/\/www.felixdevega.com\/wp-content\/uploads\/2024\/06\/boda-barcelona-fotografo-432-750x501.jpg 750w, https:\/\/www.felixdevega.com\/wp-content\/uploads\/2024\/06\/boda-barcelona-fotografo-432-1290x861.jpg 1290w, https:\/\/www.felixdevega.com\/wp-content\/uploads\/2024\/06\/boda-barcelona-fotografo-432-1200x800.jpg 1200w\" sizes=\"(max-width: 1450px) 100vw, 1450px\" \/> <img loading=\"lazy\" decoding=\"async\" class=\"aligncenter wp-image-21145 size-full\" style=\"margin-bottom: 5px;\" src=\"https:\/\/www.felixdevega.com\/wp-content\/uploads\/2024\/06\/blog-dos-fotos-horizontales12.jpg\" alt=\"fotografo de bodas barcelona\" width=\"1381\" height=\"668\" srcset=\"https:\/\/www.felixdevega.com\/wp-content\/uploads\/2024\/06\/blog-dos-fotos-horizontales12.jpg 1381w, https:\/\/www.felixdevega.com\/wp-content\/uploads\/2024\/06\/blog-dos-fotos-horizontales12-750x363.jpg 750w, https:\/\/www.felixdevega.com\/wp-content\/uploads\/2024\/06\/blog-dos-fotos-horizontales12-1290x624.jpg 1290w\" sizes=\"(max-width: 1381px) 100vw, 1381px\" \/> <img loading=\"lazy\" decoding=\"async\" class=\"aligncenter wp-image-20949 size-full\" style=\"margin-bottom: 5px;\" src=\"https:\/\/www.felixdevega.com\/wp-content\/uploads\/2024\/06\/boda-barcelona-fotografo-449.jpg\" alt=\"fotografo de bodas barcelona\" width=\"1450\" height=\"968\" srcset=\"https:\/\/www.felixdevega.com\/wp-content\/uploads\/2024\/06\/boda-barcelona-fotografo-449.jpg 1450w, https:\/\/www.felixdevega.com\/wp-content\/uploads\/2024\/06\/boda-barcelona-fotografo-449-750x501.jpg 750w, https:\/\/www.felixdevega.com\/wp-content\/uploads\/2024\/06\/boda-barcelona-fotografo-449-1290x861.jpg 1290w, https:\/\/www.felixdevega.com\/wp-content\/uploads\/2024\/06\/boda-barcelona-fotografo-449-1200x800.jpg 1200w\" sizes=\"(max-width: 1450px) 100vw, 1450px\" \/> <img loading=\"lazy\" decoding=\"async\" class=\"aligncenter wp-image-20952 size-full\" style=\"margin-bottom: 5px;\" src=\"https:\/\/www.felixdevega.com\/wp-content\/uploads\/2024\/06\/boda-barcelona-fotografo-453.jpg\" alt=\"fotografo de bodas barcelona\" width=\"1450\" height=\"968\" srcset=\"https:\/\/www.felixdevega.com\/wp-content\/uploads\/2024\/06\/boda-barcelona-fotografo-453.jpg 1450w, https:\/\/www.felixdevega.com\/wp-content\/uploads\/2024\/06\/boda-barcelona-fotografo-453-750x501.jpg 750w, https:\/\/www.felixdevega.com\/wp-content\/uploads\/2024\/06\/boda-barcelona-fotografo-453-1290x861.jpg 1290w, https:\/\/www.felixdevega.com\/wp-content\/uploads\/2024\/06\/boda-barcelona-fotografo-453-1200x800.jpg 1200w\" sizes=\"(max-width: 1450px) 100vw, 1450px\" \/> <img loading=\"lazy\" decoding=\"async\" class=\"aligncenter wp-image-20955 size-full\" style=\"margin-bottom: 5px;\" src=\"https:\/\/www.felixdevega.com\/wp-content\/uploads\/2024\/06\/boda-barcelona-fotografo-455.jpg\" alt=\"fotografo de bodas barcelona\" width=\"1450\" height=\"968\" srcset=\"https:\/\/www.felixdevega.com\/wp-content\/uploads\/2024\/06\/boda-barcelona-fotografo-455.jpg 1450w, https:\/\/www.felixdevega.com\/wp-content\/uploads\/2024\/06\/boda-barcelona-fotografo-455-750x501.jpg 750w, https:\/\/www.felixdevega.com\/wp-content\/uploads\/2024\/06\/boda-barcelona-fotografo-455-1290x861.jpg 1290w, https:\/\/www.felixdevega.com\/wp-content\/uploads\/2024\/06\/boda-barcelona-fotografo-455-1200x800.jpg 1200w\" sizes=\"(max-width: 1450px) 100vw, 1450px\" \/><\/p>\t\t\t\t\t\t\t\t<\/div>\n\t\t\t\t<\/div>\n\t\t\t\t\t<\/div>\n\t\t<\/div>\n\t\t\t\t\t<\/div>\n\t\t<\/section>\n\t\t\t\t<section class=\"elementor-section elementor-top-section elementor-element elementor-element-e4b05f9 elementor-section-boxed elementor-section-height-default elementor-section-height-default wpr-particle-no wpr-sticky-section-no wpr-equal-height-no\" data-id=\"e4b05f9\" data-element_type=\"section\" data-e-type=\"section\">\n\t\t\t\t\t\t<div class=\"elementor-container elementor-column-gap-default\">\n\t\t\t\t\t<div class=\"elementor-column elementor-col-100 elementor-top-column elementor-element elementor-element-a5bc8c0\" data-id=\"a5bc8c0\" data-element_type=\"column\" data-e-type=\"column\">\n\t\t\t<div class=\"elementor-widget-wrap elementor-element-populated\">\n\t\t\t\t\t\t<div class=\"elementor-element elementor-element-4877a61 elementor-widget elementor-widget-text-editor\" data-id=\"4877a61\" data-element_type=\"widget\" data-e-type=\"widget\" data-widget_type=\"text-editor.default\">\n\t\t\t\t<div class=\"elementor-widget-container\">\n\t\t\t\t\t\t\t\t\t<p>\u00a9 Todas las fotograf\u00edas: F\u00e9lix de Vega<\/p><p><strong>Muchas gracias a Paola, Remco, Diana y Sergi por hacer realidad esta historia tan bonita.<\/strong><\/p><p><a href=\"https:\/\/www.felixdevega.com\/wedding-photography-barcelona\/\">Fot\u00f3grafo de bodas en Barcelona: F\u00e9lix de Vega<\/a><\/p><p>Diana Gibney:\u00a0\u00a0<a href=\"https:\/\/www.dianagibneyphotography.com\/\" target=\"_blank\" rel=\"noopener\">www.dianagibneyphotography.com<\/a><\/p><p>Sergi Calavera:\u00a0<a href=\"https:\/\/www.instagram.com\/cala009\/\" target=\"_blank\" rel=\"noopener\">www.instagram.com\/cala009\/<\/a><\/p><p>Flores: <a href=\"https:\/\/mimosaflowerlab.es\/es\" target=\"_blank\" rel=\"noopener\">mimosaflowerlab.es<\/a><\/p>\t\t\t\t\t\t\t\t<\/div>\n\t\t\t\t<\/div>\n\t\t\t\t\t<\/div>\n\t\t<\/div>\n\t\t\t\t\t<\/div>\n\t\t<\/section>\n\t\t\t\t<section class=\"elementor-section elementor-top-section elementor-element elementor-element-bdd1522 elementor-section-boxed elementor-section-height-default elementor-section-height-default wpr-particle-no wpr-sticky-section-no wpr-equal-height-no\" data-id=\"bdd1522\" data-element_type=\"section\" data-e-type=\"section\">\n\t\t\t\t\t\t<div class=\"elementor-container elementor-column-gap-default\">\n\t\t\t\t\t<div class=\"elementor-column elementor-col-100 elementor-top-column elementor-element elementor-element-9aa042b\" data-id=\"9aa042b\" data-element_type=\"column\" data-e-type=\"column\">\n\t\t\t<div class=\"elementor-widget-wrap elementor-element-populated\">\n\t\t\t\t\t\t<div class=\"elementor-element elementor-element-5b1956f elementor-widget-divider--view-line elementor-widget elementor-widget-divider\" data-id=\"5b1956f\" data-element_type=\"widget\" data-e-type=\"widget\" data-widget_type=\"divider.default\">\n\t\t\t\t<div class=\"elementor-widget-container\">\n\t\t\t\t\t\t\t<div class=\"elementor-divider\">\n\t\t\t<span class=\"elementor-divider-separator\">\n\t\t\t\t\t\t<\/span>\n\t\t<\/div>\n\t\t\t\t\t\t<\/div>\n\t\t\t\t<\/div>\n\t\t\t\t<div class=\"elementor-element elementor-element-52d8ab2 elementor-widget elementor-widget-heading\" data-id=\"52d8ab2\" data-element_type=\"widget\" data-e-type=\"widget\" data-widget_type=\"heading.default\">\n\t\t\t\t<div class=\"elementor-widget-container\">\n\t\t\t\t\t<p class=\"elementor-heading-title elementor-size-default\">Contacta conmigo para reservar tu fot\u00f3grafo de bodas en Barcelona, Espa\u00f1a<\/p>\t\t\t\t<\/div>\n\t\t\t\t<\/div>\n\t\t\t\t<div class=\"elementor-element elementor-element-484cac8 elementor-widget elementor-widget-spacer\" data-id=\"484cac8\" data-element_type=\"widget\" data-e-type=\"widget\" data-widget_type=\"spacer.default\">\n\t\t\t\t<div class=\"elementor-widget-container\">\n\t\t\t\t\t\t\t<div class=\"elementor-spacer\">\n\t\t\t<div class=\"elementor-spacer-inner\"><\/div>\n\t\t<\/div>\n\t\t\t\t\t\t<\/div>\n\t\t\t\t<\/div>\n\t\t\t\t\t<\/div>\n\t\t<\/div>\n\t\t\t\t\t<\/div>\n\t\t<\/section>\n\t\t\t\t<section class=\"elementor-section elementor-top-section elementor-element elementor-element-16612f50 elementor-section-content-middle elementor-section-boxed elementor-section-height-default elementor-section-height-default wpr-particle-no wpr-sticky-section-no wpr-equal-height-no\" data-id=\"16612f50\" data-element_type=\"section\" data-e-type=\"section\" data-settings=\"{&quot;background_background&quot;:&quot;classic&quot;}\">\n\t\t\t\t\t\t<div class=\"elementor-container elementor-column-gap-no\">\n\t\t\t\t\t<div class=\"elementor-column elementor-col-50 elementor-top-column elementor-element elementor-element-483b5bfc\" data-id=\"483b5bfc\" data-element_type=\"column\" data-e-type=\"column\">\n\t\t\t<div class=\"elementor-widget-wrap elementor-element-populated\">\n\t\t\t\t\t\t<div class=\"elementor-element elementor-element-737bd69b elementor-widget elementor-widget-heading\" data-id=\"737bd69b\" data-element_type=\"widget\" data-e-type=\"widget\" data-widget_type=\"heading.default\">\n\t\t\t\t<div class=\"elementor-widget-container\">\n\t\t\t\t\t<p class=\"elementor-heading-title elementor-size-default\">Reserva tu fot\u00f3grafo de boda<\/p>\t\t\t\t<\/div>\n\t\t\t\t<\/div>\n\t\t\t\t<div class=\"elementor-element elementor-element-1d127d03 elementor-widget elementor-widget-text-editor\" data-id=\"1d127d03\" data-element_type=\"widget\" data-e-type=\"widget\" data-widget_type=\"text-editor.default\">\n\t\t\t\t<div class=\"elementor-widget-container\">\n\t\t\t\t\t\t\t\t\t<p><b>Enviame un email, me encantar\u00e1 saber sobre tus planes de boda<\/b><\/p>\t\t\t\t\t\t\t\t<\/div>\n\t\t\t\t<\/div>\n\t\t\t\t<div class=\"elementor-element elementor-element-4df61b0e elementor-widget elementor-widget-text-editor\" data-id=\"4df61b0e\" data-element_type=\"widget\" data-e-type=\"widget\" data-widget_type=\"text-editor.default\">\n\t\t\t\t<div class=\"elementor-widget-container\">\n\t\t\t\t\t\t\t\t\t<p><span style=\"font-family: Verdana, sans-serif; color: #999999;\">F\u00e9lix de Vega<\/span><\/p>\n<p><a href=\"mailto:info@felixdevega.com\"><span style=\"color: #999999;\">info@felixdevega.com<\/span><\/a><\/p>\n<p><span style=\"color: #999999;\">tel. <a href=\"tel:+34694291493\">+34 694 291 493<\/a><\/span><\/p>\n<p><span style=\"color: #999999;\">tel. <a href=\"tel:+48511579346\">+48 511 579 346<\/a><\/span><\/p>\n<p><span style=\"color: #999999;\">Warsaw |\u00a0 Barcelona<\/span><\/p>\t\t\t\t\t\t\t\t<\/div>\n\t\t\t\t<\/div>\n\t\t\t\t\t<\/div>\n\t\t<\/div>\n\t\t\t\t<div class=\"elementor-column elementor-col-50 elementor-top-column elementor-element elementor-element-5ef3a0cf\" data-id=\"5ef3a0cf\" data-element_type=\"column\" data-e-type=\"column\">\n\t\t\t<div class=\"elementor-widget-wrap elementor-element-populated\">\n\t\t\t\t\t\t<div class=\"elementor-element elementor-element-7c07c45b elementor-align-right elementor-mobile-align-left elementor-widget elementor-widget-button\" data-id=\"7c07c45b\" data-element_type=\"widget\" data-e-type=\"widget\" data-widget_type=\"button.default\">\n\t\t\t\t<div class=\"elementor-widget-container\">\n\t\t\t\t\t\t\t\t\t<div class=\"elementor-button-wrapper\">\n\t\t\t\t\t<a class=\"elementor-button elementor-button-link elementor-size-sm elementor-animation-grow\" href=\"https:\/\/www.felixdevega.com\/es\/contacto\/\">\n\t\t\t\t\t\t<span class=\"elementor-button-content-wrapper\">\n\t\t\t\t\t\t\t\t\t<span class=\"elementor-button-text\">CONTACTO<\/span>\n\t\t\t\t\t<\/span>\n\t\t\t\t\t<\/a>\n\t\t\t\t<\/div>\n\t\t\t\t\t\t\t\t<\/div>\n\t\t\t\t<\/div>\n\t\t\t\t\t<\/div>\n\t\t<\/div>\n\t\t\t\t\t<\/div>\n\t\t<\/section>\n\t\t\t\t<section class=\"elementor-section elementor-top-section elementor-element elementor-element-e99f31c elementor-section-boxed elementor-section-height-default elementor-section-height-default wpr-particle-no wpr-sticky-section-no wpr-equal-height-no\" data-id=\"e99f31c\" data-element_type=\"section\" data-e-type=\"section\">\n\t\t\t\t\t\t<div class=\"elementor-container elementor-column-gap-default\">\n\t\t\t\t\t<div class=\"elementor-column elementor-col-100 elementor-top-column elementor-element elementor-element-ffb14a5\" data-id=\"ffb14a5\" data-element_type=\"column\" data-e-type=\"column\">\n\t\t\t<div class=\"elementor-widget-wrap elementor-element-populated\">\n\t\t\t\t\t\t<section class=\"elementor-section elementor-inner-section elementor-element elementor-element-8533de7 elementor-section-boxed elementor-section-height-default elementor-section-height-default wpr-particle-no wpr-sticky-section-no wpr-equal-height-no\" data-id=\"8533de7\" data-element_type=\"section\" data-e-type=\"section\">\n\t\t\t\t\t\t<div class=\"elementor-container elementor-column-gap-default\">\n\t\t\t\t\t<div class=\"elementor-column elementor-col-100 elementor-inner-column elementor-element elementor-element-8eaeb33\" data-id=\"8eaeb33\" data-element_type=\"column\" data-e-type=\"column\">\n\t\t\t<div class=\"elementor-widget-wrap elementor-element-populated\">\n\t\t\t\t\t\t<div class=\"elementor-element elementor-element-8eeecd0 elementor-widget elementor-widget-heading\" data-id=\"8eeecd0\" data-element_type=\"widget\" data-e-type=\"widget\" data-widget_type=\"heading.default\">\n\t\t\t\t<div class=\"elementor-widget-container\">\n\t\t\t\t\t<span class=\"elementor-heading-title elementor-size-default\">Fotograf\u00eda de bodas en Barcelona, Espa\u00f1a<\/span>\t\t\t\t<\/div>\n\t\t\t\t<\/div>\n\t\t\t\t<div class=\"elementor-element elementor-element-6bf3b4d elementor-widget elementor-widget-heading\" data-id=\"6bf3b4d\" data-element_type=\"widget\" data-e-type=\"widget\" data-widget_type=\"heading.default\">\n\t\t\t\t<div class=\"elementor-widget-container\">\n\t\t\t\t\t<p class=\"elementor-heading-title elementor-size-default\">Ejemplos de bodas en otras localizaciones<\/p>\t\t\t\t<\/div>\n\t\t\t\t<\/div>\n\t\t\t\t\t<\/div>\n\t\t<\/div>\n\t\t\t\t\t<\/div>\n\t\t<\/section>\n\t\t\t\t\t<\/div>\n\t\t<\/div>\n\t\t\t\t\t<\/div>\n\t\t<\/section>\n\t\t\t\t<section class=\"elementor-section elementor-top-section elementor-element elementor-element-6325bd5 elementor-section-boxed elementor-section-height-default elementor-section-height-default wpr-particle-no wpr-sticky-section-no wpr-equal-height-no\" data-id=\"6325bd5\" data-element_type=\"section\" data-e-type=\"section\">\n\t\t\t\t\t\t<div class=\"elementor-container elementor-column-gap-default\">\n\t\t\t\t\t<div class=\"elementor-column elementor-col-33 elementor-top-column elementor-element elementor-element-bde15bc\" data-id=\"bde15bc\" data-element_type=\"column\" data-e-type=\"column\">\n\t\t\t<div class=\"elementor-widget-wrap elementor-element-populated\">\n\t\t\t\t\t\t<div class=\"elementor-element elementor-element-3f23906 wpr-promo-box-style-cover elementor-widget elementor-widget-wpr-promo-box\" data-id=\"3f23906\" data-element_type=\"widget\" data-e-type=\"widget\" data-widget_type=\"wpr-promo-box.default\">\n\t\t\t\t<div class=\"elementor-widget-container\">\n\t\t\t\t\t\n\t\t<div class=\"wpr-promo-box wpr-animation-wrap\">\n\n\t\t\t\t\t\t\t\n\t\t\t\t\t\t\t<div class=\"wpr-promo-box-image\">\n\t\t\t\t\t<div class=\"wpr-promo-box-bg-image wpr-bg-anim-zoom-in wpr-anim-timing-ease-default\" style=\"background-image:url(https:\/\/www.felixdevega.com\/wp-content\/uploads\/2023\/04\/38-Warsaw-wedding-photographer-ogrod-Babette-wesele-warszawa-522.jpg);\"><\/div>\n\t\t\t\t\t<div class=\"wpr-promo-box-bg-overlay wpr-border-anim-oscar\"><\/div>\n\t\t\t\t<\/div>\n\t\t\t\t\t\t\n\t\t\t<div class=\"wpr-promo-box-content\">\n\n\t\t\t\t\t\t\t\t<div class=\"wpr-promo-box-icon\">\n\t\t\t\t\t\t\t\t\t<\/div>\n\t\t\t\t\n\t\t\t\t<span class=\"wpr-promo-box-title\"><span>Boda en Varsovia, Polonia<\/span><\/span>\n\t\t\t\t\t\t\t\t\t<div class=\"wpr-promo-box-description\">\n\t\t\t\t\t\t<p><p>Fotografo de bodas en Varsovia<\/p><\/p>\t\n\t\t\t\t\t<\/div>\t\t\t\t\t\t\n\t\t\t\t\n\t\t\t\t\t\t\t\t\t<div class=\"wpr-promo-box-btn-wrap\">\n\t\t\t\t\t\t<a class=\"wpr-promo-box-btn\" href=\"https:\/\/www.felixdevega.com\/es\/warsaw-wedding-photographer-ogrod-babette\/\">\n\n\t\t\t\t\t\t\t\t\t\t\t\t\t\t<span class=\"wpr-promo-box-btn-text\">Click here<\/span>\t\t\n\t\t\t\t\t\t\t\n\t\t\t\t\t\t\t\t\t\t\t\t\t<\/a>\n\t\t\t\t\t<\/div>\t\n\t\t\t\t\t\t\t<\/div>\n\n\t\t\t\t\t<\/div>\n\n\t\t\t\t\t\t<\/div>\n\t\t\t\t<\/div>\n\t\t\t\t\t<\/div>\n\t\t<\/div>\n\t\t\t\t<div class=\"elementor-column elementor-col-33 elementor-top-column elementor-element elementor-element-ef6ba4a\" data-id=\"ef6ba4a\" data-element_type=\"column\" data-e-type=\"column\">\n\t\t\t<div class=\"elementor-widget-wrap elementor-element-populated\">\n\t\t\t\t\t\t<div class=\"elementor-element elementor-element-da6f2ab wpr-promo-box-style-cover elementor-widget elementor-widget-wpr-promo-box\" data-id=\"da6f2ab\" data-element_type=\"widget\" data-e-type=\"widget\" data-widget_type=\"wpr-promo-box.default\">\n\t\t\t\t<div class=\"elementor-widget-container\">\n\t\t\t\t\t\n\t\t<div class=\"wpr-promo-box wpr-animation-wrap\">\n\n\t\t\t\t\t\t\t\n\t\t\t\t\t\t\t<div class=\"wpr-promo-box-image\">\n\t\t\t\t\t<div class=\"wpr-promo-box-bg-image wpr-bg-anim-zoom-in wpr-anim-timing-ease-default\" style=\"background-image:url(https:\/\/www.felixdevega.com\/wp-content\/uploads\/2023\/03\/39a-polsko-indyjski-slub-fotograf.jpg);\"><\/div>\n\t\t\t\t\t<div class=\"wpr-promo-box-bg-overlay wpr-border-anim-oscar\"><\/div>\n\t\t\t\t<\/div>\n\t\t\t\t\t\t\n\t\t\t<div class=\"wpr-promo-box-content\">\n\n\t\t\t\t\t\t\t\t<div class=\"wpr-promo-box-icon\">\n\t\t\t\t\t\t\t\t\t<\/div>\n\t\t\t\t\n\t\t\t\t<span class=\"wpr-promo-box-title\"><span>Boda India en Cracovia, Polonia<\/span><\/span>\n\t\t\t\t\t\t\t\t\t<div class=\"wpr-promo-box-description\">\n\t\t\t\t\t\t<p><p>Fot\u00f3grafo de bodas en Cracovia, Polonia<\/p><\/p>\t\n\t\t\t\t\t<\/div>\t\t\t\t\t\t\n\t\t\t\t\n\t\t\t\t\t\t\t\t\t<div class=\"wpr-promo-box-btn-wrap\">\n\t\t\t\t\t\t<a class=\"wpr-promo-box-btn\" href=\"https:\/\/www.felixdevega.com\/es\/indian-french-wedding-in-krakow-poland\/\">\n\n\t\t\t\t\t\t\t\t\t\t\t\t\t\t<span class=\"wpr-promo-box-btn-text\">Click here<\/span>\t\t\n\t\t\t\t\t\t\t\n\t\t\t\t\t\t\t\t\t\t\t\t\t<\/a>\n\t\t\t\t\t<\/div>\t\n\t\t\t\t\t\t\t<\/div>\n\n\t\t\t\t\t<\/div>\n\n\t\t\t\t\t\t<\/div>\n\t\t\t\t<\/div>\n\t\t\t\t\t<\/div>\n\t\t<\/div>\n\t\t\t\t<div class=\"elementor-column elementor-col-33 elementor-top-column elementor-element elementor-element-a314a13\" data-id=\"a314a13\" data-element_type=\"column\" data-e-type=\"column\">\n\t\t\t<div class=\"elementor-widget-wrap elementor-element-populated\">\n\t\t\t\t\t\t<div class=\"elementor-element elementor-element-f8b0929 wpr-promo-box-style-cover elementor-widget elementor-widget-wpr-promo-box\" data-id=\"f8b0929\" data-element_type=\"widget\" data-e-type=\"widget\" data-widget_type=\"wpr-promo-box.default\">\n\t\t\t\t<div class=\"elementor-widget-container\">\n\t\t\t\t\t\n\t\t<div class=\"wpr-promo-box wpr-animation-wrap\">\n\n\t\t\t\t\t\t\t\n\t\t\t\t\t\t\t<div class=\"wpr-promo-box-image\">\n\t\t\t\t\t<div class=\"wpr-promo-box-bg-image wpr-bg-anim-zoom-in wpr-anim-timing-ease-default\" style=\"background-image:url(https:\/\/www.felixdevega.com\/wp-content\/uploads\/2024\/07\/68-fotografo-bodas-costa-brava-roger-de-flor-105-1.jpg);\"><\/div>\n\t\t\t\t\t<div class=\"wpr-promo-box-bg-overlay wpr-border-anim-oscar\"><\/div>\n\t\t\t\t<\/div>\n\t\t\t\t\t\t\n\t\t\t<div class=\"wpr-promo-box-content\">\n\n\t\t\t\t\t\t\t\t<div class=\"wpr-promo-box-icon\">\n\t\t\t\t\t\t\t\t\t<\/div>\n\t\t\t\t\n\t\t\t\t<span class=\"wpr-promo-box-title\"><span>Boda en la Costa Brava, Espa\u00f1a<\/span><\/span>\n\t\t\t\t\t\t\t\t\t<div class=\"wpr-promo-box-description\">\n\t\t\t\t\t\t<p><p>Boda en Hotel Roger de Flor, Espa\u00f1a<\/p><\/p>\t\n\t\t\t\t\t<\/div>\t\t\t\t\t\t\n\t\t\t\t\n\t\t\t\t\t\t\t\t\t<div class=\"wpr-promo-box-btn-wrap\">\n\t\t\t\t\t\t<a class=\"wpr-promo-box-btn\" href=\"https:\/\/www.felixdevega.com\/es\/wedding-photographer-costa-brava-spain\/\">\n\n\t\t\t\t\t\t\t\t\t\t\t\t\t\t<span class=\"wpr-promo-box-btn-text\">Click here<\/span>\t\t\n\t\t\t\t\t\t\t\n\t\t\t\t\t\t\t\t\t\t\t\t\t<\/a>\n\t\t\t\t\t<\/div>\t\n\t\t\t\t\t\t\t<\/div>\n\n\t\t\t\t\t<\/div>\n\n\t\t\t\t\t\t<\/div>\n\t\t\t\t<\/div>\n\t\t\t\t\t<\/div>\n\t\t<\/div>\n\t\t\t\t\t<\/div>\n\t\t<\/section>\n\t\t\t\t<section class=\"elementor-section elementor-top-section elementor-element elementor-element-b04cd57 elementor-section-boxed elementor-section-height-default elementor-section-height-default wpr-particle-no wpr-sticky-section-no wpr-equal-height-no\" data-id=\"b04cd57\" data-element_type=\"section\" data-e-type=\"section\">\n\t\t\t\t\t\t<div class=\"elementor-container elementor-column-gap-default\">\n\t\t\t\t\t<div class=\"elementor-column elementor-col-33 elementor-top-column elementor-element elementor-element-cc5e9a9\" data-id=\"cc5e9a9\" data-element_type=\"column\" data-e-type=\"column\">\n\t\t\t<div class=\"elementor-widget-wrap elementor-element-populated\">\n\t\t\t\t\t\t<div class=\"elementor-element elementor-element-1009d8d wpr-promo-box-style-cover elementor-widget elementor-widget-wpr-promo-box\" data-id=\"1009d8d\" data-element_type=\"widget\" data-e-type=\"widget\" data-widget_type=\"wpr-promo-box.default\">\n\t\t\t\t<div class=\"elementor-widget-container\">\n\t\t\t\t\t\n\t\t<div class=\"wpr-promo-box wpr-animation-wrap\">\n\n\t\t\t\t\t\t\t\n\t\t\t\t\t\t\t<div class=\"wpr-promo-box-image\">\n\t\t\t\t\t<div class=\"wpr-promo-box-bg-image wpr-bg-anim-zoom-in wpr-anim-timing-ease-default\" style=\"background-image:url(https:\/\/www.felixdevega.com\/wp-content\/uploads\/2020\/02\/23-berlin-elopement-gay-couple-samesex-wedding-72best.jpg);\"><\/div>\n\t\t\t\t\t<div class=\"wpr-promo-box-bg-overlay wpr-border-anim-oscar\"><\/div>\n\t\t\t\t<\/div>\n\t\t\t\t\t\t\n\t\t\t<div class=\"wpr-promo-box-content\">\n\n\t\t\t\t\t\t\t\t<div class=\"wpr-promo-box-icon\">\n\t\t\t\t\t\t\t\t\t<\/div>\n\t\t\t\t\n\t\t\t\t<span class=\"wpr-promo-box-title\"><span>Fotograf\u00eda de bodas en Berl\u00edn<\/span><\/span>\n\t\t\t\t\t\t\t\t\t<div class=\"wpr-promo-box-description\">\n\t\t\t\t\t\t<p><p>Fot\u00f3grafo de bodas en Berl\u00edn<\/p><\/p>\t\n\t\t\t\t\t<\/div>\t\t\t\t\t\t\n\t\t\t\t\n\t\t\t\t\t\t\t\t\t<div class=\"wpr-promo-box-btn-wrap\">\n\t\t\t\t\t\t<a class=\"wpr-promo-box-btn\" href=\"https:\/\/www.felixdevega.com\/es\/berlin-elopement-fabrik23-wedding\/\">\n\n\t\t\t\t\t\t\t\t\t\t\t\t\t\t<span class=\"wpr-promo-box-btn-text\">Click here<\/span>\t\t\n\t\t\t\t\t\t\t\n\t\t\t\t\t\t\t\t\t\t\t\t\t<\/a>\n\t\t\t\t\t<\/div>\t\n\t\t\t\t\t\t\t<\/div>\n\n\t\t\t\t\t<\/div>\n\n\t\t\t\t\t\t<\/div>\n\t\t\t\t<\/div>\n\t\t\t\t\t<\/div>\n\t\t<\/div>\n\t\t\t\t<div class=\"elementor-column elementor-col-33 elementor-top-column elementor-element elementor-element-1545f19\" data-id=\"1545f19\" data-element_type=\"column\" data-e-type=\"column\">\n\t\t\t<div class=\"elementor-widget-wrap elementor-element-populated\">\n\t\t\t\t\t\t<div class=\"elementor-element elementor-element-bef6db7 wpr-promo-box-style-cover elementor-widget elementor-widget-wpr-promo-box\" data-id=\"bef6db7\" data-element_type=\"widget\" data-e-type=\"widget\" data-widget_type=\"wpr-promo-box.default\">\n\t\t\t\t<div class=\"elementor-widget-container\">\n\t\t\t\t\t\n\t\t<div class=\"wpr-promo-box wpr-animation-wrap\">\n\n\t\t\t\t\t\t\t\n\t\t\t\t\t\t\t<div class=\"wpr-promo-box-image\">\n\t\t\t\t\t<div class=\"wpr-promo-box-bg-image wpr-bg-anim-zoom-in wpr-anim-timing-ease-default\" style=\"background-image:url(https:\/\/www.felixdevega.com\/wp-content\/uploads\/2023\/03\/kameralny-slub-we-wloszech-.jpg);\"><\/div>\n\t\t\t\t\t<div class=\"wpr-promo-box-bg-overlay wpr-border-anim-oscar\"><\/div>\n\t\t\t\t<\/div>\n\t\t\t\t\t\t\n\t\t\t<div class=\"wpr-promo-box-content\">\n\n\t\t\t\t\t\t\t\t<div class=\"wpr-promo-box-icon\">\n\t\t\t\t\t\t\t\t\t<\/div>\n\t\t\t\t\n\t\t\t\t<span class=\"wpr-promo-box-title\"><span>Boda en Italia, Cinque Terre<\/span><\/span>\n\t\t\t\t\t\t\t\t\t<div class=\"wpr-promo-box-description\">\n\t\t\t\t\t\t<p><p>Fot\u00f3grafo de bodas en Italia, Cinque Terre<\/p><\/p>\t\n\t\t\t\t\t<\/div>\t\t\t\t\t\t\n\t\t\t\t\n\t\t\t\t\t\t\t\t\t<div class=\"wpr-promo-box-btn-wrap\">\n\t\t\t\t\t\t<a class=\"wpr-promo-box-btn\" href=\"https:\/\/www.felixdevega.com\/es\/boda-en-italia\/\">\n\n\t\t\t\t\t\t\t\t\t\t\t\t\t\t<span class=\"wpr-promo-box-btn-text\">Click here<\/span>\t\t\n\t\t\t\t\t\t\t\n\t\t\t\t\t\t\t\t\t\t\t\t\t<\/a>\n\t\t\t\t\t<\/div>\t\n\t\t\t\t\t\t\t<\/div>\n\n\t\t\t\t\t<\/div>\n\n\t\t\t\t\t\t<\/div>\n\t\t\t\t<\/div>\n\t\t\t\t\t<\/div>\n\t\t<\/div>\n\t\t\t\t<div class=\"elementor-column elementor-col-33 elementor-top-column elementor-element elementor-element-4ebe8dc\" data-id=\"4ebe8dc\" data-element_type=\"column\" data-e-type=\"column\">\n\t\t\t<div class=\"elementor-widget-wrap elementor-element-populated\">\n\t\t\t\t\t\t<div class=\"elementor-element elementor-element-10eb9fc wpr-promo-box-style-cover elementor-widget elementor-widget-wpr-promo-box\" data-id=\"10eb9fc\" data-element_type=\"widget\" data-e-type=\"widget\" data-widget_type=\"wpr-promo-box.default\">\n\t\t\t\t<div class=\"elementor-widget-container\">\n\t\t\t\t\t\n\t\t<div class=\"wpr-promo-box wpr-animation-wrap\">\n\n\t\t\t\t\t\t\t\n\t\t\t\t\t\t\t<div class=\"wpr-promo-box-image\">\n\t\t\t\t\t<div class=\"wpr-promo-box-bg-image wpr-bg-anim-zoom-in wpr-anim-timing-ease-default\" style=\"background-image:url(https:\/\/www.felixdevega.com\/wp-content\/uploads\/2000\/07\/15-Lesbian-Wedding-Samesex-Photography-LGBT-photographer-Malta-29.jpg);\"><\/div>\n\t\t\t\t\t<div class=\"wpr-promo-box-bg-overlay wpr-border-anim-oscar\"><\/div>\n\t\t\t\t<\/div>\n\t\t\t\t\t\t\n\t\t\t<div class=\"wpr-promo-box-content\">\n\n\t\t\t\t\t\t\t\t<div class=\"wpr-promo-box-icon\">\n\t\t\t\t\t\t\t\t\t<\/div>\n\t\t\t\t\n\t\t\t\t<span class=\"wpr-promo-box-title\"><span>Boda en Malta<\/span><\/span>\n\t\t\t\t\t\t\t\t\t<div class=\"wpr-promo-box-description\">\n\t\t\t\t\t\t<p><p>Fot\u00f3graf\u00eda de bodas en Malta<\/p><\/p>\t\n\t\t\t\t\t<\/div>\t\t\t\t\t\t\n\t\t\t\t\n\t\t\t\t\t\t\t\t\t<div class=\"wpr-promo-box-btn-wrap\">\n\t\t\t\t\t\t<a class=\"wpr-promo-box-btn\" href=\"https:\/\/www.felixdevega.com\/es\/boda-elopement-en-malta-europa\/\">\n\n\t\t\t\t\t\t\t\t\t\t\t\t\t\t<span class=\"wpr-promo-box-btn-text\">Click here<\/span>\t\t\n\t\t\t\t\t\t\t\n\t\t\t\t\t\t\t\t\t\t\t\t\t<\/a>\n\t\t\t\t\t<\/div>\t\n\t\t\t\t\t\t\t<\/div>\n\n\t\t\t\t\t<\/div>\n\n\t\t\t\t\t\t<\/div>\n\t\t\t\t<\/div>\n\t\t\t\t\t<\/div>\n\t\t<\/div>\n\t\t\t\t\t<\/div>\n\t\t<\/section>\n\t\t\t\t<section class=\"elementor-section elementor-top-section elementor-element elementor-element-b9f692d elementor-section-content-top elementor-section-height-min-height elementor-section-items-top elementor-section-boxed elementor-section-height-default wpr-particle-no wpr-sticky-section-no wpr-equal-height-no\" data-id=\"b9f692d\" data-element_type=\"section\" data-e-type=\"section\">\n\t\t\t\t\t\t<div class=\"elementor-container elementor-column-gap-no\">\n\t\t\t\t\t<div class=\"elementor-column elementor-col-50 elementor-top-column elementor-element elementor-element-627016a\" data-id=\"627016a\" data-element_type=\"column\" data-e-type=\"column\">\n\t\t\t<div class=\"elementor-widget-wrap elementor-element-populated\">\n\t\t\t\t\t\t<div class=\"elementor-element elementor-element-59c36d0 elementor-widget__width-initial elementor-widget elementor-widget-image\" data-id=\"59c36d0\" data-element_type=\"widget\" data-e-type=\"widget\" data-widget_type=\"image.default\">\n\t\t\t\t<div class=\"elementor-widget-container\">\n\t\t\t\t\t\t\t\t\t\t\t\t\t\t\t<img loading=\"lazy\" decoding=\"async\" width=\"1920\" height=\"1282\" src=\"https:\/\/www.felixdevega.com\/wp-content\/uploads\/2023\/02\/Wedding-Photographer-Spain-Poland-Italy-Europe.jpg\" class=\"attachment-full size-full wp-image-30105\" alt=\"Fotografo de bodas Barcelona Costa Brava M\u00e1laga\" srcset=\"https:\/\/www.felixdevega.com\/wp-content\/uploads\/2023\/02\/Wedding-Photographer-Spain-Poland-Italy-Europe.jpg 1920w, https:\/\/www.felixdevega.com\/wp-content\/uploads\/2023\/02\/Wedding-Photographer-Spain-Poland-Italy-Europe-750x501.jpg 750w, https:\/\/www.felixdevega.com\/wp-content\/uploads\/2023\/02\/Wedding-Photographer-Spain-Poland-Italy-Europe-1290x861.jpg 1290w, https:\/\/www.felixdevega.com\/wp-content\/uploads\/2023\/02\/Wedding-Photographer-Spain-Poland-Italy-Europe-1536x1026.jpg 1536w, https:\/\/www.felixdevega.com\/wp-content\/uploads\/2023\/02\/Wedding-Photographer-Spain-Poland-Italy-Europe-1200x800.jpg 1200w\" sizes=\"(max-width: 1920px) 100vw, 1920px\" \/>\t\t\t\t\t\t\t\t\t\t\t\t\t\t\t<\/div>\n\t\t\t\t<\/div>\n\t\t\t\t\t<\/div>\n\t\t<\/div>\n\t\t\t\t<div class=\"elementor-column elementor-col-50 elementor-top-column elementor-element elementor-element-46032ef\" data-id=\"46032ef\" data-element_type=\"column\" data-e-type=\"column\">\n\t\t\t<div class=\"elementor-widget-wrap elementor-element-populated\">\n\t\t\t\t\t\t<div class=\"elementor-element elementor-element-22c2667 elementor-widget elementor-widget-heading\" data-id=\"22c2667\" data-element_type=\"widget\" data-e-type=\"widget\" data-widget_type=\"heading.default\">\n\t\t\t\t<div class=\"elementor-widget-container\">\n\t\t\t\t\t<p class=\"elementor-heading-title elementor-size-default\">Mas informaci\u00f3n<\/p>\t\t\t\t<\/div>\n\t\t\t\t<\/div>\n\t\t\t\t<div class=\"elementor-element elementor-element-2a09ee9 elementor-widget elementor-widget-icon-box\" data-id=\"2a09ee9\" data-element_type=\"widget\" data-e-type=\"widget\" data-widget_type=\"icon-box.default\">\n\t\t\t\t<div class=\"elementor-widget-container\">\n\t\t\t\t\t\t\t<div class=\"elementor-icon-box-wrapper\">\n\n\t\t\t\n\t\t\t\t\t\t<div class=\"elementor-icon-box-content\">\n\n\t\t\t\t\t\t\t\t\t<p class=\"elementor-icon-box-title\">\n\t\t\t\t\t\t<a href=\"https:\/\/www.felixdevega.com\/es\/post\/fotografia-de-bodas\/como-elegir-a-tu-fotografo-de-boda\/\">\n\t\t\t\t\t\t\tC\u00f3mo elegir un buen fot\u00f3grafo de bodas\t\t\t\t\t\t<\/a>\n\t\t\t\t\t<\/p>\n\t\t\t\t\n\t\t\t\t\t\t\t\t\t<p class=\"elementor-icon-box-description\">\n\t\t\t\t\t\tC\u00f3mo elegir un buen fot\u00f3grafo de bodas\t\t\t\t\t<\/p>\n\t\t\t\t\n\t\t\t<\/div>\n\t\t\t\n\t\t<\/div>\n\t\t\t\t\t\t<\/div>\n\t\t\t\t<\/div>\n\t\t\t\t<div class=\"elementor-element elementor-element-bf0aed6 elementor-widget elementor-widget-icon-box\" data-id=\"bf0aed6\" data-element_type=\"widget\" data-e-type=\"widget\" data-widget_type=\"icon-box.default\">\n\t\t\t\t<div class=\"elementor-widget-container\">\n\t\t\t\t\t\t\t<div class=\"elementor-icon-box-wrapper\">\n\n\t\t\t\n\t\t\t\t\t\t<div class=\"elementor-icon-box-content\">\n\n\t\t\t\t\t\t\t\t\t<p class=\"elementor-icon-box-title\">\n\t\t\t\t\t\t<a href=\"https:\/\/www.felixdevega.com\/es\/sample-weddings\/\">\n\t\t\t\t\t\t\tReportajes de boda\t\t\t\t\t\t<\/a>\n\t\t\t\t\t<\/p>\n\t\t\t\t\n\t\t\t\t\t\t\t\t\t<p class=\"elementor-icon-box-description\">\n\t\t\t\t\t\tReportaje de boda\t\t\t\t\t<\/p>\n\t\t\t\t\n\t\t\t<\/div>\n\t\t\t\n\t\t<\/div>\n\t\t\t\t\t\t<\/div>\n\t\t\t\t<\/div>\n\t\t\t\t<div class=\"elementor-element elementor-element-aaabb67 elementor-widget elementor-widget-icon-box\" data-id=\"aaabb67\" data-element_type=\"widget\" data-e-type=\"widget\" data-widget_type=\"icon-box.default\">\n\t\t\t\t<div class=\"elementor-widget-container\">\n\t\t\t\t\t\t\t<div class=\"elementor-icon-box-wrapper\">\n\n\t\t\t\n\t\t\t\t\t\t<div class=\"elementor-icon-box-content\">\n\n\t\t\t\t\t\t\t\t\t<p class=\"elementor-icon-box-title\">\n\t\t\t\t\t\t<a href=\"https:\/\/www.felixdevega.com\/es\/videos-de-boda\/\">\n\t\t\t\t\t\t\tVideo de boda\t\t\t\t\t\t<\/a>\n\t\t\t\t\t<\/p>\n\t\t\t\t\n\t\t\t\t\t\t\t\t\t<p class=\"elementor-icon-box-description\">\n\t\t\t\t\t\tInformaci\u00f3n sobre videograf\u00eda de boda\t\t\t\t\t<\/p>\n\t\t\t\t\n\t\t\t<\/div>\n\t\t\t\n\t\t<\/div>\n\t\t\t\t\t\t<\/div>\n\t\t\t\t<\/div>\n\t\t\t\t<div class=\"elementor-element elementor-element-bf23835 elementor-widget elementor-widget-icon-box\" data-id=\"bf23835\" data-element_type=\"widget\" data-e-type=\"widget\" data-widget_type=\"icon-box.default\">\n\t\t\t\t<div class=\"elementor-widget-container\">\n\t\t\t\t\t\t\t<div class=\"elementor-icon-box-wrapper\">\n\n\t\t\t\n\t\t\t\t\t\t<div class=\"elementor-icon-box-content\">\n\n\t\t\t\t\t\t\t\t\t<p class=\"elementor-icon-box-title\">\n\t\t\t\t\t\t<a href=\"https:\/\/www.felixdevega.com\/es\/post\/estilos-y-tematicas-de-bodas\/que-estilo-de-boda-elegir\/\">\n\t\t\t\t\t\t\tQu\u00e9 estilo de boda elegir?\t\t\t\t\t\t<\/a>\n\t\t\t\t\t<\/p>\n\t\t\t\t\n\t\t\t\t\t\t\t\t\t<p class=\"elementor-icon-box-description\">\n\t\t\t\t\t\tC\u00f3mo elegir el estilo de boda perfecto para ti.\t\t\t\t\t<\/p>\n\t\t\t\t\n\t\t\t<\/div>\n\t\t\t\n\t\t<\/div>\n\t\t\t\t\t\t<\/div>\n\t\t\t\t<\/div>\n\t\t\t\t<div class=\"elementor-element elementor-element-3e0ad25 elementor-widget elementor-widget-icon-box\" data-id=\"3e0ad25\" data-element_type=\"widget\" data-e-type=\"widget\" data-widget_type=\"icon-box.default\">\n\t\t\t\t<div class=\"elementor-widget-container\">\n\t\t\t\t\t\t\t<div class=\"elementor-icon-box-wrapper\">\n\n\t\t\t\n\t\t\t\t\t\t<div class=\"elementor-icon-box-content\">\n\n\t\t\t\t\t\t\t\t\t<p class=\"elementor-icon-box-title\">\n\t\t\t\t\t\t<a href=\"https:\/\/www.felixdevega.com\/es\/post\/planificacion-de-bodas\/5-consejos-para-elegir-la-mejor-wedding-planner\/\">\n\t\t\t\t\t\t\tWedding Planner\t\t\t\t\t\t<\/a>\n\t\t\t\t\t<\/p>\n\t\t\t\t\n\t\t\t\t\t\t\t\t\t<p class=\"elementor-icon-box-description\">\n\t\t\t\t\t\tQu\u00e9 tener en cuenta al elegir una Wedding Planner\t\t\t\t\t<\/p>\n\t\t\t\t\n\t\t\t<\/div>\n\t\t\t\n\t\t<\/div>\n\t\t\t\t\t\t<\/div>\n\t\t\t\t<\/div>\n\t\t\t\t<div class=\"elementor-element elementor-element-dd3592b elementor-widget elementor-widget-icon-box\" data-id=\"dd3592b\" data-element_type=\"widget\" data-e-type=\"widget\" data-widget_type=\"icon-box.default\">\n\t\t\t\t<div class=\"elementor-widget-container\">\n\t\t\t\t\t\t\t<div class=\"elementor-icon-box-wrapper\">\n\n\t\t\t\n\t\t\t\t\t\t<div class=\"elementor-icon-box-content\">\n\n\t\t\t\t\t\t\t\t\t<p class=\"elementor-icon-box-title\">\n\t\t\t\t\t\t<a href=\"https:\/\/www.felixdevega.com\/es\/post\/proveedores-para-bodas\/6-consejos-para-elegir-el-mejor-dj-para-tu-boda\/\">\n\t\t\t\t\t\t\tDJ para tu boda\t\t\t\t\t\t<\/a>\n\t\t\t\t\t<\/p>\n\t\t\t\t\n\t\t\t\t\t\t\t\t\t<p class=\"elementor-icon-box-description\">\n\t\t\t\t\t\tConsejos en la elecci\u00f3n de tu DJ de boda\t\t\t\t\t<\/p>\n\t\t\t\t\n\t\t\t<\/div>\n\t\t\t\n\t\t<\/div>\n\t\t\t\t\t\t<\/div>\n\t\t\t\t<\/div>\n\t\t\t\t<div class=\"elementor-element elementor-element-cdb1bc5 elementor-widget elementor-widget-icon-box\" data-id=\"cdb1bc5\" data-element_type=\"widget\" data-e-type=\"widget\" data-widget_type=\"icon-box.default\">\n\t\t\t\t<div class=\"elementor-widget-container\">\n\t\t\t\t\t\t\t<div class=\"elementor-icon-box-wrapper\">\n\n\t\t\t\n\t\t\t\t\t\t<div class=\"elementor-icon-box-content\">\n\n\t\t\t\t\t\t\t\t\t<p class=\"elementor-icon-box-title\">\n\t\t\t\t\t\t<a href=\"https:\/\/www.felixdevega.com\/reccomended-wedding-vendors-list\/\">\n\t\t\t\t\t\t\tLista de Proveedores\t\t\t\t\t\t<\/a>\n\t\t\t\t\t<\/p>\n\t\t\t\t\n\t\t\t\t\t\t\t\t\t<p class=\"elementor-icon-box-description\">\n\t\t\t\t\t\tProveedores de servicios de bodas recomendados\t\t\t\t\t<\/p>\n\t\t\t\t\n\t\t\t<\/div>\n\t\t\t\n\t\t<\/div>\n\t\t\t\t\t\t<\/div>\n\t\t\t\t<\/div>\n\t\t\t\t\t<\/div>\n\t\t<\/div>\n\t\t\t\t\t<\/div>\n\t\t<\/section>\n\t\t\t\t<section class=\"elementor-section elementor-top-section elementor-element elementor-element-c194ee5 elementor-section-boxed elementor-section-height-default elementor-section-height-default wpr-particle-no wpr-sticky-section-no wpr-equal-height-no\" data-id=\"c194ee5\" data-element_type=\"section\" data-e-type=\"section\">\n\t\t\t\t\t\t<div class=\"elementor-container elementor-column-gap-default\">\n\t\t\t\t\t<div class=\"elementor-column elementor-col-100 elementor-top-column elementor-element elementor-element-88aabf8\" data-id=\"88aabf8\" data-element_type=\"column\" data-e-type=\"column\">\n\t\t\t<div class=\"elementor-widget-wrap elementor-element-populated\">\n\t\t\t\t\t\t<div class=\"elementor-element elementor-element-6b43865 elementor-widget elementor-widget-text-editor\" data-id=\"6b43865\" data-element_type=\"widget\" data-e-type=\"widget\" data-widget_type=\"text-editor.default\">\n\t\t\t\t<div class=\"elementor-widget-container\">\n\t\t\t\t\t\t\t\t\t<p><strong><em><a href=\"https:\/\/www.felixdevega.com\/wedding-photography-barcelona\/\" target=\"_blank\" rel=\"noopener\">Fot\u00f3grafo de bodas en Barcelona | Fotograf\u00eda de boda en Barcelona, Espa\u00f1a<\/a><\/em><\/strong><\/p>\t\t\t\t\t\t\t\t<\/div>\n\t\t\t\t<\/div>\n\t\t\t\t\t<\/div>\n\t\t<\/div>\n\t\t\t\t\t<\/div>\n\t\t<\/section>\n\t\t\t\t<\/div>\n\t\t","protected":false},"excerpt":{"rendered":"<p>F\u00c9LIX DE VEGA Fot\u00f3grafo de bodas en Barcelona, Espa\u00f1a Ser fot\u00f3grafo de bodas en Barcelona es un privilegio, la ciudad ofrece rincones realmente bonitos y fue un placer para m\u00ed hacer esta sesi\u00f3n de fotos de boda con una pareja tan encantadora como Paola y Remco. Si busc\u00e1is un fot\u00f3grafo de bodas en Barcelona, \u200b\u200bser\u00e1 un honor para m\u00ed acompa\u00f1aros y realizar preciosas fotograf\u00edas de vuestra boda para vosotros y vuestra familia. Barcelona es una ciudad perfecta para celebrar tu boda o hacer una sesi\u00f3n de fotos de boda. \u00bfPor qu\u00e9 Barcelona es una ciudad perfecta para las fotos de tu boda? Por muchas razones, en primer lugar Barcelona ofrece escenarios pintorescos como sus calles hist\u00f3ricas del Barrio G\u00f3tico, edificios emblem\u00e1ticos como la Sagrada Familia, la Casa Batll\u00f3 y hermosos parques como el Parc G\u00fcell o el Parc Ciudatella que ofrecen un perfecto escenario para la fotograf\u00eda de bodas. Adem\u00e1s, el clima mediterr\u00e1neo es ideal para bodas al aire libre y la luz natural es suave y contribuye a unas fotograf\u00edas de boda realmente bonitas en Barcelona. No olvidemos tambi\u00e9n la vida cultural y art\u00edstica, Barcelona es un hervidero de creatividad y cultura adem\u00e1s de una ciudad con una gastronom\u00eda deliciosa, en definitiva, las fotos de tu boda en Barcelona ser\u00e1n una elecci\u00f3n perfecta. Boda intima en Barcelona, Espa\u00f1a La historia de Paola y Remco comenz\u00f3 hace varios a\u00f1os cuando Remco viaj\u00f3 a M\u00e9xico. Remco estaba planeando un viaje de aventuras por Latinoam\u00e9rica, visitando varios pa\u00edses de la zona, pero el destino le ten\u00eda preparado algo diferente, pues en M\u00e9xico conoci\u00f3 a Paola quien desde el primer momento le rob\u00f3 el coraz\u00f3n y se convirti\u00f3 en el amor de su vida. La estancia en M\u00e9xico dur\u00f3 mucho m\u00e1s de lo inicialmente previsto y al cabo de unos a\u00f1os decidieron trasladarse a Europa, Barcelona fue la ciudad elegida para vivir y all\u00ed viven felices y llenos de amor.Se comprometieron apenas una semana antes de tomar estas fotograf\u00edas en Barcelona, \u200b\u200bpor lo que todas las emociones estaban muy frescas y podemos sentir su amor en cada fotograf\u00eda. Fue un d\u00eda maravilloso con esta encantadora pareja que culmin\u00f3 con una ceremonia \u00edntima en la playa donde los novios leyeron sus votos y por supuesto hubo l\u00e1grimas, risas y abrazos. Gracias chicos, fue un d\u00eda inolvidable. Casarse en Barcelona Barcelona es una localizaci\u00f3n perfecta para bodas debido a su combinaci\u00f3n \u00fanica de cultura, historia y belleza natural.&nbsp; Barcelona ofrece una gran cantidad de impresionantes lugares para celebrar bodas, desde catedrales hist\u00f3ricas y encantadoras capillas hasta lujosos complejos tur\u00edsticos frente al mar. Imag\u00ednese intercambiar votos con el tel\u00f3n de fondo de la ic\u00f3nica Sagrada Familia de Gaud\u00ed o con vistas al mar Mediterr\u00e1neo. Las encantadoras calles, las plazas escondidas y los pintorescos parques de la ciudad crean una atm\u00f3sfera rom\u00e1ntica. Ya sea que elija una escapada \u00edntima o una boda tradicional, el ambiente de Barcelona seguramente mejorar\u00e1 su d\u00eda especial. El aeropuerto internacional de la ciudad y su excelente infraestructura de transporte la hacen conveniente para hu\u00e9spedes que viajan desde diferentes partes del mundo. Adem\u00e1s, el clima templado de Barcelona garantiza un tiempo agradable durante la mayor parte del a\u00f1o. En resumen, Barcelona combina romance, cultura y gastronom\u00eda, convirti\u00e9ndola en un destino inolvidable para parejas que buscan una hermosa boda en Espa\u00f1a. Fot\u00f3grado de bodas en Barcelona: F\u00e9lix de Vega Info@felixdevega.com Tel. +34 694 291493 CONTACTO Music: Solomon &#8211;\u00a0 Bloom (cover) \u00a9 Todas las fotograf\u00edas: F\u00e9lix de Vega Muchas gracias a Paola, Remco, Diana y Sergi por hacer realidad esta historia tan bonita. Fot\u00f3grafo de bodas en Barcelona: F\u00e9lix de Vega Diana Gibney:\u00a0\u00a0www.dianagibneyphotography.com Sergi Calavera:\u00a0www.instagram.com\/cala009\/ Flores: mimosaflowerlab.es Contacta conmigo para reservar tu fot\u00f3grafo de bodas en Barcelona, Espa\u00f1a Reserva tu fot\u00f3grafo de boda Enviame un email, me encantar\u00e1 saber sobre tus planes de boda F\u00e9lix de Vega info@felixdevega.com tel. +34 694 291 493 tel. +48 511 579 346 Warsaw |\u00a0 Barcelona CONTACTO Fotograf\u00eda de bodas en Barcelona, Espa\u00f1a Ejemplos de bodas en otras localizaciones Boda en Varsovia, Polonia Fotografo de bodas en Varsovia Click here Boda India en Cracovia, Polonia Fot\u00f3grafo de bodas en Cracovia, Polonia Click here Boda en la Costa Brava, Espa\u00f1a Boda en Hotel Roger de Flor, Espa\u00f1a Click here Fotograf\u00eda de bodas en Berl\u00edn Fot\u00f3grafo de bodas en Berl\u00edn Click here Boda en Italia, Cinque Terre Fot\u00f3grafo de bodas en Italia, Cinque Terre Click here Boda en Malta Fot\u00f3graf\u00eda de bodas en Malta Click here Mas informaci\u00f3n C\u00f3mo elegir un buen fot\u00f3grafo de bodas C\u00f3mo elegir un buen fot\u00f3grafo de bodas Reportajes de boda Reportaje de boda Video de boda Informaci\u00f3n sobre videograf\u00eda de boda Qu\u00e9 estilo de boda elegir? C\u00f3mo elegir el estilo de boda perfecto para ti. Wedding Planner Qu\u00e9 tener en cuenta al elegir una Wedding Planner DJ para tu boda Consejos en la elecci\u00f3n de tu DJ de boda Lista de Proveedores Proveedores de servicios de bodas recomendados Fot\u00f3grafo de bodas en Barcelona | Fotograf\u00eda de boda en Barcelona, Espa\u00f1a<\/p>\n","protected":false},"author":1,"featured_media":29547,"parent":0,"menu_order":0,"comment_status":"open","ping_status":"closed","template":"","meta":{"footnotes":""},"tags":[758],"class_list":["post-21033","page","type-page","status-publish","has-post-thumbnail","hentry","tag-boda"],"blocksy_meta":[],"_links":{"self":[{"href":"https:\/\/www.felixdevega.com\/es\/wp-json\/wp\/v2\/pages\/21033","targetHints":{"allow":["GET"]}}],"collection":[{"href":"https:\/\/www.felixdevega.com\/es\/wp-json\/wp\/v2\/pages"}],"about":[{"href":"https:\/\/www.felixdevega.com\/es\/wp-json\/wp\/v2\/types\/page"}],"author":[{"embeddable":true,"href":"https:\/\/www.felixdevega.com\/es\/wp-json\/wp\/v2\/users\/1"}],"replies":[{"embeddable":true,"href":"https:\/\/www.felixdevega.com\/es\/wp-json\/wp\/v2\/comments?post=21033"}],"version-history":[{"count":117,"href":"https:\/\/www.felixdevega.com\/es\/wp-json\/wp\/v2\/pages\/21033\/revisions"}],"predecessor-version":[{"id":33132,"href":"https:\/\/www.felixdevega.com\/es\/wp-json\/wp\/v2\/pages\/21033\/revisions\/33132"}],"wp:featuredmedia":[{"embeddable":true,"href":"https:\/\/www.felixdevega.com\/es\/wp-json\/wp\/v2\/media\/29547"}],"wp:attachment":[{"href":"https:\/\/www.felixdevega.com\/es\/wp-json\/wp\/v2\/media?parent=21033"}],"wp:term":[{"taxonomy":"post_tag","embeddable":true,"href":"https:\/\/www.felixdevega.com\/es\/wp-json\/wp\/v2\/tags?post=21033"}],"curies":[{"name":"wp","href":"https:\/\/api.w.org\/{rel}","templated":true}]}}