{"id":16589,"date":"2021-01-04T12:30:58","date_gmt":"2021-01-04T11:30:58","guid":{"rendered":"https:\/\/www.felixdevega.com\/?p=16589"},"modified":"2025-04-17T12:31:46","modified_gmt":"2025-04-17T10:31:46","slug":"boda-rustica-en-espana-fotografo-bodas","status":"publish","type":"page","link":"https:\/\/www.felixdevega.com\/es\/boda-rustica-en-espana-fotografo-bodas\/","title":{"rendered":"Boda R\u00fastica en Espa\u00f1a"},"content":{"rendered":"\t\t<div data-elementor-type=\"wp-post\" data-elementor-id=\"16589\" class=\"elementor elementor-16589 elementor-16069\" data-elementor-post-type=\"page\">\n\t\t\t\t\t\t<section class=\"elementor-section elementor-top-section elementor-element elementor-element-6918991e elementor-section-boxed elementor-section-height-default elementor-section-height-default wpr-particle-no wpr-sticky-section-no wpr-equal-height-no\" data-id=\"6918991e\" data-element_type=\"section\" data-e-type=\"section\">\n\t\t\t\t\t\t<div class=\"elementor-container elementor-column-gap-default\">\n\t\t\t\t\t<div class=\"elementor-column elementor-col-100 elementor-top-column elementor-element elementor-element-5a215c2f\" data-id=\"5a215c2f\" data-element_type=\"column\" data-e-type=\"column\">\n\t\t\t<div class=\"elementor-widget-wrap elementor-element-populated\">\n\t\t\t\t\t\t<div class=\"elementor-element elementor-element-1616ac1e elementor-widget elementor-widget-text-editor\" data-id=\"1616ac1e\" data-element_type=\"widget\" data-e-type=\"widget\" data-widget_type=\"text-editor.default\">\n\t\t\t\t<div class=\"elementor-widget-container\">\n\t\t\t\t\t\t\t\t\t<p style=\"text-align: center;\"><strong><span style=\"font-size: 8pt; color: #999999;\">FOT\u00d3GRAFO DE BODAS EN CASTILLA Y LE\u00d3N | LA POSADA REAL DEL PINAR<\/span><\/strong><\/p><h2 style=\"text-align: center;\">BODA EN ESPA\u00d1A | LA POSADA REAL DEL PINAR<\/h2><p>Es una experiencia maravillosa poder trabajar como <strong>fot\u00f3grafo de bodas en Espa\u00f1a<\/strong>. Me llena de alegr\u00eda cuando tengo que fotografiar una boda en Espa\u00f1a, es mi pa\u00eds de origen por lo que siempre es agradable para m\u00ed estar all\u00ed. Por lo general, alargo mi estancia un par de d\u00edas para poder visitar a viejos amigos y familiares, en este caso la hermosa boda de Violeta y Alejandro fue muy cerca de Valladolid, la ciudad donde crec\u00ed, as\u00ed que realmente me sent\u00ed como en casa.<\/p><p>Espa\u00f1a es uno de los lugares favoritos para organizar una boda de destino en Europa. Y no me extra\u00f1a, es un pa\u00eds lleno de lugares maravillosos donde organizar una boda de ensue\u00f1o, ya sea una peque\u00f1a ceremonia \u00edntima o una gran boda de lujo, desde un enlace urbano en Barcelona o Madrid, hasta una boda r\u00fastica en el campo, o una boda en la playa en Ibiza o Mallorca. Espa\u00f1a ofrece mil posibilidades para organizar la boda de tus sue\u00f1os.<\/p><p><img fetchpriority=\"high\" decoding=\"async\" class=\"aligncenter wp-image-16626 size-full\" src=\"https:\/\/www.felixdevega.com\/wp-content\/uploads\/2023\/03\/boda-rustica-1.jpg\" alt=\"fot\u00f3grafo-de-bodas-espa\u00f1a-boda-rural\" width=\"2048\" height=\"1365\" srcset=\"https:\/\/www.felixdevega.com\/wp-content\/uploads\/2023\/03\/boda-rustica-1.jpg 2048w, https:\/\/www.felixdevega.com\/wp-content\/uploads\/2023\/03\/boda-rustica-1-750x500.jpg 750w, https:\/\/www.felixdevega.com\/wp-content\/uploads\/2023\/03\/boda-rustica-1-1290x860.jpg 1290w, https:\/\/www.felixdevega.com\/wp-content\/uploads\/2023\/03\/boda-rustica-1-1536x1024.jpg 1536w, https:\/\/www.felixdevega.com\/wp-content\/uploads\/2023\/03\/boda-rustica-1-1200x800.jpg 1200w\" sizes=\"(max-width: 2048px) 100vw, 2048px\" \/><\/p><h2 style=\"text-align: center;\">ESPACIOS PARA BODAS R\u00daSTICAS EN ESPA\u00d1A<\/h2><p>La boda de Violeta y Alejandro en Espa\u00f1a fue una boda r\u00fastica preciosa en un lugar muy agradable, <strong>La Posada Real del Pinar<\/strong>. Este lugar para bodas es un edificio hist\u00f3rico que data de los siglos XVIII-XX, goza de una ubicaci\u00f3n muy tranquila, en Castilla Le\u00f3n, en un pueblo llamado Pozal de Gallinas, a 45 km de Valladolid. <a href=\"https:\/\/laposadadelpinar.com\/\" target=\"_blank\" rel=\"noopener\">La Posada Real del Pinar<\/a> es un lugar perfecto para organizar una boda r\u00fastica o una boda slow porque es un lugar excepcionalmente tranquilo. Adem\u00e1s, el sal\u00f3n de bodas cuenta con hermosos jardines y est\u00e1 ubicado dentro de un pinar, aislado del ruido de la civilizaci\u00f3n. Este hermoso lugar para celebrar bodas en Espa\u00f1a es el rinc\u00f3n perfecto para descubrir la esencia y los valores de la naturaleza, un lugar donde los invitados pueden conectarse con la belleza y la tranquilidad del entorno natural.<\/p><p>Violeta y Alejandro celebraron su boda con una <strong>ceremonia humanista al aire libre<\/strong> en los jardines. La ceremonia y celebraci\u00f3n de la boda fue hermosa con muchos elementos personalizados t\u00edpicos de una boda r\u00fastica. Una Boda R\u00fastica es aquella que se caracteriza por tener un estilo totalmente natural, informal y muy campestre. Para planificar la boda r\u00fastica perfecta, es importante mantener la naturalidad y recordar que menos es m\u00e1s. Los detalles deben ser sencillos y la decoraci\u00f3n general debe ser natural. En cuanto a la decoraci\u00f3n, se pueden utilizar flores y \u00e1rboles para aportar un ambiente fresco y sencillo. Tambi\u00e9n puedes utilizar objetos reciclados para darle un toque agradable. En cuanto a la comida, se recomienda incluir muchas frutas y bebidas preparadas con ellas, en esta hermosa boda de Violeta y Alejandro. Como se puede ver en las fotos, no faltaba ninguno de estos detalles.<\/p><p><audio class=\"wp-audio-shortcode\" id=\"audio-16589-1\" autoplay preload=\"none\" style=\"width: 100%;\" controls=\"controls\"><source type=\"audio\/mpeg\" src=\"https:\/\/www.felixdevega.com\/wp-content\/uploads\/2023\/03\/Juanito-Makande-Kamikaze.mp3?_=1\" \/><a href=\"https:\/\/www.felixdevega.com\/wp-content\/uploads\/2023\/03\/Juanito-Makande-Kamikaze.mp3\">https:\/\/www.felixdevega.com\/wp-content\/uploads\/2023\/03\/Juanito-Makande-Kamikaze.mp3<\/a><\/audio><\/p><p>Music: Juanito Makande &#8211;\u00a0 Kamikaze<\/p><p><img decoding=\"async\" style=\"margin-bottom: 5px;\" src=\"https:\/\/www.felixdevega.com\/wp-content\/uploads\/2023\/03\/wedding-photographer-spain-0.jpg\" alt=\"\" width=\"1800\" height=\"1202\" \/> <img decoding=\"async\" class=\"aligncenter wp-image-16565 size-full\" style=\"margin-bottom: 5px;\" src=\"https:\/\/www.felixdevega.com\/wp-content\/uploads\/2023\/03\/blog-dos-fotos-horizontales18.jpg\" alt=\"\" width=\"1800\" height=\"600\" srcset=\"https:\/\/www.felixdevega.com\/wp-content\/uploads\/2023\/03\/blog-dos-fotos-horizontales18.jpg 1800w, https:\/\/www.felixdevega.com\/wp-content\/uploads\/2023\/03\/blog-dos-fotos-horizontales18-750x250.jpg 750w, https:\/\/www.felixdevega.com\/wp-content\/uploads\/2023\/03\/blog-dos-fotos-horizontales18-1290x430.jpg 1290w, https:\/\/www.felixdevega.com\/wp-content\/uploads\/2023\/03\/blog-dos-fotos-horizontales18-1536x512.jpg 1536w\" sizes=\"(max-width: 1800px) 100vw, 1800px\" \/> <img loading=\"lazy\" decoding=\"async\" style=\"margin-bottom: 5px;\" src=\"https:\/\/www.felixdevega.com\/wp-content\/uploads\/2023\/03\/wedding-photographer-spain-12.jpg\" alt=\"\" width=\"1800\" height=\"1202\" \/> <img loading=\"lazy\" decoding=\"async\" style=\"margin-bottom: 5px;\" src=\"https:\/\/www.felixdevega.com\/wp-content\/uploads\/2023\/03\/wedding-photographer-spain-13.jpg\" alt=\"\" width=\"1800\" height=\"1202\" \/> <img loading=\"lazy\" decoding=\"async\" style=\"margin-bottom: 5px;\" src=\"https:\/\/www.felixdevega.com\/wp-content\/uploads\/2023\/03\/blog-dos-fotos-horizontales3.jpg\" alt=\"\" width=\"1489\" height=\"668\" \/><img loading=\"lazy\" decoding=\"async\" style=\"margin-bottom: 5px;\" src=\"https:\/\/www.felixdevega.com\/wp-content\/uploads\/2023\/03\/blog-dos-fotos-horizontales11.jpg\" alt=\"\" width=\"1800\" height=\"600\" \/> <img loading=\"lazy\" decoding=\"async\" class=\"aligncenter wp-image-16632 size-full\" style=\"margin-bottom: 5px;\" src=\"https:\/\/www.felixdevega.com\/wp-content\/uploads\/2023\/03\/boda-rustica-2.jpg\" alt=\"boda-rustica-campestre\" width=\"1800\" height=\"1202\" srcset=\"https:\/\/www.felixdevega.com\/wp-content\/uploads\/2023\/03\/boda-rustica-2.jpg 1800w, https:\/\/www.felixdevega.com\/wp-content\/uploads\/2023\/03\/boda-rustica-2-750x501.jpg 750w, https:\/\/www.felixdevega.com\/wp-content\/uploads\/2023\/03\/boda-rustica-2-1290x861.jpg 1290w, https:\/\/www.felixdevega.com\/wp-content\/uploads\/2023\/03\/boda-rustica-2-1536x1026.jpg 1536w, https:\/\/www.felixdevega.com\/wp-content\/uploads\/2023\/03\/boda-rustica-2-1200x800.jpg 1200w\" sizes=\"(max-width: 1800px) 100vw, 1800px\" \/> <img loading=\"lazy\" decoding=\"async\" style=\"margin-bottom: 5px;\" src=\"https:\/\/www.felixdevega.com\/wp-content\/uploads\/2023\/03\/blog-dos-fotos-horizontales4.jpg\" alt=\"\" width=\"1800\" height=\"600\" \/> <img loading=\"lazy\" decoding=\"async\" class=\"aligncenter wp-image-16638 size-full\" style=\"margin-bottom: 5px;\" src=\"https:\/\/www.felixdevega.com\/wp-content\/uploads\/2023\/03\/boda-rustica-3.jpg\" alt=\"novia-boda-rustica-espa\u00f1a\" width=\"1800\" height=\"1202\" srcset=\"https:\/\/www.felixdevega.com\/wp-content\/uploads\/2023\/03\/boda-rustica-3.jpg 1800w, https:\/\/www.felixdevega.com\/wp-content\/uploads\/2023\/03\/boda-rustica-3-750x501.jpg 750w, https:\/\/www.felixdevega.com\/wp-content\/uploads\/2023\/03\/boda-rustica-3-1290x861.jpg 1290w, https:\/\/www.felixdevega.com\/wp-content\/uploads\/2023\/03\/boda-rustica-3-1536x1026.jpg 1536w, https:\/\/www.felixdevega.com\/wp-content\/uploads\/2023\/03\/boda-rustica-3-1200x800.jpg 1200w\" sizes=\"(max-width: 1800px) 100vw, 1800px\" \/><img loading=\"lazy\" decoding=\"async\" style=\"margin-bottom: 5px;\" src=\"https:\/\/www.felixdevega.com\/wp-content\/uploads\/2023\/03\/wedding-photographer-spain-19.jpg\" alt=\"wedding-photographer-spain\" width=\"1800\" height=\"1202\" \/><img loading=\"lazy\" decoding=\"async\" style=\"margin-bottom: 5px;\" src=\"https:\/\/www.felixdevega.com\/wp-content\/uploads\/2023\/03\/wedding-photographer-spain-22.jpg\" alt=\"elopement-spain-photographer\" width=\"1800\" height=\"1202\" \/> <img loading=\"lazy\" decoding=\"async\" style=\"margin-bottom: 5px;\" src=\"https:\/\/www.felixdevega.com\/wp-content\/uploads\/2023\/03\/wedding-photographer-spain-23.jpg\" alt=\"destination-wedding-spain\" width=\"1800\" height=\"1202\" \/><img loading=\"lazy\" decoding=\"async\" style=\"margin-bottom: 5px;\" src=\"https:\/\/www.felixdevega.com\/wp-content\/uploads\/2023\/03\/wedding-photographer-spain-24.jpg\" alt=\"slow-wedding-spain\" width=\"1800\" height=\"1202\" \/><img loading=\"lazy\" decoding=\"async\" class=\"aligncenter wp-image-16464 size-full\" style=\"margin-bottom: 5px;\" src=\"https:\/\/www.felixdevega.com\/wp-content\/uploads\/2023\/03\/blog-dos-fotos-horizontales12.jpg\" alt=\"\" width=\"1800\" height=\"600\" srcset=\"https:\/\/www.felixdevega.com\/wp-content\/uploads\/2023\/03\/blog-dos-fotos-horizontales12.jpg 1800w, https:\/\/www.felixdevega.com\/wp-content\/uploads\/2023\/03\/blog-dos-fotos-horizontales12-750x250.jpg 750w, https:\/\/www.felixdevega.com\/wp-content\/uploads\/2023\/03\/blog-dos-fotos-horizontales12-1290x430.jpg 1290w, https:\/\/www.felixdevega.com\/wp-content\/uploads\/2023\/03\/blog-dos-fotos-horizontales12-1536x512.jpg 1536w\" sizes=\"(max-width: 1800px) 100vw, 1800px\" \/><img loading=\"lazy\" decoding=\"async\" style=\"margin-bottom: 5px;\" src=\"https:\/\/www.felixdevega.com\/wp-content\/uploads\/2023\/03\/wedding-photographer-spain-25.jpg\" alt=\"\" width=\"1800\" height=\"1202\" \/> <img loading=\"lazy\" decoding=\"async\" class=\"aligncenter wp-image-16641 size-full\" style=\"margin-bottom: 5px;\" src=\"https:\/\/www.felixdevega.com\/wp-content\/uploads\/2023\/03\/boda-rustica-4.jpg\" alt=\"boda-rustica-rural\" width=\"1800\" height=\"1202\" srcset=\"https:\/\/www.felixdevega.com\/wp-content\/uploads\/2023\/03\/boda-rustica-4.jpg 1800w, https:\/\/www.felixdevega.com\/wp-content\/uploads\/2023\/03\/boda-rustica-4-750x501.jpg 750w, https:\/\/www.felixdevega.com\/wp-content\/uploads\/2023\/03\/boda-rustica-4-1290x861.jpg 1290w, https:\/\/www.felixdevega.com\/wp-content\/uploads\/2023\/03\/boda-rustica-4-1536x1026.jpg 1536w, https:\/\/www.felixdevega.com\/wp-content\/uploads\/2023\/03\/boda-rustica-4-1200x800.jpg 1200w\" sizes=\"(max-width: 1800px) 100vw, 1800px\" \/> <img loading=\"lazy\" decoding=\"async\" style=\"margin-bottom: 5px;\" src=\"https:\/\/www.felixdevega.com\/wp-content\/uploads\/2023\/03\/wedding-photographer-spain-27.jpg\" alt=\"groom-wedding-in-spain\" width=\"1800\" height=\"1202\" \/> <img loading=\"lazy\" decoding=\"async\" style=\"margin-bottom: 5px;\" src=\"https:\/\/www.felixdevega.com\/wp-content\/uploads\/2023\/03\/wedding-photographer-spain-28.jpg\" alt=\"wedding-venues-spain\" width=\"1800\" height=\"1202\" \/> <img loading=\"lazy\" decoding=\"async\" style=\"margin-bottom: 5px;\" src=\"https:\/\/www.felixdevega.com\/wp-content\/uploads\/2023\/03\/wedding-photographer-spain-29.jpg\" alt=\"wedding-photographer-spain\" width=\"1800\" height=\"1202\" \/> <img loading=\"lazy\" decoding=\"async\" style=\"margin-bottom: 5px;\" src=\"https:\/\/www.felixdevega.com\/wp-content\/uploads\/2023\/03\/wedding-photographer-spain-31.jpg\" alt=\"rustic-wedding-spain-photographer\" width=\"1800\" height=\"1202\" \/> <img loading=\"lazy\" decoding=\"async\" style=\"margin-bottom: 5px;\" src=\"https:\/\/www.felixdevega.com\/wp-content\/uploads\/2023\/03\/wedding-photographer-spain-33.jpg\" alt=\"slow-wedding-spain\" width=\"1800\" height=\"1202\" \/><img loading=\"lazy\" decoding=\"async\" class=\"aligncenter wp-image-16494 size-full\" style=\"margin-bottom: 5px;\" src=\"https:\/\/www.felixdevega.com\/wp-content\/uploads\/2023\/03\/blog-dos-fotos-horizontales13.jpg\" alt=\"\" width=\"1800\" height=\"600\" srcset=\"https:\/\/www.felixdevega.com\/wp-content\/uploads\/2023\/03\/blog-dos-fotos-horizontales13.jpg 1800w, https:\/\/www.felixdevega.com\/wp-content\/uploads\/2023\/03\/blog-dos-fotos-horizontales13-750x250.jpg 750w, https:\/\/www.felixdevega.com\/wp-content\/uploads\/2023\/03\/blog-dos-fotos-horizontales13-1290x430.jpg 1290w, https:\/\/www.felixdevega.com\/wp-content\/uploads\/2023\/03\/blog-dos-fotos-horizontales13-1536x512.jpg 1536w\" sizes=\"(max-width: 1800px) 100vw, 1800px\" \/><img loading=\"lazy\" decoding=\"async\" class=\"aligncenter wp-image-16644 size-full\" style=\"margin-bottom: 5px;\" src=\"https:\/\/www.felixdevega.com\/wp-content\/uploads\/2023\/03\/boda-rustica-6.jpg\" alt=\"fotografo-de-bodas-espana\" width=\"1800\" height=\"1202\" srcset=\"https:\/\/www.felixdevega.com\/wp-content\/uploads\/2023\/03\/boda-rustica-6.jpg 1800w, https:\/\/www.felixdevega.com\/wp-content\/uploads\/2023\/03\/boda-rustica-6-750x501.jpg 750w, https:\/\/www.felixdevega.com\/wp-content\/uploads\/2023\/03\/boda-rustica-6-1290x861.jpg 1290w, https:\/\/www.felixdevega.com\/wp-content\/uploads\/2023\/03\/boda-rustica-6-1536x1026.jpg 1536w, https:\/\/www.felixdevega.com\/wp-content\/uploads\/2023\/03\/boda-rustica-6-1200x800.jpg 1200w\" sizes=\"(max-width: 1800px) 100vw, 1800px\" \/> <img loading=\"lazy\" decoding=\"async\" class=\"aligncenter size-full wp-image-16647\" src=\"https:\/\/www.felixdevega.com\/wp-content\/uploads\/2023\/03\/boda-rustica-5.jpg\" alt=\"fot\u00f3grafo-de-bodas-Europa\" width=\"1800\" height=\"1202\" srcset=\"https:\/\/www.felixdevega.com\/wp-content\/uploads\/2023\/03\/boda-rustica-5.jpg 1800w, https:\/\/www.felixdevega.com\/wp-content\/uploads\/2023\/03\/boda-rustica-5-750x501.jpg 750w, https:\/\/www.felixdevega.com\/wp-content\/uploads\/2023\/03\/boda-rustica-5-1290x861.jpg 1290w, https:\/\/www.felixdevega.com\/wp-content\/uploads\/2023\/03\/boda-rustica-5-1536x1026.jpg 1536w, https:\/\/www.felixdevega.com\/wp-content\/uploads\/2023\/03\/boda-rustica-5-1200x800.jpg 1200w\" sizes=\"(max-width: 1800px) 100vw, 1800px\" \/><\/p><h2 style=\"text-align: center;\">BODA SLOW EN LA POSADA REAL DEL PINAR<\/h2><p>Esta hermosa boda en Espa\u00f1a ten\u00eda muchos elementos de una boda lenta. Fue una boda organizada desde el coraz\u00f3n, inspirada en los sentimientos y cuyo principal objetivo fue la celebraci\u00f3n del amor de dos personas. La sencillez y la naturalidad priman en este tipo de bodas. Slow no es un estilo, sino una filosof\u00eda en la que el estr\u00e9s y el agobio de los preparativos no tienen cabida. Se trata de disfrutar de la boda desde el minuto uno, sin condiciones y organizando el evento al ritmo y deseos marcados por los novios. Con esta filosof\u00eda se celebr\u00f3 la preciosa boda al aire libre de Violeta y Alejandro.<\/p><p>\u00bfPor qu\u00e9 casarse en Espa\u00f1a? Espa\u00f1a es un lugar popular para bodas de destino en Europa debido a su variedad de paisajes, ciudades, monta\u00f1as y mar. Adem\u00e1s, la gastronom\u00eda espa\u00f1ola es deliciosa y hay un gran n\u00famero de profesionales de calidad que har\u00e1n todo m\u00e1s f\u00e1cil a las parejas extranjeras. Hay muchos lugares hermosos para celebrar una boda de destino en Espa\u00f1a. Algunos de los lugares m\u00e1s populares incluyen Andaluc\u00eda, Sevilla, Granada, M\u00e1laga, las Islas Baleares, Mallorca, Menorca, Ibiza y las Islas Canarias. Si est\u00e1s pensando en organizar tu boda en Espa\u00f1a, no dudes en contactar conmigo, estar\u00e9 encantado de asesorarte con informaci\u00f3n pr\u00e1ctica y ser\u00e1 un honor para m\u00ed poder acompa\u00f1arte en ese d\u00eda tan especial como fot\u00f3grafo de tu boda en Espa\u00f1a.<\/p><p><img loading=\"lazy\" decoding=\"async\" style=\"margin-bottom: 5px;\" src=\"https:\/\/www.felixdevega.com\/wp-content\/uploads\/2023\/03\/wedding-photographer-spain-37.jpg\" alt=\"outdoor-wedding-spain\" width=\"1800\" height=\"1202\" \/><img loading=\"lazy\" decoding=\"async\" style=\"margin-bottom: 5px;\" src=\"https:\/\/www.felixdevega.com\/wp-content\/uploads\/2023\/03\/wedding-photographer-spain-39.jpg\" alt=\"humanist-wedding-spain\" width=\"1800\" height=\"1202\" \/> <img loading=\"lazy\" decoding=\"async\" class=\"aligncenter wp-image-16653 size-full\" style=\"margin-bottom: 5px;\" src=\"https:\/\/www.felixdevega.com\/wp-content\/uploads\/2023\/03\/boda-rustica-7.jpg\" alt=\"boda-rustica-aire-libre\" width=\"1800\" height=\"1202\" srcset=\"https:\/\/www.felixdevega.com\/wp-content\/uploads\/2023\/03\/boda-rustica-7.jpg 1800w, https:\/\/www.felixdevega.com\/wp-content\/uploads\/2023\/03\/boda-rustica-7-750x501.jpg 750w, https:\/\/www.felixdevega.com\/wp-content\/uploads\/2023\/03\/boda-rustica-7-1290x861.jpg 1290w, https:\/\/www.felixdevega.com\/wp-content\/uploads\/2023\/03\/boda-rustica-7-1536x1026.jpg 1536w, https:\/\/www.felixdevega.com\/wp-content\/uploads\/2023\/03\/boda-rustica-7-1200x800.jpg 1200w\" sizes=\"(max-width: 1800px) 100vw, 1800px\" \/><img loading=\"lazy\" decoding=\"async\" class=\"aligncenter wp-image-16544 size-full\" style=\"margin-bottom: 5px;\" src=\"https:\/\/www.felixdevega.com\/wp-content\/uploads\/2023\/03\/blog-dos-fotos-horizontales17.jpg\" alt=\"\" width=\"1800\" height=\"600\" srcset=\"https:\/\/www.felixdevega.com\/wp-content\/uploads\/2023\/03\/blog-dos-fotos-horizontales17.jpg 1800w, https:\/\/www.felixdevega.com\/wp-content\/uploads\/2023\/03\/blog-dos-fotos-horizontales17-750x250.jpg 750w, https:\/\/www.felixdevega.com\/wp-content\/uploads\/2023\/03\/blog-dos-fotos-horizontales17-1290x430.jpg 1290w, https:\/\/www.felixdevega.com\/wp-content\/uploads\/2023\/03\/blog-dos-fotos-horizontales17-1536x512.jpg 1536w\" sizes=\"(max-width: 1800px) 100vw, 1800px\" \/> <img loading=\"lazy\" decoding=\"async\" style=\"margin-bottom: 5px;\" src=\"https:\/\/www.felixdevega.com\/wp-content\/uploads\/2023\/03\/wedding-photographer-spain-elopement-3.jpg\" alt=\"outdoor-ceremony-wedding-spain\" width=\"2048\" height=\"1367\" \/><img loading=\"lazy\" decoding=\"async\" class=\"aligncenter wp-image-16547 size-full\" style=\"margin-bottom: 5px;\" src=\"https:\/\/www.felixdevega.com\/wp-content\/uploads\/2023\/03\/blog-dos-fotos-horizontales15.jpg\" alt=\"\" width=\"1800\" height=\"600\" srcset=\"https:\/\/www.felixdevega.com\/wp-content\/uploads\/2023\/03\/blog-dos-fotos-horizontales15.jpg 1800w, https:\/\/www.felixdevega.com\/wp-content\/uploads\/2023\/03\/blog-dos-fotos-horizontales15-750x250.jpg 750w, https:\/\/www.felixdevega.com\/wp-content\/uploads\/2023\/03\/blog-dos-fotos-horizontales15-1290x430.jpg 1290w, https:\/\/www.felixdevega.com\/wp-content\/uploads\/2023\/03\/blog-dos-fotos-horizontales15-1536x512.jpg 1536w\" sizes=\"(max-width: 1800px) 100vw, 1800px\" \/><img loading=\"lazy\" decoding=\"async\" style=\"margin-bottom: 5px;\" src=\"https:\/\/www.felixdevega.com\/wp-content\/uploads\/2023\/03\/wedding-photographer-spain-48.jpg\" alt=\"wedding-photographer-spain\" width=\"1800\" height=\"1202\" \/> <img loading=\"lazy\" decoding=\"async\" style=\"margin-bottom: 5px;\" src=\"https:\/\/www.felixdevega.com\/wp-content\/uploads\/2023\/03\/wedding-photographer-spain-elopement-7.jpg\" alt=\"rustic-wedding-spain-photographer\" width=\"2048\" height=\"1367\" \/><img loading=\"lazy\" decoding=\"async\" class=\"aligncenter wp-image-16550 size-full\" style=\"margin-bottom: 5px;\" src=\"https:\/\/www.felixdevega.com\/wp-content\/uploads\/2023\/03\/blog-dos-fotos-horizontales16.jpg\" alt=\"\" width=\"1800\" height=\"600\" srcset=\"https:\/\/www.felixdevega.com\/wp-content\/uploads\/2023\/03\/blog-dos-fotos-horizontales16.jpg 1800w, https:\/\/www.felixdevega.com\/wp-content\/uploads\/2023\/03\/blog-dos-fotos-horizontales16-750x250.jpg 750w, https:\/\/www.felixdevega.com\/wp-content\/uploads\/2023\/03\/blog-dos-fotos-horizontales16-1290x430.jpg 1290w, https:\/\/www.felixdevega.com\/wp-content\/uploads\/2023\/03\/blog-dos-fotos-horizontales16-1536x512.jpg 1536w\" sizes=\"(max-width: 1800px) 100vw, 1800px\" \/> <img loading=\"lazy\" decoding=\"async\" class=\"aligncenter wp-image-16656 size-full\" style=\"margin-bottom: 5px;\" src=\"https:\/\/www.felixdevega.com\/wp-content\/uploads\/2023\/03\/boda-rustica-8.jpg\" alt=\"boda-rustica-fotografia\" width=\"1800\" height=\"1202\" srcset=\"https:\/\/www.felixdevega.com\/wp-content\/uploads\/2023\/03\/boda-rustica-8.jpg 1800w, https:\/\/www.felixdevega.com\/wp-content\/uploads\/2023\/03\/boda-rustica-8-750x501.jpg 750w, https:\/\/www.felixdevega.com\/wp-content\/uploads\/2023\/03\/boda-rustica-8-1290x861.jpg 1290w, https:\/\/www.felixdevega.com\/wp-content\/uploads\/2023\/03\/boda-rustica-8-1536x1026.jpg 1536w, https:\/\/www.felixdevega.com\/wp-content\/uploads\/2023\/03\/boda-rustica-8-1200x800.jpg 1200w\" sizes=\"(max-width: 1800px) 100vw, 1800px\" \/> <img loading=\"lazy\" decoding=\"async\" class=\"aligncenter wp-image-16659 size-full\" style=\"margin-bottom: 5px;\" src=\"https:\/\/www.felixdevega.com\/wp-content\/uploads\/2023\/03\/boda-rustica-9.jpg\" alt=\"fotografo-de-bodas-espa\u00f1a\" width=\"1800\" height=\"1202\" srcset=\"https:\/\/www.felixdevega.com\/wp-content\/uploads\/2023\/03\/boda-rustica-9.jpg 1800w, https:\/\/www.felixdevega.com\/wp-content\/uploads\/2023\/03\/boda-rustica-9-750x501.jpg 750w, https:\/\/www.felixdevega.com\/wp-content\/uploads\/2023\/03\/boda-rustica-9-1290x861.jpg 1290w, https:\/\/www.felixdevega.com\/wp-content\/uploads\/2023\/03\/boda-rustica-9-1536x1026.jpg 1536w, https:\/\/www.felixdevega.com\/wp-content\/uploads\/2023\/03\/boda-rustica-9-1200x800.jpg 1200w\" sizes=\"(max-width: 1800px) 100vw, 1800px\" \/> <img loading=\"lazy\" decoding=\"async\" class=\"aligncenter wp-image-16662 size-full\" style=\"margin-bottom: 5px;\" src=\"https:\/\/www.felixdevega.com\/wp-content\/uploads\/2023\/03\/boda-rustica-10.jpg\" alt=\"fotografo-bodas-Europa\" width=\"1800\" height=\"1202\" srcset=\"https:\/\/www.felixdevega.com\/wp-content\/uploads\/2023\/03\/boda-rustica-10.jpg 1800w, https:\/\/www.felixdevega.com\/wp-content\/uploads\/2023\/03\/boda-rustica-10-750x501.jpg 750w, https:\/\/www.felixdevega.com\/wp-content\/uploads\/2023\/03\/boda-rustica-10-1290x861.jpg 1290w, https:\/\/www.felixdevega.com\/wp-content\/uploads\/2023\/03\/boda-rustica-10-1536x1026.jpg 1536w, https:\/\/www.felixdevega.com\/wp-content\/uploads\/2023\/03\/boda-rustica-10-1200x800.jpg 1200w\" sizes=\"(max-width: 1800px) 100vw, 1800px\" \/><img loading=\"lazy\" decoding=\"async\" style=\"margin-bottom: 5px;\" src=\"https:\/\/www.felixdevega.com\/wp-content\/uploads\/2023\/03\/wedding-photographer-spain-60.jpg\" alt=\"\" width=\"1800\" height=\"1202\" \/> <img loading=\"lazy\" decoding=\"async\" class=\"aligncenter wp-image-16666 size-full\" style=\"margin-bottom: 5px;\" src=\"https:\/\/www.felixdevega.com\/wp-content\/uploads\/2023\/03\/boda-rustica-12.jpg\" alt=\"fotografo-internacional-de-bodas\" width=\"1800\" height=\"1202\" srcset=\"https:\/\/www.felixdevega.com\/wp-content\/uploads\/2023\/03\/boda-rustica-12.jpg 1800w, https:\/\/www.felixdevega.com\/wp-content\/uploads\/2023\/03\/boda-rustica-12-750x501.jpg 750w, https:\/\/www.felixdevega.com\/wp-content\/uploads\/2023\/03\/boda-rustica-12-1290x861.jpg 1290w, https:\/\/www.felixdevega.com\/wp-content\/uploads\/2023\/03\/boda-rustica-12-1536x1026.jpg 1536w, https:\/\/www.felixdevega.com\/wp-content\/uploads\/2023\/03\/boda-rustica-12-1200x800.jpg 1200w\" sizes=\"(max-width: 1800px) 100vw, 1800px\" \/><img loading=\"lazy\" decoding=\"async\" style=\"margin-bottom: 5px;\" src=\"https:\/\/www.felixdevega.com\/wp-content\/uploads\/2023\/03\/wedding-photographer-spain-70.jpg\" alt=\"\" width=\"1800\" height=\"1202\" \/> <img loading=\"lazy\" decoding=\"async\" class=\"aligncenter wp-image-16669 size-full\" style=\"margin-bottom: 5px;\" src=\"https:\/\/www.felixdevega.com\/wp-content\/uploads\/2023\/03\/boda-rustica-13.jpg\" alt=\"fotografo-de-bodas-europa\" width=\"1800\" height=\"1202\" srcset=\"https:\/\/www.felixdevega.com\/wp-content\/uploads\/2023\/03\/boda-rustica-13.jpg 1800w, https:\/\/www.felixdevega.com\/wp-content\/uploads\/2023\/03\/boda-rustica-13-750x501.jpg 750w, https:\/\/www.felixdevega.com\/wp-content\/uploads\/2023\/03\/boda-rustica-13-1290x861.jpg 1290w, https:\/\/www.felixdevega.com\/wp-content\/uploads\/2023\/03\/boda-rustica-13-1536x1026.jpg 1536w, https:\/\/www.felixdevega.com\/wp-content\/uploads\/2023\/03\/boda-rustica-13-1200x800.jpg 1200w\" sizes=\"(max-width: 1800px) 100vw, 1800px\" \/> <img loading=\"lazy\" decoding=\"async\" class=\"aligncenter wp-image-16672 size-full\" style=\"margin-bottom: 5px;\" src=\"https:\/\/www.felixdevega.com\/wp-content\/uploads\/2023\/03\/boda-rustica-14.jpg\" alt=\"boda-rustica-rural\" width=\"1800\" height=\"1202\" srcset=\"https:\/\/www.felixdevega.com\/wp-content\/uploads\/2023\/03\/boda-rustica-14.jpg 1800w, https:\/\/www.felixdevega.com\/wp-content\/uploads\/2023\/03\/boda-rustica-14-750x501.jpg 750w, https:\/\/www.felixdevega.com\/wp-content\/uploads\/2023\/03\/boda-rustica-14-1290x861.jpg 1290w, https:\/\/www.felixdevega.com\/wp-content\/uploads\/2023\/03\/boda-rustica-14-1536x1026.jpg 1536w, https:\/\/www.felixdevega.com\/wp-content\/uploads\/2023\/03\/boda-rustica-14-1200x800.jpg 1200w\" sizes=\"(max-width: 1800px) 100vw, 1800px\" \/><img loading=\"lazy\" decoding=\"async\" class=\"aligncenter wp-image-16623 size-full\" src=\"https:\/\/www.felixdevega.com\/wp-content\/uploads\/2023\/03\/boda-rustica-11.jpg\" alt=\"fotografo-bodas-espana\" width=\"1800\" height=\"1202\" srcset=\"https:\/\/www.felixdevega.com\/wp-content\/uploads\/2023\/03\/boda-rustica-11.jpg 1800w, https:\/\/www.felixdevega.com\/wp-content\/uploads\/2023\/03\/boda-rustica-11-750x501.jpg 750w, https:\/\/www.felixdevega.com\/wp-content\/uploads\/2023\/03\/boda-rustica-11-1290x861.jpg 1290w, https:\/\/www.felixdevega.com\/wp-content\/uploads\/2023\/03\/boda-rustica-11-1536x1026.jpg 1536w, https:\/\/www.felixdevega.com\/wp-content\/uploads\/2023\/03\/boda-rustica-11-1200x800.jpg 1200w\" sizes=\"(max-width: 1800px) 100vw, 1800px\" \/><\/p><p style=\"text-align: center;\"><strong>A CELEBRARLO!<\/strong><\/p><p>\u00a1Por fin! Tras esta preciosa boda rural al aire libre en Espa\u00f1a, todos los invitados celebraron disfrutando, bailando y charlando en una animada fiesta que se prolong\u00f3 hasta altas horas de la noche. Sin duda, fue un d\u00eda \u00fanico, organizado con mimo, cuidando todos los detalles. El lugar de la boda tambi\u00e9n fue una elecci\u00f3n perfecta para una boda rural en Espa\u00f1a ya que reun\u00eda todas las condiciones id\u00f3neas para este tipo de celebraciones. Fue un placer para m\u00ed poder fotografiar esta boda en Espa\u00f1a, estoy muy agradecido a Violeta y Alejandro por invitarme, \u00a1Os deseo todo lo mejor!<\/p><p><img loading=\"lazy\" decoding=\"async\" style=\"margin-bottom: 5px;\" src=\"https:\/\/www.felixdevega.com\/wp-content\/uploads\/2023\/03\/wedding-photographer-spain-74.jpg\" alt=\"wedding-party-dancing\" width=\"1800\" height=\"1202\" \/> <img loading=\"lazy\" decoding=\"async\" style=\"margin-bottom: 5px;\" src=\"https:\/\/www.felixdevega.com\/wp-content\/uploads\/2023\/03\/wedding-photographer-spain-75.jpg\" alt=\"wedding-venue-spain\" width=\"1800\" height=\"1202\" \/><img loading=\"lazy\" decoding=\"async\" style=\"margin-bottom: 5px;\" src=\"https:\/\/www.felixdevega.com\/wp-content\/uploads\/2023\/03\/blog-dos-fotos-horizontales10.jpg\" alt=\"\" width=\"1800\" height=\"600\" \/><img loading=\"lazy\" decoding=\"async\" style=\"margin-bottom: 5px;\" src=\"https:\/\/www.felixdevega.com\/wp-content\/uploads\/2023\/03\/blog-dos-fotos-horizontales8.jpg\" alt=\"\" width=\"1800\" height=\"600\" \/><img loading=\"lazy\" decoding=\"async\" style=\"margin-bottom: 5px;\" src=\"https:\/\/www.felixdevega.com\/wp-content\/uploads\/2023\/03\/wedding-photographer-spain-76.jpg\" alt=\"\" width=\"1800\" height=\"1202\" \/><img loading=\"lazy\" decoding=\"async\" style=\"margin-bottom: 5px;\" src=\"https:\/\/www.felixdevega.com\/wp-content\/uploads\/2023\/03\/wedding-photographer-spain-83.jpg\" alt=\"wedding-party-spain\" width=\"1800\" height=\"1202\" \/> <img loading=\"lazy\" decoding=\"async\" style=\"margin-bottom: 5px;\" src=\"https:\/\/www.felixdevega.com\/wp-content\/uploads\/2023\/03\/wedding-photographer-spain-84.jpg\" alt=\"\" width=\"1800\" height=\"1202\" \/> <img loading=\"lazy\" decoding=\"async\" style=\"margin-bottom: 5px;\" src=\"https:\/\/www.felixdevega.com\/wp-content\/uploads\/2023\/03\/wedding-photographer-spain-85.jpg\" alt=\"wedding-photographer-spain\" width=\"1800\" height=\"1202\" \/> <img loading=\"lazy\" decoding=\"async\" class=\"aligncenter wp-image-16675 size-full\" style=\"margin-bottom: 5px;\" src=\"https:\/\/www.felixdevega.com\/wp-content\/uploads\/2023\/03\/boda-rustica-15.jpg\" alt=\"fotografo-de-bodas-espa\u00f1a\" width=\"1800\" height=\"1202\" srcset=\"https:\/\/www.felixdevega.com\/wp-content\/uploads\/2023\/03\/boda-rustica-15.jpg 1800w, https:\/\/www.felixdevega.com\/wp-content\/uploads\/2023\/03\/boda-rustica-15-750x501.jpg 750w, https:\/\/www.felixdevega.com\/wp-content\/uploads\/2023\/03\/boda-rustica-15-1290x861.jpg 1290w, https:\/\/www.felixdevega.com\/wp-content\/uploads\/2023\/03\/boda-rustica-15-1536x1026.jpg 1536w, https:\/\/www.felixdevega.com\/wp-content\/uploads\/2023\/03\/boda-rustica-15-1200x800.jpg 1200w\" sizes=\"(max-width: 1800px) 100vw, 1800px\" \/> <img loading=\"lazy\" decoding=\"async\" class=\"aligncenter size-full wp-image-16678\" src=\"https:\/\/www.felixdevega.com\/wp-content\/uploads\/2023\/03\/boda-rustica-16.jpg\" alt=\"fotografo-de-bodas-espana\" width=\"1800\" height=\"1202\" srcset=\"https:\/\/www.felixdevega.com\/wp-content\/uploads\/2023\/03\/boda-rustica-16.jpg 1800w, https:\/\/www.felixdevega.com\/wp-content\/uploads\/2023\/03\/boda-rustica-16-750x501.jpg 750w, https:\/\/www.felixdevega.com\/wp-content\/uploads\/2023\/03\/boda-rustica-16-1290x861.jpg 1290w, https:\/\/www.felixdevega.com\/wp-content\/uploads\/2023\/03\/boda-rustica-16-1536x1026.jpg 1536w, https:\/\/www.felixdevega.com\/wp-content\/uploads\/2023\/03\/boda-rustica-16-1200x800.jpg 1200w\" sizes=\"(max-width: 1800px) 100vw, 1800px\" \/><\/p>\t\t\t\t\t\t\t\t<\/div>\n\t\t\t\t<\/div>\n\t\t\t\t\t<\/div>\n\t\t<\/div>\n\t\t\t\t\t<\/div>\n\t\t<\/section>\n\t\t\t\t<section class=\"elementor-section elementor-top-section elementor-element elementor-element-f979d16 elementor-section-boxed elementor-section-height-default elementor-section-height-default wpr-particle-no wpr-sticky-section-no wpr-equal-height-no\" data-id=\"f979d16\" data-element_type=\"section\" data-e-type=\"section\">\n\t\t\t\t\t\t<div class=\"elementor-container elementor-column-gap-default\">\n\t\t\t\t\t<div class=\"elementor-column elementor-col-100 elementor-top-column elementor-element elementor-element-b5d19e6\" data-id=\"b5d19e6\" data-element_type=\"column\" data-e-type=\"column\">\n\t\t\t<div class=\"elementor-widget-wrap\">\n\t\t\t\t\t\t\t<\/div>\n\t\t<\/div>\n\t\t\t\t\t<\/div>\n\t\t<\/section>\n\t\t\t\t<section class=\"elementor-section elementor-top-section elementor-element elementor-element-913d21a elementor-section-boxed elementor-section-height-default elementor-section-height-default wpr-particle-no wpr-sticky-section-no wpr-equal-height-no\" data-id=\"913d21a\" data-element_type=\"section\" data-e-type=\"section\">\n\t\t\t\t\t\t<div class=\"elementor-container elementor-column-gap-default\">\n\t\t\t\t\t<div class=\"elementor-column elementor-col-100 elementor-top-column elementor-element elementor-element-f59cbb0\" data-id=\"f59cbb0\" data-element_type=\"column\" data-e-type=\"column\">\n\t\t\t<div class=\"elementor-widget-wrap elementor-element-populated\">\n\t\t\t\t\t\t<div class=\"elementor-element elementor-element-2f66c36 elementor-widget elementor-widget-text-editor\" data-id=\"2f66c36\" data-element_type=\"widget\" data-e-type=\"widget\" data-widget_type=\"text-editor.default\">\n\t\t\t\t<div class=\"elementor-widget-container\">\n\t\t\t\t\t\t\t\t\t<p>\u00a9 Todas las fotograf\u00edas: F\u00e9lix de Vega<\/p><p>Muchas gracias a todo el equipo<\/p><p>Sal\u00f3n de bodas \/\u00a0 Finca:\u00a0 <a style=\"background-color: var(--has-background, var(--palettecolor8)); font-size: inherit; font-family: var(--fontFamily); font-style: var(--fontStyle, inherit); font-weight: var(--fontWeight); letter-spacing: var(--letterSpacing); text-transform: var(--textTransform);\" href=\"https:\/\/laposadadelpinar.com\/\" target=\"_blank\" rel=\"noopener\">La posada Real del pinar<\/a><\/p><p>Wedding Planner: Camino al pinar eventos<\/p><p><a href=\"https:\/\/www.felixdevega.com\/es\/\" target=\"_blank\" rel=\"noopener\">\u00a0Fot\u00f3grafo de bodas en Castilla y Le\u00f3n: F\u00e9lix de Vega<\/a><\/p><p><strong><span style=\"font-size: 8pt; color: #999999;\">\u00a0FOT\u00d3GRAFO DE BODAS EN ESPA\u00d1A<\/span><\/strong><\/p>\t\t\t\t\t\t\t\t<\/div>\n\t\t\t\t<\/div>\n\t\t\t\t<div class=\"elementor-element elementor-element-877ee8b elementor-widget-divider--view-line elementor-widget elementor-widget-divider\" data-id=\"877ee8b\" data-element_type=\"widget\" data-e-type=\"widget\" data-widget_type=\"divider.default\">\n\t\t\t\t<div class=\"elementor-widget-container\">\n\t\t\t\t\t\t\t<div class=\"elementor-divider\">\n\t\t\t<span class=\"elementor-divider-separator\">\n\t\t\t\t\t\t<\/span>\n\t\t<\/div>\n\t\t\t\t\t\t<\/div>\n\t\t\t\t<\/div>\n\t\t\t\t\t<\/div>\n\t\t<\/div>\n\t\t\t\t\t<\/div>\n\t\t<\/section>\n\t\t\t\t<section class=\"elementor-section elementor-top-section elementor-element elementor-element-76c05af2 elementor-section-content-middle elementor-section-boxed elementor-section-height-default elementor-section-height-default wpr-particle-no wpr-sticky-section-no wpr-equal-height-no\" data-id=\"76c05af2\" data-element_type=\"section\" data-e-type=\"section\" data-settings=\"{&quot;background_background&quot;:&quot;classic&quot;}\">\n\t\t\t\t\t\t<div class=\"elementor-container elementor-column-gap-no\">\n\t\t\t\t\t<div class=\"elementor-column elementor-col-50 elementor-top-column elementor-element elementor-element-2b117d77\" data-id=\"2b117d77\" data-element_type=\"column\" data-e-type=\"column\">\n\t\t\t<div class=\"elementor-widget-wrap elementor-element-populated\">\n\t\t\t\t\t\t<div class=\"elementor-element elementor-element-5a3520d8 elementor-widget elementor-widget-heading\" data-id=\"5a3520d8\" data-element_type=\"widget\" data-e-type=\"widget\" data-widget_type=\"heading.default\">\n\t\t\t\t<div class=\"elementor-widget-container\">\n\t\t\t\t\t<p class=\"elementor-heading-title elementor-size-default\">Reserva tu fot\u00f3grafo de boda<\/p>\t\t\t\t<\/div>\n\t\t\t\t<\/div>\n\t\t\t\t<div class=\"elementor-element elementor-element-50e502d5 elementor-widget elementor-widget-text-editor\" data-id=\"50e502d5\" data-element_type=\"widget\" data-e-type=\"widget\" data-widget_type=\"text-editor.default\">\n\t\t\t\t<div class=\"elementor-widget-container\">\n\t\t\t\t\t\t\t\t\t<p><b>Enviame un email, me encantar\u00e1 saber sobre tus planes de boda<\/b><\/p>\t\t\t\t\t\t\t\t<\/div>\n\t\t\t\t<\/div>\n\t\t\t\t<div class=\"elementor-element elementor-element-3e3600ca elementor-widget elementor-widget-text-editor\" data-id=\"3e3600ca\" data-element_type=\"widget\" data-e-type=\"widget\" data-widget_type=\"text-editor.default\">\n\t\t\t\t<div class=\"elementor-widget-container\">\n\t\t\t\t\t\t\t\t\t<p><span style=\"font-family: Verdana, sans-serif; color: #999999;\">F\u00e9lix de Vega<\/span><\/p>\n<p><a href=\"mailto:info@felixdevega.com\"><span style=\"color: #999999;\">info@felixdevega.com<\/span><\/a><\/p>\n<p><span style=\"color: #999999;\">tel. <a href=\"tel:+34694291493\">+34 694 291 493<\/a><\/span><\/p>\n<p><span style=\"color: #999999;\">tel. <a href=\"tel:+48511579346\">+48 511 579 346<\/a><\/span><\/p>\n<p><span style=\"color: #999999;\">Warsaw |\u00a0 Barcelona<\/span><\/p>\t\t\t\t\t\t\t\t<\/div>\n\t\t\t\t<\/div>\n\t\t\t\t\t<\/div>\n\t\t<\/div>\n\t\t\t\t<div class=\"elementor-column elementor-col-50 elementor-top-column elementor-element elementor-element-5515dc69\" data-id=\"5515dc69\" data-element_type=\"column\" data-e-type=\"column\">\n\t\t\t<div class=\"elementor-widget-wrap elementor-element-populated\">\n\t\t\t\t\t\t<div class=\"elementor-element elementor-element-696b3d6b elementor-align-right elementor-mobile-align-left elementor-widget elementor-widget-button\" data-id=\"696b3d6b\" data-element_type=\"widget\" data-e-type=\"widget\" data-widget_type=\"button.default\">\n\t\t\t\t<div class=\"elementor-widget-container\">\n\t\t\t\t\t\t\t\t\t<div class=\"elementor-button-wrapper\">\n\t\t\t\t\t<a class=\"elementor-button elementor-button-link elementor-size-sm elementor-animation-grow\" href=\"https:\/\/www.felixdevega.com\/es\/contacto\/\">\n\t\t\t\t\t\t<span class=\"elementor-button-content-wrapper\">\n\t\t\t\t\t\t\t\t\t<span class=\"elementor-button-text\">CONTACTO<\/span>\n\t\t\t\t\t<\/span>\n\t\t\t\t\t<\/a>\n\t\t\t\t<\/div>\n\t\t\t\t\t\t\t\t<\/div>\n\t\t\t\t<\/div>\n\t\t\t\t\t<\/div>\n\t\t<\/div>\n\t\t\t\t\t<\/div>\n\t\t<\/section>\n\t\t\t\t<section class=\"elementor-section elementor-top-section elementor-element elementor-element-836e190 elementor-section-content-top elementor-section-height-min-height elementor-section-items-top elementor-section-boxed elementor-section-height-default wpr-particle-no wpr-sticky-section-no wpr-equal-height-no\" data-id=\"836e190\" data-element_type=\"section\" data-e-type=\"section\">\n\t\t\t\t\t\t<div class=\"elementor-container elementor-column-gap-no\">\n\t\t\t\t\t<div class=\"elementor-column elementor-col-50 elementor-top-column elementor-element elementor-element-01cc92a\" data-id=\"01cc92a\" data-element_type=\"column\" data-e-type=\"column\">\n\t\t\t<div class=\"elementor-widget-wrap elementor-element-populated\">\n\t\t\t\t\t\t<div class=\"elementor-element elementor-element-763e0de elementor-widget__width-initial elementor-widget elementor-widget-image\" data-id=\"763e0de\" data-element_type=\"widget\" data-e-type=\"widget\" data-widget_type=\"image.default\">\n\t\t\t\t<div class=\"elementor-widget-container\">\n\t\t\t\t\t\t\t\t\t\t\t\t\t\t\t<img loading=\"lazy\" decoding=\"async\" width=\"1920\" height=\"1282\" src=\"https:\/\/www.felixdevega.com\/wp-content\/uploads\/2023\/02\/Wedding-Photographer-Spain-Poland-Italy-Europe.jpg\" class=\"attachment-full size-full wp-image-30105\" alt=\"Fotografo de bodas Barcelona Costa Brava M\u00e1laga\" srcset=\"https:\/\/www.felixdevega.com\/wp-content\/uploads\/2023\/02\/Wedding-Photographer-Spain-Poland-Italy-Europe.jpg 1920w, https:\/\/www.felixdevega.com\/wp-content\/uploads\/2023\/02\/Wedding-Photographer-Spain-Poland-Italy-Europe-750x501.jpg 750w, https:\/\/www.felixdevega.com\/wp-content\/uploads\/2023\/02\/Wedding-Photographer-Spain-Poland-Italy-Europe-1290x861.jpg 1290w, https:\/\/www.felixdevega.com\/wp-content\/uploads\/2023\/02\/Wedding-Photographer-Spain-Poland-Italy-Europe-1536x1026.jpg 1536w, https:\/\/www.felixdevega.com\/wp-content\/uploads\/2023\/02\/Wedding-Photographer-Spain-Poland-Italy-Europe-1200x800.jpg 1200w\" sizes=\"(max-width: 1920px) 100vw, 1920px\" \/>\t\t\t\t\t\t\t\t\t\t\t\t\t\t\t<\/div>\n\t\t\t\t<\/div>\n\t\t\t\t\t<\/div>\n\t\t<\/div>\n\t\t\t\t<div class=\"elementor-column elementor-col-50 elementor-top-column elementor-element elementor-element-f718a90\" data-id=\"f718a90\" data-element_type=\"column\" data-e-type=\"column\">\n\t\t\t<div class=\"elementor-widget-wrap elementor-element-populated\">\n\t\t\t\t\t\t<div class=\"elementor-element elementor-element-a781aa4 elementor-widget elementor-widget-heading\" data-id=\"a781aa4\" data-element_type=\"widget\" data-e-type=\"widget\" data-widget_type=\"heading.default\">\n\t\t\t\t<div class=\"elementor-widget-container\">\n\t\t\t\t\t<p class=\"elementor-heading-title elementor-size-default\">Mas informaci\u00f3n<\/p>\t\t\t\t<\/div>\n\t\t\t\t<\/div>\n\t\t\t\t<div class=\"elementor-element elementor-element-8f8457b elementor-widget elementor-widget-icon-box\" data-id=\"8f8457b\" data-element_type=\"widget\" data-e-type=\"widget\" data-widget_type=\"icon-box.default\">\n\t\t\t\t<div class=\"elementor-widget-container\">\n\t\t\t\t\t\t\t<div class=\"elementor-icon-box-wrapper\">\n\n\t\t\t\n\t\t\t\t\t\t<div class=\"elementor-icon-box-content\">\n\n\t\t\t\t\t\t\t\t\t<p class=\"elementor-icon-box-title\">\n\t\t\t\t\t\t<a href=\"https:\/\/www.felixdevega.com\/es\/post\/fotografia-de-bodas\/como-elegir-a-tu-fotografo-de-boda\/\">\n\t\t\t\t\t\t\tC\u00f3mo elegir un buen fot\u00f3grafo de bodas\t\t\t\t\t\t<\/a>\n\t\t\t\t\t<\/p>\n\t\t\t\t\n\t\t\t\t\t\t\t\t\t<p class=\"elementor-icon-box-description\">\n\t\t\t\t\t\tC\u00f3mo elegir un buen fot\u00f3grafo de bodas\t\t\t\t\t<\/p>\n\t\t\t\t\n\t\t\t<\/div>\n\t\t\t\n\t\t<\/div>\n\t\t\t\t\t\t<\/div>\n\t\t\t\t<\/div>\n\t\t\t\t<div class=\"elementor-element elementor-element-b884e52 elementor-widget elementor-widget-icon-box\" data-id=\"b884e52\" data-element_type=\"widget\" data-e-type=\"widget\" data-widget_type=\"icon-box.default\">\n\t\t\t\t<div class=\"elementor-widget-container\">\n\t\t\t\t\t\t\t<div class=\"elementor-icon-box-wrapper\">\n\n\t\t\t\n\t\t\t\t\t\t<div class=\"elementor-icon-box-content\">\n\n\t\t\t\t\t\t\t\t\t<p class=\"elementor-icon-box-title\">\n\t\t\t\t\t\t<a href=\"https:\/\/www.felixdevega.com\/es\/sample-weddings\/\">\n\t\t\t\t\t\t\tReportajes de boda\t\t\t\t\t\t<\/a>\n\t\t\t\t\t<\/p>\n\t\t\t\t\n\t\t\t\t\t\t\t\t\t<p class=\"elementor-icon-box-description\">\n\t\t\t\t\t\tReportaje de boda\t\t\t\t\t<\/p>\n\t\t\t\t\n\t\t\t<\/div>\n\t\t\t\n\t\t<\/div>\n\t\t\t\t\t\t<\/div>\n\t\t\t\t<\/div>\n\t\t\t\t<div class=\"elementor-element elementor-element-e64509a elementor-widget elementor-widget-icon-box\" data-id=\"e64509a\" data-element_type=\"widget\" data-e-type=\"widget\" data-widget_type=\"icon-box.default\">\n\t\t\t\t<div class=\"elementor-widget-container\">\n\t\t\t\t\t\t\t<div class=\"elementor-icon-box-wrapper\">\n\n\t\t\t\n\t\t\t\t\t\t<div class=\"elementor-icon-box-content\">\n\n\t\t\t\t\t\t\t\t\t<p class=\"elementor-icon-box-title\">\n\t\t\t\t\t\t<a href=\"https:\/\/www.felixdevega.com\/es\/videos-de-boda\/\">\n\t\t\t\t\t\t\tVideo de boda\t\t\t\t\t\t<\/a>\n\t\t\t\t\t<\/p>\n\t\t\t\t\n\t\t\t\t\t\t\t\t\t<p class=\"elementor-icon-box-description\">\n\t\t\t\t\t\tInformaci\u00f3n sobre videograf\u00eda de boda\t\t\t\t\t<\/p>\n\t\t\t\t\n\t\t\t<\/div>\n\t\t\t\n\t\t<\/div>\n\t\t\t\t\t\t<\/div>\n\t\t\t\t<\/div>\n\t\t\t\t<div class=\"elementor-element elementor-element-46f9b83 elementor-widget elementor-widget-icon-box\" data-id=\"46f9b83\" data-element_type=\"widget\" data-e-type=\"widget\" data-widget_type=\"icon-box.default\">\n\t\t\t\t<div class=\"elementor-widget-container\">\n\t\t\t\t\t\t\t<div class=\"elementor-icon-box-wrapper\">\n\n\t\t\t\n\t\t\t\t\t\t<div class=\"elementor-icon-box-content\">\n\n\t\t\t\t\t\t\t\t\t<p class=\"elementor-icon-box-title\">\n\t\t\t\t\t\t<a href=\"https:\/\/www.felixdevega.com\/es\/post\/estilos-y-tematicas-de-bodas\/que-estilo-de-boda-elegir\/\">\n\t\t\t\t\t\t\tQu\u00e9 estilo de boda elegir?\t\t\t\t\t\t<\/a>\n\t\t\t\t\t<\/p>\n\t\t\t\t\n\t\t\t\t\t\t\t\t\t<p class=\"elementor-icon-box-description\">\n\t\t\t\t\t\tC\u00f3mo elegir el estilo de boda perfecto para ti.\t\t\t\t\t<\/p>\n\t\t\t\t\n\t\t\t<\/div>\n\t\t\t\n\t\t<\/div>\n\t\t\t\t\t\t<\/div>\n\t\t\t\t<\/div>\n\t\t\t\t<div class=\"elementor-element elementor-element-d7203ae elementor-widget elementor-widget-icon-box\" data-id=\"d7203ae\" data-element_type=\"widget\" data-e-type=\"widget\" data-widget_type=\"icon-box.default\">\n\t\t\t\t<div class=\"elementor-widget-container\">\n\t\t\t\t\t\t\t<div class=\"elementor-icon-box-wrapper\">\n\n\t\t\t\n\t\t\t\t\t\t<div class=\"elementor-icon-box-content\">\n\n\t\t\t\t\t\t\t\t\t<p class=\"elementor-icon-box-title\">\n\t\t\t\t\t\t<a href=\"https:\/\/www.felixdevega.com\/es\/post\/planificacion-de-bodas\/5-consejos-para-elegir-la-mejor-wedding-planner\/\">\n\t\t\t\t\t\t\tWedding Planner\t\t\t\t\t\t<\/a>\n\t\t\t\t\t<\/p>\n\t\t\t\t\n\t\t\t\t\t\t\t\t\t<p class=\"elementor-icon-box-description\">\n\t\t\t\t\t\tQu\u00e9 tener en cuenta al elegir una Wedding Planner\t\t\t\t\t<\/p>\n\t\t\t\t\n\t\t\t<\/div>\n\t\t\t\n\t\t<\/div>\n\t\t\t\t\t\t<\/div>\n\t\t\t\t<\/div>\n\t\t\t\t<div class=\"elementor-element elementor-element-9cd32c1 elementor-widget elementor-widget-icon-box\" data-id=\"9cd32c1\" data-element_type=\"widget\" data-e-type=\"widget\" data-widget_type=\"icon-box.default\">\n\t\t\t\t<div class=\"elementor-widget-container\">\n\t\t\t\t\t\t\t<div class=\"elementor-icon-box-wrapper\">\n\n\t\t\t\n\t\t\t\t\t\t<div class=\"elementor-icon-box-content\">\n\n\t\t\t\t\t\t\t\t\t<p class=\"elementor-icon-box-title\">\n\t\t\t\t\t\t<a href=\"https:\/\/www.felixdevega.com\/es\/post\/proveedores-para-bodas\/6-consejos-para-elegir-el-mejor-dj-para-tu-boda\/\">\n\t\t\t\t\t\t\tDJ para tu boda\t\t\t\t\t\t<\/a>\n\t\t\t\t\t<\/p>\n\t\t\t\t\n\t\t\t\t\t\t\t\t\t<p class=\"elementor-icon-box-description\">\n\t\t\t\t\t\tConsejos en la elecci\u00f3n de tu DJ de boda\t\t\t\t\t<\/p>\n\t\t\t\t\n\t\t\t<\/div>\n\t\t\t\n\t\t<\/div>\n\t\t\t\t\t\t<\/div>\n\t\t\t\t<\/div>\n\t\t\t\t<div class=\"elementor-element elementor-element-f888e16 elementor-widget elementor-widget-icon-box\" data-id=\"f888e16\" data-element_type=\"widget\" data-e-type=\"widget\" data-widget_type=\"icon-box.default\">\n\t\t\t\t<div class=\"elementor-widget-container\">\n\t\t\t\t\t\t\t<div class=\"elementor-icon-box-wrapper\">\n\n\t\t\t\n\t\t\t\t\t\t<div class=\"elementor-icon-box-content\">\n\n\t\t\t\t\t\t\t\t\t<p class=\"elementor-icon-box-title\">\n\t\t\t\t\t\t<a href=\"https:\/\/www.felixdevega.com\/reccomended-wedding-vendors-list\/\">\n\t\t\t\t\t\t\tLista de Proveedores\t\t\t\t\t\t<\/a>\n\t\t\t\t\t<\/p>\n\t\t\t\t\n\t\t\t\t\t\t\t\t\t<p class=\"elementor-icon-box-description\">\n\t\t\t\t\t\tProveedores de servicios de bodas recomendados\t\t\t\t\t<\/p>\n\t\t\t\t\n\t\t\t<\/div>\n\t\t\t\n\t\t<\/div>\n\t\t\t\t\t\t<\/div>\n\t\t\t\t<\/div>\n\t\t\t\t\t<\/div>\n\t\t<\/div>\n\t\t\t\t\t<\/div>\n\t\t<\/section>\n\t\t\t\t<section class=\"elementor-section elementor-top-section elementor-element elementor-element-58d56846 elementor-section-boxed elementor-section-height-default elementor-section-height-default wpr-particle-no wpr-sticky-section-no wpr-equal-height-no\" data-id=\"58d56846\" data-element_type=\"section\" data-e-type=\"section\">\n\t\t\t\t\t\t<div class=\"elementor-container elementor-column-gap-default\">\n\t\t\t\t\t<div class=\"elementor-column elementor-col-100 elementor-top-column elementor-element elementor-element-4032298\" data-id=\"4032298\" data-element_type=\"column\" data-e-type=\"column\">\n\t\t\t<div class=\"elementor-widget-wrap elementor-element-populated\">\n\t\t\t\t\t\t<div class=\"elementor-element elementor-element-d60c9ba elementor-widget elementor-widget-text-editor\" data-id=\"d60c9ba\" data-element_type=\"widget\" data-e-type=\"widget\" data-widget_type=\"text-editor.default\">\n\t\t\t\t<div class=\"elementor-widget-container\">\n\t\t\t\t\t\t\t\t\t<p><a href=\"https:\/\/www.felixdevega.com\/es\/\" target=\"_blank\" rel=\"noopener\"><strong><em>\u00a0Fot\u00f3grafo de bodas en Barcelona, Espa\u00f1a | Fotografia de bodas en M\u00e1laga | F\u00e9lix de Vega<\/em><\/strong><\/a><\/p>\t\t\t\t\t\t\t\t<\/div>\n\t\t\t\t<\/div>\n\t\t\t\t\t<\/div>\n\t\t<\/div>\n\t\t\t\t\t<\/div>\n\t\t<\/section>\n\t\t\t\t<\/div>\n\t\t","protected":false},"excerpt":{"rendered":"<p>FOT\u00d3GRAFO DE BODAS EN CASTILLA Y LE\u00d3N | LA POSADA REAL DEL PINAR BODA EN ESPA\u00d1A | LA POSADA REAL DEL PINAR Es una experiencia maravillosa poder trabajar como fot\u00f3grafo de bodas en Espa\u00f1a. Me llena de alegr\u00eda cuando tengo que fotografiar una boda en Espa\u00f1a, es mi pa\u00eds de origen por lo que siempre es agradable para m\u00ed estar all\u00ed. Por lo general, alargo mi estancia un par de d\u00edas para poder visitar a viejos amigos y familiares, en este caso la hermosa boda de Violeta y Alejandro fue muy cerca de Valladolid, la ciudad donde crec\u00ed, as\u00ed que realmente me sent\u00ed como en casa. Espa\u00f1a es uno de los lugares favoritos para organizar una boda de destino en Europa. Y no me extra\u00f1a, es un pa\u00eds lleno de lugares maravillosos donde organizar una boda de ensue\u00f1o, ya sea una peque\u00f1a ceremonia \u00edntima o una gran boda de lujo, desde un enlace urbano en Barcelona o Madrid, hasta una boda r\u00fastica en el campo, o una boda en la playa en Ibiza o Mallorca. Espa\u00f1a ofrece mil posibilidades para organizar la boda de tus sue\u00f1os. ESPACIOS PARA BODAS R\u00daSTICAS EN ESPA\u00d1A La boda de Violeta y Alejandro en Espa\u00f1a fue una boda r\u00fastica preciosa en un lugar muy agradable, La Posada Real del Pinar. Este lugar para bodas es un edificio hist\u00f3rico que data de los siglos XVIII-XX, goza de una ubicaci\u00f3n muy tranquila, en Castilla Le\u00f3n, en un pueblo llamado Pozal de Gallinas, a 45 km de Valladolid. La Posada Real del Pinar es un lugar perfecto para organizar una boda r\u00fastica o una boda slow porque es un lugar excepcionalmente tranquilo. Adem\u00e1s, el sal\u00f3n de bodas cuenta con hermosos jardines y est\u00e1 ubicado dentro de un pinar, aislado del ruido de la civilizaci\u00f3n. Este hermoso lugar para celebrar bodas en Espa\u00f1a es el rinc\u00f3n perfecto para descubrir la esencia y los valores de la naturaleza, un lugar donde los invitados pueden conectarse con la belleza y la tranquilidad del entorno natural. Violeta y Alejandro celebraron su boda con una ceremonia humanista al aire libre en los jardines. La ceremonia y celebraci\u00f3n de la boda fue hermosa con muchos elementos personalizados t\u00edpicos de una boda r\u00fastica. Una Boda R\u00fastica es aquella que se caracteriza por tener un estilo totalmente natural, informal y muy campestre. Para planificar la boda r\u00fastica perfecta, es importante mantener la naturalidad y recordar que menos es m\u00e1s. Los detalles deben ser sencillos y la decoraci\u00f3n general debe ser natural. En cuanto a la decoraci\u00f3n, se pueden utilizar flores y \u00e1rboles para aportar un ambiente fresco y sencillo. Tambi\u00e9n puedes utilizar objetos reciclados para darle un toque agradable. En cuanto a la comida, se recomienda incluir muchas frutas y bebidas preparadas con ellas, en esta hermosa boda de Violeta y Alejandro. Como se puede ver en las fotos, no faltaba ninguno de estos detalles. Music: Juanito Makande &#8211;\u00a0 Kamikaze BODA SLOW EN LA POSADA REAL DEL PINAR Esta hermosa boda en Espa\u00f1a ten\u00eda muchos elementos de una boda lenta. Fue una boda organizada desde el coraz\u00f3n, inspirada en los sentimientos y cuyo principal objetivo fue la celebraci\u00f3n del amor de dos personas. La sencillez y la naturalidad priman en este tipo de bodas. Slow no es un estilo, sino una filosof\u00eda en la que el estr\u00e9s y el agobio de los preparativos no tienen cabida. Se trata de disfrutar de la boda desde el minuto uno, sin condiciones y organizando el evento al ritmo y deseos marcados por los novios. Con esta filosof\u00eda se celebr\u00f3 la preciosa boda al aire libre de Violeta y Alejandro. \u00bfPor qu\u00e9 casarse en Espa\u00f1a? Espa\u00f1a es un lugar popular para bodas de destino en Europa debido a su variedad de paisajes, ciudades, monta\u00f1as y mar. Adem\u00e1s, la gastronom\u00eda espa\u00f1ola es deliciosa y hay un gran n\u00famero de profesionales de calidad que har\u00e1n todo m\u00e1s f\u00e1cil a las parejas extranjeras. Hay muchos lugares hermosos para celebrar una boda de destino en Espa\u00f1a. Algunos de los lugares m\u00e1s populares incluyen Andaluc\u00eda, Sevilla, Granada, M\u00e1laga, las Islas Baleares, Mallorca, Menorca, Ibiza y las Islas Canarias. Si est\u00e1s pensando en organizar tu boda en Espa\u00f1a, no dudes en contactar conmigo, estar\u00e9 encantado de asesorarte con informaci\u00f3n pr\u00e1ctica y ser\u00e1 un honor para m\u00ed poder acompa\u00f1arte en ese d\u00eda tan especial como fot\u00f3grafo de tu boda en Espa\u00f1a. A CELEBRARLO! \u00a1Por fin! Tras esta preciosa boda rural al aire libre en Espa\u00f1a, todos los invitados celebraron disfrutando, bailando y charlando en una animada fiesta que se prolong\u00f3 hasta altas horas de la noche. Sin duda, fue un d\u00eda \u00fanico, organizado con mimo, cuidando todos los detalles. El lugar de la boda tambi\u00e9n fue una elecci\u00f3n perfecta para una boda rural en Espa\u00f1a ya que reun\u00eda todas las condiciones id\u00f3neas para este tipo de celebraciones. Fue un placer para m\u00ed poder fotografiar esta boda en Espa\u00f1a, estoy muy agradecido a Violeta y Alejandro por invitarme, \u00a1Os deseo todo lo mejor! \u00a9 Todas las fotograf\u00edas: F\u00e9lix de Vega Muchas gracias a todo el equipo Sal\u00f3n de bodas \/\u00a0 Finca:\u00a0 La posada Real del pinar Wedding Planner: Camino al pinar eventos \u00a0Fot\u00f3grafo de bodas en Castilla y Le\u00f3n: F\u00e9lix de Vega \u00a0FOT\u00d3GRAFO DE BODAS EN ESPA\u00d1A Reserva tu fot\u00f3grafo de boda Enviame un email, me encantar\u00e1 saber sobre tus planes de boda F\u00e9lix de Vega info@felixdevega.com tel. +34 694 291 493 tel. +48 511 579 346 Warsaw |\u00a0 Barcelona CONTACTO Mas informaci\u00f3n C\u00f3mo elegir un buen fot\u00f3grafo de bodas C\u00f3mo elegir un buen fot\u00f3grafo de bodas Reportajes de boda Reportaje de boda Video de boda Informaci\u00f3n sobre videograf\u00eda de boda Qu\u00e9 estilo de boda elegir? C\u00f3mo elegir el estilo de boda perfecto para ti. Wedding Planner Qu\u00e9 tener en cuenta al elegir una Wedding Planner DJ para tu boda Consejos en la elecci\u00f3n de tu DJ de boda Lista de Proveedores Proveedores de servicios de bodas recomendados \u00a0Fot\u00f3grafo de bodas en Barcelona, Espa\u00f1a | Fotografia de bodas en M\u00e1laga | F\u00e9lix de Vega<\/p>\n","protected":false},"author":1,"featured_media":16623,"parent":0,"menu_order":0,"comment_status":"open","ping_status":"closed","template":"","meta":{"footnotes":""},"tags":[758],"class_list":["post-16589","page","type-page","status-publish","has-post-thumbnail","hentry","tag-boda"],"blocksy_meta":[],"_links":{"self":[{"href":"https:\/\/www.felixdevega.com\/es\/wp-json\/wp\/v2\/pages\/16589","targetHints":{"allow":["GET"]}}],"collection":[{"href":"https:\/\/www.felixdevega.com\/es\/wp-json\/wp\/v2\/pages"}],"about":[{"href":"https:\/\/www.felixdevega.com\/es\/wp-json\/wp\/v2\/types\/page"}],"author":[{"embeddable":true,"href":"https:\/\/www.felixdevega.com\/es\/wp-json\/wp\/v2\/users\/1"}],"replies":[{"embeddable":true,"href":"https:\/\/www.felixdevega.com\/es\/wp-json\/wp\/v2\/comments?post=16589"}],"version-history":[{"count":78,"href":"https:\/\/www.felixdevega.com\/es\/wp-json\/wp\/v2\/pages\/16589\/revisions"}],"predecessor-version":[{"id":31747,"href":"https:\/\/www.felixdevega.com\/es\/wp-json\/wp\/v2\/pages\/16589\/revisions\/31747"}],"wp:featuredmedia":[{"embeddable":true,"href":"https:\/\/www.felixdevega.com\/es\/wp-json\/wp\/v2\/media\/16623"}],"wp:attachment":[{"href":"https:\/\/www.felixdevega.com\/es\/wp-json\/wp\/v2\/media?parent=16589"}],"wp:term":[{"taxonomy":"post_tag","embeddable":true,"href":"https:\/\/www.felixdevega.com\/es\/wp-json\/wp\/v2\/tags?post=16589"}],"curies":[{"name":"wp","href":"https:\/\/api.w.org\/{rel}","templated":true}]}}